{"id":210,"date":"2021-08-12T19:01:11","date_gmt":"2021-08-12T19:01:11","guid":{"rendered":"https:\/\/patrimoineduquebec.com\/vent\/?page_id=210"},"modified":"2021-08-28T12:18:10","modified_gmt":"2021-08-28T12:18:10","slug":"moulin-de-la-commune","status":"publish","type":"page","link":"https:\/\/patrimoineduquebec.com\/vent\/moulin-de-la-commune\/","title":{"rendered":"Moulin de la Commune (Trois-Rivi\u00e8res)"},"content":{"rendered":"\n<figure class=\"wp-block-image size-large\"><img loading=\"lazy\" decoding=\"async\" width=\"1024\" height=\"768\" src=\"https:\/\/patrimoineduquebec.com\/vent\/wp-content\/uploads\/2021\/08\/1-3-1024x768.jpeg\" alt=\"\" class=\"wp-image-211\" srcset=\"https:\/\/patrimoineduquebec.com\/vent\/wp-content\/uploads\/2021\/08\/1-3-1024x768.jpeg 1024w, https:\/\/patrimoineduquebec.com\/vent\/wp-content\/uploads\/2021\/08\/1-3-300x225.jpeg 300w, https:\/\/patrimoineduquebec.com\/vent\/wp-content\/uploads\/2021\/08\/1-3-768x576.jpeg 768w, https:\/\/patrimoineduquebec.com\/vent\/wp-content\/uploads\/2021\/08\/1-3-1536x1152.jpeg 1536w, https:\/\/patrimoineduquebec.com\/vent\/wp-content\/uploads\/2021\/08\/1-3-2048x1536.jpeg 2048w, https:\/\/patrimoineduquebec.com\/vent\/wp-content\/uploads\/2021\/08\/1-3-624x468.jpeg 624w\" sizes=\"auto, (max-width: 1024px) 100vw, 1024px\" \/><figcaption><strong>G\u00e9rald Arbour (2021)<\/strong><\/figcaption><\/figure>\n\n\n\n<p class=\"has-medium-font-size\"><strong>Municipalit\u00e9 :<\/strong>&nbsp;Trois-Rivi\u00e8res<\/p>\n\n\n\n<p class=\"has-medium-font-size\"><strong>Localisation :<\/strong>&nbsp;\u00c0 l\u2019entr\u00e9e du campus universitaire, au 3351 boulevard des Forges<\/p>\n\n\n\n<p class=\"has-medium-font-size\"><strong>Date de construction :<\/strong>&nbsp;1781<\/p>\n\n\n\n<p class=\"has-medium-font-size\"><strong>Classement comme bien culturel :<\/strong>&nbsp;1961<\/p>\n\n\n\n<p class=\"has-medium-font-size\"><strong>Ailes en place :<\/strong>&nbsp;Non<\/p>\n\n\n\n<p class=\"has-medium-font-size\"><strong>M\u00e9canismes en place :<\/strong>&nbsp;Non<\/p>\n\n\n\n<p class=\"has-medium-font-size\"><strong>Ouvert au public&nbsp;:<\/strong>&nbsp;Non<\/p>\n\n\n\n<p class=\"has-medium-font-size\"><strong>Notes :&nbsp;<\/strong><\/p>\n\n\n\n<p class=\"has-medium-font-size\">Aussi nomm\u00e9 le moulin \u00e0 vent Day.&nbsp;<\/p>\n\n\n\n<p class=\"has-medium-font-size\">Relocalis\u00e9 en d\u00e9cembre 1974. Le moulin a \u00e9t\u00e9 d\u00e9m\u00e9nag\u00e9 sur les terrains de l\u2019universit\u00e9 au co\u00fbt de 48 777 $. La tour de pierre a \u00e9t\u00e9 d\u00e9m\u00e9nag\u00e9e au complet, d&rsquo;un seul morceau, sans qu&rsquo;elle ne soit d\u00e9molie.<\/p>\n\n\n\n<p class=\"has-medium-font-size\">Haut de 33 pieds, sans le toit, ce moulin a 4 \u00e9tages.<\/p>\n\n\n\n<p class=\"has-medium-font-size\">Le moulin a 80 pieds de circonf\u00e9rence, soit 25,5 pieds de diam\u00e8tre \u00e0 sa base.&nbsp;<\/p>\n\n\n\n<p class=\"has-medium-font-size\">La tour p\u00e8se 660 tonnes.&nbsp;<\/p>\n\n\n\n<p class=\"has-medium-font-size\"><strong>\u00c9volution du b\u00e2timent :&nbsp;<\/strong><\/p>\n\n\n\n<p class=\"has-medium-font-size\">Entre 1781 et 1784 : Construit pour Nathaniel Day. Ce moulin a \u00e9t\u00e9 construit avec les pierres du moulin de la Commune construit en 1697 et incendi\u00e9 vers 1777.<\/p>\n\n\n\n<p class=\"has-medium-font-size\">1854 : cesse de moudre.&nbsp;<\/p>\n\n\n\n<p class=\"has-medium-font-size\">1864 : les rouages en bois et la toiture prennent feu.<\/p>\n\n\n\n<p class=\"has-medium-font-size\">1934 : pour le tricentenaire de la ville, le moulin est r\u00e9par\u00e9, re\u00e7oit des ailes et un toit neufs.&nbsp;<\/p>\n\n\n\n<p class=\"has-medium-font-size\">Le moulin se d\u00e9t\u00e9riore dans la d\u00e9cennie 1960.<\/p>\n\n\n\n<p class=\"has-medium-font-size\"><strong>Autres occupants ou propri\u00e9taires marquants :&nbsp;<\/strong><\/p>\n\n\n\n<p class=\"has-medium-font-size\">1781-1800 : Nathaniel Day, adjudant-g\u00e9n\u00e9ral des troupes \u00e0 Qu\u00e9bec&nbsp;<\/p>\n\n\n\n<p class=\"has-medium-font-size\">1800-1802 : Louis Gouin, marchand de Baie-du-Febvre&nbsp;<\/p>\n\n\n\n<p class=\"has-medium-font-size\">1802-1815 : Jean Doucet, boulanger de Trois-Rivi\u00e8res&nbsp;<\/p>\n\n\n\n<p class=\"has-medium-font-size\">1815-1816 : William Walker et sa fille Ann Jane Walker<\/p>\n\n\n\n<p class=\"has-medium-font-size\">1816-1843 : Joseph Jones de Qu\u00e9bec<\/p>\n\n\n\n<p class=\"has-medium-font-size\">1843-1845 : William-Henri Br\u00e9hault<\/p>\n\n\n\n<p class=\"has-medium-font-size\">1845-1848 : Fran\u00e7ois Lema\u00eetre<\/p>\n\n\n\n<p class=\"has-medium-font-size\">1848-1850 : Pierre Magnan<\/p>\n\n\n\n<p class=\"has-medium-font-size\">1850-1854 : Louis-Gaspard Bruneau<\/p>\n\n\n\n<p class=\"has-medium-font-size\">1854-1869 : Georges Desbarats<\/p>\n\n\n\n<p class=\"has-medium-font-size\">1869-1976 : Ville de Trois-Rivi\u00e8res<\/p>\n\n\n\n<p class=\"has-medium-font-size\">Depuis 1976 : Universit\u00e9 du Qu\u00e9bec \u00e0 Trois-Rivi\u00e8res<\/p>\n\n\n\n<p class=\"has-medium-font-size\"><strong>Meuniers :&nbsp;<\/strong><\/p>\n\n\n\n<p class=\"has-medium-font-size\">1789 : Michel Giroux&nbsp;<\/p>\n\n\n\n<p class=\"has-medium-font-size\">1793 : Jean Doucet<\/p>\n\n\n\n<p class=\"has-medium-font-size\">1815 : Joseph Thibodeau<\/p>\n\n\n\n<p class=\"has-medium-font-size\">1816 : Joseph Pothier<\/p>\n\n\n\n<p class=\"has-medium-font-size\">1821 : Pierre-Andr\u00e9 Pothier et \u00c9tienne Duval<\/p>\n\n\n\n<p class=\"has-medium-font-size\">1822 : Louis Nolin<\/p>\n\n\n\n<p class=\"has-medium-font-size\">1824 : Joseph Bourque<\/p>\n\n\n\n<p class=\"has-medium-font-size\"><strong>Lien int\u00e9ressant : <\/strong><a rel=\"noreferrer noopener\" href=\"https:\/\/www.patrimoine-culturel.gouv.qc.ca\/rpcq\/detail.do?methode=consulter&amp;id=92897&amp;type=bien\" target=\"_blank\"><span style=\"color:#6550ff\" class=\"has-inline-color\">R\u00e9pertoire du patrimoine culturel du Qu\u00e9bec<\/span><\/a><\/p>\n\n\n\n<figure class=\"wp-block-gallery columns-3 is-cropped wp-block-gallery-1 is-layout-flex wp-block-gallery-is-layout-flex\"><ul class=\"blocks-gallery-grid\"><li class=\"blocks-gallery-item\"><figure><a href=\"https:\/\/patrimoineduquebec.com\/vent\/wp-content\/uploads\/2021\/08\/2-7-669x1024.jpg\"><img loading=\"lazy\" decoding=\"async\" width=\"669\" height=\"1024\" src=\"https:\/\/patrimoineduquebec.com\/vent\/wp-content\/uploads\/2021\/08\/2-7-669x1024.jpg\" alt=\"\" data-id=\"675\" data-link=\"https:\/\/patrimoineduquebec.com\/vent\/moulin-de-la-commune\/2-7\/\" class=\"wp-image-675\" srcset=\"https:\/\/patrimoineduquebec.com\/vent\/wp-content\/uploads\/2021\/08\/2-7-669x1024.jpg 669w, https:\/\/patrimoineduquebec.com\/vent\/wp-content\/uploads\/2021\/08\/2-7-196x300.jpg 196w, https:\/\/patrimoineduquebec.com\/vent\/wp-content\/uploads\/2021\/08\/2-7-624x954.jpg 624w, https:\/\/patrimoineduquebec.com\/vent\/wp-content\/uploads\/2021\/08\/2-7.jpg 676w\" sizes=\"auto, (max-width: 669px) 100vw, 669px\" \/><\/a><figcaption class=\"blocks-gallery-item__caption\">G. Arbour (1987)<\/figcaption><\/figure><\/li><li class=\"blocks-gallery-item\"><figure><a href=\"https:\/\/patrimoineduquebec.com\/vent\/wp-content\/uploads\/2021\/08\/1987-6.jpg\"><img loading=\"lazy\" decoding=\"async\" width=\"1014\" height=\"675\" src=\"https:\/\/patrimoineduquebec.com\/vent\/wp-content\/uploads\/2021\/08\/1987-6.jpg\" alt=\"\" data-id=\"674\" data-link=\"https:\/\/patrimoineduquebec.com\/vent\/moulin-de-la-commune\/1987-6\/\" class=\"wp-image-674\" srcset=\"https:\/\/patrimoineduquebec.com\/vent\/wp-content\/uploads\/2021\/08\/1987-6.jpg 1014w, https:\/\/patrimoineduquebec.com\/vent\/wp-content\/uploads\/2021\/08\/1987-6-300x200.jpg 300w, https:\/\/patrimoineduquebec.com\/vent\/wp-content\/uploads\/2021\/08\/1987-6-768x511.jpg 768w, https:\/\/patrimoineduquebec.com\/vent\/wp-content\/uploads\/2021\/08\/1987-6-624x415.jpg 624w\" sizes=\"auto, (max-width: 1014px) 100vw, 1014px\" \/><\/a><figcaption class=\"blocks-gallery-item__caption\">G. Arbour (1987)<\/figcaption><\/figure><\/li><li class=\"blocks-gallery-item\"><figure><a href=\"https:\/\/patrimoineduquebec.com\/vent\/wp-content\/uploads\/2021\/08\/3-4.jpg\"><img loading=\"lazy\" decoding=\"async\" width=\"673\" height=\"1024\" src=\"https:\/\/patrimoineduquebec.com\/vent\/wp-content\/uploads\/2021\/08\/3-4-673x1024.jpg\" alt=\"\" data-id=\"676\" data-full-url=\"https:\/\/patrimoineduquebec.com\/vent\/wp-content\/uploads\/2021\/08\/3-4.jpg\" data-link=\"https:\/\/patrimoineduquebec.com\/vent\/moulin-de-la-commune\/3-4\/\" class=\"wp-image-676\" srcset=\"https:\/\/patrimoineduquebec.com\/vent\/wp-content\/uploads\/2021\/08\/3-4-673x1024.jpg 673w, https:\/\/patrimoineduquebec.com\/vent\/wp-content\/uploads\/2021\/08\/3-4-197x300.jpg 197w, https:\/\/patrimoineduquebec.com\/vent\/wp-content\/uploads\/2021\/08\/3-4-624x950.jpg 624w, https:\/\/patrimoineduquebec.com\/vent\/wp-content\/uploads\/2021\/08\/3-4.jpg 680w\" sizes=\"auto, (max-width: 673px) 100vw, 673px\" \/><\/a><figcaption class=\"blocks-gallery-item__caption\">G. Arbour (1987)<\/figcaption><\/figure><\/li><li class=\"blocks-gallery-item\"><figure><a href=\"https:\/\/patrimoineduquebec.com\/vent\/wp-content\/uploads\/2021\/08\/Trois-Rivieres-1-1024x768.jpeg\"><img loading=\"lazy\" decoding=\"async\" width=\"1024\" height=\"768\" src=\"https:\/\/patrimoineduquebec.com\/vent\/wp-content\/uploads\/2021\/08\/Trois-Rivieres-1-1024x768.jpeg\" alt=\"\" data-id=\"214\" data-link=\"https:\/\/patrimoineduquebec.com\/vent\/?attachment_id=214\" class=\"wp-image-214\" srcset=\"https:\/\/patrimoineduquebec.com\/vent\/wp-content\/uploads\/2021\/08\/Trois-Rivieres-1-1024x768.jpeg 1024w, https:\/\/patrimoineduquebec.com\/vent\/wp-content\/uploads\/2021\/08\/Trois-Rivieres-1-300x225.jpeg 300w, https:\/\/patrimoineduquebec.com\/vent\/wp-content\/uploads\/2021\/08\/Trois-Rivieres-1-768x576.jpeg 768w, https:\/\/patrimoineduquebec.com\/vent\/wp-content\/uploads\/2021\/08\/Trois-Rivieres-1-1536x1152.jpeg 1536w, https:\/\/patrimoineduquebec.com\/vent\/wp-content\/uploads\/2021\/08\/Trois-Rivieres-1-2048x1536.jpeg 2048w, https:\/\/patrimoineduquebec.com\/vent\/wp-content\/uploads\/2021\/08\/Trois-Rivieres-1-624x468.jpeg 624w\" sizes=\"auto, (max-width: 1024px) 100vw, 1024px\" \/><\/a><figcaption class=\"blocks-gallery-item__caption\">M. Bellemare (2009)<\/figcaption><\/figure><\/li><li class=\"blocks-gallery-item\"><figure><a href=\"https:\/\/patrimoineduquebec.com\/vent\/wp-content\/uploads\/2021\/08\/mm-312-768x1024.jpeg\"><img loading=\"lazy\" decoding=\"async\" width=\"768\" height=\"1024\" src=\"https:\/\/patrimoineduquebec.com\/vent\/wp-content\/uploads\/2021\/08\/mm-312-768x1024.jpeg\" alt=\"\" data-id=\"483\" data-link=\"https:\/\/patrimoineduquebec.com\/vent\/moulin-de-la-commune\/mm-312\/\" class=\"wp-image-483\" srcset=\"https:\/\/patrimoineduquebec.com\/vent\/wp-content\/uploads\/2021\/08\/mm-312-768x1024.jpeg 768w, https:\/\/patrimoineduquebec.com\/vent\/wp-content\/uploads\/2021\/08\/mm-312-225x300.jpeg 225w, https:\/\/patrimoineduquebec.com\/vent\/wp-content\/uploads\/2021\/08\/mm-312-1152x1536.jpeg 1152w, https:\/\/patrimoineduquebec.com\/vent\/wp-content\/uploads\/2021\/08\/mm-312-1536x2048.jpeg 1536w, https:\/\/patrimoineduquebec.com\/vent\/wp-content\/uploads\/2021\/08\/mm-312-624x832.jpeg 624w, https:\/\/patrimoineduquebec.com\/vent\/wp-content\/uploads\/2021\/08\/mm-312-scaled.jpeg 1920w\" sizes=\"auto, (max-width: 768px) 100vw, 768px\" \/><\/a><figcaption class=\"blocks-gallery-item__caption\">M. Bellemare (2009)<\/figcaption><\/figure><\/li><li class=\"blocks-gallery-item\"><figure><a href=\"https:\/\/patrimoineduquebec.com\/vent\/wp-content\/uploads\/2021\/08\/mm-316-1024x745.jpeg\"><img loading=\"lazy\" decoding=\"async\" width=\"1024\" height=\"745\" src=\"https:\/\/patrimoineduquebec.com\/vent\/wp-content\/uploads\/2021\/08\/mm-316-1024x745.jpeg\" alt=\"\" data-id=\"485\" data-link=\"https:\/\/patrimoineduquebec.com\/vent\/moulin-de-la-commune\/mm-316\/\" class=\"wp-image-485\" srcset=\"https:\/\/patrimoineduquebec.com\/vent\/wp-content\/uploads\/2021\/08\/mm-316-1024x745.jpeg 1024w, https:\/\/patrimoineduquebec.com\/vent\/wp-content\/uploads\/2021\/08\/mm-316-300x218.jpeg 300w, https:\/\/patrimoineduquebec.com\/vent\/wp-content\/uploads\/2021\/08\/mm-316-768x558.jpeg 768w, https:\/\/patrimoineduquebec.com\/vent\/wp-content\/uploads\/2021\/08\/mm-316-1536x1117.jpeg 1536w, https:\/\/patrimoineduquebec.com\/vent\/wp-content\/uploads\/2021\/08\/mm-316-2048x1489.jpeg 2048w, https:\/\/patrimoineduquebec.com\/vent\/wp-content\/uploads\/2021\/08\/mm-316-624x454.jpeg 624w\" sizes=\"auto, (max-width: 1024px) 100vw, 1024px\" \/><\/a><figcaption class=\"blocks-gallery-item__caption\">M. Bellemare (2009)<\/figcaption><\/figure><\/li><li class=\"blocks-gallery-item\"><figure><a href=\"https:\/\/patrimoineduquebec.com\/vent\/wp-content\/uploads\/2021\/08\/mm-308-1-1024x768.jpeg\"><img loading=\"lazy\" decoding=\"async\" width=\"1024\" height=\"768\" src=\"https:\/\/patrimoineduquebec.com\/vent\/wp-content\/uploads\/2021\/08\/mm-308-1-1024x768.jpeg\" alt=\"\" data-id=\"486\" data-link=\"https:\/\/patrimoineduquebec.com\/vent\/moulin-de-la-commune\/mm-308-1\/\" class=\"wp-image-486\" srcset=\"https:\/\/patrimoineduquebec.com\/vent\/wp-content\/uploads\/2021\/08\/mm-308-1-1024x768.jpeg 1024w, https:\/\/patrimoineduquebec.com\/vent\/wp-content\/uploads\/2021\/08\/mm-308-1-300x225.jpeg 300w, https:\/\/patrimoineduquebec.com\/vent\/wp-content\/uploads\/2021\/08\/mm-308-1-768x576.jpeg 768w, https:\/\/patrimoineduquebec.com\/vent\/wp-content\/uploads\/2021\/08\/mm-308-1-1536x1152.jpeg 1536w, https:\/\/patrimoineduquebec.com\/vent\/wp-content\/uploads\/2021\/08\/mm-308-1-2048x1536.jpeg 2048w, https:\/\/patrimoineduquebec.com\/vent\/wp-content\/uploads\/2021\/08\/mm-308-1-624x468.jpeg 624w\" sizes=\"auto, (max-width: 1024px) 100vw, 1024px\" \/><\/a><figcaption class=\"blocks-gallery-item__caption\">M. Bellemare (2009)<\/figcaption><\/figure><\/li><li class=\"blocks-gallery-item\"><figure><a href=\"https:\/\/patrimoineduquebec.com\/vent\/wp-content\/uploads\/2021\/08\/2-3-1024x768.jpeg\"><img loading=\"lazy\" decoding=\"async\" width=\"1024\" height=\"768\" src=\"https:\/\/patrimoineduquebec.com\/vent\/wp-content\/uploads\/2021\/08\/2-3-1024x768.jpeg\" alt=\"\" data-id=\"215\" data-link=\"https:\/\/patrimoineduquebec.com\/vent\/?attachment_id=215\" class=\"wp-image-215\" srcset=\"https:\/\/patrimoineduquebec.com\/vent\/wp-content\/uploads\/2021\/08\/2-3-1024x768.jpeg 1024w, https:\/\/patrimoineduquebec.com\/vent\/wp-content\/uploads\/2021\/08\/2-3-300x225.jpeg 300w, https:\/\/patrimoineduquebec.com\/vent\/wp-content\/uploads\/2021\/08\/2-3-768x576.jpeg 768w, https:\/\/patrimoineduquebec.com\/vent\/wp-content\/uploads\/2021\/08\/2-3-1536x1152.jpeg 1536w, https:\/\/patrimoineduquebec.com\/vent\/wp-content\/uploads\/2021\/08\/2-3-2048x1536.jpeg 2048w, https:\/\/patrimoineduquebec.com\/vent\/wp-content\/uploads\/2021\/08\/2-3-624x468.jpeg 624w\" sizes=\"auto, (max-width: 1024px) 100vw, 1024px\" \/><\/a><figcaption class=\"blocks-gallery-item__caption\">G. Arbour (2021)<\/figcaption><\/figure><\/li><li class=\"blocks-gallery-item\"><figure><a href=\"https:\/\/patrimoineduquebec.com\/vent\/wp-content\/uploads\/2021\/08\/4-1-768x1024.jpeg\"><img loading=\"lazy\" decoding=\"async\" width=\"768\" height=\"1024\" src=\"https:\/\/patrimoineduquebec.com\/vent\/wp-content\/uploads\/2021\/08\/4-1-768x1024.jpeg\" alt=\"\" data-id=\"217\" data-link=\"https:\/\/patrimoineduquebec.com\/vent\/?attachment_id=217\" class=\"wp-image-217\" srcset=\"https:\/\/patrimoineduquebec.com\/vent\/wp-content\/uploads\/2021\/08\/4-1-768x1024.jpeg 768w, https:\/\/patrimoineduquebec.com\/vent\/wp-content\/uploads\/2021\/08\/4-1-225x300.jpeg 225w, https:\/\/patrimoineduquebec.com\/vent\/wp-content\/uploads\/2021\/08\/4-1-1152x1536.jpeg 1152w, https:\/\/patrimoineduquebec.com\/vent\/wp-content\/uploads\/2021\/08\/4-1-1536x2048.jpeg 1536w, https:\/\/patrimoineduquebec.com\/vent\/wp-content\/uploads\/2021\/08\/4-1-624x832.jpeg 624w, https:\/\/patrimoineduquebec.com\/vent\/wp-content\/uploads\/2021\/08\/4-1-scaled.jpeg 1920w\" sizes=\"auto, (max-width: 768px) 100vw, 768px\" \/><\/a><figcaption class=\"blocks-gallery-item__caption\">G. Arbour (2021)<\/figcaption><\/figure><\/li><li class=\"blocks-gallery-item\"><figure><a href=\"https:\/\/patrimoineduquebec.com\/vent\/wp-content\/uploads\/2021\/08\/3-2-1024x768.jpeg\"><img loading=\"lazy\" decoding=\"async\" width=\"1024\" height=\"768\" src=\"https:\/\/patrimoineduquebec.com\/vent\/wp-content\/uploads\/2021\/08\/3-2-1024x768.jpeg\" alt=\"\" data-id=\"216\" data-link=\"https:\/\/patrimoineduquebec.com\/vent\/?attachment_id=216\" class=\"wp-image-216\" srcset=\"https:\/\/patrimoineduquebec.com\/vent\/wp-content\/uploads\/2021\/08\/3-2-1024x768.jpeg 1024w, https:\/\/patrimoineduquebec.com\/vent\/wp-content\/uploads\/2021\/08\/3-2-300x225.jpeg 300w, https:\/\/patrimoineduquebec.com\/vent\/wp-content\/uploads\/2021\/08\/3-2-768x576.jpeg 768w, https:\/\/patrimoineduquebec.com\/vent\/wp-content\/uploads\/2021\/08\/3-2-1536x1152.jpeg 1536w, https:\/\/patrimoineduquebec.com\/vent\/wp-content\/uploads\/2021\/08\/3-2-2048x1536.jpeg 2048w, https:\/\/patrimoineduquebec.com\/vent\/wp-content\/uploads\/2021\/08\/3-2-624x468.jpeg 624w\" sizes=\"auto, (max-width: 1024px) 100vw, 1024px\" \/><\/a><figcaption class=\"blocks-gallery-item__caption\">G. Arbour (2021)<\/figcaption><\/figure><\/li><\/ul><\/figure>\n","protected":false},"excerpt":{"rendered":"<p>Municipalit\u00e9 :&nbsp;Trois-Rivi\u00e8res Localisation :&nbsp;\u00c0 l\u2019entr\u00e9e du campus universitaire, au 3351 boulevard des Forges Date de construction :&nbsp;1781 Classement comme bien culturel :&nbsp;1961 Ailes en place :&nbsp;Non M\u00e9canismes en place :&nbsp;Non Ouvert au public&nbsp;:&nbsp;Non Notes :&nbsp; Aussi nomm\u00e9 le moulin \u00e0 vent Day.&nbsp; Relocalis\u00e9 en d\u00e9cembre 1974. Le moulin a \u00e9t\u00e9 d\u00e9m\u00e9nag\u00e9 sur les terrains de [&hellip;]<\/p>\n","protected":false},"author":1,"featured_media":0,"parent":0,"menu_order":0,"comment_status":"closed","ping_status":"closed","template":"","meta":{"footnotes":""},"class_list":["post-210","page","type-page","status-publish","hentry"],"_links":{"self":[{"href":"https:\/\/patrimoineduquebec.com\/vent\/wp-json\/wp\/v2\/pages\/210","targetHints":{"allow":["GET"]}}],"collection":[{"href":"https:\/\/patrimoineduquebec.com\/vent\/wp-json\/wp\/v2\/pages"}],"about":[{"href":"https:\/\/patrimoineduquebec.com\/vent\/wp-json\/wp\/v2\/types\/page"}],"author":[{"embeddable":true,"href":"https:\/\/patrimoineduquebec.com\/vent\/wp-json\/wp\/v2\/users\/1"}],"replies":[{"embeddable":true,"href":"https:\/\/patrimoineduquebec.com\/vent\/wp-json\/wp\/v2\/comments?post=210"}],"version-history":[{"count":7,"href":"https:\/\/patrimoineduquebec.com\/vent\/wp-json\/wp\/v2\/pages\/210\/revisions"}],"predecessor-version":[{"id":678,"href":"https:\/\/patrimoineduquebec.com\/vent\/wp-json\/wp\/v2\/pages\/210\/revisions\/678"}],"wp:attachment":[{"href":"https:\/\/patrimoineduquebec.com\/vent\/wp-json\/wp\/v2\/media?parent=210"}],"curies":[{"name":"wp","href":"https:\/\/api.w.org\/{rel}","templated":true}]}}