{"id":687,"date":"2019-04-30T21:44:49","date_gmt":"2019-04-30T21:44:49","guid":{"rendered":"https:\/\/patrimoineduquebec.com\/eglisesduquebec\/?page_id=687"},"modified":"2026-02-06T12:50:46","modified_gmt":"2026-02-06T12:50:46","slug":"joliette","status":"publish","type":"page","link":"https:\/\/patrimoineduquebec.com\/eglisesduquebec\/joliette\/","title":{"rendered":"Joliette"},"content":{"rendered":"\n<figure class=\"wp-block-gallery has-nested-images columns-default wp-block-gallery-1 is-layout-flex wp-block-gallery-is-layout-flex\">\n<figure class=\"wp-block-image size-large\"><a href=\"https:\/\/patrimoineduquebec.com\/eglisesduquebec\/wp-content\/uploads\/2019\/04\/Berthierville.jpg\"><img loading=\"lazy\" decoding=\"async\" width=\"803\" height=\"1024\" data-id=\"688\" src=\"https:\/\/patrimoineduquebec.com\/eglisesduquebec\/wp-content\/uploads\/2019\/04\/Berthierville-803x1024.jpg\" alt=\"\" class=\"wp-image-688\" srcset=\"https:\/\/patrimoineduquebec.com\/eglisesduquebec\/wp-content\/uploads\/2019\/04\/Berthierville-803x1024.jpg 803w, https:\/\/patrimoineduquebec.com\/eglisesduquebec\/wp-content\/uploads\/2019\/04\/Berthierville-235x300.jpg 235w, https:\/\/patrimoineduquebec.com\/eglisesduquebec\/wp-content\/uploads\/2019\/04\/Berthierville-768x980.jpg 768w, https:\/\/patrimoineduquebec.com\/eglisesduquebec\/wp-content\/uploads\/2019\/04\/Berthierville.jpg 1650w\" sizes=\"auto, (max-width: 803px) 100vw, 803px\" \/><\/a><figcaption class=\"wp-element-caption\">Berthierville <br>\u00c9glise Sainte-Genevi\u00e8ve<br>1782-1787<br>(Monique Bellemare)<\/figcaption><\/figure>\n\n\n\n<figure class=\"wp-block-image size-large\"><a href=\"https:\/\/patrimoineduquebec.com\/eglisesduquebec\/wp-content\/uploads\/2019\/04\/chertsey-2984-avenue-lac-clairmoustier-G\u00e9rald-Arbour-N3.jpeg\"><img loading=\"lazy\" decoding=\"async\" width=\"768\" height=\"1024\" data-id=\"689\" src=\"https:\/\/patrimoineduquebec.com\/eglisesduquebec\/wp-content\/uploads\/2019\/04\/chertsey-2984-avenue-lac-clairmoustier-G\u00e9rald-Arbour-N3-768x1024.jpeg\" alt=\"\" class=\"wp-image-689\" srcset=\"https:\/\/patrimoineduquebec.com\/eglisesduquebec\/wp-content\/uploads\/2019\/04\/chertsey-2984-avenue-lac-clairmoustier-G\u00e9rald-Arbour-N3-768x1024.jpeg 768w, https:\/\/patrimoineduquebec.com\/eglisesduquebec\/wp-content\/uploads\/2019\/04\/chertsey-2984-avenue-lac-clairmoustier-G\u00e9rald-Arbour-N3-225x300.jpeg 225w\" sizes=\"auto, (max-width: 768px) 100vw, 768px\" \/><\/a><figcaption class=\"wp-element-caption\">Chertsey <br>Chapelle du Clermoustier (ferm\u00e9e)<br>1935<br> (G\u00e9rald Arbour)<\/figcaption><\/figure>\n\n\n\n<figure class=\"wp-block-image size-large\"><a href=\"https:\/\/patrimoineduquebec.com\/eglisesduquebec\/wp-content\/uploads\/2019\/04\/chertsey-lac-par\u00e9-G\u00e9rald-Arbour-N3.jpeg\"><img loading=\"lazy\" decoding=\"async\" width=\"795\" height=\"1024\" data-id=\"690\" src=\"https:\/\/patrimoineduquebec.com\/eglisesduquebec\/wp-content\/uploads\/2019\/04\/chertsey-lac-par\u00e9-G\u00e9rald-Arbour-N3-795x1024.jpeg\" alt=\"\" class=\"wp-image-690\" srcset=\"https:\/\/patrimoineduquebec.com\/eglisesduquebec\/wp-content\/uploads\/2019\/04\/chertsey-lac-par\u00e9-G\u00e9rald-Arbour-N3-795x1024.jpeg 795w, https:\/\/patrimoineduquebec.com\/eglisesduquebec\/wp-content\/uploads\/2019\/04\/chertsey-lac-par\u00e9-G\u00e9rald-Arbour-N3-233x300.jpeg 233w, https:\/\/patrimoineduquebec.com\/eglisesduquebec\/wp-content\/uploads\/2019\/04\/chertsey-lac-par\u00e9-G\u00e9rald-Arbour-N3-768x989.jpeg 768w\" sizes=\"auto, (max-width: 795px) 100vw, 795px\" \/><\/a><figcaption class=\"wp-element-caption\">Chertsey (Lac Par\u00e9)<br>Chapelle du Lac Par\u00e9 (ferm\u00e9e)<br>1947<br> (G\u00e9rald Arbour)<\/figcaption><\/figure>\n\n\n\n<figure class=\"wp-block-image size-large\"><a href=\"https:\/\/patrimoineduquebec.com\/eglisesduquebec\/wp-content\/uploads\/2019\/04\/chertsey-beau-lac-G\u00e9rald-Arbour-N3.jpg\"><img loading=\"lazy\" decoding=\"async\" width=\"1024\" height=\"768\" data-id=\"691\" src=\"https:\/\/patrimoineduquebec.com\/eglisesduquebec\/wp-content\/uploads\/2019\/04\/chertsey-beau-lac-G\u00e9rald-Arbour-N3-1024x768.jpg\" alt=\"\" class=\"wp-image-691\" srcset=\"https:\/\/patrimoineduquebec.com\/eglisesduquebec\/wp-content\/uploads\/2019\/04\/chertsey-beau-lac-G\u00e9rald-Arbour-N3-1024x768.jpg 1024w, https:\/\/patrimoineduquebec.com\/eglisesduquebec\/wp-content\/uploads\/2019\/04\/chertsey-beau-lac-G\u00e9rald-Arbour-N3-300x225.jpg 300w, https:\/\/patrimoineduquebec.com\/eglisesduquebec\/wp-content\/uploads\/2019\/04\/chertsey-beau-lac-G\u00e9rald-Arbour-N3-768x576.jpg 768w, https:\/\/patrimoineduquebec.com\/eglisesduquebec\/wp-content\/uploads\/2019\/04\/chertsey-beau-lac-G\u00e9rald-Arbour-N3-120x90.jpg 120w\" sizes=\"auto, (max-width: 1024px) 100vw, 1024px\" \/><\/a><figcaption class=\"wp-element-caption\">Chertsey (Notre-Dame-de-Beaulac) <br>Chapelle Notre-Dame-de-Beaulac (ferm\u00e9e)<br>1946 <br>(G\u00e9rald Arbour)<\/figcaption><\/figure>\n\n\n\n<figure class=\"wp-block-image size-large\"><a href=\"https:\/\/patrimoineduquebec.com\/eglisesduquebec\/wp-content\/uploads\/2019\/04\/chertsey-5930-chemin-p\u00e8re-voyer-G\u00e9rald-Arbour-N1.jpeg\"><img loading=\"lazy\" decoding=\"async\" width=\"1024\" height=\"768\" data-id=\"692\" src=\"https:\/\/patrimoineduquebec.com\/eglisesduquebec\/wp-content\/uploads\/2019\/04\/chertsey-5930-chemin-p\u00e8re-voyer-G\u00e9rald-Arbour-N1-1024x768.jpeg\" alt=\"\" class=\"wp-image-692\" srcset=\"https:\/\/patrimoineduquebec.com\/eglisesduquebec\/wp-content\/uploads\/2019\/04\/chertsey-5930-chemin-p\u00e8re-voyer-G\u00e9rald-Arbour-N1-1024x768.jpeg 1024w, https:\/\/patrimoineduquebec.com\/eglisesduquebec\/wp-content\/uploads\/2019\/04\/chertsey-5930-chemin-p\u00e8re-voyer-G\u00e9rald-Arbour-N1-300x225.jpeg 300w, https:\/\/patrimoineduquebec.com\/eglisesduquebec\/wp-content\/uploads\/2019\/04\/chertsey-5930-chemin-p\u00e8re-voyer-G\u00e9rald-Arbour-N1-768x576.jpeg 768w, https:\/\/patrimoineduquebec.com\/eglisesduquebec\/wp-content\/uploads\/2019\/04\/chertsey-5930-chemin-p\u00e8re-voyer-G\u00e9rald-Arbour-N1-120x90.jpeg 120w\" sizes=\"auto, (max-width: 1024px) 100vw, 1024px\" \/><\/a><figcaption class=\"wp-element-caption\">Chertsey<br> Chapelle Notre-Dame-du-Rosaire-du 7e Lac (ferm\u00e9e)<br>1946 <br>(G\u00e9rald Arbour)<\/figcaption><\/figure>\n\n\n\n<figure class=\"wp-block-image size-large\"><a href=\"https:\/\/patrimoineduquebec.com\/eglisesduquebec\/wp-content\/uploads\/2019\/04\/chertsey-G\u00e9rald-Arbour-N1.jpeg\"><img loading=\"lazy\" decoding=\"async\" width=\"1024\" height=\"768\" data-id=\"693\" src=\"https:\/\/patrimoineduquebec.com\/eglisesduquebec\/wp-content\/uploads\/2019\/04\/chertsey-G\u00e9rald-Arbour-N1-1024x768.jpeg\" alt=\"\" class=\"wp-image-693\" srcset=\"https:\/\/patrimoineduquebec.com\/eglisesduquebec\/wp-content\/uploads\/2019\/04\/chertsey-G\u00e9rald-Arbour-N1-1024x768.jpeg 1024w, https:\/\/patrimoineduquebec.com\/eglisesduquebec\/wp-content\/uploads\/2019\/04\/chertsey-G\u00e9rald-Arbour-N1-300x225.jpeg 300w, https:\/\/patrimoineduquebec.com\/eglisesduquebec\/wp-content\/uploads\/2019\/04\/chertsey-G\u00e9rald-Arbour-N1-768x576.jpeg 768w, https:\/\/patrimoineduquebec.com\/eglisesduquebec\/wp-content\/uploads\/2019\/04\/chertsey-G\u00e9rald-Arbour-N1-120x90.jpeg 120w\" sizes=\"auto, (max-width: 1024px) 100vw, 1024px\" \/><\/a><figcaption class=\"wp-element-caption\">Chertsey<br> \u00c9glise Saint-Th\u00e9odore (ferm\u00e9e)<br>1869 <br>(G\u00e9rald Arbour)<\/figcaption><\/figure>\n\n\n\n<figure class=\"wp-block-image size-large\"><a href=\"https:\/\/patrimoineduquebec.com\/eglisesduquebec\/wp-content\/uploads\/2019\/04\/Crabtree.jpeg\"><img loading=\"lazy\" decoding=\"async\" width=\"768\" height=\"1024\" data-id=\"694\" src=\"https:\/\/patrimoineduquebec.com\/eglisesduquebec\/wp-content\/uploads\/2019\/04\/Crabtree-768x1024.jpeg\" alt=\"\" class=\"wp-image-694\" srcset=\"https:\/\/patrimoineduquebec.com\/eglisesduquebec\/wp-content\/uploads\/2019\/04\/Crabtree-768x1024.jpeg 768w, https:\/\/patrimoineduquebec.com\/eglisesduquebec\/wp-content\/uploads\/2019\/04\/Crabtree-225x300.jpeg 225w\" sizes=\"auto, (max-width: 768px) 100vw, 768px\" \/><\/a><figcaption class=\"wp-element-caption\">Crabtree <br>\u00c9glise Sacr\u00e9-Coeur <br>1921<br>(Monique Bellemare)<\/figcaption><\/figure>\n\n\n\n<figure class=\"wp-block-image size-large\"><a href=\"https:\/\/patrimoineduquebec.com\/eglisesduquebec\/wp-content\/uploads\/2019\/04\/entrelacs-G\u00e9rald-Arbour-N2.jpeg\"><img loading=\"lazy\" decoding=\"async\" width=\"773\" height=\"1024\" data-id=\"695\" src=\"https:\/\/patrimoineduquebec.com\/eglisesduquebec\/wp-content\/uploads\/2019\/04\/entrelacs-G\u00e9rald-Arbour-N2-773x1024.jpeg\" alt=\"\" class=\"wp-image-695\" srcset=\"https:\/\/patrimoineduquebec.com\/eglisesduquebec\/wp-content\/uploads\/2019\/04\/entrelacs-G\u00e9rald-Arbour-N2-773x1024.jpeg 773w, https:\/\/patrimoineduquebec.com\/eglisesduquebec\/wp-content\/uploads\/2019\/04\/entrelacs-G\u00e9rald-Arbour-N2-226x300.jpeg 226w, https:\/\/patrimoineduquebec.com\/eglisesduquebec\/wp-content\/uploads\/2019\/04\/entrelacs-G\u00e9rald-Arbour-N2-768x1018.jpeg 768w, https:\/\/patrimoineduquebec.com\/eglisesduquebec\/wp-content\/uploads\/2019\/04\/entrelacs-G\u00e9rald-Arbour-N2.jpeg 1893w\" sizes=\"auto, (max-width: 773px) 100vw, 773px\" \/><\/a><figcaption class=\"wp-element-caption\">Entrelacs <br>\u00c9glise Saint-\u00c9mile <br>1899-1904<br>(G\u00e9rald Arbour)<\/figcaption><\/figure>\n\n\n\n<figure class=\"wp-block-image size-large\"><a href=\"https:\/\/patrimoineduquebec.com\/eglisesduquebec\/wp-content\/uploads\/2019\/04\/Joliette-Christ-Roi.jpeg\"><img loading=\"lazy\" decoding=\"async\" width=\"1024\" height=\"768\" data-id=\"697\" src=\"https:\/\/patrimoineduquebec.com\/eglisesduquebec\/wp-content\/uploads\/2019\/04\/Joliette-Christ-Roi-1024x768.jpeg\" alt=\"\" class=\"wp-image-697\" srcset=\"https:\/\/patrimoineduquebec.com\/eglisesduquebec\/wp-content\/uploads\/2019\/04\/Joliette-Christ-Roi-1024x768.jpeg 1024w, https:\/\/patrimoineduquebec.com\/eglisesduquebec\/wp-content\/uploads\/2019\/04\/Joliette-Christ-Roi-300x225.jpeg 300w, https:\/\/patrimoineduquebec.com\/eglisesduquebec\/wp-content\/uploads\/2019\/04\/Joliette-Christ-Roi-768x576.jpeg 768w, https:\/\/patrimoineduquebec.com\/eglisesduquebec\/wp-content\/uploads\/2019\/04\/Joliette-Christ-Roi-120x90.jpeg 120w\" sizes=\"auto, (max-width: 1024px) 100vw, 1024px\" \/><\/a><figcaption class=\"wp-element-caption\">Joliette<br> \u00c9glise Christ-Roi <br>1952-1953 <br>(Monique Bellemare)<\/figcaption><\/figure>\n\n\n\n<figure class=\"wp-block-image size-large\"><a href=\"https:\/\/patrimoineduquebec.com\/eglisesduquebec\/wp-content\/uploads\/2019\/04\/Joliette-N-D-des-Prairies.jpeg\"><img loading=\"lazy\" decoding=\"async\" width=\"1024\" height=\"768\" data-id=\"698\" src=\"https:\/\/patrimoineduquebec.com\/eglisesduquebec\/wp-content\/uploads\/2019\/04\/Joliette-N-D-des-Prairies-1024x768.jpeg\" alt=\"\" class=\"wp-image-698\" srcset=\"https:\/\/patrimoineduquebec.com\/eglisesduquebec\/wp-content\/uploads\/2019\/04\/Joliette-N-D-des-Prairies-1024x768.jpeg 1024w, https:\/\/patrimoineduquebec.com\/eglisesduquebec\/wp-content\/uploads\/2019\/04\/Joliette-N-D-des-Prairies-300x225.jpeg 300w, https:\/\/patrimoineduquebec.com\/eglisesduquebec\/wp-content\/uploads\/2019\/04\/Joliette-N-D-des-Prairies-768x576.jpeg 768w, https:\/\/patrimoineduquebec.com\/eglisesduquebec\/wp-content\/uploads\/2019\/04\/Joliette-N-D-des-Prairies-120x90.jpeg 120w\" sizes=\"auto, (max-width: 1024px) 100vw, 1024px\" \/><\/a><figcaption class=\"wp-element-caption\">Joliette <br> \u00c9glise Notre-Dame-des-Prairies (ferm\u00e9e)<br> 1967-1968 <br>(Monique Bellemare)<\/figcaption><\/figure>\n\n\n\n<figure class=\"wp-block-image size-large\"><a href=\"https:\/\/patrimoineduquebec.com\/eglisesduquebec\/wp-content\/uploads\/2019\/04\/Joliette-St-Charles.jpeg\"><img loading=\"lazy\" decoding=\"async\" width=\"768\" height=\"1024\" data-id=\"699\" src=\"https:\/\/patrimoineduquebec.com\/eglisesduquebec\/wp-content\/uploads\/2019\/04\/Joliette-St-Charles-768x1024.jpeg\" alt=\"\" class=\"wp-image-699\" srcset=\"https:\/\/patrimoineduquebec.com\/eglisesduquebec\/wp-content\/uploads\/2019\/04\/Joliette-St-Charles-768x1024.jpeg 768w, https:\/\/patrimoineduquebec.com\/eglisesduquebec\/wp-content\/uploads\/2019\/04\/Joliette-St-Charles-225x300.jpeg 225w\" sizes=\"auto, (max-width: 768px) 100vw, 768px\" \/><\/a><figcaption class=\"wp-element-caption\">Joliette <br> Cath\u00e9drale Saint-Charles-Borrom\u00e9e <br>1887-1892 <br>(Monique Bellemare)<\/figcaption><\/figure>\n\n\n\n<figure class=\"wp-block-image size-large\"><a href=\"https:\/\/patrimoineduquebec.com\/eglisesduquebec\/wp-content\/uploads\/2019\/04\/JolietteSt-J-Baptiste.jpg\"><img loading=\"lazy\" decoding=\"async\" width=\"1024\" height=\"768\" data-id=\"700\" src=\"https:\/\/patrimoineduquebec.com\/eglisesduquebec\/wp-content\/uploads\/2019\/04\/JolietteSt-J-Baptiste-1024x768.jpg\" alt=\"\" class=\"wp-image-700\" srcset=\"https:\/\/patrimoineduquebec.com\/eglisesduquebec\/wp-content\/uploads\/2019\/04\/JolietteSt-J-Baptiste-1024x768.jpg 1024w, https:\/\/patrimoineduquebec.com\/eglisesduquebec\/wp-content\/uploads\/2019\/04\/JolietteSt-J-Baptiste-300x225.jpg 300w, https:\/\/patrimoineduquebec.com\/eglisesduquebec\/wp-content\/uploads\/2019\/04\/JolietteSt-J-Baptiste-768x576.jpg 768w, https:\/\/patrimoineduquebec.com\/eglisesduquebec\/wp-content\/uploads\/2019\/04\/JolietteSt-J-Baptiste-120x90.jpg 120w\" sizes=\"auto, (max-width: 1024px) 100vw, 1024px\" \/><\/a><figcaption class=\"wp-element-caption\">Joliette <br>\u00c9glise Saint-Jean-Baptiste (ferm\u00e9e)<br>1968-1970<br> (Monique Bellemare)<\/figcaption><\/figure>\n\n\n\n<figure class=\"wp-block-image size-large\"><a href=\"https:\/\/patrimoineduquebec.com\/eglisesduquebec\/wp-content\/uploads\/2019\/04\/Joliette-St-Pierre.jpeg\"><img loading=\"lazy\" decoding=\"async\" width=\"768\" height=\"1024\" data-id=\"701\" src=\"https:\/\/patrimoineduquebec.com\/eglisesduquebec\/wp-content\/uploads\/2019\/04\/Joliette-St-Pierre-768x1024.jpeg\" alt=\"\" class=\"wp-image-701\" srcset=\"https:\/\/patrimoineduquebec.com\/eglisesduquebec\/wp-content\/uploads\/2019\/04\/Joliette-St-Pierre-768x1024.jpeg 768w, https:\/\/patrimoineduquebec.com\/eglisesduquebec\/wp-content\/uploads\/2019\/04\/Joliette-St-Pierre-225x300.jpeg 225w\" sizes=\"auto, (max-width: 768px) 100vw, 768px\" \/><\/a><figcaption class=\"wp-element-caption\">Joliette  <br>\u00c9glise Saint-Pierre-Ap\u00f4tre (ferm\u00e9e)<br>1953-1954 <br>(Monique Bellemare)<\/figcaption><\/figure>\n\n\n\n<figure class=\"wp-block-image size-large\"><a href=\"https:\/\/patrimoineduquebec.com\/eglisesduquebec\/wp-content\/uploads\/2019\/04\/Joliette-Ste-Th\u00e9r\u00e8se.jpg\"><img loading=\"lazy\" decoding=\"async\" width=\"768\" height=\"1024\" data-id=\"702\" src=\"https:\/\/patrimoineduquebec.com\/eglisesduquebec\/wp-content\/uploads\/2019\/04\/Joliette-Ste-Th\u00e9r\u00e8se-768x1024.jpg\" alt=\"\" class=\"wp-image-702\" srcset=\"https:\/\/patrimoineduquebec.com\/eglisesduquebec\/wp-content\/uploads\/2019\/04\/Joliette-Ste-Th\u00e9r\u00e8se-768x1024.jpg 768w, https:\/\/patrimoineduquebec.com\/eglisesduquebec\/wp-content\/uploads\/2019\/04\/Joliette-Ste-Th\u00e9r\u00e8se-225x300.jpg 225w\" sizes=\"auto, (max-width: 768px) 100vw, 768px\" \/><\/a><figcaption class=\"wp-element-caption\">Joliette <br> \u00c9glise Sainte-Th\u00e9r\u00e8se<br>1951-1952 <br>(Monique Bellemare)<\/figcaption><\/figure>\n\n\n\n<figure class=\"wp-block-image size-large\"><a href=\"https:\/\/patrimoineduquebec.com\/eglisesduquebec\/wp-content\/uploads\/2020\/09\/joliette-mgr-forbes-G\u00e9rald-Arbour-N4-2-scaled.jpeg\"><img loading=\"lazy\" decoding=\"async\" width=\"1024\" height=\"768\" data-id=\"4065\" src=\"https:\/\/patrimoineduquebec.com\/eglisesduquebec\/wp-content\/uploads\/2020\/09\/joliette-mgr-forbes-G\u00e9rald-Arbour-N4-2-1024x768.jpeg\" alt=\"\" class=\"wp-image-4065\" srcset=\"https:\/\/patrimoineduquebec.com\/eglisesduquebec\/wp-content\/uploads\/2020\/09\/joliette-mgr-forbes-G\u00e9rald-Arbour-N4-2-1024x768.jpeg 1024w, https:\/\/patrimoineduquebec.com\/eglisesduquebec\/wp-content\/uploads\/2020\/09\/joliette-mgr-forbes-G\u00e9rald-Arbour-N4-2-300x225.jpeg 300w, https:\/\/patrimoineduquebec.com\/eglisesduquebec\/wp-content\/uploads\/2020\/09\/joliette-mgr-forbes-G\u00e9rald-Arbour-N4-2-768x576.jpeg 768w, https:\/\/patrimoineduquebec.com\/eglisesduquebec\/wp-content\/uploads\/2020\/09\/joliette-mgr-forbes-G\u00e9rald-Arbour-N4-2-1536x1152.jpeg 1536w, https:\/\/patrimoineduquebec.com\/eglisesduquebec\/wp-content\/uploads\/2020\/09\/joliette-mgr-forbes-G\u00e9rald-Arbour-N4-2-2048x1536.jpeg 2048w, https:\/\/patrimoineduquebec.com\/eglisesduquebec\/wp-content\/uploads\/2020\/09\/joliette-mgr-forbes-G\u00e9rald-Arbour-N4-2-120x90.jpeg 120w\" sizes=\"auto, (max-width: 1024px) 100vw, 1024px\" \/><\/a><figcaption class=\"wp-element-caption\">Joliette<br>Ancienne chapelle Saint-Joseph<br>1877<br>(G\u00e9rald Arbour)<\/figcaption><\/figure>\n\n\n\n<figure class=\"wp-block-image size-large\"><a href=\"https:\/\/patrimoineduquebec.com\/eglisesduquebec\/wp-content\/uploads\/2019\/04\/Ile-Dupas.jpg\"><img loading=\"lazy\" decoding=\"async\" width=\"725\" height=\"1024\" data-id=\"696\" src=\"https:\/\/patrimoineduquebec.com\/eglisesduquebec\/wp-content\/uploads\/2019\/04\/Ile-Dupas-725x1024.jpg\" alt=\"\" class=\"wp-image-696\" srcset=\"https:\/\/patrimoineduquebec.com\/eglisesduquebec\/wp-content\/uploads\/2019\/04\/Ile-Dupas-725x1024.jpg 725w, https:\/\/patrimoineduquebec.com\/eglisesduquebec\/wp-content\/uploads\/2019\/04\/Ile-Dupas-212x300.jpg 212w, https:\/\/patrimoineduquebec.com\/eglisesduquebec\/wp-content\/uploads\/2019\/04\/Ile-Dupas-768x1085.jpg 768w, https:\/\/patrimoineduquebec.com\/eglisesduquebec\/wp-content\/uploads\/2019\/04\/Ile-Dupas.jpg 1774w\" sizes=\"auto, (max-width: 725px) 100vw, 725px\" \/><\/a><figcaption class=\"wp-element-caption\">La Visitation-de-l&rsquo;\u00cele-Dupas<br> \u00c9glise La Visitation<br> 1851-1852 <br>(Monique Bellemare)<\/figcaption><\/figure>\n\n\n\n<figure class=\"wp-block-image size-large\"><a href=\"https:\/\/patrimoineduquebec.com\/eglisesduquebec\/wp-content\/uploads\/2019\/04\/Lanoraie.jpg\"><img loading=\"lazy\" decoding=\"async\" width=\"768\" height=\"1024\" data-id=\"703\" src=\"https:\/\/patrimoineduquebec.com\/eglisesduquebec\/wp-content\/uploads\/2019\/04\/Lanoraie-768x1024.jpg\" alt=\"\" class=\"wp-image-703\" srcset=\"https:\/\/patrimoineduquebec.com\/eglisesduquebec\/wp-content\/uploads\/2019\/04\/Lanoraie-768x1024.jpg 768w, https:\/\/patrimoineduquebec.com\/eglisesduquebec\/wp-content\/uploads\/2019\/04\/Lanoraie-225x300.jpg 225w\" sizes=\"auto, (max-width: 768px) 100vw, 768px\" \/><\/a><figcaption class=\"wp-element-caption\">Lanoraie <br>\u00c9glise Saint-Joseph <br>1918 <br>(Monique Bellemare)<\/figcaption><\/figure>\n\n\n\n<figure class=\"wp-block-image size-large\"><a href=\"https:\/\/patrimoineduquebec.com\/eglisesduquebec\/wp-content\/uploads\/2019\/04\/Lavaltrie-1.jpg\"><img loading=\"lazy\" decoding=\"async\" width=\"768\" height=\"1024\" data-id=\"704\" src=\"https:\/\/patrimoineduquebec.com\/eglisesduquebec\/wp-content\/uploads\/2019\/04\/Lavaltrie-1-768x1024.jpg\" alt=\"\" class=\"wp-image-704\" srcset=\"https:\/\/patrimoineduquebec.com\/eglisesduquebec\/wp-content\/uploads\/2019\/04\/Lavaltrie-1-768x1024.jpg 768w, https:\/\/patrimoineduquebec.com\/eglisesduquebec\/wp-content\/uploads\/2019\/04\/Lavaltrie-1-225x300.jpg 225w\" sizes=\"auto, (max-width: 768px) 100vw, 768px\" \/><\/a><figcaption class=\"wp-element-caption\">Lavaltrie<br>\u00c9glise Saint-Antoine <br>1867-1869 <br>(Monique Bellemare)<\/figcaption><\/figure>\n\n\n\n<figure class=\"wp-block-image size-large\"><a href=\"https:\/\/patrimoineduquebec.com\/eglisesduquebec\/wp-content\/uploads\/2019\/04\/L\u00c9piphanie.jpg\"><img loading=\"lazy\" decoding=\"async\" width=\"768\" height=\"1024\" data-id=\"705\" src=\"https:\/\/patrimoineduquebec.com\/eglisesduquebec\/wp-content\/uploads\/2019\/04\/L\u00c9piphanie-768x1024.jpg\" alt=\"\" class=\"wp-image-705\" srcset=\"https:\/\/patrimoineduquebec.com\/eglisesduquebec\/wp-content\/uploads\/2019\/04\/L\u00c9piphanie-768x1024.jpg 768w, https:\/\/patrimoineduquebec.com\/eglisesduquebec\/wp-content\/uploads\/2019\/04\/L\u00c9piphanie-225x300.jpg 225w\" sizes=\"auto, (max-width: 768px) 100vw, 768px\" \/><\/a><figcaption class=\"wp-element-caption\">L\u2019\u00c9piphanie <br>\u00c9glise L&rsquo;\u00c9piphanie<br>Apr\u00e8s 1991<br> (Monique Bellemare)<\/figcaption><\/figure>\n\n\n\n<figure class=\"wp-block-image size-large\"><a href=\"https:\/\/patrimoineduquebec.com\/eglisesduquebec\/wp-content\/uploads\/2020\/11\/042-scaled.jpeg\"><img loading=\"lazy\" decoding=\"async\" width=\"1024\" height=\"768\" data-id=\"4084\" src=\"https:\/\/patrimoineduquebec.com\/eglisesduquebec\/wp-content\/uploads\/2020\/11\/042-1024x768.jpeg\" alt=\"\" class=\"wp-image-4084\" srcset=\"https:\/\/patrimoineduquebec.com\/eglisesduquebec\/wp-content\/uploads\/2020\/11\/042-1024x768.jpeg 1024w, https:\/\/patrimoineduquebec.com\/eglisesduquebec\/wp-content\/uploads\/2020\/11\/042-300x225.jpeg 300w, https:\/\/patrimoineduquebec.com\/eglisesduquebec\/wp-content\/uploads\/2020\/11\/042-768x576.jpeg 768w, https:\/\/patrimoineduquebec.com\/eglisesduquebec\/wp-content\/uploads\/2020\/11\/042-1536x1152.jpeg 1536w, https:\/\/patrimoineduquebec.com\/eglisesduquebec\/wp-content\/uploads\/2020\/11\/042-2048x1536.jpeg 2048w, https:\/\/patrimoineduquebec.com\/eglisesduquebec\/wp-content\/uploads\/2020\/11\/042-120x90.jpeg 120w\" sizes=\"auto, (max-width: 1024px) 100vw, 1024px\" \/><\/a><figcaption class=\"wp-element-caption\">Manawan<br>Chapelle Saint-Jean-de-Br\u00e9beuf<br>1942-1943<br>(Marjorie Bernard)<\/figcaption><\/figure>\n\n\n\n<figure class=\"wp-block-image size-large\"><a href=\"https:\/\/patrimoineduquebec.com\/eglisesduquebec\/wp-content\/uploads\/2019\/04\/Mandeville.jpeg\"><img loading=\"lazy\" decoding=\"async\" width=\"683\" height=\"1024\" data-id=\"706\" src=\"https:\/\/patrimoineduquebec.com\/eglisesduquebec\/wp-content\/uploads\/2019\/04\/Mandeville-683x1024.jpeg\" alt=\"\" class=\"wp-image-706\" srcset=\"https:\/\/patrimoineduquebec.com\/eglisesduquebec\/wp-content\/uploads\/2019\/04\/Mandeville-683x1024.jpeg 683w, https:\/\/patrimoineduquebec.com\/eglisesduquebec\/wp-content\/uploads\/2019\/04\/Mandeville-200x300.jpeg 200w, https:\/\/patrimoineduquebec.com\/eglisesduquebec\/wp-content\/uploads\/2019\/04\/Mandeville-768x1152.jpeg 768w\" sizes=\"auto, (max-width: 683px) 100vw, 683px\" \/><\/a><figcaption class=\"wp-element-caption\">Mandeville <br>\u00c9glise Saint-Charles<br> 1895-1897 <br>(Monique Bellemare)<\/figcaption><\/figure>\n\n\n\n<figure class=\"wp-block-image size-large\"><a href=\"https:\/\/patrimoineduquebec.com\/eglisesduquebec\/wp-content\/uploads\/2019\/04\/Mascouche-Notre-D-du-St-Rosaire.jpg\"><img loading=\"lazy\" decoding=\"async\" width=\"1024\" height=\"768\" data-id=\"707\" src=\"https:\/\/patrimoineduquebec.com\/eglisesduquebec\/wp-content\/uploads\/2019\/04\/Mascouche-Notre-D-du-St-Rosaire-1024x768.jpg\" alt=\"\" class=\"wp-image-707\" srcset=\"https:\/\/patrimoineduquebec.com\/eglisesduquebec\/wp-content\/uploads\/2019\/04\/Mascouche-Notre-D-du-St-Rosaire-1024x768.jpg 1024w, https:\/\/patrimoineduquebec.com\/eglisesduquebec\/wp-content\/uploads\/2019\/04\/Mascouche-Notre-D-du-St-Rosaire-300x225.jpg 300w, https:\/\/patrimoineduquebec.com\/eglisesduquebec\/wp-content\/uploads\/2019\/04\/Mascouche-Notre-D-du-St-Rosaire-768x576.jpg 768w, https:\/\/patrimoineduquebec.com\/eglisesduquebec\/wp-content\/uploads\/2019\/04\/Mascouche-Notre-D-du-St-Rosaire-120x90.jpg 120w\" sizes=\"auto, (max-width: 1024px) 100vw, 1024px\" \/><\/a><figcaption class=\"wp-element-caption\">Mascouche<br> \u00c9glise Notre-Dame-du-Saint-Rosaire <br>1949-1950<br>(Monique Bellemare)<\/figcaption><\/figure>\n\n\n\n<figure class=\"wp-block-image size-large\"><a href=\"https:\/\/patrimoineduquebec.com\/eglisesduquebec\/wp-content\/uploads\/2019\/04\/Mascouche-St-Benoit.jpg\"><img loading=\"lazy\" decoding=\"async\" width=\"1024\" height=\"768\" data-id=\"708\" src=\"https:\/\/patrimoineduquebec.com\/eglisesduquebec\/wp-content\/uploads\/2019\/04\/Mascouche-St-Benoit-1024x768.jpg\" alt=\"\" class=\"wp-image-708\" srcset=\"https:\/\/patrimoineduquebec.com\/eglisesduquebec\/wp-content\/uploads\/2019\/04\/Mascouche-St-Benoit-1024x768.jpg 1024w, https:\/\/patrimoineduquebec.com\/eglisesduquebec\/wp-content\/uploads\/2019\/04\/Mascouche-St-Benoit-300x225.jpg 300w, https:\/\/patrimoineduquebec.com\/eglisesduquebec\/wp-content\/uploads\/2019\/04\/Mascouche-St-Benoit-768x576.jpg 768w, https:\/\/patrimoineduquebec.com\/eglisesduquebec\/wp-content\/uploads\/2019\/04\/Mascouche-St-Benoit-120x90.jpg 120w\" sizes=\"auto, (max-width: 1024px) 100vw, 1024px\" \/><\/a><figcaption class=\"wp-element-caption\">Mascouche <br>\u00c9glise Saint-Beno\u00eet (ferm\u00e9e)<br>1980 <br>Monique Bellemare<\/figcaption><\/figure>\n\n\n\n<figure class=\"wp-block-image size-large\"><a href=\"https:\/\/patrimoineduquebec.com\/eglisesduquebec\/wp-content\/uploads\/2019\/04\/Mascouche-St-Henri-de-Mascouche.jpeg\"><img loading=\"lazy\" decoding=\"async\" width=\"768\" height=\"1024\" data-id=\"709\" src=\"https:\/\/patrimoineduquebec.com\/eglisesduquebec\/wp-content\/uploads\/2019\/04\/Mascouche-St-Henri-de-Mascouche-768x1024.jpeg\" alt=\"\" class=\"wp-image-709\" srcset=\"https:\/\/patrimoineduquebec.com\/eglisesduquebec\/wp-content\/uploads\/2019\/04\/Mascouche-St-Henri-de-Mascouche-768x1024.jpeg 768w, https:\/\/patrimoineduquebec.com\/eglisesduquebec\/wp-content\/uploads\/2019\/04\/Mascouche-St-Henri-de-Mascouche-225x300.jpeg 225w\" sizes=\"auto, (max-width: 768px) 100vw, 768px\" \/><\/a><figcaption class=\"wp-element-caption\">Mascouche <br>\u00c9glise Saint-Henri-de-Mascouche <br>1881-1885 <br>(Monique Bellemare)<\/figcaption><\/figure>\n\n\n\n<figure class=\"wp-block-image size-large\"><a href=\"https:\/\/patrimoineduquebec.com\/eglisesduquebec\/wp-content\/uploads\/2019\/04\/notre-dame-de-la-merci-G\u00e9rald-Arbour-N1-2.jpeg\"><img loading=\"lazy\" decoding=\"async\" width=\"779\" height=\"1024\" data-id=\"710\" src=\"https:\/\/patrimoineduquebec.com\/eglisesduquebec\/wp-content\/uploads\/2019\/04\/notre-dame-de-la-merci-G\u00e9rald-Arbour-N1-2-779x1024.jpeg\" alt=\"\" class=\"wp-image-710\" srcset=\"https:\/\/patrimoineduquebec.com\/eglisesduquebec\/wp-content\/uploads\/2019\/04\/notre-dame-de-la-merci-G\u00e9rald-Arbour-N1-2-779x1024.jpeg 779w, https:\/\/patrimoineduquebec.com\/eglisesduquebec\/wp-content\/uploads\/2019\/04\/notre-dame-de-la-merci-G\u00e9rald-Arbour-N1-2-228x300.jpeg 228w, https:\/\/patrimoineduquebec.com\/eglisesduquebec\/wp-content\/uploads\/2019\/04\/notre-dame-de-la-merci-G\u00e9rald-Arbour-N1-2-768x1010.jpeg 768w\" sizes=\"auto, (max-width: 779px) 100vw, 779px\" \/><\/a><figcaption class=\"wp-element-caption\">Notre-Dame-de-la-Merci<br>\u00c9glise Notre-Dame-de-la-Merci <br>1912-1918<br> (G\u00e9rald Arbour)<\/figcaption><\/figure>\n\n\n\n<figure class=\"wp-block-image size-large\"><a href=\"https:\/\/patrimoineduquebec.com\/eglisesduquebec\/wp-content\/uploads\/2019\/04\/Notre-Dame-de-Lourdes.jpeg\"><img loading=\"lazy\" decoding=\"async\" width=\"683\" height=\"1024\" data-id=\"711\" src=\"https:\/\/patrimoineduquebec.com\/eglisesduquebec\/wp-content\/uploads\/2019\/04\/Notre-Dame-de-Lourdes-683x1024.jpeg\" alt=\"\" class=\"wp-image-711\" srcset=\"https:\/\/patrimoineduquebec.com\/eglisesduquebec\/wp-content\/uploads\/2019\/04\/Notre-Dame-de-Lourdes-683x1024.jpeg 683w, https:\/\/patrimoineduquebec.com\/eglisesduquebec\/wp-content\/uploads\/2019\/04\/Notre-Dame-de-Lourdes-200x300.jpeg 200w, https:\/\/patrimoineduquebec.com\/eglisesduquebec\/wp-content\/uploads\/2019\/04\/Notre-Dame-de-Lourdes-768x1152.jpeg 768w\" sizes=\"auto, (max-width: 683px) 100vw, 683px\" \/><\/a><figcaption class=\"wp-element-caption\">Notre-Dame-de-Lourdes<br>\u00c9glise Notre-Dame-de-Lourdes (d\u00e9molie)<br>1931-1932<br> (Monique Bellemare)<\/figcaption><\/figure>\n\n\n\n<figure class=\"wp-block-image size-large\"><a href=\"https:\/\/patrimoineduquebec.com\/eglisesduquebec\/wp-content\/uploads\/2019\/05\/Rawdon.jpeg\"><img loading=\"lazy\" decoding=\"async\" width=\"782\" height=\"1024\" data-id=\"714\" src=\"https:\/\/patrimoineduquebec.com\/eglisesduquebec\/wp-content\/uploads\/2019\/05\/Rawdon-782x1024.jpeg\" alt=\"\" class=\"wp-image-714\" srcset=\"https:\/\/patrimoineduquebec.com\/eglisesduquebec\/wp-content\/uploads\/2019\/05\/Rawdon-782x1024.jpeg 782w, https:\/\/patrimoineduquebec.com\/eglisesduquebec\/wp-content\/uploads\/2019\/05\/Rawdon-229x300.jpeg 229w, https:\/\/patrimoineduquebec.com\/eglisesduquebec\/wp-content\/uploads\/2019\/05\/Rawdon-768x1005.jpeg 768w\" sizes=\"auto, (max-width: 782px) 100vw, 782px\" \/><\/a><figcaption class=\"wp-element-caption\">Rawdon <br>\u00c9glise Marie-Reine-du-Monde et Saint-Patrice<br>1954-1955<br> (Monique Bellemare)<\/figcaption><\/figure>\n\n\n\n<figure class=\"wp-block-image size-large\"><a href=\"https:\/\/patrimoineduquebec.com\/eglisesduquebec\/wp-content\/uploads\/2019\/05\/St-Alexis.jpeg\"><img loading=\"lazy\" decoding=\"async\" width=\"768\" height=\"1024\" data-id=\"715\" src=\"https:\/\/patrimoineduquebec.com\/eglisesduquebec\/wp-content\/uploads\/2019\/05\/St-Alexis-768x1024.jpeg\" alt=\"\" class=\"wp-image-715\" srcset=\"https:\/\/patrimoineduquebec.com\/eglisesduquebec\/wp-content\/uploads\/2019\/05\/St-Alexis-768x1024.jpeg 768w, https:\/\/patrimoineduquebec.com\/eglisesduquebec\/wp-content\/uploads\/2019\/05\/St-Alexis-225x300.jpeg 225w\" sizes=\"auto, (max-width: 768px) 100vw, 768px\" \/><\/a><figcaption class=\"wp-element-caption\">Saint-Alexis <br>\u00c9glise Saint-Alexis <br>1855-1857 <br>(Monique Bellemare)<\/figcaption><\/figure>\n\n\n\n<figure class=\"wp-block-image size-large\"><a href=\"https:\/\/patrimoineduquebec.com\/eglisesduquebec\/wp-content\/uploads\/2019\/05\/St-Alphonse-Rodriguez.jpg\"><img loading=\"lazy\" decoding=\"async\" width=\"768\" height=\"1024\" data-id=\"716\" src=\"https:\/\/patrimoineduquebec.com\/eglisesduquebec\/wp-content\/uploads\/2019\/05\/St-Alphonse-Rodriguez-768x1024.jpg\" alt=\"\" class=\"wp-image-716\" srcset=\"https:\/\/patrimoineduquebec.com\/eglisesduquebec\/wp-content\/uploads\/2019\/05\/St-Alphonse-Rodriguez-768x1024.jpg 768w, https:\/\/patrimoineduquebec.com\/eglisesduquebec\/wp-content\/uploads\/2019\/05\/St-Alphonse-Rodriguez-225x300.jpg 225w, https:\/\/patrimoineduquebec.com\/eglisesduquebec\/wp-content\/uploads\/2019\/05\/St-Alphonse-Rodriguez.jpg 1920w\" sizes=\"auto, (max-width: 768px) 100vw, 768px\" \/><\/a><figcaption class=\"wp-element-caption\">Saint-Alphonse-Rodriguez<br>\u00c9glise Saint-Alphonse-Rodriguez<br> 1860-1861<br>(Monique Bellemare)<\/figcaption><\/figure>\n\n\n\n<figure class=\"wp-block-image size-large\"><a href=\"https:\/\/patrimoineduquebec.com\/eglisesduquebec\/wp-content\/uploads\/2020\/05\/saint-alphonse-rodriguez-330-rue-es-monts-G\u00e9rald-Arbour-N1.jpg\"><img loading=\"lazy\" decoding=\"async\" width=\"1024\" height=\"768\" data-id=\"3808\" src=\"https:\/\/patrimoineduquebec.com\/eglisesduquebec\/wp-content\/uploads\/2020\/05\/saint-alphonse-rodriguez-330-rue-es-monts-G\u00e9rald-Arbour-N1-1024x768.jpg\" alt=\"\" class=\"wp-image-3808\" srcset=\"https:\/\/patrimoineduquebec.com\/eglisesduquebec\/wp-content\/uploads\/2020\/05\/saint-alphonse-rodriguez-330-rue-es-monts-G\u00e9rald-Arbour-N1-1024x768.jpg 1024w, https:\/\/patrimoineduquebec.com\/eglisesduquebec\/wp-content\/uploads\/2020\/05\/saint-alphonse-rodriguez-330-rue-es-monts-G\u00e9rald-Arbour-N1-300x225.jpg 300w, https:\/\/patrimoineduquebec.com\/eglisesduquebec\/wp-content\/uploads\/2020\/05\/saint-alphonse-rodriguez-330-rue-es-monts-G\u00e9rald-Arbour-N1-768x576.jpg 768w, https:\/\/patrimoineduquebec.com\/eglisesduquebec\/wp-content\/uploads\/2020\/05\/saint-alphonse-rodriguez-330-rue-es-monts-G\u00e9rald-Arbour-N1-1536x1152.jpg 1536w, https:\/\/patrimoineduquebec.com\/eglisesduquebec\/wp-content\/uploads\/2020\/05\/saint-alphonse-rodriguez-330-rue-es-monts-G\u00e9rald-Arbour-N1-120x90.jpg 120w, https:\/\/patrimoineduquebec.com\/eglisesduquebec\/wp-content\/uploads\/2020\/05\/saint-alphonse-rodriguez-330-rue-es-monts-G\u00e9rald-Arbour-N1.jpg 2028w\" sizes=\"auto, (max-width: 1024px) 100vw, 1024px\" \/><\/a><figcaption class=\"wp-element-caption\">Saint-Alphonse-Rodriguez<br>Chapelle Notre-Dame-de-Fatima (ferm\u00e9e)<br>1946<br>(G\u00e9rald Arbour)<\/figcaption><\/figure>\n\n\n\n<figure class=\"wp-block-image size-large\"><a href=\"https:\/\/patrimoineduquebec.com\/eglisesduquebec\/wp-content\/uploads\/2019\/05\/St-Ambroise-Kildare.jpg\"><img loading=\"lazy\" decoding=\"async\" width=\"768\" height=\"1024\" data-id=\"717\" src=\"https:\/\/patrimoineduquebec.com\/eglisesduquebec\/wp-content\/uploads\/2019\/05\/St-Ambroise-Kildare-768x1024.jpg\" alt=\"\" class=\"wp-image-717\" srcset=\"https:\/\/patrimoineduquebec.com\/eglisesduquebec\/wp-content\/uploads\/2019\/05\/St-Ambroise-Kildare-768x1024.jpg 768w, https:\/\/patrimoineduquebec.com\/eglisesduquebec\/wp-content\/uploads\/2019\/05\/St-Ambroise-Kildare-225x300.jpg 225w, https:\/\/patrimoineduquebec.com\/eglisesduquebec\/wp-content\/uploads\/2019\/05\/St-Ambroise-Kildare.jpg 1920w\" sizes=\"auto, (max-width: 768px) 100vw, 768px\" \/><\/a><figcaption class=\"wp-element-caption\">Saint-Ambroise-de-Kildare <br>\u00c9glise Saint-Ambroise-de-Kildare <br>1852-1855 <br>(Monique Bellemare)<\/figcaption><\/figure>\n\n\n\n<figure class=\"wp-block-image size-large\"><a href=\"https:\/\/patrimoineduquebec.com\/eglisesduquebec\/wp-content\/uploads\/2022\/05\/saint-ambroise-de-kildare-361-chemin-de-la-feuillee-Gerald-Arbour-N4.jpeg\"><img loading=\"lazy\" decoding=\"async\" width=\"1024\" height=\"768\" data-id=\"4351\" src=\"https:\/\/patrimoineduquebec.com\/eglisesduquebec\/wp-content\/uploads\/2022\/05\/saint-ambroise-de-kildare-361-chemin-de-la-feuillee-Gerald-Arbour-N4-1024x768.jpeg\" alt=\"\" class=\"wp-image-4351\" srcset=\"https:\/\/patrimoineduquebec.com\/eglisesduquebec\/wp-content\/uploads\/2022\/05\/saint-ambroise-de-kildare-361-chemin-de-la-feuillee-Gerald-Arbour-N4-1024x768.jpeg 1024w, https:\/\/patrimoineduquebec.com\/eglisesduquebec\/wp-content\/uploads\/2022\/05\/saint-ambroise-de-kildare-361-chemin-de-la-feuillee-Gerald-Arbour-N4-300x225.jpeg 300w, https:\/\/patrimoineduquebec.com\/eglisesduquebec\/wp-content\/uploads\/2022\/05\/saint-ambroise-de-kildare-361-chemin-de-la-feuillee-Gerald-Arbour-N4-768x576.jpeg 768w, https:\/\/patrimoineduquebec.com\/eglisesduquebec\/wp-content\/uploads\/2022\/05\/saint-ambroise-de-kildare-361-chemin-de-la-feuillee-Gerald-Arbour-N4-1536x1152.jpeg 1536w, https:\/\/patrimoineduquebec.com\/eglisesduquebec\/wp-content\/uploads\/2022\/05\/saint-ambroise-de-kildare-361-chemin-de-la-feuillee-Gerald-Arbour-N4-2048x1536.jpeg 2048w, https:\/\/patrimoineduquebec.com\/eglisesduquebec\/wp-content\/uploads\/2022\/05\/saint-ambroise-de-kildare-361-chemin-de-la-feuillee-Gerald-Arbour-N4-120x90.jpeg 120w\" sizes=\"auto, (max-width: 1024px) 100vw, 1024px\" \/><\/a><figcaption class=\"wp-element-caption\">Saint-Ambroise-de-Kildare<br> La Feuill\u00e9e ou chapelle des scouts<br>1940<br>(G\u00e9rald Arbour)<\/figcaption><\/figure>\n\n\n\n<figure class=\"wp-block-image size-large\"><a href=\"https:\/\/patrimoineduquebec.com\/eglisesduquebec\/wp-content\/uploads\/2019\/05\/saint-barth\u00e9lemy-G\u00e9rald-Arbour-N5.jpeg\"><img loading=\"lazy\" decoding=\"async\" width=\"768\" height=\"1024\" data-id=\"718\" src=\"https:\/\/patrimoineduquebec.com\/eglisesduquebec\/wp-content\/uploads\/2019\/05\/saint-barth\u00e9lemy-G\u00e9rald-Arbour-N5-768x1024.jpeg\" alt=\"\" class=\"wp-image-718\" srcset=\"https:\/\/patrimoineduquebec.com\/eglisesduquebec\/wp-content\/uploads\/2019\/05\/saint-barth\u00e9lemy-G\u00e9rald-Arbour-N5-768x1024.jpeg 768w, https:\/\/patrimoineduquebec.com\/eglisesduquebec\/wp-content\/uploads\/2019\/05\/saint-barth\u00e9lemy-G\u00e9rald-Arbour-N5-225x300.jpeg 225w\" sizes=\"auto, (max-width: 768px) 100vw, 768px\" \/><\/a><figcaption class=\"wp-element-caption\">Saint-Barth\u00e9lemy<br> \u00c9glise Saint-Barth\u00e9lemy<br>1866<br>(G\u00e9rald Arbour)<\/figcaption><\/figure>\n\n\n\n<figure class=\"wp-block-image size-large\"><a href=\"https:\/\/patrimoineduquebec.com\/eglisesduquebec\/wp-content\/uploads\/2019\/05\/St-Edmond.jpeg\"><img loading=\"lazy\" decoding=\"async\" width=\"683\" height=\"1024\" data-id=\"719\" src=\"https:\/\/patrimoineduquebec.com\/eglisesduquebec\/wp-content\/uploads\/2019\/05\/St-Edmond-683x1024.jpeg\" alt=\"\" class=\"wp-image-719\" srcset=\"https:\/\/patrimoineduquebec.com\/eglisesduquebec\/wp-content\/uploads\/2019\/05\/St-Edmond-683x1024.jpeg 683w, https:\/\/patrimoineduquebec.com\/eglisesduquebec\/wp-content\/uploads\/2019\/05\/St-Edmond-200x300.jpeg 200w, https:\/\/patrimoineduquebec.com\/eglisesduquebec\/wp-content\/uploads\/2019\/05\/St-Edmond-768x1152.jpeg 768w\" sizes=\"auto, (max-width: 683px) 100vw, 683px\" \/><\/a><figcaption class=\"wp-element-caption\">Saint-Barth\u00e9lemy<br> Chapelle Saint-Edmond (ferm\u00e9e)<br>1889<br> (Paul Turcotte)<\/figcaption><\/figure>\n\n\n\n<figure class=\"wp-block-image size-large\"><a href=\"https:\/\/patrimoineduquebec.com\/eglisesduquebec\/wp-content\/uploads\/2019\/05\/\u00e9glise_saint-calixte_041.jpg\"><img loading=\"lazy\" decoding=\"async\" width=\"1024\" height=\"731\" data-id=\"720\" src=\"https:\/\/patrimoineduquebec.com\/eglisesduquebec\/wp-content\/uploads\/2019\/05\/\u00e9glise_saint-calixte_041-1024x731.jpg\" alt=\"\" class=\"wp-image-720\" srcset=\"https:\/\/patrimoineduquebec.com\/eglisesduquebec\/wp-content\/uploads\/2019\/05\/\u00e9glise_saint-calixte_041-1024x731.jpg 1024w, https:\/\/patrimoineduquebec.com\/eglisesduquebec\/wp-content\/uploads\/2019\/05\/\u00e9glise_saint-calixte_041-300x214.jpg 300w, https:\/\/patrimoineduquebec.com\/eglisesduquebec\/wp-content\/uploads\/2019\/05\/\u00e9glise_saint-calixte_041-768x549.jpg 768w\" sizes=\"auto, (max-width: 1024px) 100vw, 1024px\" \/><\/a><figcaption class=\"wp-element-caption\">Saint-Calixte<br> \u00c9glise Saint-Calixte (ferm\u00e9e)<br>1881-1886 <br>(Fernande Savard)<\/figcaption><\/figure>\n\n\n\n<figure class=\"wp-block-image size-large\"><a href=\"https:\/\/patrimoineduquebec.com\/eglisesduquebec\/wp-content\/uploads\/2019\/05\/Ancienne-Chapelle-de-Saint-Calixte_BRD3787.jpeg\"><img loading=\"lazy\" decoding=\"async\" width=\"1024\" height=\"731\" data-id=\"721\" src=\"https:\/\/patrimoineduquebec.com\/eglisesduquebec\/wp-content\/uploads\/2019\/05\/Ancienne-Chapelle-de-Saint-Calixte_BRD3787-1024x731.jpeg\" alt=\"\" class=\"wp-image-721\" srcset=\"https:\/\/patrimoineduquebec.com\/eglisesduquebec\/wp-content\/uploads\/2019\/05\/Ancienne-Chapelle-de-Saint-Calixte_BRD3787-1024x731.jpeg 1024w, https:\/\/patrimoineduquebec.com\/eglisesduquebec\/wp-content\/uploads\/2019\/05\/Ancienne-Chapelle-de-Saint-Calixte_BRD3787-300x214.jpeg 300w, https:\/\/patrimoineduquebec.com\/eglisesduquebec\/wp-content\/uploads\/2019\/05\/Ancienne-Chapelle-de-Saint-Calixte_BRD3787-768x549.jpeg 768w, https:\/\/patrimoineduquebec.com\/eglisesduquebec\/wp-content\/uploads\/2019\/05\/Ancienne-Chapelle-de-Saint-Calixte_BRD3787.jpeg 1050w\" sizes=\"auto, (max-width: 1024px) 100vw, 1024px\" \/><\/a><figcaption class=\"wp-element-caption\">Saint-Calixte<br> Ancienne chapelle <br>1964<br>(Fernande Savard)<\/figcaption><\/figure>\n\n\n\n<figure class=\"wp-block-image size-large\"><a href=\"https:\/\/patrimoineduquebec.com\/eglisesduquebec\/wp-content\/uploads\/2019\/05\/St-Cl\u00e9ophas.jpeg\"><img loading=\"lazy\" decoding=\"async\" width=\"683\" height=\"1024\" data-id=\"722\" src=\"https:\/\/patrimoineduquebec.com\/eglisesduquebec\/wp-content\/uploads\/2019\/05\/St-Cl\u00e9ophas-683x1024.jpeg\" alt=\"\" class=\"wp-image-722\" srcset=\"https:\/\/patrimoineduquebec.com\/eglisesduquebec\/wp-content\/uploads\/2019\/05\/St-Cl\u00e9ophas-683x1024.jpeg 683w, https:\/\/patrimoineduquebec.com\/eglisesduquebec\/wp-content\/uploads\/2019\/05\/St-Cl\u00e9ophas-200x300.jpeg 200w, https:\/\/patrimoineduquebec.com\/eglisesduquebec\/wp-content\/uploads\/2019\/05\/St-Cl\u00e9ophas-768x1152.jpeg 768w\" sizes=\"auto, (max-width: 683px) 100vw, 683px\" \/><\/a><figcaption class=\"wp-element-caption\">Saint-Cl\u00e9ophas <br>\u00c9glise Saint-Cl\u00e9ophas (ferm\u00e9e)<br>1894-1897<br> (Monique Bellemare)<\/figcaption><\/figure>\n\n\n\n<figure class=\"wp-block-image size-large\"><a href=\"https:\/\/patrimoineduquebec.com\/eglisesduquebec\/wp-content\/uploads\/2019\/05\/St-C\u00f4me.jpg\"><img loading=\"lazy\" decoding=\"async\" width=\"732\" height=\"1024\" data-id=\"723\" src=\"https:\/\/patrimoineduquebec.com\/eglisesduquebec\/wp-content\/uploads\/2019\/05\/St-C\u00f4me-732x1024.jpg\" alt=\"\" class=\"wp-image-723\" srcset=\"https:\/\/patrimoineduquebec.com\/eglisesduquebec\/wp-content\/uploads\/2019\/05\/St-C\u00f4me-732x1024.jpg 732w, https:\/\/patrimoineduquebec.com\/eglisesduquebec\/wp-content\/uploads\/2019\/05\/St-C\u00f4me-214x300.jpg 214w, https:\/\/patrimoineduquebec.com\/eglisesduquebec\/wp-content\/uploads\/2019\/05\/St-C\u00f4me-768x1075.jpg 768w, https:\/\/patrimoineduquebec.com\/eglisesduquebec\/wp-content\/uploads\/2019\/05\/St-C\u00f4me.jpg 1762w\" sizes=\"auto, (max-width: 732px) 100vw, 732px\" \/><\/a><figcaption class=\"wp-element-caption\">Saint-C\u00f4me<br> \u00c9glise Saint-C\u00f4me<br> 1886<br> (Monique Bellemare)<\/figcaption><\/figure>\n\n\n\n<figure class=\"wp-block-image size-large\"><a href=\"https:\/\/patrimoineduquebec.com\/eglisesduquebec\/wp-content\/uploads\/2020\/07\/saint-c\u00f4me-chemin-du-lac-clair-G\u00e9rald-Abour-N5-scaled.jpeg\"><img loading=\"lazy\" decoding=\"async\" width=\"1024\" height=\"768\" data-id=\"3913\" src=\"https:\/\/patrimoineduquebec.com\/eglisesduquebec\/wp-content\/uploads\/2020\/07\/saint-c\u00f4me-chemin-du-lac-clair-G\u00e9rald-Abour-N5-1024x768.jpeg\" alt=\"\" class=\"wp-image-3913\" srcset=\"https:\/\/patrimoineduquebec.com\/eglisesduquebec\/wp-content\/uploads\/2020\/07\/saint-c\u00f4me-chemin-du-lac-clair-G\u00e9rald-Abour-N5-1024x768.jpeg 1024w, https:\/\/patrimoineduquebec.com\/eglisesduquebec\/wp-content\/uploads\/2020\/07\/saint-c\u00f4me-chemin-du-lac-clair-G\u00e9rald-Abour-N5-300x225.jpeg 300w, https:\/\/patrimoineduquebec.com\/eglisesduquebec\/wp-content\/uploads\/2020\/07\/saint-c\u00f4me-chemin-du-lac-clair-G\u00e9rald-Abour-N5-768x576.jpeg 768w, https:\/\/patrimoineduquebec.com\/eglisesduquebec\/wp-content\/uploads\/2020\/07\/saint-c\u00f4me-chemin-du-lac-clair-G\u00e9rald-Abour-N5-1536x1153.jpeg 1536w, https:\/\/patrimoineduquebec.com\/eglisesduquebec\/wp-content\/uploads\/2020\/07\/saint-c\u00f4me-chemin-du-lac-clair-G\u00e9rald-Abour-N5-2048x1537.jpeg 2048w, https:\/\/patrimoineduquebec.com\/eglisesduquebec\/wp-content\/uploads\/2020\/07\/saint-c\u00f4me-chemin-du-lac-clair-G\u00e9rald-Abour-N5-120x90.jpeg 120w\" sizes=\"auto, (max-width: 1024px) 100vw, 1024px\" \/><\/a><figcaption class=\"wp-element-caption\">Saint-C\u00f4me<br>La Chapelle du Lac Clair<br>(G\u00e9rald Arbour)<\/figcaption><\/figure>\n\n\n\n<figure class=\"wp-block-image size-large\"><a href=\"https:\/\/patrimoineduquebec.com\/eglisesduquebec\/wp-content\/uploads\/2019\/05\/DSCN1444.jpeg\"><img loading=\"lazy\" decoding=\"async\" width=\"768\" height=\"1024\" data-id=\"724\" src=\"https:\/\/patrimoineduquebec.com\/eglisesduquebec\/wp-content\/uploads\/2019\/05\/DSCN1444-768x1024.jpeg\" alt=\"\" class=\"wp-image-724\" srcset=\"https:\/\/patrimoineduquebec.com\/eglisesduquebec\/wp-content\/uploads\/2019\/05\/DSCN1444-768x1024.jpeg 768w, https:\/\/patrimoineduquebec.com\/eglisesduquebec\/wp-content\/uploads\/2019\/05\/DSCN1444-225x300.jpeg 225w\" sizes=\"auto, (max-width: 768px) 100vw, 768px\" \/><\/a><figcaption class=\"wp-element-caption\">Saint-Cuthbert<br> \u00c9glise Saint-Cuthbert<br>1875-1879 <br>(Monique Bellemare)<\/figcaption><\/figure>\n\n\n\n<figure class=\"wp-block-image size-large\"><a href=\"https:\/\/patrimoineduquebec.com\/eglisesduquebec\/wp-content\/uploads\/2019\/05\/St-Viateur.jpeg\"><img loading=\"lazy\" decoding=\"async\" width=\"683\" height=\"1024\" data-id=\"725\" src=\"https:\/\/patrimoineduquebec.com\/eglisesduquebec\/wp-content\/uploads\/2019\/05\/St-Viateur-683x1024.jpeg\" alt=\"\" class=\"wp-image-725\" srcset=\"https:\/\/patrimoineduquebec.com\/eglisesduquebec\/wp-content\/uploads\/2019\/05\/St-Viateur-683x1024.jpeg 683w, https:\/\/patrimoineduquebec.com\/eglisesduquebec\/wp-content\/uploads\/2019\/05\/St-Viateur-200x300.jpeg 200w, https:\/\/patrimoineduquebec.com\/eglisesduquebec\/wp-content\/uploads\/2019\/05\/St-Viateur-768x1152.jpeg 768w\" sizes=\"auto, (max-width: 683px) 100vw, 683px\" \/><\/a><figcaption class=\"wp-element-caption\">Saint-Cuthbert <br>\u00c9glise Saint-Viateur-d\u2019Anjou<br> 1911 <br>(Monique Bellemare)<\/figcaption><\/figure>\n\n\n\n<figure class=\"wp-block-image size-large\"><a href=\"https:\/\/patrimoineduquebec.com\/eglisesduquebec\/wp-content\/uploads\/2019\/05\/St-Damien.jpeg\"><img loading=\"lazy\" decoding=\"async\" width=\"1024\" height=\"683\" data-id=\"726\" src=\"https:\/\/patrimoineduquebec.com\/eglisesduquebec\/wp-content\/uploads\/2019\/05\/St-Damien-1024x683.jpeg\" alt=\"\" class=\"wp-image-726\" srcset=\"https:\/\/patrimoineduquebec.com\/eglisesduquebec\/wp-content\/uploads\/2019\/05\/St-Damien-1024x683.jpeg 1024w, https:\/\/patrimoineduquebec.com\/eglisesduquebec\/wp-content\/uploads\/2019\/05\/St-Damien-300x200.jpeg 300w, https:\/\/patrimoineduquebec.com\/eglisesduquebec\/wp-content\/uploads\/2019\/05\/St-Damien-768x512.jpeg 768w\" sizes=\"auto, (max-width: 1024px) 100vw, 1024px\" \/><\/a><figcaption class=\"wp-element-caption\">Saint-Damien <br>\u00c9glise Saint-Damien <br>1960-1961 <br>(Monique Bellemare)<\/figcaption><\/figure>\n\n\n\n<figure class=\"wp-block-image size-large\"><a href=\"https:\/\/patrimoineduquebec.com\/eglisesduquebec\/wp-content\/uploads\/2019\/05\/P1070044-2.jpeg\"><img loading=\"lazy\" decoding=\"async\" width=\"683\" height=\"1024\" data-id=\"727\" src=\"https:\/\/patrimoineduquebec.com\/eglisesduquebec\/wp-content\/uploads\/2019\/05\/P1070044-2-683x1024.jpeg\" alt=\"\" class=\"wp-image-727\" srcset=\"https:\/\/patrimoineduquebec.com\/eglisesduquebec\/wp-content\/uploads\/2019\/05\/P1070044-2-683x1024.jpeg 683w, https:\/\/patrimoineduquebec.com\/eglisesduquebec\/wp-content\/uploads\/2019\/05\/P1070044-2-200x300.jpeg 200w, https:\/\/patrimoineduquebec.com\/eglisesduquebec\/wp-content\/uploads\/2019\/05\/P1070044-2-768x1152.jpeg 768w\" sizes=\"auto, (max-width: 683px) 100vw, 683px\" \/><\/a><figcaption class=\"wp-element-caption\">Saint-Didace <br>\u00c9glise Saint-Didace (ferm\u00e9e)<br> 1863-1864 <br>(Paul Turcotte)<\/figcaption><\/figure>\n\n\n\n<figure class=\"wp-block-image size-large\"><a href=\"https:\/\/patrimoineduquebec.com\/eglisesduquebec\/wp-content\/uploads\/2019\/05\/St-Esprit.jpg\"><img loading=\"lazy\" decoding=\"async\" width=\"773\" height=\"1024\" data-id=\"728\" src=\"https:\/\/patrimoineduquebec.com\/eglisesduquebec\/wp-content\/uploads\/2019\/05\/St-Esprit-773x1024.jpg\" alt=\"\" class=\"wp-image-728\" srcset=\"https:\/\/patrimoineduquebec.com\/eglisesduquebec\/wp-content\/uploads\/2019\/05\/St-Esprit-773x1024.jpg 773w, https:\/\/patrimoineduquebec.com\/eglisesduquebec\/wp-content\/uploads\/2019\/05\/St-Esprit-226x300.jpg 226w, https:\/\/patrimoineduquebec.com\/eglisesduquebec\/wp-content\/uploads\/2019\/05\/St-Esprit-768x1017.jpg 768w\" sizes=\"auto, (max-width: 773px) 100vw, 773px\" \/><\/a><figcaption class=\"wp-element-caption\">Saint-Esprit <br>\u00c9glise Saint-Esprit<br> 1932-1933 <br>(Monique Bellemare)<\/figcaption><\/figure>\n\n\n\n<figure class=\"wp-block-image size-large\"><a href=\"https:\/\/patrimoineduquebec.com\/eglisesduquebec\/wp-content\/uploads\/2019\/05\/St-F\u00e9lix-Valois.jpeg\"><img loading=\"lazy\" decoding=\"async\" width=\"768\" height=\"1024\" data-id=\"729\" src=\"https:\/\/patrimoineduquebec.com\/eglisesduquebec\/wp-content\/uploads\/2019\/05\/St-F\u00e9lix-Valois-768x1024.jpeg\" alt=\"\" class=\"wp-image-729\" srcset=\"https:\/\/patrimoineduquebec.com\/eglisesduquebec\/wp-content\/uploads\/2019\/05\/St-F\u00e9lix-Valois-768x1024.jpeg 768w, https:\/\/patrimoineduquebec.com\/eglisesduquebec\/wp-content\/uploads\/2019\/05\/St-F\u00e9lix-Valois-225x300.jpeg 225w, https:\/\/patrimoineduquebec.com\/eglisesduquebec\/wp-content\/uploads\/2019\/05\/St-F\u00e9lix-Valois.jpeg 1867w\" sizes=\"auto, (max-width: 768px) 100vw, 768px\" \/><\/a><figcaption class=\"wp-element-caption\">Saint-F\u00e9lix-de-Valois<br>\u00c9glise Saint-F\u00e9lix-de-Valois <br>1854-1856 <br>(Monique Bellemare)<\/figcaption><\/figure>\n\n\n\n<figure class=\"wp-block-image size-large\"><a href=\"https:\/\/patrimoineduquebec.com\/eglisesduquebec\/wp-content\/uploads\/2019\/05\/St-Gabriel-de-Brandon.jpeg\"><img loading=\"lazy\" decoding=\"async\" width=\"683\" height=\"1024\" data-id=\"730\" src=\"https:\/\/patrimoineduquebec.com\/eglisesduquebec\/wp-content\/uploads\/2019\/05\/St-Gabriel-de-Brandon-683x1024.jpeg\" alt=\"\" class=\"wp-image-730\" srcset=\"https:\/\/patrimoineduquebec.com\/eglisesduquebec\/wp-content\/uploads\/2019\/05\/St-Gabriel-de-Brandon-683x1024.jpeg 683w, https:\/\/patrimoineduquebec.com\/eglisesduquebec\/wp-content\/uploads\/2019\/05\/St-Gabriel-de-Brandon-200x300.jpeg 200w, https:\/\/patrimoineduquebec.com\/eglisesduquebec\/wp-content\/uploads\/2019\/05\/St-Gabriel-de-Brandon-768x1152.jpeg 768w\" sizes=\"auto, (max-width: 683px) 100vw, 683px\" \/><\/a><figcaption class=\"wp-element-caption\">Saint-Gabriel-de-Brandon<br>\u00c9glise Saint-Gabriel <br>1910-1911 <br>(Monique Bellemare)<\/figcaption><\/figure>\n\n\n\n<figure class=\"wp-block-image size-large\"><a href=\"https:\/\/patrimoineduquebec.com\/eglisesduquebec\/wp-content\/uploads\/2019\/05\/St-Ignace-de-Loyola.jpeg\"><img loading=\"lazy\" decoding=\"async\" width=\"768\" height=\"1024\" data-id=\"731\" src=\"https:\/\/patrimoineduquebec.com\/eglisesduquebec\/wp-content\/uploads\/2019\/05\/St-Ignace-de-Loyola-768x1024.jpeg\" alt=\"\" class=\"wp-image-731\" srcset=\"https:\/\/patrimoineduquebec.com\/eglisesduquebec\/wp-content\/uploads\/2019\/05\/St-Ignace-de-Loyola-768x1024.jpeg 768w, https:\/\/patrimoineduquebec.com\/eglisesduquebec\/wp-content\/uploads\/2019\/05\/St-Ignace-de-Loyola-225x300.jpeg 225w, https:\/\/patrimoineduquebec.com\/eglisesduquebec\/wp-content\/uploads\/2019\/05\/St-Ignace-de-Loyola.jpeg 1920w\" sizes=\"auto, (max-width: 768px) 100vw, 768px\" \/><\/a><figcaption class=\"wp-element-caption\">Saint-Ignace-de-Loyola<br>\u00c9glise Saint-Ignace-de-Loyola<br> 1958-1959 <br>(Monique Bellemare)<\/figcaption><\/figure>\n\n\n\n<figure class=\"wp-block-image size-large\"><a href=\"https:\/\/patrimoineduquebec.com\/eglisesduquebec\/wp-content\/uploads\/2019\/05\/St-Jacques.jpeg\"><img loading=\"lazy\" decoding=\"async\" width=\"768\" height=\"1024\" data-id=\"735\" src=\"https:\/\/patrimoineduquebec.com\/eglisesduquebec\/wp-content\/uploads\/2019\/05\/St-Jacques-768x1024.jpeg\" alt=\"\" class=\"wp-image-735\" srcset=\"https:\/\/patrimoineduquebec.com\/eglisesduquebec\/wp-content\/uploads\/2019\/05\/St-Jacques-768x1024.jpeg 768w, https:\/\/patrimoineduquebec.com\/eglisesduquebec\/wp-content\/uploads\/2019\/05\/St-Jacques-225x300.jpeg 225w\" sizes=\"auto, (max-width: 768px) 100vw, 768px\" \/><\/a><figcaption class=\"wp-element-caption\">Saint-Jacques <br>\u00c9glise Saint-Jacques <br>1916-1918 <br>(Monique Bellemare)<\/figcaption><\/figure>\n\n\n\n<figure class=\"wp-block-image size-large\"><a href=\"https:\/\/patrimoineduquebec.com\/eglisesduquebec\/wp-content\/uploads\/2019\/05\/St-Jean-de-Matha.jpg\"><img loading=\"lazy\" decoding=\"async\" width=\"768\" height=\"1024\" data-id=\"737\" src=\"https:\/\/patrimoineduquebec.com\/eglisesduquebec\/wp-content\/uploads\/2019\/05\/St-Jean-de-Matha-768x1024.jpg\" alt=\"\" class=\"wp-image-737\" srcset=\"https:\/\/patrimoineduquebec.com\/eglisesduquebec\/wp-content\/uploads\/2019\/05\/St-Jean-de-Matha-768x1024.jpg 768w, https:\/\/patrimoineduquebec.com\/eglisesduquebec\/wp-content\/uploads\/2019\/05\/St-Jean-de-Matha-225x300.jpg 225w\" sizes=\"auto, (max-width: 768px) 100vw, 768px\" \/><\/a><figcaption class=\"wp-element-caption\">Saint-Jean-de-Matha<br>\u00c9glise Saint-Jean-de-Matha <br>1884-1886<br>(Monique Bellemare)<\/figcaption><\/figure>\n\n\n\n<figure class=\"wp-block-image size-large\"><a href=\"https:\/\/patrimoineduquebec.com\/eglisesduquebec\/wp-content\/uploads\/2019\/05\/St-Jean-de-Matha-Lac-Noir.jpg\"><img loading=\"lazy\" decoding=\"async\" width=\"1024\" height=\"683\" data-id=\"738\" src=\"https:\/\/patrimoineduquebec.com\/eglisesduquebec\/wp-content\/uploads\/2019\/05\/St-Jean-de-Matha-Lac-Noir-1024x683.jpg\" alt=\"\" class=\"wp-image-738\" srcset=\"https:\/\/patrimoineduquebec.com\/eglisesduquebec\/wp-content\/uploads\/2019\/05\/St-Jean-de-Matha-Lac-Noir-1024x683.jpg 1024w, https:\/\/patrimoineduquebec.com\/eglisesduquebec\/wp-content\/uploads\/2019\/05\/St-Jean-de-Matha-Lac-Noir-300x200.jpg 300w, https:\/\/patrimoineduquebec.com\/eglisesduquebec\/wp-content\/uploads\/2019\/05\/St-Jean-de-Matha-Lac-Noir-768x512.jpg 768w\" sizes=\"auto, (max-width: 1024px) 100vw, 1024px\" \/><\/a><figcaption class=\"wp-element-caption\">Saint-Jean-de-Matha<br>Chapelle Notre-Dame-du-Lac-Noir <br>1945<br>(Monique Bellemare)<\/figcaption><\/figure>\n\n\n\n<figure class=\"wp-block-image size-large\"><a href=\"https:\/\/patrimoineduquebec.com\/eglisesduquebec\/wp-content\/uploads\/2019\/05\/saint-jean-de-matha-chemin-de-la-montagne-coup\u00e9e-G\u00e9rald-Arbour-N5-1.jpg\"><img loading=\"lazy\" decoding=\"async\" width=\"1024\" height=\"768\" data-id=\"740\" src=\"https:\/\/patrimoineduquebec.com\/eglisesduquebec\/wp-content\/uploads\/2019\/05\/saint-jean-de-matha-chemin-de-la-montagne-coup\u00e9e-G\u00e9rald-Arbour-N5-1-1024x768.jpg\" alt=\"\" class=\"wp-image-740\" srcset=\"https:\/\/patrimoineduquebec.com\/eglisesduquebec\/wp-content\/uploads\/2019\/05\/saint-jean-de-matha-chemin-de-la-montagne-coup\u00e9e-G\u00e9rald-Arbour-N5-1-1024x768.jpg 1024w, https:\/\/patrimoineduquebec.com\/eglisesduquebec\/wp-content\/uploads\/2019\/05\/saint-jean-de-matha-chemin-de-la-montagne-coup\u00e9e-G\u00e9rald-Arbour-N5-1-300x225.jpg 300w, https:\/\/patrimoineduquebec.com\/eglisesduquebec\/wp-content\/uploads\/2019\/05\/saint-jean-de-matha-chemin-de-la-montagne-coup\u00e9e-G\u00e9rald-Arbour-N5-1-768x576.jpg 768w, https:\/\/patrimoineduquebec.com\/eglisesduquebec\/wp-content\/uploads\/2019\/05\/saint-jean-de-matha-chemin-de-la-montagne-coup\u00e9e-G\u00e9rald-Arbour-N5-1-120x90.jpg 120w\" sizes=\"auto, (max-width: 1024px) 100vw, 1024px\" \/><\/a><figcaption class=\"wp-element-caption\">Saint-Jean-de-Matha<br>Abbaye Val-Notre-Dame<br>2007-2009<br>(G\u00e9rald Arbour)<\/figcaption><\/figure>\n\n\n\n<figure class=\"wp-block-image size-large\"><a href=\"https:\/\/patrimoineduquebec.com\/eglisesduquebec\/wp-content\/uploads\/2019\/05\/St-Liguori.jpeg\"><img loading=\"lazy\" decoding=\"async\" width=\"743\" height=\"1024\" data-id=\"741\" src=\"https:\/\/patrimoineduquebec.com\/eglisesduquebec\/wp-content\/uploads\/2019\/05\/St-Liguori-743x1024.jpeg\" alt=\"\" class=\"wp-image-741\" srcset=\"https:\/\/patrimoineduquebec.com\/eglisesduquebec\/wp-content\/uploads\/2019\/05\/St-Liguori-743x1024.jpeg 743w, https:\/\/patrimoineduquebec.com\/eglisesduquebec\/wp-content\/uploads\/2019\/05\/St-Liguori-218x300.jpeg 218w, https:\/\/patrimoineduquebec.com\/eglisesduquebec\/wp-content\/uploads\/2019\/05\/St-Liguori-768x1058.jpeg 768w\" sizes=\"auto, (max-width: 743px) 100vw, 743px\" \/><\/a><figcaption class=\"wp-element-caption\">Saint-Liguori <br>\u00c9glise Saint-Liguor1<br> 1888-1890<br>(Monique Bellemare)<\/figcaption><\/figure>\n\n\n\n<figure class=\"wp-block-image size-large\"><a href=\"https:\/\/patrimoineduquebec.com\/eglisesduquebec\/wp-content\/uploads\/2019\/05\/saint-lin-G\u00e9rald-Arbour-N2-2.jpeg\"><img loading=\"lazy\" decoding=\"async\" width=\"768\" height=\"1024\" data-id=\"742\" src=\"https:\/\/patrimoineduquebec.com\/eglisesduquebec\/wp-content\/uploads\/2019\/05\/saint-lin-G\u00e9rald-Arbour-N2-2-768x1024.jpeg\" alt=\"\" class=\"wp-image-742\" srcset=\"https:\/\/patrimoineduquebec.com\/eglisesduquebec\/wp-content\/uploads\/2019\/05\/saint-lin-G\u00e9rald-Arbour-N2-2-768x1024.jpeg 768w, https:\/\/patrimoineduquebec.com\/eglisesduquebec\/wp-content\/uploads\/2019\/05\/saint-lin-G\u00e9rald-Arbour-N2-2-225x300.jpeg 225w\" sizes=\"auto, (max-width: 768px) 100vw, 768px\" \/><\/a><figcaption class=\"wp-element-caption\">Saint-Lin-Laurentides<br>\u00c9glise Saint-Lin <br>1887-1890 <br>(G\u00e9rald Arbour)<\/figcaption><\/figure>\n\n\n\n<figure class=\"wp-block-image size-large\"><a href=\"https:\/\/patrimoineduquebec.com\/eglisesduquebec\/wp-content\/uploads\/2019\/05\/IMG_0822.jpeg\"><img loading=\"lazy\" decoding=\"async\" width=\"768\" height=\"1024\" data-id=\"743\" src=\"https:\/\/patrimoineduquebec.com\/eglisesduquebec\/wp-content\/uploads\/2019\/05\/IMG_0822-768x1024.jpeg\" alt=\"\" class=\"wp-image-743\" srcset=\"https:\/\/patrimoineduquebec.com\/eglisesduquebec\/wp-content\/uploads\/2019\/05\/IMG_0822-768x1024.jpeg 768w, https:\/\/patrimoineduquebec.com\/eglisesduquebec\/wp-content\/uploads\/2019\/05\/IMG_0822-225x300.jpeg 225w\" sizes=\"auto, (max-width: 768px) 100vw, 768px\" \/><\/a><figcaption class=\"wp-element-caption\">Saint-Michel-des-Saints<br>\u00c9glise Saint-Michel-des-Saints <br>1924 <br>(Monique Bellemare)<\/figcaption><\/figure>\n\n\n\n<figure class=\"wp-block-image size-large\"><a href=\"https:\/\/patrimoineduquebec.com\/eglisesduquebec\/wp-content\/uploads\/2020\/05\/saint-michel-des-saints-saint-ignace-du-lac-ch.-saint-ignace-sud-G\u00e9rald-Arbour-N2.jpeg\"><img loading=\"lazy\" decoding=\"async\" width=\"1024\" height=\"768\" data-id=\"3809\" src=\"https:\/\/patrimoineduquebec.com\/eglisesduquebec\/wp-content\/uploads\/2020\/05\/saint-michel-des-saints-saint-ignace-du-lac-ch.-saint-ignace-sud-G\u00e9rald-Arbour-N2-1024x768.jpeg\" alt=\"\" class=\"wp-image-3809\" srcset=\"https:\/\/patrimoineduquebec.com\/eglisesduquebec\/wp-content\/uploads\/2020\/05\/saint-michel-des-saints-saint-ignace-du-lac-ch.-saint-ignace-sud-G\u00e9rald-Arbour-N2-1024x768.jpeg 1024w, https:\/\/patrimoineduquebec.com\/eglisesduquebec\/wp-content\/uploads\/2020\/05\/saint-michel-des-saints-saint-ignace-du-lac-ch.-saint-ignace-sud-G\u00e9rald-Arbour-N2-300x225.jpeg 300w, https:\/\/patrimoineduquebec.com\/eglisesduquebec\/wp-content\/uploads\/2020\/05\/saint-michel-des-saints-saint-ignace-du-lac-ch.-saint-ignace-sud-G\u00e9rald-Arbour-N2-768x576.jpeg 768w, https:\/\/patrimoineduquebec.com\/eglisesduquebec\/wp-content\/uploads\/2020\/05\/saint-michel-des-saints-saint-ignace-du-lac-ch.-saint-ignace-sud-G\u00e9rald-Arbour-N2-1536x1152.jpeg 1536w, https:\/\/patrimoineduquebec.com\/eglisesduquebec\/wp-content\/uploads\/2020\/05\/saint-michel-des-saints-saint-ignace-du-lac-ch.-saint-ignace-sud-G\u00e9rald-Arbour-N2-120x90.jpeg 120w, https:\/\/patrimoineduquebec.com\/eglisesduquebec\/wp-content\/uploads\/2020\/05\/saint-michel-des-saints-saint-ignace-du-lac-ch.-saint-ignace-sud-G\u00e9rald-Arbour-N2.jpeg 2028w\" sizes=\"auto, (max-width: 1024px) 100vw, 1024px\" \/><\/a><figcaption class=\"wp-element-caption\">Saint-Michel-des-Saints<br>(Saint-Ignace-du-Lac)<br>Chapelle de Saint-Ignace-du-Lac (ferm\u00e9e)<br>1962<br>(G\u00e9rald Arbour)<\/figcaption><\/figure>\n\n\n\n<figure class=\"wp-block-image size-large\"><a href=\"https:\/\/patrimoineduquebec.com\/eglisesduquebec\/wp-content\/uploads\/2019\/05\/IMG_9522.jpeg\"><img loading=\"lazy\" decoding=\"async\" width=\"683\" height=\"1024\" data-id=\"744\" src=\"https:\/\/patrimoineduquebec.com\/eglisesduquebec\/wp-content\/uploads\/2019\/05\/IMG_9522-683x1024.jpeg\" alt=\"\" class=\"wp-image-744\" srcset=\"https:\/\/patrimoineduquebec.com\/eglisesduquebec\/wp-content\/uploads\/2019\/05\/IMG_9522-683x1024.jpeg 683w, https:\/\/patrimoineduquebec.com\/eglisesduquebec\/wp-content\/uploads\/2019\/05\/IMG_9522-200x300.jpeg 200w, https:\/\/patrimoineduquebec.com\/eglisesduquebec\/wp-content\/uploads\/2019\/05\/IMG_9522-768x1152.jpeg 768w\" sizes=\"auto, (max-width: 683px) 100vw, 683px\" \/><\/a><figcaption class=\"wp-element-caption\">Saint-Norbert <br>\u00c9glise Saint-Norbert (ferm\u00e9e)<br>1874-1876<br> (Monique Bellemare)<\/figcaption><\/figure>\n\n\n\n<figure class=\"wp-block-image size-large\"><a href=\"https:\/\/patrimoineduquebec.com\/eglisesduquebec\/wp-content\/uploads\/2019\/05\/St-Paul.jpeg\"><img loading=\"lazy\" decoding=\"async\" width=\"1024\" height=\"768\" data-id=\"745\" src=\"https:\/\/patrimoineduquebec.com\/eglisesduquebec\/wp-content\/uploads\/2019\/05\/St-Paul-1024x768.jpeg\" alt=\"\" class=\"wp-image-745\" srcset=\"https:\/\/patrimoineduquebec.com\/eglisesduquebec\/wp-content\/uploads\/2019\/05\/St-Paul-1024x768.jpeg 1024w, https:\/\/patrimoineduquebec.com\/eglisesduquebec\/wp-content\/uploads\/2019\/05\/St-Paul-300x225.jpeg 300w, https:\/\/patrimoineduquebec.com\/eglisesduquebec\/wp-content\/uploads\/2019\/05\/St-Paul-768x576.jpeg 768w, https:\/\/patrimoineduquebec.com\/eglisesduquebec\/wp-content\/uploads\/2019\/05\/St-Paul-120x90.jpeg 120w\" sizes=\"auto, (max-width: 1024px) 100vw, 1024px\" \/><\/a><figcaption class=\"wp-element-caption\">Saint-Paul<br> \u00c9glise Saint-Paul <br>1803-1804<br>(Monique Bellemare)<\/figcaption><\/figure>\n\n\n\n<figure class=\"wp-block-image size-large\"><a href=\"https:\/\/patrimoineduquebec.com\/eglisesduquebec\/wp-content\/uploads\/2019\/05\/St-Rock-de-lAchigan.jpeg\"><img loading=\"lazy\" decoding=\"async\" width=\"768\" height=\"1024\" data-id=\"746\" src=\"https:\/\/patrimoineduquebec.com\/eglisesduquebec\/wp-content\/uploads\/2019\/05\/St-Rock-de-lAchigan-768x1024.jpeg\" alt=\"\" class=\"wp-image-746\" srcset=\"https:\/\/patrimoineduquebec.com\/eglisesduquebec\/wp-content\/uploads\/2019\/05\/St-Rock-de-lAchigan-768x1024.jpeg 768w, https:\/\/patrimoineduquebec.com\/eglisesduquebec\/wp-content\/uploads\/2019\/05\/St-Rock-de-lAchigan-225x300.jpeg 225w\" sizes=\"auto, (max-width: 768px) 100vw, 768px\" \/><\/a><figcaption class=\"wp-element-caption\">Saint-Roch-de-l\u2019Achigan<br>\u00c9glise Saint-Roch-de-l\u2019Achigan (ferm\u00e9e)<br>1959-1960<br> (Monique Bellemare)<\/figcaption><\/figure>\n\n\n\n<figure class=\"wp-block-image size-large\"><a href=\"https:\/\/patrimoineduquebec.com\/eglisesduquebec\/wp-content\/uploads\/2019\/05\/St-Thomas.jpeg\"><img loading=\"lazy\" decoding=\"async\" width=\"767\" height=\"1024\" data-id=\"747\" src=\"https:\/\/patrimoineduquebec.com\/eglisesduquebec\/wp-content\/uploads\/2019\/05\/St-Thomas-767x1024.jpeg\" alt=\"\" class=\"wp-image-747\" srcset=\"https:\/\/patrimoineduquebec.com\/eglisesduquebec\/wp-content\/uploads\/2019\/05\/St-Thomas-767x1024.jpeg 767w, https:\/\/patrimoineduquebec.com\/eglisesduquebec\/wp-content\/uploads\/2019\/05\/St-Thomas-225x300.jpeg 225w, https:\/\/patrimoineduquebec.com\/eglisesduquebec\/wp-content\/uploads\/2019\/05\/St-Thomas-768x1025.jpeg 768w\" sizes=\"auto, (max-width: 767px) 100vw, 767px\" \/><\/a><figcaption class=\"wp-element-caption\">Saint-Thomas <br>\u00c9glise Saint-Thomas <br>1870 <br>(Monique Bellemare)<\/figcaption><\/figure>\n\n\n\n<figure class=\"wp-block-image size-large\"><a href=\"https:\/\/patrimoineduquebec.com\/eglisesduquebec\/wp-content\/uploads\/2019\/05\/IMG_0826.jpeg\"><img loading=\"lazy\" decoding=\"async\" width=\"768\" height=\"1024\" data-id=\"748\" src=\"https:\/\/patrimoineduquebec.com\/eglisesduquebec\/wp-content\/uploads\/2019\/05\/IMG_0826-768x1024.jpeg\" alt=\"\" class=\"wp-image-748\" srcset=\"https:\/\/patrimoineduquebec.com\/eglisesduquebec\/wp-content\/uploads\/2019\/05\/IMG_0826-768x1024.jpeg 768w, https:\/\/patrimoineduquebec.com\/eglisesduquebec\/wp-content\/uploads\/2019\/05\/IMG_0826-225x300.jpeg 225w\" sizes=\"auto, (max-width: 768px) 100vw, 768px\" \/><\/a><figcaption class=\"wp-element-caption\">Saint-Z\u00e9non <br>\u00c9glise Saint-Z\u00e9non<br> 1899-1901<br>(Monique Bellemare)<\/figcaption><\/figure>\n\n\n\n<figure class=\"wp-block-image size-large\"><a href=\"https:\/\/patrimoineduquebec.com\/eglisesduquebec\/wp-content\/uploads\/2019\/05\/Ste-B\u00e9atrix.jpeg\"><img loading=\"lazy\" decoding=\"async\" width=\"768\" height=\"1024\" data-id=\"749\" src=\"https:\/\/patrimoineduquebec.com\/eglisesduquebec\/wp-content\/uploads\/2019\/05\/Ste-B\u00e9atrix-768x1024.jpeg\" alt=\"\" class=\"wp-image-749\" srcset=\"https:\/\/patrimoineduquebec.com\/eglisesduquebec\/wp-content\/uploads\/2019\/05\/Ste-B\u00e9atrix-768x1024.jpeg 768w, https:\/\/patrimoineduquebec.com\/eglisesduquebec\/wp-content\/uploads\/2019\/05\/Ste-B\u00e9atrix-225x300.jpeg 225w\" sizes=\"auto, (max-width: 768px) 100vw, 768px\" \/><\/a><figcaption class=\"wp-element-caption\">Sainte-B\u00e9atrix <br>\u00c9glise Sainte-B\u00e9atrix<br>1885-1887 <br> (Monique Bellemare)<\/figcaption><\/figure>\n\n\n\n<figure class=\"wp-block-image size-large\"><a href=\"https:\/\/patrimoineduquebec.com\/eglisesduquebec\/wp-content\/uploads\/2020\/09\/sainte-b\u00e9atrix-lac-priscault-G\u00e9rald-Arbour-N4-3.jpeg\"><img loading=\"lazy\" decoding=\"async\" width=\"1024\" height=\"768\" data-id=\"4067\" src=\"https:\/\/patrimoineduquebec.com\/eglisesduquebec\/wp-content\/uploads\/2020\/09\/sainte-b\u00e9atrix-lac-priscault-G\u00e9rald-Arbour-N4-3-1024x768.jpeg\" alt=\"\" class=\"wp-image-4067\" srcset=\"https:\/\/patrimoineduquebec.com\/eglisesduquebec\/wp-content\/uploads\/2020\/09\/sainte-b\u00e9atrix-lac-priscault-G\u00e9rald-Arbour-N4-3-1024x768.jpeg 1024w, https:\/\/patrimoineduquebec.com\/eglisesduquebec\/wp-content\/uploads\/2020\/09\/sainte-b\u00e9atrix-lac-priscault-G\u00e9rald-Arbour-N4-3-300x225.jpeg 300w, https:\/\/patrimoineduquebec.com\/eglisesduquebec\/wp-content\/uploads\/2020\/09\/sainte-b\u00e9atrix-lac-priscault-G\u00e9rald-Arbour-N4-3-768x576.jpeg 768w, https:\/\/patrimoineduquebec.com\/eglisesduquebec\/wp-content\/uploads\/2020\/09\/sainte-b\u00e9atrix-lac-priscault-G\u00e9rald-Arbour-N4-3-1536x1152.jpeg 1536w, https:\/\/patrimoineduquebec.com\/eglisesduquebec\/wp-content\/uploads\/2020\/09\/sainte-b\u00e9atrix-lac-priscault-G\u00e9rald-Arbour-N4-3-2048x1536.jpeg 2048w, https:\/\/patrimoineduquebec.com\/eglisesduquebec\/wp-content\/uploads\/2020\/09\/sainte-b\u00e9atrix-lac-priscault-G\u00e9rald-Arbour-N4-3-120x90.jpeg 120w\" sizes=\"auto, (max-width: 1024px) 100vw, 1024px\" \/><\/a><figcaption class=\"wp-element-caption\">Sainte-B\u00e9atrix (Lac Priscault)<br>Chapelle Notre-Dame-des-Neiges<br>1942<br>(G\u00e9rald Arbour)<\/figcaption><\/figure>\n\n\n\n<figure class=\"wp-block-image size-large\"><a href=\"https:\/\/patrimoineduquebec.com\/eglisesduquebec\/wp-content\/uploads\/2019\/05\/Ste-\u00c9lisabeth.jpeg\"><img loading=\"lazy\" decoding=\"async\" width=\"700\" height=\"1024\" data-id=\"750\" src=\"https:\/\/patrimoineduquebec.com\/eglisesduquebec\/wp-content\/uploads\/2019\/05\/Ste-\u00c9lisabeth-700x1024.jpeg\" alt=\"\" class=\"wp-image-750\" srcset=\"https:\/\/patrimoineduquebec.com\/eglisesduquebec\/wp-content\/uploads\/2019\/05\/Ste-\u00c9lisabeth-700x1024.jpeg 700w, https:\/\/patrimoineduquebec.com\/eglisesduquebec\/wp-content\/uploads\/2019\/05\/Ste-\u00c9lisabeth-205x300.jpeg 205w, https:\/\/patrimoineduquebec.com\/eglisesduquebec\/wp-content\/uploads\/2019\/05\/Ste-\u00c9lisabeth-768x1123.jpeg 768w, https:\/\/patrimoineduquebec.com\/eglisesduquebec\/wp-content\/uploads\/2019\/05\/Ste-\u00c9lisabeth.jpeg 1491w\" sizes=\"auto, (max-width: 700px) 100vw, 700px\" \/><\/a><figcaption class=\"wp-element-caption\">Sainte-\u00c9lisabeth <br>\u00c9glise Sainte-\u00c9lisabeth-de-Hongrie (ferm\u00e9e)<br>1951-1953 <br>(Monique Bellemare)<\/figcaption><\/figure>\n\n\n\n<figure class=\"wp-block-image size-large\"><a href=\"https:\/\/patrimoineduquebec.com\/eglisesduquebec\/wp-content\/uploads\/2019\/05\/P1120736.jpg\"><img loading=\"lazy\" decoding=\"async\" width=\"1024\" height=\"739\" data-id=\"751\" src=\"https:\/\/patrimoineduquebec.com\/eglisesduquebec\/wp-content\/uploads\/2019\/05\/P1120736-1024x739.jpg\" alt=\"\" class=\"wp-image-751\" srcset=\"https:\/\/patrimoineduquebec.com\/eglisesduquebec\/wp-content\/uploads\/2019\/05\/P1120736-1024x739.jpg 1024w, https:\/\/patrimoineduquebec.com\/eglisesduquebec\/wp-content\/uploads\/2019\/05\/P1120736-300x216.jpg 300w, https:\/\/patrimoineduquebec.com\/eglisesduquebec\/wp-content\/uploads\/2019\/05\/P1120736-768x554.jpg 768w\" sizes=\"auto, (max-width: 1024px) 100vw, 1024px\" \/><\/a><figcaption class=\"wp-element-caption\">Sainte-\u00c9m\u00e9lie-de-l\u2019\u00c9nergie<br> \u00c9glise Sainte-\u00c9m\u00e9lie <br>2012<br>(Paul Turcotte)<\/figcaption><\/figure>\n\n\n\n<figure class=\"wp-block-image size-large\"><a href=\"https:\/\/patrimoineduquebec.com\/eglisesduquebec\/wp-content\/uploads\/2019\/05\/Ste-Julienne.jpg\"><img loading=\"lazy\" decoding=\"async\" width=\"790\" height=\"1024\" data-id=\"752\" src=\"https:\/\/patrimoineduquebec.com\/eglisesduquebec\/wp-content\/uploads\/2019\/05\/Ste-Julienne-790x1024.jpg\" alt=\"\" class=\"wp-image-752\" srcset=\"https:\/\/patrimoineduquebec.com\/eglisesduquebec\/wp-content\/uploads\/2019\/05\/Ste-Julienne-790x1024.jpg 790w, https:\/\/patrimoineduquebec.com\/eglisesduquebec\/wp-content\/uploads\/2019\/05\/Ste-Julienne-231x300.jpg 231w, https:\/\/patrimoineduquebec.com\/eglisesduquebec\/wp-content\/uploads\/2019\/05\/Ste-Julienne-768x996.jpg 768w\" sizes=\"auto, (max-width: 790px) 100vw, 790px\" \/><\/a><figcaption class=\"wp-element-caption\">Sainte-Julienne<br> \u00c9glise Sainte-Julienne<br>1861-1863 <br>(Monique Bellemare)<\/figcaption><\/figure>\n\n\n\n<figure class=\"wp-block-image size-large\"><a href=\"https:\/\/patrimoineduquebec.com\/eglisesduquebec\/wp-content\/uploads\/2019\/05\/Ste-Marcelline.jpg\"><img loading=\"lazy\" decoding=\"async\" width=\"730\" height=\"1024\" data-id=\"753\" src=\"https:\/\/patrimoineduquebec.com\/eglisesduquebec\/wp-content\/uploads\/2019\/05\/Ste-Marcelline-730x1024.jpg\" alt=\"\" class=\"wp-image-753\" srcset=\"https:\/\/patrimoineduquebec.com\/eglisesduquebec\/wp-content\/uploads\/2019\/05\/Ste-Marcelline-730x1024.jpg 730w, https:\/\/patrimoineduquebec.com\/eglisesduquebec\/wp-content\/uploads\/2019\/05\/Ste-Marcelline-214x300.jpg 214w, https:\/\/patrimoineduquebec.com\/eglisesduquebec\/wp-content\/uploads\/2019\/05\/Ste-Marcelline-768x1077.jpg 768w, https:\/\/patrimoineduquebec.com\/eglisesduquebec\/wp-content\/uploads\/2019\/05\/Ste-Marcelline.jpg 1707w\" sizes=\"auto, (max-width: 730px) 100vw, 730px\" \/><\/a><figcaption class=\"wp-element-caption\">Sainte-Marcelline <br>\u00c9glise Sainte-Marcelline (ferm\u00e9e)<br>1897-1898 <br>(Monique Bellemare)<\/figcaption><\/figure>\n\n\n\n<figure class=\"wp-block-image size-large\"><a href=\"https:\/\/patrimoineduquebec.com\/eglisesduquebec\/wp-content\/uploads\/2019\/05\/Ste-Marie-Salom\u00e9.jpeg\"><img loading=\"lazy\" decoding=\"async\" width=\"768\" height=\"1024\" data-id=\"754\" src=\"https:\/\/patrimoineduquebec.com\/eglisesduquebec\/wp-content\/uploads\/2019\/05\/Ste-Marie-Salom\u00e9-768x1024.jpeg\" alt=\"\" class=\"wp-image-754\" srcset=\"https:\/\/patrimoineduquebec.com\/eglisesduquebec\/wp-content\/uploads\/2019\/05\/Ste-Marie-Salom\u00e9-768x1024.jpeg 768w, https:\/\/patrimoineduquebec.com\/eglisesduquebec\/wp-content\/uploads\/2019\/05\/Ste-Marie-Salom\u00e9-225x300.jpeg 225w\" sizes=\"auto, (max-width: 768px) 100vw, 768px\" \/><\/a><figcaption class=\"wp-element-caption\">Sainte-Marie-Salom\u00e9<br>\u00c9glise Sainte-Marie-Salom\u00e9 (ferm\u00e9e)<br>1895-1897 <br>(Monique Bellemare)<\/figcaption><\/figure>\n\n\n\n<figure class=\"wp-block-image size-large\"><a href=\"https:\/\/patrimoineduquebec.com\/eglisesduquebec\/wp-content\/uploads\/2019\/05\/Ste-M\u00e9lanie.jpg\"><img loading=\"lazy\" decoding=\"async\" width=\"808\" height=\"1024\" data-id=\"755\" src=\"https:\/\/patrimoineduquebec.com\/eglisesduquebec\/wp-content\/uploads\/2019\/05\/Ste-M\u00e9lanie-808x1024.jpg\" alt=\"\" class=\"wp-image-755\" srcset=\"https:\/\/patrimoineduquebec.com\/eglisesduquebec\/wp-content\/uploads\/2019\/05\/Ste-M\u00e9lanie-808x1024.jpg 808w, https:\/\/patrimoineduquebec.com\/eglisesduquebec\/wp-content\/uploads\/2019\/05\/Ste-M\u00e9lanie-237x300.jpg 237w, https:\/\/patrimoineduquebec.com\/eglisesduquebec\/wp-content\/uploads\/2019\/05\/Ste-M\u00e9lanie-768x974.jpg 768w\" sizes=\"auto, (max-width: 808px) 100vw, 808px\" \/><\/a><figcaption class=\"wp-element-caption\">Sainte-M\u00e9lanie <br>\u00c9glise Sainte-M\u00e9lanie<br>1868-1870 <br>(Monique Bellemare)<\/figcaption><\/figure>\n\n\n\n<figure class=\"wp-block-image size-large\"><a href=\"https:\/\/patrimoineduquebec.com\/eglisesduquebec\/wp-content\/uploads\/2019\/05\/La-Plaine.jpg\"><img loading=\"lazy\" decoding=\"async\" width=\"887\" height=\"1024\" data-id=\"756\" src=\"https:\/\/patrimoineduquebec.com\/eglisesduquebec\/wp-content\/uploads\/2019\/05\/La-Plaine-887x1024.jpg\" alt=\"\" class=\"wp-image-756\" srcset=\"https:\/\/patrimoineduquebec.com\/eglisesduquebec\/wp-content\/uploads\/2019\/05\/La-Plaine-887x1024.jpg 887w, https:\/\/patrimoineduquebec.com\/eglisesduquebec\/wp-content\/uploads\/2019\/05\/La-Plaine-260x300.jpg 260w, https:\/\/patrimoineduquebec.com\/eglisesduquebec\/wp-content\/uploads\/2019\/05\/La-Plaine-768x887.jpg 768w, https:\/\/patrimoineduquebec.com\/eglisesduquebec\/wp-content\/uploads\/2019\/05\/La-Plaine.jpg 1806w\" sizes=\"auto, (max-width: 887px) 100vw, 887px\" \/><\/a><figcaption class=\"wp-element-caption\">Terrebonne (La Plaine)<br>\u00c9glise Saint-Joachim <br>1969-1970<br>(Monique Bellemare)<\/figcaption><\/figure>\n<\/figure>\n","protected":false},"excerpt":{"rendered":"","protected":false},"author":1,"featured_media":0,"parent":0,"menu_order":0,"comment_status":"closed","ping_status":"closed","template":"","meta":{"footnotes":""},"class_list":["post-687","page","type-page","status-publish","hentry"],"_links":{"self":[{"href":"https:\/\/patrimoineduquebec.com\/eglisesduquebec\/wp-json\/wp\/v2\/pages\/687","targetHints":{"allow":["GET"]}}],"collection":[{"href":"https:\/\/patrimoineduquebec.com\/eglisesduquebec\/wp-json\/wp\/v2\/pages"}],"about":[{"href":"https:\/\/patrimoineduquebec.com\/eglisesduquebec\/wp-json\/wp\/v2\/types\/page"}],"author":[{"embeddable":true,"href":"https:\/\/patrimoineduquebec.com\/eglisesduquebec\/wp-json\/wp\/v2\/users\/1"}],"replies":[{"embeddable":true,"href":"https:\/\/patrimoineduquebec.com\/eglisesduquebec\/wp-json\/wp\/v2\/comments?post=687"}],"version-history":[{"count":45,"href":"https:\/\/patrimoineduquebec.com\/eglisesduquebec\/wp-json\/wp\/v2\/pages\/687\/revisions"}],"predecessor-version":[{"id":4877,"href":"https:\/\/patrimoineduquebec.com\/eglisesduquebec\/wp-json\/wp\/v2\/pages\/687\/revisions\/4877"}],"wp:attachment":[{"href":"https:\/\/patrimoineduquebec.com\/eglisesduquebec\/wp-json\/wp\/v2\/media?parent=687"}],"curies":[{"name":"wp","href":"https:\/\/api.w.org\/{rel}","templated":true}]}}