{"id":2387,"date":"2019-05-13T15:24:19","date_gmt":"2019-05-13T15:24:19","guid":{"rendered":"https:\/\/patrimoineduquebec.com\/eglisesduquebec\/?page_id=2387"},"modified":"2026-02-02T12:14:55","modified_gmt":"2026-02-02T12:14:55","slug":"trois-rivieres","status":"publish","type":"page","link":"https:\/\/patrimoineduquebec.com\/eglisesduquebec\/trois-rivieres\/","title":{"rendered":"Trois-Rivi\u00e8res"},"content":{"rendered":"\n<figure class=\"wp-block-gallery has-nested-images columns-default wp-block-gallery-1 is-layout-flex wp-block-gallery-is-layout-flex\">\n<figure class=\"wp-block-image size-large\"><a href=\"https:\/\/patrimoineduquebec.com\/eglisesduquebec\/wp-content\/uploads\/2019\/05\/Batiscan.jpeg\"><img loading=\"lazy\" decoding=\"async\" width=\"772\" height=\"1024\" data-id=\"2388\" src=\"https:\/\/patrimoineduquebec.com\/eglisesduquebec\/wp-content\/uploads\/2019\/05\/Batiscan-772x1024.jpeg\" alt=\"\" class=\"wp-image-2388\" srcset=\"https:\/\/patrimoineduquebec.com\/eglisesduquebec\/wp-content\/uploads\/2019\/05\/Batiscan-772x1024.jpeg 772w, https:\/\/patrimoineduquebec.com\/eglisesduquebec\/wp-content\/uploads\/2019\/05\/Batiscan-226x300.jpeg 226w, https:\/\/patrimoineduquebec.com\/eglisesduquebec\/wp-content\/uploads\/2019\/05\/Batiscan-768x1019.jpeg 768w, https:\/\/patrimoineduquebec.com\/eglisesduquebec\/wp-content\/uploads\/2019\/05\/Batiscan.jpeg 1708w\" sizes=\"auto, (max-width: 772px) 100vw, 772px\" \/><\/a><figcaption class=\"wp-element-caption\">Batiscan <br>\u00c9glise Saint-Fran\u00e7ois-Xavier (ferm\u00e9e)<br> 1864-1866 <br>(Monique Bellemare)<\/figcaption><\/figure>\n\n\n\n<figure class=\"wp-block-image size-large\"><a href=\"https:\/\/patrimoineduquebec.com\/eglisesduquebec\/wp-content\/uploads\/2019\/05\/Champlain.jpeg\"><img loading=\"lazy\" decoding=\"async\" width=\"747\" height=\"1024\" data-id=\"2389\" src=\"https:\/\/patrimoineduquebec.com\/eglisesduquebec\/wp-content\/uploads\/2019\/05\/Champlain-747x1024.jpeg\" alt=\"\" class=\"wp-image-2389\" srcset=\"https:\/\/patrimoineduquebec.com\/eglisesduquebec\/wp-content\/uploads\/2019\/05\/Champlain-747x1024.jpeg 747w, https:\/\/patrimoineduquebec.com\/eglisesduquebec\/wp-content\/uploads\/2019\/05\/Champlain-219x300.jpeg 219w, https:\/\/patrimoineduquebec.com\/eglisesduquebec\/wp-content\/uploads\/2019\/05\/Champlain-768x1052.jpeg 768w, https:\/\/patrimoineduquebec.com\/eglisesduquebec\/wp-content\/uploads\/2019\/05\/Champlain.jpeg 1739w\" sizes=\"auto, (max-width: 747px) 100vw, 747px\" \/><\/a><figcaption class=\"wp-element-caption\">Champlain <br>\u00c9glise Notre-Dame-de-la-Visitation <br>1879<br> (Monique Bellemare)<\/figcaption><\/figure>\n\n\n\n<figure class=\"wp-block-image size-large\"><a href=\"https:\/\/patrimoineduquebec.com\/eglisesduquebec\/wp-content\/uploads\/2019\/05\/Charette.jpeg\"><img loading=\"lazy\" decoding=\"async\" width=\"768\" height=\"1024\" data-id=\"2390\" src=\"https:\/\/patrimoineduquebec.com\/eglisesduquebec\/wp-content\/uploads\/2019\/05\/Charette-768x1024.jpeg\" alt=\"\" class=\"wp-image-2390\" srcset=\"https:\/\/patrimoineduquebec.com\/eglisesduquebec\/wp-content\/uploads\/2019\/05\/Charette-768x1024.jpeg 768w, https:\/\/patrimoineduquebec.com\/eglisesduquebec\/wp-content\/uploads\/2019\/05\/Charette-225x300.jpeg 225w\" sizes=\"auto, (max-width: 768px) 100vw, 768px\" \/><\/a><figcaption class=\"wp-element-caption\">Charette <br>\u00c9glise Notre-Dame-des-Neiges<br> 1909-1912<br>(Monique Bellemare)<\/figcaption><\/figure>\n\n\n\n<figure class=\"wp-block-image size-large\"><a href=\"https:\/\/patrimoineduquebec.com\/eglisesduquebec\/wp-content\/uploads\/2019\/05\/Grande-Pile-c.jpeg\"><img loading=\"lazy\" decoding=\"async\" width=\"739\" height=\"1024\" data-id=\"2391\" src=\"https:\/\/patrimoineduquebec.com\/eglisesduquebec\/wp-content\/uploads\/2019\/05\/Grande-Pile-c-739x1024.jpeg\" alt=\"\" class=\"wp-image-2391\" srcset=\"https:\/\/patrimoineduquebec.com\/eglisesduquebec\/wp-content\/uploads\/2019\/05\/Grande-Pile-c-739x1024.jpeg 739w, https:\/\/patrimoineduquebec.com\/eglisesduquebec\/wp-content\/uploads\/2019\/05\/Grande-Pile-c-216x300.jpeg 216w, https:\/\/patrimoineduquebec.com\/eglisesduquebec\/wp-content\/uploads\/2019\/05\/Grande-Pile-c-768x1064.jpeg 768w\" sizes=\"auto, (max-width: 739px) 100vw, 739px\" \/><\/a><figcaption class=\"wp-element-caption\">Grandes-Piles <br>\u00c9glise Saint-Jacques <br>1898-1899 <br>(Monique Bellemare)<\/figcaption><\/figure>\n\n\n\n<figure class=\"wp-block-image size-large\"><a href=\"https:\/\/patrimoineduquebec.com\/eglisesduquebec\/wp-content\/uploads\/2019\/05\/H\u00e9rouxville.jpeg\"><img loading=\"lazy\" decoding=\"async\" width=\"767\" height=\"1024\" data-id=\"2392\" src=\"https:\/\/patrimoineduquebec.com\/eglisesduquebec\/wp-content\/uploads\/2019\/05\/H\u00e9rouxville-767x1024.jpeg\" alt=\"\" class=\"wp-image-2392\" srcset=\"https:\/\/patrimoineduquebec.com\/eglisesduquebec\/wp-content\/uploads\/2019\/05\/H\u00e9rouxville-767x1024.jpeg 767w, https:\/\/patrimoineduquebec.com\/eglisesduquebec\/wp-content\/uploads\/2019\/05\/H\u00e9rouxville-225x300.jpeg 225w, https:\/\/patrimoineduquebec.com\/eglisesduquebec\/wp-content\/uploads\/2019\/05\/H\u00e9rouxville-768x1025.jpeg 768w\" sizes=\"auto, (max-width: 767px) 100vw, 767px\" \/><\/a><figcaption class=\"wp-element-caption\">H\u00e9rouxville <br>\u00c9glise Saint-Timoth\u00e9e<br>1904<br> (Monique Bellemare)<\/figcaption><\/figure>\n\n\n\n<figure class=\"wp-block-image size-large\"><a href=\"https:\/\/patrimoineduquebec.com\/eglisesduquebec\/wp-content\/uploads\/2019\/05\/La-Tuque-chapelle-St-Jean-Bosco.jpeg\"><img loading=\"lazy\" decoding=\"async\" width=\"768\" height=\"1024\" data-id=\"2393\" src=\"https:\/\/patrimoineduquebec.com\/eglisesduquebec\/wp-content\/uploads\/2019\/05\/La-Tuque-chapelle-St-Jean-Bosco-768x1024.jpeg\" alt=\"\" class=\"wp-image-2393\" srcset=\"https:\/\/patrimoineduquebec.com\/eglisesduquebec\/wp-content\/uploads\/2019\/05\/La-Tuque-chapelle-St-Jean-Bosco-768x1024.jpeg 768w, https:\/\/patrimoineduquebec.com\/eglisesduquebec\/wp-content\/uploads\/2019\/05\/La-Tuque-chapelle-St-Jean-Bosco-225x300.jpeg 225w\" sizes=\"auto, (max-width: 768px) 100vw, 768px\" \/><\/a><figcaption class=\"wp-element-caption\">La Bostonnais <br>Chapelle Saint-Jean-Bosco (ferm\u00e9e)<br>1950-1952 <br>(Monique Bellemare)<\/figcaption><\/figure>\n\n\n\n<figure class=\"wp-block-image size-large\"><a href=\"https:\/\/patrimoineduquebec.com\/eglisesduquebec\/wp-content\/uploads\/2019\/05\/La-Tuque.jpeg\"><img loading=\"lazy\" decoding=\"async\" width=\"1024\" height=\"683\" data-id=\"2394\" src=\"https:\/\/patrimoineduquebec.com\/eglisesduquebec\/wp-content\/uploads\/2019\/05\/La-Tuque-1024x683.jpeg\" alt=\"\" class=\"wp-image-2394\" srcset=\"https:\/\/patrimoineduquebec.com\/eglisesduquebec\/wp-content\/uploads\/2019\/05\/La-Tuque-1024x683.jpeg 1024w, https:\/\/patrimoineduquebec.com\/eglisesduquebec\/wp-content\/uploads\/2019\/05\/La-Tuque-300x200.jpeg 300w, https:\/\/patrimoineduquebec.com\/eglisesduquebec\/wp-content\/uploads\/2019\/05\/La-Tuque-768x512.jpeg 768w\" sizes=\"auto, (max-width: 1024px) 100vw, 1024px\" \/><\/a><figcaption class=\"wp-element-caption\">La Tuque <br> \u00c9glise Marie-M\u00e9diatrice (d\u00e9molie)<br>1962-1963 <br>(Monique Bellemare)<\/figcaption><\/figure>\n\n\n\n<figure class=\"wp-block-image size-large\"><a href=\"https:\/\/patrimoineduquebec.com\/eglisesduquebec\/wp-content\/uploads\/2019\/05\/Latuque-St-Z\u00e9phirin.jpeg\"><img loading=\"lazy\" decoding=\"async\" width=\"768\" height=\"1024\" data-id=\"2397\" src=\"https:\/\/patrimoineduquebec.com\/eglisesduquebec\/wp-content\/uploads\/2019\/05\/Latuque-St-Z\u00e9phirin-768x1024.jpeg\" alt=\"\" class=\"wp-image-2397\" srcset=\"https:\/\/patrimoineduquebec.com\/eglisesduquebec\/wp-content\/uploads\/2019\/05\/Latuque-St-Z\u00e9phirin-768x1024.jpeg 768w, https:\/\/patrimoineduquebec.com\/eglisesduquebec\/wp-content\/uploads\/2019\/05\/Latuque-St-Z\u00e9phirin-225x300.jpeg 225w\" sizes=\"auto, (max-width: 768px) 100vw, 768px\" \/><\/a><figcaption class=\"wp-element-caption\">La Tuque <br>\u00c9glise Saint-Z\u00e9phirin<br>1930-1931<br> (Monique Bellemare)<\/figcaption><\/figure>\n\n\n\n<figure class=\"wp-block-image size-large\"><a href=\"https:\/\/patrimoineduquebec.com\/eglisesduquebec\/wp-content\/uploads\/2019\/05\/1725.jpg\"><img loading=\"lazy\" decoding=\"async\" width=\"486\" height=\"341\" data-id=\"2395\" src=\"https:\/\/patrimoineduquebec.com\/eglisesduquebec\/wp-content\/uploads\/2019\/05\/1725.jpg\" alt=\"\" class=\"wp-image-2395\" srcset=\"https:\/\/patrimoineduquebec.com\/eglisesduquebec\/wp-content\/uploads\/2019\/05\/1725.jpg 486w, https:\/\/patrimoineduquebec.com\/eglisesduquebec\/wp-content\/uploads\/2019\/05\/1725-300x210.jpg 300w\" sizes=\"auto, (max-width: 486px) 100vw, 486px\" \/><\/a><figcaption class=\"wp-element-caption\">La Tuque (La Croche)<br>\u00c9glise Saint-Hippolyte<br>1913-1914 <br>(Monique Bellemare)<\/figcaption><\/figure>\n\n\n\n<figure class=\"wp-block-image size-large\"><a href=\"https:\/\/patrimoineduquebec.com\/eglisesduquebec\/wp-content\/uploads\/2019\/05\/La-Tuque-chapelle-St-\u00c9phrem.jpeg\"><img loading=\"lazy\" decoding=\"async\" width=\"1024\" height=\"768\" data-id=\"2396\" src=\"https:\/\/patrimoineduquebec.com\/eglisesduquebec\/wp-content\/uploads\/2019\/05\/La-Tuque-chapelle-St-\u00c9phrem-1024x768.jpeg\" alt=\"\" class=\"wp-image-2396\" srcset=\"https:\/\/patrimoineduquebec.com\/eglisesduquebec\/wp-content\/uploads\/2019\/05\/La-Tuque-chapelle-St-\u00c9phrem-1024x768.jpeg 1024w, https:\/\/patrimoineduquebec.com\/eglisesduquebec\/wp-content\/uploads\/2019\/05\/La-Tuque-chapelle-St-\u00c9phrem-300x225.jpeg 300w, https:\/\/patrimoineduquebec.com\/eglisesduquebec\/wp-content\/uploads\/2019\/05\/La-Tuque-chapelle-St-\u00c9phrem-768x576.jpeg 768w, https:\/\/patrimoineduquebec.com\/eglisesduquebec\/wp-content\/uploads\/2019\/05\/La-Tuque-chapelle-St-\u00c9phrem-120x90.jpeg 120w\" sizes=\"auto, (max-width: 1024px) 100vw, 1024px\" \/><\/a><figcaption class=\"wp-element-caption\">La Tuque (Lac-\u00e0-Beauce)<br>Chapelle Saint-\u00c9phrem<br>1921<br> (Monique Bellemare)<\/figcaption><\/figure>\n\n\n\n<figure class=\"wp-block-image size-large\"><a href=\"https:\/\/patrimoineduquebec.com\/eglisesduquebec\/wp-content\/uploads\/2019\/05\/lac-\u00e9douard-G\u00e9rald-Arbour-N3.jpeg\"><img loading=\"lazy\" decoding=\"async\" width=\"768\" height=\"1024\" data-id=\"2401\" src=\"https:\/\/patrimoineduquebec.com\/eglisesduquebec\/wp-content\/uploads\/2019\/05\/lac-\u00e9douard-G\u00e9rald-Arbour-N3-768x1024.jpeg\" alt=\"\" class=\"wp-image-2401\" srcset=\"https:\/\/patrimoineduquebec.com\/eglisesduquebec\/wp-content\/uploads\/2019\/05\/lac-\u00e9douard-G\u00e9rald-Arbour-N3-768x1024.jpeg 768w, https:\/\/patrimoineduquebec.com\/eglisesduquebec\/wp-content\/uploads\/2019\/05\/lac-\u00e9douard-G\u00e9rald-Arbour-N3-225x300.jpeg 225w\" sizes=\"auto, (max-width: 768px) 100vw, 768px\" \/><\/a><figcaption class=\"wp-element-caption\">La Tuque (Lac-\u00c9douard)<br>\u00c9glise Notre-Dame-des-Neiges (ferm\u00e9e)<br>1913-1915 <br>(G\u00e9rald Arbour)<\/figcaption><\/figure>\n\n\n\n<figure class=\"wp-block-image size-large\"><a href=\"https:\/\/patrimoineduquebec.com\/eglisesduquebec\/wp-content\/uploads\/2019\/05\/Parent-11.jpeg\"><img loading=\"lazy\" decoding=\"async\" width=\"1024\" height=\"768\" data-id=\"2398\" src=\"https:\/\/patrimoineduquebec.com\/eglisesduquebec\/wp-content\/uploads\/2019\/05\/Parent-11-1024x768.jpeg\" alt=\"\" class=\"wp-image-2398\" srcset=\"https:\/\/patrimoineduquebec.com\/eglisesduquebec\/wp-content\/uploads\/2019\/05\/Parent-11-1024x768.jpeg 1024w, https:\/\/patrimoineduquebec.com\/eglisesduquebec\/wp-content\/uploads\/2019\/05\/Parent-11-300x225.jpeg 300w, https:\/\/patrimoineduquebec.com\/eglisesduquebec\/wp-content\/uploads\/2019\/05\/Parent-11-768x576.jpeg 768w, https:\/\/patrimoineduquebec.com\/eglisesduquebec\/wp-content\/uploads\/2019\/05\/Parent-11-120x90.jpeg 120w\" sizes=\"auto, (max-width: 1024px) 100vw, 1024px\" \/><\/a><figcaption class=\"wp-element-caption\">La Tuque (Parent) <br>\u00c9glise Saint-Thomas<br>1920-1922<br>(G\u00e9rald Arbour)<\/figcaption><\/figure>\n\n\n\n<figure class=\"wp-block-image size-large\"><a href=\"https:\/\/patrimoineduquebec.com\/eglisesduquebec\/wp-content\/uploads\/2019\/05\/P1160348.jpeg\"><img loading=\"lazy\" decoding=\"async\" width=\"683\" height=\"1024\" data-id=\"2399\" src=\"https:\/\/patrimoineduquebec.com\/eglisesduquebec\/wp-content\/uploads\/2019\/05\/P1160348-683x1024.jpeg\" alt=\"\" class=\"wp-image-2399\" srcset=\"https:\/\/patrimoineduquebec.com\/eglisesduquebec\/wp-content\/uploads\/2019\/05\/P1160348-683x1024.jpeg 683w, https:\/\/patrimoineduquebec.com\/eglisesduquebec\/wp-content\/uploads\/2019\/05\/P1160348-200x300.jpeg 200w, https:\/\/patrimoineduquebec.com\/eglisesduquebec\/wp-content\/uploads\/2019\/05\/P1160348-768x1152.jpeg 768w\" sizes=\"auto, (max-width: 683px) 100vw, 683px\" \/><\/a><figcaption class=\"wp-element-caption\">Lac-aux-Sables <br>\u00c9glise Saint-R\u00e9mi <br>1898 <br>(Paul Turcotte)<\/figcaption><\/figure>\n\n\n\n<figure class=\"wp-block-image size-large\"><a href=\"https:\/\/patrimoineduquebec.com\/eglisesduquebec\/wp-content\/uploads\/2023\/08\/Hervy-Jonction-St-Leopold-scaled.jpeg\"><img loading=\"lazy\" decoding=\"async\" width=\"1024\" height=\"768\" data-id=\"4532\" src=\"https:\/\/patrimoineduquebec.com\/eglisesduquebec\/wp-content\/uploads\/2023\/08\/Hervy-Jonction-St-Leopold-1024x768.jpeg\" alt=\"\" class=\"wp-image-4532\" srcset=\"https:\/\/patrimoineduquebec.com\/eglisesduquebec\/wp-content\/uploads\/2023\/08\/Hervy-Jonction-St-Leopold-1024x768.jpeg 1024w, https:\/\/patrimoineduquebec.com\/eglisesduquebec\/wp-content\/uploads\/2023\/08\/Hervy-Jonction-St-Leopold-300x225.jpeg 300w, https:\/\/patrimoineduquebec.com\/eglisesduquebec\/wp-content\/uploads\/2023\/08\/Hervy-Jonction-St-Leopold-768x576.jpeg 768w, https:\/\/patrimoineduquebec.com\/eglisesduquebec\/wp-content\/uploads\/2023\/08\/Hervy-Jonction-St-Leopold-1536x1152.jpeg 1536w, https:\/\/patrimoineduquebec.com\/eglisesduquebec\/wp-content\/uploads\/2023\/08\/Hervy-Jonction-St-Leopold-2048x1536.jpeg 2048w, https:\/\/patrimoineduquebec.com\/eglisesduquebec\/wp-content\/uploads\/2023\/08\/Hervy-Jonction-St-Leopold-120x90.jpeg 120w\" sizes=\"auto, (max-width: 1024px) 100vw, 1024px\" \/><\/a><figcaption class=\"wp-element-caption\">Lac-aux-Sables (Hervey-Jonction) <br>Chapelle Saint-L\u00e9opold (d\u00e9molie)<br>1930<\/figcaption><\/figure>\n\n\n\n<figure class=\"wp-block-image size-large\"><a href=\"https:\/\/patrimoineduquebec.com\/eglisesduquebec\/wp-content\/uploads\/2019\/05\/P1000965.jpeg\"><img loading=\"lazy\" decoding=\"async\" width=\"1024\" height=\"684\" data-id=\"2400\" src=\"https:\/\/patrimoineduquebec.com\/eglisesduquebec\/wp-content\/uploads\/2019\/05\/P1000965-1024x684.jpeg\" alt=\"\" class=\"wp-image-2400\" srcset=\"https:\/\/patrimoineduquebec.com\/eglisesduquebec\/wp-content\/uploads\/2019\/05\/P1000965-1024x684.jpeg 1024w, https:\/\/patrimoineduquebec.com\/eglisesduquebec\/wp-content\/uploads\/2019\/05\/P1000965-300x200.jpeg 300w, https:\/\/patrimoineduquebec.com\/eglisesduquebec\/wp-content\/uploads\/2019\/05\/P1000965-768x513.jpeg 768w\" sizes=\"auto, (max-width: 1024px) 100vw, 1024px\" \/><\/a><figcaption class=\"wp-element-caption\">Lac-aux-Sables (Hervey-Jonction) <br>Chapelle du Lac-en-Coeur<br> (Paul Turcotte)<\/figcaption><\/figure>\n\n\n\n<figure class=\"wp-block-image size-large\"><a href=\"https:\/\/patrimoineduquebec.com\/eglisesduquebec\/wp-content\/uploads\/2019\/05\/Louiseville.jpeg\"><img loading=\"lazy\" decoding=\"async\" width=\"768\" height=\"1024\" data-id=\"2402\" src=\"https:\/\/patrimoineduquebec.com\/eglisesduquebec\/wp-content\/uploads\/2019\/05\/Louiseville-768x1024.jpeg\" alt=\"\" class=\"wp-image-2402\" srcset=\"https:\/\/patrimoineduquebec.com\/eglisesduquebec\/wp-content\/uploads\/2019\/05\/Louiseville-768x1024.jpeg 768w, https:\/\/patrimoineduquebec.com\/eglisesduquebec\/wp-content\/uploads\/2019\/05\/Louiseville-225x300.jpeg 225w\" sizes=\"auto, (max-width: 768px) 100vw, 768px\" \/><\/a><figcaption class=\"wp-element-caption\">Louiseville <br>\u00c9glise Saint-Antoine-de-Padoue <br>1917-1921 <br>(Monique Bellemare)<\/figcaption><\/figure>\n\n\n\n<figure class=\"wp-block-image size-large\"><a href=\"https:\/\/patrimoineduquebec.com\/eglisesduquebec\/wp-content\/uploads\/2019\/05\/Maskinong\u00e9.jpeg\"><img loading=\"lazy\" decoding=\"async\" width=\"771\" height=\"1024\" data-id=\"2403\" src=\"https:\/\/patrimoineduquebec.com\/eglisesduquebec\/wp-content\/uploads\/2019\/05\/Maskinong\u00e9-771x1024.jpeg\" alt=\"\" class=\"wp-image-2403\" srcset=\"https:\/\/patrimoineduquebec.com\/eglisesduquebec\/wp-content\/uploads\/2019\/05\/Maskinong\u00e9-771x1024.jpeg 771w, https:\/\/patrimoineduquebec.com\/eglisesduquebec\/wp-content\/uploads\/2019\/05\/Maskinong\u00e9-226x300.jpeg 226w, https:\/\/patrimoineduquebec.com\/eglisesduquebec\/wp-content\/uploads\/2019\/05\/Maskinong\u00e9-768x1020.jpeg 768w\" sizes=\"auto, (max-width: 771px) 100vw, 771px\" \/><\/a><figcaption class=\"wp-element-caption\">Maskinong\u00e9 <br>\u00c9glise Saint-Joseph<br> 1891-1893<br>(Monique Bellemare)<\/figcaption><\/figure>\n\n\n\n<figure class=\"wp-block-image size-large\"><a href=\"https:\/\/patrimoineduquebec.com\/eglisesduquebec\/wp-content\/uploads\/2019\/05\/notre-dame-de-montauban-notre-dame-des-neiges-G\u00e9rald-Arbour-N1.jpeg\"><img loading=\"lazy\" decoding=\"async\" width=\"1024\" height=\"768\" data-id=\"2404\" src=\"https:\/\/patrimoineduquebec.com\/eglisesduquebec\/wp-content\/uploads\/2019\/05\/notre-dame-de-montauban-notre-dame-des-neiges-G\u00e9rald-Arbour-N1-1024x768.jpeg\" alt=\"\" class=\"wp-image-2404\" srcset=\"https:\/\/patrimoineduquebec.com\/eglisesduquebec\/wp-content\/uploads\/2019\/05\/notre-dame-de-montauban-notre-dame-des-neiges-G\u00e9rald-Arbour-N1-1024x768.jpeg 1024w, https:\/\/patrimoineduquebec.com\/eglisesduquebec\/wp-content\/uploads\/2019\/05\/notre-dame-de-montauban-notre-dame-des-neiges-G\u00e9rald-Arbour-N1-300x225.jpeg 300w, https:\/\/patrimoineduquebec.com\/eglisesduquebec\/wp-content\/uploads\/2019\/05\/notre-dame-de-montauban-notre-dame-des-neiges-G\u00e9rald-Arbour-N1-768x576.jpeg 768w, https:\/\/patrimoineduquebec.com\/eglisesduquebec\/wp-content\/uploads\/2019\/05\/notre-dame-de-montauban-notre-dame-des-neiges-G\u00e9rald-Arbour-N1-120x90.jpeg 120w\" sizes=\"auto, (max-width: 1024px) 100vw, 1024px\" \/><\/a><figcaption class=\"wp-element-caption\">Notre-Dame-de-Montauban<br> \u00c9glise Notre-Dame-des-Anges <br>1909 <br>(G\u00e9rald Arbour)<\/figcaption><\/figure>\n\n\n\n<figure class=\"wp-block-image size-large\"><a href=\"https:\/\/patrimoineduquebec.com\/eglisesduquebec\/wp-content\/uploads\/2019\/05\/notre-dame-de-montauban-montauban-les-mines-G\u00e9rald-Arbour-N1.jpeg\"><img loading=\"lazy\" decoding=\"async\" width=\"768\" height=\"1024\" data-id=\"2405\" src=\"https:\/\/patrimoineduquebec.com\/eglisesduquebec\/wp-content\/uploads\/2019\/05\/notre-dame-de-montauban-montauban-les-mines-G\u00e9rald-Arbour-N1-768x1024.jpeg\" alt=\"\" class=\"wp-image-2405\" srcset=\"https:\/\/patrimoineduquebec.com\/eglisesduquebec\/wp-content\/uploads\/2019\/05\/notre-dame-de-montauban-montauban-les-mines-G\u00e9rald-Arbour-N1-768x1024.jpeg 768w, https:\/\/patrimoineduquebec.com\/eglisesduquebec\/wp-content\/uploads\/2019\/05\/notre-dame-de-montauban-montauban-les-mines-G\u00e9rald-Arbour-N1-225x300.jpeg 225w\" sizes=\"auto, (max-width: 768px) 100vw, 768px\" \/><\/a><figcaption class=\"wp-element-caption\">Notre-Dame-de-Montauban (Montauban-les-Mines) <br>Chapelle Saint-\u00c9loi<br> 1920 <br>(G\u00e9rald Arbour)<\/figcaption><\/figure>\n\n\n\n<figure class=\"wp-block-image size-large\"><a href=\"https:\/\/patrimoineduquebec.com\/eglisesduquebec\/wp-content\/uploads\/2019\/05\/Notre-Dame-du-Mt-Carmel-1.jpeg\"><img loading=\"lazy\" decoding=\"async\" width=\"683\" height=\"1024\" data-id=\"2440\" src=\"https:\/\/patrimoineduquebec.com\/eglisesduquebec\/wp-content\/uploads\/2019\/05\/Notre-Dame-du-Mt-Carmel-1-683x1024.jpeg\" alt=\"\" class=\"wp-image-2440\" srcset=\"https:\/\/patrimoineduquebec.com\/eglisesduquebec\/wp-content\/uploads\/2019\/05\/Notre-Dame-du-Mt-Carmel-1-683x1024.jpeg 683w, https:\/\/patrimoineduquebec.com\/eglisesduquebec\/wp-content\/uploads\/2019\/05\/Notre-Dame-du-Mt-Carmel-1-200x300.jpeg 200w, https:\/\/patrimoineduquebec.com\/eglisesduquebec\/wp-content\/uploads\/2019\/05\/Notre-Dame-du-Mt-Carmel-1-768x1152.jpeg 768w\" sizes=\"auto, (max-width: 683px) 100vw, 683px\" \/><\/a><figcaption class=\"wp-element-caption\">Notre-Dame-du-Mont-Carmel<br> \u00c9glise Notre-Dame-du-Mont-Carmel<br> 1869-1870 <br>(Monique Bellemare)<\/figcaption><\/figure>\n\n\n\n<figure class=\"wp-block-image size-large\"><a href=\"https:\/\/patrimoineduquebec.com\/eglisesduquebec\/wp-content\/uploads\/2019\/05\/shawinigan-rue-notre-dame-G\u00e9rald-Arbour-N2-1.jpeg\"><img loading=\"lazy\" decoding=\"async\" width=\"1024\" height=\"768\" data-id=\"2441\" src=\"https:\/\/patrimoineduquebec.com\/eglisesduquebec\/wp-content\/uploads\/2019\/05\/shawinigan-rue-notre-dame-G\u00e9rald-Arbour-N2-1-1024x768.jpeg\" alt=\"\" class=\"wp-image-2441\" srcset=\"https:\/\/patrimoineduquebec.com\/eglisesduquebec\/wp-content\/uploads\/2019\/05\/shawinigan-rue-notre-dame-G\u00e9rald-Arbour-N2-1-1024x768.jpeg 1024w, https:\/\/patrimoineduquebec.com\/eglisesduquebec\/wp-content\/uploads\/2019\/05\/shawinigan-rue-notre-dame-G\u00e9rald-Arbour-N2-1-300x225.jpeg 300w, https:\/\/patrimoineduquebec.com\/eglisesduquebec\/wp-content\/uploads\/2019\/05\/shawinigan-rue-notre-dame-G\u00e9rald-Arbour-N2-1-768x576.jpeg 768w, https:\/\/patrimoineduquebec.com\/eglisesduquebec\/wp-content\/uploads\/2019\/05\/shawinigan-rue-notre-dame-G\u00e9rald-Arbour-N2-1-120x90.jpeg 120w\" sizes=\"auto, (max-width: 1024px) 100vw, 1024px\" \/><\/a><figcaption class=\"wp-element-caption\">Shawinigan <br> \u00c9glise Christ-Roi (ferm\u00e9e)<br>1938 <br>(G\u00e9rald Arbour)<\/figcaption><\/figure>\n\n\n\n<figure class=\"wp-block-image size-large\"><a href=\"https:\/\/patrimoineduquebec.com\/eglisesduquebec\/wp-content\/uploads\/2019\/05\/b-1.jpeg\"><img loading=\"lazy\" decoding=\"async\" width=\"1024\" height=\"768\" data-id=\"2442\" src=\"https:\/\/patrimoineduquebec.com\/eglisesduquebec\/wp-content\/uploads\/2019\/05\/b-1-1024x768.jpeg\" alt=\"\" class=\"wp-image-2442\" srcset=\"https:\/\/patrimoineduquebec.com\/eglisesduquebec\/wp-content\/uploads\/2019\/05\/b-1-1024x768.jpeg 1024w, https:\/\/patrimoineduquebec.com\/eglisesduquebec\/wp-content\/uploads\/2019\/05\/b-1-300x225.jpeg 300w, https:\/\/patrimoineduquebec.com\/eglisesduquebec\/wp-content\/uploads\/2019\/05\/b-1-768x576.jpeg 768w, https:\/\/patrimoineduquebec.com\/eglisesduquebec\/wp-content\/uploads\/2019\/05\/b-1-120x90.jpeg 120w\" sizes=\"auto, (max-width: 1024px) 100vw, 1024px\" \/><\/a><figcaption class=\"wp-element-caption\">Shawinigan <br> \u00c9glise l\u2019Assomption <br>1951-1952<br>(Monique Bellemare)<\/figcaption><\/figure>\n\n\n\n<figure class=\"wp-block-image size-large\"><a href=\"https:\/\/patrimoineduquebec.com\/eglisesduquebec\/wp-content\/uploads\/2019\/05\/Shawinigan-Sacr\u00e9-Coeur-2.jpeg\"><img loading=\"lazy\" decoding=\"async\" width=\"1024\" height=\"768\" data-id=\"2443\" src=\"https:\/\/patrimoineduquebec.com\/eglisesduquebec\/wp-content\/uploads\/2019\/05\/Shawinigan-Sacr\u00e9-Coeur-2-1024x768.jpeg\" alt=\"\" class=\"wp-image-2443\" srcset=\"https:\/\/patrimoineduquebec.com\/eglisesduquebec\/wp-content\/uploads\/2019\/05\/Shawinigan-Sacr\u00e9-Coeur-2-1024x768.jpeg 1024w, https:\/\/patrimoineduquebec.com\/eglisesduquebec\/wp-content\/uploads\/2019\/05\/Shawinigan-Sacr\u00e9-Coeur-2-300x225.jpeg 300w, https:\/\/patrimoineduquebec.com\/eglisesduquebec\/wp-content\/uploads\/2019\/05\/Shawinigan-Sacr\u00e9-Coeur-2-768x576.jpeg 768w, https:\/\/patrimoineduquebec.com\/eglisesduquebec\/wp-content\/uploads\/2019\/05\/Shawinigan-Sacr\u00e9-Coeur-2-120x90.jpeg 120w\" sizes=\"auto, (max-width: 1024px) 100vw, 1024px\" \/><\/a><figcaption class=\"wp-element-caption\">Shawinigan <br> \u00c9glise Sacr\u00e9-Coeur (ferm\u00e9e)<br>1930-1931<br>(Monique Bellemare)<\/figcaption><\/figure>\n\n\n\n<figure class=\"wp-block-image size-large\"><a href=\"https:\/\/patrimoineduquebec.com\/eglisesduquebec\/wp-content\/uploads\/2019\/05\/Shawinigan-St-Bernard-1.jpeg\"><img loading=\"lazy\" decoding=\"async\" width=\"782\" height=\"1024\" data-id=\"2444\" src=\"https:\/\/patrimoineduquebec.com\/eglisesduquebec\/wp-content\/uploads\/2019\/05\/Shawinigan-St-Bernard-1-782x1024.jpeg\" alt=\"\" class=\"wp-image-2444\" srcset=\"https:\/\/patrimoineduquebec.com\/eglisesduquebec\/wp-content\/uploads\/2019\/05\/Shawinigan-St-Bernard-1-782x1024.jpeg 782w, https:\/\/patrimoineduquebec.com\/eglisesduquebec\/wp-content\/uploads\/2019\/05\/Shawinigan-St-Bernard-1-229x300.jpeg 229w, https:\/\/patrimoineduquebec.com\/eglisesduquebec\/wp-content\/uploads\/2019\/05\/Shawinigan-St-Bernard-1-768x1005.jpeg 768w\" sizes=\"auto, (max-width: 782px) 100vw, 782px\" \/><\/a><figcaption class=\"wp-element-caption\">Shawinigan <br> \u00c9glise Saint-Bernard (ferm\u00e9e)<br>1912-1914<br>(Monique Bellemare)<\/figcaption><\/figure>\n\n\n\n<figure class=\"wp-block-image size-large\"><a href=\"https:\/\/patrimoineduquebec.com\/eglisesduquebec\/wp-content\/uploads\/2019\/05\/Shawinigan-St-Charles-Garnier-1.jpeg\"><img loading=\"lazy\" decoding=\"async\" width=\"769\" height=\"1024\" data-id=\"2445\" src=\"https:\/\/patrimoineduquebec.com\/eglisesduquebec\/wp-content\/uploads\/2019\/05\/Shawinigan-St-Charles-Garnier-1-769x1024.jpeg\" alt=\"\" class=\"wp-image-2445\" srcset=\"https:\/\/patrimoineduquebec.com\/eglisesduquebec\/wp-content\/uploads\/2019\/05\/Shawinigan-St-Charles-Garnier-1-769x1024.jpeg 769w, https:\/\/patrimoineduquebec.com\/eglisesduquebec\/wp-content\/uploads\/2019\/05\/Shawinigan-St-Charles-Garnier-1-225x300.jpeg 225w, https:\/\/patrimoineduquebec.com\/eglisesduquebec\/wp-content\/uploads\/2019\/05\/Shawinigan-St-Charles-Garnier-1-768x1023.jpeg 768w\" sizes=\"auto, (max-width: 769px) 100vw, 769px\" \/><\/a><figcaption class=\"wp-element-caption\">Shawinigan <br> \u00c9glise Saint-Charles-Garnier <br>1950<br>(Monique Bellemare)<\/figcaption><\/figure>\n\n\n\n<figure class=\"wp-block-image size-large\"><a href=\"https:\/\/patrimoineduquebec.com\/eglisesduquebec\/wp-content\/uploads\/2019\/05\/Shawinigan-St-Marc-1.jpeg\"><img loading=\"lazy\" decoding=\"async\" width=\"1024\" height=\"714\" data-id=\"2446\" src=\"https:\/\/patrimoineduquebec.com\/eglisesduquebec\/wp-content\/uploads\/2019\/05\/Shawinigan-St-Marc-1-1024x714.jpeg\" alt=\"\" class=\"wp-image-2446\" srcset=\"https:\/\/patrimoineduquebec.com\/eglisesduquebec\/wp-content\/uploads\/2019\/05\/Shawinigan-St-Marc-1-1024x714.jpeg 1024w, https:\/\/patrimoineduquebec.com\/eglisesduquebec\/wp-content\/uploads\/2019\/05\/Shawinigan-St-Marc-1-300x209.jpeg 300w, https:\/\/patrimoineduquebec.com\/eglisesduquebec\/wp-content\/uploads\/2019\/05\/Shawinigan-St-Marc-1-768x536.jpeg 768w\" sizes=\"auto, (max-width: 1024px) 100vw, 1024px\" \/><\/a><figcaption class=\"wp-element-caption\">Shawinigan <br> \u00c9glise Saint-Marc (ferm\u00e9e)<br> 1951-1952 <br>(Monique Bellemare)<\/figcaption><\/figure>\n\n\n\n<figure class=\"wp-block-image size-large\"><a href=\"https:\/\/patrimoineduquebec.com\/eglisesduquebec\/wp-content\/uploads\/2019\/05\/Shawinigan-St-Pierre-1.jpeg\"><img loading=\"lazy\" decoding=\"async\" width=\"727\" height=\"1024\" data-id=\"2447\" src=\"https:\/\/patrimoineduquebec.com\/eglisesduquebec\/wp-content\/uploads\/2019\/05\/Shawinigan-St-Pierre-1-727x1024.jpeg\" alt=\"\" class=\"wp-image-2447\" srcset=\"https:\/\/patrimoineduquebec.com\/eglisesduquebec\/wp-content\/uploads\/2019\/05\/Shawinigan-St-Pierre-1-727x1024.jpeg 727w, https:\/\/patrimoineduquebec.com\/eglisesduquebec\/wp-content\/uploads\/2019\/05\/Shawinigan-St-Pierre-1-213x300.jpeg 213w, https:\/\/patrimoineduquebec.com\/eglisesduquebec\/wp-content\/uploads\/2019\/05\/Shawinigan-St-Pierre-1-768x1081.jpeg 768w\" sizes=\"auto, (max-width: 727px) 100vw, 727px\" \/><\/a><figcaption class=\"wp-element-caption\">Shawinigan <br> \u00c9glise Saint-Pierre (ferm\u00e9e)<br>1929-1930<br>(Monique Bellemare)<\/figcaption><\/figure>\n\n\n\n<figure class=\"wp-block-image size-large\"><a href=\"https:\/\/patrimoineduquebec.com\/eglisesduquebec\/wp-content\/uploads\/2019\/05\/Shawinigan-Ste-Croix-1.jpeg\"><img loading=\"lazy\" decoding=\"async\" width=\"789\" height=\"1024\" data-id=\"2448\" src=\"https:\/\/patrimoineduquebec.com\/eglisesduquebec\/wp-content\/uploads\/2019\/05\/Shawinigan-Ste-Croix-1-789x1024.jpeg\" alt=\"\" class=\"wp-image-2448\" srcset=\"https:\/\/patrimoineduquebec.com\/eglisesduquebec\/wp-content\/uploads\/2019\/05\/Shawinigan-Ste-Croix-1-789x1024.jpeg 789w, https:\/\/patrimoineduquebec.com\/eglisesduquebec\/wp-content\/uploads\/2019\/05\/Shawinigan-Ste-Croix-1-231x300.jpeg 231w, https:\/\/patrimoineduquebec.com\/eglisesduquebec\/wp-content\/uploads\/2019\/05\/Shawinigan-Ste-Croix-1-768x997.jpeg 768w\" sizes=\"auto, (max-width: 789px) 100vw, 789px\" \/><\/a><figcaption class=\"wp-element-caption\">Shawinigan <br> \u00c9glise Sainte-Croix (ferm\u00e9e)<br> 1948-1949 <br>(Monique Bellemare)<\/figcaption><\/figure>\n\n\n\n<figure class=\"wp-block-image size-large\"><a href=\"https:\/\/patrimoineduquebec.com\/eglisesduquebec\/wp-content\/uploads\/2019\/05\/Shawinigan-Ste-H\u00e9l\u00e8ne-1.jpeg\"><img loading=\"lazy\" decoding=\"async\" width=\"1024\" height=\"768\" data-id=\"2449\" src=\"https:\/\/patrimoineduquebec.com\/eglisesduquebec\/wp-content\/uploads\/2019\/05\/Shawinigan-Ste-H\u00e9l\u00e8ne-1-1024x768.jpeg\" alt=\"\" class=\"wp-image-2449\" srcset=\"https:\/\/patrimoineduquebec.com\/eglisesduquebec\/wp-content\/uploads\/2019\/05\/Shawinigan-Ste-H\u00e9l\u00e8ne-1-1024x768.jpeg 1024w, https:\/\/patrimoineduquebec.com\/eglisesduquebec\/wp-content\/uploads\/2019\/05\/Shawinigan-Ste-H\u00e9l\u00e8ne-1-300x225.jpeg 300w, https:\/\/patrimoineduquebec.com\/eglisesduquebec\/wp-content\/uploads\/2019\/05\/Shawinigan-Ste-H\u00e9l\u00e8ne-1-768x576.jpeg 768w, https:\/\/patrimoineduquebec.com\/eglisesduquebec\/wp-content\/uploads\/2019\/05\/Shawinigan-Ste-H\u00e9l\u00e8ne-1-120x90.jpeg 120w\" sizes=\"auto, (max-width: 1024px) 100vw, 1024px\" \/><\/a><figcaption class=\"wp-element-caption\">Shawinigan  <br>\u00c9glise Sainte-H\u00e9l\u00e8ne (ferm\u00e9e)<br>1965<br> (Monique Bellemare)<\/figcaption><\/figure>\n\n\n\n<figure class=\"wp-block-image size-large\"><a href=\"https:\/\/patrimoineduquebec.com\/eglisesduquebec\/wp-content\/uploads\/2019\/05\/Grand-M\u00e8re-St-Jean-Baptiste-1.jpeg\"><img loading=\"lazy\" decoding=\"async\" width=\"767\" height=\"1024\" data-id=\"2450\" src=\"https:\/\/patrimoineduquebec.com\/eglisesduquebec\/wp-content\/uploads\/2019\/05\/Grand-M\u00e8re-St-Jean-Baptiste-1-767x1024.jpeg\" alt=\"\" class=\"wp-image-2450\" srcset=\"https:\/\/patrimoineduquebec.com\/eglisesduquebec\/wp-content\/uploads\/2019\/05\/Grand-M\u00e8re-St-Jean-Baptiste-1-767x1024.jpeg 767w, https:\/\/patrimoineduquebec.com\/eglisesduquebec\/wp-content\/uploads\/2019\/05\/Grand-M\u00e8re-St-Jean-Baptiste-1-225x300.jpeg 225w, https:\/\/patrimoineduquebec.com\/eglisesduquebec\/wp-content\/uploads\/2019\/05\/Grand-M\u00e8re-St-Jean-Baptiste-1-768x1026.jpeg 768w\" sizes=\"auto, (max-width: 767px) 100vw, 767px\" \/><\/a><figcaption class=\"wp-element-caption\">Shawinigan (Grand-M\u00e8re)<br>\u00c9glise Saint-Jean-Baptiste (ferm\u00e9e)<br>1960-1962 <br>(Monique Bellemare)<\/figcaption><\/figure>\n\n\n\n<figure class=\"wp-block-image size-large\"><a href=\"https:\/\/patrimoineduquebec.com\/eglisesduquebec\/wp-content\/uploads\/2019\/05\/Grand-M\u00e8re-St-Paul-1.jpeg\"><img loading=\"lazy\" decoding=\"async\" width=\"768\" height=\"1024\" data-id=\"2451\" src=\"https:\/\/patrimoineduquebec.com\/eglisesduquebec\/wp-content\/uploads\/2019\/05\/Grand-M\u00e8re-St-Paul-1-768x1024.jpeg\" alt=\"\" class=\"wp-image-2451\" srcset=\"https:\/\/patrimoineduquebec.com\/eglisesduquebec\/wp-content\/uploads\/2019\/05\/Grand-M\u00e8re-St-Paul-1-768x1024.jpeg 768w, https:\/\/patrimoineduquebec.com\/eglisesduquebec\/wp-content\/uploads\/2019\/05\/Grand-M\u00e8re-St-Paul-1-225x300.jpeg 225w\" sizes=\"auto, (max-width: 768px) 100vw, 768px\" \/><\/a><figcaption class=\"wp-element-caption\">Shawinigan (Grand-M\u00e8re)<br>\u00c9glise Saint-Paul <br>1906-1908 <br>(Monique Bellemare)<\/figcaption><\/figure>\n\n\n\n<figure class=\"wp-block-image size-large\"><a href=\"https:\/\/patrimoineduquebec.com\/eglisesduquebec\/wp-content\/uploads\/2019\/05\/Grand-M\u00e8re-Ste-Flore.jpeg\"><img loading=\"lazy\" decoding=\"async\" width=\"734\" height=\"1024\" data-id=\"2452\" src=\"https:\/\/patrimoineduquebec.com\/eglisesduquebec\/wp-content\/uploads\/2019\/05\/Grand-M\u00e8re-Ste-Flore-734x1024.jpeg\" alt=\"\" class=\"wp-image-2452\" srcset=\"https:\/\/patrimoineduquebec.com\/eglisesduquebec\/wp-content\/uploads\/2019\/05\/Grand-M\u00e8re-Ste-Flore-734x1024.jpeg 734w, https:\/\/patrimoineduquebec.com\/eglisesduquebec\/wp-content\/uploads\/2019\/05\/Grand-M\u00e8re-Ste-Flore-215x300.jpeg 215w, https:\/\/patrimoineduquebec.com\/eglisesduquebec\/wp-content\/uploads\/2019\/05\/Grand-M\u00e8re-Ste-Flore-768x1072.jpeg 768w, https:\/\/patrimoineduquebec.com\/eglisesduquebec\/wp-content\/uploads\/2019\/05\/Grand-M\u00e8re-Ste-Flore.jpeg 2036w\" sizes=\"auto, (max-width: 734px) 100vw, 734px\" \/><\/a><figcaption class=\"wp-element-caption\">Shawinigan (Grand-M\u00e8re)<br>\u00c9glise Sainte-Flore<br> 1897-1898<br>(Monique Bellemare)<\/figcaption><\/figure>\n\n\n\n<figure class=\"wp-block-image size-large\"><a href=\"https:\/\/patrimoineduquebec.com\/eglisesduquebec\/wp-content\/uploads\/2019\/05\/DSCN9136-1.jpeg\"><img loading=\"lazy\" decoding=\"async\" width=\"768\" height=\"1024\" data-id=\"2453\" src=\"https:\/\/patrimoineduquebec.com\/eglisesduquebec\/wp-content\/uploads\/2019\/05\/DSCN9136-1-768x1024.jpeg\" alt=\"\" class=\"wp-image-2453\" srcset=\"https:\/\/patrimoineduquebec.com\/eglisesduquebec\/wp-content\/uploads\/2019\/05\/DSCN9136-1-768x1024.jpeg 768w, https:\/\/patrimoineduquebec.com\/eglisesduquebec\/wp-content\/uploads\/2019\/05\/DSCN9136-1-225x300.jpeg 225w\" sizes=\"auto, (max-width: 768px) 100vw, 768px\" \/><\/a><figcaption class=\"wp-element-caption\">Shawinigan (Lac-\u00e0-la-Tortue) <br>\u00c9glise Saint-Th\u00e9ophile<br>1898-1899 <br>(Monique Bellemare)<\/figcaption><\/figure>\n\n\n\n<figure class=\"wp-block-image size-large\"><a href=\"https:\/\/patrimoineduquebec.com\/eglisesduquebec\/wp-content\/uploads\/2019\/05\/Shawinigan-S-N-D-Pr\u00e9sentation-1.jpeg\"><img loading=\"lazy\" decoding=\"async\" width=\"744\" height=\"1024\" data-id=\"2454\" src=\"https:\/\/patrimoineduquebec.com\/eglisesduquebec\/wp-content\/uploads\/2019\/05\/Shawinigan-S-N-D-Pr\u00e9sentation-1-744x1024.jpeg\" alt=\"\" class=\"wp-image-2454\" srcset=\"https:\/\/patrimoineduquebec.com\/eglisesduquebec\/wp-content\/uploads\/2019\/05\/Shawinigan-S-N-D-Pr\u00e9sentation-1-744x1024.jpeg 744w, https:\/\/patrimoineduquebec.com\/eglisesduquebec\/wp-content\/uploads\/2019\/05\/Shawinigan-S-N-D-Pr\u00e9sentation-1-218x300.jpeg 218w, https:\/\/patrimoineduquebec.com\/eglisesduquebec\/wp-content\/uploads\/2019\/05\/Shawinigan-S-N-D-Pr\u00e9sentation-1-768x1057.jpeg 768w\" sizes=\"auto, (max-width: 744px) 100vw, 744px\" \/><\/a><figcaption class=\"wp-element-caption\">Shawinigan (Shawinigan-Sud) <br>\u00c9glise Notre-Dame-de-la-Pr\u00e9sentation <br>1924-1925 <br>(Monique Bellemare)<\/figcaption><\/figure>\n\n\n\n<figure class=\"wp-block-image size-large\"><a href=\"https:\/\/patrimoineduquebec.com\/eglisesduquebec\/wp-content\/uploads\/2019\/05\/Shawinigan-S-St-Andr\u00e9-1.jpg\"><img loading=\"lazy\" decoding=\"async\" width=\"768\" height=\"1024\" data-id=\"2455\" src=\"https:\/\/patrimoineduquebec.com\/eglisesduquebec\/wp-content\/uploads\/2019\/05\/Shawinigan-S-St-Andr\u00e9-1-768x1024.jpg\" alt=\"\" class=\"wp-image-2455\" srcset=\"https:\/\/patrimoineduquebec.com\/eglisesduquebec\/wp-content\/uploads\/2019\/05\/Shawinigan-S-St-Andr\u00e9-1-768x1024.jpg 768w, https:\/\/patrimoineduquebec.com\/eglisesduquebec\/wp-content\/uploads\/2019\/05\/Shawinigan-S-St-Andr\u00e9-1-225x300.jpg 225w\" sizes=\"auto, (max-width: 768px) 100vw, 768px\" \/><\/a><figcaption class=\"wp-element-caption\">Shawinigan (Shawinigan-Sud)<br> \u00c9glise Saint-Andr\u00e9 (ferm\u00e9e)<br>1952 <br>(Monique Bellemare)<\/figcaption><\/figure>\n\n\n\n<figure class=\"wp-block-image size-large\"><a href=\"https:\/\/patrimoineduquebec.com\/eglisesduquebec\/wp-content\/uploads\/2019\/05\/Shawinigan-S-St-Sauveur-1.jpeg\"><img loading=\"lazy\" decoding=\"async\" width=\"1024\" height=\"768\" data-id=\"2456\" src=\"https:\/\/patrimoineduquebec.com\/eglisesduquebec\/wp-content\/uploads\/2019\/05\/Shawinigan-S-St-Sauveur-1-1024x768.jpeg\" alt=\"\" class=\"wp-image-2456\" srcset=\"https:\/\/patrimoineduquebec.com\/eglisesduquebec\/wp-content\/uploads\/2019\/05\/Shawinigan-S-St-Sauveur-1-1024x768.jpeg 1024w, https:\/\/patrimoineduquebec.com\/eglisesduquebec\/wp-content\/uploads\/2019\/05\/Shawinigan-S-St-Sauveur-1-300x225.jpeg 300w, https:\/\/patrimoineduquebec.com\/eglisesduquebec\/wp-content\/uploads\/2019\/05\/Shawinigan-S-St-Sauveur-1-768x576.jpeg 768w, https:\/\/patrimoineduquebec.com\/eglisesduquebec\/wp-content\/uploads\/2019\/05\/Shawinigan-S-St-Sauveur-1-120x90.jpeg 120w\" sizes=\"auto, (max-width: 1024px) 100vw, 1024px\" \/><\/a><figcaption class=\"wp-element-caption\">Shawinigan (Shawinigan-Sud)<br> \u00c9glise Saint-Sauveur <br>1948<br>(Monique Bellemare)<\/figcaption><\/figure>\n\n\n\n<figure class=\"wp-block-image size-large\"><a href=\"https:\/\/patrimoineduquebec.com\/eglisesduquebec\/wp-content\/uploads\/2019\/05\/v-1.jpeg\"><img loading=\"lazy\" decoding=\"async\" width=\"768\" height=\"1024\" data-id=\"2457\" src=\"https:\/\/patrimoineduquebec.com\/eglisesduquebec\/wp-content\/uploads\/2019\/05\/v-1-768x1024.jpeg\" alt=\"\" class=\"wp-image-2457\" srcset=\"https:\/\/patrimoineduquebec.com\/eglisesduquebec\/wp-content\/uploads\/2019\/05\/v-1-768x1024.jpeg 768w, https:\/\/patrimoineduquebec.com\/eglisesduquebec\/wp-content\/uploads\/2019\/05\/v-1-225x300.jpeg 225w\" sizes=\"auto, (max-width: 768px) 100vw, 768px\" \/><\/a><figcaption class=\"wp-element-caption\">Shawinigan (Shawinigan-Sud) <br>\u00c9glise Sainte-Jeanne-d&rsquo;Arc<br>1923-1924 <br>(Monique Bellemare)<\/figcaption><\/figure>\n\n\n\n<figure class=\"wp-block-image size-large\"><a href=\"https:\/\/patrimoineduquebec.com\/eglisesduquebec\/wp-content\/uploads\/2019\/05\/St-Georges-de-Champlain-1.jpeg\"><img loading=\"lazy\" decoding=\"async\" width=\"1024\" height=\"683\" data-id=\"2458\" src=\"https:\/\/patrimoineduquebec.com\/eglisesduquebec\/wp-content\/uploads\/2019\/05\/St-Georges-de-Champlain-1-1024x683.jpeg\" alt=\"\" class=\"wp-image-2458\" srcset=\"https:\/\/patrimoineduquebec.com\/eglisesduquebec\/wp-content\/uploads\/2019\/05\/St-Georges-de-Champlain-1-1024x683.jpeg 1024w, https:\/\/patrimoineduquebec.com\/eglisesduquebec\/wp-content\/uploads\/2019\/05\/St-Georges-de-Champlain-1-300x200.jpeg 300w, https:\/\/patrimoineduquebec.com\/eglisesduquebec\/wp-content\/uploads\/2019\/05\/St-Georges-de-Champlain-1-768x512.jpeg 768w\" sizes=\"auto, (max-width: 1024px) 100vw, 1024px\" \/><\/a><figcaption class=\"wp-element-caption\">Shawinigan (Saint-Georges-de-Champlain)<br>\u00c9glise Saint-Georges-Grand-M\u00e8re<br> 1966-1967 <br>(Monique Bellemare)<\/figcaption><\/figure>\n\n\n\n<figure class=\"wp-block-image size-large\"><a href=\"https:\/\/patrimoineduquebec.com\/eglisesduquebec\/wp-content\/uploads\/2019\/05\/St-G\u00e9rard-des-Laurentides-1.jpeg\"><img loading=\"lazy\" decoding=\"async\" width=\"746\" height=\"1024\" data-id=\"2459\" src=\"https:\/\/patrimoineduquebec.com\/eglisesduquebec\/wp-content\/uploads\/2019\/05\/St-G\u00e9rard-des-Laurentides-1-746x1024.jpeg\" alt=\"\" class=\"wp-image-2459\" srcset=\"https:\/\/patrimoineduquebec.com\/eglisesduquebec\/wp-content\/uploads\/2019\/05\/St-G\u00e9rard-des-Laurentides-1-746x1024.jpeg 746w, https:\/\/patrimoineduquebec.com\/eglisesduquebec\/wp-content\/uploads\/2019\/05\/St-G\u00e9rard-des-Laurentides-1-219x300.jpeg 219w, https:\/\/patrimoineduquebec.com\/eglisesduquebec\/wp-content\/uploads\/2019\/05\/St-G\u00e9rard-des-Laurentides-1-768x1054.jpeg 768w, https:\/\/patrimoineduquebec.com\/eglisesduquebec\/wp-content\/uploads\/2019\/05\/St-G\u00e9rard-des-Laurentides-1.jpeg 1510w\" sizes=\"auto, (max-width: 746px) 100vw, 746px\" \/><\/a><figcaption class=\"wp-element-caption\">Shawinigan (Saint-G\u00e9rard-des-Laurentides)<br>\u00c9glise Saint-G\u00e9rard-Majella (ferm\u00e9e)<br> 1922 <br>(Monique Bellemare)<\/figcaption><\/figure>\n\n\n\n<figure class=\"wp-block-image size-large\"><a href=\"https:\/\/patrimoineduquebec.com\/eglisesduquebec\/wp-content\/uploads\/2019\/05\/St-Jean-des-Piles-1.jpeg\"><img loading=\"lazy\" decoding=\"async\" width=\"794\" height=\"1024\" data-id=\"2460\" src=\"https:\/\/patrimoineduquebec.com\/eglisesduquebec\/wp-content\/uploads\/2019\/05\/St-Jean-des-Piles-1-794x1024.jpeg\" alt=\"\" class=\"wp-image-2460\" srcset=\"https:\/\/patrimoineduquebec.com\/eglisesduquebec\/wp-content\/uploads\/2019\/05\/St-Jean-des-Piles-1-794x1024.jpeg 794w, https:\/\/patrimoineduquebec.com\/eglisesduquebec\/wp-content\/uploads\/2019\/05\/St-Jean-des-Piles-1-232x300.jpeg 232w, https:\/\/patrimoineduquebec.com\/eglisesduquebec\/wp-content\/uploads\/2019\/05\/St-Jean-des-Piles-1-768x991.jpeg 768w\" sizes=\"auto, (max-width: 794px) 100vw, 794px\" \/><\/a><figcaption class=\"wp-element-caption\">Shawinigan (Saint-Jean-des-Piles)<br> \u00c9glise Saint-Jean<br> 1897-1898 <br>(Monique Bellemare)<\/figcaption><\/figure>\n\n\n\n<figure class=\"wp-block-image size-large\"><a href=\"https:\/\/patrimoineduquebec.com\/eglisesduquebec\/wp-content\/uploads\/2019\/05\/St-Adelphe-1.jpeg\"><img loading=\"lazy\" decoding=\"async\" width=\"768\" height=\"1024\" data-id=\"2461\" src=\"https:\/\/patrimoineduquebec.com\/eglisesduquebec\/wp-content\/uploads\/2019\/05\/St-Adelphe-1-768x1024.jpeg\" alt=\"\" class=\"wp-image-2461\" srcset=\"https:\/\/patrimoineduquebec.com\/eglisesduquebec\/wp-content\/uploads\/2019\/05\/St-Adelphe-1-768x1024.jpeg 768w, https:\/\/patrimoineduquebec.com\/eglisesduquebec\/wp-content\/uploads\/2019\/05\/St-Adelphe-1-225x300.jpeg 225w\" sizes=\"auto, (max-width: 768px) 100vw, 768px\" \/><\/a><figcaption class=\"wp-element-caption\">Saint-Adelphe<br> \u00c9glise Saint-Adelphe<br>1914-1916 <br>(Monique Bellemare)<\/figcaption><\/figure>\n\n\n\n<figure class=\"wp-block-image size-large\"><a href=\"https:\/\/patrimoineduquebec.com\/eglisesduquebec\/wp-content\/uploads\/2019\/05\/st-alexis-des-monts-1.jpeg\"><img loading=\"lazy\" decoding=\"async\" width=\"681\" height=\"1024\" data-id=\"2462\" src=\"https:\/\/patrimoineduquebec.com\/eglisesduquebec\/wp-content\/uploads\/2019\/05\/st-alexis-des-monts-1-681x1024.jpeg\" alt=\"\" class=\"wp-image-2462\" srcset=\"https:\/\/patrimoineduquebec.com\/eglisesduquebec\/wp-content\/uploads\/2019\/05\/st-alexis-des-monts-1-681x1024.jpeg 681w, https:\/\/patrimoineduquebec.com\/eglisesduquebec\/wp-content\/uploads\/2019\/05\/st-alexis-des-monts-1-200x300.jpeg 200w, https:\/\/patrimoineduquebec.com\/eglisesduquebec\/wp-content\/uploads\/2019\/05\/st-alexis-des-monts-1-768x1154.jpeg 768w\" sizes=\"auto, (max-width: 681px) 100vw, 681px\" \/><\/a><figcaption class=\"wp-element-caption\">Saint-Alexis-des-Monts<br>\u00c9glise Saint-Alexis<br> 1884-1885 <br>(Paul Turcotte)<\/figcaption><\/figure>\n\n\n\n<figure class=\"wp-block-image size-large\"><a href=\"https:\/\/patrimoineduquebec.com\/eglisesduquebec\/wp-content\/uploads\/2019\/05\/St-Barnab\u00e9-1.jpeg\"><img loading=\"lazy\" decoding=\"async\" width=\"1024\" height=\"768\" data-id=\"2463\" src=\"https:\/\/patrimoineduquebec.com\/eglisesduquebec\/wp-content\/uploads\/2019\/05\/St-Barnab\u00e9-1-1024x768.jpeg\" alt=\"\" class=\"wp-image-2463\" srcset=\"https:\/\/patrimoineduquebec.com\/eglisesduquebec\/wp-content\/uploads\/2019\/05\/St-Barnab\u00e9-1-1024x768.jpeg 1024w, https:\/\/patrimoineduquebec.com\/eglisesduquebec\/wp-content\/uploads\/2019\/05\/St-Barnab\u00e9-1-300x225.jpeg 300w, https:\/\/patrimoineduquebec.com\/eglisesduquebec\/wp-content\/uploads\/2019\/05\/St-Barnab\u00e9-1-768x576.jpeg 768w, https:\/\/patrimoineduquebec.com\/eglisesduquebec\/wp-content\/uploads\/2019\/05\/St-Barnab\u00e9-1-120x90.jpeg 120w\" sizes=\"auto, (max-width: 1024px) 100vw, 1024px\" \/><\/a><figcaption class=\"wp-element-caption\">Saint-Barnab\u00e9 <br>\u00c9glise Saint-Barnab\u00e9<br>1971-1972<br>(Monique Bellemare)<\/figcaption><\/figure>\n\n\n\n<figure class=\"wp-block-image size-large\"><a href=\"https:\/\/patrimoineduquebec.com\/eglisesduquebec\/wp-content\/uploads\/2019\/05\/St-Boniface-1.jpeg\"><img loading=\"lazy\" decoding=\"async\" width=\"768\" height=\"1024\" data-id=\"2464\" src=\"https:\/\/patrimoineduquebec.com\/eglisesduquebec\/wp-content\/uploads\/2019\/05\/St-Boniface-1-768x1024.jpeg\" alt=\"\" class=\"wp-image-2464\" srcset=\"https:\/\/patrimoineduquebec.com\/eglisesduquebec\/wp-content\/uploads\/2019\/05\/St-Boniface-1-768x1024.jpeg 768w, https:\/\/patrimoineduquebec.com\/eglisesduquebec\/wp-content\/uploads\/2019\/05\/St-Boniface-1-225x300.jpeg 225w\" sizes=\"auto, (max-width: 768px) 100vw, 768px\" \/><\/a><figcaption class=\"wp-element-caption\">Saint-Boniface <br>\u00c9glise Saint-Boniface <br>1922 <br>(Monique Bellemare)<\/figcaption><\/figure>\n\n\n\n<figure class=\"wp-block-image size-large\"><a href=\"https:\/\/patrimoineduquebec.com\/eglisesduquebec\/wp-content\/uploads\/2019\/05\/St-\u00c9douard-1.jpeg\"><img loading=\"lazy\" decoding=\"async\" width=\"1024\" height=\"632\" data-id=\"2465\" src=\"https:\/\/patrimoineduquebec.com\/eglisesduquebec\/wp-content\/uploads\/2019\/05\/St-\u00c9douard-1-1024x632.jpeg\" alt=\"\" class=\"wp-image-2465\" srcset=\"https:\/\/patrimoineduquebec.com\/eglisesduquebec\/wp-content\/uploads\/2019\/05\/St-\u00c9douard-1-1024x632.jpeg 1024w, https:\/\/patrimoineduquebec.com\/eglisesduquebec\/wp-content\/uploads\/2019\/05\/St-\u00c9douard-1-300x185.jpeg 300w, https:\/\/patrimoineduquebec.com\/eglisesduquebec\/wp-content\/uploads\/2019\/05\/St-\u00c9douard-1-768x474.jpeg 768w\" sizes=\"auto, (max-width: 1024px) 100vw, 1024px\" \/><\/a><figcaption class=\"wp-element-caption\">Saint-\u00c9douard-de-Maskinong\u00e9 <br>\u00c9glise Saint-\u00c9douard<br> 1915<br> (Monique Bellemare)<\/figcaption><\/figure>\n\n\n\n<figure class=\"wp-block-image size-large\"><a href=\"https:\/\/patrimoineduquebec.com\/eglisesduquebec\/wp-content\/uploads\/2019\/05\/P7180044-1.jpeg\"><img loading=\"lazy\" decoding=\"async\" width=\"768\" height=\"1024\" data-id=\"2466\" src=\"https:\/\/patrimoineduquebec.com\/eglisesduquebec\/wp-content\/uploads\/2019\/05\/P7180044-1-768x1024.jpeg\" alt=\"\" class=\"wp-image-2466\" srcset=\"https:\/\/patrimoineduquebec.com\/eglisesduquebec\/wp-content\/uploads\/2019\/05\/P7180044-1-768x1024.jpeg 768w, https:\/\/patrimoineduquebec.com\/eglisesduquebec\/wp-content\/uploads\/2019\/05\/P7180044-1-225x300.jpeg 225w\" sizes=\"auto, (max-width: 768px) 100vw, 768px\" \/><\/a><figcaption class=\"wp-element-caption\">Saint-\u00c9lie-de-Caxton<br>\u00c9glise Saint-\u00c9lie <br>1921-1922 <br>(Monique Bellemare)<\/figcaption><\/figure>\n\n\n\n<figure class=\"wp-block-image size-large\"><a href=\"https:\/\/patrimoineduquebec.com\/eglisesduquebec\/wp-content\/uploads\/2019\/05\/St-\u00c9tienne-des-Gr\u00e8s-1.jpeg\"><img loading=\"lazy\" decoding=\"async\" width=\"769\" height=\"1024\" data-id=\"2467\" src=\"https:\/\/patrimoineduquebec.com\/eglisesduquebec\/wp-content\/uploads\/2019\/05\/St-\u00c9tienne-des-Gr\u00e8s-1-769x1024.jpeg\" alt=\"\" class=\"wp-image-2467\" srcset=\"https:\/\/patrimoineduquebec.com\/eglisesduquebec\/wp-content\/uploads\/2019\/05\/St-\u00c9tienne-des-Gr\u00e8s-1-769x1024.jpeg 769w, https:\/\/patrimoineduquebec.com\/eglisesduquebec\/wp-content\/uploads\/2019\/05\/St-\u00c9tienne-des-Gr\u00e8s-1-225x300.jpeg 225w, https:\/\/patrimoineduquebec.com\/eglisesduquebec\/wp-content\/uploads\/2019\/05\/St-\u00c9tienne-des-Gr\u00e8s-1-768x1023.jpeg 768w\" sizes=\"auto, (max-width: 769px) 100vw, 769px\" \/><\/a><figcaption class=\"wp-element-caption\">Saint-\u00c9tienne-des-Gr\u00e8s<br>\u00c9glise Saint-\u00c9tienne <br>1867-1868 <br>(Monique Bellemare)<\/figcaption><\/figure>\n\n\n\n<figure class=\"wp-block-image size-large\"><a href=\"https:\/\/patrimoineduquebec.com\/eglisesduquebec\/wp-content\/uploads\/2019\/05\/saint-thomas-de-caxton-G\u00e9rald-Arbour-N2-1.jpeg\"><img loading=\"lazy\" decoding=\"async\" width=\"768\" height=\"1024\" data-id=\"2468\" src=\"https:\/\/patrimoineduquebec.com\/eglisesduquebec\/wp-content\/uploads\/2019\/05\/saint-thomas-de-caxton-G\u00e9rald-Arbour-N2-1-768x1024.jpeg\" alt=\"\" class=\"wp-image-2468\" srcset=\"https:\/\/patrimoineduquebec.com\/eglisesduquebec\/wp-content\/uploads\/2019\/05\/saint-thomas-de-caxton-G\u00e9rald-Arbour-N2-1-768x1024.jpeg 768w, https:\/\/patrimoineduquebec.com\/eglisesduquebec\/wp-content\/uploads\/2019\/05\/saint-thomas-de-caxton-G\u00e9rald-Arbour-N2-1-225x300.jpeg 225w\" sizes=\"auto, (max-width: 768px) 100vw, 768px\" \/><\/a><figcaption class=\"wp-element-caption\">Saint-\u00c9tienne-des-Gr\u00e8s (Saint-Thomas-de-Caxton)<br>\u00c9glise Saint-Thomas<br> 1903-1904 <br>(G\u00e9rald Arbour)<\/figcaption><\/figure>\n\n\n\n<figure class=\"wp-block-image size-large\"><a href=\"https:\/\/patrimoineduquebec.com\/eglisesduquebec\/wp-content\/uploads\/2019\/05\/St-Justin-1-e1557764250400.jpg\"><img loading=\"lazy\" decoding=\"async\" width=\"683\" height=\"1024\" data-id=\"2469\" src=\"https:\/\/patrimoineduquebec.com\/eglisesduquebec\/wp-content\/uploads\/2019\/05\/St-Justin-1-e1557764250400-683x1024.jpg\" alt=\"\" class=\"wp-image-2469\" srcset=\"https:\/\/patrimoineduquebec.com\/eglisesduquebec\/wp-content\/uploads\/2019\/05\/St-Justin-1-e1557764250400-683x1024.jpg 683w, https:\/\/patrimoineduquebec.com\/eglisesduquebec\/wp-content\/uploads\/2019\/05\/St-Justin-1-e1557764250400-200x300.jpg 200w, https:\/\/patrimoineduquebec.com\/eglisesduquebec\/wp-content\/uploads\/2019\/05\/St-Justin-1-e1557764250400-768x1152.jpg 768w\" sizes=\"auto, (max-width: 683px) 100vw, 683px\" \/><\/a><figcaption class=\"wp-element-caption\">Saint-Justin <br>\u00c9glise Saint-Justin (ferm\u00e9e)<br>1957-1959 <br>(Paul Turcotte)<\/figcaption><\/figure>\n\n\n\n<figure class=\"wp-block-image size-large\"><a href=\"https:\/\/patrimoineduquebec.com\/eglisesduquebec\/wp-content\/uploads\/2019\/05\/St-L\u00e9on-le-Grand-1.jpeg\"><img loading=\"lazy\" decoding=\"async\" width=\"737\" height=\"1024\" data-id=\"2471\" src=\"https:\/\/patrimoineduquebec.com\/eglisesduquebec\/wp-content\/uploads\/2019\/05\/St-L\u00e9on-le-Grand-1-737x1024.jpeg\" alt=\"\" class=\"wp-image-2471\" srcset=\"https:\/\/patrimoineduquebec.com\/eglisesduquebec\/wp-content\/uploads\/2019\/05\/St-L\u00e9on-le-Grand-1-737x1024.jpeg 737w, https:\/\/patrimoineduquebec.com\/eglisesduquebec\/wp-content\/uploads\/2019\/05\/St-L\u00e9on-le-Grand-1-216x300.jpeg 216w, https:\/\/patrimoineduquebec.com\/eglisesduquebec\/wp-content\/uploads\/2019\/05\/St-L\u00e9on-le-Grand-1-768x1066.jpeg 768w\" sizes=\"auto, (max-width: 737px) 100vw, 737px\" \/><\/a><figcaption class=\"wp-element-caption\">Saint-L\u00e9on-le-Grand<br>\u00c9glise Saint-L\u00e9on-le-Grand <br>1823-1824<br>(Monique Bellemare)<\/figcaption><\/figure>\n\n\n\n<figure class=\"wp-block-image size-large\"><a href=\"https:\/\/patrimoineduquebec.com\/eglisesduquebec\/wp-content\/uploads\/2019\/05\/St-Luc-de-Vincennes.jpeg\"><img loading=\"lazy\" decoding=\"async\" width=\"778\" height=\"1024\" data-id=\"2472\" src=\"https:\/\/patrimoineduquebec.com\/eglisesduquebec\/wp-content\/uploads\/2019\/05\/St-Luc-de-Vincennes-778x1024.jpeg\" alt=\"\" class=\"wp-image-2472\" srcset=\"https:\/\/patrimoineduquebec.com\/eglisesduquebec\/wp-content\/uploads\/2019\/05\/St-Luc-de-Vincennes-778x1024.jpeg 778w, https:\/\/patrimoineduquebec.com\/eglisesduquebec\/wp-content\/uploads\/2019\/05\/St-Luc-de-Vincennes-228x300.jpeg 228w, https:\/\/patrimoineduquebec.com\/eglisesduquebec\/wp-content\/uploads\/2019\/05\/St-Luc-de-Vincennes-768x1010.jpeg 768w, https:\/\/patrimoineduquebec.com\/eglisesduquebec\/wp-content\/uploads\/2019\/05\/St-Luc-de-Vincennes.jpeg 1774w\" sizes=\"auto, (max-width: 778px) 100vw, 778px\" \/><\/a><figcaption class=\"wp-element-caption\">Saint-Luc-de-Vincennes<br>\u00c9glise Saint-Luc-de-Vincennes <br>1952-1953 <br>(Monique Bellemare)<\/figcaption><\/figure>\n\n\n\n<figure class=\"wp-block-image size-large\"><a href=\"https:\/\/patrimoineduquebec.com\/eglisesduquebec\/wp-content\/uploads\/2019\/05\/St-Mathieu-du-Parc.jpg\"><img loading=\"lazy\" decoding=\"async\" width=\"768\" height=\"1024\" data-id=\"2473\" src=\"https:\/\/patrimoineduquebec.com\/eglisesduquebec\/wp-content\/uploads\/2019\/05\/St-Mathieu-du-Parc-768x1024.jpg\" alt=\"\" class=\"wp-image-2473\" srcset=\"https:\/\/patrimoineduquebec.com\/eglisesduquebec\/wp-content\/uploads\/2019\/05\/St-Mathieu-du-Parc-768x1024.jpg 768w, https:\/\/patrimoineduquebec.com\/eglisesduquebec\/wp-content\/uploads\/2019\/05\/St-Mathieu-du-Parc-225x300.jpg 225w\" sizes=\"auto, (max-width: 768px) 100vw, 768px\" \/><\/a><figcaption class=\"wp-element-caption\">Saint-Mathieu-du-Parc<br>\u00c9glise Saint-Mathieu (ferm\u00e9e)<br>1954-1955 <br>(Monique Bellemare)<\/figcaption><\/figure>\n\n\n\n<figure class=\"wp-block-image size-large\"><a href=\"https:\/\/patrimoineduquebec.com\/eglisesduquebec\/wp-content\/uploads\/2019\/05\/St-Maurice.jpeg\"><img loading=\"lazy\" decoding=\"async\" width=\"749\" height=\"1024\" data-id=\"2474\" src=\"https:\/\/patrimoineduquebec.com\/eglisesduquebec\/wp-content\/uploads\/2019\/05\/St-Maurice-749x1024.jpeg\" alt=\"\" class=\"wp-image-2474\" srcset=\"https:\/\/patrimoineduquebec.com\/eglisesduquebec\/wp-content\/uploads\/2019\/05\/St-Maurice-749x1024.jpeg 749w, https:\/\/patrimoineduquebec.com\/eglisesduquebec\/wp-content\/uploads\/2019\/05\/St-Maurice-220x300.jpeg 220w, https:\/\/patrimoineduquebec.com\/eglisesduquebec\/wp-content\/uploads\/2019\/05\/St-Maurice-768x1050.jpeg 768w\" sizes=\"auto, (max-width: 749px) 100vw, 749px\" \/><\/a><figcaption class=\"wp-element-caption\">Saint-Maurice <br>\u00c9glise Saint-Maurice<br>1862-1864<br>(Monique Bellemare)<\/figcaption><\/figure>\n\n\n\n<figure class=\"wp-block-image size-large\"><a href=\"https:\/\/patrimoineduquebec.com\/eglisesduquebec\/wp-content\/uploads\/2019\/05\/St-Narcisse.jpg\"><img loading=\"lazy\" decoding=\"async\" width=\"768\" height=\"1024\" data-id=\"2475\" src=\"https:\/\/patrimoineduquebec.com\/eglisesduquebec\/wp-content\/uploads\/2019\/05\/St-Narcisse-768x1024.jpg\" alt=\"\" class=\"wp-image-2475\" srcset=\"https:\/\/patrimoineduquebec.com\/eglisesduquebec\/wp-content\/uploads\/2019\/05\/St-Narcisse-768x1024.jpg 768w, https:\/\/patrimoineduquebec.com\/eglisesduquebec\/wp-content\/uploads\/2019\/05\/St-Narcisse-225x300.jpg 225w\" sizes=\"auto, (max-width: 768px) 100vw, 768px\" \/><\/a><figcaption class=\"wp-element-caption\">Saint-Narcisse <br>\u00c9glise Saint-Narcisse<br>1871-1873<br>(Monique Bellemare)<\/figcaption><\/figure>\n\n\n\n<figure class=\"wp-block-image size-large\"><a href=\"https:\/\/patrimoineduquebec.com\/eglisesduquebec\/wp-content\/uploads\/2019\/05\/St-Paulin.jpeg\"><img loading=\"lazy\" decoding=\"async\" width=\"754\" height=\"1024\" data-id=\"2476\" src=\"https:\/\/patrimoineduquebec.com\/eglisesduquebec\/wp-content\/uploads\/2019\/05\/St-Paulin-754x1024.jpeg\" alt=\"\" class=\"wp-image-2476\" srcset=\"https:\/\/patrimoineduquebec.com\/eglisesduquebec\/wp-content\/uploads\/2019\/05\/St-Paulin-754x1024.jpeg 754w, https:\/\/patrimoineduquebec.com\/eglisesduquebec\/wp-content\/uploads\/2019\/05\/St-Paulin-221x300.jpeg 221w, https:\/\/patrimoineduquebec.com\/eglisesduquebec\/wp-content\/uploads\/2019\/05\/St-Paulin-768x1042.jpeg 768w\" sizes=\"auto, (max-width: 754px) 100vw, 754px\" \/><\/a><figcaption class=\"wp-element-caption\">Saint-Paulin <br>\u00c9glise Saint-Paulin (ferm\u00e9e)<br> 1886-1887 <br>(Monique Bellemare)<\/figcaption><\/figure>\n\n\n\n<figure class=\"wp-block-image size-large\"><a href=\"https:\/\/patrimoineduquebec.com\/eglisesduquebec\/wp-content\/uploads\/2019\/05\/DSCN9234.jpeg\"><img loading=\"lazy\" decoding=\"async\" width=\"761\" height=\"1024\" data-id=\"2477\" src=\"https:\/\/patrimoineduquebec.com\/eglisesduquebec\/wp-content\/uploads\/2019\/05\/DSCN9234-761x1024.jpeg\" alt=\"\" class=\"wp-image-2477\" srcset=\"https:\/\/patrimoineduquebec.com\/eglisesduquebec\/wp-content\/uploads\/2019\/05\/DSCN9234-761x1024.jpeg 761w, https:\/\/patrimoineduquebec.com\/eglisesduquebec\/wp-content\/uploads\/2019\/05\/DSCN9234-223x300.jpeg 223w, https:\/\/patrimoineduquebec.com\/eglisesduquebec\/wp-content\/uploads\/2019\/05\/DSCN9234-768x1033.jpeg 768w\" sizes=\"auto, (max-width: 761px) 100vw, 761px\" \/><\/a><figcaption class=\"wp-element-caption\">Saint-Prosper-de-Champlain<br> \u00c9glise Saint-Prosper (ferm\u00e9e)<br>1848-1850 <br>(Monique Bellemare)<\/figcaption><\/figure>\n\n\n\n<figure class=\"wp-block-image size-large\"><a href=\"https:\/\/patrimoineduquebec.com\/eglisesduquebec\/wp-content\/uploads\/2019\/05\/St-Roch-de-M\u00e9kinac.jpeg\"><img loading=\"lazy\" decoding=\"async\" width=\"1024\" height=\"683\" data-id=\"2478\" src=\"https:\/\/patrimoineduquebec.com\/eglisesduquebec\/wp-content\/uploads\/2019\/05\/St-Roch-de-M\u00e9kinac-1024x683.jpeg\" alt=\"\" class=\"wp-image-2478\" srcset=\"https:\/\/patrimoineduquebec.com\/eglisesduquebec\/wp-content\/uploads\/2019\/05\/St-Roch-de-M\u00e9kinac-1024x683.jpeg 1024w, https:\/\/patrimoineduquebec.com\/eglisesduquebec\/wp-content\/uploads\/2019\/05\/St-Roch-de-M\u00e9kinac-300x200.jpeg 300w, https:\/\/patrimoineduquebec.com\/eglisesduquebec\/wp-content\/uploads\/2019\/05\/St-Roch-de-M\u00e9kinac-768x512.jpeg 768w\" sizes=\"auto, (max-width: 1024px) 100vw, 1024px\" \/><\/a><figcaption class=\"wp-element-caption\">Saint-Roch-de-M\u00e9kinac<br>\u00c9glise Saint-Roch <br>1950-1951 <br>(Monique Bellemare)<\/figcaption><\/figure>\n\n\n\n<figure class=\"wp-block-image size-large\"><a href=\"https:\/\/patrimoineduquebec.com\/eglisesduquebec\/wp-content\/uploads\/2021\/11\/saint-severe-Gerald-Arbour-N4-scaled.jpeg\"><img loading=\"lazy\" decoding=\"async\" width=\"768\" height=\"1024\" data-id=\"4301\" src=\"https:\/\/patrimoineduquebec.com\/eglisesduquebec\/wp-content\/uploads\/2021\/11\/saint-severe-Gerald-Arbour-N4-768x1024.jpeg\" alt=\"\" class=\"wp-image-4301\" srcset=\"https:\/\/patrimoineduquebec.com\/eglisesduquebec\/wp-content\/uploads\/2021\/11\/saint-severe-Gerald-Arbour-N4-768x1024.jpeg 768w, https:\/\/patrimoineduquebec.com\/eglisesduquebec\/wp-content\/uploads\/2021\/11\/saint-severe-Gerald-Arbour-N4-225x300.jpeg 225w, https:\/\/patrimoineduquebec.com\/eglisesduquebec\/wp-content\/uploads\/2021\/11\/saint-severe-Gerald-Arbour-N4-1152x1536.jpeg 1152w, https:\/\/patrimoineduquebec.com\/eglisesduquebec\/wp-content\/uploads\/2021\/11\/saint-severe-Gerald-Arbour-N4-1536x2048.jpeg 1536w, https:\/\/patrimoineduquebec.com\/eglisesduquebec\/wp-content\/uploads\/2021\/11\/saint-severe-Gerald-Arbour-N4-scaled.jpeg 1920w\" sizes=\"auto, (max-width: 768px) 100vw, 768px\" \/><\/a><figcaption class=\"wp-element-caption\">Saint-S\u00e9v\u00e8re <br>\u00c9glise Saint-S\u00e9v\u00e8re<br> 1853-1855 <br>(G\u00e9rald Arbour)<\/figcaption><\/figure>\n\n\n\n<figure class=\"wp-block-image size-large\"><a href=\"https:\/\/patrimoineduquebec.com\/eglisesduquebec\/wp-content\/uploads\/2019\/05\/St-S\u00e9verin-de-Prouxville.jpeg\"><img loading=\"lazy\" decoding=\"async\" width=\"768\" height=\"1024\" data-id=\"2480\" src=\"https:\/\/patrimoineduquebec.com\/eglisesduquebec\/wp-content\/uploads\/2019\/05\/St-S\u00e9verin-de-Prouxville-768x1024.jpeg\" alt=\"\" class=\"wp-image-2480\" srcset=\"https:\/\/patrimoineduquebec.com\/eglisesduquebec\/wp-content\/uploads\/2019\/05\/St-S\u00e9verin-de-Prouxville-768x1024.jpeg 768w, https:\/\/patrimoineduquebec.com\/eglisesduquebec\/wp-content\/uploads\/2019\/05\/St-S\u00e9verin-de-Prouxville-225x300.jpeg 225w\" sizes=\"auto, (max-width: 768px) 100vw, 768px\" \/><\/a><figcaption class=\"wp-element-caption\">Saint-S\u00e9verin-de-Prouxville <br>\u00c9glise Saint-S\u00e9verin<br> 1895-1897 <br>(Monique Bellemare)<\/figcaption><\/figure>\n\n\n\n<figure class=\"wp-block-image size-large\"><a href=\"https:\/\/patrimoineduquebec.com\/eglisesduquebec\/wp-content\/uploads\/2019\/05\/St-Stanislas.jpeg\"><img loading=\"lazy\" decoding=\"async\" width=\"768\" height=\"1024\" data-id=\"2481\" src=\"https:\/\/patrimoineduquebec.com\/eglisesduquebec\/wp-content\/uploads\/2019\/05\/St-Stanislas-768x1024.jpeg\" alt=\"\" class=\"wp-image-2481\" srcset=\"https:\/\/patrimoineduquebec.com\/eglisesduquebec\/wp-content\/uploads\/2019\/05\/St-Stanislas-768x1024.jpeg 768w, https:\/\/patrimoineduquebec.com\/eglisesduquebec\/wp-content\/uploads\/2019\/05\/St-Stanislas-225x300.jpeg 225w\" sizes=\"auto, (max-width: 768px) 100vw, 768px\" \/><\/a><figcaption class=\"wp-element-caption\">Saint-Stanislas <br>\u00c9glise Saint-Stanislas<br>1870-1873<br>(Monique Bellemare)<\/figcaption><\/figure>\n\n\n\n<figure class=\"wp-block-image size-large\"><a href=\"https:\/\/patrimoineduquebec.com\/eglisesduquebec\/wp-content\/uploads\/2019\/05\/St-Tite.jpg\"><img loading=\"lazy\" decoding=\"async\" width=\"694\" height=\"1024\" data-id=\"2482\" src=\"https:\/\/patrimoineduquebec.com\/eglisesduquebec\/wp-content\/uploads\/2019\/05\/St-Tite-694x1024.jpg\" alt=\"\" class=\"wp-image-2482\" srcset=\"https:\/\/patrimoineduquebec.com\/eglisesduquebec\/wp-content\/uploads\/2019\/05\/St-Tite-694x1024.jpg 694w, https:\/\/patrimoineduquebec.com\/eglisesduquebec\/wp-content\/uploads\/2019\/05\/St-Tite-203x300.jpg 203w, https:\/\/patrimoineduquebec.com\/eglisesduquebec\/wp-content\/uploads\/2019\/05\/St-Tite-768x1133.jpg 768w, https:\/\/patrimoineduquebec.com\/eglisesduquebec\/wp-content\/uploads\/2019\/05\/St-Tite.jpg 1695w\" sizes=\"auto, (max-width: 694px) 100vw, 694px\" \/><\/a><figcaption class=\"wp-element-caption\">Saint-Tite<br> \u00c9glise Saint-Tite <br>1927-1928<br>(Monique Bellemare)<\/figcaption><\/figure>\n\n\n\n<figure class=\"wp-block-image size-large\"><a href=\"https:\/\/patrimoineduquebec.com\/eglisesduquebec\/wp-content\/uploads\/2019\/05\/Ste-Ang\u00e8le-de-Pr\u00e9mont.jpg\"><img loading=\"lazy\" decoding=\"async\" width=\"768\" height=\"1024\" data-id=\"2483\" src=\"https:\/\/patrimoineduquebec.com\/eglisesduquebec\/wp-content\/uploads\/2019\/05\/Ste-Ang\u00e8le-de-Pr\u00e9mont-768x1024.jpg\" alt=\"\" class=\"wp-image-2483\" srcset=\"https:\/\/patrimoineduquebec.com\/eglisesduquebec\/wp-content\/uploads\/2019\/05\/Ste-Ang\u00e8le-de-Pr\u00e9mont-768x1024.jpg 768w, https:\/\/patrimoineduquebec.com\/eglisesduquebec\/wp-content\/uploads\/2019\/05\/Ste-Ang\u00e8le-de-Pr\u00e9mont-225x300.jpg 225w\" sizes=\"auto, (max-width: 768px) 100vw, 768px\" \/><\/a><figcaption class=\"wp-element-caption\">Sainte-Ang\u00e8le-de-Pr\u00e9mont<br>\u00c9glise Sainte-Ang\u00e8le (ferm\u00e9e)<br>1992<br>(Monique Bellemare)<\/figcaption><\/figure>\n\n\n\n<figure class=\"wp-block-image size-large\"><a href=\"https:\/\/patrimoineduquebec.com\/eglisesduquebec\/wp-content\/uploads\/2019\/05\/Ste-Anne-de-la-P\u00e9rade.jpg\"><img loading=\"lazy\" decoding=\"async\" width=\"767\" height=\"1024\" data-id=\"2484\" src=\"https:\/\/patrimoineduquebec.com\/eglisesduquebec\/wp-content\/uploads\/2019\/05\/Ste-Anne-de-la-P\u00e9rade-767x1024.jpg\" alt=\"\" class=\"wp-image-2484\" srcset=\"https:\/\/patrimoineduquebec.com\/eglisesduquebec\/wp-content\/uploads\/2019\/05\/Ste-Anne-de-la-P\u00e9rade-767x1024.jpg 767w, https:\/\/patrimoineduquebec.com\/eglisesduquebec\/wp-content\/uploads\/2019\/05\/Ste-Anne-de-la-P\u00e9rade-225x300.jpg 225w, https:\/\/patrimoineduquebec.com\/eglisesduquebec\/wp-content\/uploads\/2019\/05\/Ste-Anne-de-la-P\u00e9rade-768x1025.jpg 768w, https:\/\/patrimoineduquebec.com\/eglisesduquebec\/wp-content\/uploads\/2019\/05\/Ste-Anne-de-la-P\u00e9rade.jpg 1740w\" sizes=\"auto, (max-width: 767px) 100vw, 767px\" \/><\/a><figcaption class=\"wp-element-caption\">Sainte-Anne-de-la-P\u00e9rade<br>\u00c9glise Sainte-Anne <br>1855-1869 <br>(Monique Bellemare)<\/figcaption><\/figure>\n\n\n\n<figure class=\"wp-block-image size-large\"><a href=\"https:\/\/patrimoineduquebec.com\/eglisesduquebec\/wp-content\/uploads\/2019\/05\/Ste-Genevi\u00e8ve-de-Batiscan.jpeg\"><img loading=\"lazy\" decoding=\"async\" width=\"773\" height=\"1024\" data-id=\"2485\" src=\"https:\/\/patrimoineduquebec.com\/eglisesduquebec\/wp-content\/uploads\/2019\/05\/Ste-Genevi\u00e8ve-de-Batiscan-773x1024.jpeg\" alt=\"\" class=\"wp-image-2485\" srcset=\"https:\/\/patrimoineduquebec.com\/eglisesduquebec\/wp-content\/uploads\/2019\/05\/Ste-Genevi\u00e8ve-de-Batiscan-773x1024.jpeg 773w, https:\/\/patrimoineduquebec.com\/eglisesduquebec\/wp-content\/uploads\/2019\/05\/Ste-Genevi\u00e8ve-de-Batiscan-226x300.jpeg 226w, https:\/\/patrimoineduquebec.com\/eglisesduquebec\/wp-content\/uploads\/2019\/05\/Ste-Genevi\u00e8ve-de-Batiscan-768x1017.jpeg 768w\" sizes=\"auto, (max-width: 773px) 100vw, 773px\" \/><\/a><figcaption class=\"wp-element-caption\">Sainte-Genevi\u00e8ve-de-Batiscan <br>\u00c9glise Sainte-Genevi\u00e8ve (ferm\u00e9e)<br>1870-1871<br> (Monique Bellemare)<\/figcaption><\/figure>\n\n\n\n<figure class=\"wp-block-image size-large\"><a href=\"https:\/\/patrimoineduquebec.com\/eglisesduquebec\/wp-content\/uploads\/2019\/05\/Ste-Th\u00e8cle.jpeg\"><img loading=\"lazy\" decoding=\"async\" width=\"811\" height=\"1024\" data-id=\"2486\" src=\"https:\/\/patrimoineduquebec.com\/eglisesduquebec\/wp-content\/uploads\/2019\/05\/Ste-Th\u00e8cle-811x1024.jpeg\" alt=\"\" class=\"wp-image-2486\" srcset=\"https:\/\/patrimoineduquebec.com\/eglisesduquebec\/wp-content\/uploads\/2019\/05\/Ste-Th\u00e8cle-811x1024.jpeg 811w, https:\/\/patrimoineduquebec.com\/eglisesduquebec\/wp-content\/uploads\/2019\/05\/Ste-Th\u00e8cle-238x300.jpeg 238w, https:\/\/patrimoineduquebec.com\/eglisesduquebec\/wp-content\/uploads\/2019\/05\/Ste-Th\u00e8cle-768x970.jpeg 768w\" sizes=\"auto, (max-width: 811px) 100vw, 811px\" \/><\/a><figcaption class=\"wp-element-caption\">Sainte-Th\u00e8cle<br> \u00c9glise Sainte-Th\u00e8cle<br> 1903-1905 <br>(Monique Bellemare)<\/figcaption><\/figure>\n\n\n\n<figure class=\"wp-block-image size-large\"><a href=\"https:\/\/patrimoineduquebec.com\/eglisesduquebec\/wp-content\/uploads\/2019\/05\/St-Ursule.jpeg\"><img loading=\"lazy\" decoding=\"async\" width=\"683\" height=\"1024\" data-id=\"2488\" src=\"https:\/\/patrimoineduquebec.com\/eglisesduquebec\/wp-content\/uploads\/2019\/05\/St-Ursule-683x1024.jpeg\" alt=\"\" class=\"wp-image-2488\" srcset=\"https:\/\/patrimoineduquebec.com\/eglisesduquebec\/wp-content\/uploads\/2019\/05\/St-Ursule-683x1024.jpeg 683w, https:\/\/patrimoineduquebec.com\/eglisesduquebec\/wp-content\/uploads\/2019\/05\/St-Ursule-200x300.jpeg 200w, https:\/\/patrimoineduquebec.com\/eglisesduquebec\/wp-content\/uploads\/2019\/05\/St-Ursule-768x1152.jpeg 768w\" sizes=\"auto, (max-width: 683px) 100vw, 683px\" \/><\/a><figcaption class=\"wp-element-caption\">Sainte-Ursule<br> \u00c9glise Sainte-Ursule<br> 1867-1870 <br>(Paul Turcotte)<\/figcaption><\/figure>\n\n\n\n<figure class=\"wp-block-image size-large\"><a href=\"https:\/\/patrimoineduquebec.com\/eglisesduquebec\/wp-content\/uploads\/2019\/05\/trois-rives-grande-anse-G\u00e9rald-Arbour-N4.jpeg\"><img loading=\"lazy\" decoding=\"async\" width=\"768\" height=\"1024\" data-id=\"2489\" src=\"https:\/\/patrimoineduquebec.com\/eglisesduquebec\/wp-content\/uploads\/2019\/05\/trois-rives-grande-anse-G\u00e9rald-Arbour-N4-768x1024.jpeg\" alt=\"\" class=\"wp-image-2489\" srcset=\"https:\/\/patrimoineduquebec.com\/eglisesduquebec\/wp-content\/uploads\/2019\/05\/trois-rives-grande-anse-G\u00e9rald-Arbour-N4-768x1024.jpeg 768w, https:\/\/patrimoineduquebec.com\/eglisesduquebec\/wp-content\/uploads\/2019\/05\/trois-rives-grande-anse-G\u00e9rald-Arbour-N4-225x300.jpeg 225w\" sizes=\"auto, (max-width: 768px) 100vw, 768px\" \/><\/a><figcaption class=\"wp-element-caption\">Trois-Rives  (Grande-Anse) <br>\u00c9glise Saint-Th\u00e9odore (ferm\u00e9e)<br>1930-1931<br> (G\u00e9rald Arbour)<\/figcaption><\/figure>\n\n\n\n<figure class=\"wp-block-image size-large\"><a href=\"https:\/\/patrimoineduquebec.com\/eglisesduquebec\/wp-content\/uploads\/2019\/05\/P1110822.jpeg\"><img loading=\"lazy\" decoding=\"async\" width=\"1024\" height=\"683\" data-id=\"2490\" src=\"https:\/\/patrimoineduquebec.com\/eglisesduquebec\/wp-content\/uploads\/2019\/05\/P1110822-1024x683.jpeg\" alt=\"\" class=\"wp-image-2490\" srcset=\"https:\/\/patrimoineduquebec.com\/eglisesduquebec\/wp-content\/uploads\/2019\/05\/P1110822-1024x683.jpeg 1024w, https:\/\/patrimoineduquebec.com\/eglisesduquebec\/wp-content\/uploads\/2019\/05\/P1110822-300x200.jpeg 300w, https:\/\/patrimoineduquebec.com\/eglisesduquebec\/wp-content\/uploads\/2019\/05\/P1110822-768x512.jpeg 768w\" sizes=\"auto, (max-width: 1024px) 100vw, 1024px\" \/><\/a><figcaption class=\"wp-element-caption\">Trois-Rives  (Rivi\u00e8re-Matawin) <br>Chapelle Saint-Nicolas-de-Matawin (d\u00e9molie)<br> 1958 <br>(Paul Turcotte)<\/figcaption><\/figure>\n\n\n\n<figure class=\"wp-block-image size-large\"><a href=\"https:\/\/patrimoineduquebec.com\/eglisesduquebec\/wp-content\/uploads\/2019\/05\/St-Joseph-de-M\u00e9kinac.jpeg\"><img loading=\"lazy\" decoding=\"async\" width=\"683\" height=\"1024\" data-id=\"2491\" src=\"https:\/\/patrimoineduquebec.com\/eglisesduquebec\/wp-content\/uploads\/2019\/05\/St-Joseph-de-M\u00e9kinac-683x1024.jpeg\" alt=\"\" class=\"wp-image-2491\" srcset=\"https:\/\/patrimoineduquebec.com\/eglisesduquebec\/wp-content\/uploads\/2019\/05\/St-Joseph-de-M\u00e9kinac-683x1024.jpeg 683w, https:\/\/patrimoineduquebec.com\/eglisesduquebec\/wp-content\/uploads\/2019\/05\/St-Joseph-de-M\u00e9kinac-200x300.jpeg 200w, https:\/\/patrimoineduquebec.com\/eglisesduquebec\/wp-content\/uploads\/2019\/05\/St-Joseph-de-M\u00e9kinac-768x1152.jpeg 768w\" sizes=\"auto, (max-width: 683px) 100vw, 683px\" \/><\/a><figcaption class=\"wp-element-caption\">Trois-Rives (Saint-Joseph-de-M\u00e9kinac)<br> \u00c9glise Saint-Joseph <br>1888-1894 <br>(Monique Bellemare)<\/figcaption><\/figure>\n\n\n\n<figure class=\"wp-block-image size-large\"><a href=\"https:\/\/patrimoineduquebec.com\/eglisesduquebec\/wp-content\/uploads\/2019\/05\/3-R-Assomption-de-Marie.jpeg\"><img loading=\"lazy\" decoding=\"async\" width=\"750\" height=\"1024\" data-id=\"2492\" src=\"https:\/\/patrimoineduquebec.com\/eglisesduquebec\/wp-content\/uploads\/2019\/05\/3-R-Assomption-de-Marie-750x1024.jpeg\" alt=\"\" class=\"wp-image-2492\" srcset=\"https:\/\/patrimoineduquebec.com\/eglisesduquebec\/wp-content\/uploads\/2019\/05\/3-R-Assomption-de-Marie-750x1024.jpeg 750w, https:\/\/patrimoineduquebec.com\/eglisesduquebec\/wp-content\/uploads\/2019\/05\/3-R-Assomption-de-Marie-220x300.jpeg 220w, https:\/\/patrimoineduquebec.com\/eglisesduquebec\/wp-content\/uploads\/2019\/05\/3-R-Assomption-de-Marie-768x1049.jpeg 768w, https:\/\/patrimoineduquebec.com\/eglisesduquebec\/wp-content\/uploads\/2019\/05\/3-R-Assomption-de-Marie.jpeg 1827w\" sizes=\"auto, (max-width: 750px) 100vw, 750px\" \/><\/a><figcaption class=\"wp-element-caption\">Trois-Rivi\u00e8res<br> Cath\u00e9drale L\u2019Assomption<br>1854-1858<br> (Monique Bellemare)<\/figcaption><\/figure>\n\n\n\n<figure class=\"wp-block-image size-large\"><a href=\"https:\/\/patrimoineduquebec.com\/eglisesduquebec\/wp-content\/uploads\/2021\/05\/trois-rivieres-rue-saint-louis-Gerald-Arbour-N2-scaled.jpg\"><img loading=\"lazy\" decoding=\"async\" width=\"1024\" height=\"768\" data-id=\"4194\" src=\"https:\/\/patrimoineduquebec.com\/eglisesduquebec\/wp-content\/uploads\/2021\/05\/trois-rivieres-rue-saint-louis-Gerald-Arbour-N2-1024x768.jpg\" alt=\"\" class=\"wp-image-4194\" srcset=\"https:\/\/patrimoineduquebec.com\/eglisesduquebec\/wp-content\/uploads\/2021\/05\/trois-rivieres-rue-saint-louis-Gerald-Arbour-N2-1024x768.jpg 1024w, https:\/\/patrimoineduquebec.com\/eglisesduquebec\/wp-content\/uploads\/2021\/05\/trois-rivieres-rue-saint-louis-Gerald-Arbour-N2-300x225.jpg 300w, https:\/\/patrimoineduquebec.com\/eglisesduquebec\/wp-content\/uploads\/2021\/05\/trois-rivieres-rue-saint-louis-Gerald-Arbour-N2-768x576.jpg 768w, https:\/\/patrimoineduquebec.com\/eglisesduquebec\/wp-content\/uploads\/2021\/05\/trois-rivieres-rue-saint-louis-Gerald-Arbour-N2-1536x1152.jpg 1536w, https:\/\/patrimoineduquebec.com\/eglisesduquebec\/wp-content\/uploads\/2021\/05\/trois-rivieres-rue-saint-louis-Gerald-Arbour-N2-2048x1536.jpg 2048w, https:\/\/patrimoineduquebec.com\/eglisesduquebec\/wp-content\/uploads\/2021\/05\/trois-rivieres-rue-saint-louis-Gerald-Arbour-N2-120x90.jpg 120w\" sizes=\"auto, (max-width: 1024px) 100vw, 1024px\" \/><\/a><figcaption class=\"wp-element-caption\">Trois-Rivi\u00e8res<br>Chapelle des Soeurs Adoratrices du Pr\u00e9cieux-Sang (ferm\u00e9e)<br>1897-1898<br>(G\u00e9rald Arbour)<\/figcaption><\/figure>\n\n\n\n<figure class=\"wp-block-image size-large\"><a href=\"https:\/\/patrimoineduquebec.com\/eglisesduquebec\/wp-content\/uploads\/2021\/05\/trois-rivieres-rue-des-ursulines-Gerald-Arbour-N2.jpeg\"><img loading=\"lazy\" decoding=\"async\" width=\"1024\" height=\"767\" data-id=\"4193\" src=\"https:\/\/patrimoineduquebec.com\/eglisesduquebec\/wp-content\/uploads\/2021\/05\/trois-rivieres-rue-des-ursulines-Gerald-Arbour-N2-1024x767.jpeg\" alt=\"\" class=\"wp-image-4193\" srcset=\"https:\/\/patrimoineduquebec.com\/eglisesduquebec\/wp-content\/uploads\/2021\/05\/trois-rivieres-rue-des-ursulines-Gerald-Arbour-N2-1024x767.jpeg 1024w, https:\/\/patrimoineduquebec.com\/eglisesduquebec\/wp-content\/uploads\/2021\/05\/trois-rivieres-rue-des-ursulines-Gerald-Arbour-N2-300x225.jpeg 300w, https:\/\/patrimoineduquebec.com\/eglisesduquebec\/wp-content\/uploads\/2021\/05\/trois-rivieres-rue-des-ursulines-Gerald-Arbour-N2-768x576.jpeg 768w, https:\/\/patrimoineduquebec.com\/eglisesduquebec\/wp-content\/uploads\/2021\/05\/trois-rivieres-rue-des-ursulines-Gerald-Arbour-N2-1536x1151.jpeg 1536w, https:\/\/patrimoineduquebec.com\/eglisesduquebec\/wp-content\/uploads\/2021\/05\/trois-rivieres-rue-des-ursulines-Gerald-Arbour-N2-2048x1535.jpeg 2048w, https:\/\/patrimoineduquebec.com\/eglisesduquebec\/wp-content\/uploads\/2021\/05\/trois-rivieres-rue-des-ursulines-Gerald-Arbour-N2-120x90.jpeg 120w\" sizes=\"auto, (max-width: 1024px) 100vw, 1024px\" \/><\/a><figcaption class=\"wp-element-caption\">Trois-Rivi\u00e8res<br>Chapelle des Ursulines<br>1714-1716<br>(G\u00e9rald Arbour)<\/figcaption><\/figure>\n\n\n\n<figure class=\"wp-block-image size-large\"><a href=\"https:\/\/patrimoineduquebec.com\/eglisesduquebec\/wp-content\/uploads\/2021\/05\/trois-rivieres-rue-saint-maurice-Gerald-Arbour-N1.jpeg\"><img loading=\"lazy\" decoding=\"async\" width=\"1024\" height=\"768\" data-id=\"4195\" src=\"https:\/\/patrimoineduquebec.com\/eglisesduquebec\/wp-content\/uploads\/2021\/05\/trois-rivieres-rue-saint-maurice-Gerald-Arbour-N1-1024x768.jpeg\" alt=\"\" class=\"wp-image-4195\" srcset=\"https:\/\/patrimoineduquebec.com\/eglisesduquebec\/wp-content\/uploads\/2021\/05\/trois-rivieres-rue-saint-maurice-Gerald-Arbour-N1-1024x768.jpeg 1024w, https:\/\/patrimoineduquebec.com\/eglisesduquebec\/wp-content\/uploads\/2021\/05\/trois-rivieres-rue-saint-maurice-Gerald-Arbour-N1-300x225.jpeg 300w, https:\/\/patrimoineduquebec.com\/eglisesduquebec\/wp-content\/uploads\/2021\/05\/trois-rivieres-rue-saint-maurice-Gerald-Arbour-N1-768x576.jpeg 768w, https:\/\/patrimoineduquebec.com\/eglisesduquebec\/wp-content\/uploads\/2021\/05\/trois-rivieres-rue-saint-maurice-Gerald-Arbour-N1-1536x1152.jpeg 1536w, https:\/\/patrimoineduquebec.com\/eglisesduquebec\/wp-content\/uploads\/2021\/05\/trois-rivieres-rue-saint-maurice-Gerald-Arbour-N1-2048x1536.jpeg 2048w, https:\/\/patrimoineduquebec.com\/eglisesduquebec\/wp-content\/uploads\/2021\/05\/trois-rivieres-rue-saint-maurice-Gerald-Arbour-N1-120x90.jpeg 120w\" sizes=\"auto, (max-width: 1024px) 100vw, 1024px\" \/><\/a><figcaption class=\"wp-element-caption\">Trois-Rivi\u00e8res<br>Chapelle de Saint-Antoine<br>1906-1907<br>(G\u00e9rald Arbour)<\/figcaption><\/figure>\n\n\n\n<figure class=\"wp-block-image size-large\"><a href=\"https:\/\/patrimoineduquebec.com\/eglisesduquebec\/wp-content\/uploads\/2021\/05\/trois-rivieres-du-carmel-Gerald-Arbour-N4-1-scaled.jpg\"><img loading=\"lazy\" decoding=\"async\" width=\"1024\" height=\"768\" data-id=\"4192\" src=\"https:\/\/patrimoineduquebec.com\/eglisesduquebec\/wp-content\/uploads\/2021\/05\/trois-rivieres-du-carmel-Gerald-Arbour-N4-1-1024x768.jpg\" alt=\"\" class=\"wp-image-4192\" srcset=\"https:\/\/patrimoineduquebec.com\/eglisesduquebec\/wp-content\/uploads\/2021\/05\/trois-rivieres-du-carmel-Gerald-Arbour-N4-1-1024x768.jpg 1024w, https:\/\/patrimoineduquebec.com\/eglisesduquebec\/wp-content\/uploads\/2021\/05\/trois-rivieres-du-carmel-Gerald-Arbour-N4-1-300x225.jpg 300w, https:\/\/patrimoineduquebec.com\/eglisesduquebec\/wp-content\/uploads\/2021\/05\/trois-rivieres-du-carmel-Gerald-Arbour-N4-1-768x576.jpg 768w, https:\/\/patrimoineduquebec.com\/eglisesduquebec\/wp-content\/uploads\/2021\/05\/trois-rivieres-du-carmel-Gerald-Arbour-N4-1-1536x1152.jpg 1536w, https:\/\/patrimoineduquebec.com\/eglisesduquebec\/wp-content\/uploads\/2021\/05\/trois-rivieres-du-carmel-Gerald-Arbour-N4-1-2048x1536.jpg 2048w, https:\/\/patrimoineduquebec.com\/eglisesduquebec\/wp-content\/uploads\/2021\/05\/trois-rivieres-du-carmel-Gerald-Arbour-N4-1-120x90.jpg 120w\" sizes=\"auto, (max-width: 1024px) 100vw, 1024px\" \/><\/a><figcaption class=\"wp-element-caption\">Trois-Rivi\u00e8res<br>Chapelle Sainte-Trinit\u00e9-de-Marie-M\u00e9diatrice (ferm\u00e9e)<br>1950-1951<br>(G\u00e9rald Arbour)<\/figcaption><\/figure>\n\n\n\n<figure class=\"wp-block-image size-large\"><a href=\"https:\/\/patrimoineduquebec.com\/eglisesduquebec\/wp-content\/uploads\/2019\/05\/3-Rivi\u00e8res-Notre-Dame-des-7All\u00e9gresses.jpeg\"><img loading=\"lazy\" decoding=\"async\" width=\"768\" height=\"1024\" data-id=\"2493\" src=\"https:\/\/patrimoineduquebec.com\/eglisesduquebec\/wp-content\/uploads\/2019\/05\/3-Rivi\u00e8res-Notre-Dame-des-7All\u00e9gresses-768x1024.jpeg\" alt=\"\" class=\"wp-image-2493\" srcset=\"https:\/\/patrimoineduquebec.com\/eglisesduquebec\/wp-content\/uploads\/2019\/05\/3-Rivi\u00e8res-Notre-Dame-des-7All\u00e9gresses-768x1024.jpeg 768w, https:\/\/patrimoineduquebec.com\/eglisesduquebec\/wp-content\/uploads\/2019\/05\/3-Rivi\u00e8res-Notre-Dame-des-7All\u00e9gresses-225x300.jpeg 225w, https:\/\/patrimoineduquebec.com\/eglisesduquebec\/wp-content\/uploads\/2019\/05\/3-Rivi\u00e8res-Notre-Dame-des-7All\u00e9gresses.jpeg 1920w\" sizes=\"auto, (max-width: 768px) 100vw, 768px\" \/><\/a><figcaption class=\"wp-element-caption\">Trois-Rivi\u00e8res <br>\u00c9glise Notre-Dame-des-Sept-All\u00e9gresses (ferm\u00e9e)<br> 1913-1914<br>(Monique Bellemare)<\/figcaption><\/figure>\n\n\n\n<figure class=\"wp-block-image size-large\"><a href=\"https:\/\/patrimoineduquebec.com\/eglisesduquebec\/wp-content\/uploads\/2019\/05\/f-1.jpeg\"><img loading=\"lazy\" decoding=\"async\" width=\"1024\" height=\"768\" data-id=\"2494\" src=\"https:\/\/patrimoineduquebec.com\/eglisesduquebec\/wp-content\/uploads\/2019\/05\/f-1-1024x768.jpeg\" alt=\"\" class=\"wp-image-2494\" srcset=\"https:\/\/patrimoineduquebec.com\/eglisesduquebec\/wp-content\/uploads\/2019\/05\/f-1-1024x768.jpeg 1024w, https:\/\/patrimoineduquebec.com\/eglisesduquebec\/wp-content\/uploads\/2019\/05\/f-1-300x225.jpeg 300w, https:\/\/patrimoineduquebec.com\/eglisesduquebec\/wp-content\/uploads\/2019\/05\/f-1-768x576.jpeg 768w, https:\/\/patrimoineduquebec.com\/eglisesduquebec\/wp-content\/uploads\/2019\/05\/f-1-120x90.jpeg 120w\" sizes=\"auto, (max-width: 1024px) 100vw, 1024px\" \/><\/a><figcaption class=\"wp-element-caption\">Trois-Rivi\u00e8res <br>\u00c9glise Saint-Fran\u00e7ois-d\u2019Assise (d\u00e9molie)<br>1951-1952 <br>(Monique Bellemare)<\/figcaption><\/figure>\n\n\n\n<figure class=\"wp-block-image size-large\"><a href=\"https:\/\/patrimoineduquebec.com\/eglisesduquebec\/wp-content\/uploads\/2019\/05\/3-Rivi\u00e8res-St-Jean-de-Br\u00e9beuf.jpeg\"><img loading=\"lazy\" decoding=\"async\" width=\"768\" height=\"1024\" data-id=\"2495\" src=\"https:\/\/patrimoineduquebec.com\/eglisesduquebec\/wp-content\/uploads\/2019\/05\/3-Rivi\u00e8res-St-Jean-de-Br\u00e9beuf-768x1024.jpeg\" alt=\"\" class=\"wp-image-2495\" srcset=\"https:\/\/patrimoineduquebec.com\/eglisesduquebec\/wp-content\/uploads\/2019\/05\/3-Rivi\u00e8res-St-Jean-de-Br\u00e9beuf-768x1024.jpeg 768w, https:\/\/patrimoineduquebec.com\/eglisesduquebec\/wp-content\/uploads\/2019\/05\/3-Rivi\u00e8res-St-Jean-de-Br\u00e9beuf-225x300.jpeg 225w\" sizes=\"auto, (max-width: 768px) 100vw, 768px\" \/><\/a><figcaption class=\"wp-element-caption\">Trois-Rivi\u00e8res <br>\u00c9glise Saint-Jean-de-Br\u00e9beuf (ferm\u00e9e)<br>1956-1957 <br>(Monique Bellemare)<\/figcaption><\/figure>\n\n\n\n<figure class=\"wp-block-image size-large\"><a href=\"https:\/\/patrimoineduquebec.com\/eglisesduquebec\/wp-content\/uploads\/2019\/05\/3-R-St-Laurent.jpeg\"><img loading=\"lazy\" decoding=\"async\" width=\"1024\" height=\"768\" data-id=\"2496\" src=\"https:\/\/patrimoineduquebec.com\/eglisesduquebec\/wp-content\/uploads\/2019\/05\/3-R-St-Laurent-1024x768.jpeg\" alt=\"\" class=\"wp-image-2496\" srcset=\"https:\/\/patrimoineduquebec.com\/eglisesduquebec\/wp-content\/uploads\/2019\/05\/3-R-St-Laurent-1024x768.jpeg 1024w, https:\/\/patrimoineduquebec.com\/eglisesduquebec\/wp-content\/uploads\/2019\/05\/3-R-St-Laurent-300x225.jpeg 300w, https:\/\/patrimoineduquebec.com\/eglisesduquebec\/wp-content\/uploads\/2019\/05\/3-R-St-Laurent-768x576.jpeg 768w, https:\/\/patrimoineduquebec.com\/eglisesduquebec\/wp-content\/uploads\/2019\/05\/3-R-St-Laurent-120x90.jpeg 120w\" sizes=\"auto, (max-width: 1024px) 100vw, 1024px\" \/><\/a><figcaption class=\"wp-element-caption\">Trois-Rivi\u00e8res<br> \u00c9glise Saint-Laurent<br>1984<br>(Monique Bellemare)<\/figcaption><\/figure>\n\n\n\n<figure class=\"wp-block-image size-large\"><a href=\"https:\/\/patrimoineduquebec.com\/eglisesduquebec\/wp-content\/uploads\/2019\/05\/3-Rivi\u00e8res-St-Michel.jpeg\"><img loading=\"lazy\" decoding=\"async\" width=\"768\" height=\"1024\" data-id=\"2497\" src=\"https:\/\/patrimoineduquebec.com\/eglisesduquebec\/wp-content\/uploads\/2019\/05\/3-Rivi\u00e8res-St-Michel-768x1024.jpeg\" alt=\"\" class=\"wp-image-2497\" srcset=\"https:\/\/patrimoineduquebec.com\/eglisesduquebec\/wp-content\/uploads\/2019\/05\/3-Rivi\u00e8res-St-Michel-768x1024.jpeg 768w, https:\/\/patrimoineduquebec.com\/eglisesduquebec\/wp-content\/uploads\/2019\/05\/3-Rivi\u00e8res-St-Michel-225x300.jpeg 225w\" sizes=\"auto, (max-width: 768px) 100vw, 768px\" \/><\/a><figcaption class=\"wp-element-caption\">Trois-Rivi\u00e8res<br> \u00c9glise Saint-Michel-Archange <br>1930-1931 <br>(Monique Bellemare)<\/figcaption><\/figure>\n\n\n\n<figure class=\"wp-block-image size-large\"><a href=\"https:\/\/patrimoineduquebec.com\/eglisesduquebec\/wp-content\/uploads\/2019\/05\/3-R-St-Patrick.jpeg\"><img loading=\"lazy\" decoding=\"async\" width=\"1024\" height=\"768\" data-id=\"2498\" src=\"https:\/\/patrimoineduquebec.com\/eglisesduquebec\/wp-content\/uploads\/2019\/05\/3-R-St-Patrick-1024x768.jpeg\" alt=\"\" class=\"wp-image-2498\" srcset=\"https:\/\/patrimoineduquebec.com\/eglisesduquebec\/wp-content\/uploads\/2019\/05\/3-R-St-Patrick-1024x768.jpeg 1024w, https:\/\/patrimoineduquebec.com\/eglisesduquebec\/wp-content\/uploads\/2019\/05\/3-R-St-Patrick-300x225.jpeg 300w, https:\/\/patrimoineduquebec.com\/eglisesduquebec\/wp-content\/uploads\/2019\/05\/3-R-St-Patrick-768x576.jpeg 768w, https:\/\/patrimoineduquebec.com\/eglisesduquebec\/wp-content\/uploads\/2019\/05\/3-R-St-Patrick-120x90.jpeg 120w\" sizes=\"auto, (max-width: 1024px) 100vw, 1024px\" \/><\/a><figcaption class=\"wp-element-caption\">Trois-Rivi\u00e8res<br> \u00c9glise Saint-Patrick <br>1954 <br>(Monique Bellemare)<\/figcaption><\/figure>\n\n\n\n<figure class=\"wp-block-image size-large\"><a href=\"https:\/\/patrimoineduquebec.com\/eglisesduquebec\/wp-content\/uploads\/2019\/05\/3-R-St-Philippe.jpeg\"><img loading=\"lazy\" decoding=\"async\" width=\"768\" height=\"1024\" data-id=\"2499\" src=\"https:\/\/patrimoineduquebec.com\/eglisesduquebec\/wp-content\/uploads\/2019\/05\/3-R-St-Philippe-768x1024.jpeg\" alt=\"\" class=\"wp-image-2499\" srcset=\"https:\/\/patrimoineduquebec.com\/eglisesduquebec\/wp-content\/uploads\/2019\/05\/3-R-St-Philippe-768x1024.jpeg 768w, https:\/\/patrimoineduquebec.com\/eglisesduquebec\/wp-content\/uploads\/2019\/05\/3-R-St-Philippe-225x300.jpeg 225w\" sizes=\"auto, (max-width: 768px) 100vw, 768px\" \/><\/a><figcaption class=\"wp-element-caption\">Trois-Rivi\u00e8res<br> \u00c9glise Saint-Philippe (d\u00e9molie)<br>1908-1909<br> (Monique Bellemare)<\/figcaption><\/figure>\n\n\n\n<figure class=\"wp-block-image size-large\"><a href=\"https:\/\/patrimoineduquebec.com\/eglisesduquebec\/wp-content\/uploads\/2019\/05\/3-Rivi\u00e8res-St-Pie-x.jpg\"><img loading=\"lazy\" decoding=\"async\" width=\"768\" height=\"1024\" data-id=\"2500\" src=\"https:\/\/patrimoineduquebec.com\/eglisesduquebec\/wp-content\/uploads\/2019\/05\/3-Rivi\u00e8res-St-Pie-x-768x1024.jpg\" alt=\"\" class=\"wp-image-2500\" srcset=\"https:\/\/patrimoineduquebec.com\/eglisesduquebec\/wp-content\/uploads\/2019\/05\/3-Rivi\u00e8res-St-Pie-x-768x1024.jpg 768w, https:\/\/patrimoineduquebec.com\/eglisesduquebec\/wp-content\/uploads\/2019\/05\/3-Rivi\u00e8res-St-Pie-x-225x300.jpg 225w\" sizes=\"auto, (max-width: 768px) 100vw, 768px\" \/><\/a><figcaption class=\"wp-element-caption\">Trois-Rivi\u00e8res <br>\u00c9glise Saint-Pie X <br>1963-1964 <br>(Monique Bellemare)<\/figcaption><\/figure>\n\n\n\n<figure class=\"wp-block-image size-large\"><a href=\"https:\/\/patrimoineduquebec.com\/eglisesduquebec\/wp-content\/uploads\/2019\/05\/3-rivi\u00e8res-Ste-C\u00e9cile.jpeg\"><img loading=\"lazy\" decoding=\"async\" width=\"768\" height=\"1024\" data-id=\"2501\" src=\"https:\/\/patrimoineduquebec.com\/eglisesduquebec\/wp-content\/uploads\/2019\/05\/3-rivi\u00e8res-Ste-C\u00e9cile-768x1024.jpeg\" alt=\"\" class=\"wp-image-2501\" srcset=\"https:\/\/patrimoineduquebec.com\/eglisesduquebec\/wp-content\/uploads\/2019\/05\/3-rivi\u00e8res-Ste-C\u00e9cile-768x1024.jpeg 768w, https:\/\/patrimoineduquebec.com\/eglisesduquebec\/wp-content\/uploads\/2019\/05\/3-rivi\u00e8res-Ste-C\u00e9cile-225x300.jpeg 225w\" sizes=\"auto, (max-width: 768px) 100vw, 768px\" \/><\/a><figcaption class=\"wp-element-caption\">Trois-Rivi\u00e8res <br>\u00c9glise Sainte-C\u00e9cile (ferm\u00e9e)<br> 1913-1914<br>(Monique Bellemare)<\/figcaption><\/figure>\n\n\n\n<figure class=\"wp-block-image size-large\"><a href=\"https:\/\/patrimoineduquebec.com\/eglisesduquebec\/wp-content\/uploads\/2019\/05\/3-rivi\u00e8res-Ste-Marguerite-de-Cortone.jpeg\"><img loading=\"lazy\" decoding=\"async\" width=\"768\" height=\"1024\" data-id=\"2502\" src=\"https:\/\/patrimoineduquebec.com\/eglisesduquebec\/wp-content\/uploads\/2019\/05\/3-rivi\u00e8res-Ste-Marguerite-de-Cortone-768x1024.jpeg\" alt=\"\" class=\"wp-image-2502\" srcset=\"https:\/\/patrimoineduquebec.com\/eglisesduquebec\/wp-content\/uploads\/2019\/05\/3-rivi\u00e8res-Ste-Marguerite-de-Cortone-768x1024.jpeg 768w, https:\/\/patrimoineduquebec.com\/eglisesduquebec\/wp-content\/uploads\/2019\/05\/3-rivi\u00e8res-Ste-Marguerite-de-Cortone-225x300.jpeg 225w\" sizes=\"auto, (max-width: 768px) 100vw, 768px\" \/><\/a><figcaption class=\"wp-element-caption\">Trois-Rivi\u00e8res <br>\u00c9glise Sainte-Marguerite-de-Cortone (d\u00e9molie)<br>1950-1957 <br>(Monique Bellemare)<\/figcaption><\/figure>\n\n\n\n<figure class=\"wp-block-image size-large\"><a href=\"https:\/\/patrimoineduquebec.com\/eglisesduquebec\/wp-content\/uploads\/2019\/05\/t.jpeg\"><img loading=\"lazy\" decoding=\"async\" width=\"768\" height=\"1024\" data-id=\"2505\" src=\"https:\/\/patrimoineduquebec.com\/eglisesduquebec\/wp-content\/uploads\/2019\/05\/t-768x1024.jpeg\" alt=\"\" class=\"wp-image-2505\" srcset=\"https:\/\/patrimoineduquebec.com\/eglisesduquebec\/wp-content\/uploads\/2019\/05\/t-768x1024.jpeg 768w, https:\/\/patrimoineduquebec.com\/eglisesduquebec\/wp-content\/uploads\/2019\/05\/t-225x300.jpeg 225w\" sizes=\"auto, (max-width: 768px) 100vw, 768px\" \/><\/a><figcaption class=\"wp-element-caption\">Trois-Rivi\u00e8res<br> \u00c9glise Sainte-Th\u00e9r\u00e8se-de-l\u2019Enfant-J\u00e9sus<br> 1954 <br>(Monique Bellemare)<\/figcaption><\/figure>\n\n\n\n<figure class=\"wp-block-image size-large\"><a href=\"https:\/\/patrimoineduquebec.com\/eglisesduquebec\/wp-content\/uploads\/2019\/05\/3-R-Tr\u00e8s-saint-sacrement-1.jpeg\"><img loading=\"lazy\" decoding=\"async\" width=\"1024\" height=\"768\" data-id=\"2506\" src=\"https:\/\/patrimoineduquebec.com\/eglisesduquebec\/wp-content\/uploads\/2019\/05\/3-R-Tr\u00e8s-saint-sacrement-1-1024x768.jpeg\" alt=\"\" class=\"wp-image-2506\" srcset=\"https:\/\/patrimoineduquebec.com\/eglisesduquebec\/wp-content\/uploads\/2019\/05\/3-R-Tr\u00e8s-saint-sacrement-1-1024x768.jpeg 1024w, https:\/\/patrimoineduquebec.com\/eglisesduquebec\/wp-content\/uploads\/2019\/05\/3-R-Tr\u00e8s-saint-sacrement-1-300x225.jpeg 300w, https:\/\/patrimoineduquebec.com\/eglisesduquebec\/wp-content\/uploads\/2019\/05\/3-R-Tr\u00e8s-saint-sacrement-1-768x576.jpeg 768w, https:\/\/patrimoineduquebec.com\/eglisesduquebec\/wp-content\/uploads\/2019\/05\/3-R-Tr\u00e8s-saint-sacrement-1-120x90.jpeg 120w\" sizes=\"auto, (max-width: 1024px) 100vw, 1024px\" \/><\/a><figcaption class=\"wp-element-caption\">Trois-Rivi\u00e8res<br> \u00c9glise Tr\u00e8s-Saint-Sacrement (ferm\u00e9e)<br>1956-1957 <br>(Monique Bellemare)<\/figcaption><\/figure>\n\n\n\n<figure class=\"wp-block-image size-large\"><a href=\"https:\/\/patrimoineduquebec.com\/eglisesduquebec\/wp-content\/uploads\/2019\/05\/Cap-de-la-MadeleineN-D-du-C.jpeg\"><img loading=\"lazy\" decoding=\"async\" width=\"1024\" height=\"768\" data-id=\"2507\" src=\"https:\/\/patrimoineduquebec.com\/eglisesduquebec\/wp-content\/uploads\/2019\/05\/Cap-de-la-MadeleineN-D-du-C-1024x768.jpeg\" alt=\"\" class=\"wp-image-2507\" srcset=\"https:\/\/patrimoineduquebec.com\/eglisesduquebec\/wp-content\/uploads\/2019\/05\/Cap-de-la-MadeleineN-D-du-C-1024x768.jpeg 1024w, https:\/\/patrimoineduquebec.com\/eglisesduquebec\/wp-content\/uploads\/2019\/05\/Cap-de-la-MadeleineN-D-du-C-300x225.jpeg 300w, https:\/\/patrimoineduquebec.com\/eglisesduquebec\/wp-content\/uploads\/2019\/05\/Cap-de-la-MadeleineN-D-du-C-768x576.jpeg 768w, https:\/\/patrimoineduquebec.com\/eglisesduquebec\/wp-content\/uploads\/2019\/05\/Cap-de-la-MadeleineN-D-du-C-120x90.jpeg 120w\" sizes=\"auto, (max-width: 1024px) 100vw, 1024px\" \/><\/a><figcaption class=\"wp-element-caption\">Trois-Rivi\u00e8res (Cap-de-la-Madeleine) <br> Sanctuaire Notre-Dame-du-Cap <br>1955-1964 <br>(Monique Bellemare)<\/figcaption><\/figure>\n\n\n\n<figure class=\"wp-block-image size-large\"><a href=\"https:\/\/patrimoineduquebec.com\/eglisesduquebec\/wp-content\/uploads\/2019\/05\/Cap-de-la-Madeleine-St-Eug\u00e8ne.jpeg\"><img loading=\"lazy\" decoding=\"async\" width=\"677\" height=\"1024\" data-id=\"2508\" src=\"https:\/\/patrimoineduquebec.com\/eglisesduquebec\/wp-content\/uploads\/2019\/05\/Cap-de-la-Madeleine-St-Eug\u00e8ne-677x1024.jpeg\" alt=\"\" class=\"wp-image-2508\" srcset=\"https:\/\/patrimoineduquebec.com\/eglisesduquebec\/wp-content\/uploads\/2019\/05\/Cap-de-la-Madeleine-St-Eug\u00e8ne-677x1024.jpeg 677w, https:\/\/patrimoineduquebec.com\/eglisesduquebec\/wp-content\/uploads\/2019\/05\/Cap-de-la-Madeleine-St-Eug\u00e8ne-198x300.jpeg 198w, https:\/\/patrimoineduquebec.com\/eglisesduquebec\/wp-content\/uploads\/2019\/05\/Cap-de-la-Madeleine-St-Eug\u00e8ne.jpeg 713w\" sizes=\"auto, (max-width: 677px) 100vw, 677px\" \/><\/a><figcaption class=\"wp-element-caption\">Trois-Rivi\u00e8res (Cap-de-la-Madeleine) <br>\u00c9glise Saint-Eug\u00e8ne (ferm\u00e9e)<br>1950-1951<br>(Monique Bellemare)<\/figcaption><\/figure>\n\n\n\n<figure class=\"wp-block-image size-large\"><a href=\"https:\/\/patrimoineduquebec.com\/eglisesduquebec\/wp-content\/uploads\/2019\/05\/Cap-de-la-Madeleine-St-Gabriel.jpeg\"><img loading=\"lazy\" decoding=\"async\" width=\"1024\" height=\"648\" data-id=\"2509\" src=\"https:\/\/patrimoineduquebec.com\/eglisesduquebec\/wp-content\/uploads\/2019\/05\/Cap-de-la-Madeleine-St-Gabriel-1024x648.jpeg\" alt=\"\" class=\"wp-image-2509\" srcset=\"https:\/\/patrimoineduquebec.com\/eglisesduquebec\/wp-content\/uploads\/2019\/05\/Cap-de-la-Madeleine-St-Gabriel-1024x648.jpeg 1024w, https:\/\/patrimoineduquebec.com\/eglisesduquebec\/wp-content\/uploads\/2019\/05\/Cap-de-la-Madeleine-St-Gabriel-300x190.jpeg 300w, https:\/\/patrimoineduquebec.com\/eglisesduquebec\/wp-content\/uploads\/2019\/05\/Cap-de-la-Madeleine-St-Gabriel-768x486.jpeg 768w, https:\/\/patrimoineduquebec.com\/eglisesduquebec\/wp-content\/uploads\/2019\/05\/Cap-de-la-Madeleine-St-Gabriel.jpeg 1677w\" sizes=\"auto, (max-width: 1024px) 100vw, 1024px\" \/><\/a><figcaption class=\"wp-element-caption\">Trois-Rivi\u00e8res (Cap-de-la-Madeleine)<br> \u00c9glise Saint-Gabriel-Archange <br>1972-1973 <br>(Monique Bellemare)<\/figcaption><\/figure>\n\n\n\n<figure class=\"wp-block-image size-large\"><a href=\"https:\/\/patrimoineduquebec.com\/eglisesduquebec\/wp-content\/uploads\/2019\/05\/Cap-de-la-Madeleine-St-Lazare.jpeg\"><img loading=\"lazy\" decoding=\"async\" width=\"659\" height=\"1024\" data-id=\"2510\" src=\"https:\/\/patrimoineduquebec.com\/eglisesduquebec\/wp-content\/uploads\/2019\/05\/Cap-de-la-Madeleine-St-Lazare-659x1024.jpeg\" alt=\"\" class=\"wp-image-2510\" srcset=\"https:\/\/patrimoineduquebec.com\/eglisesduquebec\/wp-content\/uploads\/2019\/05\/Cap-de-la-Madeleine-St-Lazare-659x1024.jpeg 659w, https:\/\/patrimoineduquebec.com\/eglisesduquebec\/wp-content\/uploads\/2019\/05\/Cap-de-la-Madeleine-St-Lazare-193x300.jpeg 193w, https:\/\/patrimoineduquebec.com\/eglisesduquebec\/wp-content\/uploads\/2019\/05\/Cap-de-la-Madeleine-St-Lazare-768x1194.jpeg 768w, https:\/\/patrimoineduquebec.com\/eglisesduquebec\/wp-content\/uploads\/2019\/05\/Cap-de-la-Madeleine-St-Lazare.jpeg 1059w\" sizes=\"auto, (max-width: 659px) 100vw, 659px\" \/><\/a><figcaption class=\"wp-element-caption\">Trois-Rivi\u00e8res (Cap-de-la-Madeleine) <br>\u00c9glise Saint-Lazare (ferm\u0117e)<br>1928-1929 <br>(Monique Bellemare)<\/figcaption><\/figure>\n\n\n\n<figure class=\"wp-block-image size-large\"><a href=\"https:\/\/patrimoineduquebec.com\/eglisesduquebec\/wp-content\/uploads\/2019\/05\/P1050913.jpeg\"><img loading=\"lazy\" decoding=\"async\" width=\"683\" height=\"1024\" data-id=\"2511\" src=\"https:\/\/patrimoineduquebec.com\/eglisesduquebec\/wp-content\/uploads\/2019\/05\/P1050913-683x1024.jpeg\" alt=\"\" class=\"wp-image-2511\" srcset=\"https:\/\/patrimoineduquebec.com\/eglisesduquebec\/wp-content\/uploads\/2019\/05\/P1050913-683x1024.jpeg 683w, https:\/\/patrimoineduquebec.com\/eglisesduquebec\/wp-content\/uploads\/2019\/05\/P1050913-200x300.jpeg 200w, https:\/\/patrimoineduquebec.com\/eglisesduquebec\/wp-content\/uploads\/2019\/05\/P1050913-768x1152.jpeg 768w\" sizes=\"auto, (max-width: 683px) 100vw, 683px\" \/><\/a><figcaption class=\"wp-element-caption\">Trois-Rivi\u00e8res (Cap-de-la-Madeleine) <br>\u00c9glise Saint-Odilon <br>(Paul Turcotte)<\/figcaption><\/figure>\n\n\n\n<figure class=\"wp-block-image size-large\"><a href=\"https:\/\/patrimoineduquebec.com\/eglisesduquebec\/wp-content\/uploads\/2019\/05\/Cap-de-la-Madeleine-Ste-Bernadette.jpeg\"><img loading=\"lazy\" decoding=\"async\" width=\"1024\" height=\"650\" data-id=\"2512\" src=\"https:\/\/patrimoineduquebec.com\/eglisesduquebec\/wp-content\/uploads\/2019\/05\/Cap-de-la-Madeleine-Ste-Bernadette-1024x650.jpeg\" alt=\"\" class=\"wp-image-2512\" srcset=\"https:\/\/patrimoineduquebec.com\/eglisesduquebec\/wp-content\/uploads\/2019\/05\/Cap-de-la-Madeleine-Ste-Bernadette-1024x650.jpeg 1024w, https:\/\/patrimoineduquebec.com\/eglisesduquebec\/wp-content\/uploads\/2019\/05\/Cap-de-la-Madeleine-Ste-Bernadette-300x190.jpeg 300w, https:\/\/patrimoineduquebec.com\/eglisesduquebec\/wp-content\/uploads\/2019\/05\/Cap-de-la-Madeleine-Ste-Bernadette-768x488.jpeg 768w, https:\/\/patrimoineduquebec.com\/eglisesduquebec\/wp-content\/uploads\/2019\/05\/Cap-de-la-Madeleine-Ste-Bernadette.jpeg 1115w\" sizes=\"auto, (max-width: 1024px) 100vw, 1024px\" \/><\/a><figcaption class=\"wp-element-caption\">Trois-Rivi\u00e8res (Cap-de-la-Madeleine) <br>\u00c9glise Sainte-Bernadette<br>1969-1970 <br>(Monique Bellemare)<\/figcaption><\/figure>\n\n\n\n<figure class=\"wp-block-image size-large\"><a href=\"https:\/\/patrimoineduquebec.com\/eglisesduquebec\/wp-content\/uploads\/2019\/05\/Cap-de-la-Madeleine-Ste-famille.jpeg\"><img loading=\"lazy\" decoding=\"async\" width=\"768\" height=\"1024\" data-id=\"2513\" src=\"https:\/\/patrimoineduquebec.com\/eglisesduquebec\/wp-content\/uploads\/2019\/05\/Cap-de-la-Madeleine-Ste-famille-768x1024.jpeg\" alt=\"\" class=\"wp-image-2513\" srcset=\"https:\/\/patrimoineduquebec.com\/eglisesduquebec\/wp-content\/uploads\/2019\/05\/Cap-de-la-Madeleine-Ste-famille-768x1024.jpeg 768w, https:\/\/patrimoineduquebec.com\/eglisesduquebec\/wp-content\/uploads\/2019\/05\/Cap-de-la-Madeleine-Ste-famille-225x300.jpeg 225w\" sizes=\"auto, (max-width: 768px) 100vw, 768px\" \/><\/a><figcaption class=\"wp-element-caption\">Trois-Rivi\u00e8res (Cap-de-la-Madeleine)<br> \u00c9glise Sainte-Famille<br>1966-1967 <br>(Monique Bellemare)<\/figcaption><\/figure>\n\n\n\n<figure class=\"wp-block-image size-large\"><a href=\"https:\/\/patrimoineduquebec.com\/eglisesduquebec\/wp-content\/uploads\/2019\/05\/Cap-de-la-MadeleineSte-Marie-Madeleine.jpg\"><img loading=\"lazy\" decoding=\"async\" width=\"768\" height=\"1024\" data-id=\"2514\" src=\"https:\/\/patrimoineduquebec.com\/eglisesduquebec\/wp-content\/uploads\/2019\/05\/Cap-de-la-MadeleineSte-Marie-Madeleine-768x1024.jpg\" alt=\"\" class=\"wp-image-2514\" srcset=\"https:\/\/patrimoineduquebec.com\/eglisesduquebec\/wp-content\/uploads\/2019\/05\/Cap-de-la-MadeleineSte-Marie-Madeleine-768x1024.jpg 768w, https:\/\/patrimoineduquebec.com\/eglisesduquebec\/wp-content\/uploads\/2019\/05\/Cap-de-la-MadeleineSte-Marie-Madeleine-225x300.jpg 225w, https:\/\/patrimoineduquebec.com\/eglisesduquebec\/wp-content\/uploads\/2019\/05\/Cap-de-la-MadeleineSte-Marie-Madeleine.jpg 1920w\" sizes=\"auto, (max-width: 768px) 100vw, 768px\" \/><\/a><figcaption class=\"wp-element-caption\">Trois-Rivi\u00e8res (Cap-de-la-Madeleine) <br>\u00c9glise Sainte-Marie-Madeleine (d\u00e9molie)<br> 1951-1953 <br>(Monique Bellemare)<\/figcaption><\/figure>\n\n\n\n<figure class=\"wp-block-image size-large\"><a href=\"https:\/\/patrimoineduquebec.com\/eglisesduquebec\/wp-content\/uploads\/2019\/05\/Pointe-du-Lac.jpg\"><img loading=\"lazy\" decoding=\"async\" width=\"768\" height=\"1024\" data-id=\"2515\" src=\"https:\/\/patrimoineduquebec.com\/eglisesduquebec\/wp-content\/uploads\/2019\/05\/Pointe-du-Lac-768x1024.jpg\" alt=\"\" class=\"wp-image-2515\" srcset=\"https:\/\/patrimoineduquebec.com\/eglisesduquebec\/wp-content\/uploads\/2019\/05\/Pointe-du-Lac-768x1024.jpg 768w, https:\/\/patrimoineduquebec.com\/eglisesduquebec\/wp-content\/uploads\/2019\/05\/Pointe-du-Lac-225x300.jpg 225w\" sizes=\"auto, (max-width: 768px) 100vw, 768px\" \/><\/a><figcaption class=\"wp-element-caption\">Trois-Rivi\u00e8res (Pointe-du-Lac)<br>\u00c9glise La-Visitation <br>1882-1883<br>(Monique Bellemare)<\/figcaption><\/figure>\n\n\n\n<figure class=\"wp-block-image size-large\"><a href=\"https:\/\/patrimoineduquebec.com\/eglisesduquebec\/wp-content\/uploads\/2019\/05\/St-Louis-de-France.jpeg\"><img loading=\"lazy\" decoding=\"async\" width=\"768\" height=\"1024\" data-id=\"2516\" src=\"https:\/\/patrimoineduquebec.com\/eglisesduquebec\/wp-content\/uploads\/2019\/05\/St-Louis-de-France-768x1024.jpeg\" alt=\"\" class=\"wp-image-2516\" srcset=\"https:\/\/patrimoineduquebec.com\/eglisesduquebec\/wp-content\/uploads\/2019\/05\/St-Louis-de-France-768x1024.jpeg 768w, https:\/\/patrimoineduquebec.com\/eglisesduquebec\/wp-content\/uploads\/2019\/05\/St-Louis-de-France-225x300.jpeg 225w\" sizes=\"auto, (max-width: 768px) 100vw, 768px\" \/><\/a><figcaption class=\"wp-element-caption\">Trois-Rivi\u00e8res (Saint-Louis-de-France) <br>\u00c9glise Saint-Louis-de-France<br> 1901-1902 <br>(Monique Bellemare)<\/figcaption><\/figure>\n\n\n\n<figure class=\"wp-block-image size-large\"><a href=\"https:\/\/patrimoineduquebec.com\/eglisesduquebec\/wp-content\/uploads\/2019\/05\/3-Rivi\u00e8res-o-Jean-xxiii.jpeg\"><img loading=\"lazy\" decoding=\"async\" width=\"1024\" height=\"768\" data-id=\"2517\" src=\"https:\/\/patrimoineduquebec.com\/eglisesduquebec\/wp-content\/uploads\/2019\/05\/3-Rivi\u00e8res-o-Jean-xxiii-1024x768.jpeg\" alt=\"\" class=\"wp-image-2517\" srcset=\"https:\/\/patrimoineduquebec.com\/eglisesduquebec\/wp-content\/uploads\/2019\/05\/3-Rivi\u00e8res-o-Jean-xxiii-1024x768.jpeg 1024w, https:\/\/patrimoineduquebec.com\/eglisesduquebec\/wp-content\/uploads\/2019\/05\/3-Rivi\u00e8res-o-Jean-xxiii-300x225.jpeg 300w, https:\/\/patrimoineduquebec.com\/eglisesduquebec\/wp-content\/uploads\/2019\/05\/3-Rivi\u00e8res-o-Jean-xxiii-768x576.jpeg 768w, https:\/\/patrimoineduquebec.com\/eglisesduquebec\/wp-content\/uploads\/2019\/05\/3-Rivi\u00e8res-o-Jean-xxiii-120x90.jpeg 120w\" sizes=\"auto, (max-width: 1024px) 100vw, 1024px\" \/><\/a><figcaption class=\"wp-element-caption\">Trois-Rivi\u00e8res (Trois-Rivi\u00e8res-Ouest) <br>\u00c9glise Jean XXIII<br>1979-1980<br>(Monique Bellemare)<\/figcaption><\/figure>\n\n\n\n<figure class=\"wp-block-image size-large\"><a href=\"https:\/\/patrimoineduquebec.com\/eglisesduquebec\/wp-content\/uploads\/2019\/05\/3-Rivi\u00e8res-o-Ste-Catherine-de-Sienne.jpeg\"><img loading=\"lazy\" decoding=\"async\" width=\"768\" height=\"1024\" data-id=\"2518\" src=\"https:\/\/patrimoineduquebec.com\/eglisesduquebec\/wp-content\/uploads\/2019\/05\/3-Rivi\u00e8res-o-Ste-Catherine-de-Sienne-768x1024.jpeg\" alt=\"\" class=\"wp-image-2518\" srcset=\"https:\/\/patrimoineduquebec.com\/eglisesduquebec\/wp-content\/uploads\/2019\/05\/3-Rivi\u00e8res-o-Ste-Catherine-de-Sienne-768x1024.jpeg 768w, https:\/\/patrimoineduquebec.com\/eglisesduquebec\/wp-content\/uploads\/2019\/05\/3-Rivi\u00e8res-o-Ste-Catherine-de-Sienne-225x300.jpeg 225w\" sizes=\"auto, (max-width: 768px) 100vw, 768px\" \/><\/a><figcaption class=\"wp-element-caption\">Trois Rivi\u00e8res (Trois-Rivi\u00e8res-Ouest) <br>\u00c9glise Sainte-Catherine-de-Sienne<br> 1963 <br>(Monique Bellemare)<\/figcaption><\/figure>\n\n\n\n<figure class=\"wp-block-image size-large\"><a href=\"https:\/\/patrimoineduquebec.com\/eglisesduquebec\/wp-content\/uploads\/2019\/05\/Yamachiche.jpeg\"><img loading=\"lazy\" decoding=\"async\" width=\"768\" height=\"1024\" data-id=\"2519\" src=\"https:\/\/patrimoineduquebec.com\/eglisesduquebec\/wp-content\/uploads\/2019\/05\/Yamachiche-768x1024.jpeg\" alt=\"\" class=\"wp-image-2519\" srcset=\"https:\/\/patrimoineduquebec.com\/eglisesduquebec\/wp-content\/uploads\/2019\/05\/Yamachiche-768x1024.jpeg 768w, https:\/\/patrimoineduquebec.com\/eglisesduquebec\/wp-content\/uploads\/2019\/05\/Yamachiche-225x300.jpeg 225w\" sizes=\"auto, (max-width: 768px) 100vw, 768px\" \/><\/a><figcaption class=\"wp-element-caption\">Yamachiche <br>\u00c9glise Sainte-Anne <br>1957-1958 <br>(Monique Bellemare)<\/figcaption><\/figure>\n<\/figure>\n","protected":false},"excerpt":{"rendered":"","protected":false},"author":1,"featured_media":0,"parent":0,"menu_order":0,"comment_status":"closed","ping_status":"closed","template":"","meta":{"footnotes":""},"class_list":["post-2387","page","type-page","status-publish","hentry"],"_links":{"self":[{"href":"https:\/\/patrimoineduquebec.com\/eglisesduquebec\/wp-json\/wp\/v2\/pages\/2387","targetHints":{"allow":["GET"]}}],"collection":[{"href":"https:\/\/patrimoineduquebec.com\/eglisesduquebec\/wp-json\/wp\/v2\/pages"}],"about":[{"href":"https:\/\/patrimoineduquebec.com\/eglisesduquebec\/wp-json\/wp\/v2\/types\/page"}],"author":[{"embeddable":true,"href":"https:\/\/patrimoineduquebec.com\/eglisesduquebec\/wp-json\/wp\/v2\/users\/1"}],"replies":[{"embeddable":true,"href":"https:\/\/patrimoineduquebec.com\/eglisesduquebec\/wp-json\/wp\/v2\/comments?post=2387"}],"version-history":[{"count":42,"href":"https:\/\/patrimoineduquebec.com\/eglisesduquebec\/wp-json\/wp\/v2\/pages\/2387\/revisions"}],"predecessor-version":[{"id":4770,"href":"https:\/\/patrimoineduquebec.com\/eglisesduquebec\/wp-json\/wp\/v2\/pages\/2387\/revisions\/4770"}],"wp:attachment":[{"href":"https:\/\/patrimoineduquebec.com\/eglisesduquebec\/wp-json\/wp\/v2\/media?parent=2387"}],"curies":[{"name":"wp","href":"https:\/\/api.w.org\/{rel}","templated":true}]}}