{"id":2286,"date":"2019-05-12T18:43:15","date_gmt":"2019-05-12T18:43:15","guid":{"rendered":"https:\/\/patrimoineduquebec.com\/eglisesduquebec\/?page_id=2286"},"modified":"2026-02-09T14:03:23","modified_gmt":"2026-02-09T14:03:23","slug":"saint-jerome","status":"publish","type":"page","link":"https:\/\/patrimoineduquebec.com\/eglisesduquebec\/saint-jerome\/","title":{"rendered":"Saint-J\u00e9r\u00f4me-Mont-Laurier"},"content":{"rendered":"\n<p class=\"has-text-align-center has-medium-font-size\"><strong>(Secteur Saint-J\u00e9r\u00f4me)<\/strong><\/p>\n\n\n\n<figure class=\"wp-block-gallery has-nested-images columns-default wp-block-gallery-1 is-layout-flex wp-block-gallery-is-layout-flex\">\n<figure class=\"wp-block-image\"><a href=\"https:\/\/patrimoineduquebec.com\/eglisesduquebec\/wp-content\/uploads\/2019\/05\/q-1.jpeg\"><img loading=\"lazy\" decoding=\"async\" width=\"1024\" height=\"768\" data-id=\"2287\" src=\"https:\/\/patrimoineduquebec.com\/eglisesduquebec\/wp-content\/uploads\/2019\/05\/q-1-1024x768.jpeg\" alt=\"\" class=\"wp-image-2287\" srcset=\"https:\/\/patrimoineduquebec.com\/eglisesduquebec\/wp-content\/uploads\/2019\/05\/q-1-1024x768.jpeg 1024w, https:\/\/patrimoineduquebec.com\/eglisesduquebec\/wp-content\/uploads\/2019\/05\/q-1-300x225.jpeg 300w, https:\/\/patrimoineduquebec.com\/eglisesduquebec\/wp-content\/uploads\/2019\/05\/q-1-768x576.jpeg 768w, https:\/\/patrimoineduquebec.com\/eglisesduquebec\/wp-content\/uploads\/2019\/05\/q-1-120x90.jpeg 120w\" sizes=\"auto, (max-width: 1024px) 100vw, 1024px\" \/><\/a><figcaption class=\"wp-element-caption\">Blainville <br> \u00c9glise Notre-Dame-de-l&rsquo;Assomption<br> 1962-1963 <br>(Monique Bellemare)<\/figcaption><\/figure>\n\n\n\n<figure class=\"wp-block-image\"><a href=\"https:\/\/patrimoineduquebec.com\/eglisesduquebec\/wp-content\/uploads\/2019\/05\/Blainville-St-R\u00e9dempteur.jpeg\"><img loading=\"lazy\" decoding=\"async\" width=\"1024\" height=\"758\" data-id=\"2288\" src=\"https:\/\/patrimoineduquebec.com\/eglisesduquebec\/wp-content\/uploads\/2019\/05\/Blainville-St-R\u00e9dempteur-1024x758.jpeg\" alt=\"\" class=\"wp-image-2288\" srcset=\"https:\/\/patrimoineduquebec.com\/eglisesduquebec\/wp-content\/uploads\/2019\/05\/Blainville-St-R\u00e9dempteur-1024x758.jpeg 1024w, https:\/\/patrimoineduquebec.com\/eglisesduquebec\/wp-content\/uploads\/2019\/05\/Blainville-St-R\u00e9dempteur-300x222.jpeg 300w, https:\/\/patrimoineduquebec.com\/eglisesduquebec\/wp-content\/uploads\/2019\/05\/Blainville-St-R\u00e9dempteur-768x568.jpeg 768w, https:\/\/patrimoineduquebec.com\/eglisesduquebec\/wp-content\/uploads\/2019\/05\/Blainville-St-R\u00e9dempteur-120x90.jpeg 120w\" sizes=\"auto, (max-width: 1024px) 100vw, 1024px\" \/><\/a><figcaption class=\"wp-element-caption\">Blainville <br> \u00c9glise Saint-R\u00e9dempteur<br>1965-1966<br>(Monique Bellemare)<\/figcaption><\/figure>\n\n\n\n<figure class=\"wp-block-image\"><a href=\"https:\/\/patrimoineduquebec.com\/eglisesduquebec\/wp-content\/uploads\/2019\/05\/Blainville-T-S-Sacrement.jpeg\"><img loading=\"lazy\" decoding=\"async\" width=\"1024\" height=\"768\" data-id=\"2289\" src=\"https:\/\/patrimoineduquebec.com\/eglisesduquebec\/wp-content\/uploads\/2019\/05\/Blainville-T-S-Sacrement-1024x768.jpeg\" alt=\"\" class=\"wp-image-2289\" srcset=\"https:\/\/patrimoineduquebec.com\/eglisesduquebec\/wp-content\/uploads\/2019\/05\/Blainville-T-S-Sacrement-1024x768.jpeg 1024w, https:\/\/patrimoineduquebec.com\/eglisesduquebec\/wp-content\/uploads\/2019\/05\/Blainville-T-S-Sacrement-300x225.jpeg 300w, https:\/\/patrimoineduquebec.com\/eglisesduquebec\/wp-content\/uploads\/2019\/05\/Blainville-T-S-Sacrement-768x576.jpeg 768w, https:\/\/patrimoineduquebec.com\/eglisesduquebec\/wp-content\/uploads\/2019\/05\/Blainville-T-S-Sacrement-120x90.jpeg 120w\" sizes=\"auto, (max-width: 1024px) 100vw, 1024px\" \/><\/a><figcaption class=\"wp-element-caption\">Blainville <br> \u00c9glise Tr\u00e8s-Saint-Sacrement<br>(Monique Bellemare)<\/figcaption><\/figure>\n\n\n\n<figure class=\"wp-block-image\"><a href=\"https:\/\/patrimoineduquebec.com\/eglisesduquebec\/wp-content\/uploads\/2019\/05\/Bois-des-Filions.jpeg\"><img loading=\"lazy\" decoding=\"async\" width=\"1024\" height=\"768\" data-id=\"2290\" src=\"https:\/\/patrimoineduquebec.com\/eglisesduquebec\/wp-content\/uploads\/2019\/05\/Bois-des-Filions-1024x768.jpeg\" alt=\"\" class=\"wp-image-2290\" srcset=\"https:\/\/patrimoineduquebec.com\/eglisesduquebec\/wp-content\/uploads\/2019\/05\/Bois-des-Filions-1024x768.jpeg 1024w, https:\/\/patrimoineduquebec.com\/eglisesduquebec\/wp-content\/uploads\/2019\/05\/Bois-des-Filions-300x225.jpeg 300w, https:\/\/patrimoineduquebec.com\/eglisesduquebec\/wp-content\/uploads\/2019\/05\/Bois-des-Filions-768x576.jpeg 768w, https:\/\/patrimoineduquebec.com\/eglisesduquebec\/wp-content\/uploads\/2019\/05\/Bois-des-Filions-120x90.jpeg 120w\" sizes=\"auto, (max-width: 1024px) 100vw, 1024px\" \/><\/a><figcaption class=\"wp-element-caption\">Bois-des-Filion<br> \u00c9glise Saint-Maurice <br>1960 <br>(Monique Bellemare)<\/figcaption><\/figure>\n\n\n\n<figure class=\"wp-block-image\"><a href=\"https:\/\/patrimoineduquebec.com\/eglisesduquebec\/wp-content\/uploads\/2019\/05\/Boisbriand.jpeg\"><img loading=\"lazy\" decoding=\"async\" width=\"1024\" height=\"768\" data-id=\"2291\" src=\"https:\/\/patrimoineduquebec.com\/eglisesduquebec\/wp-content\/uploads\/2019\/05\/Boisbriand-1024x768.jpeg\" alt=\"\" class=\"wp-image-2291\" srcset=\"https:\/\/patrimoineduquebec.com\/eglisesduquebec\/wp-content\/uploads\/2019\/05\/Boisbriand-1024x768.jpeg 1024w, https:\/\/patrimoineduquebec.com\/eglisesduquebec\/wp-content\/uploads\/2019\/05\/Boisbriand-300x225.jpeg 300w, https:\/\/patrimoineduquebec.com\/eglisesduquebec\/wp-content\/uploads\/2019\/05\/Boisbriand-768x576.jpeg 768w, https:\/\/patrimoineduquebec.com\/eglisesduquebec\/wp-content\/uploads\/2019\/05\/Boisbriand-120x90.jpeg 120w\" sizes=\"auto, (max-width: 1024px) 100vw, 1024px\" \/><\/a><figcaption class=\"wp-element-caption\">Boisbriand<br> \u00c9glise Notre-Dame-de-Fatima (ferm\u00e9e)<br>1949-1950<br>(Monique Bellemare)<\/figcaption><\/figure>\n\n\n\n<figure class=\"wp-block-image\"><a href=\"https:\/\/patrimoineduquebec.com\/eglisesduquebec\/wp-content\/uploads\/2019\/05\/Chatham.jpg\"><img loading=\"lazy\" decoding=\"async\" width=\"513\" height=\"770\" data-id=\"2292\" src=\"https:\/\/patrimoineduquebec.com\/eglisesduquebec\/wp-content\/uploads\/2019\/05\/Chatham.jpg\" alt=\"\" class=\"wp-image-2292\" srcset=\"https:\/\/patrimoineduquebec.com\/eglisesduquebec\/wp-content\/uploads\/2019\/05\/Chatham.jpg 513w, https:\/\/patrimoineduquebec.com\/eglisesduquebec\/wp-content\/uploads\/2019\/05\/Chatham-200x300.jpg 200w\" sizes=\"auto, (max-width: 513px) 100vw, 513px\" \/><\/a><figcaption class=\"wp-element-caption\">Brownsburg-Chatham<br>\u00c9glise Saint-Philippe<br>1888-1889 <br>(Monique Bellemare)<\/figcaption><\/figure>\n\n\n\n<figure class=\"wp-block-image\"><a href=\"https:\/\/patrimoineduquebec.com\/eglisesduquebec\/wp-content\/uploads\/2019\/05\/brownsburg-chatam-366-rue-principale-G\u00e9rald-Arbour-N1.jpeg\"><img loading=\"lazy\" decoding=\"async\" width=\"768\" height=\"1024\" data-id=\"2293\" src=\"https:\/\/patrimoineduquebec.com\/eglisesduquebec\/wp-content\/uploads\/2019\/05\/brownsburg-chatam-366-rue-principale-G\u00e9rald-Arbour-N1-768x1024.jpeg\" alt=\"\" class=\"wp-image-2293\" srcset=\"https:\/\/patrimoineduquebec.com\/eglisesduquebec\/wp-content\/uploads\/2019\/05\/brownsburg-chatam-366-rue-principale-G\u00e9rald-Arbour-N1-768x1024.jpeg 768w, https:\/\/patrimoineduquebec.com\/eglisesduquebec\/wp-content\/uploads\/2019\/05\/brownsburg-chatam-366-rue-principale-G\u00e9rald-Arbour-N1-225x300.jpeg 225w\" sizes=\"auto, (max-width: 768px) 100vw, 768px\" \/><\/a><figcaption class=\"wp-element-caption\">Brownsburg-Chatham<br>\u00c9glise Saint-Louis-de-France <br>1927<br> (G\u00e9rald Arbour)<\/figcaption><\/figure>\n\n\n\n<figure class=\"wp-block-image\"><a href=\"https:\/\/patrimoineduquebec.com\/eglisesduquebec\/wp-content\/uploads\/2019\/05\/Holy-Family.jpg\"><img loading=\"lazy\" decoding=\"async\" width=\"683\" height=\"1024\" data-id=\"2294\" src=\"https:\/\/patrimoineduquebec.com\/eglisesduquebec\/wp-content\/uploads\/2019\/05\/Holy-Family-683x1024.jpg\" alt=\"\" class=\"wp-image-2294\" srcset=\"https:\/\/patrimoineduquebec.com\/eglisesduquebec\/wp-content\/uploads\/2019\/05\/Holy-Family-683x1024.jpg 683w, https:\/\/patrimoineduquebec.com\/eglisesduquebec\/wp-content\/uploads\/2019\/05\/Holy-Family-200x300.jpg 200w, https:\/\/patrimoineduquebec.com\/eglisesduquebec\/wp-content\/uploads\/2019\/05\/Holy-Family-768x1152.jpg 768w\" sizes=\"auto, (max-width: 683px) 100vw, 683px\" \/><\/a><figcaption class=\"wp-element-caption\">Deux-Montagnes <br>\u00c9glise Holy Family<br> 1961-1962 <br>(Monique Bellemare)<\/figcaption><\/figure>\n\n\n\n<figure class=\"wp-block-image\"><a href=\"https:\/\/patrimoineduquebec.com\/eglisesduquebec\/wp-content\/uploads\/2019\/05\/St-Agapit.jpeg\"><img loading=\"lazy\" decoding=\"async\" width=\"1024\" height=\"768\" data-id=\"2295\" src=\"https:\/\/patrimoineduquebec.com\/eglisesduquebec\/wp-content\/uploads\/2019\/05\/St-Agapit-1024x768.jpeg\" alt=\"\" class=\"wp-image-2295\" srcset=\"https:\/\/patrimoineduquebec.com\/eglisesduquebec\/wp-content\/uploads\/2019\/05\/St-Agapit-1024x768.jpeg 1024w, https:\/\/patrimoineduquebec.com\/eglisesduquebec\/wp-content\/uploads\/2019\/05\/St-Agapit-300x225.jpeg 300w, https:\/\/patrimoineduquebec.com\/eglisesduquebec\/wp-content\/uploads\/2019\/05\/St-Agapit-768x576.jpeg 768w, https:\/\/patrimoineduquebec.com\/eglisesduquebec\/wp-content\/uploads\/2019\/05\/St-Agapit-120x90.jpeg 120w\" sizes=\"auto, (max-width: 1024px) 100vw, 1024px\" \/><\/a><figcaption class=\"wp-element-caption\">Deux-Montagnes<br> \u00c9glise Saint-Agapit <br>1961-1962<br> (Monique Bellemare)<\/figcaption><\/figure>\n\n\n\n<figure class=\"wp-block-image\"><a href=\"https:\/\/patrimoineduquebec.com\/eglisesduquebec\/wp-content\/uploads\/2019\/05\/Grenville-N-D-des-Sept-Douleurs.jpeg\"><img loading=\"lazy\" decoding=\"async\" width=\"552\" height=\"739\" data-id=\"2296\" src=\"https:\/\/patrimoineduquebec.com\/eglisesduquebec\/wp-content\/uploads\/2019\/05\/Grenville-N-D-des-Sept-Douleurs.jpeg\" alt=\"\" class=\"wp-image-2296\" srcset=\"https:\/\/patrimoineduquebec.com\/eglisesduquebec\/wp-content\/uploads\/2019\/05\/Grenville-N-D-des-Sept-Douleurs.jpeg 552w, https:\/\/patrimoineduquebec.com\/eglisesduquebec\/wp-content\/uploads\/2019\/05\/Grenville-N-D-des-Sept-Douleurs-224x300.jpeg 224w\" sizes=\"auto, (max-width: 552px) 100vw, 552px\" \/><\/a><figcaption class=\"wp-element-caption\">Grenville<br> \u00c9glise Notre-Dame-des-Sept-Douleurs <br>1901-1902 <br>(Monique Bellemare)<\/figcaption><\/figure>\n\n\n\n<figure class=\"wp-block-image\"><a href=\"https:\/\/patrimoineduquebec.com\/eglisesduquebec\/wp-content\/uploads\/2019\/05\/Grenville-N-D-du-Rosaire.jpg\"><img loading=\"lazy\" decoding=\"async\" width=\"768\" height=\"1024\" data-id=\"2297\" src=\"https:\/\/patrimoineduquebec.com\/eglisesduquebec\/wp-content\/uploads\/2019\/05\/Grenville-N-D-du-Rosaire-768x1024.jpg\" alt=\"\" class=\"wp-image-2297\" srcset=\"https:\/\/patrimoineduquebec.com\/eglisesduquebec\/wp-content\/uploads\/2019\/05\/Grenville-N-D-du-Rosaire-768x1024.jpg 768w, https:\/\/patrimoineduquebec.com\/eglisesduquebec\/wp-content\/uploads\/2019\/05\/Grenville-N-D-du-Rosaire-225x300.jpg 225w\" sizes=\"auto, (max-width: 768px) 100vw, 768px\" \/><\/a><figcaption class=\"wp-element-caption\">Grenville <br>\u00c9glise Notre-Dame-du-Rosaire (ferm\u00e9e)<br>1955<br> (Monique Bellemare)<\/figcaption><\/figure>\n\n\n\n<figure class=\"wp-block-image\"><a href=\"https:\/\/patrimoineduquebec.com\/eglisesduquebec\/wp-content\/uploads\/2019\/05\/GrenvilleSt-Ludger.jpeg\"><img loading=\"lazy\" decoding=\"async\" width=\"768\" height=\"1024\" data-id=\"2298\" src=\"https:\/\/patrimoineduquebec.com\/eglisesduquebec\/wp-content\/uploads\/2019\/05\/GrenvilleSt-Ludger-768x1024.jpeg\" alt=\"\" class=\"wp-image-2298\" srcset=\"https:\/\/patrimoineduquebec.com\/eglisesduquebec\/wp-content\/uploads\/2019\/05\/GrenvilleSt-Ludger-768x1024.jpeg 768w, https:\/\/patrimoineduquebec.com\/eglisesduquebec\/wp-content\/uploads\/2019\/05\/GrenvilleSt-Ludger-225x300.jpeg 225w\" sizes=\"auto, (max-width: 768px) 100vw, 768px\" \/><\/a><figcaption class=\"wp-element-caption\">Grenville-sur-la-Rouge (Calumet) <br>\u00c9glise Saint-Ludger <br>1928-1929 <br>(Monique Bellemare)<\/figcaption><\/figure>\n\n\n\n<figure class=\"wp-block-image\"><a href=\"https:\/\/patrimoineduquebec.com\/eglisesduquebec\/wp-content\/uploads\/2019\/05\/grenville-sur-la-rouge-2311-qc-148-G\u00e9rald-Arbour-N3.jpeg\"><img loading=\"lazy\" decoding=\"async\" width=\"768\" height=\"1024\" data-id=\"2299\" src=\"https:\/\/patrimoineduquebec.com\/eglisesduquebec\/wp-content\/uploads\/2019\/05\/grenville-sur-la-rouge-2311-qc-148-G\u00e9rald-Arbour-N3-768x1024.jpeg\" alt=\"\" class=\"wp-image-2299\" srcset=\"https:\/\/patrimoineduquebec.com\/eglisesduquebec\/wp-content\/uploads\/2019\/05\/grenville-sur-la-rouge-2311-qc-148-G\u00e9rald-Arbour-N3-768x1024.jpeg 768w, https:\/\/patrimoineduquebec.com\/eglisesduquebec\/wp-content\/uploads\/2019\/05\/grenville-sur-la-rouge-2311-qc-148-G\u00e9rald-Arbour-N3-225x300.jpeg 225w\" sizes=\"auto, (max-width: 768px) 100vw, 768px\" \/><\/a><figcaption class=\"wp-element-caption\">Grenville-sur-la-Rouge<br>Chapelle Notre-Dame-de-la-Rouge<br> 1953 <br>(G\u00e9rald Arbour)<\/figcaption><\/figure>\n\n\n\n<figure class=\"wp-block-image\"><a href=\"https:\/\/patrimoineduquebec.com\/eglisesduquebec\/wp-content\/uploads\/2019\/05\/huberdeau-G\u00e9rald-Arbour-N1.jpeg\"><img loading=\"lazy\" decoding=\"async\" width=\"1024\" height=\"768\" data-id=\"2300\" src=\"https:\/\/patrimoineduquebec.com\/eglisesduquebec\/wp-content\/uploads\/2019\/05\/huberdeau-G\u00e9rald-Arbour-N1-1024x768.jpeg\" alt=\"\" class=\"wp-image-2300\" srcset=\"https:\/\/patrimoineduquebec.com\/eglisesduquebec\/wp-content\/uploads\/2019\/05\/huberdeau-G\u00e9rald-Arbour-N1-1024x768.jpeg 1024w, https:\/\/patrimoineduquebec.com\/eglisesduquebec\/wp-content\/uploads\/2019\/05\/huberdeau-G\u00e9rald-Arbour-N1-300x225.jpeg 300w, https:\/\/patrimoineduquebec.com\/eglisesduquebec\/wp-content\/uploads\/2019\/05\/huberdeau-G\u00e9rald-Arbour-N1-768x576.jpeg 768w, https:\/\/patrimoineduquebec.com\/eglisesduquebec\/wp-content\/uploads\/2019\/05\/huberdeau-G\u00e9rald-Arbour-N1-120x90.jpeg 120w\" sizes=\"auto, (max-width: 1024px) 100vw, 1024px\" \/><\/a><figcaption class=\"wp-element-caption\">Huberdeau<br> \u00c9glise Notre-Dame-de-la-Merci<br> 1931<br> (G\u00e9rald Arbour)<\/figcaption><\/figure>\n\n\n\n<figure class=\"wp-block-image\"><a href=\"https:\/\/patrimoineduquebec.com\/eglisesduquebec\/wp-content\/uploads\/2019\/05\/lac-des-seize-\u00eeles-G\u00e9rald-Arbour-N1.jpeg\"><img loading=\"lazy\" decoding=\"async\" width=\"1024\" height=\"768\" data-id=\"2301\" src=\"https:\/\/patrimoineduquebec.com\/eglisesduquebec\/wp-content\/uploads\/2019\/05\/lac-des-seize-\u00eeles-G\u00e9rald-Arbour-N1-1024x768.jpeg\" alt=\"\" class=\"wp-image-2301\" srcset=\"https:\/\/patrimoineduquebec.com\/eglisesduquebec\/wp-content\/uploads\/2019\/05\/lac-des-seize-\u00eeles-G\u00e9rald-Arbour-N1-1024x768.jpeg 1024w, https:\/\/patrimoineduquebec.com\/eglisesduquebec\/wp-content\/uploads\/2019\/05\/lac-des-seize-\u00eeles-G\u00e9rald-Arbour-N1-300x225.jpeg 300w, https:\/\/patrimoineduquebec.com\/eglisesduquebec\/wp-content\/uploads\/2019\/05\/lac-des-seize-\u00eeles-G\u00e9rald-Arbour-N1-768x576.jpeg 768w, https:\/\/patrimoineduquebec.com\/eglisesduquebec\/wp-content\/uploads\/2019\/05\/lac-des-seize-\u00eeles-G\u00e9rald-Arbour-N1-120x90.jpeg 120w\" sizes=\"auto, (max-width: 1024px) 100vw, 1024px\" \/><\/a><figcaption class=\"wp-element-caption\">Lac-des-Seize-\u00celes <br>\u00c9glise Notre-Dame-de-la-Sagesse <br>1954-1955<br> (G\u00e9rald Arbour)<\/figcaption><\/figure>\n\n\n\n<figure class=\"wp-block-image size-large\"><a href=\"https:\/\/patrimoineduquebec.com\/eglisesduquebec\/wp-content\/uploads\/2026\/02\/pie-x-2.jpg\"><img loading=\"lazy\" decoding=\"async\" width=\"459\" height=\"344\" data-id=\"4828\" src=\"https:\/\/patrimoineduquebec.com\/eglisesduquebec\/wp-content\/uploads\/2026\/02\/pie-x-2.jpg\" alt=\"\" class=\"wp-image-4828\" srcset=\"https:\/\/patrimoineduquebec.com\/eglisesduquebec\/wp-content\/uploads\/2026\/02\/pie-x-2.jpg 459w, https:\/\/patrimoineduquebec.com\/eglisesduquebec\/wp-content\/uploads\/2026\/02\/pie-x-2-300x225.jpg 300w, https:\/\/patrimoineduquebec.com\/eglisesduquebec\/wp-content\/uploads\/2026\/02\/pie-x-2-120x90.jpg 120w\" sizes=\"auto, (max-width: 459px) 100vw, 459px\" \/><\/a><figcaption class=\"wp-element-caption\">Lac-Sup\u00e9rieur <br>\u00c9glise Saint-Pie X (d\u00e9molie) <br>1961-1963 <br>(Inventaire des lieux de culte du Qc)<\/figcaption><\/figure>\n\n\n\n<figure class=\"wp-block-image\"><a href=\"https:\/\/patrimoineduquebec.com\/eglisesduquebec\/wp-content\/uploads\/2019\/05\/Lachute-Imm.Conception.jpeg\"><img loading=\"lazy\" decoding=\"async\" width=\"1024\" height=\"768\" data-id=\"2302\" src=\"https:\/\/patrimoineduquebec.com\/eglisesduquebec\/wp-content\/uploads\/2019\/05\/Lachute-Imm.Conception-1024x768.jpeg\" alt=\"\" class=\"wp-image-2302\" srcset=\"https:\/\/patrimoineduquebec.com\/eglisesduquebec\/wp-content\/uploads\/2019\/05\/Lachute-Imm.Conception-1024x768.jpeg 1024w, https:\/\/patrimoineduquebec.com\/eglisesduquebec\/wp-content\/uploads\/2019\/05\/Lachute-Imm.Conception-300x225.jpeg 300w, https:\/\/patrimoineduquebec.com\/eglisesduquebec\/wp-content\/uploads\/2019\/05\/Lachute-Imm.Conception-768x576.jpeg 768w, https:\/\/patrimoineduquebec.com\/eglisesduquebec\/wp-content\/uploads\/2019\/05\/Lachute-Imm.Conception-120x90.jpeg 120w\" sizes=\"auto, (max-width: 1024px) 100vw, 1024px\" \/><\/a><figcaption class=\"wp-element-caption\">Lachute  <br>\u00c9glise Immacul\u00e9e-Conception (ferm\u00e9e)<br>1964<br> (Monique Bellemare)<\/figcaption><\/figure>\n\n\n\n<figure class=\"wp-block-image\"><a href=\"https:\/\/patrimoineduquebec.com\/eglisesduquebec\/wp-content\/uploads\/2019\/05\/lachute-250-qc-327-G\u00e9rald-Arbour-N1.jpeg\"><img loading=\"lazy\" decoding=\"async\" width=\"1024\" height=\"767\" data-id=\"2303\" src=\"https:\/\/patrimoineduquebec.com\/eglisesduquebec\/wp-content\/uploads\/2019\/05\/lachute-250-qc-327-G\u00e9rald-Arbour-N1-1024x767.jpeg\" alt=\"\" class=\"wp-image-2303\" srcset=\"https:\/\/patrimoineduquebec.com\/eglisesduquebec\/wp-content\/uploads\/2019\/05\/lachute-250-qc-327-G\u00e9rald-Arbour-N1-1024x767.jpeg 1024w, https:\/\/patrimoineduquebec.com\/eglisesduquebec\/wp-content\/uploads\/2019\/05\/lachute-250-qc-327-G\u00e9rald-Arbour-N1-300x225.jpeg 300w, https:\/\/patrimoineduquebec.com\/eglisesduquebec\/wp-content\/uploads\/2019\/05\/lachute-250-qc-327-G\u00e9rald-Arbour-N1-768x576.jpeg 768w, https:\/\/patrimoineduquebec.com\/eglisesduquebec\/wp-content\/uploads\/2019\/05\/lachute-250-qc-327-G\u00e9rald-Arbour-N1-120x90.jpeg 120w\" sizes=\"auto, (max-width: 1024px) 100vw, 1024px\" \/><\/a><figcaption class=\"wp-element-caption\">Lachute<br>  \u00c9glise de la Grotte Notre-Dame-de-Lourdes <br>1961<br>(G\u00e9rald Arbour)<\/figcaption><\/figure>\n\n\n\n<figure class=\"wp-block-image\"><a href=\"https:\/\/patrimoineduquebec.com\/eglisesduquebec\/wp-content\/uploads\/2020\/09\/lachute-250-qc-327-chapelle-G\u00e9rald-Arbour-N2-scaled.jpeg\"><img loading=\"lazy\" decoding=\"async\" width=\"1024\" height=\"768\" data-id=\"4054\" src=\"https:\/\/patrimoineduquebec.com\/eglisesduquebec\/wp-content\/uploads\/2020\/09\/lachute-250-qc-327-chapelle-G\u00e9rald-Arbour-N2-1024x768.jpeg\" alt=\"\" class=\"wp-image-4054\" srcset=\"https:\/\/patrimoineduquebec.com\/eglisesduquebec\/wp-content\/uploads\/2020\/09\/lachute-250-qc-327-chapelle-G\u00e9rald-Arbour-N2-1024x768.jpeg 1024w, https:\/\/patrimoineduquebec.com\/eglisesduquebec\/wp-content\/uploads\/2020\/09\/lachute-250-qc-327-chapelle-G\u00e9rald-Arbour-N2-300x225.jpeg 300w, https:\/\/patrimoineduquebec.com\/eglisesduquebec\/wp-content\/uploads\/2020\/09\/lachute-250-qc-327-chapelle-G\u00e9rald-Arbour-N2-768x576.jpeg 768w, https:\/\/patrimoineduquebec.com\/eglisesduquebec\/wp-content\/uploads\/2020\/09\/lachute-250-qc-327-chapelle-G\u00e9rald-Arbour-N2-1536x1152.jpeg 1536w, https:\/\/patrimoineduquebec.com\/eglisesduquebec\/wp-content\/uploads\/2020\/09\/lachute-250-qc-327-chapelle-G\u00e9rald-Arbour-N2-2048x1536.jpeg 2048w, https:\/\/patrimoineduquebec.com\/eglisesduquebec\/wp-content\/uploads\/2020\/09\/lachute-250-qc-327-chapelle-G\u00e9rald-Arbour-N2-120x90.jpeg 120w\" sizes=\"auto, (max-width: 1024px) 100vw, 1024px\" \/><\/a><figcaption class=\"wp-element-caption\">Lachute<br>Chapelle de la Grotte Notre-Dame-de-Lourdes<br>1949<br>(G\u00e9rald Arbour)<\/figcaption><\/figure>\n\n\n\n<figure class=\"wp-block-image\"><a href=\"https:\/\/patrimoineduquebec.com\/eglisesduquebec\/wp-content\/uploads\/2019\/05\/Lachute-Ste-Anastasie.jpg\"><img loading=\"lazy\" decoding=\"async\" width=\"509\" height=\"764\" data-id=\"2304\" src=\"https:\/\/patrimoineduquebec.com\/eglisesduquebec\/wp-content\/uploads\/2019\/05\/Lachute-Ste-Anastasie.jpg\" alt=\"\" class=\"wp-image-2304\" srcset=\"https:\/\/patrimoineduquebec.com\/eglisesduquebec\/wp-content\/uploads\/2019\/05\/Lachute-Ste-Anastasie.jpg 509w, https:\/\/patrimoineduquebec.com\/eglisesduquebec\/wp-content\/uploads\/2019\/05\/Lachute-Ste-Anastasie-200x300.jpg 200w\" sizes=\"auto, (max-width: 509px) 100vw, 509px\" \/><\/a><figcaption class=\"wp-element-caption\">Lachute <br> \u00c9glise Sainte-Anastasie<br>1936-1937<br>(Monique Bellemare)<\/figcaption><\/figure>\n\n\n\n<figure class=\"wp-block-image\"><a href=\"https:\/\/patrimoineduquebec.com\/eglisesduquebec\/wp-content\/uploads\/2019\/05\/Lorraine.jpeg\"><img loading=\"lazy\" decoding=\"async\" width=\"1024\" height=\"768\" data-id=\"2307\" src=\"https:\/\/patrimoineduquebec.com\/eglisesduquebec\/wp-content\/uploads\/2019\/05\/Lorraine-1024x768.jpeg\" alt=\"\" class=\"wp-image-2307\" srcset=\"https:\/\/patrimoineduquebec.com\/eglisesduquebec\/wp-content\/uploads\/2019\/05\/Lorraine-1024x768.jpeg 1024w, https:\/\/patrimoineduquebec.com\/eglisesduquebec\/wp-content\/uploads\/2019\/05\/Lorraine-300x225.jpeg 300w, https:\/\/patrimoineduquebec.com\/eglisesduquebec\/wp-content\/uploads\/2019\/05\/Lorraine-768x576.jpeg 768w, https:\/\/patrimoineduquebec.com\/eglisesduquebec\/wp-content\/uploads\/2019\/05\/Lorraine-120x90.jpeg 120w\" sizes=\"auto, (max-width: 1024px) 100vw, 1024px\" \/><\/a><figcaption class=\"wp-element-caption\">Lorraine <br>\u00c9glise Charles-de-Foucault <br>1978<br>(Monique Bellemare)<\/figcaption><\/figure>\n\n\n\n<figure class=\"wp-block-image\"><a href=\"https:\/\/patrimoineduquebec.com\/eglisesduquebec\/wp-content\/uploads\/2019\/05\/Mirabel-St-Augustin.jpg\"><img loading=\"lazy\" decoding=\"async\" width=\"768\" height=\"1024\" data-id=\"2308\" src=\"https:\/\/patrimoineduquebec.com\/eglisesduquebec\/wp-content\/uploads\/2019\/05\/Mirabel-St-Augustin-768x1024.jpg\" alt=\"\" class=\"wp-image-2308\" srcset=\"https:\/\/patrimoineduquebec.com\/eglisesduquebec\/wp-content\/uploads\/2019\/05\/Mirabel-St-Augustin-768x1024.jpg 768w, https:\/\/patrimoineduquebec.com\/eglisesduquebec\/wp-content\/uploads\/2019\/05\/Mirabel-St-Augustin-225x300.jpg 225w\" sizes=\"auto, (max-width: 768px) 100vw, 768px\" \/><\/a><figcaption class=\"wp-element-caption\">Mirabel  (Saint-Augustin)<br>\u00c9glise Saint-Augustin<br>1849-1850 <br>(Monique Bellemare)<\/figcaption><\/figure>\n\n\n\n<figure class=\"wp-block-image\"><a href=\"https:\/\/patrimoineduquebec.com\/eglisesduquebec\/wp-content\/uploads\/2019\/05\/saint-beno\u00eet-G\u00e9rald-Arbour-N2.jpeg\"><img loading=\"lazy\" decoding=\"async\" width=\"768\" height=\"1024\" data-id=\"2309\" src=\"https:\/\/patrimoineduquebec.com\/eglisesduquebec\/wp-content\/uploads\/2019\/05\/saint-beno\u00eet-G\u00e9rald-Arbour-N2-768x1024.jpeg\" alt=\"\" class=\"wp-image-2309\" srcset=\"https:\/\/patrimoineduquebec.com\/eglisesduquebec\/wp-content\/uploads\/2019\/05\/saint-beno\u00eet-G\u00e9rald-Arbour-N2-768x1024.jpeg 768w, https:\/\/patrimoineduquebec.com\/eglisesduquebec\/wp-content\/uploads\/2019\/05\/saint-beno\u00eet-G\u00e9rald-Arbour-N2-225x300.jpeg 225w\" sizes=\"auto, (max-width: 768px) 100vw, 768px\" \/><\/a><figcaption class=\"wp-element-caption\">Mirabel  (Saint-Beno\u00eet)<br>\u00c9glise Saint-Beno\u00eet<br> 1853 <br>(G\u00e9rald Arbour)<\/figcaption><\/figure>\n\n\n\n<figure class=\"wp-block-image\"><a href=\"https:\/\/patrimoineduquebec.com\/eglisesduquebec\/wp-content\/uploads\/2019\/05\/St-Canut.jpeg\"><img loading=\"lazy\" decoding=\"async\" width=\"1024\" height=\"684\" data-id=\"2310\" src=\"https:\/\/patrimoineduquebec.com\/eglisesduquebec\/wp-content\/uploads\/2019\/05\/St-Canut-1024x684.jpeg\" alt=\"\" class=\"wp-image-2310\" srcset=\"https:\/\/patrimoineduquebec.com\/eglisesduquebec\/wp-content\/uploads\/2019\/05\/St-Canut-1024x684.jpeg 1024w, https:\/\/patrimoineduquebec.com\/eglisesduquebec\/wp-content\/uploads\/2019\/05\/St-Canut-300x200.jpeg 300w, https:\/\/patrimoineduquebec.com\/eglisesduquebec\/wp-content\/uploads\/2019\/05\/St-Canut-768x513.jpeg 768w\" sizes=\"auto, (max-width: 1024px) 100vw, 1024px\" \/><\/a><figcaption class=\"wp-element-caption\">Mirabel (Saint-Canut)<br>\u00c9glise Saint-Canut <br>1886<br>(Monique Bellemare)<\/figcaption><\/figure>\n\n\n\n<figure class=\"wp-block-image\"><a href=\"https:\/\/patrimoineduquebec.com\/eglisesduquebec\/wp-content\/uploads\/2019\/05\/St-Hermas-1.jpeg\"><img loading=\"lazy\" decoding=\"async\" width=\"768\" height=\"1024\" data-id=\"2311\" src=\"https:\/\/patrimoineduquebec.com\/eglisesduquebec\/wp-content\/uploads\/2019\/05\/St-Hermas-1-768x1024.jpeg\" alt=\"\" class=\"wp-image-2311\" srcset=\"https:\/\/patrimoineduquebec.com\/eglisesduquebec\/wp-content\/uploads\/2019\/05\/St-Hermas-1-768x1024.jpeg 768w, https:\/\/patrimoineduquebec.com\/eglisesduquebec\/wp-content\/uploads\/2019\/05\/St-Hermas-1-225x300.jpeg 225w\" sizes=\"auto, (max-width: 768px) 100vw, 768px\" \/><\/a><figcaption class=\"wp-element-caption\">Mirabel (Saint-Hermas)<br>\u00c9glise Saint-Hermas (ferm\u00e9e)<br>1835-1836 <br>(Monique Bellemare)<\/figcaption><\/figure>\n\n\n\n<figure class=\"wp-block-image\"><a href=\"https:\/\/patrimoineduquebec.com\/eglisesduquebec\/wp-content\/uploads\/2019\/05\/Mirabel-St-Janvier.jpeg\"><img loading=\"lazy\" decoding=\"async\" width=\"740\" height=\"1024\" data-id=\"2312\" src=\"https:\/\/patrimoineduquebec.com\/eglisesduquebec\/wp-content\/uploads\/2019\/05\/Mirabel-St-Janvier-740x1024.jpeg\" alt=\"\" class=\"wp-image-2312\" srcset=\"https:\/\/patrimoineduquebec.com\/eglisesduquebec\/wp-content\/uploads\/2019\/05\/Mirabel-St-Janvier-740x1024.jpeg 740w, https:\/\/patrimoineduquebec.com\/eglisesduquebec\/wp-content\/uploads\/2019\/05\/Mirabel-St-Janvier-217x300.jpeg 217w, https:\/\/patrimoineduquebec.com\/eglisesduquebec\/wp-content\/uploads\/2019\/05\/Mirabel-St-Janvier-768x1063.jpeg 768w, https:\/\/patrimoineduquebec.com\/eglisesduquebec\/wp-content\/uploads\/2019\/05\/Mirabel-St-Janvier.jpeg 1514w\" sizes=\"auto, (max-width: 740px) 100vw, 740px\" \/><\/a><figcaption class=\"wp-element-caption\">Mirabel  (Saint-Janvier)<br>\u00c9glise Saint-Janvier <br>1861-1863 <br>(Monique Bellemare)<\/figcaption><\/figure>\n\n\n\n<figure class=\"wp-block-image\"><a href=\"https:\/\/patrimoineduquebec.com\/eglisesduquebec\/wp-content\/uploads\/2019\/05\/Mirabel-Ste-Monique.jpg\"><img loading=\"lazy\" decoding=\"async\" width=\"768\" height=\"1024\" data-id=\"2313\" src=\"https:\/\/patrimoineduquebec.com\/eglisesduquebec\/wp-content\/uploads\/2019\/05\/Mirabel-Ste-Monique-768x1024.jpg\" alt=\"\" class=\"wp-image-2313\" srcset=\"https:\/\/patrimoineduquebec.com\/eglisesduquebec\/wp-content\/uploads\/2019\/05\/Mirabel-Ste-Monique-768x1024.jpg 768w, https:\/\/patrimoineduquebec.com\/eglisesduquebec\/wp-content\/uploads\/2019\/05\/Mirabel-Ste-Monique-225x300.jpg 225w\" sizes=\"auto, (max-width: 768px) 100vw, 768px\" \/><\/a><figcaption class=\"wp-element-caption\">Mirabel  (Sainte-Monique)<br>\u00c9glise Sainte-Monique <br>1875 et 1937<br>(Monique Bellemare)<\/figcaption><\/figure>\n\n\n\n<figure class=\"wp-block-image\"><a href=\"https:\/\/patrimoineduquebec.com\/eglisesduquebec\/wp-content\/uploads\/2019\/05\/St-Scholastique.jpg\"><img loading=\"lazy\" decoding=\"async\" width=\"1024\" height=\"683\" data-id=\"2314\" src=\"https:\/\/patrimoineduquebec.com\/eglisesduquebec\/wp-content\/uploads\/2019\/05\/St-Scholastique-1024x683.jpg\" alt=\"\" class=\"wp-image-2314\" srcset=\"https:\/\/patrimoineduquebec.com\/eglisesduquebec\/wp-content\/uploads\/2019\/05\/St-Scholastique-1024x683.jpg 1024w, https:\/\/patrimoineduquebec.com\/eglisesduquebec\/wp-content\/uploads\/2019\/05\/St-Scholastique-300x200.jpg 300w, https:\/\/patrimoineduquebec.com\/eglisesduquebec\/wp-content\/uploads\/2019\/05\/St-Scholastique-768x512.jpg 768w\" sizes=\"auto, (max-width: 1024px) 100vw, 1024px\" \/><\/a><figcaption class=\"wp-element-caption\">Mirabel (Sainte-Scholastique) <br>\u00c9glise Sainte-Scholastique<br>1966-1967<br>(Monique Bellemare)<\/figcaption><\/figure>\n\n\n\n<figure class=\"wp-block-image\"><a href=\"https:\/\/patrimoineduquebec.com\/eglisesduquebec\/wp-content\/uploads\/2019\/05\/montcalm-weir-G\u00e9rald-Arbour-N4.jpeg\"><img loading=\"lazy\" decoding=\"async\" width=\"1024\" height=\"768\" data-id=\"2315\" src=\"https:\/\/patrimoineduquebec.com\/eglisesduquebec\/wp-content\/uploads\/2019\/05\/montcalm-weir-G\u00e9rald-Arbour-N4-1024x768.jpeg\" alt=\"\" class=\"wp-image-2315\" srcset=\"https:\/\/patrimoineduquebec.com\/eglisesduquebec\/wp-content\/uploads\/2019\/05\/montcalm-weir-G\u00e9rald-Arbour-N4-1024x768.jpeg 1024w, https:\/\/patrimoineduquebec.com\/eglisesduquebec\/wp-content\/uploads\/2019\/05\/montcalm-weir-G\u00e9rald-Arbour-N4-300x225.jpeg 300w, https:\/\/patrimoineduquebec.com\/eglisesduquebec\/wp-content\/uploads\/2019\/05\/montcalm-weir-G\u00e9rald-Arbour-N4-768x576.jpeg 768w, https:\/\/patrimoineduquebec.com\/eglisesduquebec\/wp-content\/uploads\/2019\/05\/montcalm-weir-G\u00e9rald-Arbour-N4-120x90.jpeg 120w\" sizes=\"auto, (max-width: 1024px) 100vw, 1024px\" \/><\/a><figcaption class=\"wp-element-caption\">Montcalm (Weir) <br>Chapelle Christ-Roi <br>1939-1940 <br>(G\u00e9rald Arbour)<\/figcaption><\/figure>\n\n\n\n<figure class=\"wp-block-image\"><a href=\"https:\/\/patrimoineduquebec.com\/eglisesduquebec\/wp-content\/uploads\/2019\/05\/morin-eights-G\u00e9rald-Arbour-N2.jpeg\"><img loading=\"lazy\" decoding=\"async\" width=\"1024\" height=\"768\" data-id=\"2317\" src=\"https:\/\/patrimoineduquebec.com\/eglisesduquebec\/wp-content\/uploads\/2019\/05\/morin-eights-G\u00e9rald-Arbour-N2-1024x768.jpeg\" alt=\"\" class=\"wp-image-2317\" srcset=\"https:\/\/patrimoineduquebec.com\/eglisesduquebec\/wp-content\/uploads\/2019\/05\/morin-eights-G\u00e9rald-Arbour-N2-1024x768.jpeg 1024w, https:\/\/patrimoineduquebec.com\/eglisesduquebec\/wp-content\/uploads\/2019\/05\/morin-eights-G\u00e9rald-Arbour-N2-300x225.jpeg 300w, https:\/\/patrimoineduquebec.com\/eglisesduquebec\/wp-content\/uploads\/2019\/05\/morin-eights-G\u00e9rald-Arbour-N2-768x576.jpeg 768w, https:\/\/patrimoineduquebec.com\/eglisesduquebec\/wp-content\/uploads\/2019\/05\/morin-eights-G\u00e9rald-Arbour-N2-120x90.jpeg 120w\" sizes=\"auto, (max-width: 1024px) 100vw, 1024px\" \/><\/a><figcaption class=\"wp-element-caption\">Morin-Heights <br>\u00c9glise Saint-Eug\u00e8ne<br> 1924 <br>(G\u00e9rald Arbour)<\/figcaption><\/figure>\n\n\n\n<figure class=\"wp-block-image\"><a href=\"https:\/\/patrimoineduquebec.com\/eglisesduquebec\/wp-content\/uploads\/2019\/05\/Oka.jpeg\"><img loading=\"lazy\" decoding=\"async\" width=\"768\" height=\"1024\" data-id=\"2318\" src=\"https:\/\/patrimoineduquebec.com\/eglisesduquebec\/wp-content\/uploads\/2019\/05\/Oka-768x1024.jpeg\" alt=\"\" class=\"wp-image-2318\" srcset=\"https:\/\/patrimoineduquebec.com\/eglisesduquebec\/wp-content\/uploads\/2019\/05\/Oka-768x1024.jpeg 768w, https:\/\/patrimoineduquebec.com\/eglisesduquebec\/wp-content\/uploads\/2019\/05\/Oka-225x300.jpeg 225w\" sizes=\"auto, (max-width: 768px) 100vw, 768px\" \/><\/a><figcaption class=\"wp-element-caption\">Oka <br>\u00c9glise L\u2019Annonciation<br>1879-1883 <br>(Monique Bellemare)<\/figcaption><\/figure>\n\n\n\n<figure class=\"wp-block-image\"><a href=\"https:\/\/patrimoineduquebec.com\/eglisesduquebec\/wp-content\/uploads\/2019\/05\/Pointe-Calumet.jpeg\"><img loading=\"lazy\" decoding=\"async\" width=\"672\" height=\"1024\" data-id=\"2319\" src=\"https:\/\/patrimoineduquebec.com\/eglisesduquebec\/wp-content\/uploads\/2019\/05\/Pointe-Calumet-672x1024.jpeg\" alt=\"\" class=\"wp-image-2319\" srcset=\"https:\/\/patrimoineduquebec.com\/eglisesduquebec\/wp-content\/uploads\/2019\/05\/Pointe-Calumet-672x1024.jpeg 672w, https:\/\/patrimoineduquebec.com\/eglisesduquebec\/wp-content\/uploads\/2019\/05\/Pointe-Calumet-197x300.jpeg 197w, https:\/\/patrimoineduquebec.com\/eglisesduquebec\/wp-content\/uploads\/2019\/05\/Pointe-Calumet-768x1170.jpeg 768w\" sizes=\"auto, (max-width: 672px) 100vw, 672px\" \/><\/a><figcaption class=\"wp-element-caption\">Pointe-Calumet<br> \u00c9glise Marie-M\u00e9diatrice (ferm\u00e9e)<br>1956 <br>(Monique Bellemare)<\/figcaption><\/figure>\n\n\n\n<figure class=\"wp-block-image\"><a href=\"https:\/\/patrimoineduquebec.com\/eglisesduquebec\/wp-content\/uploads\/2019\/05\/Pr\u00e9vost.jpeg\"><img loading=\"lazy\" decoding=\"async\" width=\"683\" height=\"1024\" data-id=\"2320\" src=\"https:\/\/patrimoineduquebec.com\/eglisesduquebec\/wp-content\/uploads\/2019\/05\/Pr\u00e9vost-683x1024.jpeg\" alt=\"\" class=\"wp-image-2320\" srcset=\"https:\/\/patrimoineduquebec.com\/eglisesduquebec\/wp-content\/uploads\/2019\/05\/Pr\u00e9vost-683x1024.jpeg 683w, https:\/\/patrimoineduquebec.com\/eglisesduquebec\/wp-content\/uploads\/2019\/05\/Pr\u00e9vost-200x300.jpeg 200w, https:\/\/patrimoineduquebec.com\/eglisesduquebec\/wp-content\/uploads\/2019\/05\/Pr\u00e9vost-768x1152.jpeg 768w\" sizes=\"auto, (max-width: 683px) 100vw, 683px\" \/><\/a><figcaption class=\"wp-element-caption\">Pr\u00e9vost <br>\u00c9glise Saint-Fran\u00e7ois-Xavier <br>1926-1927<br> (Monique Bellemare)<\/figcaption><\/figure>\n\n\n\n<figure class=\"wp-block-image\"><a href=\"https:\/\/patrimoineduquebec.com\/eglisesduquebec\/wp-content\/uploads\/2019\/05\/DSCN9953.jpeg\"><img loading=\"lazy\" decoding=\"async\" width=\"1024\" height=\"768\" data-id=\"2321\" src=\"https:\/\/patrimoineduquebec.com\/eglisesduquebec\/wp-content\/uploads\/2019\/05\/DSCN9953-1024x768.jpeg\" alt=\"\" class=\"wp-image-2321\" srcset=\"https:\/\/patrimoineduquebec.com\/eglisesduquebec\/wp-content\/uploads\/2019\/05\/DSCN9953-1024x768.jpeg 1024w, https:\/\/patrimoineduquebec.com\/eglisesduquebec\/wp-content\/uploads\/2019\/05\/DSCN9953-300x225.jpeg 300w, https:\/\/patrimoineduquebec.com\/eglisesduquebec\/wp-content\/uploads\/2019\/05\/DSCN9953-768x576.jpeg 768w, https:\/\/patrimoineduquebec.com\/eglisesduquebec\/wp-content\/uploads\/2019\/05\/DSCN9953-120x90.jpeg 120w\" sizes=\"auto, (max-width: 1024px) 100vw, 1024px\" \/><\/a><figcaption class=\"wp-element-caption\">Rosem\u00e8re <br> \u00c9glise Holy Cross (ferm\u00e9e)<br>1990<br>(Monique Bellemare)<\/figcaption><\/figure>\n\n\n\n<figure class=\"wp-block-image\"><a href=\"https:\/\/patrimoineduquebec.com\/eglisesduquebec\/wp-content\/uploads\/2019\/05\/Rosem\u00e8re-Ste-Fran\u00e7oise-Cabrini.jpeg\"><img loading=\"lazy\" decoding=\"async\" width=\"768\" height=\"1024\" data-id=\"2322\" src=\"https:\/\/patrimoineduquebec.com\/eglisesduquebec\/wp-content\/uploads\/2019\/05\/Rosem\u00e8re-Ste-Fran\u00e7oise-Cabrini-768x1024.jpeg\" alt=\"\" class=\"wp-image-2322\" srcset=\"https:\/\/patrimoineduquebec.com\/eglisesduquebec\/wp-content\/uploads\/2019\/05\/Rosem\u00e8re-Ste-Fran\u00e7oise-Cabrini-768x1024.jpeg 768w, https:\/\/patrimoineduquebec.com\/eglisesduquebec\/wp-content\/uploads\/2019\/05\/Rosem\u00e8re-Ste-Fran\u00e7oise-Cabrini-225x300.jpeg 225w\" sizes=\"auto, (max-width: 768px) 100vw, 768px\" \/><\/a><figcaption class=\"wp-element-caption\">Rosem\u00e8re<br>  \u00c9glise Sainte-Fran\u00e7oise-Cabrini <br>1935-1936<br>(Monique Bellemare)<\/figcaption><\/figure>\n\n\n\n<figure class=\"wp-block-image\"><a href=\"https:\/\/patrimoineduquebec.com\/eglisesduquebec\/wp-content\/uploads\/2019\/05\/u-4.jpeg\"><img loading=\"lazy\" decoding=\"async\" width=\"1024\" height=\"768\" data-id=\"2324\" src=\"https:\/\/patrimoineduquebec.com\/eglisesduquebec\/wp-content\/uploads\/2019\/05\/u-4-1024x768.jpeg\" alt=\"\" class=\"wp-image-2324\" srcset=\"https:\/\/patrimoineduquebec.com\/eglisesduquebec\/wp-content\/uploads\/2019\/05\/u-4-1024x768.jpeg 1024w, https:\/\/patrimoineduquebec.com\/eglisesduquebec\/wp-content\/uploads\/2019\/05\/u-4-300x225.jpeg 300w, https:\/\/patrimoineduquebec.com\/eglisesduquebec\/wp-content\/uploads\/2019\/05\/u-4-768x576.jpeg 768w, https:\/\/patrimoineduquebec.com\/eglisesduquebec\/wp-content\/uploads\/2019\/05\/u-4-120x90.jpeg 120w\" sizes=\"auto, (max-width: 1024px) 100vw, 1024px\" \/><\/a><figcaption class=\"wp-element-caption\">Saint-Adolphe-d\u2019Howard<br>\u00c9glise Notre-Dame-du-Lac-G\u00e9mont <br>1924 <br>(G\u00e9rald Arbour)<\/figcaption><\/figure>\n\n\n\n<figure class=\"wp-block-image\"><a href=\"https:\/\/patrimoineduquebec.com\/eglisesduquebec\/wp-content\/uploads\/2019\/05\/n.jpeg\"><img loading=\"lazy\" decoding=\"async\" width=\"768\" height=\"1024\" data-id=\"2325\" src=\"https:\/\/patrimoineduquebec.com\/eglisesduquebec\/wp-content\/uploads\/2019\/05\/n-768x1024.jpeg\" alt=\"\" class=\"wp-image-2325\" srcset=\"https:\/\/patrimoineduquebec.com\/eglisesduquebec\/wp-content\/uploads\/2019\/05\/n-768x1024.jpeg 768w, https:\/\/patrimoineduquebec.com\/eglisesduquebec\/wp-content\/uploads\/2019\/05\/n-225x300.jpeg 225w\" sizes=\"auto, (max-width: 768px) 100vw, 768px\" \/><\/a><figcaption class=\"wp-element-caption\">Saint-Adolphe-d\u2019Howard<br>\u00c9glise Saint-Adolphe<br>1913-1914<br> (G\u00e9rald Arbour)<\/figcaption><\/figure>\n\n\n\n<figure class=\"wp-block-image\"><a href=\"https:\/\/patrimoineduquebec.com\/eglisesduquebec\/wp-content\/uploads\/2019\/05\/h-2.jpeg\"><img loading=\"lazy\" decoding=\"async\" width=\"768\" height=\"1024\" data-id=\"2326\" src=\"https:\/\/patrimoineduquebec.com\/eglisesduquebec\/wp-content\/uploads\/2019\/05\/h-2-768x1024.jpeg\" alt=\"\" class=\"wp-image-2326\" srcset=\"https:\/\/patrimoineduquebec.com\/eglisesduquebec\/wp-content\/uploads\/2019\/05\/h-2-768x1024.jpeg 768w, https:\/\/patrimoineduquebec.com\/eglisesduquebec\/wp-content\/uploads\/2019\/05\/h-2-225x300.jpeg 225w\" sizes=\"auto, (max-width: 768px) 100vw, 768px\" \/><\/a><figcaption class=\"wp-element-caption\">Saint-Adolphe-d\u2019Howard<br>Chapelle du camp Kinkora <br>Autour de 1926<br>(G\u00e9rald Arbour)<\/figcaption><\/figure>\n\n\n\n<figure class=\"wp-block-image\"><a href=\"https:\/\/patrimoineduquebec.com\/eglisesduquebec\/wp-content\/uploads\/2019\/05\/hj.jpeg\"><img loading=\"lazy\" decoding=\"async\" width=\"683\" height=\"1024\" data-id=\"2327\" src=\"https:\/\/patrimoineduquebec.com\/eglisesduquebec\/wp-content\/uploads\/2019\/05\/hj-683x1024.jpeg\" alt=\"\" class=\"wp-image-2327\" srcset=\"https:\/\/patrimoineduquebec.com\/eglisesduquebec\/wp-content\/uploads\/2019\/05\/hj-683x1024.jpeg 683w, https:\/\/patrimoineduquebec.com\/eglisesduquebec\/wp-content\/uploads\/2019\/05\/hj-200x300.jpeg 200w, https:\/\/patrimoineduquebec.com\/eglisesduquebec\/wp-content\/uploads\/2019\/05\/hj-768x1152.jpeg 768w\" sizes=\"auto, (max-width: 683px) 100vw, 683px\" \/><\/a><figcaption class=\"wp-element-caption\">Saint-Andr\u00e9-d\u2019Argenteuil<br>\u00c9glise Saint-Andr\u00e9-Ap\u00f4tre<br>1960-1961<br> (Monique Bellemare)<\/figcaption><\/figure>\n\n\n\n<figure class=\"wp-block-image\"><a href=\"https:\/\/patrimoineduquebec.com\/eglisesduquebec\/wp-content\/uploads\/2019\/05\/carillon.jpeg\"><img loading=\"lazy\" decoding=\"async\" width=\"1024\" height=\"683\" data-id=\"2328\" src=\"https:\/\/patrimoineduquebec.com\/eglisesduquebec\/wp-content\/uploads\/2019\/05\/carillon-1024x683.jpeg\" alt=\"\" class=\"wp-image-2328\" srcset=\"https:\/\/patrimoineduquebec.com\/eglisesduquebec\/wp-content\/uploads\/2019\/05\/carillon-1024x683.jpeg 1024w, https:\/\/patrimoineduquebec.com\/eglisesduquebec\/wp-content\/uploads\/2019\/05\/carillon-300x200.jpeg 300w, https:\/\/patrimoineduquebec.com\/eglisesduquebec\/wp-content\/uploads\/2019\/05\/carillon-768x512.jpeg 768w\" sizes=\"auto, (max-width: 1024px) 100vw, 1024px\" \/><\/a><figcaption class=\"wp-element-caption\">Saint-Andr\u00e9-d\u2019Argenteuil (Carillon)<br> \u00c9glise Saint-Joseph<br> 1916 <br>(Monique Bellemare)<\/figcaption><\/figure>\n\n\n\n<figure class=\"wp-block-image\"><a href=\"https:\/\/patrimoineduquebec.com\/eglisesduquebec\/wp-content\/uploads\/2019\/05\/St-Colomban.jpeg\"><img loading=\"lazy\" decoding=\"async\" width=\"768\" height=\"1024\" data-id=\"2329\" src=\"https:\/\/patrimoineduquebec.com\/eglisesduquebec\/wp-content\/uploads\/2019\/05\/St-Colomban-768x1024.jpeg\" alt=\"\" class=\"wp-image-2329\" srcset=\"https:\/\/patrimoineduquebec.com\/eglisesduquebec\/wp-content\/uploads\/2019\/05\/St-Colomban-768x1024.jpeg 768w, https:\/\/patrimoineduquebec.com\/eglisesduquebec\/wp-content\/uploads\/2019\/05\/St-Colomban-225x300.jpeg 225w\" sizes=\"auto, (max-width: 768px) 100vw, 768px\" \/><\/a><figcaption class=\"wp-element-caption\">Saint-Colomban <br>\u00c9glise Saint-Colomban<br>1853-1860 <br>(Monique Bellemare)<\/figcaption><\/figure>\n\n\n\n<figure class=\"wp-block-image\"><a href=\"https:\/\/patrimoineduquebec.com\/eglisesduquebec\/wp-content\/uploads\/2019\/05\/Christ-Roi.jpg\"><img loading=\"lazy\" decoding=\"async\" width=\"1024\" height=\"683\" data-id=\"2330\" src=\"https:\/\/patrimoineduquebec.com\/eglisesduquebec\/wp-content\/uploads\/2019\/05\/Christ-Roi-1024x683.jpg\" alt=\"\" class=\"wp-image-2330\" srcset=\"https:\/\/patrimoineduquebec.com\/eglisesduquebec\/wp-content\/uploads\/2019\/05\/Christ-Roi-1024x683.jpg 1024w, https:\/\/patrimoineduquebec.com\/eglisesduquebec\/wp-content\/uploads\/2019\/05\/Christ-Roi-300x200.jpg 300w, https:\/\/patrimoineduquebec.com\/eglisesduquebec\/wp-content\/uploads\/2019\/05\/Christ-Roi-768x512.jpg 768w\" sizes=\"auto, (max-width: 1024px) 100vw, 1024px\" \/><\/a><figcaption class=\"wp-element-caption\">Saint-Eustache <br>\u00c9glise Christ-Roi <br>1964 <br>(Monique Bellemare)<\/figcaption><\/figure>\n\n\n\n<figure class=\"wp-block-image\"><a href=\"https:\/\/patrimoineduquebec.com\/eglisesduquebec\/wp-content\/uploads\/2019\/05\/St-Esprit.jpeg\"><img loading=\"lazy\" decoding=\"async\" width=\"1024\" height=\"683\" data-id=\"2331\" src=\"https:\/\/patrimoineduquebec.com\/eglisesduquebec\/wp-content\/uploads\/2019\/05\/St-Esprit-1024x683.jpeg\" alt=\"\" class=\"wp-image-2331\" srcset=\"https:\/\/patrimoineduquebec.com\/eglisesduquebec\/wp-content\/uploads\/2019\/05\/St-Esprit-1024x683.jpeg 1024w, https:\/\/patrimoineduquebec.com\/eglisesduquebec\/wp-content\/uploads\/2019\/05\/St-Esprit-300x200.jpeg 300w, https:\/\/patrimoineduquebec.com\/eglisesduquebec\/wp-content\/uploads\/2019\/05\/St-Esprit-768x512.jpeg 768w\" sizes=\"auto, (max-width: 1024px) 100vw, 1024px\" \/><\/a><figcaption class=\"wp-element-caption\">Saint-Eustache<br> \u00c9glise Saint-Esprit (d\u00e9molie)<br>1969<br> (Monique Bellemare)<\/figcaption><\/figure>\n\n\n\n<figure class=\"wp-block-image\"><a href=\"https:\/\/patrimoineduquebec.com\/eglisesduquebec\/wp-content\/uploads\/2019\/05\/St-Eustache.jpeg\"><img loading=\"lazy\" decoding=\"async\" width=\"768\" height=\"1024\" data-id=\"2332\" src=\"https:\/\/patrimoineduquebec.com\/eglisesduquebec\/wp-content\/uploads\/2019\/05\/St-Eustache-768x1024.jpeg\" alt=\"\" class=\"wp-image-2332\" srcset=\"https:\/\/patrimoineduquebec.com\/eglisesduquebec\/wp-content\/uploads\/2019\/05\/St-Eustache-768x1024.jpeg 768w, https:\/\/patrimoineduquebec.com\/eglisesduquebec\/wp-content\/uploads\/2019\/05\/St-Eustache-225x300.jpeg 225w\" sizes=\"auto, (max-width: 768px) 100vw, 768px\" \/><\/a><figcaption class=\"wp-element-caption\">Saint-Eustache<br> \u00c9glise Saint-Eustache<br>1783 <br>(Monique Bellemare)<\/figcaption><\/figure>\n\n\n\n<figure class=\"wp-block-image\"><a href=\"https:\/\/patrimoineduquebec.com\/eglisesduquebec\/wp-content\/uploads\/2019\/05\/Marguerite-Bourgeoys.jpeg\"><img loading=\"lazy\" decoding=\"async\" width=\"1024\" height=\"683\" data-id=\"2333\" src=\"https:\/\/patrimoineduquebec.com\/eglisesduquebec\/wp-content\/uploads\/2019\/05\/Marguerite-Bourgeoys-1024x683.jpeg\" alt=\"\" class=\"wp-image-2333\" srcset=\"https:\/\/patrimoineduquebec.com\/eglisesduquebec\/wp-content\/uploads\/2019\/05\/Marguerite-Bourgeoys-1024x683.jpeg 1024w, https:\/\/patrimoineduquebec.com\/eglisesduquebec\/wp-content\/uploads\/2019\/05\/Marguerite-Bourgeoys-300x200.jpeg 300w, https:\/\/patrimoineduquebec.com\/eglisesduquebec\/wp-content\/uploads\/2019\/05\/Marguerite-Bourgeoys-768x512.jpeg 768w\" sizes=\"auto, (max-width: 1024px) 100vw, 1024px\" \/><\/a><figcaption class=\"wp-element-caption\">Saint-Eustache<br> \u00c9glise Sainte-Marguerite-Bourgeoys <br>1989 <br>(Monique Bellemare)<\/figcaption><\/figure>\n\n\n\n<figure class=\"wp-block-image\"><a href=\"https:\/\/patrimoineduquebec.com\/eglisesduquebec\/wp-content\/uploads\/2019\/05\/26-saint-hippolyte-G\u00e9rald-Arbour-N1.jpeg\"><img loading=\"lazy\" decoding=\"async\" width=\"768\" height=\"1024\" data-id=\"2334\" src=\"https:\/\/patrimoineduquebec.com\/eglisesduquebec\/wp-content\/uploads\/2019\/05\/26-saint-hippolyte-G\u00e9rald-Arbour-N1-768x1024.jpeg\" alt=\"\" class=\"wp-image-2334\" srcset=\"https:\/\/patrimoineduquebec.com\/eglisesduquebec\/wp-content\/uploads\/2019\/05\/26-saint-hippolyte-G\u00e9rald-Arbour-N1-768x1024.jpeg 768w, https:\/\/patrimoineduquebec.com\/eglisesduquebec\/wp-content\/uploads\/2019\/05\/26-saint-hippolyte-G\u00e9rald-Arbour-N1-225x300.jpeg 225w\" sizes=\"auto, (max-width: 768px) 100vw, 768px\" \/><\/a><figcaption class=\"wp-element-caption\">Saint-Hippolyte<br> \u00c9glise Saint-Hippolyte<br>1933<br> (G\u00e9rald Arbour)<\/figcaption><\/figure>\n\n\n\n<figure class=\"wp-block-image\"><a href=\"https:\/\/patrimoineduquebec.com\/eglisesduquebec\/wp-content\/uploads\/2019\/05\/saint-hippolyte-chemin-lac-bleu-G\u00e9rald-Arbour-N2.jpeg\"><img loading=\"lazy\" decoding=\"async\" width=\"1024\" height=\"768\" data-id=\"3517\" src=\"https:\/\/patrimoineduquebec.com\/eglisesduquebec\/wp-content\/uploads\/2019\/05\/saint-hippolyte-chemin-lac-bleu-G\u00e9rald-Arbour-N2-1024x768.jpeg\" alt=\"\" class=\"wp-image-3517\" srcset=\"https:\/\/patrimoineduquebec.com\/eglisesduquebec\/wp-content\/uploads\/2019\/05\/saint-hippolyte-chemin-lac-bleu-G\u00e9rald-Arbour-N2-1024x768.jpeg 1024w, https:\/\/patrimoineduquebec.com\/eglisesduquebec\/wp-content\/uploads\/2019\/05\/saint-hippolyte-chemin-lac-bleu-G\u00e9rald-Arbour-N2-300x225.jpeg 300w, https:\/\/patrimoineduquebec.com\/eglisesduquebec\/wp-content\/uploads\/2019\/05\/saint-hippolyte-chemin-lac-bleu-G\u00e9rald-Arbour-N2-768x576.jpeg 768w, https:\/\/patrimoineduquebec.com\/eglisesduquebec\/wp-content\/uploads\/2019\/05\/saint-hippolyte-chemin-lac-bleu-G\u00e9rald-Arbour-N2-120x90.jpeg 120w\" sizes=\"auto, (max-width: 1024px) 100vw, 1024px\" \/><\/a><figcaption class=\"wp-element-caption\">Saint-Hippolyte <br>Chapelle Saint-Albert-le-Grand (ferm\u00e9e)<br>1939<br> (G\u00e9rald Arbour)<\/figcaption><\/figure>\n\n\n\n<figure class=\"wp-block-image\"><a href=\"https:\/\/patrimoineduquebec.com\/eglisesduquebec\/wp-content\/uploads\/2019\/05\/25-saint-hippolyte-lac-connelly-G\u00e9rald-Arbour-N1.jpg\"><img loading=\"lazy\" decoding=\"async\" width=\"1024\" height=\"768\" data-id=\"2335\" src=\"https:\/\/patrimoineduquebec.com\/eglisesduquebec\/wp-content\/uploads\/2019\/05\/25-saint-hippolyte-lac-connelly-G\u00e9rald-Arbour-N1-1024x768.jpg\" alt=\"\" class=\"wp-image-2335\" srcset=\"https:\/\/patrimoineduquebec.com\/eglisesduquebec\/wp-content\/uploads\/2019\/05\/25-saint-hippolyte-lac-connelly-G\u00e9rald-Arbour-N1-1024x768.jpg 1024w, https:\/\/patrimoineduquebec.com\/eglisesduquebec\/wp-content\/uploads\/2019\/05\/25-saint-hippolyte-lac-connelly-G\u00e9rald-Arbour-N1-300x225.jpg 300w, https:\/\/patrimoineduquebec.com\/eglisesduquebec\/wp-content\/uploads\/2019\/05\/25-saint-hippolyte-lac-connelly-G\u00e9rald-Arbour-N1-768x576.jpg 768w, https:\/\/patrimoineduquebec.com\/eglisesduquebec\/wp-content\/uploads\/2019\/05\/25-saint-hippolyte-lac-connelly-G\u00e9rald-Arbour-N1-120x90.jpg 120w\" sizes=\"auto, (max-width: 1024px) 100vw, 1024px\" \/><\/a><figcaption class=\"wp-element-caption\">Saint-Hippolyte (Lac Connelly) <br>Chapelle Sainte-Anne (d\u00e9molie)<br>1948<br>(G\u00e9rald Arbour)<\/figcaption><\/figure>\n\n\n\n<figure class=\"wp-block-image\"><a href=\"https:\/\/patrimoineduquebec.com\/eglisesduquebec\/wp-content\/uploads\/2019\/07\/saint-hippolyte-lac-14-\u00eeles-G\u00e9rald-Arbour-N7-2.jpg\"><img loading=\"lazy\" decoding=\"async\" width=\"1024\" height=\"768\" data-id=\"3686\" src=\"https:\/\/patrimoineduquebec.com\/eglisesduquebec\/wp-content\/uploads\/2019\/07\/saint-hippolyte-lac-14-\u00eeles-G\u00e9rald-Arbour-N7-2-1024x768.jpg\" alt=\"\" class=\"wp-image-3686\" srcset=\"https:\/\/patrimoineduquebec.com\/eglisesduquebec\/wp-content\/uploads\/2019\/07\/saint-hippolyte-lac-14-\u00eeles-G\u00e9rald-Arbour-N7-2-1024x768.jpg 1024w, https:\/\/patrimoineduquebec.com\/eglisesduquebec\/wp-content\/uploads\/2019\/07\/saint-hippolyte-lac-14-\u00eeles-G\u00e9rald-Arbour-N7-2-300x225.jpg 300w, https:\/\/patrimoineduquebec.com\/eglisesduquebec\/wp-content\/uploads\/2019\/07\/saint-hippolyte-lac-14-\u00eeles-G\u00e9rald-Arbour-N7-2-768x576.jpg 768w, https:\/\/patrimoineduquebec.com\/eglisesduquebec\/wp-content\/uploads\/2019\/07\/saint-hippolyte-lac-14-\u00eeles-G\u00e9rald-Arbour-N7-2-120x90.jpg 120w\" sizes=\"auto, (max-width: 1024px) 100vw, 1024px\" \/><\/a><figcaption class=\"wp-element-caption\">Saint-Hippolyte (Lac des Quatorze  \u00celes) <br>Chapelle Notre-Dame-du-Lac <br>1916-1917 <br>(G\u00e9rald Arbour)<\/figcaption><\/figure>\n\n\n\n<figure class=\"wp-block-image\"><a href=\"https:\/\/patrimoineduquebec.com\/eglisesduquebec\/wp-content\/uploads\/2019\/05\/St-J\u00e9r\u00f4me-Notre-Dame.jpeg\"><img loading=\"lazy\" decoding=\"async\" width=\"1024\" height=\"768\" data-id=\"2337\" src=\"https:\/\/patrimoineduquebec.com\/eglisesduquebec\/wp-content\/uploads\/2019\/05\/St-J\u00e9r\u00f4me-Notre-Dame-1024x768.jpeg\" alt=\"\" class=\"wp-image-2337\" srcset=\"https:\/\/patrimoineduquebec.com\/eglisesduquebec\/wp-content\/uploads\/2019\/05\/St-J\u00e9r\u00f4me-Notre-Dame-1024x768.jpeg 1024w, https:\/\/patrimoineduquebec.com\/eglisesduquebec\/wp-content\/uploads\/2019\/05\/St-J\u00e9r\u00f4me-Notre-Dame-300x225.jpeg 300w, https:\/\/patrimoineduquebec.com\/eglisesduquebec\/wp-content\/uploads\/2019\/05\/St-J\u00e9r\u00f4me-Notre-Dame-768x576.jpeg 768w, https:\/\/patrimoineduquebec.com\/eglisesduquebec\/wp-content\/uploads\/2019\/05\/St-J\u00e9r\u00f4me-Notre-Dame-120x90.jpeg 120w\" sizes=\"auto, (max-width: 1024px) 100vw, 1024px\" \/><\/a><figcaption class=\"wp-element-caption\">Saint-J\u00e9r\u00f4me <br> \u00c9glise Notre-Dame <br>(Monique Bellemare)<\/figcaption><\/figure>\n\n\n\n<figure class=\"wp-block-image\"><a href=\"https:\/\/patrimoineduquebec.com\/eglisesduquebec\/wp-content\/uploads\/2019\/05\/St-J\u00e9rome-cath\u00e9drale.jpeg\"><img loading=\"lazy\" decoding=\"async\" width=\"768\" height=\"1024\" data-id=\"2338\" src=\"https:\/\/patrimoineduquebec.com\/eglisesduquebec\/wp-content\/uploads\/2019\/05\/St-J\u00e9rome-cath\u00e9drale-768x1024.jpeg\" alt=\"\" class=\"wp-image-2338\" srcset=\"https:\/\/patrimoineduquebec.com\/eglisesduquebec\/wp-content\/uploads\/2019\/05\/St-J\u00e9rome-cath\u00e9drale-768x1024.jpeg 768w, https:\/\/patrimoineduquebec.com\/eglisesduquebec\/wp-content\/uploads\/2019\/05\/St-J\u00e9rome-cath\u00e9drale-225x300.jpeg 225w, https:\/\/patrimoineduquebec.com\/eglisesduquebec\/wp-content\/uploads\/2019\/05\/St-J\u00e9rome-cath\u00e9drale.jpeg 1920w\" sizes=\"auto, (max-width: 768px) 100vw, 768px\" \/><\/a><figcaption class=\"wp-element-caption\">Saint-J\u00e9r\u00f4me <br>Cath\u00e9drale Saint-J\u00e9r\u00f4me<br>1897-1900 <br>(Monique Bellemare)<\/figcaption><\/figure>\n\n\n\n<figure class=\"wp-block-image\"><a href=\"https:\/\/patrimoineduquebec.com\/eglisesduquebec\/wp-content\/uploads\/2019\/05\/St-J\u00e9r\u00f4me-St-Pierre.jpeg\"><img loading=\"lazy\" decoding=\"async\" width=\"1024\" height=\"768\" data-id=\"2339\" src=\"https:\/\/patrimoineduquebec.com\/eglisesduquebec\/wp-content\/uploads\/2019\/05\/St-J\u00e9r\u00f4me-St-Pierre-1024x768.jpeg\" alt=\"\" class=\"wp-image-2339\" srcset=\"https:\/\/patrimoineduquebec.com\/eglisesduquebec\/wp-content\/uploads\/2019\/05\/St-J\u00e9r\u00f4me-St-Pierre-1024x768.jpeg 1024w, https:\/\/patrimoineduquebec.com\/eglisesduquebec\/wp-content\/uploads\/2019\/05\/St-J\u00e9r\u00f4me-St-Pierre-300x225.jpeg 300w, https:\/\/patrimoineduquebec.com\/eglisesduquebec\/wp-content\/uploads\/2019\/05\/St-J\u00e9r\u00f4me-St-Pierre-768x576.jpeg 768w, https:\/\/patrimoineduquebec.com\/eglisesduquebec\/wp-content\/uploads\/2019\/05\/St-J\u00e9r\u00f4me-St-Pierre-120x90.jpeg 120w\" sizes=\"auto, (max-width: 1024px) 100vw, 1024px\" \/><\/a><figcaption class=\"wp-element-caption\">Saint-J\u00e9r\u00f4me <br> \u00c9glise Saint-Pierre<br> 1966-1967 <br>(Monique Bellemare)<\/figcaption><\/figure>\n\n\n\n<figure class=\"wp-block-image\"><a href=\"https:\/\/patrimoineduquebec.com\/eglisesduquebec\/wp-content\/uploads\/2019\/05\/St-J\u00e9r\u00f4me-Ste-Marcelle.jpeg\"><img loading=\"lazy\" decoding=\"async\" width=\"1024\" height=\"768\" data-id=\"2340\" src=\"https:\/\/patrimoineduquebec.com\/eglisesduquebec\/wp-content\/uploads\/2019\/05\/St-J\u00e9r\u00f4me-Ste-Marcelle-1024x768.jpeg\" alt=\"\" class=\"wp-image-2340\" srcset=\"https:\/\/patrimoineduquebec.com\/eglisesduquebec\/wp-content\/uploads\/2019\/05\/St-J\u00e9r\u00f4me-Ste-Marcelle-1024x768.jpeg 1024w, https:\/\/patrimoineduquebec.com\/eglisesduquebec\/wp-content\/uploads\/2019\/05\/St-J\u00e9r\u00f4me-Ste-Marcelle-300x225.jpeg 300w, https:\/\/patrimoineduquebec.com\/eglisesduquebec\/wp-content\/uploads\/2019\/05\/St-J\u00e9r\u00f4me-Ste-Marcelle-768x576.jpeg 768w, https:\/\/patrimoineduquebec.com\/eglisesduquebec\/wp-content\/uploads\/2019\/05\/St-J\u00e9r\u00f4me-Ste-Marcelle-120x90.jpeg 120w\" sizes=\"auto, (max-width: 1024px) 100vw, 1024px\" \/><\/a><figcaption class=\"wp-element-caption\">Saint-J\u00e9r\u00f4me  <br>\u00c9glise Sainte-Marcelle (ferm\u00e9e)<br>1950-1951<br> (Monique Bellemare)<\/figcaption><\/figure>\n\n\n\n<figure class=\"wp-block-image\"><a href=\"https:\/\/patrimoineduquebec.com\/eglisesduquebec\/wp-content\/uploads\/2019\/05\/St-J\u00e9rome-Ste-Paule.jpeg\"><img loading=\"lazy\" decoding=\"async\" width=\"822\" height=\"1024\" data-id=\"2341\" src=\"https:\/\/patrimoineduquebec.com\/eglisesduquebec\/wp-content\/uploads\/2019\/05\/St-J\u00e9rome-Ste-Paule-822x1024.jpeg\" alt=\"\" class=\"wp-image-2341\" srcset=\"https:\/\/patrimoineduquebec.com\/eglisesduquebec\/wp-content\/uploads\/2019\/05\/St-J\u00e9rome-Ste-Paule-822x1024.jpeg 822w, https:\/\/patrimoineduquebec.com\/eglisesduquebec\/wp-content\/uploads\/2019\/05\/St-J\u00e9rome-Ste-Paule-241x300.jpeg 241w, https:\/\/patrimoineduquebec.com\/eglisesduquebec\/wp-content\/uploads\/2019\/05\/St-J\u00e9rome-Ste-Paule-768x957.jpeg 768w, https:\/\/patrimoineduquebec.com\/eglisesduquebec\/wp-content\/uploads\/2019\/05\/St-J\u00e9rome-Ste-Paule.jpeg 1834w\" sizes=\"auto, (max-width: 822px) 100vw, 822px\" \/><\/a><figcaption class=\"wp-element-caption\">Saint-J\u00e9r\u00f4me<br>  \u00c9glise Sainte-Paule (ferm\u00e9e)<br> 1948-1952 <br>(Monique Bellemare)<\/figcaption><\/figure>\n\n\n\n<figure class=\"wp-block-image\"><a href=\"https:\/\/patrimoineduquebec.com\/eglisesduquebec\/wp-content\/uploads\/2019\/05\/Bellefeuille.jpeg\"><img loading=\"lazy\" decoding=\"async\" width=\"1024\" height=\"683\" data-id=\"2342\" src=\"https:\/\/patrimoineduquebec.com\/eglisesduquebec\/wp-content\/uploads\/2019\/05\/Bellefeuille-1024x683.jpeg\" alt=\"\" class=\"wp-image-2342\" srcset=\"https:\/\/patrimoineduquebec.com\/eglisesduquebec\/wp-content\/uploads\/2019\/05\/Bellefeuille-1024x683.jpeg 1024w, https:\/\/patrimoineduquebec.com\/eglisesduquebec\/wp-content\/uploads\/2019\/05\/Bellefeuille-300x200.jpeg 300w, https:\/\/patrimoineduquebec.com\/eglisesduquebec\/wp-content\/uploads\/2019\/05\/Bellefeuille-768x512.jpeg 768w\" sizes=\"auto, (max-width: 1024px) 100vw, 1024px\" \/><\/a><figcaption class=\"wp-element-caption\">Saint-J\u00e9r\u00f4me (Bellefeuille)<br>\u00c9glise Notre-Dame-de-la-Salette <br>2006<br>(Monique Bellemare)<\/figcaption><\/figure>\n\n\n\n<figure class=\"wp-block-image\"><a href=\"https:\/\/patrimoineduquebec.com\/eglisesduquebec\/wp-content\/uploads\/2019\/05\/St-Antoine-des-Laurentides.jpeg\"><img loading=\"lazy\" decoding=\"async\" width=\"1024\" height=\"768\" data-id=\"2343\" src=\"https:\/\/patrimoineduquebec.com\/eglisesduquebec\/wp-content\/uploads\/2019\/05\/St-Antoine-des-Laurentides-1024x768.jpeg\" alt=\"\" class=\"wp-image-2343\" srcset=\"https:\/\/patrimoineduquebec.com\/eglisesduquebec\/wp-content\/uploads\/2019\/05\/St-Antoine-des-Laurentides-1024x768.jpeg 1024w, https:\/\/patrimoineduquebec.com\/eglisesduquebec\/wp-content\/uploads\/2019\/05\/St-Antoine-des-Laurentides-300x225.jpeg 300w, https:\/\/patrimoineduquebec.com\/eglisesduquebec\/wp-content\/uploads\/2019\/05\/St-Antoine-des-Laurentides-768x576.jpeg 768w, https:\/\/patrimoineduquebec.com\/eglisesduquebec\/wp-content\/uploads\/2019\/05\/St-Antoine-des-Laurentides-120x90.jpeg 120w\" sizes=\"auto, (max-width: 1024px) 100vw, 1024px\" \/><\/a><figcaption class=\"wp-element-caption\">Saint-J\u00e9r\u00f4me (Saint-Antoine-des-Laurentides)<br>\u00c9glise Saint-Antoine <br>1945-1946<br>(Monique Bellemare)<\/figcaption><\/figure>\n\n\n\n<figure class=\"wp-block-image\"><a href=\"https:\/\/patrimoineduquebec.com\/eglisesduquebec\/wp-content\/uploads\/2019\/05\/saint-joseph-du-lac-G\u00e9rald-Arbour-N3.jpeg\"><img loading=\"lazy\" decoding=\"async\" width=\"768\" height=\"1024\" data-id=\"2344\" src=\"https:\/\/patrimoineduquebec.com\/eglisesduquebec\/wp-content\/uploads\/2019\/05\/saint-joseph-du-lac-G\u00e9rald-Arbour-N3-768x1024.jpeg\" alt=\"\" class=\"wp-image-2344\" srcset=\"https:\/\/patrimoineduquebec.com\/eglisesduquebec\/wp-content\/uploads\/2019\/05\/saint-joseph-du-lac-G\u00e9rald-Arbour-N3-768x1024.jpeg 768w, https:\/\/patrimoineduquebec.com\/eglisesduquebec\/wp-content\/uploads\/2019\/05\/saint-joseph-du-lac-G\u00e9rald-Arbour-N3-225x300.jpeg 225w\" sizes=\"auto, (max-width: 768px) 100vw, 768px\" \/><\/a><figcaption class=\"wp-element-caption\">Saint-Joseph-du-Lac <br>\u00c9glise Saint-Joseph-du-Lac<br>1880-1885<br> (G\u00e9rald Arbour)<\/figcaption><\/figure>\n\n\n\n<figure class=\"wp-block-image\"><a href=\"https:\/\/patrimoineduquebec.com\/eglisesduquebec\/wp-content\/uploads\/2019\/05\/St-Placide.jpeg\"><img loading=\"lazy\" decoding=\"async\" width=\"683\" height=\"1024\" data-id=\"2345\" src=\"https:\/\/patrimoineduquebec.com\/eglisesduquebec\/wp-content\/uploads\/2019\/05\/St-Placide-683x1024.jpeg\" alt=\"\" class=\"wp-image-2345\" srcset=\"https:\/\/patrimoineduquebec.com\/eglisesduquebec\/wp-content\/uploads\/2019\/05\/St-Placide-683x1024.jpeg 683w, https:\/\/patrimoineduquebec.com\/eglisesduquebec\/wp-content\/uploads\/2019\/05\/St-Placide-200x300.jpeg 200w, https:\/\/patrimoineduquebec.com\/eglisesduquebec\/wp-content\/uploads\/2019\/05\/St-Placide-768x1152.jpeg 768w\" sizes=\"auto, (max-width: 683px) 100vw, 683px\" \/><\/a><figcaption class=\"wp-element-caption\">Saint-Placide<br> \u00c9glise Saint-Placide (ferm\u00e9e)<br>1850-1852 <br>(Monique Bellemare)<\/figcaption><\/figure>\n\n\n\n<figure class=\"wp-block-image\"><a href=\"https:\/\/patrimoineduquebec.com\/eglisesduquebec\/wp-content\/uploads\/2019\/05\/St-Sauveur.jpeg\"><img loading=\"lazy\" decoding=\"async\" width=\"683\" height=\"1024\" data-id=\"2346\" src=\"https:\/\/patrimoineduquebec.com\/eglisesduquebec\/wp-content\/uploads\/2019\/05\/St-Sauveur-683x1024.jpeg\" alt=\"\" class=\"wp-image-2346\" srcset=\"https:\/\/patrimoineduquebec.com\/eglisesduquebec\/wp-content\/uploads\/2019\/05\/St-Sauveur-683x1024.jpeg 683w, https:\/\/patrimoineduquebec.com\/eglisesduquebec\/wp-content\/uploads\/2019\/05\/St-Sauveur-200x300.jpeg 200w, https:\/\/patrimoineduquebec.com\/eglisesduquebec\/wp-content\/uploads\/2019\/05\/St-Sauveur-768x1152.jpeg 768w\" sizes=\"auto, (max-width: 683px) 100vw, 683px\" \/><\/a><figcaption class=\"wp-element-caption\">Saint-Sauveur<br> \u00c9glise Saint-Sauveur-des-Monts <br>1903-1904<br>(Monique Bellemare)<\/figcaption><\/figure>\n\n\n\n<figure class=\"wp-block-image\"><a href=\"https:\/\/patrimoineduquebec.com\/eglisesduquebec\/wp-content\/uploads\/2019\/05\/saint-sauveur-1787-chemin-des-becs-scie-o-G\u00e9rald-Arbour-N2.jpeg\"><img loading=\"lazy\" decoding=\"async\" width=\"768\" height=\"1024\" data-id=\"2347\" src=\"https:\/\/patrimoineduquebec.com\/eglisesduquebec\/wp-content\/uploads\/2019\/05\/saint-sauveur-1787-chemin-des-becs-scie-o-G\u00e9rald-Arbour-N2-768x1024.jpeg\" alt=\"\" class=\"wp-image-2347\" srcset=\"https:\/\/patrimoineduquebec.com\/eglisesduquebec\/wp-content\/uploads\/2019\/05\/saint-sauveur-1787-chemin-des-becs-scie-o-G\u00e9rald-Arbour-N2-768x1024.jpeg 768w, https:\/\/patrimoineduquebec.com\/eglisesduquebec\/wp-content\/uploads\/2019\/05\/saint-sauveur-1787-chemin-des-becs-scie-o-G\u00e9rald-Arbour-N2-225x300.jpeg 225w\" sizes=\"auto, (max-width: 768px) 100vw, 768px\" \/><\/a><figcaption class=\"wp-element-caption\">Saint-Sauveur <br>Chapelle Sainte-Th\u00e9r\u00e8se (ferm\u00e9e)<br>1951 <br>(G\u00e9rald Arbour)<\/figcaption><\/figure>\n\n\n\n<figure class=\"wp-block-image\"><a href=\"https:\/\/patrimoineduquebec.com\/eglisesduquebec\/wp-content\/uploads\/2019\/05\/Ste-Ad\u00e8le.jpeg\"><img loading=\"lazy\" decoding=\"async\" width=\"683\" height=\"1024\" data-id=\"2348\" src=\"https:\/\/patrimoineduquebec.com\/eglisesduquebec\/wp-content\/uploads\/2019\/05\/Ste-Ad\u00e8le-683x1024.jpeg\" alt=\"\" class=\"wp-image-2348\" srcset=\"https:\/\/patrimoineduquebec.com\/eglisesduquebec\/wp-content\/uploads\/2019\/05\/Ste-Ad\u00e8le-683x1024.jpeg 683w, https:\/\/patrimoineduquebec.com\/eglisesduquebec\/wp-content\/uploads\/2019\/05\/Ste-Ad\u00e8le-200x300.jpeg 200w, https:\/\/patrimoineduquebec.com\/eglisesduquebec\/wp-content\/uploads\/2019\/05\/Ste-Ad\u00e8le-768x1152.jpeg 768w\" sizes=\"auto, (max-width: 683px) 100vw, 683px\" \/><\/a><figcaption class=\"wp-element-caption\">Sainte-Ad\u00e8le<br> \u00c9glise Sainte-Ad\u00e8le<br> 1951-1952 <br>(Monique Bellemare)<\/figcaption><\/figure>\n\n\n\n<figure class=\"wp-block-image\"><a href=\"https:\/\/patrimoineduquebec.com\/eglisesduquebec\/wp-content\/uploads\/2019\/05\/sainte-ad\u00e8le-1720-chemin-pierre-p\u00e9ladeau-G\u00e9rald-Arbour-N2-1.jpeg\"><img loading=\"lazy\" decoding=\"async\" width=\"1024\" height=\"768\" data-id=\"2349\" src=\"https:\/\/patrimoineduquebec.com\/eglisesduquebec\/wp-content\/uploads\/2019\/05\/sainte-ad\u00e8le-1720-chemin-pierre-p\u00e9ladeau-G\u00e9rald-Arbour-N2-1-1024x768.jpeg\" alt=\"\" class=\"wp-image-2349\" srcset=\"https:\/\/patrimoineduquebec.com\/eglisesduquebec\/wp-content\/uploads\/2019\/05\/sainte-ad\u00e8le-1720-chemin-pierre-p\u00e9ladeau-G\u00e9rald-Arbour-N2-1-1024x768.jpeg 1024w, https:\/\/patrimoineduquebec.com\/eglisesduquebec\/wp-content\/uploads\/2019\/05\/sainte-ad\u00e8le-1720-chemin-pierre-p\u00e9ladeau-G\u00e9rald-Arbour-N2-1-300x225.jpeg 300w, https:\/\/patrimoineduquebec.com\/eglisesduquebec\/wp-content\/uploads\/2019\/05\/sainte-ad\u00e8le-1720-chemin-pierre-p\u00e9ladeau-G\u00e9rald-Arbour-N2-1-768x576.jpeg 768w, https:\/\/patrimoineduquebec.com\/eglisesduquebec\/wp-content\/uploads\/2019\/05\/sainte-ad\u00e8le-1720-chemin-pierre-p\u00e9ladeau-G\u00e9rald-Arbour-N2-1-120x90.jpeg 120w\" sizes=\"auto, (max-width: 1024px) 100vw, 1024px\" \/><\/a><figcaption class=\"wp-element-caption\">Sainte-Ad\u00e8le<br> Chapelle Saint-Bernard-de-Clairvaux (ferm\u00e9e)<br> 1936-1937<br> (G\u00e9rald Arbour)<\/figcaption><\/figure>\n\n\n\n<figure class=\"wp-block-image\"><a href=\"https:\/\/patrimoineduquebec.com\/eglisesduquebec\/wp-content\/uploads\/2019\/05\/sainte-ad\u00e8le-G\u00e9rald-Arbour-N1.jpeg\"><img loading=\"lazy\" decoding=\"async\" width=\"1024\" height=\"768\" data-id=\"2350\" src=\"https:\/\/patrimoineduquebec.com\/eglisesduquebec\/wp-content\/uploads\/2019\/05\/sainte-ad\u00e8le-G\u00e9rald-Arbour-N1-1024x768.jpeg\" alt=\"\" class=\"wp-image-2350\" srcset=\"https:\/\/patrimoineduquebec.com\/eglisesduquebec\/wp-content\/uploads\/2019\/05\/sainte-ad\u00e8le-G\u00e9rald-Arbour-N1-1024x768.jpeg 1024w, https:\/\/patrimoineduquebec.com\/eglisesduquebec\/wp-content\/uploads\/2019\/05\/sainte-ad\u00e8le-G\u00e9rald-Arbour-N1-300x225.jpeg 300w, https:\/\/patrimoineduquebec.com\/eglisesduquebec\/wp-content\/uploads\/2019\/05\/sainte-ad\u00e8le-G\u00e9rald-Arbour-N1-768x576.jpeg 768w, https:\/\/patrimoineduquebec.com\/eglisesduquebec\/wp-content\/uploads\/2019\/05\/sainte-ad\u00e8le-G\u00e9rald-Arbour-N1-120x90.jpeg 120w\" sizes=\"auto, (max-width: 1024px) 100vw, 1024px\" \/><\/a><figcaption class=\"wp-element-caption\">Sainte-Ad\u00e8le (Lac Millette)<br>Chapelle Tr\u00e8s-Saint-Nom-de-J\u00e9sus (ferm\u00e9e)<br> 1965 <br>(G\u00e9rald Arbour)<\/figcaption><\/figure>\n\n\n\n<figure class=\"wp-block-image\"><a href=\"https:\/\/patrimoineduquebec.com\/eglisesduquebec\/wp-content\/uploads\/2019\/05\/Ste-Ad\u00e8le-Mt-Roland.jpeg\"><img loading=\"lazy\" decoding=\"async\" width=\"683\" height=\"1024\" data-id=\"2351\" src=\"https:\/\/patrimoineduquebec.com\/eglisesduquebec\/wp-content\/uploads\/2019\/05\/Ste-Ad\u00e8le-Mt-Roland-683x1024.jpeg\" alt=\"\" class=\"wp-image-2351\" srcset=\"https:\/\/patrimoineduquebec.com\/eglisesduquebec\/wp-content\/uploads\/2019\/05\/Ste-Ad\u00e8le-Mt-Roland-683x1024.jpeg 683w, https:\/\/patrimoineduquebec.com\/eglisesduquebec\/wp-content\/uploads\/2019\/05\/Ste-Ad\u00e8le-Mt-Roland-200x300.jpeg 200w, https:\/\/patrimoineduquebec.com\/eglisesduquebec\/wp-content\/uploads\/2019\/05\/Ste-Ad\u00e8le-Mt-Roland-768x1152.jpeg 768w\" sizes=\"auto, (max-width: 683px) 100vw, 683px\" \/><\/a><figcaption class=\"wp-element-caption\">Sainte-Ad\u00e8le (Mont-Rolland)<br> \u00c9glise Saint-Joseph <br>1914 <br>(Monique Bellemare)<\/figcaption><\/figure>\n\n\n\n<figure class=\"wp-block-image\"><a href=\"https:\/\/patrimoineduquebec.com\/eglisesduquebec\/wp-content\/uploads\/2019\/05\/Ste-Anne-des-Lacs.jpeg\"><img loading=\"lazy\" decoding=\"async\" width=\"1024\" height=\"683\" data-id=\"2352\" src=\"https:\/\/patrimoineduquebec.com\/eglisesduquebec\/wp-content\/uploads\/2019\/05\/Ste-Anne-des-Lacs-1024x683.jpeg\" alt=\"\" class=\"wp-image-2352\" srcset=\"https:\/\/patrimoineduquebec.com\/eglisesduquebec\/wp-content\/uploads\/2019\/05\/Ste-Anne-des-Lacs-1024x683.jpeg 1024w, https:\/\/patrimoineduquebec.com\/eglisesduquebec\/wp-content\/uploads\/2019\/05\/Ste-Anne-des-Lacs-300x200.jpeg 300w, https:\/\/patrimoineduquebec.com\/eglisesduquebec\/wp-content\/uploads\/2019\/05\/Ste-Anne-des-Lacs-768x512.jpeg 768w\" sizes=\"auto, (max-width: 1024px) 100vw, 1024px\" \/><\/a><figcaption class=\"wp-element-caption\">Sainte-Anne-des-Lacs<br>\u00c9glise Sainte-Anne-des-Lacs (ferm\u00e9e)<br>1920 <br>(Monique Bellemare)<\/figcaption><\/figure>\n\n\n\n<figure class=\"wp-block-image\"><a href=\"https:\/\/patrimoineduquebec.com\/eglisesduquebec\/wp-content\/uploads\/2020\/07\/sainte-anne-des-lacs-176-chemin-des-oliviers-G\u00e9rald-Arbour-N3.jpeg\"><img loading=\"lazy\" decoding=\"async\" width=\"1024\" height=\"768\" data-id=\"3902\" src=\"https:\/\/patrimoineduquebec.com\/eglisesduquebec\/wp-content\/uploads\/2020\/07\/sainte-anne-des-lacs-176-chemin-des-oliviers-G\u00e9rald-Arbour-N3-1024x768.jpeg\" alt=\"\" class=\"wp-image-3902\" srcset=\"https:\/\/patrimoineduquebec.com\/eglisesduquebec\/wp-content\/uploads\/2020\/07\/sainte-anne-des-lacs-176-chemin-des-oliviers-G\u00e9rald-Arbour-N3-1024x768.jpeg 1024w, https:\/\/patrimoineduquebec.com\/eglisesduquebec\/wp-content\/uploads\/2020\/07\/sainte-anne-des-lacs-176-chemin-des-oliviers-G\u00e9rald-Arbour-N3-300x225.jpeg 300w, https:\/\/patrimoineduquebec.com\/eglisesduquebec\/wp-content\/uploads\/2020\/07\/sainte-anne-des-lacs-176-chemin-des-oliviers-G\u00e9rald-Arbour-N3-768x576.jpeg 768w, https:\/\/patrimoineduquebec.com\/eglisesduquebec\/wp-content\/uploads\/2020\/07\/sainte-anne-des-lacs-176-chemin-des-oliviers-G\u00e9rald-Arbour-N3-1536x1152.jpeg 1536w, https:\/\/patrimoineduquebec.com\/eglisesduquebec\/wp-content\/uploads\/2020\/07\/sainte-anne-des-lacs-176-chemin-des-oliviers-G\u00e9rald-Arbour-N3-2048x1536.jpeg 2048w, https:\/\/patrimoineduquebec.com\/eglisesduquebec\/wp-content\/uploads\/2020\/07\/sainte-anne-des-lacs-176-chemin-des-oliviers-G\u00e9rald-Arbour-N3-120x90.jpeg 120w\" sizes=\"auto, (max-width: 1024px) 100vw, 1024px\" \/><\/a><figcaption class=\"wp-element-caption\">Sainte-Anne-des-Lacs<br>Chapelle des Camps de l&rsquo;Avenir<br>1945<br>(G\u00e9rald Arbour)<\/figcaption><\/figure>\n\n\n\n<figure class=\"wp-block-image\"><a href=\"https:\/\/patrimoineduquebec.com\/eglisesduquebec\/wp-content\/uploads\/2020\/07\/sainte-anne-des-lacs-298-chemin-godefroy-G\u00e9rald-Arbour-N1.jpg\"><img loading=\"lazy\" decoding=\"async\" width=\"1024\" height=\"768\" data-id=\"3900\" src=\"https:\/\/patrimoineduquebec.com\/eglisesduquebec\/wp-content\/uploads\/2020\/07\/sainte-anne-des-lacs-298-chemin-godefroy-G\u00e9rald-Arbour-N1-1024x768.jpg\" alt=\"\" class=\"wp-image-3900\" srcset=\"https:\/\/patrimoineduquebec.com\/eglisesduquebec\/wp-content\/uploads\/2020\/07\/sainte-anne-des-lacs-298-chemin-godefroy-G\u00e9rald-Arbour-N1-1024x768.jpg 1024w, https:\/\/patrimoineduquebec.com\/eglisesduquebec\/wp-content\/uploads\/2020\/07\/sainte-anne-des-lacs-298-chemin-godefroy-G\u00e9rald-Arbour-N1-300x225.jpg 300w, https:\/\/patrimoineduquebec.com\/eglisesduquebec\/wp-content\/uploads\/2020\/07\/sainte-anne-des-lacs-298-chemin-godefroy-G\u00e9rald-Arbour-N1-768x576.jpg 768w, https:\/\/patrimoineduquebec.com\/eglisesduquebec\/wp-content\/uploads\/2020\/07\/sainte-anne-des-lacs-298-chemin-godefroy-G\u00e9rald-Arbour-N1-1536x1152.jpg 1536w, https:\/\/patrimoineduquebec.com\/eglisesduquebec\/wp-content\/uploads\/2020\/07\/sainte-anne-des-lacs-298-chemin-godefroy-G\u00e9rald-Arbour-N1-120x90.jpg 120w, https:\/\/patrimoineduquebec.com\/eglisesduquebec\/wp-content\/uploads\/2020\/07\/sainte-anne-des-lacs-298-chemin-godefroy-G\u00e9rald-Arbour-N1.jpg 1843w\" sizes=\"auto, (max-width: 1024px) 100vw, 1024px\" \/><\/a><figcaption class=\"wp-element-caption\">Sainte-Anne-des-Lacs<br>Chapelle du camp Olier<br>1960<br>(G\u00e9rald Arbour)<\/figcaption><\/figure>\n\n\n\n<figure class=\"wp-block-image\"><a href=\"https:\/\/patrimoineduquebec.com\/eglisesduquebec\/wp-content\/uploads\/2020\/08\/sainte-anne-des-plaines-mariages-qc-335-G\u00e9rald-Arbour-N2-scaled.jpg\"><img loading=\"lazy\" decoding=\"async\" width=\"1024\" height=\"768\" data-id=\"4020\" src=\"https:\/\/patrimoineduquebec.com\/eglisesduquebec\/wp-content\/uploads\/2020\/08\/sainte-anne-des-plaines-mariages-qc-335-G\u00e9rald-Arbour-N2-1024x768.jpg\" alt=\"\" class=\"wp-image-4020\" srcset=\"https:\/\/patrimoineduquebec.com\/eglisesduquebec\/wp-content\/uploads\/2020\/08\/sainte-anne-des-plaines-mariages-qc-335-G\u00e9rald-Arbour-N2-1024x768.jpg 1024w, https:\/\/patrimoineduquebec.com\/eglisesduquebec\/wp-content\/uploads\/2020\/08\/sainte-anne-des-plaines-mariages-qc-335-G\u00e9rald-Arbour-N2-300x225.jpg 300w, https:\/\/patrimoineduquebec.com\/eglisesduquebec\/wp-content\/uploads\/2020\/08\/sainte-anne-des-plaines-mariages-qc-335-G\u00e9rald-Arbour-N2-768x576.jpg 768w, https:\/\/patrimoineduquebec.com\/eglisesduquebec\/wp-content\/uploads\/2020\/08\/sainte-anne-des-plaines-mariages-qc-335-G\u00e9rald-Arbour-N2-1536x1152.jpg 1536w, https:\/\/patrimoineduquebec.com\/eglisesduquebec\/wp-content\/uploads\/2020\/08\/sainte-anne-des-plaines-mariages-qc-335-G\u00e9rald-Arbour-N2-2048x1536.jpg 2048w, https:\/\/patrimoineduquebec.com\/eglisesduquebec\/wp-content\/uploads\/2020\/08\/sainte-anne-des-plaines-mariages-qc-335-G\u00e9rald-Arbour-N2-120x90.jpg 120w\" sizes=\"auto, (max-width: 1024px) 100vw, 1024px\" \/><\/a><figcaption class=\"wp-element-caption\">Sainte-Anne-des-Plaines<br>Chapelle du Chalet des \u00c9rables<br>2001<br>(G\u00e9rald Arbour)<\/figcaption><\/figure>\n\n\n\n<figure class=\"wp-block-image\"><a href=\"https:\/\/patrimoineduquebec.com\/eglisesduquebec\/wp-content\/uploads\/2019\/05\/Ste-Anne-des-Plaines.jpeg\"><img loading=\"lazy\" decoding=\"async\" width=\"768\" height=\"1024\" data-id=\"2353\" src=\"https:\/\/patrimoineduquebec.com\/eglisesduquebec\/wp-content\/uploads\/2019\/05\/Ste-Anne-des-Plaines-768x1024.jpeg\" alt=\"\" class=\"wp-image-2353\" srcset=\"https:\/\/patrimoineduquebec.com\/eglisesduquebec\/wp-content\/uploads\/2019\/05\/Ste-Anne-des-Plaines-768x1024.jpeg 768w, https:\/\/patrimoineduquebec.com\/eglisesduquebec\/wp-content\/uploads\/2019\/05\/Ste-Anne-des-Plaines-225x300.jpeg 225w\" sizes=\"auto, (max-width: 768px) 100vw, 768px\" \/><\/a><figcaption class=\"wp-element-caption\">Sainte-Anne-des-Plaines<br>\u00c9glise Sainte-Anne-des-Plaines <br>1899-1902 <br>(Monique Bellemare)<\/figcaption><\/figure>\n\n\n\n<figure class=\"wp-block-image\"><a href=\"https:\/\/patrimoineduquebec.com\/eglisesduquebec\/wp-content\/uploads\/2019\/05\/sainte-marguerite-du-lac-masson-G\u00e9rald-Arbour-N6.jpeg\"><img loading=\"lazy\" decoding=\"async\" width=\"768\" height=\"1024\" data-id=\"2354\" src=\"https:\/\/patrimoineduquebec.com\/eglisesduquebec\/wp-content\/uploads\/2019\/05\/sainte-marguerite-du-lac-masson-G\u00e9rald-Arbour-N6-768x1024.jpeg\" alt=\"\" class=\"wp-image-2354\" srcset=\"https:\/\/patrimoineduquebec.com\/eglisesduquebec\/wp-content\/uploads\/2019\/05\/sainte-marguerite-du-lac-masson-G\u00e9rald-Arbour-N6-768x1024.jpeg 768w, https:\/\/patrimoineduquebec.com\/eglisesduquebec\/wp-content\/uploads\/2019\/05\/sainte-marguerite-du-lac-masson-G\u00e9rald-Arbour-N6-225x300.jpeg 225w\" sizes=\"auto, (max-width: 768px) 100vw, 768px\" \/><\/a><figcaption class=\"wp-element-caption\">Sainte-Marguerite-du-Lac-Masson <br>\u00c9glise Sainte-Marguerite-du-Lac-Masson<br> 1923-1924<br> (G\u00e9rald Arbour)<\/figcaption><\/figure>\n\n\n\n<figure class=\"wp-block-image\"><a href=\"https:\/\/patrimoineduquebec.com\/eglisesduquebec\/wp-content\/uploads\/2019\/05\/Ste-Marthe-sur-le-Lac.jpeg\"><img loading=\"lazy\" decoding=\"async\" width=\"683\" height=\"1024\" data-id=\"2355\" src=\"https:\/\/patrimoineduquebec.com\/eglisesduquebec\/wp-content\/uploads\/2019\/05\/Ste-Marthe-sur-le-Lac-683x1024.jpeg\" alt=\"\" class=\"wp-image-2355\" srcset=\"https:\/\/patrimoineduquebec.com\/eglisesduquebec\/wp-content\/uploads\/2019\/05\/Ste-Marthe-sur-le-Lac-683x1024.jpeg 683w, https:\/\/patrimoineduquebec.com\/eglisesduquebec\/wp-content\/uploads\/2019\/05\/Ste-Marthe-sur-le-Lac-200x300.jpeg 200w, https:\/\/patrimoineduquebec.com\/eglisesduquebec\/wp-content\/uploads\/2019\/05\/Ste-Marthe-sur-le-Lac-768x1152.jpeg 768w\" sizes=\"auto, (max-width: 683px) 100vw, 683px\" \/><\/a><figcaption class=\"wp-element-caption\">Sainte-Marthe-sur-le-Lac<br>\u00c9glise Sainte-Marthe-sur-le-Lac <br>1958-1959<br>(Monique Bellemare)<\/figcaption><\/figure>\n\n\n\n<figure class=\"wp-block-image size-large\"><a href=\"https:\/\/patrimoineduquebec.com\/eglisesduquebec\/wp-content\/uploads\/2026\/02\/ste-anne.jpeg\"><img loading=\"lazy\" decoding=\"async\" width=\"497\" height=\"373\" data-id=\"4847\" src=\"https:\/\/patrimoineduquebec.com\/eglisesduquebec\/wp-content\/uploads\/2026\/02\/ste-anne.jpeg\" alt=\"\" class=\"wp-image-4847\" srcset=\"https:\/\/patrimoineduquebec.com\/eglisesduquebec\/wp-content\/uploads\/2026\/02\/ste-anne.jpeg 497w, https:\/\/patrimoineduquebec.com\/eglisesduquebec\/wp-content\/uploads\/2026\/02\/ste-anne-300x225.jpeg 300w, https:\/\/patrimoineduquebec.com\/eglisesduquebec\/wp-content\/uploads\/2026\/02\/ste-anne-120x90.jpeg 120w\" sizes=\"auto, (max-width: 497px) 100vw, 497px\" \/><\/a><figcaption class=\"wp-element-caption\">Sainte-Sophie <br>Chapelle Sainte-Anne (ferm\u00e9e)<br>1954<br>(Inventaire des lieux de culte du Qc)<\/figcaption><\/figure>\n\n\n\n<figure class=\"wp-block-image\"><a href=\"https:\/\/patrimoineduquebec.com\/eglisesduquebec\/wp-content\/uploads\/2019\/05\/Ste-Sophie.jpeg\"><img loading=\"lazy\" decoding=\"async\" width=\"768\" height=\"1024\" data-id=\"2356\" src=\"https:\/\/patrimoineduquebec.com\/eglisesduquebec\/wp-content\/uploads\/2019\/05\/Ste-Sophie-768x1024.jpeg\" alt=\"\" class=\"wp-image-2356\" srcset=\"https:\/\/patrimoineduquebec.com\/eglisesduquebec\/wp-content\/uploads\/2019\/05\/Ste-Sophie-768x1024.jpeg 768w, https:\/\/patrimoineduquebec.com\/eglisesduquebec\/wp-content\/uploads\/2019\/05\/Ste-Sophie-225x300.jpeg 225w\" sizes=\"auto, (max-width: 768px) 100vw, 768px\" \/><\/a><figcaption class=\"wp-element-caption\">Sainte-Sophie <br>\u00c9glise Sainte-Sophie<br> 1865-1867 <br>(Monique Bellemare)<\/figcaption><\/figure>\n\n\n\n<figure class=\"wp-block-image\"><a href=\"https:\/\/patrimoineduquebec.com\/eglisesduquebec\/wp-content\/uploads\/2019\/05\/27-sainte-sophie-lac-bri\u00e8re-G\u00e9rald-Arbour-N2.jpeg\"><img loading=\"lazy\" decoding=\"async\" width=\"768\" height=\"1024\" data-id=\"2357\" src=\"https:\/\/patrimoineduquebec.com\/eglisesduquebec\/wp-content\/uploads\/2019\/05\/27-sainte-sophie-lac-bri\u00e8re-G\u00e9rald-Arbour-N2-768x1024.jpeg\" alt=\"\" class=\"wp-image-2357\" srcset=\"https:\/\/patrimoineduquebec.com\/eglisesduquebec\/wp-content\/uploads\/2019\/05\/27-sainte-sophie-lac-bri\u00e8re-G\u00e9rald-Arbour-N2-768x1024.jpeg 768w, https:\/\/patrimoineduquebec.com\/eglisesduquebec\/wp-content\/uploads\/2019\/05\/27-sainte-sophie-lac-bri\u00e8re-G\u00e9rald-Arbour-N2-225x300.jpeg 225w\" sizes=\"auto, (max-width: 768px) 100vw, 768px\" \/><\/a><figcaption class=\"wp-element-caption\">Sainte-Sophie (Lac Bri\u00e8re)<br>Chapelle Saint-Joseph (ferm\u00e9e)<br>1946 <br>(G\u00e9rald Arbour)<\/figcaption><\/figure>\n\n\n\n<figure class=\"wp-block-image\"><a href=\"https:\/\/patrimoineduquebec.com\/eglisesduquebec\/wp-content\/uploads\/2019\/05\/Ste-Th\u00e9r\u00e8se-Coeur-Immacul\u00e9-de-Marie.jpeg\"><img loading=\"lazy\" decoding=\"async\" width=\"768\" height=\"1024\" data-id=\"2359\" src=\"https:\/\/patrimoineduquebec.com\/eglisesduquebec\/wp-content\/uploads\/2019\/05\/Ste-Th\u00e9r\u00e8se-Coeur-Immacul\u00e9-de-Marie-768x1024.jpeg\" alt=\"\" class=\"wp-image-2359\" srcset=\"https:\/\/patrimoineduquebec.com\/eglisesduquebec\/wp-content\/uploads\/2019\/05\/Ste-Th\u00e9r\u00e8se-Coeur-Immacul\u00e9-de-Marie-768x1024.jpeg 768w, https:\/\/patrimoineduquebec.com\/eglisesduquebec\/wp-content\/uploads\/2019\/05\/Ste-Th\u00e9r\u00e8se-Coeur-Immacul\u00e9-de-Marie-225x300.jpeg 225w\" sizes=\"auto, (max-width: 768px) 100vw, 768px\" \/><\/a><figcaption class=\"wp-element-caption\">Sainte-Th\u00e9r\u00e8se <br> \u00c9glise Coeur-Immacul\u00e9-de-Marie<br>1955-1956 <br>(Monique Bellemare)<\/figcaption><\/figure>\n\n\n\n<figure class=\"wp-block-image\"><a href=\"https:\/\/patrimoineduquebec.com\/eglisesduquebec\/wp-content\/uploads\/2019\/05\/Ste-Th\u00e9r\u00e8se-Sacr\u00e9-Coeur.jpeg\"><img loading=\"lazy\" decoding=\"async\" width=\"768\" height=\"1024\" data-id=\"2360\" src=\"https:\/\/patrimoineduquebec.com\/eglisesduquebec\/wp-content\/uploads\/2019\/05\/Ste-Th\u00e9r\u00e8se-Sacr\u00e9-Coeur-768x1024.jpeg\" alt=\"\" class=\"wp-image-2360\" srcset=\"https:\/\/patrimoineduquebec.com\/eglisesduquebec\/wp-content\/uploads\/2019\/05\/Ste-Th\u00e9r\u00e8se-Sacr\u00e9-Coeur-768x1024.jpeg 768w, https:\/\/patrimoineduquebec.com\/eglisesduquebec\/wp-content\/uploads\/2019\/05\/Ste-Th\u00e9r\u00e8se-Sacr\u00e9-Coeur-225x300.jpeg 225w, https:\/\/patrimoineduquebec.com\/eglisesduquebec\/wp-content\/uploads\/2019\/05\/Ste-Th\u00e9r\u00e8se-Sacr\u00e9-Coeur.jpeg 1920w\" sizes=\"auto, (max-width: 768px) 100vw, 768px\" \/><\/a><figcaption class=\"wp-element-caption\">Sainte-Th\u00e9r\u00e8se<br> \u00c9glise Sacr\u00e9-Coeur-de-J\u00e9sus (ferm\u00e9e)<br> 1954-1955 <br>(Monique Bellemare)<\/figcaption><\/figure>\n\n\n\n<figure class=\"wp-block-image\"><a href=\"https:\/\/patrimoineduquebec.com\/eglisesduquebec\/wp-content\/uploads\/2019\/05\/l-1.jpeg\"><img loading=\"lazy\" decoding=\"async\" width=\"775\" height=\"1024\" data-id=\"2361\" src=\"https:\/\/patrimoineduquebec.com\/eglisesduquebec\/wp-content\/uploads\/2019\/05\/l-1-775x1024.jpeg\" alt=\"\" class=\"wp-image-2361\" srcset=\"https:\/\/patrimoineduquebec.com\/eglisesduquebec\/wp-content\/uploads\/2019\/05\/l-1-775x1024.jpeg 775w, https:\/\/patrimoineduquebec.com\/eglisesduquebec\/wp-content\/uploads\/2019\/05\/l-1-227x300.jpeg 227w, https:\/\/patrimoineduquebec.com\/eglisesduquebec\/wp-content\/uploads\/2019\/05\/l-1-768x1015.jpeg 768w, https:\/\/patrimoineduquebec.com\/eglisesduquebec\/wp-content\/uploads\/2019\/05\/l-1.jpeg 1796w\" sizes=\"auto, (max-width: 775px) 100vw, 775px\" \/><\/a><figcaption class=\"wp-element-caption\">Sainte-Th\u00e9r\u00e8se <br> \u00c9glise Sainte-Th\u00e9r\u00e8se-d&rsquo;Avila <br>1885-1887<br>(Monique Bellemare)<\/figcaption><\/figure>\n\n\n\n<figure class=\"wp-block-image\"><a href=\"https:\/\/patrimoineduquebec.com\/eglisesduquebec\/wp-content\/uploads\/2019\/05\/blainville-115-chemin-c\u00f4te-saint-louis-ouest-G\u00e9rald-Arbour-N1.jpeg\"><img loading=\"lazy\" decoding=\"async\" width=\"1024\" height=\"768\" data-id=\"2362\" src=\"https:\/\/patrimoineduquebec.com\/eglisesduquebec\/wp-content\/uploads\/2019\/05\/blainville-115-chemin-c\u00f4te-saint-louis-ouest-G\u00e9rald-Arbour-N1-1024x768.jpeg\" alt=\"\" class=\"wp-image-2362\" srcset=\"https:\/\/patrimoineduquebec.com\/eglisesduquebec\/wp-content\/uploads\/2019\/05\/blainville-115-chemin-c\u00f4te-saint-louis-ouest-G\u00e9rald-Arbour-N1-1024x768.jpeg 1024w, https:\/\/patrimoineduquebec.com\/eglisesduquebec\/wp-content\/uploads\/2019\/05\/blainville-115-chemin-c\u00f4te-saint-louis-ouest-G\u00e9rald-Arbour-N1-300x225.jpeg 300w, https:\/\/patrimoineduquebec.com\/eglisesduquebec\/wp-content\/uploads\/2019\/05\/blainville-115-chemin-c\u00f4te-saint-louis-ouest-G\u00e9rald-Arbour-N1-768x576.jpeg 768w, https:\/\/patrimoineduquebec.com\/eglisesduquebec\/wp-content\/uploads\/2019\/05\/blainville-115-chemin-c\u00f4te-saint-louis-ouest-G\u00e9rald-Arbour-N1-120x90.jpeg 120w\" sizes=\"auto, (max-width: 1024px) 100vw, 1024px\" \/><\/a><figcaption class=\"wp-element-caption\">Sainte-Th\u00e9r\u00e8se <br> Chapelle des R\u00e9demptoristines <br>(G\u00e9rald Arbour)<\/figcaption><\/figure>\n\n\n\n<figure class=\"wp-block-image\"><a href=\"https:\/\/patrimoineduquebec.com\/eglisesduquebec\/wp-content\/uploads\/2019\/05\/Terrebonne-ST-J-Baptiste.jpeg\"><img loading=\"lazy\" decoding=\"async\" width=\"1024\" height=\"768\" data-id=\"2363\" src=\"https:\/\/patrimoineduquebec.com\/eglisesduquebec\/wp-content\/uploads\/2019\/05\/Terrebonne-ST-J-Baptiste-1024x768.jpeg\" alt=\"\" class=\"wp-image-2363\" srcset=\"https:\/\/patrimoineduquebec.com\/eglisesduquebec\/wp-content\/uploads\/2019\/05\/Terrebonne-ST-J-Baptiste-1024x768.jpeg 1024w, https:\/\/patrimoineduquebec.com\/eglisesduquebec\/wp-content\/uploads\/2019\/05\/Terrebonne-ST-J-Baptiste-300x225.jpeg 300w, https:\/\/patrimoineduquebec.com\/eglisesduquebec\/wp-content\/uploads\/2019\/05\/Terrebonne-ST-J-Baptiste-768x576.jpeg 768w, https:\/\/patrimoineduquebec.com\/eglisesduquebec\/wp-content\/uploads\/2019\/05\/Terrebonne-ST-J-Baptiste-120x90.jpeg 120w\" sizes=\"auto, (max-width: 1024px) 100vw, 1024px\" \/><\/a><figcaption class=\"wp-element-caption\">Terrebonne <br> \u00c9glise Saint-Jean-Baptiste<br>1966<br>(Monique Bellemare)<\/figcaption><\/figure>\n\n\n\n<figure class=\"wp-block-image\"><a href=\"https:\/\/patrimoineduquebec.com\/eglisesduquebec\/wp-content\/uploads\/2019\/05\/Terrebonne-St-Louis-de-F.jpeg\"><img loading=\"lazy\" decoding=\"async\" width=\"789\" height=\"1024\" data-id=\"2364\" src=\"https:\/\/patrimoineduquebec.com\/eglisesduquebec\/wp-content\/uploads\/2019\/05\/Terrebonne-St-Louis-de-F-789x1024.jpeg\" alt=\"\" class=\"wp-image-2364\" srcset=\"https:\/\/patrimoineduquebec.com\/eglisesduquebec\/wp-content\/uploads\/2019\/05\/Terrebonne-St-Louis-de-F-789x1024.jpeg 789w, https:\/\/patrimoineduquebec.com\/eglisesduquebec\/wp-content\/uploads\/2019\/05\/Terrebonne-St-Louis-de-F-231x300.jpeg 231w, https:\/\/patrimoineduquebec.com\/eglisesduquebec\/wp-content\/uploads\/2019\/05\/Terrebonne-St-Louis-de-F-768x997.jpeg 768w\" sizes=\"auto, (max-width: 789px) 100vw, 789px\" \/><\/a><figcaption class=\"wp-element-caption\">Terrebonne <br> \u00c9glise Saint-Louis-de-France<br> 1877-1879 <br>(Monique Bellemare)<\/figcaption><\/figure>\n\n\n\n<figure class=\"wp-block-image\"><a href=\"https:\/\/patrimoineduquebec.com\/eglisesduquebec\/wp-content\/uploads\/2019\/05\/Lachenaie.jpg\"><img loading=\"lazy\" decoding=\"async\" width=\"1024\" height=\"768\" data-id=\"2365\" src=\"https:\/\/patrimoineduquebec.com\/eglisesduquebec\/wp-content\/uploads\/2019\/05\/Lachenaie-1024x768.jpg\" alt=\"\" class=\"wp-image-2365\" srcset=\"https:\/\/patrimoineduquebec.com\/eglisesduquebec\/wp-content\/uploads\/2019\/05\/Lachenaie-1024x768.jpg 1024w, https:\/\/patrimoineduquebec.com\/eglisesduquebec\/wp-content\/uploads\/2019\/05\/Lachenaie-300x225.jpg 300w, https:\/\/patrimoineduquebec.com\/eglisesduquebec\/wp-content\/uploads\/2019\/05\/Lachenaie-768x576.jpg 768w, https:\/\/patrimoineduquebec.com\/eglisesduquebec\/wp-content\/uploads\/2019\/05\/Lachenaie-120x90.jpg 120w\" sizes=\"auto, (max-width: 1024px) 100vw, 1024px\" \/><\/a><figcaption class=\"wp-element-caption\">Terrebonne (Lachenaie)<br>\u00c9glise Saint-Charles-Borrom\u00e9e <br>1966<br> (Monique Bellemare)<\/figcaption><\/figure>\n\n\n\n<figure class=\"wp-block-image\"><a href=\"https:\/\/patrimoineduquebec.com\/eglisesduquebec\/wp-content\/uploads\/2019\/05\/Val-Morin.jpeg\"><img loading=\"lazy\" decoding=\"async\" width=\"683\" height=\"1024\" data-id=\"2366\" src=\"https:\/\/patrimoineduquebec.com\/eglisesduquebec\/wp-content\/uploads\/2019\/05\/Val-Morin-683x1024.jpeg\" alt=\"\" class=\"wp-image-2366\" srcset=\"https:\/\/patrimoineduquebec.com\/eglisesduquebec\/wp-content\/uploads\/2019\/05\/Val-Morin-683x1024.jpeg 683w, https:\/\/patrimoineduquebec.com\/eglisesduquebec\/wp-content\/uploads\/2019\/05\/Val-Morin-200x300.jpeg 200w, https:\/\/patrimoineduquebec.com\/eglisesduquebec\/wp-content\/uploads\/2019\/05\/Val-Morin-768x1152.jpeg 768w\" sizes=\"auto, (max-width: 683px) 100vw, 683px\" \/><\/a><figcaption class=\"wp-element-caption\">Val-Morin<br> \u00c9glise Saint-Norbert (ferm\u00e9e)<br>1923-1924<br> (Monique Bellemare)<\/figcaption><\/figure>\n\n\n\n<figure class=\"wp-block-image\"><a href=\"https:\/\/patrimoineduquebec.com\/eglisesduquebec\/wp-content\/uploads\/2019\/05\/val-morin-6390-chemin-lac-la-salle-G\u00e9rald-Arbour-N2.jpeg\"><img loading=\"lazy\" decoding=\"async\" width=\"768\" height=\"1024\" data-id=\"2367\" src=\"https:\/\/patrimoineduquebec.com\/eglisesduquebec\/wp-content\/uploads\/2019\/05\/val-morin-6390-chemin-lac-la-salle-G\u00e9rald-Arbour-N2-768x1024.jpeg\" alt=\"\" class=\"wp-image-2367\" srcset=\"https:\/\/patrimoineduquebec.com\/eglisesduquebec\/wp-content\/uploads\/2019\/05\/val-morin-6390-chemin-lac-la-salle-G\u00e9rald-Arbour-N2-768x1024.jpeg 768w, https:\/\/patrimoineduquebec.com\/eglisesduquebec\/wp-content\/uploads\/2019\/05\/val-morin-6390-chemin-lac-la-salle-G\u00e9rald-Arbour-N2-225x300.jpeg 225w\" sizes=\"auto, (max-width: 768px) 100vw, 768px\" \/><\/a><figcaption class=\"wp-element-caption\">Val-Morin (Lac La Salle)<br>Chapelle des Fr\u00e8res des \u00c9coles chr\u00e9tiennes <br>1938 <br>(G\u00e9rald Arbour)<\/figcaption><\/figure>\n\n\n\n<figure class=\"wp-block-image\"><a href=\"https:\/\/patrimoineduquebec.com\/eglisesduquebec\/wp-content\/uploads\/2019\/05\/wentworth-louisa-G\u00e9rald-Arbour-N1.jpeg\"><img loading=\"lazy\" decoding=\"async\" width=\"1024\" height=\"768\" data-id=\"2368\" src=\"https:\/\/patrimoineduquebec.com\/eglisesduquebec\/wp-content\/uploads\/2019\/05\/wentworth-louisa-G\u00e9rald-Arbour-N1-1024x768.jpeg\" alt=\"\" class=\"wp-image-2368\" srcset=\"https:\/\/patrimoineduquebec.com\/eglisesduquebec\/wp-content\/uploads\/2019\/05\/wentworth-louisa-G\u00e9rald-Arbour-N1-1024x768.jpeg 1024w, https:\/\/patrimoineduquebec.com\/eglisesduquebec\/wp-content\/uploads\/2019\/05\/wentworth-louisa-G\u00e9rald-Arbour-N1-300x225.jpeg 300w, https:\/\/patrimoineduquebec.com\/eglisesduquebec\/wp-content\/uploads\/2019\/05\/wentworth-louisa-G\u00e9rald-Arbour-N1-768x576.jpeg 768w, https:\/\/patrimoineduquebec.com\/eglisesduquebec\/wp-content\/uploads\/2019\/05\/wentworth-louisa-G\u00e9rald-Arbour-N1-120x90.jpeg 120w\" sizes=\"auto, (max-width: 1024px) 100vw, 1024px\" \/><\/a><figcaption class=\"wp-element-caption\">Wentworth (Louisa)<br>Chapelle Notre-Dame-du-Sourire (ferm\u00e9e)<br>1960 <br>(G\u00e9rald Arbour)<\/figcaption><\/figure>\n\n\n\n<figure class=\"wp-block-image\"><a href=\"https:\/\/patrimoineduquebec.com\/eglisesduquebec\/wp-content\/uploads\/2019\/05\/wentworth-nord-laurel-G\u00e9rald-Arbour-N2-1.jpeg\"><img loading=\"lazy\" decoding=\"async\" width=\"1024\" height=\"768\" data-id=\"2372\" src=\"https:\/\/patrimoineduquebec.com\/eglisesduquebec\/wp-content\/uploads\/2019\/05\/wentworth-nord-laurel-G\u00e9rald-Arbour-N2-1-1024x768.jpeg\" alt=\"\" class=\"wp-image-2372\" srcset=\"https:\/\/patrimoineduquebec.com\/eglisesduquebec\/wp-content\/uploads\/2019\/05\/wentworth-nord-laurel-G\u00e9rald-Arbour-N2-1-1024x768.jpeg 1024w, https:\/\/patrimoineduquebec.com\/eglisesduquebec\/wp-content\/uploads\/2019\/05\/wentworth-nord-laurel-G\u00e9rald-Arbour-N2-1-300x225.jpeg 300w, https:\/\/patrimoineduquebec.com\/eglisesduquebec\/wp-content\/uploads\/2019\/05\/wentworth-nord-laurel-G\u00e9rald-Arbour-N2-1-768x576.jpeg 768w, https:\/\/patrimoineduquebec.com\/eglisesduquebec\/wp-content\/uploads\/2019\/05\/wentworth-nord-laurel-G\u00e9rald-Arbour-N2-1-120x90.jpeg 120w\" sizes=\"auto, (max-width: 1024px) 100vw, 1024px\" \/><\/a><figcaption class=\"wp-element-caption\">Wentworth-Nord  (Laurel)<br>\u00c9glise Notre-Dame-des-Neiges (ferm\u00e9e)<br> 1952 <br>(G\u00e9rald Arbour)<\/figcaption><\/figure>\n\n\n\n<figure class=\"wp-block-image\"><a href=\"https:\/\/patrimoineduquebec.com\/eglisesduquebec\/wp-content\/uploads\/2019\/05\/montfort-wentworth-nord-G\u00e9rald-Arbour-N3.jpeg\"><img loading=\"lazy\" decoding=\"async\" width=\"1024\" height=\"768\" data-id=\"2375\" src=\"https:\/\/patrimoineduquebec.com\/eglisesduquebec\/wp-content\/uploads\/2019\/05\/montfort-wentworth-nord-G\u00e9rald-Arbour-N3-1024x768.jpeg\" alt=\"\" class=\"wp-image-2375\" srcset=\"https:\/\/patrimoineduquebec.com\/eglisesduquebec\/wp-content\/uploads\/2019\/05\/montfort-wentworth-nord-G\u00e9rald-Arbour-N3-1024x768.jpeg 1024w, https:\/\/patrimoineduquebec.com\/eglisesduquebec\/wp-content\/uploads\/2019\/05\/montfort-wentworth-nord-G\u00e9rald-Arbour-N3-300x225.jpeg 300w, https:\/\/patrimoineduquebec.com\/eglisesduquebec\/wp-content\/uploads\/2019\/05\/montfort-wentworth-nord-G\u00e9rald-Arbour-N3-768x576.jpeg 768w, https:\/\/patrimoineduquebec.com\/eglisesduquebec\/wp-content\/uploads\/2019\/05\/montfort-wentworth-nord-G\u00e9rald-Arbour-N3-120x90.jpeg 120w\" sizes=\"auto, (max-width: 1024px) 100vw, 1024px\" \/><\/a><figcaption class=\"wp-element-caption\">Wentworth-Nord (Montfort)<br> \u00c9glise Notre-Dame-des-Nations (ferm\u00e9e)<br> 1962 <br>(G\u00e9rald Arbour)<\/figcaption><\/figure>\n\n\n\n<figure class=\"wp-block-image\"><a href=\"https:\/\/patrimoineduquebec.com\/eglisesduquebec\/wp-content\/uploads\/2019\/05\/wentworth-nord-saint-michel-de-G\u00e9rald-Arbour-N1.jpeg\"><img loading=\"lazy\" decoding=\"async\" width=\"1024\" height=\"768\" data-id=\"2370\" src=\"https:\/\/patrimoineduquebec.com\/eglisesduquebec\/wp-content\/uploads\/2019\/05\/wentworth-nord-saint-michel-de-G\u00e9rald-Arbour-N1-1024x768.jpeg\" alt=\"\" class=\"wp-image-2370\" srcset=\"https:\/\/patrimoineduquebec.com\/eglisesduquebec\/wp-content\/uploads\/2019\/05\/wentworth-nord-saint-michel-de-G\u00e9rald-Arbour-N1-1024x768.jpeg 1024w, https:\/\/patrimoineduquebec.com\/eglisesduquebec\/wp-content\/uploads\/2019\/05\/wentworth-nord-saint-michel-de-G\u00e9rald-Arbour-N1-300x225.jpeg 300w, https:\/\/patrimoineduquebec.com\/eglisesduquebec\/wp-content\/uploads\/2019\/05\/wentworth-nord-saint-michel-de-G\u00e9rald-Arbour-N1-768x576.jpeg 768w, https:\/\/patrimoineduquebec.com\/eglisesduquebec\/wp-content\/uploads\/2019\/05\/wentworth-nord-saint-michel-de-G\u00e9rald-Arbour-N1-120x90.jpeg 120w\" sizes=\"auto, (max-width: 1024px) 100vw, 1024px\" \/><\/a><figcaption class=\"wp-element-caption\">Wentworth-Nord  (Saint-Michel) <br>\u00c9glise Saint-Michel-de-Wentworth (ferm\u00e9e)<br>1956-1957<br> (G\u00e9rald Arbour)<\/figcaption><\/figure>\n<\/figure>\n\n\n\n<p><\/p>\n","protected":false},"excerpt":{"rendered":"<p>(Secteur Saint-J\u00e9r\u00f4me)<\/p>\n","protected":false},"author":1,"featured_media":0,"parent":0,"menu_order":0,"comment_status":"closed","ping_status":"closed","template":"","meta":{"footnotes":""},"class_list":["post-2286","page","type-page","status-publish","hentry"],"_links":{"self":[{"href":"https:\/\/patrimoineduquebec.com\/eglisesduquebec\/wp-json\/wp\/v2\/pages\/2286","targetHints":{"allow":["GET"]}}],"collection":[{"href":"https:\/\/patrimoineduquebec.com\/eglisesduquebec\/wp-json\/wp\/v2\/pages"}],"about":[{"href":"https:\/\/patrimoineduquebec.com\/eglisesduquebec\/wp-json\/wp\/v2\/types\/page"}],"author":[{"embeddable":true,"href":"https:\/\/patrimoineduquebec.com\/eglisesduquebec\/wp-json\/wp\/v2\/users\/1"}],"replies":[{"embeddable":true,"href":"https:\/\/patrimoineduquebec.com\/eglisesduquebec\/wp-json\/wp\/v2\/comments?post=2286"}],"version-history":[{"count":58,"href":"https:\/\/patrimoineduquebec.com\/eglisesduquebec\/wp-json\/wp\/v2\/pages\/2286\/revisions"}],"predecessor-version":[{"id":4892,"href":"https:\/\/patrimoineduquebec.com\/eglisesduquebec\/wp-json\/wp\/v2\/pages\/2286\/revisions\/4892"}],"wp:attachment":[{"href":"https:\/\/patrimoineduquebec.com\/eglisesduquebec\/wp-json\/wp\/v2\/media?parent=2286"}],"curies":[{"name":"wp","href":"https:\/\/api.w.org\/{rel}","templated":true}]}}