{"id":21,"date":"2019-04-22T18:12:12","date_gmt":"2019-04-22T18:12:12","guid":{"rendered":"https:\/\/patrimoineduquebec.com\/eglisesduquebec\/?page_id=21"},"modified":"2025-07-17T15:42:41","modified_gmt":"2025-07-17T15:42:41","slug":"chapelles","status":"publish","type":"page","link":"https:\/\/patrimoineduquebec.com\/eglisesduquebec\/chapelles\/","title":{"rendered":"Chapelles"},"content":{"rendered":"\n<p>La majorit\u00e9 des chapelles publi\u00e9es sur cette page sont des chapelles de procession. Quelques-unes sont des chapelles fun\u00e9raires.<br><\/p>\n\n\n\n<p>Au Qu\u00e9bec, une chapelle de procession est un \u00e9difice de confession catholique \u00e9rig\u00e9 en l&rsquo;honneur d&rsquo;un saint ou destin\u00e9 \u00e0 la procession du saint sacrement (F\u00eate-Dieu). De fa\u00e7on g\u00e9n\u00e9rale, elle n&rsquo;est pas affect\u00e9e \u00e0 la c\u00e9l\u00e9bration de la messe.<br><\/p>\n\n\n\n<p>Les chapelles de procession sont g\u00e9n\u00e9ralement con\u00e7ues par paire et situ\u00e9es aux extr\u00e9mit\u00e9s d&rsquo;un village, de part et d&rsquo;autre de l&rsquo;\u00e9glise paroissiale.<br><\/p>\n\n\n\n<p>\u00c9difices rectangulaires ou termin\u00e9s par une abside, ces chapelles de bois, de pierre et de brique sont de dimensions r\u00e9duites et toujours surmont\u00e9es d&rsquo;un petit clocher. Leur int\u00e9rieur est am\u00e9nag\u00e9 modestement et peut comprendre quelques meubles.&nbsp;<br><\/p>\n\n\n\n<p><a href=\"https:\/\/fr.wikipedia.org\/wiki\/Chapelle#Chapelles_de_procession_au_Qu.C3.A9bec.5B6.5D\">WIKIP\u00c9DIA<\/a><\/p>\n\n\n\n<figure class=\"wp-block-gallery has-nested-images columns-default wp-block-gallery-1 is-layout-flex wp-block-gallery-is-layout-flex\">\n<figure class=\"wp-block-image size-large\"><a href=\"https:\/\/patrimoineduquebec.com\/eglisesduquebec\/wp-content\/uploads\/2020\/06\/IMG_3278-scaled.jpeg\"><img loading=\"lazy\" decoding=\"async\" width=\"1024\" height=\"768\" data-id=\"3887\" src=\"https:\/\/patrimoineduquebec.com\/eglisesduquebec\/wp-content\/uploads\/2020\/06\/IMG_3278-1024x768.jpeg\" alt=\"\" class=\"wp-image-3887\" srcset=\"https:\/\/patrimoineduquebec.com\/eglisesduquebec\/wp-content\/uploads\/2020\/06\/IMG_3278-1024x768.jpeg 1024w, https:\/\/patrimoineduquebec.com\/eglisesduquebec\/wp-content\/uploads\/2020\/06\/IMG_3278-300x225.jpeg 300w, https:\/\/patrimoineduquebec.com\/eglisesduquebec\/wp-content\/uploads\/2020\/06\/IMG_3278-768x576.jpeg 768w, https:\/\/patrimoineduquebec.com\/eglisesduquebec\/wp-content\/uploads\/2020\/06\/IMG_3278-1536x1152.jpeg 1536w, https:\/\/patrimoineduquebec.com\/eglisesduquebec\/wp-content\/uploads\/2020\/06\/IMG_3278-2048x1536.jpeg 2048w, https:\/\/patrimoineduquebec.com\/eglisesduquebec\/wp-content\/uploads\/2020\/06\/IMG_3278-120x90.jpeg 120w\" sizes=\"auto, (max-width: 1024px) 100vw, 1024px\" \/><\/a><figcaption class=\"wp-element-caption\">Alma<br>Chapelle de l&rsquo;\u00cele Sainte-Anne<br>1924<br>(Pascal Conner)<\/figcaption><\/figure>\n\n\n\n<figure class=\"wp-block-image size-full\"><a href=\"https:\/\/patrimoineduquebec.com\/eglisesduquebec\/wp-content\/uploads\/2019\/05\/P1170075-1.jpeg\"><img loading=\"lazy\" decoding=\"async\" width=\"2625\" height=\"4083\" data-id=\"3389\" src=\"https:\/\/patrimoineduquebec.com\/eglisesduquebec\/wp-content\/uploads\/2019\/05\/P1170075-1.jpeg\" alt=\"\" class=\"wp-image-3389\" srcset=\"https:\/\/patrimoineduquebec.com\/eglisesduquebec\/wp-content\/uploads\/2019\/05\/P1170075-1.jpeg 2625w, https:\/\/patrimoineduquebec.com\/eglisesduquebec\/wp-content\/uploads\/2019\/05\/P1170075-1-193x300.jpeg 193w, https:\/\/patrimoineduquebec.com\/eglisesduquebec\/wp-content\/uploads\/2019\/05\/P1170075-1-768x1195.jpeg 768w, https:\/\/patrimoineduquebec.com\/eglisesduquebec\/wp-content\/uploads\/2019\/05\/P1170075-1-658x1024.jpeg 658w\" sizes=\"auto, (max-width: 2625px) 100vw, 2625px\" \/><\/a><figcaption class=\"wp-element-caption\">Baie-Saint-Paul<br> Chapelle des Fortin <br>Vers 1925 <br>(Paul Turcotte)<\/figcaption><\/figure>\n\n\n\n<figure class=\"wp-block-image size-large\"><a href=\"https:\/\/patrimoineduquebec.com\/eglisesduquebec\/wp-content\/uploads\/2019\/05\/ste-anne-1.jpeg\"><img loading=\"lazy\" decoding=\"async\" width=\"768\" height=\"1024\" data-id=\"3390\" src=\"https:\/\/patrimoineduquebec.com\/eglisesduquebec\/wp-content\/uploads\/2019\/05\/ste-anne-1-768x1024.jpeg\" alt=\"\" class=\"wp-image-3390\" srcset=\"https:\/\/patrimoineduquebec.com\/eglisesduquebec\/wp-content\/uploads\/2019\/05\/ste-anne-1-768x1024.jpeg 768w, https:\/\/patrimoineduquebec.com\/eglisesduquebec\/wp-content\/uploads\/2019\/05\/ste-anne-1-225x300.jpeg 225w\" sizes=\"auto, (max-width: 768px) 100vw, 768px\" \/><\/a><figcaption class=\"wp-element-caption\">Beaumont <br>Chapelle Sainte-Anne <br>Vers 1800 <br>(Jacques Harvey)<\/figcaption><\/figure>\n\n\n\n<figure class=\"wp-block-image size-large\"><a href=\"https:\/\/patrimoineduquebec.com\/eglisesduquebec\/wp-content\/uploads\/2019\/05\/Ste-Vierge-1.jpeg\"><img loading=\"lazy\" decoding=\"async\" width=\"744\" height=\"1024\" data-id=\"3391\" src=\"https:\/\/patrimoineduquebec.com\/eglisesduquebec\/wp-content\/uploads\/2019\/05\/Ste-Vierge-1-744x1024.jpeg\" alt=\"\" class=\"wp-image-3391\" srcset=\"https:\/\/patrimoineduquebec.com\/eglisesduquebec\/wp-content\/uploads\/2019\/05\/Ste-Vierge-1-744x1024.jpeg 744w, https:\/\/patrimoineduquebec.com\/eglisesduquebec\/wp-content\/uploads\/2019\/05\/Ste-Vierge-1-218x300.jpeg 218w, https:\/\/patrimoineduquebec.com\/eglisesduquebec\/wp-content\/uploads\/2019\/05\/Ste-Vierge-1-768x1056.jpeg 768w\" sizes=\"auto, (max-width: 744px) 100vw, 744px\" \/><\/a><figcaption class=\"wp-element-caption\">Beaumont <br>Chapelle de la Sainte-Vierge <br>Vers 1740 <br>(Jacques Harvey)<\/figcaption><\/figure>\n\n\n\n<figure class=\"wp-block-image size-large\"><a href=\"https:\/\/patrimoineduquebec.com\/eglisesduquebec\/wp-content\/uploads\/2019\/05\/cimeti\u00e8re.jpeg\"><img loading=\"lazy\" decoding=\"async\" width=\"683\" height=\"1024\" data-id=\"3394\" src=\"https:\/\/patrimoineduquebec.com\/eglisesduquebec\/wp-content\/uploads\/2019\/05\/cimeti\u00e8re-683x1024.jpeg\" alt=\"\" class=\"wp-image-3394\" srcset=\"https:\/\/patrimoineduquebec.com\/eglisesduquebec\/wp-content\/uploads\/2019\/05\/cimeti\u00e8re-683x1024.jpeg 683w, https:\/\/patrimoineduquebec.com\/eglisesduquebec\/wp-content\/uploads\/2019\/05\/cimeti\u00e8re-200x300.jpeg 200w, https:\/\/patrimoineduquebec.com\/eglisesduquebec\/wp-content\/uploads\/2019\/05\/cimeti\u00e8re-768x1152.jpeg 768w\" sizes=\"auto, (max-width: 683px) 100vw, 683px\" \/><\/a><figcaption class=\"wp-element-caption\">B\u00e9cancour (Gentilly)<br>Chapelle fun\u00e9raire Notre-Dame-du-Suffrage <br>1896<br>(Paul Turcotte)<\/figcaption><\/figure>\n\n\n\n<figure class=\"wp-block-image size-large\"><a href=\"https:\/\/patrimoineduquebec.com\/eglisesduquebec\/wp-content\/uploads\/2019\/05\/P1100667.jpeg\"><img loading=\"lazy\" decoding=\"async\" width=\"662\" height=\"1024\" data-id=\"3395\" src=\"https:\/\/patrimoineduquebec.com\/eglisesduquebec\/wp-content\/uploads\/2019\/05\/P1100667-662x1024.jpeg\" alt=\"\" class=\"wp-image-3395\" srcset=\"https:\/\/patrimoineduquebec.com\/eglisesduquebec\/wp-content\/uploads\/2019\/05\/P1100667-662x1024.jpeg 662w, https:\/\/patrimoineduquebec.com\/eglisesduquebec\/wp-content\/uploads\/2019\/05\/P1100667-194x300.jpeg 194w, https:\/\/patrimoineduquebec.com\/eglisesduquebec\/wp-content\/uploads\/2019\/05\/P1100667-768x1188.jpeg 768w\" sizes=\"auto, (max-width: 662px) 100vw, 662px\" \/><\/a><figcaption class=\"wp-element-caption\">Berthier-sur-Mer <br>Chapelle priv\u00e9e <br>(Paul Turcotte)<\/figcaption><\/figure>\n\n\n\n<figure class=\"wp-block-image size-large\"><a href=\"https:\/\/patrimoineduquebec.com\/eglisesduquebec\/wp-content\/uploads\/2019\/05\/IMG_0625.jpeg\"><img loading=\"lazy\" decoding=\"async\" width=\"733\" height=\"1024\" data-id=\"3396\" src=\"https:\/\/patrimoineduquebec.com\/eglisesduquebec\/wp-content\/uploads\/2019\/05\/IMG_0625-733x1024.jpeg\" alt=\"\" class=\"wp-image-3396\" srcset=\"https:\/\/patrimoineduquebec.com\/eglisesduquebec\/wp-content\/uploads\/2019\/05\/IMG_0625-733x1024.jpeg 733w, https:\/\/patrimoineduquebec.com\/eglisesduquebec\/wp-content\/uploads\/2019\/05\/IMG_0625-215x300.jpeg 215w, https:\/\/patrimoineduquebec.com\/eglisesduquebec\/wp-content\/uploads\/2019\/05\/IMG_0625-768x1073.jpeg 768w\" sizes=\"auto, (max-width: 733px) 100vw, 733px\" \/><\/a><figcaption class=\"wp-element-caption\">B\u00e9thanie <br>Cimeti\u00e8re Tr\u00e8s-Saint-Enfant-J\u00e9sus <br>(Denise Lagarde)<\/figcaption><\/figure>\n\n\n\n<figure class=\"wp-block-image size-large\"><a href=\"https:\/\/patrimoineduquebec.com\/eglisesduquebec\/wp-content\/uploads\/2019\/05\/Calixa-Lavall\u00e9e-1.jpeg\"><img loading=\"lazy\" decoding=\"async\" width=\"683\" height=\"1024\" data-id=\"3397\" src=\"https:\/\/patrimoineduquebec.com\/eglisesduquebec\/wp-content\/uploads\/2019\/05\/Calixa-Lavall\u00e9e-1-683x1024.jpeg\" alt=\"\" class=\"wp-image-3397\" srcset=\"https:\/\/patrimoineduquebec.com\/eglisesduquebec\/wp-content\/uploads\/2019\/05\/Calixa-Lavall\u00e9e-1-683x1024.jpeg 683w, https:\/\/patrimoineduquebec.com\/eglisesduquebec\/wp-content\/uploads\/2019\/05\/Calixa-Lavall\u00e9e-1-200x300.jpeg 200w, https:\/\/patrimoineduquebec.com\/eglisesduquebec\/wp-content\/uploads\/2019\/05\/Calixa-Lavall\u00e9e-1-768x1152.jpeg 768w\" sizes=\"auto, (max-width: 683px) 100vw, 683px\" \/><\/a><figcaption class=\"wp-element-caption\">Calixa-Lavall\u00e9e<br> Chapelle d\u00e9di\u00e9e \u00e0 Sainte-C\u00e9cile <br>2011<br>(Paul Turcotte)<\/figcaption><\/figure>\n\n\n\n<figure class=\"wp-block-image size-large\"><a href=\"https:\/\/patrimoineduquebec.com\/eglisesduquebec\/wp-content\/uploads\/2020\/05\/carignan-rue-isai\u00eb-jacques-G\u00e9rald-Arbour-N7.jpeg\"><img loading=\"lazy\" decoding=\"async\" width=\"1024\" height=\"768\" data-id=\"3825\" src=\"https:\/\/patrimoineduquebec.com\/eglisesduquebec\/wp-content\/uploads\/2020\/05\/carignan-rue-isai\u00eb-jacques-G\u00e9rald-Arbour-N7-1024x768.jpeg\" alt=\"\" class=\"wp-image-3825\" srcset=\"https:\/\/patrimoineduquebec.com\/eglisesduquebec\/wp-content\/uploads\/2020\/05\/carignan-rue-isai\u00eb-jacques-G\u00e9rald-Arbour-N7-1024x768.jpeg 1024w, https:\/\/patrimoineduquebec.com\/eglisesduquebec\/wp-content\/uploads\/2020\/05\/carignan-rue-isai\u00eb-jacques-G\u00e9rald-Arbour-N7-300x225.jpeg 300w, https:\/\/patrimoineduquebec.com\/eglisesduquebec\/wp-content\/uploads\/2020\/05\/carignan-rue-isai\u00eb-jacques-G\u00e9rald-Arbour-N7-768x576.jpeg 768w, https:\/\/patrimoineduquebec.com\/eglisesduquebec\/wp-content\/uploads\/2020\/05\/carignan-rue-isai\u00eb-jacques-G\u00e9rald-Arbour-N7-1536x1152.jpeg 1536w, https:\/\/patrimoineduquebec.com\/eglisesduquebec\/wp-content\/uploads\/2020\/05\/carignan-rue-isai\u00eb-jacques-G\u00e9rald-Arbour-N7-2048x1536.jpeg 2048w, https:\/\/patrimoineduquebec.com\/eglisesduquebec\/wp-content\/uploads\/2020\/05\/carignan-rue-isai\u00eb-jacques-G\u00e9rald-Arbour-N7-120x90.jpeg 120w\" sizes=\"auto, (max-width: 1024px) 100vw, 1024px\" \/><\/a><figcaption class=\"wp-element-caption\">Carignan<br>Petite chapelle de Carignan<br>(G\u00e9rald Arbour)<\/figcaption><\/figure>\n\n\n\n<figure class=\"wp-block-image size-large\"><a href=\"https:\/\/patrimoineduquebec.com\/eglisesduquebec\/wp-content\/uploads\/2019\/08\/Chapelle-Chambord-2.jpeg\"><img loading=\"lazy\" decoding=\"async\" width=\"1024\" height=\"678\" data-id=\"3704\" src=\"https:\/\/patrimoineduquebec.com\/eglisesduquebec\/wp-content\/uploads\/2019\/08\/Chapelle-Chambord-2-1024x678.jpeg\" alt=\"\" class=\"wp-image-3704\" srcset=\"https:\/\/patrimoineduquebec.com\/eglisesduquebec\/wp-content\/uploads\/2019\/08\/Chapelle-Chambord-2-1024x678.jpeg 1024w, https:\/\/patrimoineduquebec.com\/eglisesduquebec\/wp-content\/uploads\/2019\/08\/Chapelle-Chambord-2-300x199.jpeg 300w, https:\/\/patrimoineduquebec.com\/eglisesduquebec\/wp-content\/uploads\/2019\/08\/Chapelle-Chambord-2-768x508.jpeg 768w\" sizes=\"auto, (max-width: 1024px) 100vw, 1024px\" \/><\/a><figcaption class=\"wp-element-caption\">Chambord <br>Chapelle priv\u00e9e<br>2000<br> (Herv\u00e9 Lachance)<\/figcaption><\/figure>\n\n\n\n<figure class=\"wp-block-image size-large\"><a href=\"https:\/\/patrimoineduquebec.com\/eglisesduquebec\/wp-content\/uploads\/2021\/09\/DSCN1510-scaled.jpg\"><img loading=\"lazy\" decoding=\"async\" width=\"1024\" height=\"768\" data-id=\"4235\" src=\"https:\/\/patrimoineduquebec.com\/eglisesduquebec\/wp-content\/uploads\/2021\/09\/DSCN1510-1024x768.jpg\" alt=\"\" class=\"wp-image-4235\" srcset=\"https:\/\/patrimoineduquebec.com\/eglisesduquebec\/wp-content\/uploads\/2021\/09\/DSCN1510-1024x768.jpg 1024w, https:\/\/patrimoineduquebec.com\/eglisesduquebec\/wp-content\/uploads\/2021\/09\/DSCN1510-300x225.jpg 300w, https:\/\/patrimoineduquebec.com\/eglisesduquebec\/wp-content\/uploads\/2021\/09\/DSCN1510-768x576.jpg 768w, https:\/\/patrimoineduquebec.com\/eglisesduquebec\/wp-content\/uploads\/2021\/09\/DSCN1510-1536x1152.jpg 1536w, https:\/\/patrimoineduquebec.com\/eglisesduquebec\/wp-content\/uploads\/2021\/09\/DSCN1510-2048x1536.jpg 2048w, https:\/\/patrimoineduquebec.com\/eglisesduquebec\/wp-content\/uploads\/2021\/09\/DSCN1510-120x90.jpg 120w\" sizes=\"auto, (max-width: 1024px) 100vw, 1024px\" \/><\/a><figcaption class=\"wp-element-caption\">Chandler<br>Chapelle du ch\u00e2teau Dubuc<br>(Pierre Duff)<\/figcaption><\/figure>\n\n\n\n<figure class=\"wp-block-image size-large\"><a href=\"https:\/\/patrimoineduquebec.com\/eglisesduquebec\/wp-content\/uploads\/2019\/05\/4-Ch\u00e2teau-Richer-8670-av-Royale.jpeg\"><img loading=\"lazy\" decoding=\"async\" width=\"768\" height=\"1024\" data-id=\"3398\" src=\"https:\/\/patrimoineduquebec.com\/eglisesduquebec\/wp-content\/uploads\/2019\/05\/4-Ch\u00e2teau-Richer-8670-av-Royale-768x1024.jpeg\" alt=\"\" class=\"wp-image-3398\" srcset=\"https:\/\/patrimoineduquebec.com\/eglisesduquebec\/wp-content\/uploads\/2019\/05\/4-Ch\u00e2teau-Richer-8670-av-Royale-768x1024.jpeg 768w, https:\/\/patrimoineduquebec.com\/eglisesduquebec\/wp-content\/uploads\/2019\/05\/4-Ch\u00e2teau-Richer-8670-av-Royale-225x300.jpeg 225w\" sizes=\"auto, (max-width: 768px) 100vw, 768px\" \/><\/a><figcaption class=\"wp-element-caption\">Ch\u00e2teau-Richer <br>Chapelle Gravel<br> 1941 <br>(Jacques Harvey)<\/figcaption><\/figure>\n\n\n\n<figure class=\"wp-block-image size-large\"><a href=\"https:\/\/patrimoineduquebec.com\/eglisesduquebec\/wp-content\/uploads\/2019\/05\/P1060358.jpeg\"><img loading=\"lazy\" decoding=\"async\" width=\"683\" height=\"1024\" data-id=\"3399\" src=\"https:\/\/patrimoineduquebec.com\/eglisesduquebec\/wp-content\/uploads\/2019\/05\/P1060358-683x1024.jpeg\" alt=\"\" class=\"wp-image-3399\" srcset=\"https:\/\/patrimoineduquebec.com\/eglisesduquebec\/wp-content\/uploads\/2019\/05\/P1060358-683x1024.jpeg 683w, https:\/\/patrimoineduquebec.com\/eglisesduquebec\/wp-content\/uploads\/2019\/05\/P1060358-200x300.jpeg 200w, https:\/\/patrimoineduquebec.com\/eglisesduquebec\/wp-content\/uploads\/2019\/05\/P1060358-768x1152.jpeg 768w\" sizes=\"auto, (max-width: 683px) 100vw, 683px\" \/><\/a><figcaption class=\"wp-element-caption\">Contrecoeur<br> Chapelle Ad\u00e9lard-Desrosiers<br>Vers 1913<br> (Paul Turcotte)<\/figcaption><\/figure>\n\n\n\n<figure class=\"wp-block-image size-large\"><a href=\"https:\/\/patrimoineduquebec.com\/eglisesduquebec\/wp-content\/uploads\/2023\/07\/contrecoeur.jpg\"><img loading=\"lazy\" decoding=\"async\" width=\"768\" height=\"1024\" data-id=\"4512\" src=\"https:\/\/patrimoineduquebec.com\/eglisesduquebec\/wp-content\/uploads\/2023\/07\/contrecoeur-768x1024.jpg\" alt=\"\" class=\"wp-image-4512\" srcset=\"https:\/\/patrimoineduquebec.com\/eglisesduquebec\/wp-content\/uploads\/2023\/07\/contrecoeur-768x1024.jpg 768w, https:\/\/patrimoineduquebec.com\/eglisesduquebec\/wp-content\/uploads\/2023\/07\/contrecoeur-225x300.jpg 225w, https:\/\/patrimoineduquebec.com\/eglisesduquebec\/wp-content\/uploads\/2023\/07\/contrecoeur-1152x1536.jpg 1152w, https:\/\/patrimoineduquebec.com\/eglisesduquebec\/wp-content\/uploads\/2023\/07\/contrecoeur.jpg 1382w\" sizes=\"auto, (max-width: 768px) 100vw, 768px\" \/><\/a><figcaption class=\"wp-element-caption\">Contrecoeur<br>Chapelle Sainte-Jeanne-d&rsquo;Arc<br>(G\u00e9rald Arbour)<\/figcaption><\/figure>\n\n\n\n<figure class=\"wp-block-image size-large\"><a href=\"https:\/\/patrimoineduquebec.com\/eglisesduquebec\/wp-content\/uploads\/2023\/07\/contrecoeur-grande-chapelle.jpg\"><img loading=\"lazy\" decoding=\"async\" width=\"768\" height=\"1024\" data-id=\"4515\" src=\"https:\/\/patrimoineduquebec.com\/eglisesduquebec\/wp-content\/uploads\/2023\/07\/contrecoeur-grande-chapelle-768x1024.jpg\" alt=\"\" class=\"wp-image-4515\" srcset=\"https:\/\/patrimoineduquebec.com\/eglisesduquebec\/wp-content\/uploads\/2023\/07\/contrecoeur-grande-chapelle-768x1024.jpg 768w, https:\/\/patrimoineduquebec.com\/eglisesduquebec\/wp-content\/uploads\/2023\/07\/contrecoeur-grande-chapelle-225x300.jpg 225w, https:\/\/patrimoineduquebec.com\/eglisesduquebec\/wp-content\/uploads\/2023\/07\/contrecoeur-grande-chapelle-1152x1536.jpg 1152w, https:\/\/patrimoineduquebec.com\/eglisesduquebec\/wp-content\/uploads\/2023\/07\/contrecoeur-grande-chapelle.jpg 1210w\" sizes=\"auto, (max-width: 768px) 100vw, 768px\" \/><\/a><figcaption class=\"wp-element-caption\">Contrecoeur<br>Chapelle (la grande chapelle)<br>(G\u00e9rald Arbour)<\/figcaption><\/figure>\n\n\n\n<figure class=\"wp-block-image size-large\"><a href=\"https:\/\/patrimoineduquebec.com\/eglisesduquebec\/wp-content\/uploads\/2022\/09\/w-2.jpeg\"><img loading=\"lazy\" decoding=\"async\" width=\"1024\" height=\"768\" data-id=\"4436\" src=\"https:\/\/patrimoineduquebec.com\/eglisesduquebec\/wp-content\/uploads\/2022\/09\/w-2-1024x768.jpeg\" alt=\"\" class=\"wp-image-4436\" srcset=\"https:\/\/patrimoineduquebec.com\/eglisesduquebec\/wp-content\/uploads\/2022\/09\/w-2-1024x768.jpeg 1024w, https:\/\/patrimoineduquebec.com\/eglisesduquebec\/wp-content\/uploads\/2022\/09\/w-2-300x225.jpeg 300w, https:\/\/patrimoineduquebec.com\/eglisesduquebec\/wp-content\/uploads\/2022\/09\/w-2-768x576.jpeg 768w, https:\/\/patrimoineduquebec.com\/eglisesduquebec\/wp-content\/uploads\/2022\/09\/w-2-1536x1152.jpeg 1536w, https:\/\/patrimoineduquebec.com\/eglisesduquebec\/wp-content\/uploads\/2022\/09\/w-2-2048x1536.jpeg 2048w, https:\/\/patrimoineduquebec.com\/eglisesduquebec\/wp-content\/uploads\/2022\/09\/w-2-120x90.jpeg 120w\" sizes=\"auto, (max-width: 1024px) 100vw, 1024px\" \/><\/a><figcaption class=\"wp-element-caption\">Desbiens<br>Chapelle du CHAM<br>(G\u00e9rald Arbour)<\/figcaption><\/figure>\n\n\n\n<figure class=\"wp-block-image size-large\"><a href=\"https:\/\/patrimoineduquebec.com\/eglisesduquebec\/wp-content\/uploads\/2019\/05\/P1060693.jpg\"><img loading=\"lazy\" decoding=\"async\" width=\"683\" height=\"1024\" data-id=\"3400\" src=\"https:\/\/patrimoineduquebec.com\/eglisesduquebec\/wp-content\/uploads\/2019\/05\/P1060693-683x1024.jpg\" alt=\"\" class=\"wp-image-3400\" srcset=\"https:\/\/patrimoineduquebec.com\/eglisesduquebec\/wp-content\/uploads\/2019\/05\/P1060693-683x1024.jpg 683w, https:\/\/patrimoineduquebec.com\/eglisesduquebec\/wp-content\/uploads\/2019\/05\/P1060693-200x300.jpg 200w, https:\/\/patrimoineduquebec.com\/eglisesduquebec\/wp-content\/uploads\/2019\/05\/P1060693-768x1152.jpg 768w\" sizes=\"auto, (max-width: 683px) 100vw, 683px\" \/><\/a><figcaption class=\"wp-element-caption\">Deschambault-Grondines<br>Chapelle \u00c9mile-Hamelin<br>1906 <br>(Paul Turcotte)<\/figcaption><\/figure>\n\n\n\n<figure class=\"wp-block-image size-large\"><a href=\"https:\/\/patrimoineduquebec.com\/eglisesduquebec\/wp-content\/uploads\/2019\/05\/2-2.jpeg\"><img loading=\"lazy\" decoding=\"async\" width=\"702\" height=\"1024\" data-id=\"3401\" src=\"https:\/\/patrimoineduquebec.com\/eglisesduquebec\/wp-content\/uploads\/2019\/05\/2-2-702x1024.jpeg\" alt=\"\" class=\"wp-image-3401\" srcset=\"https:\/\/patrimoineduquebec.com\/eglisesduquebec\/wp-content\/uploads\/2019\/05\/2-2-702x1024.jpeg 702w, https:\/\/patrimoineduquebec.com\/eglisesduquebec\/wp-content\/uploads\/2019\/05\/2-2-206x300.jpeg 206w, https:\/\/patrimoineduquebec.com\/eglisesduquebec\/wp-content\/uploads\/2019\/05\/2-2-768x1121.jpeg 768w, https:\/\/patrimoineduquebec.com\/eglisesduquebec\/wp-content\/uploads\/2019\/05\/2-2.jpeg 2048w\" sizes=\"auto, (max-width: 702px) 100vw, 702px\" \/><\/a><figcaption class=\"wp-element-caption\">Gasp\u00e9 (Rivi\u00e8re-au-Renard) <br>1954<br>(G\u00e9rald Arbour)<\/figcaption><\/figure>\n\n\n\n<figure class=\"wp-block-image size-large\"><a href=\"https:\/\/patrimoineduquebec.com\/eglisesduquebec\/wp-content\/uploads\/2019\/07\/Chapelle-St-Louis-de-France.jpeg\"><img loading=\"lazy\" decoding=\"async\" width=\"683\" height=\"1024\" data-id=\"3674\" src=\"https:\/\/patrimoineduquebec.com\/eglisesduquebec\/wp-content\/uploads\/2019\/07\/Chapelle-St-Louis-de-France-683x1024.jpeg\" alt=\"\" class=\"wp-image-3674\" srcset=\"https:\/\/patrimoineduquebec.com\/eglisesduquebec\/wp-content\/uploads\/2019\/07\/Chapelle-St-Louis-de-France-683x1024.jpeg 683w, https:\/\/patrimoineduquebec.com\/eglisesduquebec\/wp-content\/uploads\/2019\/07\/Chapelle-St-Louis-de-France-200x300.jpeg 200w, https:\/\/patrimoineduquebec.com\/eglisesduquebec\/wp-content\/uploads\/2019\/07\/Chapelle-St-Louis-de-France-768x1152.jpeg 768w\" sizes=\"auto, (max-width: 683px) 100vw, 683px\" \/><\/a><figcaption class=\"wp-element-caption\">H\u00e9bertville <br>Chapelle Saint-Louis-de-France <br>1916 <br>(Herv\u00e9 Lachance)<\/figcaption><\/figure>\n\n\n\n<figure class=\"wp-block-image size-large\"><a href=\"https:\/\/patrimoineduquebec.com\/eglisesduquebec\/wp-content\/uploads\/2019\/07\/Chapelle-P.Hudon_.jpg\"><img loading=\"lazy\" decoding=\"async\" width=\"1024\" height=\"683\" data-id=\"3675\" src=\"https:\/\/patrimoineduquebec.com\/eglisesduquebec\/wp-content\/uploads\/2019\/07\/Chapelle-P.Hudon_-1024x683.jpg\" alt=\"\" class=\"wp-image-3675\" srcset=\"https:\/\/patrimoineduquebec.com\/eglisesduquebec\/wp-content\/uploads\/2019\/07\/Chapelle-P.Hudon_-1024x683.jpg 1024w, https:\/\/patrimoineduquebec.com\/eglisesduquebec\/wp-content\/uploads\/2019\/07\/Chapelle-P.Hudon_-300x200.jpg 300w, https:\/\/patrimoineduquebec.com\/eglisesduquebec\/wp-content\/uploads\/2019\/07\/Chapelle-P.Hudon_-768x512.jpg 768w\" sizes=\"auto, (max-width: 1024px) 100vw, 1024px\" \/><\/a><figcaption class=\"wp-element-caption\">H\u00e9bertville<br> Chapelle fun\u00e9raire famille Philippe Hudon<br>(Herv\u00e9 Lachance)<\/figcaption><\/figure>\n\n\n\n<figure class=\"wp-block-image size-large\"><a href=\"https:\/\/patrimoineduquebec.com\/eglisesduquebec\/wp-content\/uploads\/2019\/05\/herouxville-14-rang-saint-pierre-nord-domaine-tavibois-G\u00e9rald-Arbour-N3.jpg\"><img loading=\"lazy\" decoding=\"async\" width=\"768\" height=\"1024\" data-id=\"3402\" src=\"https:\/\/patrimoineduquebec.com\/eglisesduquebec\/wp-content\/uploads\/2019\/05\/herouxville-14-rang-saint-pierre-nord-domaine-tavibois-G\u00e9rald-Arbour-N3-768x1024.jpg\" alt=\"\" class=\"wp-image-3402\" srcset=\"https:\/\/patrimoineduquebec.com\/eglisesduquebec\/wp-content\/uploads\/2019\/05\/herouxville-14-rang-saint-pierre-nord-domaine-tavibois-G\u00e9rald-Arbour-N3-768x1024.jpg 768w, https:\/\/patrimoineduquebec.com\/eglisesduquebec\/wp-content\/uploads\/2019\/05\/herouxville-14-rang-saint-pierre-nord-domaine-tavibois-G\u00e9rald-Arbour-N3-225x300.jpg 225w\" sizes=\"auto, (max-width: 768px) 100vw, 768px\" \/><\/a><figcaption class=\"wp-element-caption\">H\u00e9rouxville <br>Chapelle du Domaine Tavibois <br>(G\u00e9rald Arbour)<\/figcaption><\/figure>\n\n\n\n<figure class=\"wp-block-image size-large\"><a href=\"https:\/\/patrimoineduquebec.com\/eglisesduquebec\/wp-content\/uploads\/2024\/01\/Eglise_Ile_Desiree_1_Sylvie_Crepeault-2.jpg\"><img loading=\"lazy\" decoding=\"async\" width=\"683\" height=\"1024\" data-id=\"4599\" src=\"https:\/\/patrimoineduquebec.com\/eglisesduquebec\/wp-content\/uploads\/2024\/01\/Eglise_Ile_Desiree_1_Sylvie_Crepeault-2-683x1024.jpg\" alt=\"\" class=\"wp-image-4599\" srcset=\"https:\/\/patrimoineduquebec.com\/eglisesduquebec\/wp-content\/uploads\/2024\/01\/Eglise_Ile_Desiree_1_Sylvie_Crepeault-2-683x1024.jpg 683w, https:\/\/patrimoineduquebec.com\/eglisesduquebec\/wp-content\/uploads\/2024\/01\/Eglise_Ile_Desiree_1_Sylvie_Crepeault-2-200x300.jpg 200w, https:\/\/patrimoineduquebec.com\/eglisesduquebec\/wp-content\/uploads\/2024\/01\/Eglise_Ile_Desiree_1_Sylvie_Crepeault-2-768x1152.jpg 768w, https:\/\/patrimoineduquebec.com\/eglisesduquebec\/wp-content\/uploads\/2024\/01\/Eglise_Ile_Desiree_1_Sylvie_Crepeault-2.jpg 774w\" sizes=\"auto, (max-width: 683px) 100vw, 683px\" \/><\/a><figcaption class=\"wp-element-caption\">\u00cele D\u00e9sir\u00e9e (Lac Abitibi)<br>(Sylvie Cr\u00e9peault)<\/figcaption><\/figure>\n\n\n\n<figure class=\"wp-block-image size-large\"><a href=\"https:\/\/patrimoineduquebec.com\/eglisesduquebec\/wp-content\/uploads\/2019\/05\/St-Fran\u00e7ois-face-361-ch-royals.jpeg\"><img loading=\"lazy\" decoding=\"async\" width=\"768\" height=\"1024\" data-id=\"3403\" src=\"https:\/\/patrimoineduquebec.com\/eglisesduquebec\/wp-content\/uploads\/2019\/05\/St-Fran\u00e7ois-face-361-ch-royals-768x1024.jpeg\" alt=\"\" class=\"wp-image-3403\" srcset=\"https:\/\/patrimoineduquebec.com\/eglisesduquebec\/wp-content\/uploads\/2019\/05\/St-Fran\u00e7ois-face-361-ch-royals-768x1024.jpeg 768w, https:\/\/patrimoineduquebec.com\/eglisesduquebec\/wp-content\/uploads\/2019\/05\/St-Fran\u00e7ois-face-361-ch-royals-225x300.jpeg 225w\" sizes=\"auto, (max-width: 768px) 100vw, 768px\" \/><\/a><figcaption class=\"wp-element-caption\">\u00cele d\u2019Orl\u00e9ans (Saint-Fran\u00e7ois) <br>(Jacques Harvey)<\/figcaption><\/figure>\n\n\n\n<figure class=\"wp-block-image size-large\"><a href=\"https:\/\/patrimoineduquebec.com\/eglisesduquebec\/wp-content\/uploads\/2019\/05\/st-jean.jpeg\"><img loading=\"lazy\" decoding=\"async\" width=\"768\" height=\"1024\" data-id=\"3404\" src=\"https:\/\/patrimoineduquebec.com\/eglisesduquebec\/wp-content\/uploads\/2019\/05\/st-jean-768x1024.jpeg\" alt=\"\" class=\"wp-image-3404\" srcset=\"https:\/\/patrimoineduquebec.com\/eglisesduquebec\/wp-content\/uploads\/2019\/05\/st-jean-768x1024.jpeg 768w, https:\/\/patrimoineduquebec.com\/eglisesduquebec\/wp-content\/uploads\/2019\/05\/st-jean-225x300.jpeg 225w\" sizes=\"auto, (max-width: 768px) 100vw, 768px\" \/><\/a><figcaption class=\"wp-element-caption\">\u00cele d\u2019Orl\u00e9ans (Saint-Jean)<br>(Jacques Harvey)<\/figcaption><\/figure>\n\n\n\n<figure class=\"wp-block-image size-large\"><a href=\"https:\/\/patrimoineduquebec.com\/eglisesduquebec\/wp-content\/uploads\/2023\/09\/2-scaled.jpeg\"><img loading=\"lazy\" decoding=\"async\" width=\"768\" height=\"1024\" data-id=\"4558\" src=\"https:\/\/patrimoineduquebec.com\/eglisesduquebec\/wp-content\/uploads\/2023\/09\/2-768x1024.jpeg\" alt=\"\" class=\"wp-image-4558\" srcset=\"https:\/\/patrimoineduquebec.com\/eglisesduquebec\/wp-content\/uploads\/2023\/09\/2-768x1024.jpeg 768w, https:\/\/patrimoineduquebec.com\/eglisesduquebec\/wp-content\/uploads\/2023\/09\/2-225x300.jpeg 225w, https:\/\/patrimoineduquebec.com\/eglisesduquebec\/wp-content\/uploads\/2023\/09\/2-1152x1536.jpeg 1152w, https:\/\/patrimoineduquebec.com\/eglisesduquebec\/wp-content\/uploads\/2023\/09\/2-1535x2048.jpeg 1535w, https:\/\/patrimoineduquebec.com\/eglisesduquebec\/wp-content\/uploads\/2023\/09\/2-scaled.jpeg 1919w\" sizes=\"auto, (max-width: 768px) 100vw, 768px\" \/><\/a><figcaption class=\"wp-element-caption\">\u00cele d\u2019Orl\u00e9ans (Saint-Jean)<br>Chapelle du manoir Mauvide-Genest<br>1929<br>(G\u00e9rald Arbour)<\/figcaption><\/figure>\n\n\n\n<figure class=\"wp-block-image size-large\"><a href=\"https:\/\/patrimoineduquebec.com\/eglisesduquebec\/wp-content\/uploads\/2019\/05\/st-laurent-de-la-vierge.jpeg\"><img loading=\"lazy\" decoding=\"async\" width=\"768\" height=\"1024\" data-id=\"3405\" src=\"https:\/\/patrimoineduquebec.com\/eglisesduquebec\/wp-content\/uploads\/2019\/05\/st-laurent-de-la-vierge-768x1024.jpeg\" alt=\"\" class=\"wp-image-3405\" srcset=\"https:\/\/patrimoineduquebec.com\/eglisesduquebec\/wp-content\/uploads\/2019\/05\/st-laurent-de-la-vierge-768x1024.jpeg 768w, https:\/\/patrimoineduquebec.com\/eglisesduquebec\/wp-content\/uploads\/2019\/05\/st-laurent-de-la-vierge-225x300.jpeg 225w\" sizes=\"auto, (max-width: 768px) 100vw, 768px\" \/><\/a><figcaption class=\"wp-element-caption\">\u00cele d\u2019Orl\u00e9ans (Saint-Laurent)<br> Chapelle d\u00e9di\u00e9e \u00e0 la Vierge <br>(Jacques Harvey)<\/figcaption><\/figure>\n\n\n\n<figure class=\"wp-block-image size-large\"><a href=\"https:\/\/patrimoineduquebec.com\/eglisesduquebec\/wp-content\/uploads\/2019\/05\/st-laurent.jpeg\"><img loading=\"lazy\" decoding=\"async\" width=\"768\" height=\"1024\" data-id=\"3406\" src=\"https:\/\/patrimoineduquebec.com\/eglisesduquebec\/wp-content\/uploads\/2019\/05\/st-laurent-768x1024.jpeg\" alt=\"\" class=\"wp-image-3406\" srcset=\"https:\/\/patrimoineduquebec.com\/eglisesduquebec\/wp-content\/uploads\/2019\/05\/st-laurent-768x1024.jpeg 768w, https:\/\/patrimoineduquebec.com\/eglisesduquebec\/wp-content\/uploads\/2019\/05\/st-laurent-225x300.jpeg 225w\" sizes=\"auto, (max-width: 768px) 100vw, 768px\" \/><\/a><figcaption class=\"wp-element-caption\">\u00cele d\u2019Orl\u00e9ans (Saint-Laurent)<br> Chapelle d\u00e9di\u00e9e \u00e0 Sainte-Anne <br>1759<br>(Jacques Harvey)<\/figcaption><\/figure>\n\n\n\n<figure class=\"wp-block-image size-large\"><a href=\"https:\/\/patrimoineduquebec.com\/eglisesduquebec\/wp-content\/uploads\/2019\/05\/st-pierre.jpeg\"><img loading=\"lazy\" decoding=\"async\" width=\"768\" height=\"1024\" data-id=\"3407\" src=\"https:\/\/patrimoineduquebec.com\/eglisesduquebec\/wp-content\/uploads\/2019\/05\/st-pierre-768x1024.jpeg\" alt=\"\" class=\"wp-image-3407\" srcset=\"https:\/\/patrimoineduquebec.com\/eglisesduquebec\/wp-content\/uploads\/2019\/05\/st-pierre-768x1024.jpeg 768w, https:\/\/patrimoineduquebec.com\/eglisesduquebec\/wp-content\/uploads\/2019\/05\/st-pierre-225x300.jpeg 225w\" sizes=\"auto, (max-width: 768px) 100vw, 768px\" \/><\/a><figcaption class=\"wp-element-caption\">\u00cele d\u2019Orl\u00e9ans (Saint-Pierre) <br>Chapelle du cimeti\u00e8re<br>1968 <br>(Jacques Harvey)<\/figcaption><\/figure>\n\n\n\n<figure class=\"wp-block-image size-large\"><a href=\"https:\/\/patrimoineduquebec.com\/eglisesduquebec\/wp-content\/uploads\/2019\/05\/ste-famille.jpeg\"><img loading=\"lazy\" decoding=\"async\" width=\"768\" height=\"1024\" data-id=\"3408\" src=\"https:\/\/patrimoineduquebec.com\/eglisesduquebec\/wp-content\/uploads\/2019\/05\/ste-famille-768x1024.jpeg\" alt=\"\" class=\"wp-image-3408\" srcset=\"https:\/\/patrimoineduquebec.com\/eglisesduquebec\/wp-content\/uploads\/2019\/05\/ste-famille-768x1024.jpeg 768w, https:\/\/patrimoineduquebec.com\/eglisesduquebec\/wp-content\/uploads\/2019\/05\/ste-famille-225x300.jpeg 225w\" sizes=\"auto, (max-width: 768px) 100vw, 768px\" \/><\/a><figcaption class=\"wp-element-caption\">\u00cele d\u2019Orl\u00e9ans (Sainte-Famille)<br> Chapelle de Sainte-Famille <br>Entre 1790 et 1850<br>(Jacques Harvey)<\/figcaption><\/figure>\n\n\n\n<figure class=\"wp-block-image size-large\"><a href=\"https:\/\/patrimoineduquebec.com\/eglisesduquebec\/wp-content\/uploads\/2019\/05\/DSCN0670.jpeg\"><img loading=\"lazy\" decoding=\"async\" width=\"768\" height=\"1024\" data-id=\"3410\" src=\"https:\/\/patrimoineduquebec.com\/eglisesduquebec\/wp-content\/uploads\/2019\/05\/DSCN0670-768x1024.jpeg\" alt=\"\" class=\"wp-image-3410\" srcset=\"https:\/\/patrimoineduquebec.com\/eglisesduquebec\/wp-content\/uploads\/2019\/05\/DSCN0670-768x1024.jpeg 768w, https:\/\/patrimoineduquebec.com\/eglisesduquebec\/wp-content\/uploads\/2019\/05\/DSCN0670-225x300.jpeg 225w\" sizes=\"auto, (max-width: 768px) 100vw, 768px\" \/><\/a><figcaption class=\"wp-element-caption\">L\u2019Ange-Gardien <br>Chapelle Notre-Dame-de-Gr\u00e2ces <br>1751 <br>(Jacques Harvey)<\/figcaption><\/figure>\n\n\n\n<figure class=\"wp-block-image size-large\"><a href=\"https:\/\/patrimoineduquebec.com\/eglisesduquebec\/wp-content\/uploads\/2019\/05\/DSCN0655.jpeg\"><img loading=\"lazy\" decoding=\"async\" width=\"768\" height=\"1024\" data-id=\"3411\" src=\"https:\/\/patrimoineduquebec.com\/eglisesduquebec\/wp-content\/uploads\/2019\/05\/DSCN0655-768x1024.jpeg\" alt=\"\" class=\"wp-image-3411\" srcset=\"https:\/\/patrimoineduquebec.com\/eglisesduquebec\/wp-content\/uploads\/2019\/05\/DSCN0655-768x1024.jpeg 768w, https:\/\/patrimoineduquebec.com\/eglisesduquebec\/wp-content\/uploads\/2019\/05\/DSCN0655-225x300.jpeg 225w\" sizes=\"auto, (max-width: 768px) 100vw, 768px\" \/><\/a><figcaption class=\"wp-element-caption\">L\u2019Ange-Gardien<br> Chapelle Saint-Roch<br> 1751<br>(Jacques Harvey)<\/figcaption><\/figure>\n\n\n\n<figure class=\"wp-block-image size-large\"><a href=\"https:\/\/patrimoineduquebec.com\/eglisesduquebec\/wp-content\/uploads\/2019\/05\/DSCN0322.jpeg\"><img loading=\"lazy\" decoding=\"async\" width=\"768\" height=\"1024\" data-id=\"3412\" src=\"https:\/\/patrimoineduquebec.com\/eglisesduquebec\/wp-content\/uploads\/2019\/05\/DSCN0322-768x1024.jpeg\" alt=\"\" class=\"wp-image-3412\" srcset=\"https:\/\/patrimoineduquebec.com\/eglisesduquebec\/wp-content\/uploads\/2019\/05\/DSCN0322-768x1024.jpeg 768w, https:\/\/patrimoineduquebec.com\/eglisesduquebec\/wp-content\/uploads\/2019\/05\/DSCN0322-225x300.jpeg 225w\" sizes=\"auto, (max-width: 768px) 100vw, 768px\" \/><\/a><figcaption class=\"wp-element-caption\">L\u2019Isle-aux-Coudres (Saint-Louis) <br>Chapelle Saint-Isidore<br>1836<br> (Jacques Harvey)<\/figcaption><\/figure>\n\n\n\n<figure class=\"wp-block-image size-large\"><a href=\"https:\/\/patrimoineduquebec.com\/eglisesduquebec\/wp-content\/uploads\/2019\/05\/DSCN0.jpeg\"><img loading=\"lazy\" decoding=\"async\" width=\"666\" height=\"1024\" data-id=\"3414\" src=\"https:\/\/patrimoineduquebec.com\/eglisesduquebec\/wp-content\/uploads\/2019\/05\/DSCN0-666x1024.jpeg\" alt=\"\" class=\"wp-image-3414\" srcset=\"https:\/\/patrimoineduquebec.com\/eglisesduquebec\/wp-content\/uploads\/2019\/05\/DSCN0-666x1024.jpeg 666w, https:\/\/patrimoineduquebec.com\/eglisesduquebec\/wp-content\/uploads\/2019\/05\/DSCN0-195x300.jpeg 195w, https:\/\/patrimoineduquebec.com\/eglisesduquebec\/wp-content\/uploads\/2019\/05\/DSCN0-768x1181.jpeg 768w, https:\/\/patrimoineduquebec.com\/eglisesduquebec\/wp-content\/uploads\/2019\/05\/DSCN0.jpeg 1814w\" sizes=\"auto, (max-width: 666px) 100vw, 666px\" \/><\/a><figcaption class=\"wp-element-caption\">L\u2019Isle-aux-Coudres (Saint-Louis) <br>Chapelle Saint-Pierre<br>1837<br>(Jacques Harvey)<\/figcaption><\/figure>\n\n\n\n<figure class=\"wp-block-image size-large\"><a href=\"https:\/\/patrimoineduquebec.com\/eglisesduquebec\/wp-content\/uploads\/2019\/05\/marins.jpeg\"><img loading=\"lazy\" decoding=\"async\" width=\"768\" height=\"1024\" data-id=\"3415\" src=\"https:\/\/patrimoineduquebec.com\/eglisesduquebec\/wp-content\/uploads\/2019\/05\/marins-768x1024.jpeg\" alt=\"\" class=\"wp-image-3415\" srcset=\"https:\/\/patrimoineduquebec.com\/eglisesduquebec\/wp-content\/uploads\/2019\/05\/marins-768x1024.jpeg 768w, https:\/\/patrimoineduquebec.com\/eglisesduquebec\/wp-content\/uploads\/2019\/05\/marins-225x300.jpeg 225w\" sizes=\"auto, (max-width: 768px) 100vw, 768px\" \/><\/a><figcaption class=\"wp-element-caption\">L\u2019Islet<br> Chapelle des Marins<br> 1835<br>(Jacques Harvey)<\/figcaption><\/figure>\n\n\n\n<figure class=\"wp-block-image size-large\"><a href=\"https:\/\/patrimoineduquebec.com\/eglisesduquebec\/wp-content\/uploads\/2019\/05\/ste-anne-2.jpeg\"><img loading=\"lazy\" decoding=\"async\" width=\"698\" height=\"1024\" data-id=\"3416\" src=\"https:\/\/patrimoineduquebec.com\/eglisesduquebec\/wp-content\/uploads\/2019\/05\/ste-anne-2-698x1024.jpeg\" alt=\"\" class=\"wp-image-3416\" srcset=\"https:\/\/patrimoineduquebec.com\/eglisesduquebec\/wp-content\/uploads\/2019\/05\/ste-anne-2-698x1024.jpeg 698w, https:\/\/patrimoineduquebec.com\/eglisesduquebec\/wp-content\/uploads\/2019\/05\/ste-anne-2-204x300.jpeg 204w, https:\/\/patrimoineduquebec.com\/eglisesduquebec\/wp-content\/uploads\/2019\/05\/ste-anne-2-768x1127.jpeg 768w\" sizes=\"auto, (max-width: 698px) 100vw, 698px\" \/><\/a><figcaption class=\"wp-element-caption\">L\u2019Islet (Saint-Eug\u00e8ne)<br>Chapelle Sainte-Anne<br>1894<br> (Paul Turcotte)<\/figcaption><\/figure>\n\n\n\n<figure class=\"wp-block-image size-large\"><a href=\"https:\/\/patrimoineduquebec.com\/eglisesduquebec\/wp-content\/uploads\/2020\/08\/la-durantaye-G\u00e9rald-Arbour-N5-2.jpeg\"><img loading=\"lazy\" decoding=\"async\" width=\"1024\" height=\"767\" data-id=\"4024\" src=\"https:\/\/patrimoineduquebec.com\/eglisesduquebec\/wp-content\/uploads\/2020\/08\/la-durantaye-G\u00e9rald-Arbour-N5-2-1024x767.jpeg\" alt=\"\" class=\"wp-image-4024\" srcset=\"https:\/\/patrimoineduquebec.com\/eglisesduquebec\/wp-content\/uploads\/2020\/08\/la-durantaye-G\u00e9rald-Arbour-N5-2-1024x767.jpeg 1024w, https:\/\/patrimoineduquebec.com\/eglisesduquebec\/wp-content\/uploads\/2020\/08\/la-durantaye-G\u00e9rald-Arbour-N5-2-300x225.jpeg 300w, https:\/\/patrimoineduquebec.com\/eglisesduquebec\/wp-content\/uploads\/2020\/08\/la-durantaye-G\u00e9rald-Arbour-N5-2-768x575.jpeg 768w, https:\/\/patrimoineduquebec.com\/eglisesduquebec\/wp-content\/uploads\/2020\/08\/la-durantaye-G\u00e9rald-Arbour-N5-2-1536x1151.jpeg 1536w, https:\/\/patrimoineduquebec.com\/eglisesduquebec\/wp-content\/uploads\/2020\/08\/la-durantaye-G\u00e9rald-Arbour-N5-2-2048x1534.jpeg 2048w, https:\/\/patrimoineduquebec.com\/eglisesduquebec\/wp-content\/uploads\/2020\/08\/la-durantaye-G\u00e9rald-Arbour-N5-2-120x90.jpeg 120w\" sizes=\"auto, (max-width: 1024px) 100vw, 1024px\" \/><\/a><figcaption class=\"wp-element-caption\">La Durantaye<br>Chapelle fun\u00e9raire<br>(G\u00e9rald Arbour)<\/figcaption><\/figure>\n\n\n\n<figure class=\"wp-block-image size-large\"><a href=\"https:\/\/patrimoineduquebec.com\/eglisesduquebec\/wp-content\/uploads\/2019\/05\/P1090190.jpeg\"><img loading=\"lazy\" decoding=\"async\" width=\"683\" height=\"1024\" data-id=\"3418\" src=\"https:\/\/patrimoineduquebec.com\/eglisesduquebec\/wp-content\/uploads\/2019\/05\/P1090190-683x1024.jpeg\" alt=\"\" class=\"wp-image-3418\" srcset=\"https:\/\/patrimoineduquebec.com\/eglisesduquebec\/wp-content\/uploads\/2019\/05\/P1090190-683x1024.jpeg 683w, https:\/\/patrimoineduquebec.com\/eglisesduquebec\/wp-content\/uploads\/2019\/05\/P1090190-200x300.jpeg 200w, https:\/\/patrimoineduquebec.com\/eglisesduquebec\/wp-content\/uploads\/2019\/05\/P1090190-768x1152.jpeg 768w\" sizes=\"auto, (max-width: 683px) 100vw, 683px\" \/><\/a><figcaption class=\"wp-element-caption\">La Pocati\u00e8re<br> Chapelle du Haut-de-Sainte-Anne <br>1952<br>(Paul Turcotte)<\/figcaption><\/figure>\n\n\n\n<figure class=\"wp-block-image size-large\"><a href=\"https:\/\/patrimoineduquebec.com\/eglisesduquebec\/wp-content\/uploads\/2019\/05\/036.jpeg\"><img loading=\"lazy\" decoding=\"async\" width=\"768\" height=\"1024\" data-id=\"3419\" src=\"https:\/\/patrimoineduquebec.com\/eglisesduquebec\/wp-content\/uploads\/2019\/05\/036-768x1024.jpeg\" alt=\"\" class=\"wp-image-3419\" srcset=\"https:\/\/patrimoineduquebec.com\/eglisesduquebec\/wp-content\/uploads\/2019\/05\/036-768x1024.jpeg 768w, https:\/\/patrimoineduquebec.com\/eglisesduquebec\/wp-content\/uploads\/2019\/05\/036-225x300.jpeg 225w\" sizes=\"auto, (max-width: 768px) 100vw, 768px\" \/><\/a><figcaption class=\"wp-element-caption\">Lac-au-Saumon<br> Chapelle dite oratoire Saint-Joseph <br>1921-1924<br>(Claude-R\u00e9al Duchesne)<\/figcaption><\/figure>\n\n\n\n<figure class=\"wp-block-image size-large\"><a href=\"https:\/\/patrimoineduquebec.com\/eglisesduquebec\/wp-content\/uploads\/2019\/05\/Lac-Bouchette-e1558266179756.jpg\"><img loading=\"lazy\" decoding=\"async\" width=\"683\" height=\"1024\" data-id=\"3420\" src=\"https:\/\/patrimoineduquebec.com\/eglisesduquebec\/wp-content\/uploads\/2019\/05\/Lac-Bouchette-e1558266179756-683x1024.jpg\" alt=\"\" class=\"wp-image-3420\" srcset=\"https:\/\/patrimoineduquebec.com\/eglisesduquebec\/wp-content\/uploads\/2019\/05\/Lac-Bouchette-e1558266179756-683x1024.jpg 683w, https:\/\/patrimoineduquebec.com\/eglisesduquebec\/wp-content\/uploads\/2019\/05\/Lac-Bouchette-e1558266179756-200x300.jpg 200w, https:\/\/patrimoineduquebec.com\/eglisesduquebec\/wp-content\/uploads\/2019\/05\/Lac-Bouchette-e1558266179756-768x1152.jpg 768w\" sizes=\"auto, (max-width: 683px) 100vw, 683px\" \/><\/a><figcaption class=\"wp-element-caption\">Lac Bouchette <br>(Paul Turcotte)<\/figcaption><\/figure>\n\n\n\n<figure class=\"wp-block-image size-large\"><a href=\"https:\/\/patrimoineduquebec.com\/eglisesduquebec\/wp-content\/uploads\/2019\/05\/P1190058-Lac-M\u00e9gantic-e1558266307827.jpg\"><img loading=\"lazy\" decoding=\"async\" width=\"683\" height=\"1024\" data-id=\"3423\" src=\"https:\/\/patrimoineduquebec.com\/eglisesduquebec\/wp-content\/uploads\/2019\/05\/P1190058-Lac-M\u00e9gantic-e1558266307827-683x1024.jpg\" alt=\"\" class=\"wp-image-3423\" srcset=\"https:\/\/patrimoineduquebec.com\/eglisesduquebec\/wp-content\/uploads\/2019\/05\/P1190058-Lac-M\u00e9gantic-e1558266307827-683x1024.jpg 683w, https:\/\/patrimoineduquebec.com\/eglisesduquebec\/wp-content\/uploads\/2019\/05\/P1190058-Lac-M\u00e9gantic-e1558266307827-200x300.jpg 200w, https:\/\/patrimoineduquebec.com\/eglisesduquebec\/wp-content\/uploads\/2019\/05\/P1190058-Lac-M\u00e9gantic-e1558266307827-768x1152.jpg 768w\" sizes=\"auto, (max-width: 683px) 100vw, 683px\" \/><\/a><figcaption class=\"wp-element-caption\">Lac M\u00e9gantic<br> Chapelle d\u00e9di\u00e9e \u00e0 Saint-Joseph<br>(Paul Turcotte)<\/figcaption><\/figure>\n\n\n\n<figure class=\"wp-block-image size-large\"><a href=\"https:\/\/patrimoineduquebec.com\/eglisesduquebec\/wp-content\/uploads\/2019\/05\/P1120384.jpeg\"><img loading=\"lazy\" decoding=\"async\" width=\"683\" height=\"1024\" data-id=\"3425\" src=\"https:\/\/patrimoineduquebec.com\/eglisesduquebec\/wp-content\/uploads\/2019\/05\/P1120384-683x1024.jpeg\" alt=\"\" class=\"wp-image-3425\" srcset=\"https:\/\/patrimoineduquebec.com\/eglisesduquebec\/wp-content\/uploads\/2019\/05\/P1120384-683x1024.jpeg 683w, https:\/\/patrimoineduquebec.com\/eglisesduquebec\/wp-content\/uploads\/2019\/05\/P1120384-200x300.jpeg 200w, https:\/\/patrimoineduquebec.com\/eglisesduquebec\/wp-content\/uploads\/2019\/05\/P1120384-768x1152.jpeg 768w\" sizes=\"auto, (max-width: 683px) 100vw, 683px\" \/><\/a><figcaption class=\"wp-element-caption\">Lanoraie <br>Chapelle Sainte-Anne<br>1880 <br>(Paul Turcotte)<\/figcaption><\/figure>\n\n\n\n<figure class=\"wp-block-image size-large\"><a href=\"https:\/\/patrimoineduquebec.com\/eglisesduquebec\/wp-content\/uploads\/2019\/05\/P1150070-Chapelle-N.D-de-Lourdes-Lavaltrie.jpeg\"><img loading=\"lazy\" decoding=\"async\" width=\"819\" height=\"1024\" data-id=\"3426\" src=\"https:\/\/patrimoineduquebec.com\/eglisesduquebec\/wp-content\/uploads\/2019\/05\/P1150070-Chapelle-N.D-de-Lourdes-Lavaltrie-819x1024.jpeg\" alt=\"\" class=\"wp-image-3426\" srcset=\"https:\/\/patrimoineduquebec.com\/eglisesduquebec\/wp-content\/uploads\/2019\/05\/P1150070-Chapelle-N.D-de-Lourdes-Lavaltrie-819x1024.jpeg 819w, https:\/\/patrimoineduquebec.com\/eglisesduquebec\/wp-content\/uploads\/2019\/05\/P1150070-Chapelle-N.D-de-Lourdes-Lavaltrie-240x300.jpeg 240w, https:\/\/patrimoineduquebec.com\/eglisesduquebec\/wp-content\/uploads\/2019\/05\/P1150070-Chapelle-N.D-de-Lourdes-Lavaltrie-768x960.jpeg 768w\" sizes=\"auto, (max-width: 819px) 100vw, 819px\" \/><\/a><figcaption class=\"wp-element-caption\">Lavaltrie<br> Chapelle Notre-Dame-de-Lourdes <br>1884 <br>(Paul Turcotte)<\/figcaption><\/figure>\n\n\n\n<figure class=\"wp-block-image size-large\"><a href=\"https:\/\/patrimoineduquebec.com\/eglisesduquebec\/wp-content\/uploads\/2019\/05\/st-godefroy.jpeg\"><img loading=\"lazy\" decoding=\"async\" width=\"553\" height=\"737\" data-id=\"3427\" src=\"https:\/\/patrimoineduquebec.com\/eglisesduquebec\/wp-content\/uploads\/2019\/05\/st-godefroy.jpeg\" alt=\"\" class=\"wp-image-3427\" srcset=\"https:\/\/patrimoineduquebec.com\/eglisesduquebec\/wp-content\/uploads\/2019\/05\/st-godefroy.jpeg 553w, https:\/\/patrimoineduquebec.com\/eglisesduquebec\/wp-content\/uploads\/2019\/05\/st-godefroy-225x300.jpeg 225w\" sizes=\"auto, (max-width: 553px) 100vw, 553px\" \/><\/a><figcaption class=\"wp-element-caption\">Les \u00c9boulements <br>Chapelle Saint-Godefroy<br>1939 <br>(Pierre Duff)<\/figcaption><\/figure>\n\n\n\n<figure class=\"wp-block-image size-large\"><a href=\"https:\/\/patrimoineduquebec.com\/eglisesduquebec\/wp-content\/uploads\/2019\/05\/st-nicolas.jpeg\"><img loading=\"lazy\" decoding=\"async\" width=\"745\" height=\"1024\" data-id=\"3428\" src=\"https:\/\/patrimoineduquebec.com\/eglisesduquebec\/wp-content\/uploads\/2019\/05\/st-nicolas-745x1024.jpeg\" alt=\"\" class=\"wp-image-3428\" srcset=\"https:\/\/patrimoineduquebec.com\/eglisesduquebec\/wp-content\/uploads\/2019\/05\/st-nicolas-745x1024.jpeg 745w, https:\/\/patrimoineduquebec.com\/eglisesduquebec\/wp-content\/uploads\/2019\/05\/st-nicolas-218x300.jpeg 218w, https:\/\/patrimoineduquebec.com\/eglisesduquebec\/wp-content\/uploads\/2019\/05\/st-nicolas-768x1056.jpeg 768w\" sizes=\"auto, (max-width: 745px) 100vw, 745px\" \/><\/a><figcaption class=\"wp-element-caption\">Les \u00c9boulements <br>Chapelle Saint-Nicolas<br>Entre 1800 et 1850<br>(Jacques Harvey)<\/figcaption><\/figure>\n\n\n\n<figure class=\"wp-block-image size-large\"><a href=\"https:\/\/patrimoineduquebec.com\/eglisesduquebec\/wp-content\/uploads\/2019\/05\/st-fran\u00e7ois-xavier.jpeg\"><img loading=\"lazy\" decoding=\"async\" width=\"768\" height=\"1024\" data-id=\"3430\" src=\"https:\/\/patrimoineduquebec.com\/eglisesduquebec\/wp-content\/uploads\/2019\/05\/st-fran\u00e7ois-xavier-768x1024.jpeg\" alt=\"\" class=\"wp-image-3430\" srcset=\"https:\/\/patrimoineduquebec.com\/eglisesduquebec\/wp-content\/uploads\/2019\/05\/st-fran\u00e7ois-xavier-768x1024.jpeg 768w, https:\/\/patrimoineduquebec.com\/eglisesduquebec\/wp-content\/uploads\/2019\/05\/st-fran\u00e7ois-xavier-225x300.jpeg 225w\" sizes=\"auto, (max-width: 768px) 100vw, 768px\" \/><\/a><figcaption class=\"wp-element-caption\">L\u00e9vis <br>Chapelle Saint-Fran\u00e7ois-Xavier <br>Entre 1809 et 1822 <br>(Jacques Harvey)<\/figcaption><\/figure>\n\n\n\n<figure class=\"wp-block-image size-large\"><a href=\"https:\/\/patrimoineduquebec.com\/eglisesduquebec\/wp-content\/uploads\/2020\/07\/l\u00e9vis-4193-rue-saint-georges-G\u00e9rald-Arbour-N6.jpeg\"><img loading=\"lazy\" decoding=\"async\" width=\"765\" height=\"1024\" data-id=\"3945\" src=\"https:\/\/patrimoineduquebec.com\/eglisesduquebec\/wp-content\/uploads\/2020\/07\/l\u00e9vis-4193-rue-saint-georges-G\u00e9rald-Arbour-N6-765x1024.jpeg\" alt=\"\" class=\"wp-image-3945\" srcset=\"https:\/\/patrimoineduquebec.com\/eglisesduquebec\/wp-content\/uploads\/2020\/07\/l\u00e9vis-4193-rue-saint-georges-G\u00e9rald-Arbour-N6-765x1024.jpeg 765w, https:\/\/patrimoineduquebec.com\/eglisesduquebec\/wp-content\/uploads\/2020\/07\/l\u00e9vis-4193-rue-saint-georges-G\u00e9rald-Arbour-N6-224x300.jpeg 224w, https:\/\/patrimoineduquebec.com\/eglisesduquebec\/wp-content\/uploads\/2020\/07\/l\u00e9vis-4193-rue-saint-georges-G\u00e9rald-Arbour-N6-768x1029.jpeg 768w, https:\/\/patrimoineduquebec.com\/eglisesduquebec\/wp-content\/uploads\/2020\/07\/l\u00e9vis-4193-rue-saint-georges-G\u00e9rald-Arbour-N6-1147x1536.jpeg 1147w, https:\/\/patrimoineduquebec.com\/eglisesduquebec\/wp-content\/uploads\/2020\/07\/l\u00e9vis-4193-rue-saint-georges-G\u00e9rald-Arbour-N6.jpeg 1258w\" sizes=\"auto, (max-width: 765px) 100vw, 765px\" \/><\/a><figcaption class=\"wp-element-caption\">L\u00e9vis<br>Chapelle d\u00e9di\u00e9e \u00e0 Saint-Joseph<br>1902<br>(G\u00e9rald Arbour)<\/figcaption><\/figure>\n\n\n\n<figure class=\"wp-block-image size-large\"><a href=\"https:\/\/patrimoineduquebec.com\/eglisesduquebec\/wp-content\/uploads\/2019\/05\/st-nicolas-2.jpeg\"><img loading=\"lazy\" decoding=\"async\" width=\"768\" height=\"1024\" data-id=\"3429\" src=\"https:\/\/patrimoineduquebec.com\/eglisesduquebec\/wp-content\/uploads\/2019\/05\/st-nicolas-2-768x1024.jpeg\" alt=\"\" class=\"wp-image-3429\" srcset=\"https:\/\/patrimoineduquebec.com\/eglisesduquebec\/wp-content\/uploads\/2019\/05\/st-nicolas-2-768x1024.jpeg 768w, https:\/\/patrimoineduquebec.com\/eglisesduquebec\/wp-content\/uploads\/2019\/05\/st-nicolas-2-225x300.jpeg 225w\" sizes=\"auto, (max-width: 768px) 100vw, 768px\" \/><\/a><figcaption class=\"wp-element-caption\">L\u00e9vis <br>Chapelle Saint-Nicolas<br>Fin XVIIIe si\u00e8cle ou d\u00e9but XIXe <br>(Jacques Harvey)<\/figcaption><\/figure>\n\n\n\n<figure class=\"wp-block-image size-large\"><a href=\"https:\/\/patrimoineduquebec.com\/eglisesduquebec\/wp-content\/uploads\/2019\/05\/ste-anne-3.jpeg\"><img loading=\"lazy\" decoding=\"async\" width=\"768\" height=\"1024\" data-id=\"3431\" src=\"https:\/\/patrimoineduquebec.com\/eglisesduquebec\/wp-content\/uploads\/2019\/05\/ste-anne-3-768x1024.jpeg\" alt=\"\" class=\"wp-image-3431\" srcset=\"https:\/\/patrimoineduquebec.com\/eglisesduquebec\/wp-content\/uploads\/2019\/05\/ste-anne-3-768x1024.jpeg 768w, https:\/\/patrimoineduquebec.com\/eglisesduquebec\/wp-content\/uploads\/2019\/05\/ste-anne-3-225x300.jpeg 225w\" sizes=\"auto, (max-width: 768px) 100vw, 768px\" \/><\/a><figcaption class=\"wp-element-caption\">L\u00e9vis <br>Chapelle Sainte-Anne<br>1789 <br>(Jacques Harvey)<\/figcaption><\/figure>\n\n\n\n<figure class=\"wp-block-image size-large\"><a href=\"https:\/\/patrimoineduquebec.com\/eglisesduquebec\/wp-content\/uploads\/2019\/05\/l\u00e9vis-saint-nicolas-1629-qc-132-G\u00e9rald-Arbour-N5.jpg\"><img loading=\"lazy\" decoding=\"async\" width=\"768\" height=\"1024\" data-id=\"3432\" src=\"https:\/\/patrimoineduquebec.com\/eglisesduquebec\/wp-content\/uploads\/2019\/05\/l\u00e9vis-saint-nicolas-1629-qc-132-G\u00e9rald-Arbour-N5-768x1024.jpg\" alt=\"\" class=\"wp-image-3432\" srcset=\"https:\/\/patrimoineduquebec.com\/eglisesduquebec\/wp-content\/uploads\/2019\/05\/l\u00e9vis-saint-nicolas-1629-qc-132-G\u00e9rald-Arbour-N5-768x1024.jpg 768w, https:\/\/patrimoineduquebec.com\/eglisesduquebec\/wp-content\/uploads\/2019\/05\/l\u00e9vis-saint-nicolas-1629-qc-132-G\u00e9rald-Arbour-N5-225x300.jpg 225w, https:\/\/patrimoineduquebec.com\/eglisesduquebec\/wp-content\/uploads\/2019\/05\/l\u00e9vis-saint-nicolas-1629-qc-132-G\u00e9rald-Arbour-N5.jpg 2048w\" sizes=\"auto, (max-width: 768px) 100vw, 768px\" \/><\/a><figcaption class=\"wp-element-caption\">L\u00e9vis (Saint-Nicolas)<br>Chapelle Notre-Dame-de-Gr\u00e2ce<br> 1867-1868<br> (G\u00e9rald Arbour)<\/figcaption><\/figure>\n\n\n\n<figure class=\"wp-block-image size-large\"><a href=\"https:\/\/patrimoineduquebec.com\/eglisesduquebec\/wp-content\/uploads\/2019\/05\/st-louis.jpg\"><img loading=\"lazy\" decoding=\"async\" width=\"768\" height=\"1024\" data-id=\"3433\" src=\"https:\/\/patrimoineduquebec.com\/eglisesduquebec\/wp-content\/uploads\/2019\/05\/st-louis-768x1024.jpg\" alt=\"\" class=\"wp-image-3433\" srcset=\"https:\/\/patrimoineduquebec.com\/eglisesduquebec\/wp-content\/uploads\/2019\/05\/st-louis-768x1024.jpg 768w, https:\/\/patrimoineduquebec.com\/eglisesduquebec\/wp-content\/uploads\/2019\/05\/st-louis-225x300.jpg 225w\" sizes=\"auto, (max-width: 768px) 100vw, 768px\" \/><\/a><figcaption class=\"wp-element-caption\">Lotbini\u00e8re<br> Chapelle Saint-Louis<br> 1834<br> (Jacques Harvey)<\/figcaption><\/figure>\n\n\n\n<figure class=\"wp-block-image size-large\"><a href=\"https:\/\/patrimoineduquebec.com\/eglisesduquebec\/wp-content\/uploads\/2022\/08\/v-scaled.jpeg\"><img loading=\"lazy\" decoding=\"async\" width=\"768\" height=\"1024\" data-id=\"4417\" src=\"https:\/\/patrimoineduquebec.com\/eglisesduquebec\/wp-content\/uploads\/2022\/08\/v-768x1024.jpeg\" alt=\"\" class=\"wp-image-4417\" srcset=\"https:\/\/patrimoineduquebec.com\/eglisesduquebec\/wp-content\/uploads\/2022\/08\/v-768x1024.jpeg 768w, https:\/\/patrimoineduquebec.com\/eglisesduquebec\/wp-content\/uploads\/2022\/08\/v-225x300.jpeg 225w, https:\/\/patrimoineduquebec.com\/eglisesduquebec\/wp-content\/uploads\/2022\/08\/v-1152x1536.jpeg 1152w, https:\/\/patrimoineduquebec.com\/eglisesduquebec\/wp-content\/uploads\/2022\/08\/v-1536x2048.jpeg 1536w, https:\/\/patrimoineduquebec.com\/eglisesduquebec\/wp-content\/uploads\/2022\/08\/v-scaled.jpeg 1920w\" sizes=\"auto, (max-width: 768px) 100vw, 768px\" \/><\/a><figcaption class=\"wp-element-caption\">Mirabel (Saint-Janvier)<br>Chapelle fun\u00e9raire<br>(G\u00e9rald Arbour)<\/figcaption><\/figure>\n\n\n\n<figure class=\"wp-block-image size-large\"><a href=\"https:\/\/patrimoineduquebec.com\/eglisesduquebec\/wp-content\/uploads\/2022\/08\/mirabel-sainte-scholastique-rue-saint-vincent-Gerald-Arbour-N4-scaled.jpeg\"><img loading=\"lazy\" decoding=\"async\" width=\"768\" height=\"1024\" data-id=\"4400\" src=\"https:\/\/patrimoineduquebec.com\/eglisesduquebec\/wp-content\/uploads\/2022\/08\/mirabel-sainte-scholastique-rue-saint-vincent-Gerald-Arbour-N4-768x1024.jpeg\" alt=\"\" class=\"wp-image-4400\" srcset=\"https:\/\/patrimoineduquebec.com\/eglisesduquebec\/wp-content\/uploads\/2022\/08\/mirabel-sainte-scholastique-rue-saint-vincent-Gerald-Arbour-N4-768x1024.jpeg 768w, https:\/\/patrimoineduquebec.com\/eglisesduquebec\/wp-content\/uploads\/2022\/08\/mirabel-sainte-scholastique-rue-saint-vincent-Gerald-Arbour-N4-225x300.jpeg 225w, https:\/\/patrimoineduquebec.com\/eglisesduquebec\/wp-content\/uploads\/2022\/08\/mirabel-sainte-scholastique-rue-saint-vincent-Gerald-Arbour-N4-1152x1536.jpeg 1152w, https:\/\/patrimoineduquebec.com\/eglisesduquebec\/wp-content\/uploads\/2022\/08\/mirabel-sainte-scholastique-rue-saint-vincent-Gerald-Arbour-N4-1536x2048.jpeg 1536w, https:\/\/patrimoineduquebec.com\/eglisesduquebec\/wp-content\/uploads\/2022\/08\/mirabel-sainte-scholastique-rue-saint-vincent-Gerald-Arbour-N4-scaled.jpeg 1920w\" sizes=\"auto, (max-width: 768px) 100vw, 768px\" \/><\/a><figcaption class=\"wp-element-caption\">Mirabel (Sainte-Scholastique)<br>Chapelle du cimeti\u00e8re<br>(G\u00e9rald Arbour)<\/figcaption><\/figure>\n\n\n\n<figure class=\"wp-block-image size-large\"><a href=\"https:\/\/patrimoineduquebec.com\/eglisesduquebec\/wp-content\/uploads\/2019\/05\/P1100251.jpeg\"><img loading=\"lazy\" decoding=\"async\" width=\"683\" height=\"1024\" data-id=\"3434\" src=\"https:\/\/patrimoineduquebec.com\/eglisesduquebec\/wp-content\/uploads\/2019\/05\/P1100251-683x1024.jpeg\" alt=\"\" class=\"wp-image-3434\" srcset=\"https:\/\/patrimoineduquebec.com\/eglisesduquebec\/wp-content\/uploads\/2019\/05\/P1100251-683x1024.jpeg 683w, https:\/\/patrimoineduquebec.com\/eglisesduquebec\/wp-content\/uploads\/2019\/05\/P1100251-200x300.jpeg 200w, https:\/\/patrimoineduquebec.com\/eglisesduquebec\/wp-content\/uploads\/2019\/05\/P1100251-768x1152.jpeg 768w\" sizes=\"auto, (max-width: 683px) 100vw, 683px\" \/><\/a><figcaption class=\"wp-element-caption\">Montebello<br> Chapelle fun\u00e9raire Louis-Joseph-Papineau <br>1853-1855<br> (Paul Turcotte)<\/figcaption><\/figure>\n\n\n\n<figure class=\"wp-block-image size-large\"><a href=\"https:\/\/patrimoineduquebec.com\/eglisesduquebec\/wp-content\/uploads\/2019\/05\/l-1.jpg\"><img loading=\"lazy\" decoding=\"async\" width=\"768\" height=\"1024\" data-id=\"3435\" src=\"https:\/\/patrimoineduquebec.com\/eglisesduquebec\/wp-content\/uploads\/2019\/05\/l-1-768x1024.jpg\" alt=\"\" class=\"wp-image-3435\" srcset=\"https:\/\/patrimoineduquebec.com\/eglisesduquebec\/wp-content\/uploads\/2019\/05\/l-1-768x1024.jpg 768w, https:\/\/patrimoineduquebec.com\/eglisesduquebec\/wp-content\/uploads\/2019\/05\/l-1-225x300.jpg 225w\" sizes=\"auto, (max-width: 768px) 100vw, 768px\" \/><\/a><figcaption class=\"wp-element-caption\">Montr\u00e9al (Pointe-Claire)<br>Chapelle Morin<br> 1918 <br>(G\u00e9rald Arbour)<\/figcaption><\/figure>\n\n\n\n<figure class=\"wp-block-image size-large\"><a href=\"https:\/\/patrimoineduquebec.com\/eglisesduquebec\/wp-content\/uploads\/2019\/05\/mont-tremblant-saint-jovite-145-mont\u00e9e-du-cur\u00e9-labelle-G\u00e9rald-Arbour-N4.jpeg\"><img loading=\"lazy\" decoding=\"async\" width=\"845\" height=\"1024\" data-id=\"3436\" src=\"https:\/\/patrimoineduquebec.com\/eglisesduquebec\/wp-content\/uploads\/2019\/05\/mont-tremblant-saint-jovite-145-mont\u00e9e-du-cur\u00e9-labelle-G\u00e9rald-Arbour-N4-845x1024.jpeg\" alt=\"\" class=\"wp-image-3436\" srcset=\"https:\/\/patrimoineduquebec.com\/eglisesduquebec\/wp-content\/uploads\/2019\/05\/mont-tremblant-saint-jovite-145-mont\u00e9e-du-cur\u00e9-labelle-G\u00e9rald-Arbour-N4-845x1024.jpeg 845w, https:\/\/patrimoineduquebec.com\/eglisesduquebec\/wp-content\/uploads\/2019\/05\/mont-tremblant-saint-jovite-145-mont\u00e9e-du-cur\u00e9-labelle-G\u00e9rald-Arbour-N4-248x300.jpeg 248w, https:\/\/patrimoineduquebec.com\/eglisesduquebec\/wp-content\/uploads\/2019\/05\/mont-tremblant-saint-jovite-145-mont\u00e9e-du-cur\u00e9-labelle-G\u00e9rald-Arbour-N4-768x930.jpeg 768w\" sizes=\"auto, (max-width: 845px) 100vw, 845px\" \/><\/a><figcaption class=\"wp-element-caption\">Mont-Tremblant (Saint-Jovite) <br>(G\u00e9rald Arbour)<\/figcaption><\/figure>\n\n\n\n<figure class=\"wp-block-image size-large\"><a href=\"https:\/\/patrimoineduquebec.com\/eglisesduquebec\/wp-content\/uploads\/2019\/08\/nominingue-G\u00e9rald-Arbour-N5.jpeg\"><img loading=\"lazy\" decoding=\"async\" width=\"768\" height=\"1024\" data-id=\"3706\" src=\"https:\/\/patrimoineduquebec.com\/eglisesduquebec\/wp-content\/uploads\/2019\/08\/nominingue-G\u00e9rald-Arbour-N5-768x1024.jpeg\" alt=\"\" class=\"wp-image-3706\" srcset=\"https:\/\/patrimoineduquebec.com\/eglisesduquebec\/wp-content\/uploads\/2019\/08\/nominingue-G\u00e9rald-Arbour-N5-768x1024.jpeg 768w, https:\/\/patrimoineduquebec.com\/eglisesduquebec\/wp-content\/uploads\/2019\/08\/nominingue-G\u00e9rald-Arbour-N5-225x300.jpeg 225w, https:\/\/patrimoineduquebec.com\/eglisesduquebec\/wp-content\/uploads\/2019\/08\/nominingue-G\u00e9rald-Arbour-N5.jpeg 1728w\" sizes=\"auto, (max-width: 768px) 100vw, 768px\" \/><\/a><figcaption class=\"wp-element-caption\">Nominingue <br>(G\u00e9rald Arbour)<\/figcaption><\/figure>\n\n\n\n<figure class=\"wp-block-image size-large\"><a href=\"https:\/\/patrimoineduquebec.com\/eglisesduquebec\/wp-content\/uploads\/2019\/05\/ste-anne.jpg\"><img loading=\"lazy\" decoding=\"async\" width=\"768\" height=\"1024\" data-id=\"3437\" src=\"https:\/\/patrimoineduquebec.com\/eglisesduquebec\/wp-content\/uploads\/2019\/05\/ste-anne-768x1024.jpg\" alt=\"\" class=\"wp-image-3437\" srcset=\"https:\/\/patrimoineduquebec.com\/eglisesduquebec\/wp-content\/uploads\/2019\/05\/ste-anne-768x1024.jpg 768w, https:\/\/patrimoineduquebec.com\/eglisesduquebec\/wp-content\/uploads\/2019\/05\/ste-anne-225x300.jpg 225w\" sizes=\"auto, (max-width: 768px) 100vw, 768px\" \/><\/a><figcaption class=\"wp-element-caption\">Neuville <br>Chapelle Sainte-Anne<br>Entre 1800 et 1850 <br>(Monique Bellemare)<\/figcaption><\/figure>\n\n\n\n<figure class=\"wp-block-image size-large\"><a href=\"https:\/\/patrimoineduquebec.com\/eglisesduquebec\/wp-content\/uploads\/2019\/05\/P1100380.jpeg\"><img loading=\"lazy\" decoding=\"async\" width=\"683\" height=\"1024\" data-id=\"3438\" src=\"https:\/\/patrimoineduquebec.com\/eglisesduquebec\/wp-content\/uploads\/2019\/05\/P1100380-683x1024.jpeg\" alt=\"\" class=\"wp-image-3438\" srcset=\"https:\/\/patrimoineduquebec.com\/eglisesduquebec\/wp-content\/uploads\/2019\/05\/P1100380-683x1024.jpeg 683w, https:\/\/patrimoineduquebec.com\/eglisesduquebec\/wp-content\/uploads\/2019\/05\/P1100380-200x300.jpeg 200w, https:\/\/patrimoineduquebec.com\/eglisesduquebec\/wp-content\/uploads\/2019\/05\/P1100380-768x1152.jpeg 768w\" sizes=\"auto, (max-width: 683px) 100vw, 683px\" \/><\/a><figcaption class=\"wp-element-caption\">Odanak<br> Chapelle Notre-Dame-de-Fatima <br>1947 <br>(Paul Turcotte)<\/figcaption><\/figure>\n\n\n\n<figure class=\"wp-block-image size-large\"><a href=\"https:\/\/patrimoineduquebec.com\/eglisesduquebec\/wp-content\/uploads\/2019\/05\/palmarolle-G\u00e9rald-Arbour-N8.jpeg\"><img loading=\"lazy\" decoding=\"async\" width=\"777\" height=\"1024\" data-id=\"3439\" src=\"https:\/\/patrimoineduquebec.com\/eglisesduquebec\/wp-content\/uploads\/2019\/05\/palmarolle-G\u00e9rald-Arbour-N8-777x1024.jpeg\" alt=\"\" class=\"wp-image-3439\" srcset=\"https:\/\/patrimoineduquebec.com\/eglisesduquebec\/wp-content\/uploads\/2019\/05\/palmarolle-G\u00e9rald-Arbour-N8-777x1024.jpeg 777w, https:\/\/patrimoineduquebec.com\/eglisesduquebec\/wp-content\/uploads\/2019\/05\/palmarolle-G\u00e9rald-Arbour-N8-228x300.jpeg 228w, https:\/\/patrimoineduquebec.com\/eglisesduquebec\/wp-content\/uploads\/2019\/05\/palmarolle-G\u00e9rald-Arbour-N8-768x1012.jpeg 768w, https:\/\/patrimoineduquebec.com\/eglisesduquebec\/wp-content\/uploads\/2019\/05\/palmarolle-G\u00e9rald-Arbour-N8.jpeg 1660w\" sizes=\"auto, (max-width: 777px) 100vw, 777px\" \/><\/a><figcaption class=\"wp-element-caption\">Palmarolle<br> Chapelle Notre-Dame-de-la-Confiance<br> 1957 <br>(G\u00e9rald Arbour)<\/figcaption><\/figure>\n\n\n\n<figure class=\"wp-block-image size-large\"><a href=\"https:\/\/patrimoineduquebec.com\/eglisesduquebec\/wp-content\/uploads\/2019\/05\/de-grande-pointe.jpeg\"><img loading=\"lazy\" decoding=\"async\" width=\"682\" height=\"1024\" data-id=\"3440\" src=\"https:\/\/patrimoineduquebec.com\/eglisesduquebec\/wp-content\/uploads\/2019\/05\/de-grande-pointe-682x1024.jpeg\" alt=\"\" class=\"wp-image-3440\" srcset=\"https:\/\/patrimoineduquebec.com\/eglisesduquebec\/wp-content\/uploads\/2019\/05\/de-grande-pointe-682x1024.jpeg 682w, https:\/\/patrimoineduquebec.com\/eglisesduquebec\/wp-content\/uploads\/2019\/05\/de-grande-pointe-200x300.jpeg 200w, https:\/\/patrimoineduquebec.com\/eglisesduquebec\/wp-content\/uploads\/2019\/05\/de-grande-pointe-768x1153.jpeg 768w\" sizes=\"auto, (max-width: 682px) 100vw, 682px\" \/><\/a><figcaption class=\"wp-element-caption\">Petite-Rivi\u00e8re-Saint-Fran\u00e7ois<br> Chapelle de Grande-Pointe<br>1933 <br> (Paul Turcotte)<\/figcaption><\/figure>\n\n\n\n<figure class=\"wp-block-image size-large\"><a href=\"https:\/\/patrimoineduquebec.com\/eglisesduquebec\/wp-content\/uploads\/2019\/05\/de-maillard.jpeg\"><img loading=\"lazy\" decoding=\"async\" width=\"683\" height=\"1024\" data-id=\"3441\" src=\"https:\/\/patrimoineduquebec.com\/eglisesduquebec\/wp-content\/uploads\/2019\/05\/de-maillard-683x1024.jpeg\" alt=\"\" class=\"wp-image-3441\" srcset=\"https:\/\/patrimoineduquebec.com\/eglisesduquebec\/wp-content\/uploads\/2019\/05\/de-maillard-683x1024.jpeg 683w, https:\/\/patrimoineduquebec.com\/eglisesduquebec\/wp-content\/uploads\/2019\/05\/de-maillard-200x300.jpeg 200w, https:\/\/patrimoineduquebec.com\/eglisesduquebec\/wp-content\/uploads\/2019\/05\/de-maillard-768x1152.jpeg 768w\" sizes=\"auto, (max-width: 683px) 100vw, 683px\" \/><\/a><figcaption class=\"wp-element-caption\">Petite-Rivi\u00e8re-Saint-Fran\u00e7ois <br>Chapelle de Maillard<br>D\u00e9di\u00e9e \u00e0 Notre-Dame-de-l\u2019Assomption <br>1951<br>(Paul Turcotte)<\/figcaption><\/figure>\n\n\n\n<figure class=\"wp-block-image size-large\"><a href=\"https:\/\/patrimoineduquebec.com\/eglisesduquebec\/wp-content\/uploads\/2024\/01\/pont-rouge-286-petit-capsa-Gerald-Arbour-N5-scaled.jpg\"><img loading=\"lazy\" decoding=\"async\" width=\"1024\" height=\"768\" data-id=\"4592\" src=\"https:\/\/patrimoineduquebec.com\/eglisesduquebec\/wp-content\/uploads\/2024\/01\/pont-rouge-286-petit-capsa-Gerald-Arbour-N5-1024x768.jpg\" alt=\"\" class=\"wp-image-4592\" srcset=\"https:\/\/patrimoineduquebec.com\/eglisesduquebec\/wp-content\/uploads\/2024\/01\/pont-rouge-286-petit-capsa-Gerald-Arbour-N5-1024x768.jpg 1024w, https:\/\/patrimoineduquebec.com\/eglisesduquebec\/wp-content\/uploads\/2024\/01\/pont-rouge-286-petit-capsa-Gerald-Arbour-N5-300x225.jpg 300w, https:\/\/patrimoineduquebec.com\/eglisesduquebec\/wp-content\/uploads\/2024\/01\/pont-rouge-286-petit-capsa-Gerald-Arbour-N5-768x576.jpg 768w, https:\/\/patrimoineduquebec.com\/eglisesduquebec\/wp-content\/uploads\/2024\/01\/pont-rouge-286-petit-capsa-Gerald-Arbour-N5-1536x1152.jpg 1536w, https:\/\/patrimoineduquebec.com\/eglisesduquebec\/wp-content\/uploads\/2024\/01\/pont-rouge-286-petit-capsa-Gerald-Arbour-N5-2048x1536.jpg 2048w, https:\/\/patrimoineduquebec.com\/eglisesduquebec\/wp-content\/uploads\/2024\/01\/pont-rouge-286-petit-capsa-Gerald-Arbour-N5-120x90.jpg 120w\" sizes=\"auto, (max-width: 1024px) 100vw, 1024px\" \/><\/a><figcaption class=\"wp-element-caption\">Pont-Rouge<br>Chapelle d\u00e9di\u00e9e \u00e0 Sainte-Anne<br>(G\u00e9rald Arbour)<\/figcaption><\/figure>\n\n\n\n<figure class=\"wp-block-image size-large\"><a href=\"https:\/\/patrimoineduquebec.com\/eglisesduquebec\/wp-content\/uploads\/2019\/05\/chemin-patterson-chemin-des-\u00eeles-port-cartier.jpeg\"><img loading=\"lazy\" decoding=\"async\" width=\"566\" height=\"768\" data-id=\"3442\" src=\"https:\/\/patrimoineduquebec.com\/eglisesduquebec\/wp-content\/uploads\/2019\/05\/chemin-patterson-chemin-des-\u00eeles-port-cartier.jpeg\" alt=\"\" class=\"wp-image-3442\" srcset=\"https:\/\/patrimoineduquebec.com\/eglisesduquebec\/wp-content\/uploads\/2019\/05\/chemin-patterson-chemin-des-\u00eeles-port-cartier.jpeg 566w, https:\/\/patrimoineduquebec.com\/eglisesduquebec\/wp-content\/uploads\/2019\/05\/chemin-patterson-chemin-des-\u00eeles-port-cartier-221x300.jpeg 221w\" sizes=\"auto, (max-width: 566px) 100vw, 566px\" \/><\/a><figcaption class=\"wp-element-caption\">Port-Cartier<br> (Pierre Duff)<\/figcaption><\/figure>\n\n\n\n<figure class=\"wp-block-image size-large\"><a href=\"https:\/\/patrimoineduquebec.com\/eglisesduquebec\/wp-content\/uploads\/2023\/04\/2-scaled.jpeg\"><img loading=\"lazy\" decoding=\"async\" width=\"1024\" height=\"691\" data-id=\"4494\" src=\"https:\/\/patrimoineduquebec.com\/eglisesduquebec\/wp-content\/uploads\/2023\/04\/2-1024x691.jpeg\" alt=\"\" class=\"wp-image-4494\" srcset=\"https:\/\/patrimoineduquebec.com\/eglisesduquebec\/wp-content\/uploads\/2023\/04\/2-1024x691.jpeg 1024w, https:\/\/patrimoineduquebec.com\/eglisesduquebec\/wp-content\/uploads\/2023\/04\/2-300x202.jpeg 300w, https:\/\/patrimoineduquebec.com\/eglisesduquebec\/wp-content\/uploads\/2023\/04\/2-768x518.jpeg 768w, https:\/\/patrimoineduquebec.com\/eglisesduquebec\/wp-content\/uploads\/2023\/04\/2-1536x1036.jpeg 1536w, https:\/\/patrimoineduquebec.com\/eglisesduquebec\/wp-content\/uploads\/2023\/04\/2-2048x1381.jpeg 2048w\" sizes=\"auto, (max-width: 1024px) 100vw, 1024px\" \/><\/a><figcaption class=\"wp-element-caption\">Port-Cartier (Rivi\u00e8re-Pentec\u00f4te)<br>Chapelle d\u00e9di\u00e9e \u00e0 la Vierge (ferm\u00e9e)<br>(M.O. Claudel, 1993)<\/figcaption><\/figure>\n\n\n\n<figure class=\"wp-block-image size-large\"><a href=\"https:\/\/patrimoineduquebec.com\/eglisesduquebec\/wp-content\/uploads\/2019\/05\/maizerets.jpeg\"><img loading=\"lazy\" decoding=\"async\" width=\"768\" height=\"1024\" data-id=\"3444\" src=\"https:\/\/patrimoineduquebec.com\/eglisesduquebec\/wp-content\/uploads\/2019\/05\/maizerets-768x1024.jpeg\" alt=\"\" class=\"wp-image-3444\" srcset=\"https:\/\/patrimoineduquebec.com\/eglisesduquebec\/wp-content\/uploads\/2019\/05\/maizerets-768x1024.jpeg 768w, https:\/\/patrimoineduquebec.com\/eglisesduquebec\/wp-content\/uploads\/2019\/05\/maizerets-225x300.jpeg 225w\" sizes=\"auto, (max-width: 768px) 100vw, 768px\" \/><\/a><figcaption class=\"wp-element-caption\">Qu\u00e9bec <br>Chapelle du Domaine Maizerets <br>1931<br> (Jacques Harvey)<\/figcaption><\/figure>\n\n\n\n<figure class=\"wp-block-image size-large\"><a href=\"https:\/\/patrimoineduquebec.com\/eglisesduquebec\/wp-content\/uploads\/2021\/11\/b.jpeg\"><img loading=\"lazy\" decoding=\"async\" width=\"1024\" height=\"726\" data-id=\"4277\" src=\"https:\/\/patrimoineduquebec.com\/eglisesduquebec\/wp-content\/uploads\/2021\/11\/b-1024x726.jpeg\" alt=\"\" class=\"wp-image-4277\" srcset=\"https:\/\/patrimoineduquebec.com\/eglisesduquebec\/wp-content\/uploads\/2021\/11\/b-1024x726.jpeg 1024w, https:\/\/patrimoineduquebec.com\/eglisesduquebec\/wp-content\/uploads\/2021\/11\/b-300x213.jpeg 300w, https:\/\/patrimoineduquebec.com\/eglisesduquebec\/wp-content\/uploads\/2021\/11\/b-768x544.jpeg 768w, https:\/\/patrimoineduquebec.com\/eglisesduquebec\/wp-content\/uploads\/2021\/11\/b-1536x1089.jpeg 1536w, https:\/\/patrimoineduquebec.com\/eglisesduquebec\/wp-content\/uploads\/2021\/11\/b.jpeg 1635w\" sizes=\"auto, (max-width: 1024px) 100vw, 1024px\" \/><\/a><figcaption class=\"wp-element-caption\">Qu\u00e9bec (Beauport)<br>Chapelle des Martyrs<br>1929<br>(G\u00e9rald Arbour)<\/figcaption><\/figure>\n\n\n\n<figure class=\"wp-block-image size-large\"><a href=\"https:\/\/patrimoineduquebec.com\/eglisesduquebec\/wp-content\/uploads\/2022\/10\/chapelle-1-Danny-Welsh-scaled.jpeg\"><img loading=\"lazy\" decoding=\"async\" width=\"768\" height=\"1024\" data-id=\"4447\" src=\"https:\/\/patrimoineduquebec.com\/eglisesduquebec\/wp-content\/uploads\/2022\/10\/chapelle-1-Danny-Welsh-768x1024.jpeg\" alt=\"\" class=\"wp-image-4447\" srcset=\"https:\/\/patrimoineduquebec.com\/eglisesduquebec\/wp-content\/uploads\/2022\/10\/chapelle-1-Danny-Welsh-768x1024.jpeg 768w, https:\/\/patrimoineduquebec.com\/eglisesduquebec\/wp-content\/uploads\/2022\/10\/chapelle-1-Danny-Welsh-225x300.jpeg 225w, https:\/\/patrimoineduquebec.com\/eglisesduquebec\/wp-content\/uploads\/2022\/10\/chapelle-1-Danny-Welsh-1152x1536.jpeg 1152w, https:\/\/patrimoineduquebec.com\/eglisesduquebec\/wp-content\/uploads\/2022\/10\/chapelle-1-Danny-Welsh-1536x2048.jpeg 1536w, https:\/\/patrimoineduquebec.com\/eglisesduquebec\/wp-content\/uploads\/2022\/10\/chapelle-1-Danny-Welsh-scaled.jpeg 1920w\" sizes=\"auto, (max-width: 768px) 100vw, 768px\" \/><\/a><figcaption class=\"wp-element-caption\">Qu\u00e9bec (Saint-Sauveur)<br>Chapelle Notre-Dame-Auxiliatrice<br>1934<br>(Danny Welsh)<\/figcaption><\/figure>\n\n\n\n<figure class=\"wp-block-image size-large\"><a href=\"https:\/\/patrimoineduquebec.com\/eglisesduquebec\/wp-content\/uploads\/2020\/07\/2.jpeg\"><img loading=\"lazy\" decoding=\"async\" width=\"1024\" height=\"768\" data-id=\"3937\" src=\"https:\/\/patrimoineduquebec.com\/eglisesduquebec\/wp-content\/uploads\/2020\/07\/2-1024x768.jpeg\" alt=\"\" class=\"wp-image-3937\" srcset=\"https:\/\/patrimoineduquebec.com\/eglisesduquebec\/wp-content\/uploads\/2020\/07\/2-1024x768.jpeg 1024w, https:\/\/patrimoineduquebec.com\/eglisesduquebec\/wp-content\/uploads\/2020\/07\/2-300x225.jpeg 300w, https:\/\/patrimoineduquebec.com\/eglisesduquebec\/wp-content\/uploads\/2020\/07\/2-768x576.jpeg 768w, https:\/\/patrimoineduquebec.com\/eglisesduquebec\/wp-content\/uploads\/2020\/07\/2-1536x1152.jpeg 1536w, https:\/\/patrimoineduquebec.com\/eglisesduquebec\/wp-content\/uploads\/2020\/07\/2-2048x1536.jpeg 2048w, https:\/\/patrimoineduquebec.com\/eglisesduquebec\/wp-content\/uploads\/2020\/07\/2-120x90.jpeg 120w\" sizes=\"auto, (max-width: 1024px) 100vw, 1024px\" \/><\/a><figcaption class=\"wp-element-caption\">Rimouski<br>Chapelle fun\u00e9raire des Soeurs de Notre-Dame-du-Saint-Rosaire<br>(G\u00e9rald Arbour)<\/figcaption><\/figure>\n\n\n\n<figure class=\"wp-block-image size-large\"><a href=\"https:\/\/patrimoineduquebec.com\/eglisesduquebec\/wp-content\/uploads\/2019\/05\/rivi\u00e8re-\u00e0-pierre-domaine-du-lac-labb\u00e9-G\u00e9rald-Arbour-N2.jpeg\"><img loading=\"lazy\" decoding=\"async\" width=\"768\" height=\"1024\" data-id=\"3445\" src=\"https:\/\/patrimoineduquebec.com\/eglisesduquebec\/wp-content\/uploads\/2019\/05\/rivi\u00e8re-\u00e0-pierre-domaine-du-lac-labb\u00e9-G\u00e9rald-Arbour-N2-768x1024.jpeg\" alt=\"\" class=\"wp-image-3445\" srcset=\"https:\/\/patrimoineduquebec.com\/eglisesduquebec\/wp-content\/uploads\/2019\/05\/rivi\u00e8re-\u00e0-pierre-domaine-du-lac-labb\u00e9-G\u00e9rald-Arbour-N2-768x1024.jpeg 768w, https:\/\/patrimoineduquebec.com\/eglisesduquebec\/wp-content\/uploads\/2019\/05\/rivi\u00e8re-\u00e0-pierre-domaine-du-lac-labb\u00e9-G\u00e9rald-Arbour-N2-225x300.jpeg 225w\" sizes=\"auto, (max-width: 768px) 100vw, 768px\" \/><\/a><figcaption class=\"wp-element-caption\">Rivi\u00e8re-\u00e0-Pierre <br>Domaine du lac Labb\u00e9<br>(G\u00e9rald Arbour)<\/figcaption><\/figure>\n\n\n\n<figure class=\"wp-block-image size-large\"><a href=\"https:\/\/patrimoineduquebec.com\/eglisesduquebec\/wp-content\/uploads\/2019\/05\/cim-st-patrice.jpeg\"><img loading=\"lazy\" decoding=\"async\" width=\"683\" height=\"1024\" data-id=\"3446\" src=\"https:\/\/patrimoineduquebec.com\/eglisesduquebec\/wp-content\/uploads\/2019\/05\/cim-st-patrice-683x1024.jpeg\" alt=\"\" class=\"wp-image-3446\" srcset=\"https:\/\/patrimoineduquebec.com\/eglisesduquebec\/wp-content\/uploads\/2019\/05\/cim-st-patrice-683x1024.jpeg 683w, https:\/\/patrimoineduquebec.com\/eglisesduquebec\/wp-content\/uploads\/2019\/05\/cim-st-patrice-200x300.jpeg 200w, https:\/\/patrimoineduquebec.com\/eglisesduquebec\/wp-content\/uploads\/2019\/05\/cim-st-patrice-768x1151.jpeg 768w\" sizes=\"auto, (max-width: 683px) 100vw, 683px\" \/><\/a><figcaption class=\"wp-element-caption\">Rivi\u00e8re-du-Loup <br>Chapelle fun\u00e9raire <br>(Paul Turcotte)<\/figcaption><\/figure>\n\n\n\n<figure class=\"wp-block-image size-large\"><a href=\"https:\/\/patrimoineduquebec.com\/eglisesduquebec\/wp-content\/uploads\/2021\/05\/Riviere-Eternite-517-Qc-170-scaled.jpeg\"><img loading=\"lazy\" decoding=\"async\" width=\"768\" height=\"1024\" data-id=\"4205\" src=\"https:\/\/patrimoineduquebec.com\/eglisesduquebec\/wp-content\/uploads\/2021\/05\/Riviere-Eternite-517-Qc-170-768x1024.jpeg\" alt=\"\" class=\"wp-image-4205\" srcset=\"https:\/\/patrimoineduquebec.com\/eglisesduquebec\/wp-content\/uploads\/2021\/05\/Riviere-Eternite-517-Qc-170-768x1024.jpeg 768w, https:\/\/patrimoineduquebec.com\/eglisesduquebec\/wp-content\/uploads\/2021\/05\/Riviere-Eternite-517-Qc-170-225x300.jpeg 225w, https:\/\/patrimoineduquebec.com\/eglisesduquebec\/wp-content\/uploads\/2021\/05\/Riviere-Eternite-517-Qc-170-1152x1536.jpeg 1152w, https:\/\/patrimoineduquebec.com\/eglisesduquebec\/wp-content\/uploads\/2021\/05\/Riviere-Eternite-517-Qc-170-1536x2048.jpeg 1536w, https:\/\/patrimoineduquebec.com\/eglisesduquebec\/wp-content\/uploads\/2021\/05\/Riviere-Eternite-517-Qc-170-scaled.jpeg 1920w\" sizes=\"auto, (max-width: 768px) 100vw, 768px\" \/><\/a><figcaption class=\"wp-element-caption\">Rivi\u00e8re-\u00c9ternit\u00e9<br>Nancy Tremblay<\/figcaption><\/figure>\n\n\n\n<figure class=\"wp-block-image size-large\"><a href=\"https:\/\/patrimoineduquebec.com\/eglisesduquebec\/wp-content\/uploads\/2019\/05\/P1000127.jpeg\"><img loading=\"lazy\" decoding=\"async\" width=\"684\" height=\"1024\" data-id=\"3447\" src=\"https:\/\/patrimoineduquebec.com\/eglisesduquebec\/wp-content\/uploads\/2019\/05\/P1000127-684x1024.jpeg\" alt=\"\" class=\"wp-image-3447\" srcset=\"https:\/\/patrimoineduquebec.com\/eglisesduquebec\/wp-content\/uploads\/2019\/05\/P1000127-684x1024.jpeg 684w, https:\/\/patrimoineduquebec.com\/eglisesduquebec\/wp-content\/uploads\/2019\/05\/P1000127-200x300.jpeg 200w, https:\/\/patrimoineduquebec.com\/eglisesduquebec\/wp-content\/uploads\/2019\/05\/P1000127-768x1150.jpeg 768w\" sizes=\"auto, (max-width: 684px) 100vw, 684px\" \/><\/a><figcaption class=\"wp-element-caption\">Rivi\u00e8re-Ouelle <br>Chapelle du Camp Canawish <br>1898 <br>(Paul Turcotte)<\/figcaption><\/figure>\n\n\n\n<figure class=\"wp-block-image size-large\"><a href=\"https:\/\/patrimoineduquebec.com\/eglisesduquebec\/wp-content\/uploads\/2019\/07\/saguenay-la-baie-chemin-des-chutes-G\u00e9rald-Arbour-N4.jpeg\"><img loading=\"lazy\" decoding=\"async\" width=\"1024\" height=\"768\" data-id=\"3671\" src=\"https:\/\/patrimoineduquebec.com\/eglisesduquebec\/wp-content\/uploads\/2019\/07\/saguenay-la-baie-chemin-des-chutes-G\u00e9rald-Arbour-N4-1024x768.jpeg\" alt=\"\" class=\"wp-image-3671\" srcset=\"https:\/\/patrimoineduquebec.com\/eglisesduquebec\/wp-content\/uploads\/2019\/07\/saguenay-la-baie-chemin-des-chutes-G\u00e9rald-Arbour-N4-1024x768.jpeg 1024w, https:\/\/patrimoineduquebec.com\/eglisesduquebec\/wp-content\/uploads\/2019\/07\/saguenay-la-baie-chemin-des-chutes-G\u00e9rald-Arbour-N4-300x225.jpeg 300w, https:\/\/patrimoineduquebec.com\/eglisesduquebec\/wp-content\/uploads\/2019\/07\/saguenay-la-baie-chemin-des-chutes-G\u00e9rald-Arbour-N4-768x576.jpeg 768w, https:\/\/patrimoineduquebec.com\/eglisesduquebec\/wp-content\/uploads\/2019\/07\/saguenay-la-baie-chemin-des-chutes-G\u00e9rald-Arbour-N4-120x90.jpeg 120w\" sizes=\"auto, (max-width: 1024px) 100vw, 1024px\" \/><\/a><figcaption class=\"wp-element-caption\">Saguenay (La Baie)<br>Chapelle du Chemin-des-Chutes<br><br>Entre 1900 et 1950<br>(G\u00e9rald Arbour)<\/figcaption><\/figure>\n\n\n\n<figure class=\"wp-block-image size-large\"><a href=\"https:\/\/patrimoineduquebec.com\/eglisesduquebec\/wp-content\/uploads\/2019\/05\/P1090790.jpeg\"><img loading=\"lazy\" decoding=\"async\" width=\"670\" height=\"1024\" data-id=\"3449\" src=\"https:\/\/patrimoineduquebec.com\/eglisesduquebec\/wp-content\/uploads\/2019\/05\/P1090790-670x1024.jpeg\" alt=\"\" class=\"wp-image-3449\" srcset=\"https:\/\/patrimoineduquebec.com\/eglisesduquebec\/wp-content\/uploads\/2019\/05\/P1090790-670x1024.jpeg 670w, https:\/\/patrimoineduquebec.com\/eglisesduquebec\/wp-content\/uploads\/2019\/05\/P1090790-196x300.jpeg 196w, https:\/\/patrimoineduquebec.com\/eglisesduquebec\/wp-content\/uploads\/2019\/05\/P1090790-768x1174.jpeg 768w\" sizes=\"auto, (max-width: 670px) 100vw, 670px\" \/><\/a><figcaption class=\"wp-element-caption\">Saguenay (La Baie)<br>Chapelle Bluteau<br> 1911<br>(Paul Turcotte)<\/figcaption><\/figure>\n\n\n\n<figure class=\"wp-block-image size-large\"><a href=\"https:\/\/patrimoineduquebec.com\/eglisesduquebec\/wp-content\/uploads\/2022\/09\/w-1-scaled.jpeg\"><img loading=\"lazy\" decoding=\"async\" width=\"1024\" height=\"768\" data-id=\"4433\" src=\"https:\/\/patrimoineduquebec.com\/eglisesduquebec\/wp-content\/uploads\/2022\/09\/w-1-1024x768.jpeg\" alt=\"\" class=\"wp-image-4433\" srcset=\"https:\/\/patrimoineduquebec.com\/eglisesduquebec\/wp-content\/uploads\/2022\/09\/w-1-1024x768.jpeg 1024w, https:\/\/patrimoineduquebec.com\/eglisesduquebec\/wp-content\/uploads\/2022\/09\/w-1-300x225.jpeg 300w, https:\/\/patrimoineduquebec.com\/eglisesduquebec\/wp-content\/uploads\/2022\/09\/w-1-768x576.jpeg 768w, https:\/\/patrimoineduquebec.com\/eglisesduquebec\/wp-content\/uploads\/2022\/09\/w-1-1536x1152.jpeg 1536w, https:\/\/patrimoineduquebec.com\/eglisesduquebec\/wp-content\/uploads\/2022\/09\/w-1-2048x1536.jpeg 2048w, https:\/\/patrimoineduquebec.com\/eglisesduquebec\/wp-content\/uploads\/2022\/09\/w-1-120x90.jpeg 120w\" sizes=\"auto, (max-width: 1024px) 100vw, 1024px\" \/><\/a><figcaption class=\"wp-element-caption\">Sayabec<br>Chapelle fun\u00e9raire<br>1956<br>(G\u00e9rald Arbour)<\/figcaption><\/figure>\n\n\n\n<figure class=\"wp-block-image size-large\"><a href=\"https:\/\/patrimoineduquebec.com\/eglisesduquebec\/wp-content\/uploads\/2019\/05\/DSC_6534.jpeg\"><img loading=\"lazy\" decoding=\"async\" width=\"678\" height=\"1024\" data-id=\"3450\" src=\"https:\/\/patrimoineduquebec.com\/eglisesduquebec\/wp-content\/uploads\/2019\/05\/DSC_6534-678x1024.jpeg\" alt=\"\" class=\"wp-image-3450\" srcset=\"https:\/\/patrimoineduquebec.com\/eglisesduquebec\/wp-content\/uploads\/2019\/05\/DSC_6534-678x1024.jpeg 678w, https:\/\/patrimoineduquebec.com\/eglisesduquebec\/wp-content\/uploads\/2019\/05\/DSC_6534-199x300.jpeg 199w, https:\/\/patrimoineduquebec.com\/eglisesduquebec\/wp-content\/uploads\/2019\/05\/DSC_6534-768x1160.jpeg 768w\" sizes=\"auto, (max-width: 678px) 100vw, 678px\" \/><\/a><figcaption class=\"wp-element-caption\">Saint-Alphonse-Rodriguez<br>Chapelle de la famille Corcoran <br>(Jean-Yves Paquin)<\/figcaption><\/figure>\n\n\n\n<figure class=\"wp-block-image size-large\"><a href=\"https:\/\/patrimoineduquebec.com\/eglisesduquebec\/wp-content\/uploads\/2019\/05\/saint-andr\u00e9-de-kamouraska-G\u00e9rald-Arbour-N8.jpeg\"><img loading=\"lazy\" decoding=\"async\" width=\"768\" height=\"1024\" data-id=\"3451\" src=\"https:\/\/patrimoineduquebec.com\/eglisesduquebec\/wp-content\/uploads\/2019\/05\/saint-andr\u00e9-de-kamouraska-G\u00e9rald-Arbour-N8-768x1024.jpeg\" alt=\"\" class=\"wp-image-3451\" srcset=\"https:\/\/patrimoineduquebec.com\/eglisesduquebec\/wp-content\/uploads\/2019\/05\/saint-andr\u00e9-de-kamouraska-G\u00e9rald-Arbour-N8-768x1024.jpeg 768w, https:\/\/patrimoineduquebec.com\/eglisesduquebec\/wp-content\/uploads\/2019\/05\/saint-andr\u00e9-de-kamouraska-G\u00e9rald-Arbour-N8-225x300.jpeg 225w, https:\/\/patrimoineduquebec.com\/eglisesduquebec\/wp-content\/uploads\/2019\/05\/saint-andr\u00e9-de-kamouraska-G\u00e9rald-Arbour-N8.jpeg 1652w\" sizes=\"auto, (max-width: 768px) 100vw, 768px\" \/><\/a><figcaption class=\"wp-element-caption\">Saint-Andr\u00e9-de-Kamouraska <br>Chapelle de la maison Charles-Alfred Roy dit Desjardins <br>(G\u00e9rald Arbour)<\/figcaption><\/figure>\n\n\n\n<figure class=\"wp-block-image size-large\"><a href=\"https:\/\/patrimoineduquebec.com\/eglisesduquebec\/wp-content\/uploads\/2023\/09\/1.jpeg\"><img loading=\"lazy\" decoding=\"async\" width=\"768\" height=\"1024\" data-id=\"4542\" src=\"https:\/\/patrimoineduquebec.com\/eglisesduquebec\/wp-content\/uploads\/2023\/09\/1-768x1024.jpeg\" alt=\"\" class=\"wp-image-4542\" srcset=\"https:\/\/patrimoineduquebec.com\/eglisesduquebec\/wp-content\/uploads\/2023\/09\/1-768x1024.jpeg 768w, https:\/\/patrimoineduquebec.com\/eglisesduquebec\/wp-content\/uploads\/2023\/09\/1-225x300.jpeg 225w, https:\/\/patrimoineduquebec.com\/eglisesduquebec\/wp-content\/uploads\/2023\/09\/1-1152x1536.jpeg 1152w, https:\/\/patrimoineduquebec.com\/eglisesduquebec\/wp-content\/uploads\/2023\/09\/1.jpeg 1511w\" sizes=\"auto, (max-width: 768px) 100vw, 768px\" \/><\/a><figcaption class=\"wp-element-caption\">Saint-Andr\u00e9-de-Kamouraska <br>Chapelle construite durant la 2e guerre mondiale<br>(G\u00e9rald Arbour)<\/figcaption><\/figure>\n\n\n\n<figure class=\"wp-block-image size-large\"><a href=\"https:\/\/patrimoineduquebec.com\/eglisesduquebec\/wp-content\/uploads\/2020\/07\/Chapelle-\u00c0-St-Andr\u00e9-scaled.jpg\"><img loading=\"lazy\" decoding=\"async\" width=\"1024\" height=\"954\" data-id=\"3897\" src=\"https:\/\/patrimoineduquebec.com\/eglisesduquebec\/wp-content\/uploads\/2020\/07\/Chapelle-\u00c0-St-Andr\u00e9-1024x954.jpg\" alt=\"\" class=\"wp-image-3897\" srcset=\"https:\/\/patrimoineduquebec.com\/eglisesduquebec\/wp-content\/uploads\/2020\/07\/Chapelle-\u00c0-St-Andr\u00e9-1024x954.jpg 1024w, https:\/\/patrimoineduquebec.com\/eglisesduquebec\/wp-content\/uploads\/2020\/07\/Chapelle-\u00c0-St-Andr\u00e9-300x279.jpg 300w, https:\/\/patrimoineduquebec.com\/eglisesduquebec\/wp-content\/uploads\/2020\/07\/Chapelle-\u00c0-St-Andr\u00e9-768x715.jpg 768w, https:\/\/patrimoineduquebec.com\/eglisesduquebec\/wp-content\/uploads\/2020\/07\/Chapelle-\u00c0-St-Andr\u00e9-1536x1431.jpg 1536w, https:\/\/patrimoineduquebec.com\/eglisesduquebec\/wp-content\/uploads\/2020\/07\/Chapelle-\u00c0-St-Andr\u00e9-2048x1908.jpg 2048w\" sizes=\"auto, (max-width: 1024px) 100vw, 1024px\" \/><\/a><figcaption class=\"wp-element-caption\">Saint-Andr\u00e9-du-Lac-Saint-Jean<br>Chapelle P\u00e8re-Dieu<br>Vers 2005<br>(Herv\u00e9 Lachance)<\/figcaption><\/figure>\n\n\n\n<figure class=\"wp-block-image size-large\"><a href=\"https:\/\/patrimoineduquebec.com\/eglisesduquebec\/wp-content\/uploads\/2019\/05\/P1060875.jpeg\"><img loading=\"lazy\" decoding=\"async\" width=\"683\" height=\"1024\" data-id=\"3452\" src=\"https:\/\/patrimoineduquebec.com\/eglisesduquebec\/wp-content\/uploads\/2019\/05\/P1060875-683x1024.jpeg\" alt=\"\" class=\"wp-image-3452\" srcset=\"https:\/\/patrimoineduquebec.com\/eglisesduquebec\/wp-content\/uploads\/2019\/05\/P1060875-683x1024.jpeg 683w, https:\/\/patrimoineduquebec.com\/eglisesduquebec\/wp-content\/uploads\/2019\/05\/P1060875-200x300.jpeg 200w, https:\/\/patrimoineduquebec.com\/eglisesduquebec\/wp-content\/uploads\/2019\/05\/P1060875-768x1152.jpeg 768w\" sizes=\"auto, (max-width: 683px) 100vw, 683px\" \/><\/a><figcaption class=\"wp-element-caption\">Saint-Anselme <br>Chapelle fun\u00e9raire <br>1908 <br>(Paul Turcotte)<\/figcaption><\/figure>\n\n\n\n<figure class=\"wp-block-image size-large\"><a href=\"https:\/\/patrimoineduquebec.com\/eglisesduquebec\/wp-content\/uploads\/2019\/05\/DSCN3520-a.jpeg\"><img loading=\"lazy\" decoding=\"async\" width=\"768\" height=\"1024\" data-id=\"3453\" src=\"https:\/\/patrimoineduquebec.com\/eglisesduquebec\/wp-content\/uploads\/2019\/05\/DSCN3520-a-768x1024.jpeg\" alt=\"\" class=\"wp-image-3453\" srcset=\"https:\/\/patrimoineduquebec.com\/eglisesduquebec\/wp-content\/uploads\/2019\/05\/DSCN3520-a-768x1024.jpeg 768w, https:\/\/patrimoineduquebec.com\/eglisesduquebec\/wp-content\/uploads\/2019\/05\/DSCN3520-a-225x300.jpeg 225w\" sizes=\"auto, (max-width: 768px) 100vw, 768px\" \/><\/a><figcaption class=\"wp-element-caption\">Saint-Antoine-de-Tilly<br>Chapelle d\u00e9di\u00e9e \u00e0 Sainte-Anne <br>Autour de 1900<br>(Jacques Harvey)<\/figcaption><\/figure>\n\n\n\n<figure class=\"wp-block-image size-large\"><a href=\"https:\/\/patrimoineduquebec.com\/eglisesduquebec\/wp-content\/uploads\/2020\/05\/4.jpeg\"><img loading=\"lazy\" decoding=\"async\" width=\"1270\" height=\"1546\" data-id=\"3833\" src=\"https:\/\/patrimoineduquebec.com\/eglisesduquebec\/wp-content\/uploads\/2020\/05\/4-841x1024.jpeg\" alt=\"\" class=\"wp-image-3833\" srcset=\"https:\/\/patrimoineduquebec.com\/eglisesduquebec\/wp-content\/uploads\/2020\/05\/4-841x1024.jpeg 841w, https:\/\/patrimoineduquebec.com\/eglisesduquebec\/wp-content\/uploads\/2020\/05\/4-246x300.jpeg 246w, https:\/\/patrimoineduquebec.com\/eglisesduquebec\/wp-content\/uploads\/2020\/05\/4-768x935.jpeg 768w, https:\/\/patrimoineduquebec.com\/eglisesduquebec\/wp-content\/uploads\/2020\/05\/4-1262x1536.jpeg 1262w, https:\/\/patrimoineduquebec.com\/eglisesduquebec\/wp-content\/uploads\/2020\/05\/4.jpeg 1270w\" sizes=\"auto, (max-width: 1270px) 100vw, 1270px\" \/><\/a><figcaption class=\"wp-element-caption\">Saint-Antoine-de-Tilly<br>Chapelle d\u00e9di\u00e9e \u00e0 Saint-Joseph<br>Autour de 1900<br>(G\u00e9rald Arbour)<\/figcaption><\/figure>\n\n\n\n<figure class=\"wp-block-image size-large\"><a href=\"https:\/\/patrimoineduquebec.com\/eglisesduquebec\/wp-content\/uploads\/2019\/05\/st-boniface.jpeg\"><img loading=\"lazy\" decoding=\"async\" width=\"683\" height=\"1024\" data-id=\"3455\" src=\"https:\/\/patrimoineduquebec.com\/eglisesduquebec\/wp-content\/uploads\/2019\/05\/st-boniface-683x1024.jpeg\" alt=\"\" class=\"wp-image-3455\" srcset=\"https:\/\/patrimoineduquebec.com\/eglisesduquebec\/wp-content\/uploads\/2019\/05\/st-boniface-683x1024.jpeg 683w, https:\/\/patrimoineduquebec.com\/eglisesduquebec\/wp-content\/uploads\/2019\/05\/st-boniface-200x300.jpeg 200w, https:\/\/patrimoineduquebec.com\/eglisesduquebec\/wp-content\/uploads\/2019\/05\/st-boniface-768x1152.jpeg 768w\" sizes=\"auto, (max-width: 683px) 100vw, 683px\" \/><\/a><figcaption class=\"wp-element-caption\">Saint-Boniface <br>(Paul Turcotte)<\/figcaption><\/figure>\n\n\n\n<figure class=\"wp-block-image size-large\"><a href=\"https:\/\/patrimoineduquebec.com\/eglisesduquebec\/wp-content\/uploads\/2019\/05\/st-camille.jpeg\"><img loading=\"lazy\" decoding=\"async\" width=\"683\" height=\"1024\" data-id=\"3456\" src=\"https:\/\/patrimoineduquebec.com\/eglisesduquebec\/wp-content\/uploads\/2019\/05\/st-camille-683x1024.jpeg\" alt=\"\" class=\"wp-image-3456\" srcset=\"https:\/\/patrimoineduquebec.com\/eglisesduquebec\/wp-content\/uploads\/2019\/05\/st-camille-683x1024.jpeg 683w, https:\/\/patrimoineduquebec.com\/eglisesduquebec\/wp-content\/uploads\/2019\/05\/st-camille-200x300.jpeg 200w, https:\/\/patrimoineduquebec.com\/eglisesduquebec\/wp-content\/uploads\/2019\/05\/st-camille-768x1152.jpeg 768w\" sizes=\"auto, (max-width: 683px) 100vw, 683px\" \/><\/a><figcaption class=\"wp-element-caption\">Saint-Camille <br>Sanctuaire Saint-Antoine<br>1900 <br>(G\u00e9rald Arbour)<\/figcaption><\/figure>\n\n\n\n<figure class=\"wp-block-image size-large\"><a href=\"https:\/\/patrimoineduquebec.com\/eglisesduquebec\/wp-content\/uploads\/2021\/06\/saint-charles-de-bellechasse-Gabriel-Nault-1-1-scaled.jpeg\"><img loading=\"lazy\" decoding=\"async\" width=\"707\" height=\"1024\" data-id=\"4224\" src=\"https:\/\/patrimoineduquebec.com\/eglisesduquebec\/wp-content\/uploads\/2021\/06\/saint-charles-de-bellechasse-Gabriel-Nault-1-1-707x1024.jpeg\" alt=\"\" class=\"wp-image-4224\" srcset=\"https:\/\/patrimoineduquebec.com\/eglisesduquebec\/wp-content\/uploads\/2021\/06\/saint-charles-de-bellechasse-Gabriel-Nault-1-1-707x1024.jpeg 707w, https:\/\/patrimoineduquebec.com\/eglisesduquebec\/wp-content\/uploads\/2021\/06\/saint-charles-de-bellechasse-Gabriel-Nault-1-1-207x300.jpeg 207w, https:\/\/patrimoineduquebec.com\/eglisesduquebec\/wp-content\/uploads\/2021\/06\/saint-charles-de-bellechasse-Gabriel-Nault-1-1-768x1112.jpeg 768w, https:\/\/patrimoineduquebec.com\/eglisesduquebec\/wp-content\/uploads\/2021\/06\/saint-charles-de-bellechasse-Gabriel-Nault-1-1-1060x1536.jpeg 1060w, https:\/\/patrimoineduquebec.com\/eglisesduquebec\/wp-content\/uploads\/2021\/06\/saint-charles-de-bellechasse-Gabriel-Nault-1-1-1414x2048.jpeg 1414w, https:\/\/patrimoineduquebec.com\/eglisesduquebec\/wp-content\/uploads\/2021\/06\/saint-charles-de-bellechasse-Gabriel-Nault-1-1-scaled.jpeg 1767w\" sizes=\"auto, (max-width: 707px) 100vw, 707px\" \/><\/a><figcaption class=\"wp-element-caption\">Saint-Charles-de-Bellechasse <br>Chapelle de la Sainte-Vierge<br>1883<br>(Gabriel Nault)<\/figcaption><\/figure>\n\n\n\n<figure class=\"wp-block-image size-large\"><a href=\"https:\/\/patrimoineduquebec.com\/eglisesduquebec\/wp-content\/uploads\/2022\/09\/w.jpeg\"><img loading=\"lazy\" decoding=\"async\" width=\"768\" height=\"1024\" data-id=\"4430\" src=\"https:\/\/patrimoineduquebec.com\/eglisesduquebec\/wp-content\/uploads\/2022\/09\/w-768x1024.jpeg\" alt=\"\" class=\"wp-image-4430\" srcset=\"https:\/\/patrimoineduquebec.com\/eglisesduquebec\/wp-content\/uploads\/2022\/09\/w-768x1024.jpeg 768w, https:\/\/patrimoineduquebec.com\/eglisesduquebec\/wp-content\/uploads\/2022\/09\/w-225x300.jpeg 225w, https:\/\/patrimoineduquebec.com\/eglisesduquebec\/wp-content\/uploads\/2022\/09\/w-1152x1536.jpeg 1152w, https:\/\/patrimoineduquebec.com\/eglisesduquebec\/wp-content\/uploads\/2022\/09\/w-1536x2048.jpeg 1536w, https:\/\/patrimoineduquebec.com\/eglisesduquebec\/wp-content\/uploads\/2022\/09\/w.jpeg 1905w\" sizes=\"auto, (max-width: 768px) 100vw, 768px\" \/><\/a><figcaption class=\"wp-element-caption\">Saint-Charles-de-Bellechasse <br>Chapelle Sainte-Anne<br>1887-1890<br>(G\u00e9rald Arbour)<\/figcaption><\/figure>\n\n\n\n<figure class=\"wp-block-image size-large\"><a href=\"https:\/\/patrimoineduquebec.com\/eglisesduquebec\/wp-content\/uploads\/2023\/08\/2.jpeg\"><img loading=\"lazy\" decoding=\"async\" width=\"1024\" height=\"768\" data-id=\"4535\" src=\"https:\/\/patrimoineduquebec.com\/eglisesduquebec\/wp-content\/uploads\/2023\/08\/2-1024x768.jpeg\" alt=\"\" class=\"wp-image-4535\" srcset=\"https:\/\/patrimoineduquebec.com\/eglisesduquebec\/wp-content\/uploads\/2023\/08\/2-1024x768.jpeg 1024w, https:\/\/patrimoineduquebec.com\/eglisesduquebec\/wp-content\/uploads\/2023\/08\/2-300x225.jpeg 300w, https:\/\/patrimoineduquebec.com\/eglisesduquebec\/wp-content\/uploads\/2023\/08\/2-768x576.jpeg 768w, https:\/\/patrimoineduquebec.com\/eglisesduquebec\/wp-content\/uploads\/2023\/08\/2-1536x1152.jpeg 1536w, https:\/\/patrimoineduquebec.com\/eglisesduquebec\/wp-content\/uploads\/2023\/08\/2-120x90.jpeg 120w, https:\/\/patrimoineduquebec.com\/eglisesduquebec\/wp-content\/uploads\/2023\/08\/2.jpeg 1811w\" sizes=\"auto, (max-width: 1024px) 100vw, 1024px\" \/><\/a><figcaption class=\"wp-element-caption\">Saint-Colomban<br>Chapelle Cur\u00e9 Martel<br>1945<br>(G\u00e9rald Arbour)<\/figcaption><\/figure>\n\n\n\n<figure class=\"wp-block-image size-large\"><a href=\"https:\/\/patrimoineduquebec.com\/eglisesduquebec\/wp-content\/uploads\/2024\/01\/o-1.jpg\"><img loading=\"lazy\" decoding=\"async\" width=\"768\" height=\"1024\" data-id=\"4590\" src=\"https:\/\/patrimoineduquebec.com\/eglisesduquebec\/wp-content\/uploads\/2024\/01\/o-1-768x1024.jpg\" alt=\"\" class=\"wp-image-4590\" srcset=\"https:\/\/patrimoineduquebec.com\/eglisesduquebec\/wp-content\/uploads\/2024\/01\/o-1-768x1024.jpg 768w, https:\/\/patrimoineduquebec.com\/eglisesduquebec\/wp-content\/uploads\/2024\/01\/o-1-225x300.jpg 225w, https:\/\/patrimoineduquebec.com\/eglisesduquebec\/wp-content\/uploads\/2024\/01\/o-1-1152x1536.jpg 1152w, https:\/\/patrimoineduquebec.com\/eglisesduquebec\/wp-content\/uploads\/2024\/01\/o-1.jpg 1361w\" sizes=\"auto, (max-width: 768px) 100vw, 768px\" \/><\/a><figcaption class=\"wp-element-caption\">Saint-Colomban<br>Chapelle Saint-Pierre-de-Bonniebrook<br>Vers 1936<br>(G\u00e9rald Arbour)<\/figcaption><\/figure>\n\n\n\n<figure class=\"wp-block-image size-large\"><a href=\"https:\/\/patrimoineduquebec.com\/eglisesduquebec\/wp-content\/uploads\/2019\/05\/saint-constant-rue-de-la-fabrique-G\u00e9rald-Arbour-N3.jpeg\"><img loading=\"lazy\" decoding=\"async\" width=\"726\" height=\"1024\" data-id=\"3457\" src=\"https:\/\/patrimoineduquebec.com\/eglisesduquebec\/wp-content\/uploads\/2019\/05\/saint-constant-rue-de-la-fabrique-G\u00e9rald-Arbour-N3-726x1024.jpeg\" alt=\"\" class=\"wp-image-3457\" srcset=\"https:\/\/patrimoineduquebec.com\/eglisesduquebec\/wp-content\/uploads\/2019\/05\/saint-constant-rue-de-la-fabrique-G\u00e9rald-Arbour-N3-726x1024.jpeg 726w, https:\/\/patrimoineduquebec.com\/eglisesduquebec\/wp-content\/uploads\/2019\/05\/saint-constant-rue-de-la-fabrique-G\u00e9rald-Arbour-N3-213x300.jpeg 213w, https:\/\/patrimoineduquebec.com\/eglisesduquebec\/wp-content\/uploads\/2019\/05\/saint-constant-rue-de-la-fabrique-G\u00e9rald-Arbour-N3-768x1084.jpeg 768w\" sizes=\"auto, (max-width: 726px) 100vw, 726px\" \/><\/a><figcaption class=\"wp-element-caption\">Saint-Constant <br>Chapelle Saint-Joseph<br>1860 <br>(G\u00e9rald Arbour)<\/figcaption><\/figure>\n\n\n\n<figure class=\"wp-block-image size-large\"><a href=\"https:\/\/patrimoineduquebec.com\/eglisesduquebec\/wp-content\/uploads\/2019\/05\/saint-damien-3838-chemin-du-lac-corbeau-G\u00e9rald-Arbour-N2.jpg\"><img loading=\"lazy\" decoding=\"async\" width=\"768\" height=\"1024\" data-id=\"3458\" src=\"https:\/\/patrimoineduquebec.com\/eglisesduquebec\/wp-content\/uploads\/2019\/05\/saint-damien-3838-chemin-du-lac-corbeau-G\u00e9rald-Arbour-N2-768x1024.jpg\" alt=\"\" class=\"wp-image-3458\" srcset=\"https:\/\/patrimoineduquebec.com\/eglisesduquebec\/wp-content\/uploads\/2019\/05\/saint-damien-3838-chemin-du-lac-corbeau-G\u00e9rald-Arbour-N2-768x1024.jpg 768w, https:\/\/patrimoineduquebec.com\/eglisesduquebec\/wp-content\/uploads\/2019\/05\/saint-damien-3838-chemin-du-lac-corbeau-G\u00e9rald-Arbour-N2-225x300.jpg 225w\" sizes=\"auto, (max-width: 768px) 100vw, 768px\" \/><\/a><figcaption class=\"wp-element-caption\">Saint-Damien <br>(G\u00e9rald Arbour)<\/figcaption><\/figure>\n\n\n\n<figure class=\"wp-block-image size-large\"><a href=\"https:\/\/patrimoineduquebec.com\/eglisesduquebec\/wp-content\/uploads\/2019\/07\/saint-denis-de-la-bouteillerie-G\u00e9rald-Arbour-N4.jpeg\"><img loading=\"lazy\" decoding=\"async\" width=\"760\" height=\"1024\" data-id=\"3672\" src=\"https:\/\/patrimoineduquebec.com\/eglisesduquebec\/wp-content\/uploads\/2019\/07\/saint-denis-de-la-bouteillerie-G\u00e9rald-Arbour-N4-760x1024.jpeg\" alt=\"\" class=\"wp-image-3672\" srcset=\"https:\/\/patrimoineduquebec.com\/eglisesduquebec\/wp-content\/uploads\/2019\/07\/saint-denis-de-la-bouteillerie-G\u00e9rald-Arbour-N4-760x1024.jpeg 760w, https:\/\/patrimoineduquebec.com\/eglisesduquebec\/wp-content\/uploads\/2019\/07\/saint-denis-de-la-bouteillerie-G\u00e9rald-Arbour-N4-223x300.jpeg 223w, https:\/\/patrimoineduquebec.com\/eglisesduquebec\/wp-content\/uploads\/2019\/07\/saint-denis-de-la-bouteillerie-G\u00e9rald-Arbour-N4-768x1035.jpeg 768w, https:\/\/patrimoineduquebec.com\/eglisesduquebec\/wp-content\/uploads\/2019\/07\/saint-denis-de-la-bouteillerie-G\u00e9rald-Arbour-N4.jpeg 1014w\" sizes=\"auto, (max-width: 760px) 100vw, 760px\" \/><\/a><figcaption class=\"wp-element-caption\">Saint-Denis-de-la-Bouteillerie <br>Chapelle de l&rsquo;abb\u00e9 Jean<br>1920 <br>(G\u00e9rald Arbour<\/figcaption><\/figure>\n\n\n\n<figure class=\"wp-block-image size-large\"><a href=\"https:\/\/patrimoineduquebec.com\/eglisesduquebec\/wp-content\/uploads\/2019\/05\/desormeaux.jpeg\"><img loading=\"lazy\" decoding=\"async\" width=\"683\" height=\"1024\" data-id=\"3460\" src=\"https:\/\/patrimoineduquebec.com\/eglisesduquebec\/wp-content\/uploads\/2019\/05\/desormeaux-683x1024.jpeg\" alt=\"\" class=\"wp-image-3460\" srcset=\"https:\/\/patrimoineduquebec.com\/eglisesduquebec\/wp-content\/uploads\/2019\/05\/desormeaux-683x1024.jpeg 683w, https:\/\/patrimoineduquebec.com\/eglisesduquebec\/wp-content\/uploads\/2019\/05\/desormeaux-200x300.jpeg 200w, https:\/\/patrimoineduquebec.com\/eglisesduquebec\/wp-content\/uploads\/2019\/05\/desormeaux-768x1152.jpeg 768w\" sizes=\"auto, (max-width: 683px) 100vw, 683px\" \/><\/a><figcaption class=\"wp-element-caption\">Saint-Eustache<br> Chapelle Desormeaux <br>1933<br>(Monique Bellemare)<\/figcaption><\/figure>\n\n\n\n<figure class=\"wp-block-image size-large\"><a href=\"https:\/\/patrimoineduquebec.com\/eglisesduquebec\/wp-content\/uploads\/2019\/05\/lortie.jpg\"><img loading=\"lazy\" decoding=\"async\" width=\"683\" height=\"1024\" data-id=\"3459\" src=\"https:\/\/patrimoineduquebec.com\/eglisesduquebec\/wp-content\/uploads\/2019\/05\/lortie-683x1024.jpg\" alt=\"\" class=\"wp-image-3459\" srcset=\"https:\/\/patrimoineduquebec.com\/eglisesduquebec\/wp-content\/uploads\/2019\/05\/lortie-683x1024.jpg 683w, https:\/\/patrimoineduquebec.com\/eglisesduquebec\/wp-content\/uploads\/2019\/05\/lortie-200x300.jpg 200w, https:\/\/patrimoineduquebec.com\/eglisesduquebec\/wp-content\/uploads\/2019\/05\/lortie-768x1152.jpg 768w\" sizes=\"auto, (max-width: 683px) 100vw, 683px\" \/><\/a><figcaption class=\"wp-element-caption\">Saint-Eustache <br>Chapelle Lortie <br>1913 <br>(Monique Bellemare)<\/figcaption><\/figure>\n\n\n\n<figure class=\"wp-block-image size-large\"><a href=\"https:\/\/patrimoineduquebec.com\/eglisesduquebec\/wp-content\/uploads\/2025\/07\/2.jpg\"><img loading=\"lazy\" decoding=\"async\" width=\"1024\" height=\"768\" data-id=\"4717\" src=\"https:\/\/patrimoineduquebec.com\/eglisesduquebec\/wp-content\/uploads\/2025\/07\/2-1024x768.jpg\" alt=\"\" class=\"wp-image-4717\" srcset=\"https:\/\/patrimoineduquebec.com\/eglisesduquebec\/wp-content\/uploads\/2025\/07\/2-1024x768.jpg 1024w, https:\/\/patrimoineduquebec.com\/eglisesduquebec\/wp-content\/uploads\/2025\/07\/2-300x225.jpg 300w, https:\/\/patrimoineduquebec.com\/eglisesduquebec\/wp-content\/uploads\/2025\/07\/2-768x576.jpg 768w, https:\/\/patrimoineduquebec.com\/eglisesduquebec\/wp-content\/uploads\/2025\/07\/2-1536x1152.jpg 1536w, https:\/\/patrimoineduquebec.com\/eglisesduquebec\/wp-content\/uploads\/2025\/07\/2-2048x1536.jpg 2048w, https:\/\/patrimoineduquebec.com\/eglisesduquebec\/wp-content\/uploads\/2025\/07\/2-120x90.jpg 120w\" sizes=\"auto, (max-width: 1024px) 100vw, 1024px\" \/><\/a><figcaption class=\"wp-element-caption\">Saint-Fabien<br>Parc du Bic <br>(G\u00e9rald Arbour)<\/figcaption><\/figure>\n\n\n\n<figure class=\"wp-block-image size-large\"><a href=\"https:\/\/patrimoineduquebec.com\/eglisesduquebec\/wp-content\/uploads\/2021\/05\/11-scaled.jpeg\"><img loading=\"lazy\" decoding=\"async\" width=\"1024\" height=\"795\" data-id=\"4207\" src=\"https:\/\/patrimoineduquebec.com\/eglisesduquebec\/wp-content\/uploads\/2021\/05\/11-1024x795.jpeg\" alt=\"\" class=\"wp-image-4207\" srcset=\"https:\/\/patrimoineduquebec.com\/eglisesduquebec\/wp-content\/uploads\/2021\/05\/11-1024x795.jpeg 1024w, https:\/\/patrimoineduquebec.com\/eglisesduquebec\/wp-content\/uploads\/2021\/05\/11-300x233.jpeg 300w, https:\/\/patrimoineduquebec.com\/eglisesduquebec\/wp-content\/uploads\/2021\/05\/11-768x596.jpeg 768w, https:\/\/patrimoineduquebec.com\/eglisesduquebec\/wp-content\/uploads\/2021\/05\/11-1536x1192.jpeg 1536w, https:\/\/patrimoineduquebec.com\/eglisesduquebec\/wp-content\/uploads\/2021\/05\/11-2048x1589.jpeg 2048w\" sizes=\"auto, (max-width: 1024px) 100vw, 1024px\" \/><\/a><figcaption class=\"wp-element-caption\">Saint-F\u00e9lix-d&rsquo;Otis<br>Nancy Tremblay<\/figcaption><\/figure>\n\n\n\n<figure class=\"wp-block-image size-large\"><a href=\"https:\/\/patrimoineduquebec.com\/eglisesduquebec\/wp-content\/uploads\/2019\/05\/rte-279-et-1er-rang.jpeg\"><img loading=\"lazy\" decoding=\"async\" width=\"768\" height=\"1024\" data-id=\"3461\" src=\"https:\/\/patrimoineduquebec.com\/eglisesduquebec\/wp-content\/uploads\/2019\/05\/rte-279-et-1er-rang-768x1024.jpeg\" alt=\"\" class=\"wp-image-3461\" srcset=\"https:\/\/patrimoineduquebec.com\/eglisesduquebec\/wp-content\/uploads\/2019\/05\/rte-279-et-1er-rang-768x1024.jpeg 768w, https:\/\/patrimoineduquebec.com\/eglisesduquebec\/wp-content\/uploads\/2019\/05\/rte-279-et-1er-rang-225x300.jpeg 225w\" sizes=\"auto, (max-width: 768px) 100vw, 768px\" \/><\/a><figcaption class=\"wp-element-caption\">Saint-Gervais <br>Chapelle d\u00e9di\u00e9e au Sacr\u00e9-Coeur <br>1817 <br>(Jacques Harvey)<\/figcaption><\/figure>\n\n\n\n<figure class=\"wp-block-image size-large\"><a href=\"https:\/\/patrimoineduquebec.com\/eglisesduquebec\/wp-content\/uploads\/2021\/09\/2.jpg\"><img loading=\"lazy\" decoding=\"async\" width=\"1024\" height=\"768\" data-id=\"4246\" src=\"https:\/\/patrimoineduquebec.com\/eglisesduquebec\/wp-content\/uploads\/2021\/09\/2-1024x768.jpg\" alt=\"\" class=\"wp-image-4246\" srcset=\"https:\/\/patrimoineduquebec.com\/eglisesduquebec\/wp-content\/uploads\/2021\/09\/2-1024x768.jpg 1024w, https:\/\/patrimoineduquebec.com\/eglisesduquebec\/wp-content\/uploads\/2021\/09\/2-300x225.jpg 300w, https:\/\/patrimoineduquebec.com\/eglisesduquebec\/wp-content\/uploads\/2021\/09\/2-768x576.jpg 768w, https:\/\/patrimoineduquebec.com\/eglisesduquebec\/wp-content\/uploads\/2021\/09\/2-1536x1152.jpg 1536w, https:\/\/patrimoineduquebec.com\/eglisesduquebec\/wp-content\/uploads\/2021\/09\/2-2048x1536.jpg 2048w, https:\/\/patrimoineduquebec.com\/eglisesduquebec\/wp-content\/uploads\/2021\/09\/2-120x90.jpg 120w\" sizes=\"auto, (max-width: 1024px) 100vw, 1024px\" \/><\/a><figcaption class=\"wp-element-caption\">Saint-Henri-de-L\u00e9vis<br>Chapelle Saint-Bernard (Maison Cou\u00ebt)<br>(G\u00e9rald Arbour)<\/figcaption><\/figure>\n\n\n\n<figure class=\"wp-block-image size-large\"><a href=\"https:\/\/patrimoineduquebec.com\/eglisesduquebec\/wp-content\/uploads\/2022\/08\/1.jpeg\"><img loading=\"lazy\" decoding=\"async\" width=\"1024\" height=\"768\" data-id=\"4408\" src=\"https:\/\/patrimoineduquebec.com\/eglisesduquebec\/wp-content\/uploads\/2022\/08\/1-1024x768.jpeg\" alt=\"\" class=\"wp-image-4408\" srcset=\"https:\/\/patrimoineduquebec.com\/eglisesduquebec\/wp-content\/uploads\/2022\/08\/1-1024x768.jpeg 1024w, https:\/\/patrimoineduquebec.com\/eglisesduquebec\/wp-content\/uploads\/2022\/08\/1-300x225.jpeg 300w, https:\/\/patrimoineduquebec.com\/eglisesduquebec\/wp-content\/uploads\/2022\/08\/1-768x576.jpeg 768w, https:\/\/patrimoineduquebec.com\/eglisesduquebec\/wp-content\/uploads\/2022\/08\/1-1536x1152.jpeg 1536w, https:\/\/patrimoineduquebec.com\/eglisesduquebec\/wp-content\/uploads\/2022\/08\/1-2048x1536.jpeg 2048w, https:\/\/patrimoineduquebec.com\/eglisesduquebec\/wp-content\/uploads\/2022\/08\/1-120x90.jpeg 120w\" sizes=\"auto, (max-width: 1024px) 100vw, 1024px\" \/><\/a><figcaption class=\"wp-element-caption\">Saint-Henri-de-L\u00e9vis<br>Chapelle fun\u00e9raire (famille Demers)<br>(G\u00e9rald Arbour)<\/figcaption><\/figure>\n\n\n\n<figure class=\"wp-block-image size-large\"><a href=\"https:\/\/patrimoineduquebec.com\/eglisesduquebec\/wp-content\/uploads\/2024\/06\/r-2.jpg\"><img loading=\"lazy\" decoding=\"async\" width=\"768\" height=\"1024\" data-id=\"4661\" src=\"https:\/\/patrimoineduquebec.com\/eglisesduquebec\/wp-content\/uploads\/2024\/06\/r-2-768x1024.jpg\" alt=\"\" class=\"wp-image-4661\" srcset=\"https:\/\/patrimoineduquebec.com\/eglisesduquebec\/wp-content\/uploads\/2024\/06\/r-2-768x1024.jpg 768w, https:\/\/patrimoineduquebec.com\/eglisesduquebec\/wp-content\/uploads\/2024\/06\/r-2-225x300.jpg 225w, https:\/\/patrimoineduquebec.com\/eglisesduquebec\/wp-content\/uploads\/2024\/06\/r-2-1152x1536.jpg 1152w, https:\/\/patrimoineduquebec.com\/eglisesduquebec\/wp-content\/uploads\/2024\/06\/r-2-1536x2048.jpg 1536w, https:\/\/patrimoineduquebec.com\/eglisesduquebec\/wp-content\/uploads\/2024\/06\/r-2.jpg 1730w\" sizes=\"auto, (max-width: 768px) 100vw, 768px\" \/><\/a><figcaption class=\"wp-element-caption\">Saint-Ir\u00e9n\u00e9e<br>Chapelle fun\u00e9raire<br>1939<br>(G\u00e9rald Arbour)<\/figcaption><\/figure>\n\n\n\n<figure class=\"wp-block-image size-large\"><a href=\"https:\/\/patrimoineduquebec.com\/eglisesduquebec\/wp-content\/uploads\/2019\/05\/P1180881-St-Jacques-le-Majeur-de-Wolfestown.jpeg\"><img loading=\"lazy\" decoding=\"async\" width=\"682\" height=\"1024\" data-id=\"3462\" src=\"https:\/\/patrimoineduquebec.com\/eglisesduquebec\/wp-content\/uploads\/2019\/05\/P1180881-St-Jacques-le-Majeur-de-Wolfestown-682x1024.jpeg\" alt=\"\" class=\"wp-image-3462\" srcset=\"https:\/\/patrimoineduquebec.com\/eglisesduquebec\/wp-content\/uploads\/2019\/05\/P1180881-St-Jacques-le-Majeur-de-Wolfestown-682x1024.jpeg 682w, https:\/\/patrimoineduquebec.com\/eglisesduquebec\/wp-content\/uploads\/2019\/05\/P1180881-St-Jacques-le-Majeur-de-Wolfestown-200x300.jpeg 200w, https:\/\/patrimoineduquebec.com\/eglisesduquebec\/wp-content\/uploads\/2019\/05\/P1180881-St-Jacques-le-Majeur-de-Wolfestown-768x1153.jpeg 768w\" sizes=\"auto, (max-width: 682px) 100vw, 682px\" \/><\/a><figcaption class=\"wp-element-caption\">Saint-Jacques-le-Majeur-de-Wolfestown<br>2012 <br>(Paul Turcotte)<\/figcaption><\/figure>\n\n\n\n<figure class=\"wp-block-image size-large\"><a href=\"https:\/\/patrimoineduquebec.com\/eglisesduquebec\/wp-content\/uploads\/2019\/05\/IMG_9791.jpeg\"><img loading=\"lazy\" decoding=\"async\" width=\"748\" height=\"1024\" data-id=\"3463\" src=\"https:\/\/patrimoineduquebec.com\/eglisesduquebec\/wp-content\/uploads\/2019\/05\/IMG_9791-748x1024.jpeg\" alt=\"\" class=\"wp-image-3463\" srcset=\"https:\/\/patrimoineduquebec.com\/eglisesduquebec\/wp-content\/uploads\/2019\/05\/IMG_9791-748x1024.jpeg 748w, https:\/\/patrimoineduquebec.com\/eglisesduquebec\/wp-content\/uploads\/2019\/05\/IMG_9791-219x300.jpeg 219w, https:\/\/patrimoineduquebec.com\/eglisesduquebec\/wp-content\/uploads\/2019\/05\/IMG_9791-768x1051.jpeg 768w, https:\/\/patrimoineduquebec.com\/eglisesduquebec\/wp-content\/uploads\/2019\/05\/IMG_9791.jpeg 1439w\" sizes=\"auto, (max-width: 748px) 100vw, 748px\" \/><\/a><figcaption class=\"wp-element-caption\">Saint-Jacques-le-Mineur<br>Chapelle-reposoir de Saint-Jacques-le-Mineur<br>1889 <br>(Ren\u00e9 Moray)<\/figcaption><\/figure>\n\n\n\n<figure class=\"wp-block-image size-large\"><a href=\"https:\/\/patrimoineduquebec.com\/eglisesduquebec\/wp-content\/uploads\/2019\/05\/saint-jean-de-matha-861-chemin-laurette-G\u00e9rald-Arbour-N1.jpeg\"><img loading=\"lazy\" decoding=\"async\" width=\"768\" height=\"1024\" data-id=\"3464\" src=\"https:\/\/patrimoineduquebec.com\/eglisesduquebec\/wp-content\/uploads\/2019\/05\/saint-jean-de-matha-861-chemin-laurette-G\u00e9rald-Arbour-N1-768x1024.jpeg\" alt=\"\" class=\"wp-image-3464\" srcset=\"https:\/\/patrimoineduquebec.com\/eglisesduquebec\/wp-content\/uploads\/2019\/05\/saint-jean-de-matha-861-chemin-laurette-G\u00e9rald-Arbour-N1-768x1024.jpeg 768w, https:\/\/patrimoineduquebec.com\/eglisesduquebec\/wp-content\/uploads\/2019\/05\/saint-jean-de-matha-861-chemin-laurette-G\u00e9rald-Arbour-N1-225x300.jpeg 225w\" sizes=\"auto, (max-width: 768px) 100vw, 768px\" \/><\/a><figcaption class=\"wp-element-caption\">Saint-Jean-de-Matha<br>Chapelle Saint-Joseph<br>(G\u00e9rald Arbour)<\/figcaption><\/figure>\n\n\n\n<figure class=\"wp-block-image size-large\"><a href=\"https:\/\/patrimoineduquebec.com\/eglisesduquebec\/wp-content\/uploads\/2020\/05\/saint-jean-de-matha-rue-sainte-louise-ouest-G\u00e9rald-Arbour-N1.jpg\"><img loading=\"lazy\" decoding=\"async\" width=\"1024\" height=\"768\" data-id=\"3812\" src=\"https:\/\/patrimoineduquebec.com\/eglisesduquebec\/wp-content\/uploads\/2020\/05\/saint-jean-de-matha-rue-sainte-louise-ouest-G\u00e9rald-Arbour-N1-1024x768.jpg\" alt=\"\" class=\"wp-image-3812\" srcset=\"https:\/\/patrimoineduquebec.com\/eglisesduquebec\/wp-content\/uploads\/2020\/05\/saint-jean-de-matha-rue-sainte-louise-ouest-G\u00e9rald-Arbour-N1-1024x768.jpg 1024w, https:\/\/patrimoineduquebec.com\/eglisesduquebec\/wp-content\/uploads\/2020\/05\/saint-jean-de-matha-rue-sainte-louise-ouest-G\u00e9rald-Arbour-N1-300x225.jpg 300w, https:\/\/patrimoineduquebec.com\/eglisesduquebec\/wp-content\/uploads\/2020\/05\/saint-jean-de-matha-rue-sainte-louise-ouest-G\u00e9rald-Arbour-N1-768x576.jpg 768w, https:\/\/patrimoineduquebec.com\/eglisesduquebec\/wp-content\/uploads\/2020\/05\/saint-jean-de-matha-rue-sainte-louise-ouest-G\u00e9rald-Arbour-N1-1536x1152.jpg 1536w, https:\/\/patrimoineduquebec.com\/eglisesduquebec\/wp-content\/uploads\/2020\/05\/saint-jean-de-matha-rue-sainte-louise-ouest-G\u00e9rald-Arbour-N1-2048x1536.jpg 2048w, https:\/\/patrimoineduquebec.com\/eglisesduquebec\/wp-content\/uploads\/2020\/05\/saint-jean-de-matha-rue-sainte-louise-ouest-G\u00e9rald-Arbour-N1-120x90.jpg 120w\" sizes=\"auto, (max-width: 1024px) 100vw, 1024px\" \/><\/a><figcaption class=\"wp-element-caption\">Saint-Jean-de-Matha<br>Mausol\u00e9e<br>1939<br>(G\u00e9rald Arbour)<\/figcaption><\/figure>\n\n\n\n<figure class=\"wp-block-image size-large\"><a href=\"https:\/\/patrimoineduquebec.com\/eglisesduquebec\/wp-content\/uploads\/2019\/05\/IMG_9969.jpeg\"><img loading=\"lazy\" decoding=\"async\" width=\"683\" height=\"1024\" data-id=\"3465\" src=\"https:\/\/patrimoineduquebec.com\/eglisesduquebec\/wp-content\/uploads\/2019\/05\/IMG_9969-683x1024.jpeg\" alt=\"\" class=\"wp-image-3465\" srcset=\"https:\/\/patrimoineduquebec.com\/eglisesduquebec\/wp-content\/uploads\/2019\/05\/IMG_9969-683x1024.jpeg 683w, https:\/\/patrimoineduquebec.com\/eglisesduquebec\/wp-content\/uploads\/2019\/05\/IMG_9969-200x300.jpeg 200w, https:\/\/patrimoineduquebec.com\/eglisesduquebec\/wp-content\/uploads\/2019\/05\/IMG_9969-768x1152.jpeg 768w\" sizes=\"auto, (max-width: 683px) 100vw, 683px\" \/><\/a><figcaption class=\"wp-element-caption\">Saint-Jean-Port-Joli<br>Chapelle d\u00e9di\u00e9e \u00e0 Saint-Zacharie<br>1890 <br>(Monique Bellemare)<\/figcaption><\/figure>\n\n\n\n<figure class=\"wp-block-image size-large\"><a href=\"https:\/\/patrimoineduquebec.com\/eglisesduquebec\/wp-content\/uploads\/2019\/05\/P1080303.jpeg\"><img loading=\"lazy\" decoding=\"async\" width=\"683\" height=\"1024\" data-id=\"3466\" src=\"https:\/\/patrimoineduquebec.com\/eglisesduquebec\/wp-content\/uploads\/2019\/05\/P1080303-683x1024.jpeg\" alt=\"\" class=\"wp-image-3466\" srcset=\"https:\/\/patrimoineduquebec.com\/eglisesduquebec\/wp-content\/uploads\/2019\/05\/P1080303-683x1024.jpeg 683w, https:\/\/patrimoineduquebec.com\/eglisesduquebec\/wp-content\/uploads\/2019\/05\/P1080303-200x300.jpeg 200w, https:\/\/patrimoineduquebec.com\/eglisesduquebec\/wp-content\/uploads\/2019\/05\/P1080303-768x1152.jpeg 768w\" sizes=\"auto, (max-width: 683px) 100vw, 683px\" \/><\/a><figcaption class=\"wp-element-caption\">Saint-J\u00e9r\u00f4me <br>Chapelle fun\u00e9raire <br>1887<br> (Paul Turcotte)<\/figcaption><\/figure>\n\n\n\n<figure class=\"wp-block-image size-large\"><a href=\"https:\/\/patrimoineduquebec.com\/eglisesduquebec\/wp-content\/uploads\/2022\/08\/1-1.jpeg\"><img loading=\"lazy\" decoding=\"async\" width=\"1024\" height=\"768\" data-id=\"4410\" src=\"https:\/\/patrimoineduquebec.com\/eglisesduquebec\/wp-content\/uploads\/2022\/08\/1-1-1024x768.jpeg\" alt=\"\" class=\"wp-image-4410\" srcset=\"https:\/\/patrimoineduquebec.com\/eglisesduquebec\/wp-content\/uploads\/2022\/08\/1-1-1024x768.jpeg 1024w, https:\/\/patrimoineduquebec.com\/eglisesduquebec\/wp-content\/uploads\/2022\/08\/1-1-300x225.jpeg 300w, https:\/\/patrimoineduquebec.com\/eglisesduquebec\/wp-content\/uploads\/2022\/08\/1-1-768x576.jpeg 768w, https:\/\/patrimoineduquebec.com\/eglisesduquebec\/wp-content\/uploads\/2022\/08\/1-1-1536x1152.jpeg 1536w, https:\/\/patrimoineduquebec.com\/eglisesduquebec\/wp-content\/uploads\/2022\/08\/1-1-2048x1536.jpeg 2048w, https:\/\/patrimoineduquebec.com\/eglisesduquebec\/wp-content\/uploads\/2022\/08\/1-1-120x90.jpeg 120w\" sizes=\"auto, (max-width: 1024px) 100vw, 1024px\" \/><\/a><figcaption class=\"wp-element-caption\">Saint-L\u00e9on-de-Standon<br>Chapelle fun\u00e9raire<br>(G\u00e9rald Arbour)<\/figcaption><\/figure>\n\n\n\n<figure class=\"wp-block-image size-large\"><a href=\"https:\/\/patrimoineduquebec.com\/eglisesduquebec\/wp-content\/uploads\/2022\/10\/saint-leonard-de-portneuf-Gabriel-Nault-17-1-1-scaled.jpeg\"><img loading=\"lazy\" decoding=\"async\" width=\"768\" height=\"1024\" data-id=\"4442\" src=\"https:\/\/patrimoineduquebec.com\/eglisesduquebec\/wp-content\/uploads\/2022\/10\/saint-leonard-de-portneuf-Gabriel-Nault-17-1-1-768x1024.jpeg\" alt=\"\" class=\"wp-image-4442\" srcset=\"https:\/\/patrimoineduquebec.com\/eglisesduquebec\/wp-content\/uploads\/2022\/10\/saint-leonard-de-portneuf-Gabriel-Nault-17-1-1-768x1024.jpeg 768w, https:\/\/patrimoineduquebec.com\/eglisesduquebec\/wp-content\/uploads\/2022\/10\/saint-leonard-de-portneuf-Gabriel-Nault-17-1-1-225x300.jpeg 225w, https:\/\/patrimoineduquebec.com\/eglisesduquebec\/wp-content\/uploads\/2022\/10\/saint-leonard-de-portneuf-Gabriel-Nault-17-1-1-1152x1536.jpeg 1152w, https:\/\/patrimoineduquebec.com\/eglisesduquebec\/wp-content\/uploads\/2022\/10\/saint-leonard-de-portneuf-Gabriel-Nault-17-1-1-1536x2048.jpeg 1536w, https:\/\/patrimoineduquebec.com\/eglisesduquebec\/wp-content\/uploads\/2022\/10\/saint-leonard-de-portneuf-Gabriel-Nault-17-1-1-scaled.jpeg 1920w\" sizes=\"auto, (max-width: 768px) 100vw, 768px\" \/><\/a><figcaption class=\"wp-element-caption\">Saint-L\u00e9onard-de-Portneuf<br>Chapelle Turgeon<br>1927<br>(Gabriel Nault)<\/figcaption><\/figure>\n\n\n\n<figure class=\"wp-block-image size-large\"><a href=\"https:\/\/patrimoineduquebec.com\/eglisesduquebec\/wp-content\/uploads\/2019\/05\/cimeti\u00e8re-2.jpeg\"><img loading=\"lazy\" decoding=\"async\" width=\"683\" height=\"1024\" data-id=\"3467\" src=\"https:\/\/patrimoineduquebec.com\/eglisesduquebec\/wp-content\/uploads\/2019\/05\/cimeti\u00e8re-2-683x1024.jpeg\" alt=\"\" class=\"wp-image-3467\" srcset=\"https:\/\/patrimoineduquebec.com\/eglisesduquebec\/wp-content\/uploads\/2019\/05\/cimeti\u00e8re-2-683x1024.jpeg 683w, https:\/\/patrimoineduquebec.com\/eglisesduquebec\/wp-content\/uploads\/2019\/05\/cimeti\u00e8re-2-200x300.jpeg 200w, https:\/\/patrimoineduquebec.com\/eglisesduquebec\/wp-content\/uploads\/2019\/05\/cimeti\u00e8re-2-768x1152.jpeg 768w\" sizes=\"auto, (max-width: 683px) 100vw, 683px\" \/><\/a><figcaption class=\"wp-element-caption\">Saint-Louis-du-Ha!-Ha!<br>Chapelle fun\u00e9raire<br>1887 <br>(Paul Turcotte)<\/figcaption><\/figure>\n\n\n\n<figure class=\"wp-block-image size-large\"><a href=\"https:\/\/patrimoineduquebec.com\/eglisesduquebec\/wp-content\/uploads\/2019\/05\/bilodeau.jpeg\"><img loading=\"lazy\" decoding=\"async\" width=\"768\" height=\"1024\" data-id=\"3468\" src=\"https:\/\/patrimoineduquebec.com\/eglisesduquebec\/wp-content\/uploads\/2019\/05\/bilodeau-768x1024.jpeg\" alt=\"\" class=\"wp-image-3468\" srcset=\"https:\/\/patrimoineduquebec.com\/eglisesduquebec\/wp-content\/uploads\/2019\/05\/bilodeau-768x1024.jpeg 768w, https:\/\/patrimoineduquebec.com\/eglisesduquebec\/wp-content\/uploads\/2019\/05\/bilodeau-225x300.jpeg 225w\" sizes=\"auto, (max-width: 768px) 100vw, 768px\" \/><\/a><figcaption class=\"wp-element-caption\">Saint-Malachie (Beauce)<br>Chapelle Bilodeau <br>1923<br> (Jacques Harvey)<\/figcaption><\/figure>\n\n\n\n<figure class=\"wp-block-image size-large\"><a href=\"https:\/\/patrimoineduquebec.com\/eglisesduquebec\/wp-content\/uploads\/2019\/05\/P1060839.jpeg\"><img loading=\"lazy\" decoding=\"async\" width=\"691\" height=\"1024\" data-id=\"3469\" src=\"https:\/\/patrimoineduquebec.com\/eglisesduquebec\/wp-content\/uploads\/2019\/05\/P1060839-691x1024.jpeg\" alt=\"\" class=\"wp-image-3469\" srcset=\"https:\/\/patrimoineduquebec.com\/eglisesduquebec\/wp-content\/uploads\/2019\/05\/P1060839-691x1024.jpeg 691w, https:\/\/patrimoineduquebec.com\/eglisesduquebec\/wp-content\/uploads\/2019\/05\/P1060839-203x300.jpeg 203w, https:\/\/patrimoineduquebec.com\/eglisesduquebec\/wp-content\/uploads\/2019\/05\/P1060839-768x1138.jpeg 768w\" sizes=\"auto, (max-width: 691px) 100vw, 691px\" \/><\/a><figcaption class=\"wp-element-caption\">Saint-Malachie-d\u2019Ormstown <br>Chapelle fun\u00e9raire<br>1914 <br>(Paul Turcotte)<\/figcaption><\/figure>\n\n\n\n<figure class=\"wp-block-image size-large\"><a href=\"https:\/\/patrimoineduquebec.com\/eglisesduquebec\/wp-content\/uploads\/2019\/05\/DSCN0611.jpeg\"><img loading=\"lazy\" decoding=\"async\" width=\"768\" height=\"1024\" data-id=\"3470\" src=\"https:\/\/patrimoineduquebec.com\/eglisesduquebec\/wp-content\/uploads\/2019\/05\/DSCN0611-768x1024.jpeg\" alt=\"\" class=\"wp-image-3470\" srcset=\"https:\/\/patrimoineduquebec.com\/eglisesduquebec\/wp-content\/uploads\/2019\/05\/DSCN0611-768x1024.jpeg 768w, https:\/\/patrimoineduquebec.com\/eglisesduquebec\/wp-content\/uploads\/2019\/05\/DSCN0611-225x300.jpeg 225w\" sizes=\"auto, (max-width: 768px) 100vw, 768px\" \/><\/a><figcaption class=\"wp-element-caption\">Saint-Michel-de-Bellechasse<br> Chapelle Sainte-Anne<br>1905 <br>(Jacques Harvey)<\/figcaption><\/figure>\n\n\n\n<figure class=\"wp-block-image size-large\"><a href=\"https:\/\/patrimoineduquebec.com\/eglisesduquebec\/wp-content\/uploads\/2019\/05\/P1060728.jpeg\"><img loading=\"lazy\" decoding=\"async\" width=\"683\" height=\"1024\" data-id=\"3471\" src=\"https:\/\/patrimoineduquebec.com\/eglisesduquebec\/wp-content\/uploads\/2019\/05\/P1060728-683x1024.jpeg\" alt=\"\" class=\"wp-image-3471\" srcset=\"https:\/\/patrimoineduquebec.com\/eglisesduquebec\/wp-content\/uploads\/2019\/05\/P1060728-683x1024.jpeg 683w, https:\/\/patrimoineduquebec.com\/eglisesduquebec\/wp-content\/uploads\/2019\/05\/P1060728-200x300.jpeg 200w, https:\/\/patrimoineduquebec.com\/eglisesduquebec\/wp-content\/uploads\/2019\/05\/P1060728-768x1152.jpeg 768w\" sizes=\"auto, (max-width: 683px) 100vw, 683px\" \/><\/a><figcaption class=\"wp-element-caption\">Saint-N\u00e9r\u00e9e-de-Bellechasse<br> Chapelle fun\u00e9raire<br>  (Paul Turcotte)<\/figcaption><\/figure>\n\n\n\n<figure class=\"wp-block-image size-large\"><a href=\"https:\/\/patrimoineduquebec.com\/eglisesduquebec\/wp-content\/uploads\/2019\/05\/cimeti\u00e8re-e1558270414369.jpg\"><img loading=\"lazy\" decoding=\"async\" width=\"683\" height=\"1024\" data-id=\"3475\" src=\"https:\/\/patrimoineduquebec.com\/eglisesduquebec\/wp-content\/uploads\/2019\/05\/cimeti\u00e8re-e1558270414369-683x1024.jpg\" alt=\"\" class=\"wp-image-3475\" srcset=\"https:\/\/patrimoineduquebec.com\/eglisesduquebec\/wp-content\/uploads\/2019\/05\/cimeti\u00e8re-e1558270414369-683x1024.jpg 683w, https:\/\/patrimoineduquebec.com\/eglisesduquebec\/wp-content\/uploads\/2019\/05\/cimeti\u00e8re-e1558270414369-200x300.jpg 200w, https:\/\/patrimoineduquebec.com\/eglisesduquebec\/wp-content\/uploads\/2019\/05\/cimeti\u00e8re-e1558270414369-768x1152.jpg 768w\" sizes=\"auto, (max-width: 683px) 100vw, 683px\" \/><\/a><figcaption class=\"wp-element-caption\">Saint-Raymond<br> Chapelle fun\u00e9raire du cimeti\u00e8re de Saint-Raymond<br>1915<br>(Paul Turcotte)<\/figcaption><\/figure>\n\n\n\n<figure class=\"wp-block-image size-large\"><a href=\"https:\/\/patrimoineduquebec.com\/eglisesduquebec\/wp-content\/uploads\/2019\/05\/mont-laura.jpeg\"><img loading=\"lazy\" decoding=\"async\" width=\"768\" height=\"1024\" data-id=\"3477\" src=\"https:\/\/patrimoineduquebec.com\/eglisesduquebec\/wp-content\/uploads\/2019\/05\/mont-laura-768x1024.jpeg\" alt=\"\" class=\"wp-image-3477\" srcset=\"https:\/\/patrimoineduquebec.com\/eglisesduquebec\/wp-content\/uploads\/2019\/05\/mont-laura-768x1024.jpeg 768w, https:\/\/patrimoineduquebec.com\/eglisesduquebec\/wp-content\/uploads\/2019\/05\/mont-laura-225x300.jpeg 225w, https:\/\/patrimoineduquebec.com\/eglisesduquebec\/wp-content\/uploads\/2019\/05\/mont-laura.jpeg 1902w\" sizes=\"auto, (max-width: 768px) 100vw, 768px\" \/><\/a><figcaption class=\"wp-element-caption\">Saint-Raymond<br> Chapelle Notre-Dame-de-L\u2019Assomption <br>1949 <br> (Micheline Harvey)<\/figcaption><\/figure>\n\n\n\n<figure class=\"wp-block-image size-large\"><a href=\"https:\/\/patrimoineduquebec.com\/eglisesduquebec\/wp-content\/uploads\/2019\/05\/st-agricole.jpeg\"><img loading=\"lazy\" decoding=\"async\" width=\"683\" height=\"1024\" data-id=\"3478\" src=\"https:\/\/patrimoineduquebec.com\/eglisesduquebec\/wp-content\/uploads\/2019\/05\/st-agricole-683x1024.jpeg\" alt=\"\" class=\"wp-image-3478\" srcset=\"https:\/\/patrimoineduquebec.com\/eglisesduquebec\/wp-content\/uploads\/2019\/05\/st-agricole-683x1024.jpeg 683w, https:\/\/patrimoineduquebec.com\/eglisesduquebec\/wp-content\/uploads\/2019\/05\/st-agricole-200x300.jpeg 200w, https:\/\/patrimoineduquebec.com\/eglisesduquebec\/wp-content\/uploads\/2019\/05\/st-agricole-768x1152.jpeg 768w\" sizes=\"auto, (max-width: 683px) 100vw, 683px\" \/><\/a><figcaption class=\"wp-element-caption\">Saint-Raymond <br>Chapelle Saint-Agricole<br> 1860 <br>(Paul Turcotte)<\/figcaption><\/figure>\n\n\n\n<figure class=\"wp-block-image size-large\"><a href=\"https:\/\/patrimoineduquebec.com\/eglisesduquebec\/wp-content\/uploads\/2019\/05\/j-1-e1558270309716.jpg\"><img loading=\"lazy\" decoding=\"async\" width=\"683\" height=\"1024\" data-id=\"3472\" src=\"https:\/\/patrimoineduquebec.com\/eglisesduquebec\/wp-content\/uploads\/2019\/05\/j-1-e1558270309716-683x1024.jpg\" alt=\"\" class=\"wp-image-3472\" srcset=\"https:\/\/patrimoineduquebec.com\/eglisesduquebec\/wp-content\/uploads\/2019\/05\/j-1-e1558270309716-683x1024.jpg 683w, https:\/\/patrimoineduquebec.com\/eglisesduquebec\/wp-content\/uploads\/2019\/05\/j-1-e1558270309716-200x300.jpg 200w, https:\/\/patrimoineduquebec.com\/eglisesduquebec\/wp-content\/uploads\/2019\/05\/j-1-e1558270309716-768x1152.jpg 768w\" sizes=\"auto, (max-width: 683px) 100vw, 683px\" \/><\/a><figcaption class=\"wp-element-caption\">Saint-Raymond<br> Chapelle Thiboutot<br>1844<br> (Paul Turcotte)<\/figcaption><\/figure>\n\n\n\n<figure class=\"wp-block-image size-large\"><a href=\"https:\/\/patrimoineduquebec.com\/eglisesduquebec\/wp-content\/uploads\/2019\/05\/IMG_9973.jpeg\"><img loading=\"lazy\" decoding=\"async\" width=\"683\" height=\"1024\" data-id=\"3481\" src=\"https:\/\/patrimoineduquebec.com\/eglisesduquebec\/wp-content\/uploads\/2019\/05\/IMG_9973-683x1024.jpeg\" alt=\"\" class=\"wp-image-3481\" srcset=\"https:\/\/patrimoineduquebec.com\/eglisesduquebec\/wp-content\/uploads\/2019\/05\/IMG_9973-683x1024.jpeg 683w, https:\/\/patrimoineduquebec.com\/eglisesduquebec\/wp-content\/uploads\/2019\/05\/IMG_9973-200x300.jpeg 200w, https:\/\/patrimoineduquebec.com\/eglisesduquebec\/wp-content\/uploads\/2019\/05\/IMG_9973-768x1152.jpeg 768w\" sizes=\"auto, (max-width: 683px) 100vw, 683px\" \/><\/a><figcaption class=\"wp-element-caption\">Saint-Roch-des-Aulnaies<br>Chapelle Notre-Dame-de-Lourdes <br>1792<br> (Monique Bellemare)<\/figcaption><\/figure>\n\n\n\n<figure class=\"wp-block-image size-large\"><a href=\"https:\/\/patrimoineduquebec.com\/eglisesduquebec\/wp-content\/uploads\/2021\/09\/q-scaled.jpg\"><img loading=\"lazy\" decoding=\"async\" width=\"768\" height=\"1024\" data-id=\"4239\" src=\"https:\/\/patrimoineduquebec.com\/eglisesduquebec\/wp-content\/uploads\/2021\/09\/q-768x1024.jpg\" alt=\"\" class=\"wp-image-4239\" srcset=\"https:\/\/patrimoineduquebec.com\/eglisesduquebec\/wp-content\/uploads\/2021\/09\/q-768x1024.jpg 768w, https:\/\/patrimoineduquebec.com\/eglisesduquebec\/wp-content\/uploads\/2021\/09\/q-225x300.jpg 225w, https:\/\/patrimoineduquebec.com\/eglisesduquebec\/wp-content\/uploads\/2021\/09\/q-1152x1536.jpg 1152w, https:\/\/patrimoineduquebec.com\/eglisesduquebec\/wp-content\/uploads\/2021\/09\/q-1536x2048.jpg 1536w, https:\/\/patrimoineduquebec.com\/eglisesduquebec\/wp-content\/uploads\/2021\/09\/q-scaled.jpg 1921w\" sizes=\"auto, (max-width: 768px) 100vw, 768px\" \/><\/a><figcaption class=\"wp-element-caption\">Saint-Stanislas<br>Chapelle fun\u00e9raire<br>(G\u00e9rald Arbour)<\/figcaption><\/figure>\n\n\n\n<figure class=\"wp-block-image size-large\"><a href=\"https:\/\/patrimoineduquebec.com\/eglisesduquebec\/wp-content\/uploads\/2019\/05\/n-d-de-piti\u00e9.jpg\"><img loading=\"lazy\" decoding=\"async\" width=\"768\" height=\"1024\" data-id=\"3497\" src=\"https:\/\/patrimoineduquebec.com\/eglisesduquebec\/wp-content\/uploads\/2019\/05\/n-d-de-piti\u00e9-768x1024.jpg\" alt=\"\" class=\"wp-image-3497\" srcset=\"https:\/\/patrimoineduquebec.com\/eglisesduquebec\/wp-content\/uploads\/2019\/05\/n-d-de-piti\u00e9-768x1024.jpg 768w, https:\/\/patrimoineduquebec.com\/eglisesduquebec\/wp-content\/uploads\/2019\/05\/n-d-de-piti\u00e9-225x300.jpg 225w\" sizes=\"auto, (max-width: 768px) 100vw, 768px\" \/><\/a><figcaption class=\"wp-element-caption\">Saint-Sulpice<br> Chapelle  Notre-Dame-de-Piti\u00e9 <br>1830 <br>(Monique Bellemare)<\/figcaption><\/figure>\n\n\n\n<figure class=\"wp-block-image size-large\"><a href=\"https:\/\/patrimoineduquebec.com\/eglisesduquebec\/wp-content\/uploads\/2020\/08\/sainte-anne-des-plaines-cimeti\u00e8re-qc-335-G\u00e9rald-Arbour-N2-2-scaled.jpeg\"><img loading=\"lazy\" decoding=\"async\" width=\"1024\" height=\"768\" data-id=\"4018\" src=\"https:\/\/patrimoineduquebec.com\/eglisesduquebec\/wp-content\/uploads\/2020\/08\/sainte-anne-des-plaines-cimeti\u00e8re-qc-335-G\u00e9rald-Arbour-N2-2-1024x768.jpeg\" alt=\"\" class=\"wp-image-4018\" srcset=\"https:\/\/patrimoineduquebec.com\/eglisesduquebec\/wp-content\/uploads\/2020\/08\/sainte-anne-des-plaines-cimeti\u00e8re-qc-335-G\u00e9rald-Arbour-N2-2-1024x768.jpeg 1024w, https:\/\/patrimoineduquebec.com\/eglisesduquebec\/wp-content\/uploads\/2020\/08\/sainte-anne-des-plaines-cimeti\u00e8re-qc-335-G\u00e9rald-Arbour-N2-2-300x225.jpeg 300w, https:\/\/patrimoineduquebec.com\/eglisesduquebec\/wp-content\/uploads\/2020\/08\/sainte-anne-des-plaines-cimeti\u00e8re-qc-335-G\u00e9rald-Arbour-N2-2-768x576.jpeg 768w, https:\/\/patrimoineduquebec.com\/eglisesduquebec\/wp-content\/uploads\/2020\/08\/sainte-anne-des-plaines-cimeti\u00e8re-qc-335-G\u00e9rald-Arbour-N2-2-1536x1152.jpeg 1536w, https:\/\/patrimoineduquebec.com\/eglisesduquebec\/wp-content\/uploads\/2020\/08\/sainte-anne-des-plaines-cimeti\u00e8re-qc-335-G\u00e9rald-Arbour-N2-2-2048x1536.jpeg 2048w, https:\/\/patrimoineduquebec.com\/eglisesduquebec\/wp-content\/uploads\/2020\/08\/sainte-anne-des-plaines-cimeti\u00e8re-qc-335-G\u00e9rald-Arbour-N2-2-120x90.jpeg 120w\" sizes=\"auto, (max-width: 1024px) 100vw, 1024px\" \/><\/a><figcaption class=\"wp-element-caption\">Sainte-Anne-des-Plaines<br>Chapelle fun\u00e9raire du cimeti\u00e8re de Sainte-Anne-des-Plaines<br>1899<br>(G\u00e9rald Arbour)<\/figcaption><\/figure>\n\n\n\n<figure class=\"wp-block-image size-large\"><a href=\"https:\/\/patrimoineduquebec.com\/eglisesduquebec\/wp-content\/uploads\/2019\/05\/ste-helene-de-mancebourg.jpeg\"><img loading=\"lazy\" decoding=\"async\" width=\"905\" height=\"929\" data-id=\"3483\" src=\"https:\/\/patrimoineduquebec.com\/eglisesduquebec\/wp-content\/uploads\/2019\/05\/ste-helene-de-mancebourg.jpeg\" alt=\"\" class=\"wp-image-3483\" srcset=\"https:\/\/patrimoineduquebec.com\/eglisesduquebec\/wp-content\/uploads\/2019\/05\/ste-helene-de-mancebourg.jpeg 905w, https:\/\/patrimoineduquebec.com\/eglisesduquebec\/wp-content\/uploads\/2019\/05\/ste-helene-de-mancebourg-292x300.jpeg 292w, https:\/\/patrimoineduquebec.com\/eglisesduquebec\/wp-content\/uploads\/2019\/05\/ste-helene-de-mancebourg-768x788.jpeg 768w\" sizes=\"auto, (max-width: 905px) 100vw, 905px\" \/><\/a><figcaption class=\"wp-element-caption\">Sainte-H\u00e9l\u00e8ne-de-Mancebourg<br> Chapelle Notre-Dame-de-l\u2019Esp\u00e9rance<br> 1989 <br>(Brigitte Mazou\u00e9)<\/figcaption><\/figure>\n\n\n\n<figure class=\"wp-block-image size-large\"><a href=\"https:\/\/patrimoineduquebec.com\/eglisesduquebec\/wp-content\/uploads\/2019\/07\/sainte-justine-de-langevin-rue-principale-G\u00e9rald-Arbour-N2.jpeg\"><img loading=\"lazy\" decoding=\"async\" width=\"687\" height=\"1024\" data-id=\"3673\" src=\"https:\/\/patrimoineduquebec.com\/eglisesduquebec\/wp-content\/uploads\/2019\/07\/sainte-justine-de-langevin-rue-principale-G\u00e9rald-Arbour-N2-687x1024.jpeg\" alt=\"\" class=\"wp-image-3673\" srcset=\"https:\/\/patrimoineduquebec.com\/eglisesduquebec\/wp-content\/uploads\/2019\/07\/sainte-justine-de-langevin-rue-principale-G\u00e9rald-Arbour-N2-687x1024.jpeg 687w, https:\/\/patrimoineduquebec.com\/eglisesduquebec\/wp-content\/uploads\/2019\/07\/sainte-justine-de-langevin-rue-principale-G\u00e9rald-Arbour-N2-201x300.jpeg 201w, https:\/\/patrimoineduquebec.com\/eglisesduquebec\/wp-content\/uploads\/2019\/07\/sainte-justine-de-langevin-rue-principale-G\u00e9rald-Arbour-N2-768x1145.jpeg 768w, https:\/\/patrimoineduquebec.com\/eglisesduquebec\/wp-content\/uploads\/2019\/07\/sainte-justine-de-langevin-rue-principale-G\u00e9rald-Arbour-N2.jpeg 1955w\" sizes=\"auto, (max-width: 687px) 100vw, 687px\" \/><\/a><figcaption class=\"wp-element-caption\">Sainte-Justine-de-Langevin <br>Chapelle du Sacr\u00e9-Coeur<br>1921 <br>(G\u00e9rald Arbour)<\/figcaption><\/figure>\n\n\n\n<figure class=\"wp-block-image size-large\"><a href=\"https:\/\/patrimoineduquebec.com\/eglisesduquebec\/wp-content\/uploads\/2019\/05\/sainte-justine-de-langevin-G\u00e9rald-Arbour-N3.jpeg\"><img loading=\"lazy\" decoding=\"async\" width=\"768\" height=\"1024\" data-id=\"3484\" src=\"https:\/\/patrimoineduquebec.com\/eglisesduquebec\/wp-content\/uploads\/2019\/05\/sainte-justine-de-langevin-G\u00e9rald-Arbour-N3-768x1024.jpeg\" alt=\"\" class=\"wp-image-3484\" srcset=\"https:\/\/patrimoineduquebec.com\/eglisesduquebec\/wp-content\/uploads\/2019\/05\/sainte-justine-de-langevin-G\u00e9rald-Arbour-N3-768x1024.jpeg 768w, https:\/\/patrimoineduquebec.com\/eglisesduquebec\/wp-content\/uploads\/2019\/05\/sainte-justine-de-langevin-G\u00e9rald-Arbour-N3-225x300.jpeg 225w\" sizes=\"auto, (max-width: 768px) 100vw, 768px\" \/><\/a><figcaption class=\"wp-element-caption\">Sainte-Justine-de-Langevin <br>Chapelle Sainte-Anne<br>1921 <br> (G\u00e9rald Arbour)<\/figcaption><\/figure>\n\n\n\n<figure class=\"wp-block-image size-large\"><a href=\"https:\/\/patrimoineduquebec.com\/eglisesduquebec\/wp-content\/uploads\/2019\/05\/cliche.jpeg\"><img loading=\"lazy\" decoding=\"async\" width=\"804\" height=\"1024\" data-id=\"3485\" src=\"https:\/\/patrimoineduquebec.com\/eglisesduquebec\/wp-content\/uploads\/2019\/05\/cliche-804x1024.jpeg\" alt=\"\" class=\"wp-image-3485\" srcset=\"https:\/\/patrimoineduquebec.com\/eglisesduquebec\/wp-content\/uploads\/2019\/05\/cliche-804x1024.jpeg 804w, https:\/\/patrimoineduquebec.com\/eglisesduquebec\/wp-content\/uploads\/2019\/05\/cliche-236x300.jpeg 236w, https:\/\/patrimoineduquebec.com\/eglisesduquebec\/wp-content\/uploads\/2019\/05\/cliche-768x978.jpeg 768w\" sizes=\"auto, (max-width: 804px) 100vw, 804px\" \/><\/a><figcaption class=\"wp-element-caption\">Sainte-Marie-de-Beauce<br>Chapelle Cliche<br> 1885 <br>(Jacques Harvey)<\/figcaption><\/figure>\n\n\n\n<figure class=\"wp-block-image size-large\"><a href=\"https:\/\/patrimoineduquebec.com\/eglisesduquebec\/wp-content\/uploads\/2019\/05\/h\u00e9bert.jpeg\"><img loading=\"lazy\" decoding=\"async\" width=\"683\" height=\"1024\" data-id=\"3486\" src=\"https:\/\/patrimoineduquebec.com\/eglisesduquebec\/wp-content\/uploads\/2019\/05\/h\u00e9bert-683x1024.jpeg\" alt=\"\" class=\"wp-image-3486\" srcset=\"https:\/\/patrimoineduquebec.com\/eglisesduquebec\/wp-content\/uploads\/2019\/05\/h\u00e9bert-683x1024.jpeg 683w, https:\/\/patrimoineduquebec.com\/eglisesduquebec\/wp-content\/uploads\/2019\/05\/h\u00e9bert-200x300.jpeg 200w, https:\/\/patrimoineduquebec.com\/eglisesduquebec\/wp-content\/uploads\/2019\/05\/h\u00e9bert-768x1152.jpeg 768w\" sizes=\"auto, (max-width: 683px) 100vw, 683px\" \/><\/a><figcaption class=\"wp-element-caption\">Sainte-Marie-de-Beauce<br>Chapelle H\u00e9bert<br> 1835 <br>(Paul Turcotte)<\/figcaption><\/figure>\n\n\n\n<figure class=\"wp-block-image size-large\"><a href=\"https:\/\/patrimoineduquebec.com\/eglisesduquebec\/wp-content\/uploads\/2019\/05\/707-rue-Notre-Dame-Sud.jpeg\"><img loading=\"lazy\" decoding=\"async\" width=\"683\" height=\"1024\" data-id=\"3487\" src=\"https:\/\/patrimoineduquebec.com\/eglisesduquebec\/wp-content\/uploads\/2019\/05\/707-rue-Notre-Dame-Sud-683x1024.jpeg\" alt=\"\" class=\"wp-image-3487\" srcset=\"https:\/\/patrimoineduquebec.com\/eglisesduquebec\/wp-content\/uploads\/2019\/05\/707-rue-Notre-Dame-Sud-683x1024.jpeg 683w, https:\/\/patrimoineduquebec.com\/eglisesduquebec\/wp-content\/uploads\/2019\/05\/707-rue-Notre-Dame-Sud-200x300.jpeg 200w, https:\/\/patrimoineduquebec.com\/eglisesduquebec\/wp-content\/uploads\/2019\/05\/707-rue-Notre-Dame-Sud-768x1152.jpeg 768w\" sizes=\"auto, (max-width: 683px) 100vw, 683px\" \/><\/a><figcaption class=\"wp-element-caption\">Sainte-Marie-de-Beauce<br>Chapelle fun\u00e9raire d\u00e9di\u00e9e au Sacr\u00e9-Coeur-de-J\u00e9sus<br>1879 <br>(Paul Turcotte)<\/figcaption><\/figure>\n\n\n\n<figure class=\"wp-block-image size-large\"><a href=\"https:\/\/patrimoineduquebec.com\/eglisesduquebec\/wp-content\/uploads\/2019\/05\/turcotte-e1558271861988.jpg\"><img loading=\"lazy\" decoding=\"async\" width=\"683\" height=\"1024\" data-id=\"3488\" src=\"https:\/\/patrimoineduquebec.com\/eglisesduquebec\/wp-content\/uploads\/2019\/05\/turcotte-e1558271861988-683x1024.jpg\" alt=\"\" class=\"wp-image-3488\" srcset=\"https:\/\/patrimoineduquebec.com\/eglisesduquebec\/wp-content\/uploads\/2019\/05\/turcotte-e1558271861988-683x1024.jpg 683w, https:\/\/patrimoineduquebec.com\/eglisesduquebec\/wp-content\/uploads\/2019\/05\/turcotte-e1558271861988-200x300.jpg 200w, https:\/\/patrimoineduquebec.com\/eglisesduquebec\/wp-content\/uploads\/2019\/05\/turcotte-e1558271861988-768x1152.jpg 768w\" sizes=\"auto, (max-width: 683px) 100vw, 683px\" \/><\/a><figcaption class=\"wp-element-caption\">Sainte-Marie-de-Beauce<br>Chapelle Turcotte d\u00e9di\u00e9e au Sacr\u00e9-Coeur <br>1924<br> (Paul Turcotte)<\/figcaption><\/figure>\n\n\n\n<figure class=\"wp-block-image size-large\"><a href=\"https:\/\/patrimoineduquebec.com\/eglisesduquebec\/wp-content\/uploads\/2019\/05\/sainte-rose-du-nord-tableau-G\u00e9rald-Arbour-N3.jpeg\"><img loading=\"lazy\" decoding=\"async\" width=\"768\" height=\"1024\" data-id=\"3490\" src=\"https:\/\/patrimoineduquebec.com\/eglisesduquebec\/wp-content\/uploads\/2019\/05\/sainte-rose-du-nord-tableau-G\u00e9rald-Arbour-N3-768x1024.jpeg\" alt=\"\" class=\"wp-image-3490\" srcset=\"https:\/\/patrimoineduquebec.com\/eglisesduquebec\/wp-content\/uploads\/2019\/05\/sainte-rose-du-nord-tableau-G\u00e9rald-Arbour-N3-768x1024.jpeg 768w, https:\/\/patrimoineduquebec.com\/eglisesduquebec\/wp-content\/uploads\/2019\/05\/sainte-rose-du-nord-tableau-G\u00e9rald-Arbour-N3-225x300.jpeg 225w\" sizes=\"auto, (max-width: 768px) 100vw, 768px\" \/><\/a><figcaption class=\"wp-element-caption\">Sainte-Rose-du-Nord (Tableau) <br>Chapelle Saint-Basile-de-Tableau <br>1911<br> (G\u00e9rald Arbour)<\/figcaption><\/figure>\n\n\n\n<figure class=\"wp-block-image size-large\"><a href=\"https:\/\/patrimoineduquebec.com\/eglisesduquebec\/wp-content\/uploads\/2019\/05\/saint-isidore-G\u00e9rald-Arbour-N3.jpg\"><img loading=\"lazy\" decoding=\"async\" width=\"768\" height=\"1024\" data-id=\"3491\" src=\"https:\/\/patrimoineduquebec.com\/eglisesduquebec\/wp-content\/uploads\/2019\/05\/saint-isidore-G\u00e9rald-Arbour-N3-768x1024.jpg\" alt=\"\" class=\"wp-image-3491\" srcset=\"https:\/\/patrimoineduquebec.com\/eglisesduquebec\/wp-content\/uploads\/2019\/05\/saint-isidore-G\u00e9rald-Arbour-N3-768x1024.jpg 768w, https:\/\/patrimoineduquebec.com\/eglisesduquebec\/wp-content\/uploads\/2019\/05\/saint-isidore-G\u00e9rald-Arbour-N3-225x300.jpg 225w\" sizes=\"auto, (max-width: 768px) 100vw, 768px\" \/><\/a><figcaption class=\"wp-element-caption\">Sainte-Th\u00e9r\u00e8se-de-Gasp\u00e9 (Saint-Isidore) <br>Chapelle Saint-Isidore<br>2015 <br>(G\u00e9rald Arbour)<\/figcaption><\/figure>\n\n\n\n<figure class=\"wp-block-image size-large\"><a href=\"https:\/\/patrimoineduquebec.com\/eglisesduquebec\/wp-content\/uploads\/2021\/05\/trois-rivieres-cimetiere-saint-louis-Gerald-Arbour-N2-scaled.jpeg\"><img loading=\"lazy\" decoding=\"async\" width=\"1024\" height=\"768\" data-id=\"4188\" src=\"https:\/\/patrimoineduquebec.com\/eglisesduquebec\/wp-content\/uploads\/2021\/05\/trois-rivieres-cimetiere-saint-louis-Gerald-Arbour-N2-1024x768.jpeg\" alt=\"\" class=\"wp-image-4188\" srcset=\"https:\/\/patrimoineduquebec.com\/eglisesduquebec\/wp-content\/uploads\/2021\/05\/trois-rivieres-cimetiere-saint-louis-Gerald-Arbour-N2-1024x768.jpeg 1024w, https:\/\/patrimoineduquebec.com\/eglisesduquebec\/wp-content\/uploads\/2021\/05\/trois-rivieres-cimetiere-saint-louis-Gerald-Arbour-N2-300x225.jpeg 300w, https:\/\/patrimoineduquebec.com\/eglisesduquebec\/wp-content\/uploads\/2021\/05\/trois-rivieres-cimetiere-saint-louis-Gerald-Arbour-N2-768x576.jpeg 768w, https:\/\/patrimoineduquebec.com\/eglisesduquebec\/wp-content\/uploads\/2021\/05\/trois-rivieres-cimetiere-saint-louis-Gerald-Arbour-N2-1536x1152.jpeg 1536w, https:\/\/patrimoineduquebec.com\/eglisesduquebec\/wp-content\/uploads\/2021\/05\/trois-rivieres-cimetiere-saint-louis-Gerald-Arbour-N2-2048x1536.jpeg 2048w, https:\/\/patrimoineduquebec.com\/eglisesduquebec\/wp-content\/uploads\/2021\/05\/trois-rivieres-cimetiere-saint-louis-Gerald-Arbour-N2-120x90.jpeg 120w\" sizes=\"auto, (max-width: 1024px) 100vw, 1024px\" \/><\/a><figcaption class=\"wp-element-caption\">Trois-Rivi\u00e8res<br>Chapelle fun\u00e9raire du cimeti\u00e8re Saint-Louis<br>1887<br>(G\u00e9rald Arbour)<\/figcaption><\/figure>\n\n\n\n<figure class=\"wp-block-image size-large\"><a href=\"https:\/\/patrimoineduquebec.com\/eglisesduquebec\/wp-content\/uploads\/2019\/05\/pierre-boucher.jpg\"><img loading=\"lazy\" decoding=\"async\" width=\"768\" height=\"1024\" data-id=\"3492\" src=\"https:\/\/patrimoineduquebec.com\/eglisesduquebec\/wp-content\/uploads\/2019\/05\/pierre-boucher-768x1024.jpg\" alt=\"\" class=\"wp-image-3492\" srcset=\"https:\/\/patrimoineduquebec.com\/eglisesduquebec\/wp-content\/uploads\/2019\/05\/pierre-boucher-768x1024.jpg 768w, https:\/\/patrimoineduquebec.com\/eglisesduquebec\/wp-content\/uploads\/2019\/05\/pierre-boucher-225x300.jpg 225w\" sizes=\"auto, (max-width: 768px) 100vw, 768px\" \/><\/a><figcaption class=\"wp-element-caption\">Trois-Rivi\u00e8res <br>Chapelle Pierre-Boucher<br>1940 <br>(Paul Turcotte)<\/figcaption><\/figure>\n\n\n\n<figure class=\"wp-block-image size-large\"><a href=\"https:\/\/patrimoineduquebec.com\/eglisesduquebec\/wp-content\/uploads\/2022\/08\/e.jpeg\"><img loading=\"lazy\" decoding=\"async\" width=\"1024\" height=\"768\" data-id=\"4414\" src=\"https:\/\/patrimoineduquebec.com\/eglisesduquebec\/wp-content\/uploads\/2022\/08\/e-1024x768.jpeg\" alt=\"\" class=\"wp-image-4414\" srcset=\"https:\/\/patrimoineduquebec.com\/eglisesduquebec\/wp-content\/uploads\/2022\/08\/e-1024x768.jpeg 1024w, https:\/\/patrimoineduquebec.com\/eglisesduquebec\/wp-content\/uploads\/2022\/08\/e-300x225.jpeg 300w, https:\/\/patrimoineduquebec.com\/eglisesduquebec\/wp-content\/uploads\/2022\/08\/e-768x576.jpeg 768w, https:\/\/patrimoineduquebec.com\/eglisesduquebec\/wp-content\/uploads\/2022\/08\/e-1536x1152.jpeg 1536w, https:\/\/patrimoineduquebec.com\/eglisesduquebec\/wp-content\/uploads\/2022\/08\/e-120x90.jpeg 120w, https:\/\/patrimoineduquebec.com\/eglisesduquebec\/wp-content\/uploads\/2022\/08\/e.jpeg 2042w\" sizes=\"auto, (max-width: 1024px) 100vw, 1024px\" \/><\/a><figcaption class=\"wp-element-caption\">Trois-Rivi\u00e8res (Pointe-du-Lac)<br>Chapelle Maison B\u00e9thanie<br>1955-1962<br>(G\u00e9rald Arbour)<\/figcaption><\/figure>\n\n\n\n<figure class=\"wp-block-image size-large\"><a href=\"https:\/\/patrimoineduquebec.com\/eglisesduquebec\/wp-content\/uploads\/2022\/08\/w.jpeg\"><img loading=\"lazy\" decoding=\"async\" width=\"768\" height=\"1024\" data-id=\"4412\" src=\"https:\/\/patrimoineduquebec.com\/eglisesduquebec\/wp-content\/uploads\/2022\/08\/w-768x1024.jpeg\" alt=\"\" class=\"wp-image-4412\" srcset=\"https:\/\/patrimoineduquebec.com\/eglisesduquebec\/wp-content\/uploads\/2022\/08\/w-768x1024.jpeg 768w, https:\/\/patrimoineduquebec.com\/eglisesduquebec\/wp-content\/uploads\/2022\/08\/w-225x300.jpeg 225w, https:\/\/patrimoineduquebec.com\/eglisesduquebec\/wp-content\/uploads\/2022\/08\/w-1152x1536.jpeg 1152w, https:\/\/patrimoineduquebec.com\/eglisesduquebec\/wp-content\/uploads\/2022\/08\/w-1536x2048.jpeg 1536w, https:\/\/patrimoineduquebec.com\/eglisesduquebec\/wp-content\/uploads\/2022\/08\/w.jpeg 1797w\" sizes=\"auto, (max-width: 768px) 100vw, 768px\" \/><\/a><figcaption class=\"wp-element-caption\">Trois-Rivi\u00e8res (Pointe-du-Lac)<br>Chapelle fun\u00e9raire Montour-Malhiot<br>1865-1870<br>(G\u00e9rald Arbour)<\/figcaption><\/figure>\n\n\n\n<figure class=\"wp-block-image size-large\"><a href=\"https:\/\/patrimoineduquebec.com\/eglisesduquebec\/wp-content\/uploads\/2019\/05\/st-joachim.jpg\"><img loading=\"lazy\" decoding=\"async\" width=\"683\" height=\"1024\" data-id=\"3493\" src=\"https:\/\/patrimoineduquebec.com\/eglisesduquebec\/wp-content\/uploads\/2019\/05\/st-joachim-683x1024.jpg\" alt=\"\" class=\"wp-image-3493\" srcset=\"https:\/\/patrimoineduquebec.com\/eglisesduquebec\/wp-content\/uploads\/2019\/05\/st-joachim-683x1024.jpg 683w, https:\/\/patrimoineduquebec.com\/eglisesduquebec\/wp-content\/uploads\/2019\/05\/st-joachim-200x300.jpg 200w, https:\/\/patrimoineduquebec.com\/eglisesduquebec\/wp-content\/uploads\/2019\/05\/st-joachim-768x1152.jpg 768w\" sizes=\"auto, (max-width: 683px) 100vw, 683px\" \/><\/a><figcaption class=\"wp-element-caption\">Varennes<br> Chapelle Saint-Joachim<br>1831 <br>(Monique Bellemare)<\/figcaption><\/figure>\n\n\n\n<figure class=\"wp-block-image size-large\"><a href=\"https:\/\/patrimoineduquebec.com\/eglisesduquebec\/wp-content\/uploads\/2019\/05\/ste-anne-2.jpg\"><img loading=\"lazy\" decoding=\"async\" width=\"768\" height=\"1024\" data-id=\"3494\" src=\"https:\/\/patrimoineduquebec.com\/eglisesduquebec\/wp-content\/uploads\/2019\/05\/ste-anne-2-768x1024.jpg\" alt=\"\" class=\"wp-image-3494\" srcset=\"https:\/\/patrimoineduquebec.com\/eglisesduquebec\/wp-content\/uploads\/2019\/05\/ste-anne-2-768x1024.jpg 768w, https:\/\/patrimoineduquebec.com\/eglisesduquebec\/wp-content\/uploads\/2019\/05\/ste-anne-2-225x300.jpg 225w\" sizes=\"auto, (max-width: 768px) 100vw, 768px\" \/><\/a><figcaption class=\"wp-element-caption\">Varennes <br>Chapelle Sainte-Anne<br>1862 <br>(Monique Bellemare)<\/figcaption><\/figure>\n\n\n\n<figure class=\"wp-block-image size-large\"><a href=\"https:\/\/patrimoineduquebec.com\/eglisesduquebec\/wp-content\/uploads\/2024\/02\/vic\u206btoriaville-rue-laurier-Gerald-Arbour-N10.jpg\"><img loading=\"lazy\" decoding=\"async\" width=\"1024\" height=\"768\" data-id=\"4617\" src=\"https:\/\/patrimoineduquebec.com\/eglisesduquebec\/wp-content\/uploads\/2024\/02\/vic\u206btoriaville-rue-laurier-Gerald-Arbour-N10-1024x768.jpg\" alt=\"\" class=\"wp-image-4617\" srcset=\"https:\/\/patrimoineduquebec.com\/eglisesduquebec\/wp-content\/uploads\/2024\/02\/vic\u206btoriaville-rue-laurier-Gerald-Arbour-N10-1024x768.jpg 1024w, https:\/\/patrimoineduquebec.com\/eglisesduquebec\/wp-content\/uploads\/2024\/02\/vic\u206btoriaville-rue-laurier-Gerald-Arbour-N10-300x225.jpg 300w, https:\/\/patrimoineduquebec.com\/eglisesduquebec\/wp-content\/uploads\/2024\/02\/vic\u206btoriaville-rue-laurier-Gerald-Arbour-N10-768x576.jpg 768w, https:\/\/patrimoineduquebec.com\/eglisesduquebec\/wp-content\/uploads\/2024\/02\/vic\u206btoriaville-rue-laurier-Gerald-Arbour-N10-1536x1152.jpg 1536w, https:\/\/patrimoineduquebec.com\/eglisesduquebec\/wp-content\/uploads\/2024\/02\/vic\u206btoriaville-rue-laurier-Gerald-Arbour-N10-2048x1536.jpg 2048w, https:\/\/patrimoineduquebec.com\/eglisesduquebec\/wp-content\/uploads\/2024\/02\/vic\u206btoriaville-rue-laurier-Gerald-Arbour-N10-120x90.jpg 120w\" sizes=\"auto, (max-width: 1024px) 100vw, 1024px\" \/><\/a><figcaption class=\"wp-element-caption\">Victoriaville<br>Chapelle conventuelle Sainte-Vierge<br>1905<br>(G\u00e9rald Arbour)<\/figcaption><\/figure>\n\n\n\n<figure class=\"wp-block-image size-large\"><a href=\"https:\/\/patrimoineduquebec.com\/eglisesduquebec\/wp-content\/uploads\/2024\/01\/Carre_gris.jpg\"><img loading=\"lazy\" decoding=\"async\" width=\"480\" height=\"480\" data-id=\"4601\" src=\"https:\/\/patrimoineduquebec.com\/eglisesduquebec\/wp-content\/uploads\/2024\/01\/Carre_gris.jpg\" alt=\"\" class=\"wp-image-4601\" srcset=\"https:\/\/patrimoineduquebec.com\/eglisesduquebec\/wp-content\/uploads\/2024\/01\/Carre_gris.jpg 480w, https:\/\/patrimoineduquebec.com\/eglisesduquebec\/wp-content\/uploads\/2024\/01\/Carre_gris-300x300.jpg 300w, https:\/\/patrimoineduquebec.com\/eglisesduquebec\/wp-content\/uploads\/2024\/01\/Carre_gris-150x150.jpg 150w\" sizes=\"auto, (max-width: 480px) 100vw, 480px\" \/><\/a><\/figure>\n<\/figure>\n\n\n\n<p><\/p>\n\n\n\n<p><\/p>\n","protected":false},"excerpt":{"rendered":"<p>La majorit\u00e9 des chapelles publi\u00e9es sur cette page sont des chapelles de procession. Quelques-unes sont des chapelles fun\u00e9raires. Au Qu\u00e9bec,&hellip;<\/p>\n","protected":false},"author":1,"featured_media":0,"parent":0,"menu_order":0,"comment_status":"closed","ping_status":"closed","template":"","meta":{"footnotes":""},"class_list":["post-21","page","type-page","status-publish","hentry"],"_links":{"self":[{"href":"https:\/\/patrimoineduquebec.com\/eglisesduquebec\/wp-json\/wp\/v2\/pages\/21","targetHints":{"allow":["GET"]}}],"collection":[{"href":"https:\/\/patrimoineduquebec.com\/eglisesduquebec\/wp-json\/wp\/v2\/pages"}],"about":[{"href":"https:\/\/patrimoineduquebec.com\/eglisesduquebec\/wp-json\/wp\/v2\/types\/page"}],"author":[{"embeddable":true,"href":"https:\/\/patrimoineduquebec.com\/eglisesduquebec\/wp-json\/wp\/v2\/users\/1"}],"replies":[{"embeddable":true,"href":"https:\/\/patrimoineduquebec.com\/eglisesduquebec\/wp-json\/wp\/v2\/comments?post=21"}],"version-history":[{"count":107,"href":"https:\/\/patrimoineduquebec.com\/eglisesduquebec\/wp-json\/wp\/v2\/pages\/21\/revisions"}],"predecessor-version":[{"id":4723,"href":"https:\/\/patrimoineduquebec.com\/eglisesduquebec\/wp-json\/wp\/v2\/pages\/21\/revisions\/4723"}],"wp:attachment":[{"href":"https:\/\/patrimoineduquebec.com\/eglisesduquebec\/wp-json\/wp\/v2\/media?parent=21"}],"curies":[{"name":"wp","href":"https:\/\/api.w.org\/{rel}","templated":true}]}}