{"id":1927,"date":"2019-05-09T19:31:30","date_gmt":"2019-05-09T19:31:30","guid":{"rendered":"https:\/\/patrimoineduquebec.com\/eglisesduquebec\/?page_id=1927"},"modified":"2026-03-07T12:41:22","modified_gmt":"2026-03-07T12:41:22","slug":"saint-hyacinthe","status":"publish","type":"page","link":"https:\/\/patrimoineduquebec.com\/eglisesduquebec\/saint-hyacinthe\/","title":{"rendered":"Saint-Hyacinthe"},"content":{"rendered":"\n<figure class=\"wp-block-gallery has-nested-images columns-default wp-block-gallery-1 is-layout-flex wp-block-gallery-is-layout-flex\">\n<figure class=\"wp-block-image size-large\"><a href=\"https:\/\/patrimoineduquebec.com\/eglisesduquebec\/wp-content\/uploads\/2019\/05\/DSCN7911.jpeg\"><img loading=\"lazy\" decoding=\"async\" width=\"768\" height=\"1024\" data-id=\"1928\" src=\"https:\/\/patrimoineduquebec.com\/eglisesduquebec\/wp-content\/uploads\/2019\/05\/DSCN7911-768x1024.jpeg\" alt=\"\" class=\"wp-image-1928\" srcset=\"https:\/\/patrimoineduquebec.com\/eglisesduquebec\/wp-content\/uploads\/2019\/05\/DSCN7911-768x1024.jpeg 768w, https:\/\/patrimoineduquebec.com\/eglisesduquebec\/wp-content\/uploads\/2019\/05\/DSCN7911-225x300.jpeg 225w\" sizes=\"auto, (max-width: 768px) 100vw, 768px\" \/><\/a><figcaption class=\"wp-element-caption\">Abercorn <br>\u00c9glise Saint-Simon (ferm\u00e9e)<br> 1865-1867<br>(Monique Bellemare)<\/figcaption><\/figure>\n\n\n\n<figure class=\"wp-block-image size-large\"><a href=\"https:\/\/patrimoineduquebec.com\/eglisesduquebec\/wp-content\/uploads\/2019\/05\/Acton-Vale.jpg\"><img loading=\"lazy\" decoding=\"async\" width=\"770\" height=\"1024\" data-id=\"1929\" src=\"https:\/\/patrimoineduquebec.com\/eglisesduquebec\/wp-content\/uploads\/2019\/05\/Acton-Vale-770x1024.jpg\" alt=\"\" class=\"wp-image-1929\" srcset=\"https:\/\/patrimoineduquebec.com\/eglisesduquebec\/wp-content\/uploads\/2019\/05\/Acton-Vale-770x1024.jpg 770w, https:\/\/patrimoineduquebec.com\/eglisesduquebec\/wp-content\/uploads\/2019\/05\/Acton-Vale-226x300.jpg 226w, https:\/\/patrimoineduquebec.com\/eglisesduquebec\/wp-content\/uploads\/2019\/05\/Acton-Vale-768x1021.jpg 768w, https:\/\/patrimoineduquebec.com\/eglisesduquebec\/wp-content\/uploads\/2019\/05\/Acton-Vale.jpg 1811w\" sizes=\"auto, (max-width: 770px) 100vw, 770px\" \/><\/a><figcaption class=\"wp-element-caption\">Acton Vale <br>\u00c9glise Saint-Andr\u00e9<br> 1874-1877 <br>(Monique Bellemare)<\/figcaption><\/figure>\n\n\n\n<figure class=\"wp-block-image size-large\"><a href=\"https:\/\/patrimoineduquebec.com\/eglisesduquebec\/wp-content\/uploads\/2019\/05\/Ange-Gardien.jpg\"><img loading=\"lazy\" decoding=\"async\" width=\"643\" height=\"988\" data-id=\"1930\" src=\"https:\/\/patrimoineduquebec.com\/eglisesduquebec\/wp-content\/uploads\/2019\/05\/Ange-Gardien.jpg\" alt=\"\" class=\"wp-image-1930\" srcset=\"https:\/\/patrimoineduquebec.com\/eglisesduquebec\/wp-content\/uploads\/2019\/05\/Ange-Gardien.jpg 643w, https:\/\/patrimoineduquebec.com\/eglisesduquebec\/wp-content\/uploads\/2019\/05\/Ange-Gardien-195x300.jpg 195w\" sizes=\"auto, (max-width: 643px) 100vw, 643px\" \/><\/a><figcaption class=\"wp-element-caption\">Ange-Gardien <br>\u00c9glise Ange-Gardien <br>1859-1862<br>(Monique Bellemare)<\/figcaption><\/figure>\n\n\n\n<figure class=\"wp-block-image size-large\"><a href=\"https:\/\/patrimoineduquebec.com\/eglisesduquebec\/wp-content\/uploads\/2019\/05\/Bedford.jpeg\"><img loading=\"lazy\" decoding=\"async\" width=\"683\" height=\"1024\" data-id=\"1931\" src=\"https:\/\/patrimoineduquebec.com\/eglisesduquebec\/wp-content\/uploads\/2019\/05\/Bedford-683x1024.jpeg\" alt=\"\" class=\"wp-image-1931\" srcset=\"https:\/\/patrimoineduquebec.com\/eglisesduquebec\/wp-content\/uploads\/2019\/05\/Bedford-683x1024.jpeg 683w, https:\/\/patrimoineduquebec.com\/eglisesduquebec\/wp-content\/uploads\/2019\/05\/Bedford-200x300.jpeg 200w, https:\/\/patrimoineduquebec.com\/eglisesduquebec\/wp-content\/uploads\/2019\/05\/Bedford-768x1151.jpeg 768w, https:\/\/patrimoineduquebec.com\/eglisesduquebec\/wp-content\/uploads\/2019\/05\/Bedford.jpeg 1657w\" sizes=\"auto, (max-width: 683px) 100vw, 683px\" \/><\/a><figcaption class=\"wp-element-caption\">Bedford <br>\u00c9glise Saint-Damien <br>1910-1911 <br>(Monique Bellemare)<\/figcaption><\/figure>\n\n\n\n<figure class=\"wp-block-image size-large\"><a href=\"https:\/\/patrimoineduquebec.com\/eglisesduquebec\/wp-content\/uploads\/2019\/05\/Beloeil-Our-lady-of-Fatima.jpeg\"><img loading=\"lazy\" decoding=\"async\" width=\"1024\" height=\"682\" data-id=\"1932\" src=\"https:\/\/patrimoineduquebec.com\/eglisesduquebec\/wp-content\/uploads\/2019\/05\/Beloeil-Our-lady-of-Fatima-1024x682.jpeg\" alt=\"\" class=\"wp-image-1932\" srcset=\"https:\/\/patrimoineduquebec.com\/eglisesduquebec\/wp-content\/uploads\/2019\/05\/Beloeil-Our-lady-of-Fatima-1024x682.jpeg 1024w, https:\/\/patrimoineduquebec.com\/eglisesduquebec\/wp-content\/uploads\/2019\/05\/Beloeil-Our-lady-of-Fatima-300x200.jpeg 300w, https:\/\/patrimoineduquebec.com\/eglisesduquebec\/wp-content\/uploads\/2019\/05\/Beloeil-Our-lady-of-Fatima-768x512.jpeg 768w\" sizes=\"auto, (max-width: 1024px) 100vw, 1024px\" \/><\/a><figcaption class=\"wp-element-caption\">Beloeil <br> \u00c9glise Our lady of Fatima (d\u00e9molie)<br>1959<br>(Monique Bellemare)<\/figcaption><\/figure>\n\n\n\n<figure class=\"wp-block-image size-large\"><a href=\"https:\/\/patrimoineduquebec.com\/eglisesduquebec\/wp-content\/uploads\/2019\/05\/Beloeil-St-Mathieu.jpeg\"><img loading=\"lazy\" decoding=\"async\" width=\"633\" height=\"1024\" data-id=\"1933\" src=\"https:\/\/patrimoineduquebec.com\/eglisesduquebec\/wp-content\/uploads\/2019\/05\/Beloeil-St-Mathieu-633x1024.jpeg\" alt=\"\" class=\"wp-image-1933\" srcset=\"https:\/\/patrimoineduquebec.com\/eglisesduquebec\/wp-content\/uploads\/2019\/05\/Beloeil-St-Mathieu-633x1024.jpeg 633w, https:\/\/patrimoineduquebec.com\/eglisesduquebec\/wp-content\/uploads\/2019\/05\/Beloeil-St-Mathieu-185x300.jpeg 185w, https:\/\/patrimoineduquebec.com\/eglisesduquebec\/wp-content\/uploads\/2019\/05\/Beloeil-St-Mathieu-768x1243.jpeg 768w, https:\/\/patrimoineduquebec.com\/eglisesduquebec\/wp-content\/uploads\/2019\/05\/Beloeil-St-Mathieu.jpeg 1261w\" sizes=\"auto, (max-width: 633px) 100vw, 633px\" \/><\/a><figcaption class=\"wp-element-caption\">Beloeil <br> \u00c9glise Saint-Matthieu (ferm\u00e9e)<br>1896<br>(Monique Bellemare)<\/figcaption><\/figure>\n\n\n\n<figure class=\"wp-block-image size-large\"><a href=\"https:\/\/patrimoineduquebec.com\/eglisesduquebec\/wp-content\/uploads\/2019\/05\/Beloeil-Ste-Maria-Goretti.jpeg\"><img loading=\"lazy\" decoding=\"async\" width=\"681\" height=\"1024\" data-id=\"1934\" src=\"https:\/\/patrimoineduquebec.com\/eglisesduquebec\/wp-content\/uploads\/2019\/05\/Beloeil-Ste-Maria-Goretti-681x1024.jpeg\" alt=\"\" class=\"wp-image-1934\" srcset=\"https:\/\/patrimoineduquebec.com\/eglisesduquebec\/wp-content\/uploads\/2019\/05\/Beloeil-Ste-Maria-Goretti-681x1024.jpeg 681w, https:\/\/patrimoineduquebec.com\/eglisesduquebec\/wp-content\/uploads\/2019\/05\/Beloeil-Ste-Maria-Goretti-199x300.jpeg 199w, https:\/\/patrimoineduquebec.com\/eglisesduquebec\/wp-content\/uploads\/2019\/05\/Beloeil-Ste-Maria-Goretti-768x1155.jpeg 768w, https:\/\/patrimoineduquebec.com\/eglisesduquebec\/wp-content\/uploads\/2019\/05\/Beloeil-Ste-Maria-Goretti.jpeg 1391w\" sizes=\"auto, (max-width: 681px) 100vw, 681px\" \/><\/a><figcaption class=\"wp-element-caption\">Beloeil<br> \u00c9glise Sainte-Maria-Goretti (d\u00e9molie)<br>1955-1956<br> (Monique Bellemare)<\/figcaption><\/figure>\n\n\n\n<figure class=\"wp-block-image size-large\"><a href=\"https:\/\/patrimoineduquebec.com\/eglisesduquebec\/wp-content\/uploads\/2024\/07\/1-scaled.jpg\"><img loading=\"lazy\" decoding=\"async\" width=\"1024\" height=\"768\" data-id=\"4673\" src=\"https:\/\/patrimoineduquebec.com\/eglisesduquebec\/wp-content\/uploads\/2024\/07\/1-1024x768.jpg\" alt=\"\" class=\"wp-image-4673\" srcset=\"https:\/\/patrimoineduquebec.com\/eglisesduquebec\/wp-content\/uploads\/2024\/07\/1-1024x768.jpg 1024w, https:\/\/patrimoineduquebec.com\/eglisesduquebec\/wp-content\/uploads\/2024\/07\/1-300x225.jpg 300w, https:\/\/patrimoineduquebec.com\/eglisesduquebec\/wp-content\/uploads\/2024\/07\/1-768x576.jpg 768w, https:\/\/patrimoineduquebec.com\/eglisesduquebec\/wp-content\/uploads\/2024\/07\/1-1536x1152.jpg 1536w, https:\/\/patrimoineduquebec.com\/eglisesduquebec\/wp-content\/uploads\/2024\/07\/1-2048x1536.jpg 2048w, https:\/\/patrimoineduquebec.com\/eglisesduquebec\/wp-content\/uploads\/2024\/07\/1-120x90.jpg 120w\" sizes=\"auto, (max-width: 1024px) 100vw, 1024px\" \/><\/a><figcaption class=\"wp-element-caption\">Beloeil<br> \u00c9glise Sainte-Maria-Goretti<br>2012<br> (G\u00e9rald Arbour)<\/figcaption><\/figure>\n\n\n\n<figure class=\"wp-block-image size-large\"><a href=\"https:\/\/patrimoineduquebec.com\/eglisesduquebec\/wp-content\/uploads\/2019\/05\/Brigham.jpg\"><img loading=\"lazy\" decoding=\"async\" width=\"768\" height=\"1024\" data-id=\"1935\" src=\"https:\/\/patrimoineduquebec.com\/eglisesduquebec\/wp-content\/uploads\/2019\/05\/Brigham-768x1024.jpg\" alt=\"\" class=\"wp-image-1935\" srcset=\"https:\/\/patrimoineduquebec.com\/eglisesduquebec\/wp-content\/uploads\/2019\/05\/Brigham-768x1024.jpg 768w, https:\/\/patrimoineduquebec.com\/eglisesduquebec\/wp-content\/uploads\/2019\/05\/Brigham-225x300.jpg 225w\" sizes=\"auto, (max-width: 768px) 100vw, 768px\" \/><\/a><figcaption class=\"wp-element-caption\">Brigham <br>\u00c9glise Sainte-Marie-M\u00e9diatrice <br>1925<br>(Monique Bellemare)<\/figcaption><\/figure>\n\n\n\n<figure class=\"wp-block-image size-large\"><a href=\"https:\/\/patrimoineduquebec.com\/eglisesduquebec\/wp-content\/uploads\/2019\/05\/Bromont.jpeg\"><img loading=\"lazy\" decoding=\"async\" width=\"768\" height=\"1024\" data-id=\"1936\" src=\"https:\/\/patrimoineduquebec.com\/eglisesduquebec\/wp-content\/uploads\/2019\/05\/Bromont-768x1024.jpeg\" alt=\"\" class=\"wp-image-1936\" srcset=\"https:\/\/patrimoineduquebec.com\/eglisesduquebec\/wp-content\/uploads\/2019\/05\/Bromont-768x1024.jpeg 768w, https:\/\/patrimoineduquebec.com\/eglisesduquebec\/wp-content\/uploads\/2019\/05\/Bromont-225x300.jpeg 225w\" sizes=\"auto, (max-width: 768px) 100vw, 768px\" \/><\/a><figcaption class=\"wp-element-caption\">Bromont  <br>\u00c9glise Saint-Fran\u00e7ois-Xavier <br>1889-1891 <br>(Monique Bellemare)<\/figcaption><\/figure>\n\n\n\n<figure class=\"wp-block-image size-large\"><a href=\"https:\/\/patrimoineduquebec.com\/eglisesduquebec\/wp-content\/uploads\/2019\/05\/Bromont-St-Vincent-Ferrier.jpeg\"><img loading=\"lazy\" decoding=\"async\" width=\"715\" height=\"1024\" data-id=\"1937\" src=\"https:\/\/patrimoineduquebec.com\/eglisesduquebec\/wp-content\/uploads\/2019\/05\/Bromont-St-Vincent-Ferrier-715x1024.jpeg\" alt=\"\" class=\"wp-image-1937\" srcset=\"https:\/\/patrimoineduquebec.com\/eglisesduquebec\/wp-content\/uploads\/2019\/05\/Bromont-St-Vincent-Ferrier-715x1024.jpeg 715w, https:\/\/patrimoineduquebec.com\/eglisesduquebec\/wp-content\/uploads\/2019\/05\/Bromont-St-Vincent-Ferrier-210x300.jpeg 210w, https:\/\/patrimoineduquebec.com\/eglisesduquebec\/wp-content\/uploads\/2019\/05\/Bromont-St-Vincent-Ferrier-768x1100.jpeg 768w, https:\/\/patrimoineduquebec.com\/eglisesduquebec\/wp-content\/uploads\/2019\/05\/Bromont-St-Vincent-Ferrier.jpeg 1561w\" sizes=\"auto, (max-width: 715px) 100vw, 715px\" \/><\/a><figcaption class=\"wp-element-caption\">Bromont (Adamsville)<br>\u00c9glise Saint-Vincent-Ferrier<br> 1932<br> (Monique Bellemare)<\/figcaption><\/figure>\n\n\n\n<figure class=\"wp-block-image size-large\"><a href=\"https:\/\/patrimoineduquebec.com\/eglisesduquebec\/wp-content\/uploads\/2019\/05\/Cowansville-Ste-Rose-de-Lima.jpg\"><img loading=\"lazy\" decoding=\"async\" width=\"768\" height=\"1024\" data-id=\"1938\" src=\"https:\/\/patrimoineduquebec.com\/eglisesduquebec\/wp-content\/uploads\/2019\/05\/Cowansville-Ste-Rose-de-Lima-768x1024.jpg\" alt=\"\" class=\"wp-image-1938\" srcset=\"https:\/\/patrimoineduquebec.com\/eglisesduquebec\/wp-content\/uploads\/2019\/05\/Cowansville-Ste-Rose-de-Lima-768x1024.jpg 768w, https:\/\/patrimoineduquebec.com\/eglisesduquebec\/wp-content\/uploads\/2019\/05\/Cowansville-Ste-Rose-de-Lima-225x300.jpg 225w, https:\/\/patrimoineduquebec.com\/eglisesduquebec\/wp-content\/uploads\/2019\/05\/Cowansville-Ste-Rose-de-Lima.jpg 1920w\" sizes=\"auto, (max-width: 768px) 100vw, 768px\" \/><\/a><figcaption class=\"wp-element-caption\">Cowansville <br>\u00c9glise Sainte-Rose-de-Lima <br>1888-1889 <br>(Monique Bellemare)<\/figcaption><\/figure>\n\n\n\n<figure class=\"wp-block-image size-large\"><a href=\"https:\/\/patrimoineduquebec.com\/eglisesduquebec\/wp-content\/uploads\/2019\/05\/Cowansville-Ste-Th\u00e9r\u00e8se.jpeg\"><img loading=\"lazy\" decoding=\"async\" width=\"704\" height=\"1024\" data-id=\"1939\" src=\"https:\/\/patrimoineduquebec.com\/eglisesduquebec\/wp-content\/uploads\/2019\/05\/Cowansville-Ste-Th\u00e9r\u00e8se-704x1024.jpeg\" alt=\"\" class=\"wp-image-1939\" srcset=\"https:\/\/patrimoineduquebec.com\/eglisesduquebec\/wp-content\/uploads\/2019\/05\/Cowansville-Ste-Th\u00e9r\u00e8se-704x1024.jpeg 704w, https:\/\/patrimoineduquebec.com\/eglisesduquebec\/wp-content\/uploads\/2019\/05\/Cowansville-Ste-Th\u00e9r\u00e8se-206x300.jpeg 206w, https:\/\/patrimoineduquebec.com\/eglisesduquebec\/wp-content\/uploads\/2019\/05\/Cowansville-Ste-Th\u00e9r\u00e8se-768x1117.jpeg 768w, https:\/\/patrimoineduquebec.com\/eglisesduquebec\/wp-content\/uploads\/2019\/05\/Cowansville-Ste-Th\u00e9r\u00e8se.jpeg 1726w\" sizes=\"auto, (max-width: 704px) 100vw, 704px\" \/><\/a><figcaption class=\"wp-element-caption\">Cowansville  <br>\u00c9glise Sainte-Th\u00e9r\u00e8se-de-l\u2019Enfant-J\u00e9sus <br>1949-1951 <br>(Monique Bellemare)<\/figcaption><\/figure>\n\n\n\n<figure class=\"wp-block-image size-large\"><a href=\"https:\/\/patrimoineduquebec.com\/eglisesduquebec\/wp-content\/uploads\/2019\/05\/Dunham.jpeg\"><img loading=\"lazy\" decoding=\"async\" width=\"700\" height=\"1024\" data-id=\"1940\" src=\"https:\/\/patrimoineduquebec.com\/eglisesduquebec\/wp-content\/uploads\/2019\/05\/Dunham-700x1024.jpeg\" alt=\"\" class=\"wp-image-1940\" srcset=\"https:\/\/patrimoineduquebec.com\/eglisesduquebec\/wp-content\/uploads\/2019\/05\/Dunham-700x1024.jpeg 700w, https:\/\/patrimoineduquebec.com\/eglisesduquebec\/wp-content\/uploads\/2019\/05\/Dunham-205x300.jpeg 205w, https:\/\/patrimoineduquebec.com\/eglisesduquebec\/wp-content\/uploads\/2019\/05\/Dunham-768x1124.jpeg 768w, https:\/\/patrimoineduquebec.com\/eglisesduquebec\/wp-content\/uploads\/2019\/05\/Dunham.jpeg 1731w\" sizes=\"auto, (max-width: 700px) 100vw, 700px\" \/><\/a><figcaption class=\"wp-element-caption\">Dunham <br>\u00c9glise Sainte-Croix (ferm\u00e9e)<br>1874-1875<br>(Monique Bellemare)<\/figcaption><\/figure>\n\n\n\n<figure class=\"wp-block-image size-large\"><a href=\"https:\/\/patrimoineduquebec.com\/eglisesduquebec\/wp-content\/uploads\/2019\/05\/Farnham-St-Fabien.jpg\"><img loading=\"lazy\" decoding=\"async\" width=\"768\" height=\"1024\" data-id=\"1941\" src=\"https:\/\/patrimoineduquebec.com\/eglisesduquebec\/wp-content\/uploads\/2019\/05\/Farnham-St-Fabien-768x1024.jpg\" alt=\"\" class=\"wp-image-1941\" srcset=\"https:\/\/patrimoineduquebec.com\/eglisesduquebec\/wp-content\/uploads\/2019\/05\/Farnham-St-Fabien-768x1024.jpg 768w, https:\/\/patrimoineduquebec.com\/eglisesduquebec\/wp-content\/uploads\/2019\/05\/Farnham-St-Fabien-225x300.jpg 225w\" sizes=\"auto, (max-width: 768px) 100vw, 768px\" \/><\/a><figcaption class=\"wp-element-caption\">Farnham  <br>\u00c9glise Saint-Fabien (d\u00e9molie)<br>1963-1964 <br>(Monique Bellemare)<\/figcaption><\/figure>\n\n\n\n<figure class=\"wp-block-image size-large\"><a href=\"https:\/\/patrimoineduquebec.com\/eglisesduquebec\/wp-content\/uploads\/2019\/05\/Farnham-St-Romuald.jpg\"><img loading=\"lazy\" decoding=\"async\" width=\"768\" height=\"1024\" data-id=\"1942\" src=\"https:\/\/patrimoineduquebec.com\/eglisesduquebec\/wp-content\/uploads\/2019\/05\/Farnham-St-Romuald-768x1024.jpg\" alt=\"\" class=\"wp-image-1942\" srcset=\"https:\/\/patrimoineduquebec.com\/eglisesduquebec\/wp-content\/uploads\/2019\/05\/Farnham-St-Romuald-768x1024.jpg 768w, https:\/\/patrimoineduquebec.com\/eglisesduquebec\/wp-content\/uploads\/2019\/05\/Farnham-St-Romuald-225x300.jpg 225w\" sizes=\"auto, (max-width: 768px) 100vw, 768px\" \/><\/a><figcaption class=\"wp-element-caption\">Farnham <br> \u00c9glise Saint-Romuald<br>1903-1905 <br>(Monique Bellemare)<\/figcaption><\/figure>\n\n\n\n<figure class=\"wp-block-image size-large\"><a href=\"https:\/\/patrimoineduquebec.com\/eglisesduquebec\/wp-content\/uploads\/2019\/05\/DSCN7908.jpeg\"><img loading=\"lazy\" decoding=\"async\" width=\"768\" height=\"1024\" data-id=\"1943\" src=\"https:\/\/patrimoineduquebec.com\/eglisesduquebec\/wp-content\/uploads\/2019\/05\/DSCN7908-768x1024.jpeg\" alt=\"\" class=\"wp-image-1943\" srcset=\"https:\/\/patrimoineduquebec.com\/eglisesduquebec\/wp-content\/uploads\/2019\/05\/DSCN7908-768x1024.jpeg 768w, https:\/\/patrimoineduquebec.com\/eglisesduquebec\/wp-content\/uploads\/2019\/05\/DSCN7908-225x300.jpeg 225w\" sizes=\"auto, (max-width: 768px) 100vw, 768px\" \/><\/a><figcaption class=\"wp-element-caption\">Frelighsburg  <br>\u00c9glise Saint-Fran\u00e7ois-d\u2019Assise (ferm\u00e9e)<br> 1884-1885 <br>(Monique Bellemare)<\/figcaption><\/figure>\n\n\n\n<figure class=\"wp-block-image size-large\"><a href=\"https:\/\/patrimoineduquebec.com\/eglisesduquebec\/wp-content\/uploads\/2019\/05\/Granby-Imm.-Conc.-de-la-B-V-M.jpeg\"><img loading=\"lazy\" decoding=\"async\" width=\"732\" height=\"1024\" data-id=\"1944\" src=\"https:\/\/patrimoineduquebec.com\/eglisesduquebec\/wp-content\/uploads\/2019\/05\/Granby-Imm.-Conc.-de-la-B-V-M-732x1024.jpeg\" alt=\"\" class=\"wp-image-1944\" srcset=\"https:\/\/patrimoineduquebec.com\/eglisesduquebec\/wp-content\/uploads\/2019\/05\/Granby-Imm.-Conc.-de-la-B-V-M-732x1024.jpeg 732w, https:\/\/patrimoineduquebec.com\/eglisesduquebec\/wp-content\/uploads\/2019\/05\/Granby-Imm.-Conc.-de-la-B-V-M-215x300.jpeg 215w, https:\/\/patrimoineduquebec.com\/eglisesduquebec\/wp-content\/uploads\/2019\/05\/Granby-Imm.-Conc.-de-la-B-V-M-768x1074.jpeg 768w, https:\/\/patrimoineduquebec.com\/eglisesduquebec\/wp-content\/uploads\/2019\/05\/Granby-Imm.-Conc.-de-la-B-V-M.jpeg 1704w\" sizes=\"auto, (max-width: 732px) 100vw, 732px\" \/><\/a><figcaption class=\"wp-element-caption\">Granby <br> \u00c9glise Immacul\u00e9e-Conception-de-la-Bienheureuse-Vierge-Marie <br>1962 <br>(Monique Bellemare)<\/figcaption><\/figure>\n\n\n\n<figure class=\"wp-block-image size-large\"><a href=\"https:\/\/patrimoineduquebec.com\/eglisesduquebec\/wp-content\/uploads\/2019\/05\/Granby-Assomption.jpeg\"><img loading=\"lazy\" decoding=\"async\" width=\"692\" height=\"1024\" data-id=\"1945\" src=\"https:\/\/patrimoineduquebec.com\/eglisesduquebec\/wp-content\/uploads\/2019\/05\/Granby-Assomption-692x1024.jpeg\" alt=\"\" class=\"wp-image-1945\" srcset=\"https:\/\/patrimoineduquebec.com\/eglisesduquebec\/wp-content\/uploads\/2019\/05\/Granby-Assomption-692x1024.jpeg 692w, https:\/\/patrimoineduquebec.com\/eglisesduquebec\/wp-content\/uploads\/2019\/05\/Granby-Assomption-203x300.jpeg 203w, https:\/\/patrimoineduquebec.com\/eglisesduquebec\/wp-content\/uploads\/2019\/05\/Granby-Assomption-768x1137.jpeg 768w, https:\/\/patrimoineduquebec.com\/eglisesduquebec\/wp-content\/uploads\/2019\/05\/Granby-Assomption.jpeg 1654w\" sizes=\"auto, (max-width: 692px) 100vw, 692px\" \/><\/a><figcaption class=\"wp-element-caption\">Granby <br> \u00c9glise L\u2019Assomption-de-la-Bienheureuse-Vierge-Marie (ferm\u00e9e)<br>1949-1950 <br>(Monique Bellemare)<\/figcaption><\/figure>\n\n\n\n<figure class=\"wp-block-image size-large\"><a href=\"https:\/\/patrimoineduquebec.com\/eglisesduquebec\/wp-content\/uploads\/2019\/05\/Granby-Notre-Dame.jpeg\"><img loading=\"lazy\" decoding=\"async\" width=\"714\" height=\"1024\" data-id=\"1946\" src=\"https:\/\/patrimoineduquebec.com\/eglisesduquebec\/wp-content\/uploads\/2019\/05\/Granby-Notre-Dame-714x1024.jpeg\" alt=\"\" class=\"wp-image-1946\" srcset=\"https:\/\/patrimoineduquebec.com\/eglisesduquebec\/wp-content\/uploads\/2019\/05\/Granby-Notre-Dame-714x1024.jpeg 714w, https:\/\/patrimoineduquebec.com\/eglisesduquebec\/wp-content\/uploads\/2019\/05\/Granby-Notre-Dame-209x300.jpeg 209w, https:\/\/patrimoineduquebec.com\/eglisesduquebec\/wp-content\/uploads\/2019\/05\/Granby-Notre-Dame-768x1101.jpeg 768w, https:\/\/patrimoineduquebec.com\/eglisesduquebec\/wp-content\/uploads\/2019\/05\/Granby-Notre-Dame.jpeg 1680w\" sizes=\"auto, (max-width: 714px) 100vw, 714px\" \/><\/a><figcaption class=\"wp-element-caption\">Granby <br> \u00c9glise Notre-Dame (ferm\u00e9e)<br>1900-1906<br> (Monique Bellemare)<\/figcaption><\/figure>\n\n\n\n<figure class=\"wp-block-image size-large\"><a href=\"https:\/\/patrimoineduquebec.com\/eglisesduquebec\/wp-content\/uploads\/2019\/05\/Granby-St-Benoit.jpeg\"><img loading=\"lazy\" decoding=\"async\" width=\"1024\" height=\"768\" data-id=\"1947\" src=\"https:\/\/patrimoineduquebec.com\/eglisesduquebec\/wp-content\/uploads\/2019\/05\/Granby-St-Benoit-1024x768.jpeg\" alt=\"\" class=\"wp-image-1947\" srcset=\"https:\/\/patrimoineduquebec.com\/eglisesduquebec\/wp-content\/uploads\/2019\/05\/Granby-St-Benoit-1024x768.jpeg 1024w, https:\/\/patrimoineduquebec.com\/eglisesduquebec\/wp-content\/uploads\/2019\/05\/Granby-St-Benoit-300x225.jpeg 300w, https:\/\/patrimoineduquebec.com\/eglisesduquebec\/wp-content\/uploads\/2019\/05\/Granby-St-Benoit-768x576.jpeg 768w, https:\/\/patrimoineduquebec.com\/eglisesduquebec\/wp-content\/uploads\/2019\/05\/Granby-St-Benoit-120x90.jpeg 120w\" sizes=\"auto, (max-width: 1024px) 100vw, 1024px\" \/><\/a><figcaption class=\"wp-element-caption\">Granby  <br>\u00c9glise Saint-Beno\u00eet (ferm\u00e9e)<br>1949-1950<br>(Monique Bellemare)<\/figcaption><\/figure>\n\n\n\n<figure class=\"wp-block-image size-large\"><a href=\"https:\/\/patrimoineduquebec.com\/eglisesduquebec\/wp-content\/uploads\/2019\/05\/Granby-St-Eugene.jpeg\"><img loading=\"lazy\" decoding=\"async\" width=\"678\" height=\"1024\" data-id=\"1948\" src=\"https:\/\/patrimoineduquebec.com\/eglisesduquebec\/wp-content\/uploads\/2019\/05\/Granby-St-Eugene-678x1024.jpeg\" alt=\"\" class=\"wp-image-1948\" srcset=\"https:\/\/patrimoineduquebec.com\/eglisesduquebec\/wp-content\/uploads\/2019\/05\/Granby-St-Eugene-678x1024.jpeg 678w, https:\/\/patrimoineduquebec.com\/eglisesduquebec\/wp-content\/uploads\/2019\/05\/Granby-St-Eugene-198x300.jpeg 198w, https:\/\/patrimoineduquebec.com\/eglisesduquebec\/wp-content\/uploads\/2019\/05\/Granby-St-Eugene-768x1161.jpeg 768w, https:\/\/patrimoineduquebec.com\/eglisesduquebec\/wp-content\/uploads\/2019\/05\/Granby-St-Eugene.jpeg 1578w\" sizes=\"auto, (max-width: 678px) 100vw, 678px\" \/><\/a><figcaption class=\"wp-element-caption\">Granby <br> \u00c9glise Saint-Eug\u00e8ne (ferm\u00e9e)<br>1941-1942 <br>(Monique Bellemare)<\/figcaption><\/figure>\n\n\n\n<figure class=\"wp-block-image size-large\"><a href=\"https:\/\/patrimoineduquebec.com\/eglisesduquebec\/wp-content\/uploads\/2019\/05\/Granby-St-Joseph.jpeg\"><img loading=\"lazy\" decoding=\"async\" width=\"768\" height=\"1024\" data-id=\"1949\" src=\"https:\/\/patrimoineduquebec.com\/eglisesduquebec\/wp-content\/uploads\/2019\/05\/Granby-St-Joseph-768x1024.jpeg\" alt=\"\" class=\"wp-image-1949\" srcset=\"https:\/\/patrimoineduquebec.com\/eglisesduquebec\/wp-content\/uploads\/2019\/05\/Granby-St-Joseph-768x1024.jpeg 768w, https:\/\/patrimoineduquebec.com\/eglisesduquebec\/wp-content\/uploads\/2019\/05\/Granby-St-Joseph-225x300.jpeg 225w, https:\/\/patrimoineduquebec.com\/eglisesduquebec\/wp-content\/uploads\/2019\/05\/Granby-St-Joseph.jpeg 1920w\" sizes=\"auto, (max-width: 768px) 100vw, 768px\" \/><\/a><figcaption class=\"wp-element-caption\">Granby <br> \u00c9glise Saint-Joseph (d\u00e9molie)<br> 1949-1950<br> (Monique Bellemare)<\/figcaption><\/figure>\n\n\n\n<figure class=\"wp-block-image size-large\"><a href=\"https:\/\/patrimoineduquebec.com\/eglisesduquebec\/wp-content\/uploads\/2019\/05\/Granby-St-Luc.jpeg\"><img loading=\"lazy\" decoding=\"async\" width=\"671\" height=\"1024\" data-id=\"1950\" src=\"https:\/\/patrimoineduquebec.com\/eglisesduquebec\/wp-content\/uploads\/2019\/05\/Granby-St-Luc-671x1024.jpeg\" alt=\"\" class=\"wp-image-1950\" srcset=\"https:\/\/patrimoineduquebec.com\/eglisesduquebec\/wp-content\/uploads\/2019\/05\/Granby-St-Luc-671x1024.jpeg 671w, https:\/\/patrimoineduquebec.com\/eglisesduquebec\/wp-content\/uploads\/2019\/05\/Granby-St-Luc-197x300.jpeg 197w, https:\/\/patrimoineduquebec.com\/eglisesduquebec\/wp-content\/uploads\/2019\/05\/Granby-St-Luc-768x1172.jpeg 768w, https:\/\/patrimoineduquebec.com\/eglisesduquebec\/wp-content\/uploads\/2019\/05\/Granby-St-Luc.jpeg 1627w\" sizes=\"auto, (max-width: 671px) 100vw, 671px\" \/><\/a><figcaption class=\"wp-element-caption\">Granby <br> \u00c9glise Saint-Luc <br>1961-1962<br>(Monique Bellemare)<\/figcaption><\/figure>\n\n\n\n<figure class=\"wp-block-image size-large\"><a href=\"https:\/\/patrimoineduquebec.com\/eglisesduquebec\/wp-content\/uploads\/2019\/05\/Granby-St-Patrick.jpeg\"><img loading=\"lazy\" decoding=\"async\" width=\"759\" height=\"1024\" data-id=\"1951\" src=\"https:\/\/patrimoineduquebec.com\/eglisesduquebec\/wp-content\/uploads\/2019\/05\/Granby-St-Patrick-759x1024.jpeg\" alt=\"\" class=\"wp-image-1951\" srcset=\"https:\/\/patrimoineduquebec.com\/eglisesduquebec\/wp-content\/uploads\/2019\/05\/Granby-St-Patrick-759x1024.jpeg 759w, https:\/\/patrimoineduquebec.com\/eglisesduquebec\/wp-content\/uploads\/2019\/05\/Granby-St-Patrick-222x300.jpeg 222w, https:\/\/patrimoineduquebec.com\/eglisesduquebec\/wp-content\/uploads\/2019\/05\/Granby-St-Patrick-768x1037.jpeg 768w, https:\/\/patrimoineduquebec.com\/eglisesduquebec\/wp-content\/uploads\/2019\/05\/Granby-St-Patrick.jpeg 1726w\" sizes=\"auto, (max-width: 759px) 100vw, 759px\" \/><\/a><figcaption class=\"wp-element-caption\">Granby <br> \u00c9glise Saint-Patrick et Granby United <br>1950<br> (Monique Bellemare)<\/figcaption><\/figure>\n\n\n\n<figure class=\"wp-block-image size-large\"><a href=\"https:\/\/patrimoineduquebec.com\/eglisesduquebec\/wp-content\/uploads\/2019\/05\/Granby-Ste-Famille.jpeg\"><img loading=\"lazy\" decoding=\"async\" width=\"696\" height=\"1024\" data-id=\"1952\" src=\"https:\/\/patrimoineduquebec.com\/eglisesduquebec\/wp-content\/uploads\/2019\/05\/Granby-Ste-Famille-696x1024.jpeg\" alt=\"\" class=\"wp-image-1952\" srcset=\"https:\/\/patrimoineduquebec.com\/eglisesduquebec\/wp-content\/uploads\/2019\/05\/Granby-Ste-Famille-696x1024.jpeg 696w, https:\/\/patrimoineduquebec.com\/eglisesduquebec\/wp-content\/uploads\/2019\/05\/Granby-Ste-Famille-204x300.jpeg 204w, https:\/\/patrimoineduquebec.com\/eglisesduquebec\/wp-content\/uploads\/2019\/05\/Granby-Ste-Famille-768x1130.jpeg 768w, https:\/\/patrimoineduquebec.com\/eglisesduquebec\/wp-content\/uploads\/2019\/05\/Granby-Ste-Famille.jpeg 1527w\" sizes=\"auto, (max-width: 696px) 100vw, 696px\" \/><\/a><figcaption class=\"wp-element-caption\">Granby  <br>\u00c9glise Sainte-Famille<br>1930-1931 <br>(Monique Bellemare)<\/figcaption><\/figure>\n\n\n\n<figure class=\"wp-block-image size-large\"><a href=\"https:\/\/patrimoineduquebec.com\/eglisesduquebec\/wp-content\/uploads\/2019\/05\/Granby-Tr\u00e8s-Ste-Trinit\u00e9.jpg\"><img loading=\"lazy\" decoding=\"async\" width=\"1024\" height=\"683\" data-id=\"1953\" src=\"https:\/\/patrimoineduquebec.com\/eglisesduquebec\/wp-content\/uploads\/2019\/05\/Granby-Tr\u00e8s-Ste-Trinit\u00e9-1024x683.jpg\" alt=\"\" class=\"wp-image-1953\" srcset=\"https:\/\/patrimoineduquebec.com\/eglisesduquebec\/wp-content\/uploads\/2019\/05\/Granby-Tr\u00e8s-Ste-Trinit\u00e9-1024x683.jpg 1024w, https:\/\/patrimoineduquebec.com\/eglisesduquebec\/wp-content\/uploads\/2019\/05\/Granby-Tr\u00e8s-Ste-Trinit\u00e9-300x200.jpg 300w, https:\/\/patrimoineduquebec.com\/eglisesduquebec\/wp-content\/uploads\/2019\/05\/Granby-Tr\u00e8s-Ste-Trinit\u00e9-768x512.jpg 768w, https:\/\/patrimoineduquebec.com\/eglisesduquebec\/wp-content\/uploads\/2019\/05\/Granby-Tr\u00e8s-Ste-Trinit\u00e9.jpg 1965w\" sizes=\"auto, (max-width: 1024px) 100vw, 1024px\" \/><\/a><figcaption class=\"wp-element-caption\">Granby <br>Chapelle Tr\u00e8s-Sainte-Trinit\u00e9 <br>1955-1957 <br>(Monique Bellemare)<\/figcaption><\/figure>\n\n\n\n<figure class=\"wp-block-image size-large\"><a href=\"https:\/\/patrimoineduquebec.com\/eglisesduquebec\/wp-content\/uploads\/2019\/05\/Henryville.jpeg\"><img loading=\"lazy\" decoding=\"async\" width=\"768\" height=\"1024\" data-id=\"1954\" src=\"https:\/\/patrimoineduquebec.com\/eglisesduquebec\/wp-content\/uploads\/2019\/05\/Henryville-768x1024.jpeg\" alt=\"\" class=\"wp-image-1954\" srcset=\"https:\/\/patrimoineduquebec.com\/eglisesduquebec\/wp-content\/uploads\/2019\/05\/Henryville-768x1024.jpeg 768w, https:\/\/patrimoineduquebec.com\/eglisesduquebec\/wp-content\/uploads\/2019\/05\/Henryville-225x300.jpeg 225w\" sizes=\"auto, (max-width: 768px) 100vw, 768px\" \/><\/a><figcaption class=\"wp-element-caption\">Henryville <br>\u00c9glise Saint-Georges (ferm\u00e9e)<br>1846-1848<br>(Monique Bellemare)<\/figcaption><\/figure>\n\n\n\n<figure class=\"wp-block-image size-large\"><a href=\"https:\/\/patrimoineduquebec.com\/eglisesduquebec\/wp-content\/uploads\/2019\/05\/La-Pr\u00e9sentation.jpg\"><img loading=\"lazy\" decoding=\"async\" width=\"767\" height=\"1024\" data-id=\"1955\" src=\"https:\/\/patrimoineduquebec.com\/eglisesduquebec\/wp-content\/uploads\/2019\/05\/La-Pr\u00e9sentation-767x1024.jpg\" alt=\"\" class=\"wp-image-1955\" srcset=\"https:\/\/patrimoineduquebec.com\/eglisesduquebec\/wp-content\/uploads\/2019\/05\/La-Pr\u00e9sentation-767x1024.jpg 767w, https:\/\/patrimoineduquebec.com\/eglisesduquebec\/wp-content\/uploads\/2019\/05\/La-Pr\u00e9sentation-225x300.jpg 225w, https:\/\/patrimoineduquebec.com\/eglisesduquebec\/wp-content\/uploads\/2019\/05\/La-Pr\u00e9sentation-768x1025.jpg 768w, https:\/\/patrimoineduquebec.com\/eglisesduquebec\/wp-content\/uploads\/2019\/05\/La-Pr\u00e9sentation.jpg 1784w\" sizes=\"auto, (max-width: 767px) 100vw, 767px\" \/><\/a><figcaption class=\"wp-element-caption\">La Pr\u00e9sentation <br>\u00c9glise La-Pr\u00e9sentation-de-la-Sainte-Vierge <br>1817-1820 <br>(Monique Bellemare)<\/figcaption><\/figure>\n\n\n\n<figure class=\"wp-block-image size-large\"><a href=\"https:\/\/patrimoineduquebec.com\/eglisesduquebec\/wp-content\/uploads\/2019\/05\/Lac-Brome.jpeg\"><img loading=\"lazy\" decoding=\"async\" width=\"701\" height=\"1024\" data-id=\"1956\" src=\"https:\/\/patrimoineduquebec.com\/eglisesduquebec\/wp-content\/uploads\/2019\/05\/Lac-Brome-701x1024.jpeg\" alt=\"\" class=\"wp-image-1956\" srcset=\"https:\/\/patrimoineduquebec.com\/eglisesduquebec\/wp-content\/uploads\/2019\/05\/Lac-Brome-701x1024.jpeg 701w, https:\/\/patrimoineduquebec.com\/eglisesduquebec\/wp-content\/uploads\/2019\/05\/Lac-Brome-205x300.jpeg 205w, https:\/\/patrimoineduquebec.com\/eglisesduquebec\/wp-content\/uploads\/2019\/05\/Lac-Brome-768x1122.jpeg 768w, https:\/\/patrimoineduquebec.com\/eglisesduquebec\/wp-content\/uploads\/2019\/05\/Lac-Brome.jpeg 1668w\" sizes=\"auto, (max-width: 701px) 100vw, 701px\" \/><\/a><figcaption class=\"wp-element-caption\">Lac-Brome <br>\u00c9glise Saint-\u00c9douard <br>1868 <br>(Monique Bellemare)<\/figcaption><\/figure>\n\n\n\n<figure class=\"wp-block-image size-large\"><a href=\"https:\/\/patrimoineduquebec.com\/eglisesduquebec\/wp-content\/uploads\/2020\/08\/lac-brome-knowlton-chemin-knowlton-G\u00e9rald-Arbour-N2.jpeg\"><img loading=\"lazy\" decoding=\"async\" width=\"1024\" height=\"768\" data-id=\"3980\" src=\"https:\/\/patrimoineduquebec.com\/eglisesduquebec\/wp-content\/uploads\/2020\/08\/lac-brome-knowlton-chemin-knowlton-G\u00e9rald-Arbour-N2-1024x768.jpeg\" alt=\"\" class=\"wp-image-3980\" srcset=\"https:\/\/patrimoineduquebec.com\/eglisesduquebec\/wp-content\/uploads\/2020\/08\/lac-brome-knowlton-chemin-knowlton-G\u00e9rald-Arbour-N2-1024x768.jpeg 1024w, https:\/\/patrimoineduquebec.com\/eglisesduquebec\/wp-content\/uploads\/2020\/08\/lac-brome-knowlton-chemin-knowlton-G\u00e9rald-Arbour-N2-300x225.jpeg 300w, https:\/\/patrimoineduquebec.com\/eglisesduquebec\/wp-content\/uploads\/2020\/08\/lac-brome-knowlton-chemin-knowlton-G\u00e9rald-Arbour-N2-768x576.jpeg 768w, https:\/\/patrimoineduquebec.com\/eglisesduquebec\/wp-content\/uploads\/2020\/08\/lac-brome-knowlton-chemin-knowlton-G\u00e9rald-Arbour-N2-1536x1152.jpeg 1536w, https:\/\/patrimoineduquebec.com\/eglisesduquebec\/wp-content\/uploads\/2020\/08\/lac-brome-knowlton-chemin-knowlton-G\u00e9rald-Arbour-N2-2048x1536.jpeg 2048w, https:\/\/patrimoineduquebec.com\/eglisesduquebec\/wp-content\/uploads\/2020\/08\/lac-brome-knowlton-chemin-knowlton-G\u00e9rald-Arbour-N2-120x90.jpeg 120w\" sizes=\"auto, (max-width: 1024px) 100vw, 1024px\" \/><\/a><figcaption class=\"wp-element-caption\">Lac-Brome (Knowlton)<br>Chapelle Saint-\u00c9douard<br>1963<br>(G\u00e9rald Arbour)<\/figcaption><\/figure>\n\n\n\n<figure class=\"wp-block-image size-large\"><a href=\"https:\/\/patrimoineduquebec.com\/eglisesduquebec\/wp-content\/uploads\/2019\/05\/P1010773-\u00c9glise-St-Nom-de-Marie-Marieville.jpeg\"><img loading=\"lazy\" decoding=\"async\" width=\"684\" height=\"1024\" data-id=\"1957\" src=\"https:\/\/patrimoineduquebec.com\/eglisesduquebec\/wp-content\/uploads\/2019\/05\/P1010773-\u00c9glise-St-Nom-de-Marie-Marieville-684x1024.jpeg\" alt=\"\" class=\"wp-image-1957\" srcset=\"https:\/\/patrimoineduquebec.com\/eglisesduquebec\/wp-content\/uploads\/2019\/05\/P1010773-\u00c9glise-St-Nom-de-Marie-Marieville-684x1024.jpeg 684w, https:\/\/patrimoineduquebec.com\/eglisesduquebec\/wp-content\/uploads\/2019\/05\/P1010773-\u00c9glise-St-Nom-de-Marie-Marieville-200x300.jpeg 200w, https:\/\/patrimoineduquebec.com\/eglisesduquebec\/wp-content\/uploads\/2019\/05\/P1010773-\u00c9glise-St-Nom-de-Marie-Marieville-768x1150.jpeg 768w\" sizes=\"auto, (max-width: 684px) 100vw, 684px\" \/><\/a><figcaption class=\"wp-element-caption\">Marieville<br> \u00c9glise Saint-Nom-de-Marie (ferm\u00e9e)<br>1918-1920 <br>(Paul Turcotte)<\/figcaption><\/figure>\n\n\n\n<figure class=\"wp-block-image size-large\"><a href=\"https:\/\/patrimoineduquebec.com\/eglisesduquebec\/wp-content\/uploads\/2019\/05\/Massueville.jpeg\"><img loading=\"lazy\" decoding=\"async\" width=\"698\" height=\"1024\" data-id=\"1958\" src=\"https:\/\/patrimoineduquebec.com\/eglisesduquebec\/wp-content\/uploads\/2019\/05\/Massueville-698x1024.jpeg\" alt=\"\" class=\"wp-image-1958\" srcset=\"https:\/\/patrimoineduquebec.com\/eglisesduquebec\/wp-content\/uploads\/2019\/05\/Massueville-698x1024.jpeg 698w, https:\/\/patrimoineduquebec.com\/eglisesduquebec\/wp-content\/uploads\/2019\/05\/Massueville-204x300.jpeg 204w, https:\/\/patrimoineduquebec.com\/eglisesduquebec\/wp-content\/uploads\/2019\/05\/Massueville-768x1127.jpeg 768w, https:\/\/patrimoineduquebec.com\/eglisesduquebec\/wp-content\/uploads\/2019\/05\/Massueville.jpeg 1299w\" sizes=\"auto, (max-width: 698px) 100vw, 698px\" \/><\/a><figcaption class=\"wp-element-caption\">Massueville <br>\u00c9glise Saint-Aim\u00e9 (ferm\u00e9e)<br> 1906-1907<br> (Monique Bellemare)<\/figcaption><\/figure>\n\n\n\n<figure class=\"wp-block-image size-large\"><a href=\"https:\/\/patrimoineduquebec.com\/eglisesduquebec\/wp-content\/uploads\/2019\/05\/McMasterville.jpeg\"><img loading=\"lazy\" decoding=\"async\" width=\"669\" height=\"1024\" data-id=\"1959\" src=\"https:\/\/patrimoineduquebec.com\/eglisesduquebec\/wp-content\/uploads\/2019\/05\/McMasterville-669x1024.jpeg\" alt=\"\" class=\"wp-image-1959\" srcset=\"https:\/\/patrimoineduquebec.com\/eglisesduquebec\/wp-content\/uploads\/2019\/05\/McMasterville-669x1024.jpeg 669w, https:\/\/patrimoineduquebec.com\/eglisesduquebec\/wp-content\/uploads\/2019\/05\/McMasterville-196x300.jpeg 196w, https:\/\/patrimoineduquebec.com\/eglisesduquebec\/wp-content\/uploads\/2019\/05\/McMasterville-768x1176.jpeg 768w, https:\/\/patrimoineduquebec.com\/eglisesduquebec\/wp-content\/uploads\/2019\/05\/McMasterville.jpeg 1290w\" sizes=\"auto, (max-width: 669px) 100vw, 669px\" \/><\/a><figcaption class=\"wp-element-caption\">McMasterville<br> \u00c9glise Sacr\u00e9-Coeur-de-J\u00e9sus (ferm\u00e9e)<br>1924 <br>(Monique Bellemare)<\/figcaption><\/figure>\n\n\n\n<figure class=\"wp-block-image size-large\"><a href=\"https:\/\/patrimoineduquebec.com\/eglisesduquebec\/wp-content\/uploads\/2019\/05\/Mont-St-Gr\u00e9goire.jpeg\"><img loading=\"lazy\" decoding=\"async\" width=\"683\" height=\"1024\" data-id=\"1960\" src=\"https:\/\/patrimoineduquebec.com\/eglisesduquebec\/wp-content\/uploads\/2019\/05\/Mont-St-Gr\u00e9goire-683x1024.jpeg\" alt=\"\" class=\"wp-image-1960\" srcset=\"https:\/\/patrimoineduquebec.com\/eglisesduquebec\/wp-content\/uploads\/2019\/05\/Mont-St-Gr\u00e9goire-683x1024.jpeg 683w, https:\/\/patrimoineduquebec.com\/eglisesduquebec\/wp-content\/uploads\/2019\/05\/Mont-St-Gr\u00e9goire-200x300.jpeg 200w, https:\/\/patrimoineduquebec.com\/eglisesduquebec\/wp-content\/uploads\/2019\/05\/Mont-St-Gr\u00e9goire-768x1152.jpeg 768w, https:\/\/patrimoineduquebec.com\/eglisesduquebec\/wp-content\/uploads\/2019\/05\/Mont-St-Gr\u00e9goire.jpeg 1827w\" sizes=\"auto, (max-width: 683px) 100vw, 683px\" \/><\/a><figcaption class=\"wp-element-caption\">Mont-Saint-Gr\u00e9goire<br>\u00c9glise Saint-Gr\u00e9goire-le-Grand (ferm\u00e9e)<br>1850-1852 <br>(Monique Bellemare)<\/figcaption><\/figure>\n\n\n\n<figure class=\"wp-block-image size-large\"><a href=\"https:\/\/patrimoineduquebec.com\/eglisesduquebec\/wp-content\/uploads\/2019\/05\/Mont-St-Hilaire.jpeg\"><img loading=\"lazy\" decoding=\"async\" width=\"768\" height=\"1024\" data-id=\"1961\" src=\"https:\/\/patrimoineduquebec.com\/eglisesduquebec\/wp-content\/uploads\/2019\/05\/Mont-St-Hilaire-768x1024.jpeg\" alt=\"\" class=\"wp-image-1961\" srcset=\"https:\/\/patrimoineduquebec.com\/eglisesduquebec\/wp-content\/uploads\/2019\/05\/Mont-St-Hilaire-768x1024.jpeg 768w, https:\/\/patrimoineduquebec.com\/eglisesduquebec\/wp-content\/uploads\/2019\/05\/Mont-St-Hilaire-225x300.jpeg 225w, https:\/\/patrimoineduquebec.com\/eglisesduquebec\/wp-content\/uploads\/2019\/05\/Mont-St-Hilaire.jpeg 1920w\" sizes=\"auto, (max-width: 768px) 100vw, 768px\" \/><\/a><figcaption class=\"wp-element-caption\">Mont-Saint-Hilaire <br>\u00c9glise Saint-Hilaire<br> 1830-1837<br> (Monique Bellemare)<\/figcaption><\/figure>\n\n\n\n<figure class=\"wp-block-image size-large\"><a href=\"https:\/\/patrimoineduquebec.com\/eglisesduquebec\/wp-content\/uploads\/2019\/05\/Notre-Dame-de-Stanbridge.jpeg\"><img loading=\"lazy\" decoding=\"async\" width=\"779\" height=\"1024\" data-id=\"1962\" src=\"https:\/\/patrimoineduquebec.com\/eglisesduquebec\/wp-content\/uploads\/2019\/05\/Notre-Dame-de-Stanbridge-779x1024.jpeg\" alt=\"\" class=\"wp-image-1962\" srcset=\"https:\/\/patrimoineduquebec.com\/eglisesduquebec\/wp-content\/uploads\/2019\/05\/Notre-Dame-de-Stanbridge-779x1024.jpeg 779w, https:\/\/patrimoineduquebec.com\/eglisesduquebec\/wp-content\/uploads\/2019\/05\/Notre-Dame-de-Stanbridge-228x300.jpeg 228w, https:\/\/patrimoineduquebec.com\/eglisesduquebec\/wp-content\/uploads\/2019\/05\/Notre-Dame-de-Stanbridge-768x1010.jpeg 768w\" sizes=\"auto, (max-width: 779px) 100vw, 779px\" \/><\/a><figcaption class=\"wp-element-caption\">Notre-Dame-de-Stanbridge <br>\u00c9glise Notre-Dame-des-Anges (ferm\u00e9e)<br>1878-1879 <br>(Monique Bellemare)<\/figcaption><\/figure>\n\n\n\n<figure class=\"wp-block-image size-large\"><a href=\"https:\/\/patrimoineduquebec.com\/eglisesduquebec\/wp-content\/uploads\/2019\/05\/OtterburnPark.jpeg\"><img loading=\"lazy\" decoding=\"async\" width=\"796\" height=\"1024\" data-id=\"1963\" src=\"https:\/\/patrimoineduquebec.com\/eglisesduquebec\/wp-content\/uploads\/2019\/05\/OtterburnPark-796x1024.jpeg\" alt=\"\" class=\"wp-image-1963\" srcset=\"https:\/\/patrimoineduquebec.com\/eglisesduquebec\/wp-content\/uploads\/2019\/05\/OtterburnPark-796x1024.jpeg 796w, https:\/\/patrimoineduquebec.com\/eglisesduquebec\/wp-content\/uploads\/2019\/05\/OtterburnPark-233x300.jpeg 233w, https:\/\/patrimoineduquebec.com\/eglisesduquebec\/wp-content\/uploads\/2019\/05\/OtterburnPark-768x988.jpeg 768w, https:\/\/patrimoineduquebec.com\/eglisesduquebec\/wp-content\/uploads\/2019\/05\/OtterburnPark.jpeg 1706w\" sizes=\"auto, (max-width: 796px) 100vw, 796px\" \/><\/a><figcaption class=\"wp-element-caption\">Otterburn Park <br>\u00c9glise Notre-Dame-du-Bon-Conseil <br>1919-1920 <br>(Monique Bellemare)<\/figcaption><\/figure>\n\n\n\n<figure class=\"wp-block-image size-large\"><a href=\"https:\/\/patrimoineduquebec.com\/eglisesduquebec\/wp-content\/uploads\/2019\/05\/St-Pierre-V\u00e9rone-\u00e0-Pike-River.jpeg\"><img loading=\"lazy\" decoding=\"async\" width=\"768\" height=\"1024\" data-id=\"1964\" src=\"https:\/\/patrimoineduquebec.com\/eglisesduquebec\/wp-content\/uploads\/2019\/05\/St-Pierre-V\u00e9rone-\u00e0-Pike-River-768x1024.jpeg\" alt=\"\" class=\"wp-image-1964\" srcset=\"https:\/\/patrimoineduquebec.com\/eglisesduquebec\/wp-content\/uploads\/2019\/05\/St-Pierre-V\u00e9rone-\u00e0-Pike-River-768x1024.jpeg 768w, https:\/\/patrimoineduquebec.com\/eglisesduquebec\/wp-content\/uploads\/2019\/05\/St-Pierre-V\u00e9rone-\u00e0-Pike-River-225x300.jpeg 225w\" sizes=\"auto, (max-width: 768px) 100vw, 768px\" \/><\/a><figcaption class=\"wp-element-caption\">Pike-River <br>\u00c9glise Saint-Pierre-de-V\u00e9rone (ferm\u00e9e)<br>1907-1908<br> (Monique Bellemare)<\/figcaption><\/figure>\n\n\n\n<figure class=\"wp-block-image size-large\"><a href=\"https:\/\/patrimoineduquebec.com\/eglisesduquebec\/wp-content\/uploads\/2019\/05\/Richelieu.jpg\"><img loading=\"lazy\" decoding=\"async\" width=\"768\" height=\"1024\" data-id=\"1965\" src=\"https:\/\/patrimoineduquebec.com\/eglisesduquebec\/wp-content\/uploads\/2019\/05\/Richelieu-768x1024.jpg\" alt=\"\" class=\"wp-image-1965\" srcset=\"https:\/\/patrimoineduquebec.com\/eglisesduquebec\/wp-content\/uploads\/2019\/05\/Richelieu-768x1024.jpg 768w, https:\/\/patrimoineduquebec.com\/eglisesduquebec\/wp-content\/uploads\/2019\/05\/Richelieu-225x300.jpg 225w, https:\/\/patrimoineduquebec.com\/eglisesduquebec\/wp-content\/uploads\/2019\/05\/Richelieu.jpg 1920w\" sizes=\"auto, (max-width: 768px) 100vw, 768px\" \/><\/a><figcaption class=\"wp-element-caption\">Richelieu <br>\u00c9glise Notre-Dame-de-Bon-Secours <br>1857-1860 <br>(Monique Bellemare)<\/figcaption><\/figure>\n\n\n\n<figure class=\"wp-block-image size-large\"><a href=\"https:\/\/patrimoineduquebec.com\/eglisesduquebec\/wp-content\/uploads\/2019\/05\/Rougemont.jpeg\"><img loading=\"lazy\" decoding=\"async\" width=\"730\" height=\"1024\" data-id=\"1966\" src=\"https:\/\/patrimoineduquebec.com\/eglisesduquebec\/wp-content\/uploads\/2019\/05\/Rougemont-730x1024.jpeg\" alt=\"\" class=\"wp-image-1966\" srcset=\"https:\/\/patrimoineduquebec.com\/eglisesduquebec\/wp-content\/uploads\/2019\/05\/Rougemont-730x1024.jpeg 730w, https:\/\/patrimoineduquebec.com\/eglisesduquebec\/wp-content\/uploads\/2019\/05\/Rougemont-214x300.jpeg 214w, https:\/\/patrimoineduquebec.com\/eglisesduquebec\/wp-content\/uploads\/2019\/05\/Rougemont-768x1078.jpeg 768w, https:\/\/patrimoineduquebec.com\/eglisesduquebec\/wp-content\/uploads\/2019\/05\/Rougemont.jpeg 1532w\" sizes=\"auto, (max-width: 730px) 100vw, 730px\" \/><\/a><figcaption class=\"wp-element-caption\">Rougemont <br>\u00c9glise Saint-Michel<br> 1931-1932 <br>(Monique Bellemare)<\/figcaption><\/figure>\n\n\n\n<figure class=\"wp-block-image size-large\"><a href=\"https:\/\/patrimoineduquebec.com\/eglisesduquebec\/wp-content\/uploads\/2019\/05\/Roxton-Fall.jpeg\"><img loading=\"lazy\" decoding=\"async\" width=\"726\" height=\"1024\" data-id=\"1967\" src=\"https:\/\/patrimoineduquebec.com\/eglisesduquebec\/wp-content\/uploads\/2019\/05\/Roxton-Fall-726x1024.jpeg\" alt=\"\" class=\"wp-image-1967\" srcset=\"https:\/\/patrimoineduquebec.com\/eglisesduquebec\/wp-content\/uploads\/2019\/05\/Roxton-Fall-726x1024.jpeg 726w, https:\/\/patrimoineduquebec.com\/eglisesduquebec\/wp-content\/uploads\/2019\/05\/Roxton-Fall-213x300.jpeg 213w, https:\/\/patrimoineduquebec.com\/eglisesduquebec\/wp-content\/uploads\/2019\/05\/Roxton-Fall-768x1083.jpeg 768w, https:\/\/patrimoineduquebec.com\/eglisesduquebec\/wp-content\/uploads\/2019\/05\/Roxton-Fall.jpeg 1581w\" sizes=\"auto, (max-width: 726px) 100vw, 726px\" \/><\/a><figcaption class=\"wp-element-caption\">Roxton Falls <br>\u00c9glise Saint-Jean-Baptiste (ferm\u00e9e)<br>1862-1877<br>(Monique Bellemare)<\/figcaption><\/figure>\n\n\n\n<figure class=\"wp-block-image size-large\"><a href=\"https:\/\/patrimoineduquebec.com\/eglisesduquebec\/wp-content\/uploads\/2019\/05\/Roxton-Pond-1.jpeg\"><img loading=\"lazy\" decoding=\"async\" width=\"709\" height=\"1024\" data-id=\"1968\" src=\"https:\/\/patrimoineduquebec.com\/eglisesduquebec\/wp-content\/uploads\/2019\/05\/Roxton-Pond-1-709x1024.jpeg\" alt=\"\" class=\"wp-image-1968\" srcset=\"https:\/\/patrimoineduquebec.com\/eglisesduquebec\/wp-content\/uploads\/2019\/05\/Roxton-Pond-1-709x1024.jpeg 709w, https:\/\/patrimoineduquebec.com\/eglisesduquebec\/wp-content\/uploads\/2019\/05\/Roxton-Pond-1-208x300.jpeg 208w, https:\/\/patrimoineduquebec.com\/eglisesduquebec\/wp-content\/uploads\/2019\/05\/Roxton-Pond-1-768x1109.jpeg 768w, https:\/\/patrimoineduquebec.com\/eglisesduquebec\/wp-content\/uploads\/2019\/05\/Roxton-Pond-1.jpeg 1380w\" sizes=\"auto, (max-width: 709px) 100vw, 709px\" \/><\/a><figcaption class=\"wp-element-caption\">Roxton Pond <br> \u00c9glise Sainte-Prudentienne <br>1890-1892 <br>(Monique Bellemare)<\/figcaption><\/figure>\n\n\n\n<figure class=\"wp-block-image size-large\"><a href=\"https:\/\/patrimoineduquebec.com\/eglisesduquebec\/wp-content\/uploads\/2019\/05\/3.jpeg\"><img loading=\"lazy\" decoding=\"async\" width=\"660\" height=\"1024\" data-id=\"2049\" src=\"https:\/\/patrimoineduquebec.com\/eglisesduquebec\/wp-content\/uploads\/2019\/05\/3-660x1024.jpeg\" alt=\"\" class=\"wp-image-2049\" srcset=\"https:\/\/patrimoineduquebec.com\/eglisesduquebec\/wp-content\/uploads\/2019\/05\/3-660x1024.jpeg 660w, https:\/\/patrimoineduquebec.com\/eglisesduquebec\/wp-content\/uploads\/2019\/05\/3-193x300.jpeg 193w, https:\/\/patrimoineduquebec.com\/eglisesduquebec\/wp-content\/uploads\/2019\/05\/3-768x1191.jpeg 768w\" sizes=\"auto, (max-width: 660px) 100vw, 660px\" \/><\/a><figcaption class=\"wp-element-caption\">Saint-Alexandre <br>\u00c9glise Saint-Alexandre<br>1851-1853 <br>(Paul Turcotte)<\/figcaption><\/figure>\n\n\n\n<figure class=\"wp-block-image size-large\"><a href=\"https:\/\/patrimoineduquebec.com\/eglisesduquebec\/wp-content\/uploads\/2019\/05\/St-Alphonse-de-Granby.jpeg\"><img loading=\"lazy\" decoding=\"async\" width=\"713\" height=\"1024\" data-id=\"1970\" src=\"https:\/\/patrimoineduquebec.com\/eglisesduquebec\/wp-content\/uploads\/2019\/05\/St-Alphonse-de-Granby-713x1024.jpeg\" alt=\"\" class=\"wp-image-1970\" srcset=\"https:\/\/patrimoineduquebec.com\/eglisesduquebec\/wp-content\/uploads\/2019\/05\/St-Alphonse-de-Granby-713x1024.jpeg 713w, https:\/\/patrimoineduquebec.com\/eglisesduquebec\/wp-content\/uploads\/2019\/05\/St-Alphonse-de-Granby-209x300.jpeg 209w, https:\/\/patrimoineduquebec.com\/eglisesduquebec\/wp-content\/uploads\/2019\/05\/St-Alphonse-de-Granby-768x1104.jpeg 768w, https:\/\/patrimoineduquebec.com\/eglisesduquebec\/wp-content\/uploads\/2019\/05\/St-Alphonse-de-Granby.jpeg 1695w\" sizes=\"auto, (max-width: 713px) 100vw, 713px\" \/><\/a><figcaption class=\"wp-element-caption\">Saint-Alphonse-de-Granby<br>\u00c9glise Saint-Alphonse-de-Liguori <br>1873-1875 <br>(Monique Bellemare)<\/figcaption><\/figure>\n\n\n\n<figure class=\"wp-block-image size-large\"><a href=\"https:\/\/patrimoineduquebec.com\/eglisesduquebec\/wp-content\/uploads\/2019\/05\/St-Antoine-sur-Richelieu.jpeg\"><img loading=\"lazy\" decoding=\"async\" width=\"681\" height=\"1024\" data-id=\"1971\" src=\"https:\/\/patrimoineduquebec.com\/eglisesduquebec\/wp-content\/uploads\/2019\/05\/St-Antoine-sur-Richelieu-681x1024.jpeg\" alt=\"\" class=\"wp-image-1971\" srcset=\"https:\/\/patrimoineduquebec.com\/eglisesduquebec\/wp-content\/uploads\/2019\/05\/St-Antoine-sur-Richelieu-681x1024.jpeg 681w, https:\/\/patrimoineduquebec.com\/eglisesduquebec\/wp-content\/uploads\/2019\/05\/St-Antoine-sur-Richelieu-200x300.jpeg 200w, https:\/\/patrimoineduquebec.com\/eglisesduquebec\/wp-content\/uploads\/2019\/05\/St-Antoine-sur-Richelieu-768x1155.jpeg 768w, https:\/\/patrimoineduquebec.com\/eglisesduquebec\/wp-content\/uploads\/2019\/05\/St-Antoine-sur-Richelieu.jpeg 1595w\" sizes=\"auto, (max-width: 681px) 100vw, 681px\" \/><\/a><figcaption class=\"wp-element-caption\">Saint-Antoine-sur-Richelieu <br>\u00c9glise Saint-Antoine-de-Padoue <br>1914-1915 <br>(Monique Bellemare)<\/figcaption><\/figure>\n\n\n\n<figure class=\"wp-block-image size-large\"><a href=\"https:\/\/patrimoineduquebec.com\/eglisesduquebec\/wp-content\/uploads\/2019\/05\/St-Armand.jpeg\"><img loading=\"lazy\" decoding=\"async\" width=\"683\" height=\"1024\" data-id=\"1972\" src=\"https:\/\/patrimoineduquebec.com\/eglisesduquebec\/wp-content\/uploads\/2019\/05\/St-Armand-683x1024.jpeg\" alt=\"\" class=\"wp-image-1972\" srcset=\"https:\/\/patrimoineduquebec.com\/eglisesduquebec\/wp-content\/uploads\/2019\/05\/St-Armand-683x1024.jpeg 683w, https:\/\/patrimoineduquebec.com\/eglisesduquebec\/wp-content\/uploads\/2019\/05\/St-Armand-200x300.jpeg 200w, https:\/\/patrimoineduquebec.com\/eglisesduquebec\/wp-content\/uploads\/2019\/05\/St-Armand-768x1152.jpeg 768w, https:\/\/patrimoineduquebec.com\/eglisesduquebec\/wp-content\/uploads\/2019\/05\/St-Armand.jpeg 1953w\" sizes=\"auto, (max-width: 683px) 100vw, 683px\" \/><\/a><figcaption class=\"wp-element-caption\">Saint-Armand <br>\u00c9glise Notre-Dame-de-Lourdes (ferm\u00e9e)<br>1926-1927 <br>(Monique Bellemare)<\/figcaption><\/figure>\n\n\n\n<figure class=\"wp-block-image size-large\"><a href=\"https:\/\/patrimoineduquebec.com\/eglisesduquebec\/wp-content\/uploads\/2019\/05\/Philipsburg.jpeg\"><img loading=\"lazy\" decoding=\"async\" width=\"786\" height=\"1024\" data-id=\"1973\" src=\"https:\/\/patrimoineduquebec.com\/eglisesduquebec\/wp-content\/uploads\/2019\/05\/Philipsburg-786x1024.jpeg\" alt=\"\" class=\"wp-image-1973\" srcset=\"https:\/\/patrimoineduquebec.com\/eglisesduquebec\/wp-content\/uploads\/2019\/05\/Philipsburg-786x1024.jpeg 786w, https:\/\/patrimoineduquebec.com\/eglisesduquebec\/wp-content\/uploads\/2019\/05\/Philipsburg-230x300.jpeg 230w, https:\/\/patrimoineduquebec.com\/eglisesduquebec\/wp-content\/uploads\/2019\/05\/Philipsburg-768x1001.jpeg 768w, https:\/\/patrimoineduquebec.com\/eglisesduquebec\/wp-content\/uploads\/2019\/05\/Philipsburg.jpeg 1990w\" sizes=\"auto, (max-width: 786px) 100vw, 786px\" \/><\/a><figcaption class=\"wp-element-caption\">Saint-Armand (Philipsburg) <br>\u00c9glise Saint-Philippe<br> 1921<br>(Monique Bellemare)<\/figcaption><\/figure>\n\n\n\n<figure class=\"wp-block-image size-large\"><a href=\"https:\/\/patrimoineduquebec.com\/eglisesduquebec\/wp-content\/uploads\/2019\/05\/P1230930-\u00c9glise-St-Barnab\u00e9-St-Barnab\u00e9-Sud.jpeg\"><img loading=\"lazy\" decoding=\"async\" width=\"684\" height=\"1024\" data-id=\"1974\" src=\"https:\/\/patrimoineduquebec.com\/eglisesduquebec\/wp-content\/uploads\/2019\/05\/P1230930-\u00c9glise-St-Barnab\u00e9-St-Barnab\u00e9-Sud-684x1024.jpeg\" alt=\"\" class=\"wp-image-1974\" srcset=\"https:\/\/patrimoineduquebec.com\/eglisesduquebec\/wp-content\/uploads\/2019\/05\/P1230930-\u00c9glise-St-Barnab\u00e9-St-Barnab\u00e9-Sud-684x1024.jpeg 684w, https:\/\/patrimoineduquebec.com\/eglisesduquebec\/wp-content\/uploads\/2019\/05\/P1230930-\u00c9glise-St-Barnab\u00e9-St-Barnab\u00e9-Sud-200x300.jpeg 200w, https:\/\/patrimoineduquebec.com\/eglisesduquebec\/wp-content\/uploads\/2019\/05\/P1230930-\u00c9glise-St-Barnab\u00e9-St-Barnab\u00e9-Sud-768x1150.jpeg 768w, https:\/\/patrimoineduquebec.com\/eglisesduquebec\/wp-content\/uploads\/2019\/05\/P1230930-\u00c9glise-St-Barnab\u00e9-St-Barnab\u00e9-Sud.jpeg 1775w\" sizes=\"auto, (max-width: 684px) 100vw, 684px\" \/><\/a><figcaption class=\"wp-element-caption\">Saint-Barnab\u00e9-Sud <br>\u00c9glise Saint-Barnab\u00e9 <br>1951<br>(Paul Turcotte)<\/figcaption><\/figure>\n\n\n\n<figure class=\"wp-block-image size-large\"><a href=\"https:\/\/patrimoineduquebec.com\/eglisesduquebec\/wp-content\/uploads\/2019\/05\/St-Bernard-de-Michaudville.jpeg\"><img loading=\"lazy\" decoding=\"async\" width=\"820\" height=\"1024\" data-id=\"1975\" src=\"https:\/\/patrimoineduquebec.com\/eglisesduquebec\/wp-content\/uploads\/2019\/05\/St-Bernard-de-Michaudville-820x1024.jpeg\" alt=\"\" class=\"wp-image-1975\" srcset=\"https:\/\/patrimoineduquebec.com\/eglisesduquebec\/wp-content\/uploads\/2019\/05\/St-Bernard-de-Michaudville-820x1024.jpeg 820w, https:\/\/patrimoineduquebec.com\/eglisesduquebec\/wp-content\/uploads\/2019\/05\/St-Bernard-de-Michaudville-240x300.jpeg 240w, https:\/\/patrimoineduquebec.com\/eglisesduquebec\/wp-content\/uploads\/2019\/05\/St-Bernard-de-Michaudville-768x959.jpeg 768w, https:\/\/patrimoineduquebec.com\/eglisesduquebec\/wp-content\/uploads\/2019\/05\/St-Bernard-de-Michaudville.jpeg 1873w\" sizes=\"auto, (max-width: 820px) 100vw, 820px\" \/><\/a><figcaption class=\"wp-element-caption\">Saint-Bernard-de-Michaudville<br> \u00c9glise Saint-Bernard (ferm\u00e9e)<br>1908-1909 <br>(Monique Bellemare)<\/figcaption><\/figure>\n\n\n\n<figure class=\"wp-block-image size-large\"><a href=\"https:\/\/patrimoineduquebec.com\/eglisesduquebec\/wp-content\/uploads\/2019\/05\/St-C\u00e9saire.jpeg\"><img loading=\"lazy\" decoding=\"async\" width=\"1024\" height=\"660\" data-id=\"1976\" src=\"https:\/\/patrimoineduquebec.com\/eglisesduquebec\/wp-content\/uploads\/2019\/05\/St-C\u00e9saire-1024x660.jpeg\" alt=\"\" class=\"wp-image-1976\" srcset=\"https:\/\/patrimoineduquebec.com\/eglisesduquebec\/wp-content\/uploads\/2019\/05\/St-C\u00e9saire-1024x660.jpeg 1024w, https:\/\/patrimoineduquebec.com\/eglisesduquebec\/wp-content\/uploads\/2019\/05\/St-C\u00e9saire-300x193.jpeg 300w, https:\/\/patrimoineduquebec.com\/eglisesduquebec\/wp-content\/uploads\/2019\/05\/St-C\u00e9saire-768x495.jpeg 768w, https:\/\/patrimoineduquebec.com\/eglisesduquebec\/wp-content\/uploads\/2019\/05\/St-C\u00e9saire.jpeg 2001w\" sizes=\"auto, (max-width: 1024px) 100vw, 1024px\" \/><\/a><figcaption class=\"wp-element-caption\">Saint-C\u00e9saire <br>\u00c9glise Saint-C\u00e9saire<br>1987<br>(Monique Bellemare)<\/figcaption><\/figure>\n\n\n\n<figure class=\"wp-block-image size-large\"><a href=\"https:\/\/patrimoineduquebec.com\/eglisesduquebec\/wp-content\/uploads\/2020\/07\/saint-c\u00e9saire-G\u00e9rald-Arbour-N1-scaled.jpeg\"><img loading=\"lazy\" decoding=\"async\" width=\"768\" height=\"1024\" data-id=\"3907\" src=\"https:\/\/patrimoineduquebec.com\/eglisesduquebec\/wp-content\/uploads\/2020\/07\/saint-c\u00e9saire-G\u00e9rald-Arbour-N1-768x1024.jpeg\" alt=\"\" class=\"wp-image-3907\" srcset=\"https:\/\/patrimoineduquebec.com\/eglisesduquebec\/wp-content\/uploads\/2020\/07\/saint-c\u00e9saire-G\u00e9rald-Arbour-N1-768x1024.jpeg 768w, https:\/\/patrimoineduquebec.com\/eglisesduquebec\/wp-content\/uploads\/2020\/07\/saint-c\u00e9saire-G\u00e9rald-Arbour-N1-225x300.jpeg 225w, https:\/\/patrimoineduquebec.com\/eglisesduquebec\/wp-content\/uploads\/2020\/07\/saint-c\u00e9saire-G\u00e9rald-Arbour-N1-1152x1536.jpeg 1152w, https:\/\/patrimoineduquebec.com\/eglisesduquebec\/wp-content\/uploads\/2020\/07\/saint-c\u00e9saire-G\u00e9rald-Arbour-N1-1536x2048.jpeg 1536w, https:\/\/patrimoineduquebec.com\/eglisesduquebec\/wp-content\/uploads\/2020\/07\/saint-c\u00e9saire-G\u00e9rald-Arbour-N1-scaled.jpeg 1920w\" sizes=\"auto, (max-width: 768px) 100vw, 768px\" \/><\/a><figcaption class=\"wp-element-caption\">Saint-C\u00e9saire<br>Centre Saint-Joseph<br>1889<br>(G\u00e9rald Arbour)<\/figcaption><\/figure>\n\n\n\n<figure class=\"wp-block-image size-large\"><a href=\"https:\/\/patrimoineduquebec.com\/eglisesduquebec\/wp-content\/uploads\/2019\/05\/St-Charles-sur-Richelieu.jpg\"><img loading=\"lazy\" decoding=\"async\" width=\"783\" height=\"1024\" data-id=\"1977\" src=\"https:\/\/patrimoineduquebec.com\/eglisesduquebec\/wp-content\/uploads\/2019\/05\/St-Charles-sur-Richelieu-783x1024.jpg\" alt=\"\" class=\"wp-image-1977\" srcset=\"https:\/\/patrimoineduquebec.com\/eglisesduquebec\/wp-content\/uploads\/2019\/05\/St-Charles-sur-Richelieu-783x1024.jpg 783w, https:\/\/patrimoineduquebec.com\/eglisesduquebec\/wp-content\/uploads\/2019\/05\/St-Charles-sur-Richelieu-229x300.jpg 229w, https:\/\/patrimoineduquebec.com\/eglisesduquebec\/wp-content\/uploads\/2019\/05\/St-Charles-sur-Richelieu-768x1004.jpg 768w, https:\/\/patrimoineduquebec.com\/eglisesduquebec\/wp-content\/uploads\/2019\/05\/St-Charles-sur-Richelieu.jpg 1800w\" sizes=\"auto, (max-width: 783px) 100vw, 783px\" \/><\/a><figcaption class=\"wp-element-caption\">Saint-Charles-sur-Richelieu<br> \u00c9glise Saint-Charles <br>1922-1924 <br>(Monique Bellemare)<\/figcaption><\/figure>\n\n\n\n<figure class=\"wp-block-image size-large\"><a href=\"https:\/\/patrimoineduquebec.com\/eglisesduquebec\/wp-content\/uploads\/2019\/05\/St-Damase.jpg\"><img loading=\"lazy\" decoding=\"async\" width=\"691\" height=\"1024\" data-id=\"1978\" src=\"https:\/\/patrimoineduquebec.com\/eglisesduquebec\/wp-content\/uploads\/2019\/05\/St-Damase-691x1024.jpg\" alt=\"\" class=\"wp-image-1978\" srcset=\"https:\/\/patrimoineduquebec.com\/eglisesduquebec\/wp-content\/uploads\/2019\/05\/St-Damase-691x1024.jpg 691w, https:\/\/patrimoineduquebec.com\/eglisesduquebec\/wp-content\/uploads\/2019\/05\/St-Damase-202x300.jpg 202w, https:\/\/patrimoineduquebec.com\/eglisesduquebec\/wp-content\/uploads\/2019\/05\/St-Damase-768x1139.jpg 768w, https:\/\/patrimoineduquebec.com\/eglisesduquebec\/wp-content\/uploads\/2019\/05\/St-Damase.jpg 1629w\" sizes=\"auto, (max-width: 691px) 100vw, 691px\" \/><\/a><figcaption class=\"wp-element-caption\">Saint-Damase <br>\u00c9glise Saint-Damase <br>1873-1875<br> (Monique Bellemare)<\/figcaption><\/figure>\n\n\n\n<figure class=\"wp-block-image size-large\"><a href=\"https:\/\/patrimoineduquebec.com\/eglisesduquebec\/wp-content\/uploads\/2019\/05\/St-Denis-sur-Richelieu.jpeg\"><img loading=\"lazy\" decoding=\"async\" width=\"768\" height=\"1024\" data-id=\"1979\" src=\"https:\/\/patrimoineduquebec.com\/eglisesduquebec\/wp-content\/uploads\/2019\/05\/St-Denis-sur-Richelieu-768x1024.jpeg\" alt=\"\" class=\"wp-image-1979\" srcset=\"https:\/\/patrimoineduquebec.com\/eglisesduquebec\/wp-content\/uploads\/2019\/05\/St-Denis-sur-Richelieu-768x1024.jpeg 768w, https:\/\/patrimoineduquebec.com\/eglisesduquebec\/wp-content\/uploads\/2019\/05\/St-Denis-sur-Richelieu-225x300.jpeg 225w, https:\/\/patrimoineduquebec.com\/eglisesduquebec\/wp-content\/uploads\/2019\/05\/St-Denis-sur-Richelieu.jpeg 1842w\" sizes=\"auto, (max-width: 768px) 100vw, 768px\" \/><\/a><figcaption class=\"wp-element-caption\">Saint-Denis-sur-Richelieu<br>\u00c9glise Saint-Denis<br> 1792-1796<br> (Monique Bellemare)<\/figcaption><\/figure>\n\n\n\n<figure class=\"wp-block-image size-large\"><a href=\"https:\/\/patrimoineduquebec.com\/eglisesduquebec\/wp-content\/uploads\/2019\/05\/St-Dominique.jpeg\"><img loading=\"lazy\" decoding=\"async\" width=\"768\" height=\"1024\" data-id=\"1980\" src=\"https:\/\/patrimoineduquebec.com\/eglisesduquebec\/wp-content\/uploads\/2019\/05\/St-Dominique-768x1024.jpeg\" alt=\"\" class=\"wp-image-1980\" srcset=\"https:\/\/patrimoineduquebec.com\/eglisesduquebec\/wp-content\/uploads\/2019\/05\/St-Dominique-768x1024.jpeg 768w, https:\/\/patrimoineduquebec.com\/eglisesduquebec\/wp-content\/uploads\/2019\/05\/St-Dominique-225x300.jpeg 225w, https:\/\/patrimoineduquebec.com\/eglisesduquebec\/wp-content\/uploads\/2019\/05\/St-Dominique.jpeg 1876w\" sizes=\"auto, (max-width: 768px) 100vw, 768px\" \/><\/a><figcaption class=\"wp-element-caption\">Saint-Dominique<br> \u00c9glise Saint-Dominique<br>1947-1948 <br>(Monique Bellemare)<\/figcaption><\/figure>\n\n\n\n<figure class=\"wp-block-image size-large\"><a href=\"https:\/\/patrimoineduquebec.com\/eglisesduquebec\/wp-content\/uploads\/2019\/05\/IMG_1655.jpeg\"><img loading=\"lazy\" decoding=\"async\" width=\"683\" height=\"1024\" data-id=\"1981\" src=\"https:\/\/patrimoineduquebec.com\/eglisesduquebec\/wp-content\/uploads\/2019\/05\/IMG_1655-683x1024.jpeg\" alt=\"\" class=\"wp-image-1981\" srcset=\"https:\/\/patrimoineduquebec.com\/eglisesduquebec\/wp-content\/uploads\/2019\/05\/IMG_1655-683x1024.jpeg 683w, https:\/\/patrimoineduquebec.com\/eglisesduquebec\/wp-content\/uploads\/2019\/05\/IMG_1655-200x300.jpeg 200w, https:\/\/patrimoineduquebec.com\/eglisesduquebec\/wp-content\/uploads\/2019\/05\/IMG_1655-768x1152.jpeg 768w\" sizes=\"auto, (max-width: 683px) 100vw, 683px\" \/><\/a><figcaption class=\"wp-element-caption\">Saint-Georges-de-Clarenceville <br>Clocher de l&rsquo;\u00e9glise Saint-Jacques-le-Majeur<br>\u00c9glise d\u00e9molie<br>Monique Bellemare<\/figcaption><\/figure>\n\n\n\n<figure class=\"wp-block-image size-large\"><a href=\"https:\/\/patrimoineduquebec.com\/eglisesduquebec\/wp-content\/uploads\/2019\/05\/St-Hugues.jpeg\"><img loading=\"lazy\" decoding=\"async\" width=\"1024\" height=\"682\" data-id=\"1984\" src=\"https:\/\/patrimoineduquebec.com\/eglisesduquebec\/wp-content\/uploads\/2019\/05\/St-Hugues-1024x682.jpeg\" alt=\"\" class=\"wp-image-1984\" srcset=\"https:\/\/patrimoineduquebec.com\/eglisesduquebec\/wp-content\/uploads\/2019\/05\/St-Hugues-1024x682.jpeg 1024w, https:\/\/patrimoineduquebec.com\/eglisesduquebec\/wp-content\/uploads\/2019\/05\/St-Hugues-300x200.jpeg 300w, https:\/\/patrimoineduquebec.com\/eglisesduquebec\/wp-content\/uploads\/2019\/05\/St-Hugues-768x512.jpeg 768w, https:\/\/patrimoineduquebec.com\/eglisesduquebec\/wp-content\/uploads\/2019\/05\/St-Hugues.jpeg 1933w\" sizes=\"auto, (max-width: 1024px) 100vw, 1024px\" \/><\/a><figcaption class=\"wp-element-caption\">Saint-Hugues<br> \u00c9glise Saint-Hugues<br>1980<br>(Monique Bellemare)<\/figcaption><\/figure>\n\n\n\n<figure class=\"wp-block-image size-large\"><a href=\"https:\/\/patrimoineduquebec.com\/eglisesduquebec\/wp-content\/uploads\/2019\/05\/St-HyacintheChrist-Roi.jpeg\"><img loading=\"lazy\" decoding=\"async\" width=\"768\" height=\"1024\" data-id=\"1985\" src=\"https:\/\/patrimoineduquebec.com\/eglisesduquebec\/wp-content\/uploads\/2019\/05\/St-HyacintheChrist-Roi-768x1024.jpeg\" alt=\"\" class=\"wp-image-1985\" srcset=\"https:\/\/patrimoineduquebec.com\/eglisesduquebec\/wp-content\/uploads\/2019\/05\/St-HyacintheChrist-Roi-768x1024.jpeg 768w, https:\/\/patrimoineduquebec.com\/eglisesduquebec\/wp-content\/uploads\/2019\/05\/St-HyacintheChrist-Roi-225x300.jpeg 225w, https:\/\/patrimoineduquebec.com\/eglisesduquebec\/wp-content\/uploads\/2019\/05\/St-HyacintheChrist-Roi.jpeg 1920w\" sizes=\"auto, (max-width: 768px) 100vw, 768px\" \/><\/a><figcaption class=\"wp-element-caption\">Saint-Hyacinthe <br>\u00c9glise Christ-Roi (ferm\u00e9e)<br>1927-1928 <br>(Monique Bellemare)<\/figcaption><\/figure>\n\n\n\n<figure class=\"wp-block-image size-large\"><a href=\"https:\/\/patrimoineduquebec.com\/eglisesduquebec\/wp-content\/uploads\/2019\/05\/St-Hyacinte-Assomption-de-N-D.jpeg\"><img loading=\"lazy\" decoding=\"async\" width=\"768\" height=\"1024\" data-id=\"1986\" src=\"https:\/\/patrimoineduquebec.com\/eglisesduquebec\/wp-content\/uploads\/2019\/05\/St-Hyacinte-Assomption-de-N-D-768x1024.jpeg\" alt=\"\" class=\"wp-image-1986\" srcset=\"https:\/\/patrimoineduquebec.com\/eglisesduquebec\/wp-content\/uploads\/2019\/05\/St-Hyacinte-Assomption-de-N-D-768x1024.jpeg 768w, https:\/\/patrimoineduquebec.com\/eglisesduquebec\/wp-content\/uploads\/2019\/05\/St-Hyacinte-Assomption-de-N-D-225x300.jpeg 225w, https:\/\/patrimoineduquebec.com\/eglisesduquebec\/wp-content\/uploads\/2019\/05\/St-Hyacinte-Assomption-de-N-D.jpeg 1920w\" sizes=\"auto, (max-width: 768px) 100vw, 768px\" \/><\/a><figcaption class=\"wp-element-caption\">Saint-Hyacinthe  <br>\u00c9glise L\u2019Assomption-de-Notre-Dame <br>1953-1954 <br>(Monique Bellemare)<\/figcaption><\/figure>\n\n\n\n<figure class=\"wp-block-image size-large\"><a href=\"https:\/\/patrimoineduquebec.com\/eglisesduquebec\/wp-content\/uploads\/2019\/05\/saint-hyacinthe-650-girouard-ouest-G\u00e9rald-Arbour-N2.jpeg\"><img loading=\"lazy\" decoding=\"async\" width=\"1024\" height=\"768\" data-id=\"1987\" src=\"https:\/\/patrimoineduquebec.com\/eglisesduquebec\/wp-content\/uploads\/2019\/05\/saint-hyacinthe-650-girouard-ouest-G\u00e9rald-Arbour-N2-1024x768.jpeg\" alt=\"\" class=\"wp-image-1987\" srcset=\"https:\/\/patrimoineduquebec.com\/eglisesduquebec\/wp-content\/uploads\/2019\/05\/saint-hyacinthe-650-girouard-ouest-G\u00e9rald-Arbour-N2-1024x768.jpeg 1024w, https:\/\/patrimoineduquebec.com\/eglisesduquebec\/wp-content\/uploads\/2019\/05\/saint-hyacinthe-650-girouard-ouest-G\u00e9rald-Arbour-N2-300x225.jpeg 300w, https:\/\/patrimoineduquebec.com\/eglisesduquebec\/wp-content\/uploads\/2019\/05\/saint-hyacinthe-650-girouard-ouest-G\u00e9rald-Arbour-N2-768x576.jpeg 768w, https:\/\/patrimoineduquebec.com\/eglisesduquebec\/wp-content\/uploads\/2019\/05\/saint-hyacinthe-650-girouard-ouest-G\u00e9rald-Arbour-N2-120x90.jpeg 120w\" sizes=\"auto, (max-width: 1024px) 100vw, 1024px\" \/><\/a><figcaption class=\"wp-element-caption\">Saint-Hyacinthe<br>Sanctuaire Notre-Dame-de-Fatima ou Chapelle des Soeurs de la Pr\u00e9sentation de Marie <br>1947 <br>(G\u00e9rald Arbour)<\/figcaption><\/figure>\n\n\n\n<figure class=\"wp-block-image size-large\"><a href=\"https:\/\/patrimoineduquebec.com\/eglisesduquebec\/wp-content\/uploads\/2019\/05\/St-Hyacinthe-Notre-Dame-du-Rosaire.jpeg\"><img loading=\"lazy\" decoding=\"async\" width=\"709\" height=\"1024\" data-id=\"1988\" src=\"https:\/\/patrimoineduquebec.com\/eglisesduquebec\/wp-content\/uploads\/2019\/05\/St-Hyacinthe-Notre-Dame-du-Rosaire-709x1024.jpeg\" alt=\"\" class=\"wp-image-1988\" srcset=\"https:\/\/patrimoineduquebec.com\/eglisesduquebec\/wp-content\/uploads\/2019\/05\/St-Hyacinthe-Notre-Dame-du-Rosaire-709x1024.jpeg 709w, https:\/\/patrimoineduquebec.com\/eglisesduquebec\/wp-content\/uploads\/2019\/05\/St-Hyacinthe-Notre-Dame-du-Rosaire-208x300.jpeg 208w, https:\/\/patrimoineduquebec.com\/eglisesduquebec\/wp-content\/uploads\/2019\/05\/St-Hyacinthe-Notre-Dame-du-Rosaire-768x1109.jpeg 768w, https:\/\/patrimoineduquebec.com\/eglisesduquebec\/wp-content\/uploads\/2019\/05\/St-Hyacinthe-Notre-Dame-du-Rosaire.jpeg 1748w\" sizes=\"auto, (max-width: 709px) 100vw, 709px\" \/><\/a><figcaption class=\"wp-element-caption\">Saint-Hyacinthe <br>\u00c9glise Notre-Dame-du-Rosaire (ferm\u00e9e)<br> 1858-1861<br> (Monique Bellemare)<\/figcaption><\/figure>\n\n\n\n<figure class=\"wp-block-image size-large\"><a href=\"https:\/\/patrimoineduquebec.com\/eglisesduquebec\/wp-content\/uploads\/2019\/05\/St-HyacintheNotre-Dame-du-Tr\u00e8s-Saint-Sacrement.jpeg\"><img loading=\"lazy\" decoding=\"async\" width=\"768\" height=\"1024\" data-id=\"1989\" src=\"https:\/\/patrimoineduquebec.com\/eglisesduquebec\/wp-content\/uploads\/2019\/05\/St-HyacintheNotre-Dame-du-Tr\u00e8s-Saint-Sacrement-768x1024.jpeg\" alt=\"\" class=\"wp-image-1989\" srcset=\"https:\/\/patrimoineduquebec.com\/eglisesduquebec\/wp-content\/uploads\/2019\/05\/St-HyacintheNotre-Dame-du-Tr\u00e8s-Saint-Sacrement-768x1024.jpeg 768w, https:\/\/patrimoineduquebec.com\/eglisesduquebec\/wp-content\/uploads\/2019\/05\/St-HyacintheNotre-Dame-du-Tr\u00e8s-Saint-Sacrement-225x300.jpeg 225w, https:\/\/patrimoineduquebec.com\/eglisesduquebec\/wp-content\/uploads\/2019\/05\/St-HyacintheNotre-Dame-du-Tr\u00e8s-Saint-Sacrement.jpeg 1920w\" sizes=\"auto, (max-width: 768px) 100vw, 768px\" \/><\/a><figcaption class=\"wp-element-caption\">Saint-Hyacinthe <br>\u00c9glise Notre-Dame-du- Tr\u00e8s-Saint- Sacrement<br>1946-1948 <br>(Monique Bellemare)<\/figcaption><\/figure>\n\n\n\n<figure class=\"wp-block-image size-large\"><a href=\"https:\/\/patrimoineduquebec.com\/eglisesduquebec\/wp-content\/uploads\/2019\/05\/St-Hyacinthe-Pr\u00e9cieux-Sang.jpg\"><img loading=\"lazy\" decoding=\"async\" width=\"768\" height=\"1024\" data-id=\"1990\" src=\"https:\/\/patrimoineduquebec.com\/eglisesduquebec\/wp-content\/uploads\/2019\/05\/St-Hyacinthe-Pr\u00e9cieux-Sang-768x1024.jpg\" alt=\"\" class=\"wp-image-1990\" srcset=\"https:\/\/patrimoineduquebec.com\/eglisesduquebec\/wp-content\/uploads\/2019\/05\/St-Hyacinthe-Pr\u00e9cieux-Sang-768x1024.jpg 768w, https:\/\/patrimoineduquebec.com\/eglisesduquebec\/wp-content\/uploads\/2019\/05\/St-Hyacinthe-Pr\u00e9cieux-Sang-225x300.jpg 225w, https:\/\/patrimoineduquebec.com\/eglisesduquebec\/wp-content\/uploads\/2019\/05\/St-Hyacinthe-Pr\u00e9cieux-Sang.jpg 1920w\" sizes=\"auto, (max-width: 768px) 100vw, 768px\" \/><\/a><figcaption class=\"wp-element-caption\">Saint-Hyacinthe <br>\u00c9glise Pr\u00e9cieux-Sang-de-Notre-Seigneur-J\u00e9sus-Christ <br>1938-1939 <br>(Monique Bellemare)<\/figcaption><\/figure>\n\n\n\n<figure class=\"wp-block-image size-large\"><a href=\"https:\/\/patrimoineduquebec.com\/eglisesduquebec\/wp-content\/uploads\/2019\/05\/saint-hyacinthe-2531-girouard-ouest-G\u00e9rald-Arbour-N4.jpeg\"><img loading=\"lazy\" decoding=\"async\" width=\"795\" height=\"1024\" data-id=\"1991\" src=\"https:\/\/patrimoineduquebec.com\/eglisesduquebec\/wp-content\/uploads\/2019\/05\/saint-hyacinthe-2531-girouard-ouest-G\u00e9rald-Arbour-N4-795x1024.jpeg\" alt=\"\" class=\"wp-image-1991\" srcset=\"https:\/\/patrimoineduquebec.com\/eglisesduquebec\/wp-content\/uploads\/2019\/05\/saint-hyacinthe-2531-girouard-ouest-G\u00e9rald-Arbour-N4-795x1024.jpeg 795w, https:\/\/patrimoineduquebec.com\/eglisesduquebec\/wp-content\/uploads\/2019\/05\/saint-hyacinthe-2531-girouard-ouest-G\u00e9rald-Arbour-N4-233x300.jpeg 233w, https:\/\/patrimoineduquebec.com\/eglisesduquebec\/wp-content\/uploads\/2019\/05\/saint-hyacinthe-2531-girouard-ouest-G\u00e9rald-Arbour-N4-768x989.jpeg 768w\" sizes=\"auto, (max-width: 795px) 100vw, 795px\" \/><\/a><figcaption class=\"wp-element-caption\">Saint-Hyacinthe<br>Monast\u00e8re du Pr\u00e9cieux-Sang <br>(G\u00e9rald Arbour)<\/figcaption><\/figure>\n\n\n\n<figure class=\"wp-block-image size-large\"><a href=\"https:\/\/patrimoineduquebec.com\/eglisesduquebec\/wp-content\/uploads\/2019\/05\/St-HyacintheSacr\u00e9-Coeur.jpeg\"><img loading=\"lazy\" decoding=\"async\" width=\"774\" height=\"1024\" data-id=\"1992\" src=\"https:\/\/patrimoineduquebec.com\/eglisesduquebec\/wp-content\/uploads\/2019\/05\/St-HyacintheSacr\u00e9-Coeur-774x1024.jpeg\" alt=\"\" class=\"wp-image-1992\" srcset=\"https:\/\/patrimoineduquebec.com\/eglisesduquebec\/wp-content\/uploads\/2019\/05\/St-HyacintheSacr\u00e9-Coeur-774x1024.jpeg 774w, https:\/\/patrimoineduquebec.com\/eglisesduquebec\/wp-content\/uploads\/2019\/05\/St-HyacintheSacr\u00e9-Coeur-227x300.jpeg 227w, https:\/\/patrimoineduquebec.com\/eglisesduquebec\/wp-content\/uploads\/2019\/05\/St-HyacintheSacr\u00e9-Coeur-768x1016.jpeg 768w, https:\/\/patrimoineduquebec.com\/eglisesduquebec\/wp-content\/uploads\/2019\/05\/St-HyacintheSacr\u00e9-Coeur.jpeg 1812w\" sizes=\"auto, (max-width: 774px) 100vw, 774px\" \/><\/a><figcaption class=\"wp-element-caption\">Saint-Hyacinthe <br>\u00c9glise Sacr\u00e9-Coeur-de-J\u00e9sus (d\u00e9molie)<br>1946-1947<br>(Monique Bellemare)<\/figcaption><\/figure>\n\n\n\n<figure class=\"wp-block-image size-large\"><a href=\"https:\/\/patrimoineduquebec.com\/eglisesduquebec\/wp-content\/uploads\/2019\/05\/St-Hyacinthe-cath\u00e9drale.jpeg\"><img loading=\"lazy\" decoding=\"async\" width=\"766\" height=\"1024\" data-id=\"1993\" src=\"https:\/\/patrimoineduquebec.com\/eglisesduquebec\/wp-content\/uploads\/2019\/05\/St-Hyacinthe-cath\u00e9drale-766x1024.jpeg\" alt=\"\" class=\"wp-image-1993\" srcset=\"https:\/\/patrimoineduquebec.com\/eglisesduquebec\/wp-content\/uploads\/2019\/05\/St-Hyacinthe-cath\u00e9drale-766x1024.jpeg 766w, https:\/\/patrimoineduquebec.com\/eglisesduquebec\/wp-content\/uploads\/2019\/05\/St-Hyacinthe-cath\u00e9drale-224x300.jpeg 224w, https:\/\/patrimoineduquebec.com\/eglisesduquebec\/wp-content\/uploads\/2019\/05\/St-Hyacinthe-cath\u00e9drale-768x1027.jpeg 768w, https:\/\/patrimoineduquebec.com\/eglisesduquebec\/wp-content\/uploads\/2019\/05\/St-Hyacinthe-cath\u00e9drale.jpeg 1814w\" sizes=\"auto, (max-width: 766px) 100vw, 766px\" \/><\/a><figcaption class=\"wp-element-caption\">Saint-Hyacinthe<br>Cath\u00e9drale Saint-Hyacinthe-le-Confesseur<br>1878-1880 <br>(Monique Bellemare)<\/figcaption><\/figure>\n\n\n\n<figure class=\"wp-block-image size-large\"><a href=\"https:\/\/patrimoineduquebec.com\/eglisesduquebec\/wp-content\/uploads\/2019\/05\/St-Hyacinthe-St-Joseph.jpeg\"><img loading=\"lazy\" decoding=\"async\" width=\"768\" height=\"1024\" data-id=\"1994\" src=\"https:\/\/patrimoineduquebec.com\/eglisesduquebec\/wp-content\/uploads\/2019\/05\/St-Hyacinthe-St-Joseph-768x1024.jpeg\" alt=\"\" class=\"wp-image-1994\" srcset=\"https:\/\/patrimoineduquebec.com\/eglisesduquebec\/wp-content\/uploads\/2019\/05\/St-Hyacinthe-St-Joseph-768x1024.jpeg 768w, https:\/\/patrimoineduquebec.com\/eglisesduquebec\/wp-content\/uploads\/2019\/05\/St-Hyacinthe-St-Joseph-225x300.jpeg 225w, https:\/\/patrimoineduquebec.com\/eglisesduquebec\/wp-content\/uploads\/2019\/05\/St-Hyacinthe-St-Joseph.jpeg 1868w\" sizes=\"auto, (max-width: 768px) 100vw, 768px\" \/><\/a><figcaption class=\"wp-element-caption\">Saint-Hyacinthe<br> \u00c9glise Saint-Joseph <br>1953-1954<br>(Monique Bellemare)<\/figcaption><\/figure>\n\n\n\n<figure class=\"wp-block-image size-large\"><a href=\"https:\/\/patrimoineduquebec.com\/eglisesduquebec\/wp-content\/uploads\/2019\/05\/St-Hyacinthe-Ste-Eug\u00e9nie.jpeg\"><img loading=\"lazy\" decoding=\"async\" width=\"768\" height=\"1024\" data-id=\"1996\" src=\"https:\/\/patrimoineduquebec.com\/eglisesduquebec\/wp-content\/uploads\/2019\/05\/St-Hyacinthe-Ste-Eug\u00e9nie-768x1024.jpeg\" alt=\"\" class=\"wp-image-1996\" srcset=\"https:\/\/patrimoineduquebec.com\/eglisesduquebec\/wp-content\/uploads\/2019\/05\/St-Hyacinthe-Ste-Eug\u00e9nie-768x1024.jpeg 768w, https:\/\/patrimoineduquebec.com\/eglisesduquebec\/wp-content\/uploads\/2019\/05\/St-Hyacinthe-Ste-Eug\u00e9nie-225x300.jpeg 225w, https:\/\/patrimoineduquebec.com\/eglisesduquebec\/wp-content\/uploads\/2019\/05\/St-Hyacinthe-Ste-Eug\u00e9nie.jpeg 1910w\" sizes=\"auto, (max-width: 768px) 100vw, 768px\" \/><\/a><figcaption class=\"wp-element-caption\">Saint-Hyacinthe <br>\u00c9glise Sainte-Eug\u00e9nie<br>1953-1954<br>(Monique Bellemare)<\/figcaption><\/figure>\n\n\n\n<figure class=\"wp-block-image size-large\"><a href=\"https:\/\/patrimoineduquebec.com\/eglisesduquebec\/wp-content\/uploads\/2019\/05\/DSCN8762.jpeg\"><img loading=\"lazy\" decoding=\"async\" width=\"768\" height=\"1024\" data-id=\"1997\" src=\"https:\/\/patrimoineduquebec.com\/eglisesduquebec\/wp-content\/uploads\/2019\/05\/DSCN8762-768x1024.jpeg\" alt=\"\" class=\"wp-image-1997\" srcset=\"https:\/\/patrimoineduquebec.com\/eglisesduquebec\/wp-content\/uploads\/2019\/05\/DSCN8762-768x1024.jpeg 768w, https:\/\/patrimoineduquebec.com\/eglisesduquebec\/wp-content\/uploads\/2019\/05\/DSCN8762-225x300.jpeg 225w\" sizes=\"auto, (max-width: 768px) 100vw, 768px\" \/><\/a><figcaption class=\"wp-element-caption\">Saint-Hyacinthe <br>\u00c9glise Sainte-Monique<br>1951<br> (Monique Bellemare)<\/figcaption><\/figure>\n\n\n\n<figure class=\"wp-block-image size-large\"><a href=\"https:\/\/patrimoineduquebec.com\/eglisesduquebec\/wp-content\/uploads\/2019\/05\/p.jpeg\"><img loading=\"lazy\" decoding=\"async\" width=\"787\" height=\"1024\" data-id=\"1995\" src=\"https:\/\/patrimoineduquebec.com\/eglisesduquebec\/wp-content\/uploads\/2019\/05\/p-787x1024.jpeg\" alt=\"\" class=\"wp-image-1995\" srcset=\"https:\/\/patrimoineduquebec.com\/eglisesduquebec\/wp-content\/uploads\/2019\/05\/p-787x1024.jpeg 787w, https:\/\/patrimoineduquebec.com\/eglisesduquebec\/wp-content\/uploads\/2019\/05\/p-231x300.jpeg 231w, https:\/\/patrimoineduquebec.com\/eglisesduquebec\/wp-content\/uploads\/2019\/05\/p-768x999.jpeg 768w, https:\/\/patrimoineduquebec.com\/eglisesduquebec\/wp-content\/uploads\/2019\/05\/p.jpeg 1828w\" sizes=\"auto, (max-width: 787px) 100vw, 787px\" \/><\/a><figcaption class=\"wp-element-caption\">Saint-Hyacinthe (Saint-Thomas-d&rsquo;Aquin) <br>\u00c9glise Saint-Thomas <br>1897<br>(Monique Bellemare)<\/figcaption><\/figure>\n\n\n\n<figure class=\"wp-block-image size-large\"><a href=\"https:\/\/patrimoineduquebec.com\/eglisesduquebec\/wp-content\/uploads\/2019\/05\/Ste-Rosalie.jpeg\"><img loading=\"lazy\" decoding=\"async\" width=\"768\" height=\"1024\" data-id=\"1998\" src=\"https:\/\/patrimoineduquebec.com\/eglisesduquebec\/wp-content\/uploads\/2019\/05\/Ste-Rosalie-768x1024.jpeg\" alt=\"\" class=\"wp-image-1998\" srcset=\"https:\/\/patrimoineduquebec.com\/eglisesduquebec\/wp-content\/uploads\/2019\/05\/Ste-Rosalie-768x1024.jpeg 768w, https:\/\/patrimoineduquebec.com\/eglisesduquebec\/wp-content\/uploads\/2019\/05\/Ste-Rosalie-225x300.jpeg 225w, https:\/\/patrimoineduquebec.com\/eglisesduquebec\/wp-content\/uploads\/2019\/05\/Ste-Rosalie.jpeg 1880w\" sizes=\"auto, (max-width: 768px) 100vw, 768px\" \/><\/a><figcaption class=\"wp-element-caption\">Saint-Hyacinthe (Sainte-Rosalie) <br>\u00c9glise Sainte-Rosalie<br>1864-1871 <br>(Monique Bellemare)<\/figcaption><\/figure>\n\n\n\n<figure class=\"wp-block-image size-large\"><a href=\"https:\/\/patrimoineduquebec.com\/eglisesduquebec\/wp-content\/uploads\/2019\/05\/St-Ignace.jpg\"><img loading=\"lazy\" decoding=\"async\" width=\"768\" height=\"1024\" data-id=\"1999\" src=\"https:\/\/patrimoineduquebec.com\/eglisesduquebec\/wp-content\/uploads\/2019\/05\/St-Ignace-768x1024.jpg\" alt=\"\" class=\"wp-image-1999\" srcset=\"https:\/\/patrimoineduquebec.com\/eglisesduquebec\/wp-content\/uploads\/2019\/05\/St-Ignace-768x1024.jpg 768w, https:\/\/patrimoineduquebec.com\/eglisesduquebec\/wp-content\/uploads\/2019\/05\/St-Ignace-225x300.jpg 225w\" sizes=\"auto, (max-width: 768px) 100vw, 768px\" \/><\/a><figcaption class=\"wp-element-caption\">Saint-Ignace-de-Stanbridge <br>\u00c9glise Saint-Ignace-d\u2019Antioche (ferm\u00e9e)<br>1949-1950 <br>(Monique Bellemare)<\/figcaption><\/figure>\n\n\n\n<figure class=\"wp-block-image size-large\"><a href=\"https:\/\/patrimoineduquebec.com\/eglisesduquebec\/wp-content\/uploads\/2019\/05\/St-Jean-Baptiste.jpeg\"><img loading=\"lazy\" decoding=\"async\" width=\"747\" height=\"1024\" data-id=\"2000\" src=\"https:\/\/patrimoineduquebec.com\/eglisesduquebec\/wp-content\/uploads\/2019\/05\/St-Jean-Baptiste-747x1024.jpeg\" alt=\"\" class=\"wp-image-2000\" srcset=\"https:\/\/patrimoineduquebec.com\/eglisesduquebec\/wp-content\/uploads\/2019\/05\/St-Jean-Baptiste-747x1024.jpeg 747w, https:\/\/patrimoineduquebec.com\/eglisesduquebec\/wp-content\/uploads\/2019\/05\/St-Jean-Baptiste-219x300.jpeg 219w, https:\/\/patrimoineduquebec.com\/eglisesduquebec\/wp-content\/uploads\/2019\/05\/St-Jean-Baptiste-768x1053.jpeg 768w, https:\/\/patrimoineduquebec.com\/eglisesduquebec\/wp-content\/uploads\/2019\/05\/St-Jean-Baptiste.jpeg 1822w\" sizes=\"auto, (max-width: 747px) 100vw, 747px\" \/><\/a><figcaption class=\"wp-element-caption\">Saint-Jean-Baptiste <br>\u00c9glise Saint-Jean-Baptiste<br>1807-1810 <br>(Monique Bellemare)<\/figcaption><\/figure>\n\n\n\n<figure class=\"wp-block-image size-large\"><a href=\"https:\/\/patrimoineduquebec.com\/eglisesduquebec\/wp-content\/uploads\/2019\/05\/Iberville-Sacr\u00e9-Coeur.jpg\"><img loading=\"lazy\" decoding=\"async\" width=\"768\" height=\"1024\" data-id=\"2001\" src=\"https:\/\/patrimoineduquebec.com\/eglisesduquebec\/wp-content\/uploads\/2019\/05\/Iberville-Sacr\u00e9-Coeur-768x1024.jpg\" alt=\"\" class=\"wp-image-2001\" srcset=\"https:\/\/patrimoineduquebec.com\/eglisesduquebec\/wp-content\/uploads\/2019\/05\/Iberville-Sacr\u00e9-Coeur-768x1024.jpg 768w, https:\/\/patrimoineduquebec.com\/eglisesduquebec\/wp-content\/uploads\/2019\/05\/Iberville-Sacr\u00e9-Coeur-225x300.jpg 225w\" sizes=\"auto, (max-width: 768px) 100vw, 768px\" \/><\/a><figcaption class=\"wp-element-caption\">Saint-Jean-sur-Richelieu (Iberville) <br>\u00c9glise Sacr\u00e9-Coeur-de-J\u00e9sus <br>1956-1957 <br>(Monique Bellemare)<\/figcaption><\/figure>\n\n\n\n<figure class=\"wp-block-image size-large\"><a href=\"https:\/\/patrimoineduquebec.com\/eglisesduquebec\/wp-content\/uploads\/2019\/05\/saint-jean-sur-richelieu-2e-rue-G\u00e9rald-Arbour-N1.jpeg\"><img loading=\"lazy\" decoding=\"async\" width=\"1024\" height=\"768\" data-id=\"2003\" src=\"https:\/\/patrimoineduquebec.com\/eglisesduquebec\/wp-content\/uploads\/2019\/05\/saint-jean-sur-richelieu-2e-rue-G\u00e9rald-Arbour-N1-1024x768.jpeg\" alt=\"\" class=\"wp-image-2003\" srcset=\"https:\/\/patrimoineduquebec.com\/eglisesduquebec\/wp-content\/uploads\/2019\/05\/saint-jean-sur-richelieu-2e-rue-G\u00e9rald-Arbour-N1-1024x768.jpeg 1024w, https:\/\/patrimoineduquebec.com\/eglisesduquebec\/wp-content\/uploads\/2019\/05\/saint-jean-sur-richelieu-2e-rue-G\u00e9rald-Arbour-N1-300x225.jpeg 300w, https:\/\/patrimoineduquebec.com\/eglisesduquebec\/wp-content\/uploads\/2019\/05\/saint-jean-sur-richelieu-2e-rue-G\u00e9rald-Arbour-N1-768x576.jpeg 768w, https:\/\/patrimoineduquebec.com\/eglisesduquebec\/wp-content\/uploads\/2019\/05\/saint-jean-sur-richelieu-2e-rue-G\u00e9rald-Arbour-N1-120x90.jpeg 120w\" sizes=\"auto, (max-width: 1024px) 100vw, 1024px\" \/><\/a><figcaption class=\"wp-element-caption\">Saint-Jean-sur-Richelieu (Iberville)<br> \u00c9glise Saint-No\u00ebl-Chabanel (ferm\u00e9e)<br> 1951-1952 <br>(G\u00e9rald Arbour)<\/figcaption><\/figure>\n\n\n\n<figure class=\"wp-block-image size-large\"><a href=\"https:\/\/patrimoineduquebec.com\/eglisesduquebec\/wp-content\/uploads\/2019\/05\/IbervilleSt-Athanase.jpg\"><img loading=\"lazy\" decoding=\"async\" width=\"683\" height=\"1024\" data-id=\"2004\" src=\"https:\/\/patrimoineduquebec.com\/eglisesduquebec\/wp-content\/uploads\/2019\/05\/IbervilleSt-Athanase-683x1024.jpg\" alt=\"\" class=\"wp-image-2004\" srcset=\"https:\/\/patrimoineduquebec.com\/eglisesduquebec\/wp-content\/uploads\/2019\/05\/IbervilleSt-Athanase-683x1024.jpg 683w, https:\/\/patrimoineduquebec.com\/eglisesduquebec\/wp-content\/uploads\/2019\/05\/IbervilleSt-Athanase-200x300.jpg 200w, https:\/\/patrimoineduquebec.com\/eglisesduquebec\/wp-content\/uploads\/2019\/05\/IbervilleSt-Athanase-768x1152.jpg 768w, https:\/\/patrimoineduquebec.com\/eglisesduquebec\/wp-content\/uploads\/2019\/05\/IbervilleSt-Athanase.jpg 1549w\" sizes=\"auto, (max-width: 683px) 100vw, 683px\" \/><\/a><figcaption class=\"wp-element-caption\">Saint-Jean-sur-Richelieu (Saint-Athanase) <br>\u00c9glise Saint-Athanase<br>1912-1914<br>(Monique Bellemare)<\/figcaption><\/figure>\n\n\n\n<figure class=\"wp-block-image size-large\"><a href=\"https:\/\/patrimoineduquebec.com\/eglisesduquebec\/wp-content\/uploads\/2019\/05\/St-Joachim-de-Shefford.jpeg\"><img loading=\"lazy\" decoding=\"async\" width=\"768\" height=\"1024\" data-id=\"2005\" src=\"https:\/\/patrimoineduquebec.com\/eglisesduquebec\/wp-content\/uploads\/2019\/05\/St-Joachim-de-Shefford-768x1024.jpeg\" alt=\"\" class=\"wp-image-2005\" srcset=\"https:\/\/patrimoineduquebec.com\/eglisesduquebec\/wp-content\/uploads\/2019\/05\/St-Joachim-de-Shefford-768x1024.jpeg 768w, https:\/\/patrimoineduquebec.com\/eglisesduquebec\/wp-content\/uploads\/2019\/05\/St-Joachim-de-Shefford-225x300.jpeg 225w, https:\/\/patrimoineduquebec.com\/eglisesduquebec\/wp-content\/uploads\/2019\/05\/St-Joachim-de-Shefford.jpeg 1880w\" sizes=\"auto, (max-width: 768px) 100vw, 768px\" \/><\/a><figcaption class=\"wp-element-caption\">Saint-Joachim-de-Shefford<br>\u00c9glise Saint-Joachim (ferm\u00e9e)<br>1933 <br>(Monique Bellemare)<\/figcaption><\/figure>\n\n\n\n<figure class=\"wp-block-image size-large\"><a href=\"https:\/\/patrimoineduquebec.com\/eglisesduquebec\/wp-content\/uploads\/2019\/05\/St-Joseph-de-Sorel.jpg\"><img loading=\"lazy\" decoding=\"async\" width=\"770\" height=\"1024\" data-id=\"2006\" src=\"https:\/\/patrimoineduquebec.com\/eglisesduquebec\/wp-content\/uploads\/2019\/05\/St-Joseph-de-Sorel-770x1024.jpg\" alt=\"\" class=\"wp-image-2006\" srcset=\"https:\/\/patrimoineduquebec.com\/eglisesduquebec\/wp-content\/uploads\/2019\/05\/St-Joseph-de-Sorel-770x1024.jpg 770w, https:\/\/patrimoineduquebec.com\/eglisesduquebec\/wp-content\/uploads\/2019\/05\/St-Joseph-de-Sorel-226x300.jpg 226w, https:\/\/patrimoineduquebec.com\/eglisesduquebec\/wp-content\/uploads\/2019\/05\/St-Joseph-de-Sorel-768x1021.jpg 768w, https:\/\/patrimoineduquebec.com\/eglisesduquebec\/wp-content\/uploads\/2019\/05\/St-Joseph-de-Sorel.jpg 1788w\" sizes=\"auto, (max-width: 770px) 100vw, 770px\" \/><\/a><figcaption class=\"wp-element-caption\">Saint-Joseph-de-Sorel<br>\u00c9glise Saint-Joseph (d\u00e9molie)<br>1960-1961<br>(Monique Bellemare)<\/figcaption><\/figure>\n\n\n\n<figure class=\"wp-block-image size-large\"><a href=\"https:\/\/patrimoineduquebec.com\/eglisesduquebec\/wp-content\/uploads\/2019\/05\/St-Jude.jpg\"><img loading=\"lazy\" decoding=\"async\" width=\"768\" height=\"1024\" data-id=\"2007\" src=\"https:\/\/patrimoineduquebec.com\/eglisesduquebec\/wp-content\/uploads\/2019\/05\/St-Jude-768x1024.jpg\" alt=\"\" class=\"wp-image-2007\" srcset=\"https:\/\/patrimoineduquebec.com\/eglisesduquebec\/wp-content\/uploads\/2019\/05\/St-Jude-768x1024.jpg 768w, https:\/\/patrimoineduquebec.com\/eglisesduquebec\/wp-content\/uploads\/2019\/05\/St-Jude-225x300.jpg 225w, https:\/\/patrimoineduquebec.com\/eglisesduquebec\/wp-content\/uploads\/2019\/05\/St-Jude.jpg 1920w\" sizes=\"auto, (max-width: 768px) 100vw, 768px\" \/><\/a><figcaption class=\"wp-element-caption\">Saint-Jude <br>\u00c9glise Saint-Jude <br>1841-1843<br> (Monique Bellemare)<\/figcaption><\/figure>\n\n\n\n<figure class=\"wp-block-image size-large\"><a href=\"https:\/\/patrimoineduquebec.com\/eglisesduquebec\/wp-content\/uploads\/2019\/05\/St-Liboire.jpg\"><img loading=\"lazy\" decoding=\"async\" width=\"779\" height=\"1024\" data-id=\"2008\" src=\"https:\/\/patrimoineduquebec.com\/eglisesduquebec\/wp-content\/uploads\/2019\/05\/St-Liboire-779x1024.jpg\" alt=\"\" class=\"wp-image-2008\" srcset=\"https:\/\/patrimoineduquebec.com\/eglisesduquebec\/wp-content\/uploads\/2019\/05\/St-Liboire-779x1024.jpg 779w, https:\/\/patrimoineduquebec.com\/eglisesduquebec\/wp-content\/uploads\/2019\/05\/St-Liboire-228x300.jpg 228w, https:\/\/patrimoineduquebec.com\/eglisesduquebec\/wp-content\/uploads\/2019\/05\/St-Liboire-768x1009.jpg 768w, https:\/\/patrimoineduquebec.com\/eglisesduquebec\/wp-content\/uploads\/2019\/05\/St-Liboire.jpg 1874w\" sizes=\"auto, (max-width: 779px) 100vw, 779px\" \/><\/a><figcaption class=\"wp-element-caption\">Saint-Liboire <br>\u00c9glise Saint-Liboire <br>1877-1879<br> (Monique Bellemare)<\/figcaption><\/figure>\n\n\n\n<figure class=\"wp-block-image size-large\"><a href=\"https:\/\/patrimoineduquebec.com\/eglisesduquebec\/wp-content\/uploads\/2019\/05\/St-Louis.jpeg\"><img loading=\"lazy\" decoding=\"async\" width=\"683\" height=\"1024\" data-id=\"2009\" src=\"https:\/\/patrimoineduquebec.com\/eglisesduquebec\/wp-content\/uploads\/2019\/05\/St-Louis-683x1024.jpeg\" alt=\"\" class=\"wp-image-2009\" srcset=\"https:\/\/patrimoineduquebec.com\/eglisesduquebec\/wp-content\/uploads\/2019\/05\/St-Louis-683x1024.jpeg 683w, https:\/\/patrimoineduquebec.com\/eglisesduquebec\/wp-content\/uploads\/2019\/05\/St-Louis-200x300.jpeg 200w, https:\/\/patrimoineduquebec.com\/eglisesduquebec\/wp-content\/uploads\/2019\/05\/St-Louis-768x1152.jpeg 768w\" sizes=\"auto, (max-width: 683px) 100vw, 683px\" \/><\/a><figcaption class=\"wp-element-caption\">Saint-Louis<br> \u00c9glise Saint-Louis <br>1961-1962 <br>(Paul Turcotte)<\/figcaption><\/figure>\n\n\n\n<figure class=\"wp-block-image size-large\"><a href=\"https:\/\/patrimoineduquebec.com\/eglisesduquebec\/wp-content\/uploads\/2019\/05\/St-Marc-sur-Richelieu.jpeg\"><img loading=\"lazy\" decoding=\"async\" width=\"768\" height=\"1024\" data-id=\"2010\" src=\"https:\/\/patrimoineduquebec.com\/eglisesduquebec\/wp-content\/uploads\/2019\/05\/St-Marc-sur-Richelieu-768x1024.jpeg\" alt=\"\" class=\"wp-image-2010\" srcset=\"https:\/\/patrimoineduquebec.com\/eglisesduquebec\/wp-content\/uploads\/2019\/05\/St-Marc-sur-Richelieu-768x1024.jpeg 768w, https:\/\/patrimoineduquebec.com\/eglisesduquebec\/wp-content\/uploads\/2019\/05\/St-Marc-sur-Richelieu-225x300.jpeg 225w, https:\/\/patrimoineduquebec.com\/eglisesduquebec\/wp-content\/uploads\/2019\/05\/St-Marc-sur-Richelieu.jpeg 1892w\" sizes=\"auto, (max-width: 768px) 100vw, 768px\" \/><\/a><figcaption class=\"wp-element-caption\">Saint-Marc-sur-Richelieu<br>\u00c9glise Saint-Marc <br>1798-1800 <br>(Monique Bellemare)<\/figcaption><\/figure>\n\n\n\n<figure class=\"wp-block-image size-large\"><a href=\"https:\/\/patrimoineduquebec.com\/eglisesduquebec\/wp-content\/uploads\/2019\/05\/St-Marcel-de-Richelieu.jpg\"><img loading=\"lazy\" decoding=\"async\" width=\"800\" height=\"1024\" data-id=\"2011\" src=\"https:\/\/patrimoineduquebec.com\/eglisesduquebec\/wp-content\/uploads\/2019\/05\/St-Marcel-de-Richelieu-800x1024.jpg\" alt=\"\" class=\"wp-image-2011\" srcset=\"https:\/\/patrimoineduquebec.com\/eglisesduquebec\/wp-content\/uploads\/2019\/05\/St-Marcel-de-Richelieu-800x1024.jpg 800w, https:\/\/patrimoineduquebec.com\/eglisesduquebec\/wp-content\/uploads\/2019\/05\/St-Marcel-de-Richelieu-234x300.jpg 234w, https:\/\/patrimoineduquebec.com\/eglisesduquebec\/wp-content\/uploads\/2019\/05\/St-Marcel-de-Richelieu-768x983.jpg 768w, https:\/\/patrimoineduquebec.com\/eglisesduquebec\/wp-content\/uploads\/2019\/05\/St-Marcel-de-Richelieu.jpg 1822w\" sizes=\"auto, (max-width: 800px) 100vw, 800px\" \/><\/a><figcaption class=\"wp-element-caption\">Saint-Marcel-de-Richelieu<br>\u00c9glise Saint-Marcel <br>1911 <br>(Monique Bellemare)<\/figcaption><\/figure>\n\n\n\n<figure class=\"wp-block-image size-large\"><a href=\"https:\/\/patrimoineduquebec.com\/eglisesduquebec\/wp-content\/uploads\/2019\/05\/St-Mathias.jpeg\"><img loading=\"lazy\" decoding=\"async\" width=\"709\" height=\"1024\" data-id=\"2012\" src=\"https:\/\/patrimoineduquebec.com\/eglisesduquebec\/wp-content\/uploads\/2019\/05\/St-Mathias-709x1024.jpeg\" alt=\"\" class=\"wp-image-2012\" srcset=\"https:\/\/patrimoineduquebec.com\/eglisesduquebec\/wp-content\/uploads\/2019\/05\/St-Mathias-709x1024.jpeg 709w, https:\/\/patrimoineduquebec.com\/eglisesduquebec\/wp-content\/uploads\/2019\/05\/St-Mathias-208x300.jpeg 208w, https:\/\/patrimoineduquebec.com\/eglisesduquebec\/wp-content\/uploads\/2019\/05\/St-Mathias-768x1109.jpeg 768w, https:\/\/patrimoineduquebec.com\/eglisesduquebec\/wp-content\/uploads\/2019\/05\/St-Mathias.jpeg 1702w\" sizes=\"auto, (max-width: 709px) 100vw, 709px\" \/><\/a><figcaption class=\"wp-element-caption\">Saint-Mathias-sur-Richelieu <br>\u00c9glise Saint-Mathias<br> 1784-1788 <br>(Monique Bellemare)<\/figcaption><\/figure>\n\n\n\n<figure class=\"wp-block-image size-large\"><a href=\"https:\/\/patrimoineduquebec.com\/eglisesduquebec\/wp-content\/uploads\/2019\/05\/St-Nazaire-dActon.jpeg\"><img loading=\"lazy\" decoding=\"async\" width=\"867\" height=\"1024\" data-id=\"2013\" src=\"https:\/\/patrimoineduquebec.com\/eglisesduquebec\/wp-content\/uploads\/2019\/05\/St-Nazaire-dActon-867x1024.jpeg\" alt=\"\" class=\"wp-image-2013\" srcset=\"https:\/\/patrimoineduquebec.com\/eglisesduquebec\/wp-content\/uploads\/2019\/05\/St-Nazaire-dActon-867x1024.jpeg 867w, https:\/\/patrimoineduquebec.com\/eglisesduquebec\/wp-content\/uploads\/2019\/05\/St-Nazaire-dActon-254x300.jpeg 254w, https:\/\/patrimoineduquebec.com\/eglisesduquebec\/wp-content\/uploads\/2019\/05\/St-Nazaire-dActon-768x907.jpeg 768w\" sizes=\"auto, (max-width: 867px) 100vw, 867px\" \/><\/a><figcaption class=\"wp-element-caption\">Saint-Nazaire-d\u2019Acton<br>\u00c9glise Saint-Nazaire <br>1894-1895 <br>(Monique Bellemare)<\/figcaption><\/figure>\n\n\n\n<figure class=\"wp-block-image size-large\"><a href=\"https:\/\/patrimoineduquebec.com\/eglisesduquebec\/wp-content\/uploads\/2019\/05\/St-Ours.jpeg\"><img loading=\"lazy\" decoding=\"async\" width=\"768\" height=\"1024\" data-id=\"2014\" src=\"https:\/\/patrimoineduquebec.com\/eglisesduquebec\/wp-content\/uploads\/2019\/05\/St-Ours-768x1024.jpeg\" alt=\"\" class=\"wp-image-2014\" srcset=\"https:\/\/patrimoineduquebec.com\/eglisesduquebec\/wp-content\/uploads\/2019\/05\/St-Ours-768x1024.jpeg 768w, https:\/\/patrimoineduquebec.com\/eglisesduquebec\/wp-content\/uploads\/2019\/05\/St-Ours-225x300.jpeg 225w, https:\/\/patrimoineduquebec.com\/eglisesduquebec\/wp-content\/uploads\/2019\/05\/St-Ours.jpeg 1808w\" sizes=\"auto, (max-width: 768px) 100vw, 768px\" \/><\/a><figcaption class=\"wp-element-caption\">Saint-Ours<br> \u00c9glise Immacul\u00e9e-Conception (incendi\u00e9e)<br>1880-1882 <br>(Monique Bellemare)<\/figcaption><\/figure>\n\n\n\n<figure class=\"wp-block-image size-large\"><a href=\"https:\/\/patrimoineduquebec.com\/eglisesduquebec\/wp-content\/uploads\/2019\/05\/u.jpg\"><img loading=\"lazy\" decoding=\"async\" width=\"678\" height=\"1024\" data-id=\"2016\" src=\"https:\/\/patrimoineduquebec.com\/eglisesduquebec\/wp-content\/uploads\/2019\/05\/u-678x1024.jpg\" alt=\"\" class=\"wp-image-2016\" srcset=\"https:\/\/patrimoineduquebec.com\/eglisesduquebec\/wp-content\/uploads\/2019\/05\/u-678x1024.jpg 678w, https:\/\/patrimoineduquebec.com\/eglisesduquebec\/wp-content\/uploads\/2019\/05\/u-199x300.jpg 199w, https:\/\/patrimoineduquebec.com\/eglisesduquebec\/wp-content\/uploads\/2019\/05\/u-768x1160.jpg 768w, https:\/\/patrimoineduquebec.com\/eglisesduquebec\/wp-content\/uploads\/2019\/05\/u.jpg 1415w\" sizes=\"auto, (max-width: 678px) 100vw, 678px\" \/><\/a><figcaption class=\"wp-element-caption\">Saint-Paul-d&rsquo;Abbotsford<br>\u00c9glise Saint-Paul <br>1855-1857 <br>(Monique Bellemare)<\/figcaption><\/figure>\n\n\n\n<figure class=\"wp-block-image size-large\"><a href=\"https:\/\/patrimoineduquebec.com\/eglisesduquebec\/wp-content\/uploads\/2019\/05\/St-Pie.jpeg\"><img loading=\"lazy\" decoding=\"async\" width=\"720\" height=\"1024\" data-id=\"2018\" src=\"https:\/\/patrimoineduquebec.com\/eglisesduquebec\/wp-content\/uploads\/2019\/05\/St-Pie-720x1024.jpeg\" alt=\"\" class=\"wp-image-2018\" srcset=\"https:\/\/patrimoineduquebec.com\/eglisesduquebec\/wp-content\/uploads\/2019\/05\/St-Pie-720x1024.jpeg 720w, https:\/\/patrimoineduquebec.com\/eglisesduquebec\/wp-content\/uploads\/2019\/05\/St-Pie-211x300.jpeg 211w, https:\/\/patrimoineduquebec.com\/eglisesduquebec\/wp-content\/uploads\/2019\/05\/St-Pie-768x1093.jpeg 768w, https:\/\/patrimoineduquebec.com\/eglisesduquebec\/wp-content\/uploads\/2019\/05\/St-Pie.jpeg 1428w\" sizes=\"auto, (max-width: 720px) 100vw, 720px\" \/><\/a><figcaption class=\"wp-element-caption\">Saint-Pie <br>\u00c9glise Saint-Pie<br> 1910<br> (Monique Bellemare)<\/figcaption><\/figure>\n\n\n\n<figure class=\"wp-block-image size-large\"><a href=\"https:\/\/patrimoineduquebec.com\/eglisesduquebec\/wp-content\/uploads\/2019\/05\/St-Robert.jpeg\"><img loading=\"lazy\" decoding=\"async\" width=\"768\" height=\"1024\" data-id=\"2019\" src=\"https:\/\/patrimoineduquebec.com\/eglisesduquebec\/wp-content\/uploads\/2019\/05\/St-Robert-768x1024.jpeg\" alt=\"\" class=\"wp-image-2019\" srcset=\"https:\/\/patrimoineduquebec.com\/eglisesduquebec\/wp-content\/uploads\/2019\/05\/St-Robert-768x1024.jpeg 768w, https:\/\/patrimoineduquebec.com\/eglisesduquebec\/wp-content\/uploads\/2019\/05\/St-Robert-225x300.jpeg 225w, https:\/\/patrimoineduquebec.com\/eglisesduquebec\/wp-content\/uploads\/2019\/05\/St-Robert.jpeg 1676w\" sizes=\"auto, (max-width: 768px) 100vw, 768px\" \/><\/a><figcaption class=\"wp-element-caption\">Saint-Robert<br> \u00c9glise Saint-Robert<br> 1951-1954 <br>(Monique Bellemare)<\/figcaption><\/figure>\n\n\n\n<figure class=\"wp-block-image size-large\"><a href=\"https:\/\/patrimoineduquebec.com\/eglisesduquebec\/wp-content\/uploads\/2019\/05\/St-Rock-sur-Richelieu.jpeg\"><img loading=\"lazy\" decoding=\"async\" width=\"642\" height=\"1024\" data-id=\"2020\" src=\"https:\/\/patrimoineduquebec.com\/eglisesduquebec\/wp-content\/uploads\/2019\/05\/St-Rock-sur-Richelieu-642x1024.jpeg\" alt=\"\" class=\"wp-image-2020\" srcset=\"https:\/\/patrimoineduquebec.com\/eglisesduquebec\/wp-content\/uploads\/2019\/05\/St-Rock-sur-Richelieu-642x1024.jpeg 642w, https:\/\/patrimoineduquebec.com\/eglisesduquebec\/wp-content\/uploads\/2019\/05\/St-Rock-sur-Richelieu-188x300.jpeg 188w, https:\/\/patrimoineduquebec.com\/eglisesduquebec\/wp-content\/uploads\/2019\/05\/St-Rock-sur-Richelieu-768x1225.jpeg 768w, https:\/\/patrimoineduquebec.com\/eglisesduquebec\/wp-content\/uploads\/2019\/05\/St-Rock-sur-Richelieu.jpeg 1541w\" sizes=\"auto, (max-width: 642px) 100vw, 642px\" \/><\/a><figcaption class=\"wp-element-caption\">Saint-Roch-de-Richelieu<br>\u00c9glise Saint-Roch <br>1861-1864 <br>(Monique Bellemare)<\/figcaption><\/figure>\n\n\n\n<figure class=\"wp-block-image size-large\"><a href=\"https:\/\/patrimoineduquebec.com\/eglisesduquebec\/wp-content\/uploads\/2019\/05\/St-S\u00e9bastien-de-Stanbridge.jpeg\"><img loading=\"lazy\" decoding=\"async\" width=\"768\" height=\"1024\" data-id=\"2021\" src=\"https:\/\/patrimoineduquebec.com\/eglisesduquebec\/wp-content\/uploads\/2019\/05\/St-S\u00e9bastien-de-Stanbridge-768x1024.jpeg\" alt=\"\" class=\"wp-image-2021\" srcset=\"https:\/\/patrimoineduquebec.com\/eglisesduquebec\/wp-content\/uploads\/2019\/05\/St-S\u00e9bastien-de-Stanbridge-768x1024.jpeg 768w, https:\/\/patrimoineduquebec.com\/eglisesduquebec\/wp-content\/uploads\/2019\/05\/St-S\u00e9bastien-de-Stanbridge-225x300.jpeg 225w\" sizes=\"auto, (max-width: 768px) 100vw, 768px\" \/><\/a><figcaption class=\"wp-element-caption\">Saint-S\u00e9bastien<br> \u00c9glise Saint-S\u00e9bastien<br>1869-1872 <br>(Monique Bellemare)<\/figcaption><\/figure>\n\n\n\n<figure class=\"wp-block-image size-large\"><a href=\"https:\/\/patrimoineduquebec.com\/eglisesduquebec\/wp-content\/uploads\/2019\/05\/St-Simon.jpeg\"><img loading=\"lazy\" decoding=\"async\" width=\"628\" height=\"1024\" data-id=\"2023\" src=\"https:\/\/patrimoineduquebec.com\/eglisesduquebec\/wp-content\/uploads\/2019\/05\/St-Simon-628x1024.jpeg\" alt=\"\" class=\"wp-image-2023\" srcset=\"https:\/\/patrimoineduquebec.com\/eglisesduquebec\/wp-content\/uploads\/2019\/05\/St-Simon-628x1024.jpeg 628w, https:\/\/patrimoineduquebec.com\/eglisesduquebec\/wp-content\/uploads\/2019\/05\/St-Simon-184x300.jpeg 184w, https:\/\/patrimoineduquebec.com\/eglisesduquebec\/wp-content\/uploads\/2019\/05\/St-Simon-768x1253.jpeg 768w, https:\/\/patrimoineduquebec.com\/eglisesduquebec\/wp-content\/uploads\/2019\/05\/St-Simon.jpeg 1261w\" sizes=\"auto, (max-width: 628px) 100vw, 628px\" \/><\/a><figcaption class=\"wp-element-caption\">Saint-Simon <br>\u00c9glise Saint-Simon <br>1934 <br>(Monique Bellemare)<\/figcaption><\/figure>\n\n\n\n<figure class=\"wp-block-image size-large\"><a href=\"https:\/\/patrimoineduquebec.com\/eglisesduquebec\/wp-content\/uploads\/2019\/05\/0.jpeg\"><img loading=\"lazy\" decoding=\"async\" width=\"772\" height=\"1024\" data-id=\"2024\" src=\"https:\/\/patrimoineduquebec.com\/eglisesduquebec\/wp-content\/uploads\/2019\/05\/0-772x1024.jpeg\" alt=\"\" class=\"wp-image-2024\" srcset=\"https:\/\/patrimoineduquebec.com\/eglisesduquebec\/wp-content\/uploads\/2019\/05\/0-772x1024.jpeg 772w, https:\/\/patrimoineduquebec.com\/eglisesduquebec\/wp-content\/uploads\/2019\/05\/0-226x300.jpeg 226w, https:\/\/patrimoineduquebec.com\/eglisesduquebec\/wp-content\/uploads\/2019\/05\/0-768x1019.jpeg 768w, https:\/\/patrimoineduquebec.com\/eglisesduquebec\/wp-content\/uploads\/2019\/05\/0.jpeg 1983w\" sizes=\"auto, (max-width: 772px) 100vw, 772px\" \/><\/a><figcaption class=\"wp-element-caption\">Saint-Th\u00e9odore-d&rsquo;Acton<br>\u00c9glise Saint-Th\u00e9odore<br>1867-1870 <br>(Monique Bellemare)<\/figcaption><\/figure>\n\n\n\n<figure class=\"wp-block-image size-large\"><a href=\"https:\/\/patrimoineduquebec.com\/eglisesduquebec\/wp-content\/uploads\/2019\/05\/St-Val\u00e9rien-de-Milton.jpeg\"><img loading=\"lazy\" decoding=\"async\" width=\"758\" height=\"1024\" data-id=\"2025\" src=\"https:\/\/patrimoineduquebec.com\/eglisesduquebec\/wp-content\/uploads\/2019\/05\/St-Val\u00e9rien-de-Milton-758x1024.jpeg\" alt=\"\" class=\"wp-image-2025\" srcset=\"https:\/\/patrimoineduquebec.com\/eglisesduquebec\/wp-content\/uploads\/2019\/05\/St-Val\u00e9rien-de-Milton-758x1024.jpeg 758w, https:\/\/patrimoineduquebec.com\/eglisesduquebec\/wp-content\/uploads\/2019\/05\/St-Val\u00e9rien-de-Milton-222x300.jpeg 222w, https:\/\/patrimoineduquebec.com\/eglisesduquebec\/wp-content\/uploads\/2019\/05\/St-Val\u00e9rien-de-Milton-768x1037.jpeg 768w, https:\/\/patrimoineduquebec.com\/eglisesduquebec\/wp-content\/uploads\/2019\/05\/St-Val\u00e9rien-de-Milton.jpeg 1391w\" sizes=\"auto, (max-width: 758px) 100vw, 758px\" \/><\/a><figcaption class=\"wp-element-caption\">Saint-Val\u00e9rien-de-Milton<br>\u00c9glise Saint-Val\u00e9rien<br>1922-1924 <br>(Monique Bellemare)<\/figcaption><\/figure>\n\n\n\n<figure class=\"wp-block-image size-large\"><a href=\"https:\/\/patrimoineduquebec.com\/eglisesduquebec\/wp-content\/uploads\/2019\/05\/IMG_1744.jpeg\"><img loading=\"lazy\" decoding=\"async\" width=\"768\" height=\"1024\" data-id=\"2026\" src=\"https:\/\/patrimoineduquebec.com\/eglisesduquebec\/wp-content\/uploads\/2019\/05\/IMG_1744-768x1024.jpeg\" alt=\"\" class=\"wp-image-2026\" srcset=\"https:\/\/patrimoineduquebec.com\/eglisesduquebec\/wp-content\/uploads\/2019\/05\/IMG_1744-768x1024.jpeg 768w, https:\/\/patrimoineduquebec.com\/eglisesduquebec\/wp-content\/uploads\/2019\/05\/IMG_1744-225x300.jpeg 225w\" sizes=\"auto, (max-width: 768px) 100vw, 768px\" \/><\/a><figcaption class=\"wp-element-caption\">Sainte-Ang\u00e8le-de-Monnoir<br>\u00c9glise Sainte-Ang\u00e8le<br> 1870-1872 <br>(Monique Bellemare)<\/figcaption><\/figure>\n\n\n\n<figure class=\"wp-block-image size-large\"><a href=\"https:\/\/patrimoineduquebec.com\/eglisesduquebec\/wp-content\/uploads\/2019\/05\/Ste-Anne-de-Sabrevois.jpeg\"><img loading=\"lazy\" decoding=\"async\" width=\"718\" height=\"1024\" data-id=\"2027\" src=\"https:\/\/patrimoineduquebec.com\/eglisesduquebec\/wp-content\/uploads\/2019\/05\/Ste-Anne-de-Sabrevois-718x1024.jpeg\" alt=\"\" class=\"wp-image-2027\" srcset=\"https:\/\/patrimoineduquebec.com\/eglisesduquebec\/wp-content\/uploads\/2019\/05\/Ste-Anne-de-Sabrevois-718x1024.jpeg 718w, https:\/\/patrimoineduquebec.com\/eglisesduquebec\/wp-content\/uploads\/2019\/05\/Ste-Anne-de-Sabrevois-210x300.jpeg 210w, https:\/\/patrimoineduquebec.com\/eglisesduquebec\/wp-content\/uploads\/2019\/05\/Ste-Anne-de-Sabrevois-768x1095.jpeg 768w, https:\/\/patrimoineduquebec.com\/eglisesduquebec\/wp-content\/uploads\/2019\/05\/Ste-Anne-de-Sabrevois.jpeg 1512w\" sizes=\"auto, (max-width: 718px) 100vw, 718px\" \/><\/a><figcaption class=\"wp-element-caption\">Sainte-Anne-de-Sabrevois<br>\u00c9glise Sainte-Anne <br>1920-1921 <br>(Monique Bellemare)<\/figcaption><\/figure>\n\n\n\n<figure class=\"wp-block-image size-large\"><a href=\"https:\/\/patrimoineduquebec.com\/eglisesduquebec\/wp-content\/uploads\/2019\/05\/Ste-Anne-de-Sorel.jpeg\"><img loading=\"lazy\" decoding=\"async\" width=\"693\" height=\"1024\" data-id=\"2028\" src=\"https:\/\/patrimoineduquebec.com\/eglisesduquebec\/wp-content\/uploads\/2019\/05\/Ste-Anne-de-Sorel-693x1024.jpeg\" alt=\"\" class=\"wp-image-2028\" srcset=\"https:\/\/patrimoineduquebec.com\/eglisesduquebec\/wp-content\/uploads\/2019\/05\/Ste-Anne-de-Sorel-693x1024.jpeg 693w, https:\/\/patrimoineduquebec.com\/eglisesduquebec\/wp-content\/uploads\/2019\/05\/Ste-Anne-de-Sorel-203x300.jpeg 203w, https:\/\/patrimoineduquebec.com\/eglisesduquebec\/wp-content\/uploads\/2019\/05\/Ste-Anne-de-Sorel-768x1135.jpeg 768w, https:\/\/patrimoineduquebec.com\/eglisesduquebec\/wp-content\/uploads\/2019\/05\/Ste-Anne-de-Sorel.jpeg 1671w\" sizes=\"auto, (max-width: 693px) 100vw, 693px\" \/><\/a><figcaption class=\"wp-element-caption\">Sainte-Anne-de-Sorel<br>\u00c9glise Sainte-Anne <br>1878-1879<br>(Monique Bellemare)<\/figcaption><\/figure>\n\n\n\n<figure class=\"wp-block-image size-large\"><a href=\"https:\/\/patrimoineduquebec.com\/eglisesduquebec\/wp-content\/uploads\/2019\/05\/upeg.jpeg\"><img loading=\"lazy\" decoding=\"async\" width=\"683\" height=\"1024\" data-id=\"2029\" src=\"https:\/\/patrimoineduquebec.com\/eglisesduquebec\/wp-content\/uploads\/2019\/05\/upeg-683x1024.jpeg\" alt=\"\" class=\"wp-image-2029\" srcset=\"https:\/\/patrimoineduquebec.com\/eglisesduquebec\/wp-content\/uploads\/2019\/05\/upeg-683x1024.jpeg 683w, https:\/\/patrimoineduquebec.com\/eglisesduquebec\/wp-content\/uploads\/2019\/05\/upeg-200x300.jpeg 200w, https:\/\/patrimoineduquebec.com\/eglisesduquebec\/wp-content\/uploads\/2019\/05\/upeg-768x1152.jpeg 768w, https:\/\/patrimoineduquebec.com\/eglisesduquebec\/wp-content\/uploads\/2019\/05\/upeg.jpeg 1720w\" sizes=\"auto, (max-width: 683px) 100vw, 683px\" \/><\/a><figcaption class=\"wp-element-caption\">Sainte-Brigide-d&rsquo;Iberville<br>\u00c9glise Sainte-Brigide<br>1863-1864 <br>(Monique Bellemare)<\/figcaption><\/figure>\n\n\n\n<figure class=\"wp-block-image size-large\"><a href=\"https:\/\/patrimoineduquebec.com\/eglisesduquebec\/wp-content\/uploads\/2019\/05\/Ste-C\u00e9cile-de-Milton.jpeg\"><img loading=\"lazy\" decoding=\"async\" width=\"753\" height=\"1024\" data-id=\"2030\" src=\"https:\/\/patrimoineduquebec.com\/eglisesduquebec\/wp-content\/uploads\/2019\/05\/Ste-C\u00e9cile-de-Milton-753x1024.jpeg\" alt=\"\" class=\"wp-image-2030\" srcset=\"https:\/\/patrimoineduquebec.com\/eglisesduquebec\/wp-content\/uploads\/2019\/05\/Ste-C\u00e9cile-de-Milton-753x1024.jpeg 753w, https:\/\/patrimoineduquebec.com\/eglisesduquebec\/wp-content\/uploads\/2019\/05\/Ste-C\u00e9cile-de-Milton-221x300.jpeg 221w, https:\/\/patrimoineduquebec.com\/eglisesduquebec\/wp-content\/uploads\/2019\/05\/Ste-C\u00e9cile-de-Milton-768x1044.jpeg 768w, https:\/\/patrimoineduquebec.com\/eglisesduquebec\/wp-content\/uploads\/2019\/05\/Ste-C\u00e9cile-de-Milton.jpeg 1718w\" sizes=\"auto, (max-width: 753px) 100vw, 753px\" \/><\/a><figcaption class=\"wp-element-caption\">Sainte-C\u00e9cile-de-Milton<br>\u00c9glise Sainte-C\u00e9cile<br> 1859-1861 <br>(Monique Bellemare)<\/figcaption><\/figure>\n\n\n\n<figure class=\"wp-block-image size-large\"><a href=\"https:\/\/patrimoineduquebec.com\/eglisesduquebec\/wp-content\/uploads\/2019\/05\/Ste-H\u00e9l\u00e8ne-de-Bagot.jpeg\"><img loading=\"lazy\" decoding=\"async\" width=\"768\" height=\"1024\" data-id=\"2031\" src=\"https:\/\/patrimoineduquebec.com\/eglisesduquebec\/wp-content\/uploads\/2019\/05\/Ste-H\u00e9l\u00e8ne-de-Bagot-768x1024.jpeg\" alt=\"\" class=\"wp-image-2031\" srcset=\"https:\/\/patrimoineduquebec.com\/eglisesduquebec\/wp-content\/uploads\/2019\/05\/Ste-H\u00e9l\u00e8ne-de-Bagot-768x1024.jpeg 768w, https:\/\/patrimoineduquebec.com\/eglisesduquebec\/wp-content\/uploads\/2019\/05\/Ste-H\u00e9l\u00e8ne-de-Bagot-225x300.jpeg 225w, https:\/\/patrimoineduquebec.com\/eglisesduquebec\/wp-content\/uploads\/2019\/05\/Ste-H\u00e9l\u00e8ne-de-Bagot.jpeg 1914w\" sizes=\"auto, (max-width: 768px) 100vw, 768px\" \/><\/a><figcaption class=\"wp-element-caption\">Sainte-H\u00e9l\u00e8ne-de-Bagot<br>\u00c9glise Sainte-H\u00e9l\u00e8ne<br> 1901-1904 <br>(Monique Bellemare)<\/figcaption><\/figure>\n\n\n\n<figure class=\"wp-block-image size-large\"><a href=\"https:\/\/patrimoineduquebec.com\/eglisesduquebec\/wp-content\/uploads\/2019\/05\/Ste-Madeleine.jpeg\"><img loading=\"lazy\" decoding=\"async\" width=\"769\" height=\"1024\" data-id=\"2032\" src=\"https:\/\/patrimoineduquebec.com\/eglisesduquebec\/wp-content\/uploads\/2019\/05\/Ste-Madeleine-769x1024.jpeg\" alt=\"\" class=\"wp-image-2032\" srcset=\"https:\/\/patrimoineduquebec.com\/eglisesduquebec\/wp-content\/uploads\/2019\/05\/Ste-Madeleine-769x1024.jpeg 769w, https:\/\/patrimoineduquebec.com\/eglisesduquebec\/wp-content\/uploads\/2019\/05\/Ste-Madeleine-225x300.jpeg 225w, https:\/\/patrimoineduquebec.com\/eglisesduquebec\/wp-content\/uploads\/2019\/05\/Ste-Madeleine-768x1023.jpeg 768w\" sizes=\"auto, (max-width: 769px) 100vw, 769px\" \/><\/a><figcaption class=\"wp-element-caption\">Sainte-Madeleine<br> \u00c9glise Sainte-Madeleine<br>1953<br> (Monique Bellemare)<\/figcaption><\/figure>\n\n\n\n<figure class=\"wp-block-image size-large\"><a href=\"https:\/\/patrimoineduquebec.com\/eglisesduquebec\/wp-content\/uploads\/2019\/05\/Ste-Sabine.jpeg\"><img loading=\"lazy\" decoding=\"async\" width=\"1024\" height=\"676\" data-id=\"2033\" src=\"https:\/\/patrimoineduquebec.com\/eglisesduquebec\/wp-content\/uploads\/2019\/05\/Ste-Sabine-1024x676.jpeg\" alt=\"\" class=\"wp-image-2033\" srcset=\"https:\/\/patrimoineduquebec.com\/eglisesduquebec\/wp-content\/uploads\/2019\/05\/Ste-Sabine-1024x676.jpeg 1024w, https:\/\/patrimoineduquebec.com\/eglisesduquebec\/wp-content\/uploads\/2019\/05\/Ste-Sabine-300x198.jpeg 300w, https:\/\/patrimoineduquebec.com\/eglisesduquebec\/wp-content\/uploads\/2019\/05\/Ste-Sabine-768x507.jpeg 768w\" sizes=\"auto, (max-width: 1024px) 100vw, 1024px\" \/><\/a><figcaption class=\"wp-element-caption\">Sainte-Sabine <br>\u00c9glise Sainte-Sabine (ferm\u00e9e)<br>1967 <br>(Monique Bellemare)<\/figcaption><\/figure>\n\n\n\n<figure class=\"wp-block-image size-large\"><a href=\"https:\/\/patrimoineduquebec.com\/eglisesduquebec\/wp-content\/uploads\/2019\/05\/Ste-Victoire-de-Sorel.jpeg\"><img loading=\"lazy\" decoding=\"async\" width=\"696\" height=\"1024\" data-id=\"2034\" src=\"https:\/\/patrimoineduquebec.com\/eglisesduquebec\/wp-content\/uploads\/2019\/05\/Ste-Victoire-de-Sorel-696x1024.jpeg\" alt=\"\" class=\"wp-image-2034\" srcset=\"https:\/\/patrimoineduquebec.com\/eglisesduquebec\/wp-content\/uploads\/2019\/05\/Ste-Victoire-de-Sorel-696x1024.jpeg 696w, https:\/\/patrimoineduquebec.com\/eglisesduquebec\/wp-content\/uploads\/2019\/05\/Ste-Victoire-de-Sorel-204x300.jpeg 204w, https:\/\/patrimoineduquebec.com\/eglisesduquebec\/wp-content\/uploads\/2019\/05\/Ste-Victoire-de-Sorel-768x1131.jpeg 768w, https:\/\/patrimoineduquebec.com\/eglisesduquebec\/wp-content\/uploads\/2019\/05\/Ste-Victoire-de-Sorel.jpeg 1516w\" sizes=\"auto, (max-width: 696px) 100vw, 696px\" \/><\/a><figcaption class=\"wp-element-caption\">Sainte-Victoire-de-Sorel<br>\u00c9glise Sainte-Victoire<br>1930<br>(Monique Bellemare)<\/figcaption><\/figure>\n\n\n\n<figure class=\"wp-block-image size-large\"><a href=\"https:\/\/patrimoineduquebec.com\/eglisesduquebec\/wp-content\/uploads\/2019\/05\/Tracy-Enfant-J\u00e9sus.jpeg\"><img loading=\"lazy\" decoding=\"async\" width=\"1024\" height=\"768\" data-id=\"2035\" src=\"https:\/\/patrimoineduquebec.com\/eglisesduquebec\/wp-content\/uploads\/2019\/05\/Tracy-Enfant-J\u00e9sus-1024x768.jpeg\" alt=\"\" class=\"wp-image-2035\" srcset=\"https:\/\/patrimoineduquebec.com\/eglisesduquebec\/wp-content\/uploads\/2019\/05\/Tracy-Enfant-J\u00e9sus-1024x768.jpeg 1024w, https:\/\/patrimoineduquebec.com\/eglisesduquebec\/wp-content\/uploads\/2019\/05\/Tracy-Enfant-J\u00e9sus-300x225.jpeg 300w, https:\/\/patrimoineduquebec.com\/eglisesduquebec\/wp-content\/uploads\/2019\/05\/Tracy-Enfant-J\u00e9sus-768x576.jpeg 768w, https:\/\/patrimoineduquebec.com\/eglisesduquebec\/wp-content\/uploads\/2019\/05\/Tracy-Enfant-J\u00e9sus-120x90.jpeg 120w\" sizes=\"auto, (max-width: 1024px) 100vw, 1024px\" \/><\/a><figcaption class=\"wp-element-caption\">Sorel-Tracy (Tracy) <br>\u00c9glise Enfant-J\u00e9sus <br>1960 <br>(Monique Bellemare)<\/figcaption><\/figure>\n\n\n\n<figure class=\"wp-block-image size-large\"><a href=\"https:\/\/patrimoineduquebec.com\/eglisesduquebec\/wp-content\/uploads\/2019\/05\/Tracy-Marie-Aux.jpeg\"><img loading=\"lazy\" decoding=\"async\" width=\"768\" height=\"1024\" data-id=\"2036\" src=\"https:\/\/patrimoineduquebec.com\/eglisesduquebec\/wp-content\/uploads\/2019\/05\/Tracy-Marie-Aux-768x1024.jpeg\" alt=\"\" class=\"wp-image-2036\" srcset=\"https:\/\/patrimoineduquebec.com\/eglisesduquebec\/wp-content\/uploads\/2019\/05\/Tracy-Marie-Aux-768x1024.jpeg 768w, https:\/\/patrimoineduquebec.com\/eglisesduquebec\/wp-content\/uploads\/2019\/05\/Tracy-Marie-Aux-225x300.jpeg 225w, https:\/\/patrimoineduquebec.com\/eglisesduquebec\/wp-content\/uploads\/2019\/05\/Tracy-Marie-Aux.jpeg 1868w\" sizes=\"auto, (max-width: 768px) 100vw, 768px\" \/><\/a><figcaption class=\"wp-element-caption\">Sorel-Tracy (Sorel) <br>\u00c9glise Marie-Auxiliatrice (ferm\u00e9e)<br>1952-1954<br> (Monique Bellemare)<\/figcaption><\/figure>\n\n\n\n<figure class=\"wp-block-image size-large\"><a href=\"https:\/\/patrimoineduquebec.com\/eglisesduquebec\/wp-content\/uploads\/2019\/05\/Sorel-N-D-du-P-Secours.jpeg\"><img loading=\"lazy\" decoding=\"async\" width=\"705\" height=\"1024\" data-id=\"2037\" src=\"https:\/\/patrimoineduquebec.com\/eglisesduquebec\/wp-content\/uploads\/2019\/05\/Sorel-N-D-du-P-Secours-705x1024.jpeg\" alt=\"\" class=\"wp-image-2037\" srcset=\"https:\/\/patrimoineduquebec.com\/eglisesduquebec\/wp-content\/uploads\/2019\/05\/Sorel-N-D-du-P-Secours-705x1024.jpeg 705w, https:\/\/patrimoineduquebec.com\/eglisesduquebec\/wp-content\/uploads\/2019\/05\/Sorel-N-D-du-P-Secours-207x300.jpeg 207w, https:\/\/patrimoineduquebec.com\/eglisesduquebec\/wp-content\/uploads\/2019\/05\/Sorel-N-D-du-P-Secours-768x1115.jpeg 768w, https:\/\/patrimoineduquebec.com\/eglisesduquebec\/wp-content\/uploads\/2019\/05\/Sorel-N-D-du-P-Secours.jpeg 1394w\" sizes=\"auto, (max-width: 705px) 100vw, 705px\" \/><\/a><figcaption class=\"wp-element-caption\">Sorel -Tracy (Sorel) <br>\u00c9glise Notre-Dame-du-Perp\u00e9tuel-Secours (ferm\u00e9e)<br>1926-1928<br> (Monique Bellemare)<\/figcaption><\/figure>\n\n\n\n<figure class=\"wp-block-image size-large\"><a href=\"https:\/\/patrimoineduquebec.com\/eglisesduquebec\/wp-content\/uploads\/2019\/05\/Sorel-St-Gabriel-Lalement.jpeg\"><img loading=\"lazy\" decoding=\"async\" width=\"759\" height=\"1024\" data-id=\"2038\" src=\"https:\/\/patrimoineduquebec.com\/eglisesduquebec\/wp-content\/uploads\/2019\/05\/Sorel-St-Gabriel-Lalement-759x1024.jpeg\" alt=\"\" class=\"wp-image-2038\" srcset=\"https:\/\/patrimoineduquebec.com\/eglisesduquebec\/wp-content\/uploads\/2019\/05\/Sorel-St-Gabriel-Lalement-759x1024.jpeg 759w, https:\/\/patrimoineduquebec.com\/eglisesduquebec\/wp-content\/uploads\/2019\/05\/Sorel-St-Gabriel-Lalement-222x300.jpeg 222w, https:\/\/patrimoineduquebec.com\/eglisesduquebec\/wp-content\/uploads\/2019\/05\/Sorel-St-Gabriel-Lalement-768x1036.jpeg 768w, https:\/\/patrimoineduquebec.com\/eglisesduquebec\/wp-content\/uploads\/2019\/05\/Sorel-St-Gabriel-Lalement.jpeg 1406w\" sizes=\"auto, (max-width: 759px) 100vw, 759px\" \/><\/a><figcaption class=\"wp-element-caption\">Sorel -Tracy (Sorel) <br>\u00c9glise Saint-Gabriel-Lalemant <br>1953<br> (Monique Bellemare)<\/figcaption><\/figure>\n\n\n\n<figure class=\"wp-block-image size-large\"><a href=\"https:\/\/patrimoineduquebec.com\/eglisesduquebec\/wp-content\/uploads\/2019\/05\/Tracy-St-Jean-Bosco.jpeg\"><img loading=\"lazy\" decoding=\"async\" width=\"768\" height=\"1024\" data-id=\"2039\" src=\"https:\/\/patrimoineduquebec.com\/eglisesduquebec\/wp-content\/uploads\/2019\/05\/Tracy-St-Jean-Bosco-768x1024.jpeg\" alt=\"\" class=\"wp-image-2039\" srcset=\"https:\/\/patrimoineduquebec.com\/eglisesduquebec\/wp-content\/uploads\/2019\/05\/Tracy-St-Jean-Bosco-768x1024.jpeg 768w, https:\/\/patrimoineduquebec.com\/eglisesduquebec\/wp-content\/uploads\/2019\/05\/Tracy-St-Jean-Bosco-225x300.jpeg 225w, https:\/\/patrimoineduquebec.com\/eglisesduquebec\/wp-content\/uploads\/2019\/05\/Tracy-St-Jean-Bosco.jpeg 1872w\" sizes=\"auto, (max-width: 768px) 100vw, 768px\" \/><\/a><figcaption class=\"wp-element-caption\">Sorel-Tracy (Sorel) <br>\u00c9glise Saint-Jean-Bosco (d\u00e9molie)<br>1954-1957<br>(Monique Bellemare)<\/figcaption><\/figure>\n\n\n\n<figure class=\"wp-block-image size-large\"><a href=\"https:\/\/patrimoineduquebec.com\/eglisesduquebec\/wp-content\/uploads\/2019\/05\/Sorel-St-Maxime.jpeg\"><img loading=\"lazy\" decoding=\"async\" width=\"1024\" height=\"682\" data-id=\"2040\" src=\"https:\/\/patrimoineduquebec.com\/eglisesduquebec\/wp-content\/uploads\/2019\/05\/Sorel-St-Maxime-1024x682.jpeg\" alt=\"\" class=\"wp-image-2040\" srcset=\"https:\/\/patrimoineduquebec.com\/eglisesduquebec\/wp-content\/uploads\/2019\/05\/Sorel-St-Maxime-1024x682.jpeg 1024w, https:\/\/patrimoineduquebec.com\/eglisesduquebec\/wp-content\/uploads\/2019\/05\/Sorel-St-Maxime-300x200.jpeg 300w, https:\/\/patrimoineduquebec.com\/eglisesduquebec\/wp-content\/uploads\/2019\/05\/Sorel-St-Maxime-768x512.jpeg 768w, https:\/\/patrimoineduquebec.com\/eglisesduquebec\/wp-content\/uploads\/2019\/05\/Sorel-St-Maxime.jpeg 2013w\" sizes=\"auto, (max-width: 1024px) 100vw, 1024px\" \/><\/a><figcaption class=\"wp-element-caption\">Sorel -Tracy (Sorel)<br> \u00c9glise Saint-Maxime (d\u00e9molie)<br>1946-1947<br> (Monique Bellemare)<\/figcaption><\/figure>\n\n\n\n<figure class=\"wp-block-image size-large\"><a href=\"https:\/\/patrimoineduquebec.com\/eglisesduquebec\/wp-content\/uploads\/2019\/05\/Sorel-St-Pierre.jpeg\"><img loading=\"lazy\" decoding=\"async\" width=\"739\" height=\"1024\" data-id=\"2041\" src=\"https:\/\/patrimoineduquebec.com\/eglisesduquebec\/wp-content\/uploads\/2019\/05\/Sorel-St-Pierre-739x1024.jpeg\" alt=\"\" class=\"wp-image-2041\" srcset=\"https:\/\/patrimoineduquebec.com\/eglisesduquebec\/wp-content\/uploads\/2019\/05\/Sorel-St-Pierre-739x1024.jpeg 739w, https:\/\/patrimoineduquebec.com\/eglisesduquebec\/wp-content\/uploads\/2019\/05\/Sorel-St-Pierre-216x300.jpeg 216w, https:\/\/patrimoineduquebec.com\/eglisesduquebec\/wp-content\/uploads\/2019\/05\/Sorel-St-Pierre-768x1065.jpeg 768w, https:\/\/patrimoineduquebec.com\/eglisesduquebec\/wp-content\/uploads\/2019\/05\/Sorel-St-Pierre.jpeg 1643w\" sizes=\"auto, (max-width: 739px) 100vw, 739px\" \/><\/a><figcaption class=\"wp-element-caption\">Sorel-Tracy (Sorel) <br>\u00c9glise Saint-Pierre <br>1826-1831 <br>(Monique Bellemare)<\/figcaption><\/figure>\n\n\n\n<figure class=\"wp-block-image size-large\"><a href=\"https:\/\/patrimoineduquebec.com\/eglisesduquebec\/wp-content\/uploads\/2019\/05\/stanbridge-east-rue-river-G\u00e9rald-Arbour-N3.jpg\"><img loading=\"lazy\" decoding=\"async\" width=\"1024\" height=\"768\" data-id=\"2042\" src=\"https:\/\/patrimoineduquebec.com\/eglisesduquebec\/wp-content\/uploads\/2019\/05\/stanbridge-east-rue-river-G\u00e9rald-Arbour-N3-1024x768.jpg\" alt=\"\" class=\"wp-image-2042\" srcset=\"https:\/\/patrimoineduquebec.com\/eglisesduquebec\/wp-content\/uploads\/2019\/05\/stanbridge-east-rue-river-G\u00e9rald-Arbour-N3-1024x768.jpg 1024w, https:\/\/patrimoineduquebec.com\/eglisesduquebec\/wp-content\/uploads\/2019\/05\/stanbridge-east-rue-river-G\u00e9rald-Arbour-N3-300x225.jpg 300w, https:\/\/patrimoineduquebec.com\/eglisesduquebec\/wp-content\/uploads\/2019\/05\/stanbridge-east-rue-river-G\u00e9rald-Arbour-N3-768x576.jpg 768w, https:\/\/patrimoineduquebec.com\/eglisesduquebec\/wp-content\/uploads\/2019\/05\/stanbridge-east-rue-river-G\u00e9rald-Arbour-N3-120x90.jpg 120w\" sizes=\"auto, (max-width: 1024px) 100vw, 1024px\" \/><\/a><figcaption class=\"wp-element-caption\">Stanbridge East <br>\u00c9glise Sainte-Jeanne-d\u2019Arc (ferm\u00e9e)<br>1861 <br>(G\u00e9rald Arbour)<\/figcaption><\/figure>\n\n\n\n<figure class=\"wp-block-image size-large\"><a href=\"https:\/\/patrimoineduquebec.com\/eglisesduquebec\/wp-content\/uploads\/2019\/05\/Sutton.jpeg\"><img loading=\"lazy\" decoding=\"async\" width=\"683\" height=\"1024\" data-id=\"2043\" src=\"https:\/\/patrimoineduquebec.com\/eglisesduquebec\/wp-content\/uploads\/2019\/05\/Sutton-683x1024.jpeg\" alt=\"\" class=\"wp-image-2043\" srcset=\"https:\/\/patrimoineduquebec.com\/eglisesduquebec\/wp-content\/uploads\/2019\/05\/Sutton-683x1024.jpeg 683w, https:\/\/patrimoineduquebec.com\/eglisesduquebec\/wp-content\/uploads\/2019\/05\/Sutton-200x300.jpeg 200w, https:\/\/patrimoineduquebec.com\/eglisesduquebec\/wp-content\/uploads\/2019\/05\/Sutton-768x1152.jpeg 768w\" sizes=\"auto, (max-width: 683px) 100vw, 683px\" \/><\/a><figcaption class=\"wp-element-caption\">Sutton <br>\u00c9glise Saint-Andr\u00e9 <br>1872 <br>(Monique Bellemare)<\/figcaption><\/figure>\n\n\n\n<figure class=\"wp-block-image size-large\"><a href=\"https:\/\/patrimoineduquebec.com\/eglisesduquebec\/wp-content\/uploads\/2019\/05\/glen-sutton-G\u00e9rald-Arbour-N2.jpg\"><img loading=\"lazy\" decoding=\"async\" width=\"1024\" height=\"768\" data-id=\"2044\" src=\"https:\/\/patrimoineduquebec.com\/eglisesduquebec\/wp-content\/uploads\/2019\/05\/glen-sutton-G\u00e9rald-Arbour-N2-1024x768.jpg\" alt=\"\" class=\"wp-image-2044\" srcset=\"https:\/\/patrimoineduquebec.com\/eglisesduquebec\/wp-content\/uploads\/2019\/05\/glen-sutton-G\u00e9rald-Arbour-N2-1024x768.jpg 1024w, https:\/\/patrimoineduquebec.com\/eglisesduquebec\/wp-content\/uploads\/2019\/05\/glen-sutton-G\u00e9rald-Arbour-N2-300x225.jpg 300w, https:\/\/patrimoineduquebec.com\/eglisesduquebec\/wp-content\/uploads\/2019\/05\/glen-sutton-G\u00e9rald-Arbour-N2-768x576.jpg 768w, https:\/\/patrimoineduquebec.com\/eglisesduquebec\/wp-content\/uploads\/2019\/05\/glen-sutton-G\u00e9rald-Arbour-N2-120x90.jpg 120w\" sizes=\"auto, (max-width: 1024px) 100vw, 1024px\" \/><\/a><figcaption class=\"wp-element-caption\">Sutton (Glen Sutton)<br>Mission Notre-Dame-des-Gr\u00e2ces (ferm\u00e9e)<br>1962<br>(G\u00e9rald Arbour)<\/figcaption><\/figure>\n\n\n\n<figure class=\"wp-block-image size-large\"><a href=\"https:\/\/patrimoineduquebec.com\/eglisesduquebec\/wp-content\/uploads\/2019\/05\/Upton.jpeg\"><img loading=\"lazy\" decoding=\"async\" width=\"766\" height=\"1024\" data-id=\"2045\" src=\"https:\/\/patrimoineduquebec.com\/eglisesduquebec\/wp-content\/uploads\/2019\/05\/Upton-766x1024.jpeg\" alt=\"\" class=\"wp-image-2045\" srcset=\"https:\/\/patrimoineduquebec.com\/eglisesduquebec\/wp-content\/uploads\/2019\/05\/Upton-766x1024.jpeg 766w, https:\/\/patrimoineduquebec.com\/eglisesduquebec\/wp-content\/uploads\/2019\/05\/Upton-224x300.jpeg 224w, https:\/\/patrimoineduquebec.com\/eglisesduquebec\/wp-content\/uploads\/2019\/05\/Upton-768x1027.jpeg 768w, https:\/\/patrimoineduquebec.com\/eglisesduquebec\/wp-content\/uploads\/2019\/05\/Upton.jpeg 1792w\" sizes=\"auto, (max-width: 766px) 100vw, 766px\" \/><\/a><figcaption class=\"wp-element-caption\">Upton <br>\u00c9glise Saint-\u00c9phrem <br>1875-1876<br>(Monique Bellemare)<\/figcaption><\/figure>\n\n\n\n<figure class=\"wp-block-image size-large\"><a href=\"https:\/\/patrimoineduquebec.com\/eglisesduquebec\/wp-content\/uploads\/2019\/05\/Venise-en-Qu\u00e9bec.jpeg\"><img loading=\"lazy\" decoding=\"async\" width=\"768\" height=\"1024\" data-id=\"2046\" src=\"https:\/\/patrimoineduquebec.com\/eglisesduquebec\/wp-content\/uploads\/2019\/05\/Venise-en-Qu\u00e9bec-768x1024.jpeg\" alt=\"\" class=\"wp-image-2046\" srcset=\"https:\/\/patrimoineduquebec.com\/eglisesduquebec\/wp-content\/uploads\/2019\/05\/Venise-en-Qu\u00e9bec-768x1024.jpeg 768w, https:\/\/patrimoineduquebec.com\/eglisesduquebec\/wp-content\/uploads\/2019\/05\/Venise-en-Qu\u00e9bec-225x300.jpeg 225w\" sizes=\"auto, (max-width: 768px) 100vw, 768px\" \/><\/a><figcaption class=\"wp-element-caption\">Venise-en-Qu\u00e9bec <br>\u00c9glise Saints-Martyrs-Canadiens (ferm\u00e9e)<br>1950 <br>(Monique Bellemare)<\/figcaption><\/figure>\n\n\n\n<figure class=\"wp-block-image size-large\"><a href=\"https:\/\/patrimoineduquebec.com\/eglisesduquebec\/wp-content\/uploads\/2019\/05\/Waterloo.jpg\"><img loading=\"lazy\" decoding=\"async\" width=\"1024\" height=\"782\" data-id=\"2047\" src=\"https:\/\/patrimoineduquebec.com\/eglisesduquebec\/wp-content\/uploads\/2019\/05\/Waterloo-1024x782.jpg\" alt=\"\" class=\"wp-image-2047\" srcset=\"https:\/\/patrimoineduquebec.com\/eglisesduquebec\/wp-content\/uploads\/2019\/05\/Waterloo-1024x782.jpg 1024w, https:\/\/patrimoineduquebec.com\/eglisesduquebec\/wp-content\/uploads\/2019\/05\/Waterloo-300x229.jpg 300w, https:\/\/patrimoineduquebec.com\/eglisesduquebec\/wp-content\/uploads\/2019\/05\/Waterloo-768x586.jpg 768w\" sizes=\"auto, (max-width: 1024px) 100vw, 1024px\" \/><\/a><figcaption class=\"wp-element-caption\">Waterloo<br> \u00c9glise Saint-Bernadin-de-Sienne<br> 1975-1976<br> (Monique Bellemare)<\/figcaption><\/figure>\n<\/figure>\n\n\n\n<p><\/p>\n\n\n","protected":false},"excerpt":{"rendered":"","protected":false},"author":1,"featured_media":0,"parent":0,"menu_order":0,"comment_status":"closed","ping_status":"closed","template":"","meta":{"footnotes":"[]"},"class_list":["post-1927","page","type-page","status-publish","hentry"],"_links":{"self":[{"href":"https:\/\/patrimoineduquebec.com\/eglisesduquebec\/wp-json\/wp\/v2\/pages\/1927","targetHints":{"allow":["GET"]}}],"collection":[{"href":"https:\/\/patrimoineduquebec.com\/eglisesduquebec\/wp-json\/wp\/v2\/pages"}],"about":[{"href":"https:\/\/patrimoineduquebec.com\/eglisesduquebec\/wp-json\/wp\/v2\/types\/page"}],"author":[{"embeddable":true,"href":"https:\/\/patrimoineduquebec.com\/eglisesduquebec\/wp-json\/wp\/v2\/users\/1"}],"replies":[{"embeddable":true,"href":"https:\/\/patrimoineduquebec.com\/eglisesduquebec\/wp-json\/wp\/v2\/comments?post=1927"}],"version-history":[{"count":51,"href":"https:\/\/patrimoineduquebec.com\/eglisesduquebec\/wp-json\/wp\/v2\/pages\/1927\/revisions"}],"predecessor-version":[{"id":4906,"href":"https:\/\/patrimoineduquebec.com\/eglisesduquebec\/wp-json\/wp\/v2\/pages\/1927\/revisions\/4906"}],"wp:attachment":[{"href":"https:\/\/patrimoineduquebec.com\/eglisesduquebec\/wp-json\/wp\/v2\/media?parent=1927"}],"curies":[{"name":"wp","href":"https:\/\/api.w.org\/{rel}","templated":true}]}}