{"id":810,"date":"2019-09-29T15:46:07","date_gmt":"2019-09-29T15:46:07","guid":{"rendered":"https:\/\/patrimoineduquebec.com\/GaresduQuebec\/?page_id=810"},"modified":"2019-10-11T16:07:29","modified_gmt":"2019-10-11T16:07:29","slug":"val-morin","status":"publish","type":"page","link":"https:\/\/patrimoineduquebec.com\/GaresduQuebec\/val-morin\/","title":{"rendered":"Val-Morin"},"content":{"rendered":"\n<div class=\"wp-block-image\"><figure class=\"aligncenter\"><a href=\"https:\/\/patrimoineduquebec.com\/GaresduQuebec\/wp-content\/uploads\/2019\/09\/val-morin-rue-de-la-gare-G\u00e9rald-Arbour-N1.jpeg\"><img loading=\"lazy\" decoding=\"async\" width=\"1024\" height=\"768\" src=\"https:\/\/patrimoineduquebec.com\/GaresduQuebec\/wp-content\/uploads\/2019\/09\/val-morin-rue-de-la-gare-G\u00e9rald-Arbour-N1-1024x768.jpeg\" alt=\"\" class=\"wp-image-811\" srcset=\"https:\/\/patrimoineduquebec.com\/GaresduQuebec\/wp-content\/uploads\/2019\/09\/val-morin-rue-de-la-gare-G\u00e9rald-Arbour-N1-1024x768.jpeg 1024w, https:\/\/patrimoineduquebec.com\/GaresduQuebec\/wp-content\/uploads\/2019\/09\/val-morin-rue-de-la-gare-G\u00e9rald-Arbour-N1-300x225.jpeg 300w, https:\/\/patrimoineduquebec.com\/GaresduQuebec\/wp-content\/uploads\/2019\/09\/val-morin-rue-de-la-gare-G\u00e9rald-Arbour-N1-768x576.jpeg 768w\" sizes=\"auto, (max-width: 1024px) 100vw, 1024px\" \/><\/a><\/figure><\/div>\n\n\n\n<p><strong>Histoire :<\/strong><br><\/p>\n\n\n\n<p>Au nord de Sainte-Ad\u00e8le, au sud de Val-David, sur les rives de la rivi\u00e8re du Nord, se trouve, nich\u00e9 dans les montagnes, un des plus beaux petits villages des Laurentides : \u00ab Val-Morin \u00bb, situ\u00e9 dans le canton de Morin, lequel porte le nom du grand ap\u00f4tre de la colonisation, l\u2019honorable Augustin-Norbert Morin qui, de bonne heure, d\u00e8s 1842, poss\u00e9dait de vastes \u00e9tendues de terre.<br><\/p>\n\n\n\n<p>Vers 1851, Augustin-Norbert Morin se fait b\u00e2tir une r\u00e9sidence \u00e0 Sainte-Ad\u00e8le, pr\u00e8s du lac Raymond, sur le territoire m\u00eame des limites de Val-Morin d\u2019aujourd\u2019hui. \u00c0 cette \u00e9poque, Val-Morin faisait partie de Sainte-Ad\u00e8le, un territoire non organis\u00e9 qui relevait du Conseil du comt\u00e9 de Terrebonne, o\u00f9 un bon nombre de colons y \u00e9taient \u00e9tablis. Les premiers d\u00e9veloppements du secteur Val-Morin remontent \u00e0 la fin du 19e si\u00e8cle, avec l\u2019arriv\u00e9e en 1892 du chemin de fer du Canadien Pacifique, bien qu&rsquo;il faille fixer les v\u00e9ritables d\u00e9buts de Val-Morin en 1922.<br><\/p>\n\n\n\n<p>Construite \u00e0 l\u2019ext\u00e9rieur du village \u00e0 cause des crues saisonni\u00e8res de la rivi\u00e8re du Nord qui traverse la municipalit\u00e9, la gare actuelle de Val-Morin est une r\u00e9plique de l\u2019ancienne gare.&nbsp; Situ\u00e9e sur le parc lin\u00e9aire \u00abLe P\u2019tit train du Nord\u00bb, on y retrouve des espaces de repos et un restaurant pour les cyclistes, marcheurs, skieurs de fond qui fr\u00e9quentent le parc \u00e0 l\u2019ann\u00e9e.<\/p>\n\n\n\n<p class=\"has-text-color has-vivid-cyan-blue-color\">Sourc<a rel=\"noreferrer noopener\" aria-label=\"e : Les Laurentides (s\u2019ouvre dans un nouvel onglet)\" href=\"https:\/\/www.laurentides.com\/fr\/belleshistoires-route\/36\" target=\"_blank\">e : Les Laurentides<\/a><\/p>\n\n\n\n<p>Photos : G\u00e9rald Arbour<\/p>\n\n\n\n<ul class=\"wp-block-gallery columns-3 is-cropped wp-block-gallery-1 is-layout-flex wp-block-gallery-is-layout-flex\"><li class=\"blocks-gallery-item\"><figure><a href=\"https:\/\/patrimoineduquebec.com\/GaresduQuebec\/wp-content\/uploads\/2019\/09\/val-morin-rue-de-la-gare-G\u00e9rald-Arbour-N1-1-1024x768.jpeg\"><img loading=\"lazy\" decoding=\"async\" width=\"1024\" height=\"768\" src=\"https:\/\/patrimoineduquebec.com\/GaresduQuebec\/wp-content\/uploads\/2019\/09\/val-morin-rue-de-la-gare-G\u00e9rald-Arbour-N1-1-1024x768.jpeg\" alt=\"\" data-id=\"812\" data-link=\"https:\/\/patrimoineduquebec.com\/GaresduQuebec\/val-morin\/val-morin-rue-de-la-gare-gerald-arbour-n1-2\/\" class=\"wp-image-812\" srcset=\"https:\/\/patrimoineduquebec.com\/GaresduQuebec\/wp-content\/uploads\/2019\/09\/val-morin-rue-de-la-gare-G\u00e9rald-Arbour-N1-1-1024x768.jpeg 1024w, https:\/\/patrimoineduquebec.com\/GaresduQuebec\/wp-content\/uploads\/2019\/09\/val-morin-rue-de-la-gare-G\u00e9rald-Arbour-N1-1-300x225.jpeg 300w, https:\/\/patrimoineduquebec.com\/GaresduQuebec\/wp-content\/uploads\/2019\/09\/val-morin-rue-de-la-gare-G\u00e9rald-Arbour-N1-1-768x576.jpeg 768w\" sizes=\"auto, (max-width: 1024px) 100vw, 1024px\" \/><\/a><\/figure><\/li><li class=\"blocks-gallery-item\"><figure><a href=\"https:\/\/patrimoineduquebec.com\/GaresduQuebec\/wp-content\/uploads\/2019\/09\/val-morin-rue-de-la-gare-G\u00e9rald-Arbour-N4-1024x768.jpeg\"><img loading=\"lazy\" decoding=\"async\" width=\"1024\" height=\"768\" src=\"https:\/\/patrimoineduquebec.com\/GaresduQuebec\/wp-content\/uploads\/2019\/09\/val-morin-rue-de-la-gare-G\u00e9rald-Arbour-N4-1024x768.jpeg\" alt=\"\" data-id=\"813\" data-link=\"https:\/\/patrimoineduquebec.com\/GaresduQuebec\/val-morin\/val-morin-rue-de-la-gare-gerald-arbour-n4\/\" class=\"wp-image-813\" srcset=\"https:\/\/patrimoineduquebec.com\/GaresduQuebec\/wp-content\/uploads\/2019\/09\/val-morin-rue-de-la-gare-G\u00e9rald-Arbour-N4-1024x768.jpeg 1024w, https:\/\/patrimoineduquebec.com\/GaresduQuebec\/wp-content\/uploads\/2019\/09\/val-morin-rue-de-la-gare-G\u00e9rald-Arbour-N4-300x225.jpeg 300w, https:\/\/patrimoineduquebec.com\/GaresduQuebec\/wp-content\/uploads\/2019\/09\/val-morin-rue-de-la-gare-G\u00e9rald-Arbour-N4-768x576.jpeg 768w\" sizes=\"auto, (max-width: 1024px) 100vw, 1024px\" \/><\/a><\/figure><\/li><li class=\"blocks-gallery-item\"><figure><a href=\"https:\/\/patrimoineduquebec.com\/GaresduQuebec\/wp-content\/uploads\/2019\/09\/val-morin-rue-de-la-gare-G\u00e9rald-Arbour-N2-1024x768.jpeg\"><img loading=\"lazy\" decoding=\"async\" width=\"1024\" height=\"768\" src=\"https:\/\/patrimoineduquebec.com\/GaresduQuebec\/wp-content\/uploads\/2019\/09\/val-morin-rue-de-la-gare-G\u00e9rald-Arbour-N2-1024x768.jpeg\" alt=\"\" data-id=\"817\" data-link=\"https:\/\/patrimoineduquebec.com\/GaresduQuebec\/val-morin\/val-morin-rue-de-la-gare-gerald-arbour-n2\/\" class=\"wp-image-817\" srcset=\"https:\/\/patrimoineduquebec.com\/GaresduQuebec\/wp-content\/uploads\/2019\/09\/val-morin-rue-de-la-gare-G\u00e9rald-Arbour-N2-1024x768.jpeg 1024w, https:\/\/patrimoineduquebec.com\/GaresduQuebec\/wp-content\/uploads\/2019\/09\/val-morin-rue-de-la-gare-G\u00e9rald-Arbour-N2-300x225.jpeg 300w, https:\/\/patrimoineduquebec.com\/GaresduQuebec\/wp-content\/uploads\/2019\/09\/val-morin-rue-de-la-gare-G\u00e9rald-Arbour-N2-768x576.jpeg 768w\" sizes=\"auto, (max-width: 1024px) 100vw, 1024px\" \/><\/a><\/figure><\/li><li class=\"blocks-gallery-item\"><figure><a href=\"https:\/\/patrimoineduquebec.com\/GaresduQuebec\/wp-content\/uploads\/2019\/10\/w-1024x683.jpg\"><img loading=\"lazy\" decoding=\"async\" width=\"1024\" height=\"683\" src=\"https:\/\/patrimoineduquebec.com\/GaresduQuebec\/wp-content\/uploads\/2019\/10\/w-1024x683.jpg\" alt=\"\" data-id=\"1658\" data-link=\"https:\/\/patrimoineduquebec.com\/GaresduQuebec\/val-morin\/w-2\/\" class=\"wp-image-1658\" srcset=\"https:\/\/patrimoineduquebec.com\/GaresduQuebec\/wp-content\/uploads\/2019\/10\/w-1024x683.jpg 1024w, https:\/\/patrimoineduquebec.com\/GaresduQuebec\/wp-content\/uploads\/2019\/10\/w-300x200.jpg 300w, https:\/\/patrimoineduquebec.com\/GaresduQuebec\/wp-content\/uploads\/2019\/10\/w-768x512.jpg 768w, https:\/\/patrimoineduquebec.com\/GaresduQuebec\/wp-content\/uploads\/2019\/10\/w.jpg 1800w\" sizes=\"auto, (max-width: 1024px) 100vw, 1024px\" \/><\/a><figcaption>Soci\u00e9t\u00e9 d&rsquo;histoire de Val-Morin<\/figcaption><\/figure><\/li><\/ul>\n","protected":false},"excerpt":{"rendered":"<p>Histoire : Au nord de Sainte-Ad\u00e8le, au sud de Val-David, sur les rives de la rivi\u00e8re du Nord, se trouve, nich\u00e9 dans les montagnes, un des plus beaux petits villages des Laurentides : \u00ab Val-Morin \u00bb, situ\u00e9 dans le canton de Morin, lequel porte le nom du grand ap\u00f4tre de la colonisation, l\u2019honorable Augustin-Norbert Morin [&hellip;]<\/p>\n","protected":false},"author":1,"featured_media":0,"parent":0,"menu_order":0,"comment_status":"closed","ping_status":"closed","template":"","meta":{"footnotes":""},"class_list":["post-810","page","type-page","status-publish","hentry"],"_links":{"self":[{"href":"https:\/\/patrimoineduquebec.com\/GaresduQuebec\/wp-json\/wp\/v2\/pages\/810","targetHints":{"allow":["GET"]}}],"collection":[{"href":"https:\/\/patrimoineduquebec.com\/GaresduQuebec\/wp-json\/wp\/v2\/pages"}],"about":[{"href":"https:\/\/patrimoineduquebec.com\/GaresduQuebec\/wp-json\/wp\/v2\/types\/page"}],"author":[{"embeddable":true,"href":"https:\/\/patrimoineduquebec.com\/GaresduQuebec\/wp-json\/wp\/v2\/users\/1"}],"replies":[{"embeddable":true,"href":"https:\/\/patrimoineduquebec.com\/GaresduQuebec\/wp-json\/wp\/v2\/comments?post=810"}],"version-history":[{"count":3,"href":"https:\/\/patrimoineduquebec.com\/GaresduQuebec\/wp-json\/wp\/v2\/pages\/810\/revisions"}],"predecessor-version":[{"id":1659,"href":"https:\/\/patrimoineduquebec.com\/GaresduQuebec\/wp-json\/wp\/v2\/pages\/810\/revisions\/1659"}],"wp:attachment":[{"href":"https:\/\/patrimoineduquebec.com\/GaresduQuebec\/wp-json\/wp\/v2\/media?parent=810"}],"curies":[{"name":"wp","href":"https:\/\/api.w.org\/{rel}","templated":true}]}}