{"id":316,"date":"2019-09-25T20:37:34","date_gmt":"2019-09-25T20:37:34","guid":{"rendered":"https:\/\/patrimoineduquebec.com\/GaresduQuebec\/?page_id=316"},"modified":"2019-09-30T14:06:47","modified_gmt":"2019-09-30T14:06:47","slug":"lyster","status":"publish","type":"page","link":"https:\/\/patrimoineduquebec.com\/GaresduQuebec\/lyster\/","title":{"rendered":"Lyster"},"content":{"rendered":"\n<div class=\"wp-block-image\"><figure class=\"aligncenter\"><a href=\"https:\/\/patrimoineduquebec.com\/GaresduQuebec\/wp-content\/uploads\/2019\/09\/P8080005.jpeg\"><img loading=\"lazy\" decoding=\"async\" width=\"1024\" height=\"768\" src=\"https:\/\/patrimoineduquebec.com\/GaresduQuebec\/wp-content\/uploads\/2019\/09\/P8080005-1024x768.jpeg\" alt=\"\" class=\"wp-image-317\" srcset=\"https:\/\/patrimoineduquebec.com\/GaresduQuebec\/wp-content\/uploads\/2019\/09\/P8080005-1024x768.jpeg 1024w, https:\/\/patrimoineduquebec.com\/GaresduQuebec\/wp-content\/uploads\/2019\/09\/P8080005-300x225.jpeg 300w, https:\/\/patrimoineduquebec.com\/GaresduQuebec\/wp-content\/uploads\/2019\/09\/P8080005-768x576.jpeg 768w\" sizes=\"auto, (max-width: 1024px) 100vw, 1024px\" \/><\/a><\/figure><\/div>\n\n\n\n<p><strong>Histoire<\/strong><br><\/p>\n\n\n\n<p>Lors du d\u00e9mant\u00e8lement du tron\u00e7on Charny-Sherbrooke, le CN se d\u00e9partissait de ses b\u00e2timents.<br><\/p>\n\n\n\n<p>La gare de Lyster \u00e9tait \u00e0 l&rsquo;\u00e9poque, pourvue de quatre aires : salle d&rsquo;attente pour passagers f\u00e9minins, salle d&rsquo;attente pour passagers masculins, local du contr\u00f4leur et entrep\u00f4t pour la marchandise.<\/p>\n\n\n\n<p>Un particulier de Lyster s&rsquo;est port\u00e9 acqu\u00e9reur de la gare et la d\u00e9m\u00e9nagea sur son terrain. Depuis 1999, la municipalit\u00e9 a r\u00e9alis\u00e9 plusieurs d\u00e9marches pour l&rsquo;acqu\u00e9rir et l&rsquo;am\u00e9nager \u00e0 des fins touristiques ainsi que comme point de service pour les usagers de la piste cyclable. En la ramenant sur son site original le 7 f\u00e9vrier 2001, la municipalit\u00e9 s&rsquo;assurait de conserver une page marquante de son histoire.<\/p>\n\n\n\n<p class=\"has-text-color has-vivid-cyan-blue-color\"><a rel=\"noreferrer noopener\" aria-label=\"Source : Municipalit\u00e9 de Lyster (s\u2019ouvre dans un nouvel onglet)\" href=\"http:\/\/lyster.ca\/attraits-tourstiques\/\" target=\"_blank\">Source : Municipalit\u00e9 de Lyster<\/a><\/p>\n\n\n\n<p>Photos : Monique Bellemare<\/p>\n\n\n\n<ul class=\"wp-block-gallery columns-3 is-cropped wp-block-gallery-1 is-layout-flex wp-block-gallery-is-layout-flex\"><li class=\"blocks-gallery-item\"><figure><a href=\"https:\/\/patrimoineduquebec.com\/GaresduQuebec\/wp-content\/uploads\/2019\/09\/P8082667-1024x768.jpg\"><img loading=\"lazy\" decoding=\"async\" width=\"1024\" height=\"768\" src=\"https:\/\/patrimoineduquebec.com\/GaresduQuebec\/wp-content\/uploads\/2019\/09\/P8082667-1024x768.jpg\" alt=\"\" data-id=\"318\" data-link=\"https:\/\/patrimoineduquebec.com\/GaresduQuebec\/lyster\/olympus-digital-camera-20\/\" class=\"wp-image-318\" srcset=\"https:\/\/patrimoineduquebec.com\/GaresduQuebec\/wp-content\/uploads\/2019\/09\/P8082667-1024x768.jpg 1024w, https:\/\/patrimoineduquebec.com\/GaresduQuebec\/wp-content\/uploads\/2019\/09\/P8082667-300x225.jpg 300w, https:\/\/patrimoineduquebec.com\/GaresduQuebec\/wp-content\/uploads\/2019\/09\/P8082667-768x576.jpg 768w\" sizes=\"auto, (max-width: 1024px) 100vw, 1024px\" \/><\/a><\/figure><\/li><li class=\"blocks-gallery-item\"><figure><a href=\"https:\/\/patrimoineduquebec.com\/GaresduQuebec\/wp-content\/uploads\/2019\/09\/P8082671-1024x689.jpeg\"><img loading=\"lazy\" decoding=\"async\" width=\"1024\" height=\"689\" src=\"https:\/\/patrimoineduquebec.com\/GaresduQuebec\/wp-content\/uploads\/2019\/09\/P8082671-1024x689.jpeg\" alt=\"\" data-id=\"319\" data-link=\"https:\/\/patrimoineduquebec.com\/GaresduQuebec\/lyster\/lyster\/\" class=\"wp-image-319\" srcset=\"https:\/\/patrimoineduquebec.com\/GaresduQuebec\/wp-content\/uploads\/2019\/09\/P8082671-1024x689.jpeg 1024w, https:\/\/patrimoineduquebec.com\/GaresduQuebec\/wp-content\/uploads\/2019\/09\/P8082671-300x202.jpeg 300w, https:\/\/patrimoineduquebec.com\/GaresduQuebec\/wp-content\/uploads\/2019\/09\/P8082671-768x516.jpeg 768w\" sizes=\"auto, (max-width: 1024px) 100vw, 1024px\" \/><\/a><\/figure><\/li><li class=\"blocks-gallery-item\"><figure><a href=\"https:\/\/patrimoineduquebec.com\/GaresduQuebec\/wp-content\/uploads\/2019\/09\/P8082668-1024x768.jpg\"><img loading=\"lazy\" decoding=\"async\" width=\"1024\" height=\"768\" src=\"https:\/\/patrimoineduquebec.com\/GaresduQuebec\/wp-content\/uploads\/2019\/09\/P8082668-1024x768.jpg\" alt=\"\" data-id=\"320\" data-link=\"https:\/\/patrimoineduquebec.com\/GaresduQuebec\/lyster\/olympus-digital-camera-21\/\" class=\"wp-image-320\" srcset=\"https:\/\/patrimoineduquebec.com\/GaresduQuebec\/wp-content\/uploads\/2019\/09\/P8082668-1024x768.jpg 1024w, https:\/\/patrimoineduquebec.com\/GaresduQuebec\/wp-content\/uploads\/2019\/09\/P8082668-300x225.jpg 300w, https:\/\/patrimoineduquebec.com\/GaresduQuebec\/wp-content\/uploads\/2019\/09\/P8082668-768x576.jpg 768w\" sizes=\"auto, (max-width: 1024px) 100vw, 1024px\" \/><\/a><\/figure><\/li><li class=\"blocks-gallery-item\"><figure><a href=\"https:\/\/patrimoineduquebec.com\/GaresduQuebec\/wp-content\/uploads\/2019\/09\/P8082679-1024x768.jpeg\"><img loading=\"lazy\" decoding=\"async\" width=\"1024\" height=\"768\" src=\"https:\/\/patrimoineduquebec.com\/GaresduQuebec\/wp-content\/uploads\/2019\/09\/P8082679-1024x768.jpeg\" alt=\"\" data-id=\"321\" data-link=\"https:\/\/patrimoineduquebec.com\/GaresduQuebec\/lyster\/lyster-2\/\" class=\"wp-image-321\" srcset=\"https:\/\/patrimoineduquebec.com\/GaresduQuebec\/wp-content\/uploads\/2019\/09\/P8082679-1024x768.jpeg 1024w, https:\/\/patrimoineduquebec.com\/GaresduQuebec\/wp-content\/uploads\/2019\/09\/P8082679-300x225.jpeg 300w, https:\/\/patrimoineduquebec.com\/GaresduQuebec\/wp-content\/uploads\/2019\/09\/P8082679-768x576.jpeg 768w\" sizes=\"auto, (max-width: 1024px) 100vw, 1024px\" \/><\/a><\/figure><\/li><li class=\"blocks-gallery-item\"><figure><a href=\"https:\/\/patrimoineduquebec.com\/GaresduQuebec\/wp-content\/uploads\/2019\/09\/P8082674-1024x768.jpg\"><img loading=\"lazy\" decoding=\"async\" width=\"1024\" height=\"768\" src=\"https:\/\/patrimoineduquebec.com\/GaresduQuebec\/wp-content\/uploads\/2019\/09\/P8082674-1024x768.jpg\" alt=\"\" data-id=\"322\" data-link=\"https:\/\/patrimoineduquebec.com\/GaresduQuebec\/lyster\/olympus-digital-camera-22\/\" class=\"wp-image-322\" srcset=\"https:\/\/patrimoineduquebec.com\/GaresduQuebec\/wp-content\/uploads\/2019\/09\/P8082674-1024x768.jpg 1024w, https:\/\/patrimoineduquebec.com\/GaresduQuebec\/wp-content\/uploads\/2019\/09\/P8082674-300x225.jpg 300w, https:\/\/patrimoineduquebec.com\/GaresduQuebec\/wp-content\/uploads\/2019\/09\/P8082674-768x576.jpg 768w\" sizes=\"auto, (max-width: 1024px) 100vw, 1024px\" \/><\/a><\/figure><\/li><li class=\"blocks-gallery-item\"><figure><a href=\"https:\/\/patrimoineduquebec.com\/GaresduQuebec\/wp-content\/uploads\/2019\/09\/P8082677-1024x768.jpg\"><img loading=\"lazy\" decoding=\"async\" width=\"1024\" height=\"768\" src=\"https:\/\/patrimoineduquebec.com\/GaresduQuebec\/wp-content\/uploads\/2019\/09\/P8082677-1024x768.jpg\" alt=\"\" data-id=\"323\" data-link=\"https:\/\/patrimoineduquebec.com\/GaresduQuebec\/lyster\/olympus-digital-camera-23\/\" class=\"wp-image-323\" srcset=\"https:\/\/patrimoineduquebec.com\/GaresduQuebec\/wp-content\/uploads\/2019\/09\/P8082677-1024x768.jpg 1024w, https:\/\/patrimoineduquebec.com\/GaresduQuebec\/wp-content\/uploads\/2019\/09\/P8082677-300x225.jpg 300w, https:\/\/patrimoineduquebec.com\/GaresduQuebec\/wp-content\/uploads\/2019\/09\/P8082677-768x576.jpg 768w\" sizes=\"auto, (max-width: 1024px) 100vw, 1024px\" \/><\/a><\/figure><\/li><li class=\"blocks-gallery-item\"><figure><a href=\"https:\/\/patrimoineduquebec.com\/GaresduQuebec\/wp-content\/uploads\/2019\/09\/Capture-d\u2019\u00e9cran-le-2019-09-26-\u00e0-08.17.29-1024x627.png\"><img loading=\"lazy\" decoding=\"async\" width=\"1024\" height=\"627\" src=\"https:\/\/patrimoineduquebec.com\/GaresduQuebec\/wp-content\/uploads\/2019\/09\/Capture-d\u2019\u00e9cran-le-2019-09-26-\u00e0-08.17.29-1024x627.png\" alt=\"\" data-id=\"359\" data-link=\"https:\/\/patrimoineduquebec.com\/GaresduQuebec\/lyster\/capture-decran-le-2019-09-26-a-08-17-29\/\" class=\"wp-image-359\" srcset=\"https:\/\/patrimoineduquebec.com\/GaresduQuebec\/wp-content\/uploads\/2019\/09\/Capture-d\u2019\u00e9cran-le-2019-09-26-\u00e0-08.17.29-1024x627.png 1024w, https:\/\/patrimoineduquebec.com\/GaresduQuebec\/wp-content\/uploads\/2019\/09\/Capture-d\u2019\u00e9cran-le-2019-09-26-\u00e0-08.17.29-300x184.png 300w, https:\/\/patrimoineduquebec.com\/GaresduQuebec\/wp-content\/uploads\/2019\/09\/Capture-d\u2019\u00e9cran-le-2019-09-26-\u00e0-08.17.29-768x470.png 768w, https:\/\/patrimoineduquebec.com\/GaresduQuebec\/wp-content\/uploads\/2019\/09\/Capture-d\u2019\u00e9cran-le-2019-09-26-\u00e0-08.17.29.png 1114w\" sizes=\"auto, (max-width: 1024px) 100vw, 1024px\" \/><\/a><figcaption>BAnQ (CP 001019 CON)<\/figcaption><\/figure><\/li><\/ul>\n","protected":false},"excerpt":{"rendered":"<p>Histoire Lors du d\u00e9mant\u00e8lement du tron\u00e7on Charny-Sherbrooke, le CN se d\u00e9partissait de ses b\u00e2timents. La gare de Lyster \u00e9tait \u00e0 l&rsquo;\u00e9poque, pourvue de quatre aires : salle d&rsquo;attente pour passagers f\u00e9minins, salle d&rsquo;attente pour passagers masculins, local du contr\u00f4leur et entrep\u00f4t pour la marchandise. Un particulier de Lyster s&rsquo;est port\u00e9 acqu\u00e9reur de la gare et [&hellip;]<\/p>\n","protected":false},"author":1,"featured_media":0,"parent":0,"menu_order":0,"comment_status":"closed","ping_status":"closed","template":"","meta":{"footnotes":""},"class_list":["post-316","page","type-page","status-publish","hentry"],"_links":{"self":[{"href":"https:\/\/patrimoineduquebec.com\/GaresduQuebec\/wp-json\/wp\/v2\/pages\/316","targetHints":{"allow":["GET"]}}],"collection":[{"href":"https:\/\/patrimoineduquebec.com\/GaresduQuebec\/wp-json\/wp\/v2\/pages"}],"about":[{"href":"https:\/\/patrimoineduquebec.com\/GaresduQuebec\/wp-json\/wp\/v2\/types\/page"}],"author":[{"embeddable":true,"href":"https:\/\/patrimoineduquebec.com\/GaresduQuebec\/wp-json\/wp\/v2\/users\/1"}],"replies":[{"embeddable":true,"href":"https:\/\/patrimoineduquebec.com\/GaresduQuebec\/wp-json\/wp\/v2\/comments?post=316"}],"version-history":[{"count":7,"href":"https:\/\/patrimoineduquebec.com\/GaresduQuebec\/wp-json\/wp\/v2\/pages\/316\/revisions"}],"predecessor-version":[{"id":889,"href":"https:\/\/patrimoineduquebec.com\/GaresduQuebec\/wp-json\/wp\/v2\/pages\/316\/revisions\/889"}],"wp:attachment":[{"href":"https:\/\/patrimoineduquebec.com\/GaresduQuebec\/wp-json\/wp\/v2\/media?parent=316"}],"curies":[{"name":"wp","href":"https:\/\/api.w.org\/{rel}","templated":true}]}}