{"id":1952,"date":"2020-04-13T12:39:56","date_gmt":"2020-04-13T12:39:56","guid":{"rendered":"https:\/\/patrimoineduquebec.com\/GaresduQuebec\/?page_id=1952"},"modified":"2023-08-08T14:34:51","modified_gmt":"2023-08-08T14:34:51","slug":"montreal-5","status":"publish","type":"page","link":"https:\/\/patrimoineduquebec.com\/GaresduQuebec\/montreal-5\/","title":{"rendered":"Montr\u00e9al"},"content":{"rendered":"\n<p class=\"has-text-align-center has-medium-font-size\"><strong>Gare Berri<\/strong><\/p>\n\n\n\n<figure class=\"wp-block-image size-large\"><img loading=\"lazy\" decoding=\"async\" width=\"1024\" height=\"768\" src=\"https:\/\/patrimoineduquebec.com\/GaresduQuebec\/wp-content\/uploads\/2020\/04\/gare-berri-mtl-G\u00e9rald-Arbour-N1-1-1024x768.jpg\" alt=\"\" class=\"wp-image-1958\" srcset=\"https:\/\/patrimoineduquebec.com\/GaresduQuebec\/wp-content\/uploads\/2020\/04\/gare-berri-mtl-G\u00e9rald-Arbour-N1-1-1024x768.jpg 1024w, https:\/\/patrimoineduquebec.com\/GaresduQuebec\/wp-content\/uploads\/2020\/04\/gare-berri-mtl-G\u00e9rald-Arbour-N1-1-300x225.jpg 300w, https:\/\/patrimoineduquebec.com\/GaresduQuebec\/wp-content\/uploads\/2020\/04\/gare-berri-mtl-G\u00e9rald-Arbour-N1-1-768x576.jpg 768w, https:\/\/patrimoineduquebec.com\/GaresduQuebec\/wp-content\/uploads\/2020\/04\/gare-berri-mtl-G\u00e9rald-Arbour-N1-1-1536x1152.jpg 1536w, https:\/\/patrimoineduquebec.com\/GaresduQuebec\/wp-content\/uploads\/2020\/04\/gare-berri-mtl-G\u00e9rald-Arbour-N1-1-2048x1536.jpg 2048w\" sizes=\"auto, (max-width: 1024px) 100vw, 1024px\" \/><\/figure>\n\n\n\n<h4 class=\"wp-block-heading\">Informations historiques<\/h4>\n\n\n\n<p>Cette gare est construite en 1910-1912 par le Canadien Pacifique, soit une dizaine d&rsquo;ann\u00e9es apr\u00e8s l&rsquo;ouverture de la gare-h\u00f4tel Viger (1898) dont elle est le prolongement. Le nouveau b\u00e2timent sert \u00e0 la fois de gare et d&rsquo;h\u00f4tel &#8211; les chambres \u00e9tant situ\u00e9es \u00e0 l&rsquo;\u00e9tage sup\u00e9rieur -, tandis que la gare-h\u00f4tel Viger assume d\u00e9sormais une vocation strictement h\u00f4teli\u00e8re. La construction de cette gare survient au moment o\u00f9 le Canadien Pacifique termine l&rsquo;agrandissement des installations ferroviaires attenantes au complexe, une op\u00e9ration qui force l&rsquo;\u00e9vacuation de plusieurs centaines de r\u00e9sidents des faubourgs Saint-Louis et Qu\u00e9bec. La gare sera en fonction jusqu&rsquo;en 1951.<\/p>\n\n\n\n<p>Les limites de ce qui reste du complexe ferroviaire de la Place Viger, dont les activit\u00e9s ferroviaires se sont d\u00e9roul\u00e9es entre 1883 et 1951, se situent \u00e0 la fronti\u00e8re est de l&rsquo;arrondissement historique du Vieux-Montr\u00e9al, entre les rues Saint-Hubert, Berri et Saint-Antoine, et de part et d&rsquo;autres du viaduc de la rue Notre-Dame. En raison des r\u00e9cents d\u00e9veloppements dans le secteur, il est difficile de mesurer de nos jours l&rsquo;ampleur que l&#8217;emprise ferroviaire a d\u00e9j\u00e0 eue. \u00c0 son apog\u00e9e, ses installations s&rsquo;\u00e9tendaient des rues Berri \u00e0 Beaudry entre la rue Saint-Antoine et le fleuve Saint-Laurent.&nbsp;<\/p>\n\n\n\n<p>L&rsquo;ensemble, construit par le Canadien Pacifique entre 1883 et 1911, se compose de nos jours de trois anciens terminus distincts : la gare Dalhousie (1883-1884), la gare-h\u00f4tel Viger (1896-1898) et son annexe, la gare de la rue Berri (1910-1911).<\/p>\n\n\n\n<p>L&rsquo;annexe de la rue Berri, construite majoritairement en brique, et se situant dans le prolongement de l&rsquo;aile Ouest de la gare-h\u00f4tel Viger, adopte un plan en \u00ab T \u00bb d\u00e9sax\u00e9. Petite, sobre et coiff\u00e9 d&rsquo;un toit plat, elle d\u00e9tonne par rapport \u00e0 la gare Viger. Son allure de rallonge anodine s&rsquo;explique par des revirements de situations survenus lors de la construction. Bien que le fonctionnalisme ait \u00e9t\u00e9 privil\u00e9gi\u00e9 pour son architecture, on observe l&rsquo;influence de l&rsquo;architecture Beaux-Arts. La fa\u00e7ade de la rue Berri en est le plus bel exemple avec ses frontons et ses pilastres en pierre et par sa r\u00e9f\u00e9rence \u00e0 l&rsquo;arcade par l&rsquo;organisation de ses ouvertures. Enfin, un troisi\u00e8me niveau, plus simple, a \u00e9t\u00e9 ajout\u00e9 en 1961.<\/p>\n\n\n\n<p class=\"has-vivid-cyan-blue-color has-text-color\"><a href=\"http:\/\/www.patrimoine-culturel.gouv.qc.ca\/rpcq\/detail.do?methode=consulter&amp;id=115012&amp;type=bien#.XpRcwS0lBQM\" target=\"_blank\" rel=\"noreferrer noopener\">Source : R\u00e9pertoire du patrimoine culturel du Qu\u00e9bec<\/a><\/p>\n\n\n\n<p>Photos : G\u00e9rald Arbour<\/p>\n\n\n\n<figure class=\"wp-block-gallery columns-1 is-cropped wp-block-gallery-1 is-layout-flex wp-block-gallery-is-layout-flex\"><ul class=\"blocks-gallery-grid\"><li class=\"blocks-gallery-item\"><figure><a href=\"https:\/\/patrimoineduquebec.com\/GaresduQuebec\/wp-content\/uploads\/2020\/04\/Capture-d\u2019\u00e9cran-le-2020-04-13-\u00e0-08.27.43.jpeg\"><img loading=\"lazy\" decoding=\"async\" width=\"921\" height=\"688\" src=\"https:\/\/patrimoineduquebec.com\/GaresduQuebec\/wp-content\/uploads\/2020\/04\/Capture-d\u2019\u00e9cran-le-2020-04-13-\u00e0-08.27.43.jpeg\" alt=\"\" data-id=\"1962\" data-full-url=\"https:\/\/patrimoineduquebec.com\/GaresduQuebec\/wp-content\/uploads\/2020\/04\/Capture-d\u2019\u00e9cran-le-2020-04-13-\u00e0-08.27.43.jpeg\" data-link=\"https:\/\/patrimoineduquebec.com\/GaresduQuebec\/?attachment_id=1962\" class=\"wp-image-1962\" srcset=\"https:\/\/patrimoineduquebec.com\/GaresduQuebec\/wp-content\/uploads\/2020\/04\/Capture-d\u2019\u00e9cran-le-2020-04-13-\u00e0-08.27.43.jpeg 921w, https:\/\/patrimoineduquebec.com\/GaresduQuebec\/wp-content\/uploads\/2020\/04\/Capture-d\u2019\u00e9cran-le-2020-04-13-\u00e0-08.27.43-300x224.jpeg 300w, https:\/\/patrimoineduquebec.com\/GaresduQuebec\/wp-content\/uploads\/2020\/04\/Capture-d\u2019\u00e9cran-le-2020-04-13-\u00e0-08.27.43-768x574.jpeg 768w\" sizes=\"auto, (max-width: 921px) 100vw, 921px\" \/><\/a><figcaption class=\"blocks-gallery-item__caption\">BAnQ (0002730446) Album Massicotte 1911<\/figcaption><\/figure><\/li><\/ul><\/figure>\n","protected":false},"excerpt":{"rendered":"<p>Gare Berri Informations historiques Cette gare est construite en 1910-1912 par le Canadien Pacifique, soit une dizaine d&rsquo;ann\u00e9es apr\u00e8s l&rsquo;ouverture de la gare-h\u00f4tel Viger (1898) dont elle est le prolongement. Le nouveau b\u00e2timent sert \u00e0 la fois de gare et d&rsquo;h\u00f4tel &#8211; les chambres \u00e9tant situ\u00e9es \u00e0 l&rsquo;\u00e9tage sup\u00e9rieur -, tandis que la gare-h\u00f4tel Viger [&hellip;]<\/p>\n","protected":false},"author":1,"featured_media":0,"parent":0,"menu_order":0,"comment_status":"closed","ping_status":"closed","template":"","meta":{"footnotes":""},"class_list":["post-1952","page","type-page","status-publish","hentry"],"_links":{"self":[{"href":"https:\/\/patrimoineduquebec.com\/GaresduQuebec\/wp-json\/wp\/v2\/pages\/1952","targetHints":{"allow":["GET"]}}],"collection":[{"href":"https:\/\/patrimoineduquebec.com\/GaresduQuebec\/wp-json\/wp\/v2\/pages"}],"about":[{"href":"https:\/\/patrimoineduquebec.com\/GaresduQuebec\/wp-json\/wp\/v2\/types\/page"}],"author":[{"embeddable":true,"href":"https:\/\/patrimoineduquebec.com\/GaresduQuebec\/wp-json\/wp\/v2\/users\/1"}],"replies":[{"embeddable":true,"href":"https:\/\/patrimoineduquebec.com\/GaresduQuebec\/wp-json\/wp\/v2\/comments?post=1952"}],"version-history":[{"count":15,"href":"https:\/\/patrimoineduquebec.com\/GaresduQuebec\/wp-json\/wp\/v2\/pages\/1952\/revisions"}],"predecessor-version":[{"id":2119,"href":"https:\/\/patrimoineduquebec.com\/GaresduQuebec\/wp-json\/wp\/v2\/pages\/1952\/revisions\/2119"}],"wp:attachment":[{"href":"https:\/\/patrimoineduquebec.com\/GaresduQuebec\/wp-json\/wp\/v2\/media?parent=1952"}],"curies":[{"name":"wp","href":"https:\/\/api.w.org\/{rel}","templated":true}]}}