{"id":193,"date":"2019-09-25T13:01:49","date_gmt":"2019-09-25T13:01:49","guid":{"rendered":"https:\/\/patrimoineduquebec.com\/GaresduQuebec\/?page_id=193"},"modified":"2019-10-18T14:15:39","modified_gmt":"2019-10-18T14:15:39","slug":"riviere-blanche","status":"publish","type":"page","link":"https:\/\/patrimoineduquebec.com\/GaresduQuebec\/riviere-blanche\/","title":{"rendered":"Rivi\u00e8re-Blanche"},"content":{"rendered":"\n<p style=\"text-align:center\" class=\"has-medium-font-size\"><strong>D\u00e9m\u00e9nag\u00e9e \u00e0 Mont-Joli<\/strong><\/p>\n\n\n\n<div class=\"wp-block-image\"><figure class=\"aligncenter\"><a href=\"https:\/\/patrimoineduquebec.com\/GaresduQuebec\/wp-content\/uploads\/2019\/09\/P8103085.jpeg\"><img loading=\"lazy\" decoding=\"async\" width=\"1024\" height=\"768\" src=\"https:\/\/patrimoineduquebec.com\/GaresduQuebec\/wp-content\/uploads\/2019\/09\/P8103085-1024x768.jpeg\" alt=\"\" class=\"wp-image-198\" srcset=\"https:\/\/patrimoineduquebec.com\/GaresduQuebec\/wp-content\/uploads\/2019\/09\/P8103085-1024x768.jpeg 1024w, https:\/\/patrimoineduquebec.com\/GaresduQuebec\/wp-content\/uploads\/2019\/09\/P8103085-300x225.jpeg 300w, https:\/\/patrimoineduquebec.com\/GaresduQuebec\/wp-content\/uploads\/2019\/09\/P8103085-768x576.jpeg 768w\" sizes=\"auto, (max-width: 1024px) 100vw, 1024px\" \/><\/a><\/figure><\/div>\n\n\n\n<h4 class=\"wp-block-heading\"><strong>Valeur patrimoniale<\/strong><\/h4>\n\n\n\n<p>La gare de Rivi\u00e8re-Blanche pr\u00e9sente un int\u00e9r\u00eat patrimonial pour sa valeur historique. Le b\u00e2timent t\u00e9moigne de l&rsquo;histoire des transports ferroviaires dans l&rsquo;Est du Qu\u00e9bec. Au d\u00e9but du XXe si\u00e8cle, cette r\u00e9gion n&rsquo;est accessible par aucune liaison ferroviaire. Aussi se trouve-t-elle relativement isol\u00e9e au cours de l&rsquo;hiver, ce qui ralentit son d\u00e9veloppement. La ligne de chemin de fer Mont-Joli-Matane, exploit\u00e9e par la compagnie priv\u00e9e Canada Gulf and Terminal Railway, est inaugur\u00e9e en 1910. Elle constitue le premier tron\u00e7on d&rsquo;une ligne qui devait rejoindre Gasp\u00e9. Depuis l&rsquo;arr\u00eat des services sur cette ligne en 1978, les gares et les abris ont \u00e9t\u00e9 d\u00e9truits. La gare de Rivi\u00e8re-Blanche constitue le dernier t\u00e9moin de ces activit\u00e9s ferroviaires.&nbsp;<br><br>La gare de Rivi\u00e8re-Blanche pr\u00e9sente \u00e9galement un int\u00e9r\u00eat patrimonial pour sa valeur architecturale. Le b\u00e2timent est un exemple des gares, de petite et moyenne envergure, qui se caract\u00e9risent par leur volum\u00e9trie simple \u00e0 un \u00e9tage ou un \u00e9tage et demi, leur toiture \u00e0 croupe sans lucarne, leurs larmiers parfois d\u00e9bordants et leur parement de bois. Il subsiste tr\u00e8s peu d&rsquo;exemples de ces gares qui \u00e9taient pr\u00e9sentes dans tout le Qu\u00e9bec au d\u00e9but du XXe si\u00e8cle. Celle de Rivi\u00e8re-Blanche, d&rsquo;une architecture soign\u00e9e, se trouve dans un excellent \u00e9tat de conservation.&nbsp;<br><br>Source : Minist\u00e8re de la Culture et des Communications du Qu\u00e9bec, 2004.<\/p>\n\n\n\n<h4 class=\"wp-block-heading\"><strong>\u00c9l\u00e9ments caract\u00e9ristiques<\/strong><\/h4>\n\n\n\n<p>Les \u00e9l\u00e9ments cl\u00e9s de la gare de Rivi\u00e8re-Blanche li\u00e9s \u00e0 ses valeurs historique et architecturale comprennent, notamment :&nbsp;<br>&#8211; les \u00e9l\u00e9ments sp\u00e9cifiques de ce type de gare ferroviaire, soit un corps principal \u00e0 charpente de bois de plan rectangulaire, \u00e0 un \u00e9tage, une toiture \u00e0 croupe aux larmiers d\u00e9bordants et couverte de bardeaux de bois ainsi qu&rsquo;un lambris compos\u00e9 de planches de bois \u00e0 clins et de bardeaux de c\u00e8dre;<br>&#8211; des fen\u00eatres \u00e0 guillotine;<br>&#8211; des oriels;<br>&#8211; des portes en bois \u00e0 double vantail;<br>&#8211; des impostes vitr\u00e9es au-dessus des ouvertures;&nbsp;<br>&#8211; la menuiserie de bois ornant les fen\u00eatres, les portes et les impostes;<br>&#8211; des boiseries telles que des chambranles autour des ouvertures, des planches corni\u00e8res ainsi que des consoles supportant les larmiers saillants.<\/p>\n\n\n\n<h4 class=\"wp-block-heading\"><strong>Informations historiques<\/strong><\/h4>\n\n\n\n<p>L&rsquo;am\u00e9nagement d&rsquo;une ligne de chemin de fer reliant Mont-Joli \u00e0 Matane d\u00e9bute en 1902. Les travaux sont cependant interrompus pendant quelques ann\u00e9es. Apr\u00e8s la reprise du chantier, l&rsquo;exploitation de la voie ferr\u00e9e est c\u00e9d\u00e9e \u00e0 la compagnie Canada and Gulf Terminal Railway. La plupart des gares et des abris de cette ligne sont \u00e9rig\u00e9s en 1908 et 1909, et le chemin de fer est inaugur\u00e9 en 1910. La gare de Rivi\u00e8re-Blanche aurait vraisemblablement \u00e9t\u00e9 construite en 1908 dans la municipalit\u00e9 de Saint-Ulric, \u00e0 l&rsquo;endroit appel\u00e9 Rivi\u00e8re-Blanche.&nbsp;<br><br>La ligne de chemin de fer cesse ses op\u00e9rations en 1978. La gare de Rivi\u00e8re-Blanche est alors vendue \u00e0 un particulier. Menac\u00e9 de d\u00e9molition, le b\u00e2timent est rachet\u00e9 par la journaliste et \u00e9crivaine Pauline Cadieux (1907-1996). Elle y am\u00e9nage un mus\u00e9e au cours des ann\u00e9es 1980.<br><br>La gare de Rivi\u00e8re-Blanche est reconnue en 1989.&nbsp;<br><br>Le b\u00e2timent, dernier t\u00e9moin de l&rsquo;activit\u00e9 ferroviaire du Canada and Gulf Terminal Railway, est transport\u00e9 dans la ville de Mont-Joli en 1998. La gare est ensuite transform\u00e9e en bureau d&rsquo;information touristique.&nbsp;<br><br>En 2010, le b\u00e2timent est d\u00e9m\u00e9nag\u00e9 boulevard Beno\u00eet-Gadoury, \u00e0 proximit\u00e9 de l&rsquo;autoroute 20, toujours sur le territoire de la municipalit\u00e9 de Mont-Joli.<br><br>La reconnaissance qui visait l&rsquo;ancien terrain est r\u00e9sili\u00e9e le 4 octobre 2012. La m\u00eame journ\u00e9e, le b\u00e2timent est de nouveau reconnu. Ce bien est devenu class\u00e9 \u00e0 l&rsquo;entr\u00e9e en vigueur de la Loi sur le patrimoine culturel en 2012.<\/p>\n\n\n\n<p class=\"has-text-color has-vivid-cyan-blue-color\"><a href=\"http:\/\/www.patrimoine-culturel.gouv.qc.ca\/rpcq\/detail.do?methode=consulter&amp;id=93134&amp;type=bien#.XYtmyS97RQM\" target=\"_blank\" rel=\"noreferrer noopener\" aria-label=\"Source : R\u00e9pertoire du patrimoine culturel du Qu\u00e9bec (s\u2019ouvre dans un nouvel onglet)\">Source : R\u00e9pertoire du patrimoine culturel du Qu\u00e9bec<\/a><br><\/p>\n\n\n\n<p>Photos : Monique Bellemare<\/p>\n\n\n\n<ul class=\"wp-block-gallery columns-3 is-cropped wp-block-gallery-1 is-layout-flex wp-block-gallery-is-layout-flex\"><li class=\"blocks-gallery-item\"><figure><a href=\"https:\/\/patrimoineduquebec.com\/GaresduQuebec\/wp-content\/uploads\/2019\/09\/P8103095-1024x768.jpeg\"><img loading=\"lazy\" decoding=\"async\" width=\"1024\" height=\"768\" src=\"https:\/\/patrimoineduquebec.com\/GaresduQuebec\/wp-content\/uploads\/2019\/09\/P8103095-1024x768.jpeg\" alt=\"\" data-id=\"201\" data-link=\"https:\/\/patrimoineduquebec.com\/GaresduQuebec\/riviere-blanche\/mont-joli-1-2\/\" class=\"wp-image-201\" srcset=\"https:\/\/patrimoineduquebec.com\/GaresduQuebec\/wp-content\/uploads\/2019\/09\/P8103095-1024x768.jpeg 1024w, https:\/\/patrimoineduquebec.com\/GaresduQuebec\/wp-content\/uploads\/2019\/09\/P8103095-300x225.jpeg 300w, https:\/\/patrimoineduquebec.com\/GaresduQuebec\/wp-content\/uploads\/2019\/09\/P8103095-768x576.jpeg 768w\" sizes=\"auto, (max-width: 1024px) 100vw, 1024px\" \/><\/a><\/figure><\/li><li class=\"blocks-gallery-item\"><figure><a href=\"https:\/\/patrimoineduquebec.com\/GaresduQuebec\/wp-content\/uploads\/2019\/09\/P8103089-1024x768.jpeg\"><img loading=\"lazy\" decoding=\"async\" width=\"1024\" height=\"768\" src=\"https:\/\/patrimoineduquebec.com\/GaresduQuebec\/wp-content\/uploads\/2019\/09\/P8103089-1024x768.jpeg\" alt=\"\" data-id=\"202\" data-link=\"https:\/\/patrimoineduquebec.com\/GaresduQuebec\/riviere-blanche\/mont-joli-1-3\/\" class=\"wp-image-202\" srcset=\"https:\/\/patrimoineduquebec.com\/GaresduQuebec\/wp-content\/uploads\/2019\/09\/P8103089-1024x768.jpeg 1024w, https:\/\/patrimoineduquebec.com\/GaresduQuebec\/wp-content\/uploads\/2019\/09\/P8103089-300x225.jpeg 300w, https:\/\/patrimoineduquebec.com\/GaresduQuebec\/wp-content\/uploads\/2019\/09\/P8103089-768x576.jpeg 768w\" sizes=\"auto, (max-width: 1024px) 100vw, 1024px\" \/><\/a><\/figure><\/li><li class=\"blocks-gallery-item\"><figure><a href=\"https:\/\/patrimoineduquebec.com\/GaresduQuebec\/wp-content\/uploads\/2019\/09\/P8103087-1024x768.jpeg\"><img loading=\"lazy\" decoding=\"async\" width=\"1024\" height=\"768\" src=\"https:\/\/patrimoineduquebec.com\/GaresduQuebec\/wp-content\/uploads\/2019\/09\/P8103087-1024x768.jpeg\" alt=\"\" data-id=\"203\" data-link=\"https:\/\/patrimoineduquebec.com\/GaresduQuebec\/riviere-blanche\/mont-joli-1-4\/\" class=\"wp-image-203\" srcset=\"https:\/\/patrimoineduquebec.com\/GaresduQuebec\/wp-content\/uploads\/2019\/09\/P8103087-1024x768.jpeg 1024w, https:\/\/patrimoineduquebec.com\/GaresduQuebec\/wp-content\/uploads\/2019\/09\/P8103087-300x225.jpeg 300w, https:\/\/patrimoineduquebec.com\/GaresduQuebec\/wp-content\/uploads\/2019\/09\/P8103087-768x576.jpeg 768w\" sizes=\"auto, (max-width: 1024px) 100vw, 1024px\" \/><\/a><\/figure><\/li><li class=\"blocks-gallery-item\"><figure><a href=\"https:\/\/patrimoineduquebec.com\/GaresduQuebec\/wp-content\/uploads\/2019\/10\/C-gare-de-rivi\u00e8ere-blanche-facebook-150e-de-saint-ulric-1024x679.jpeg\"><img loading=\"lazy\" decoding=\"async\" width=\"1024\" height=\"679\" src=\"https:\/\/patrimoineduquebec.com\/GaresduQuebec\/wp-content\/uploads\/2019\/10\/C-gare-de-rivi\u00e8ere-blanche-facebook-150e-de-saint-ulric-1024x679.jpeg\" alt=\"\" data-id=\"1830\" data-link=\"https:\/\/patrimoineduquebec.com\/GaresduQuebec\/riviere-blanche\/c-gare-de-rivieere-blanche-facebook-150e-de-saint-ulric\/\" class=\"wp-image-1830\" srcset=\"https:\/\/patrimoineduquebec.com\/GaresduQuebec\/wp-content\/uploads\/2019\/10\/C-gare-de-rivi\u00e8ere-blanche-facebook-150e-de-saint-ulric-1024x679.jpeg 1024w, https:\/\/patrimoineduquebec.com\/GaresduQuebec\/wp-content\/uploads\/2019\/10\/C-gare-de-rivi\u00e8ere-blanche-facebook-150e-de-saint-ulric-300x199.jpeg 300w, https:\/\/patrimoineduquebec.com\/GaresduQuebec\/wp-content\/uploads\/2019\/10\/C-gare-de-rivi\u00e8ere-blanche-facebook-150e-de-saint-ulric-768x509.jpeg 768w, https:\/\/patrimoineduquebec.com\/GaresduQuebec\/wp-content\/uploads\/2019\/10\/C-gare-de-rivi\u00e8ere-blanche-facebook-150e-de-saint-ulric.jpeg 1260w\" sizes=\"auto, (max-width: 1024px) 100vw, 1024px\" \/><\/a><figcaption>Sur son lieu d&rsquo;origine (Photo Facebook)<\/figcaption><\/figure><\/li><\/ul>\n","protected":false},"excerpt":{"rendered":"<p>D\u00e9m\u00e9nag\u00e9e \u00e0 Mont-Joli Valeur patrimoniale La gare de Rivi\u00e8re-Blanche pr\u00e9sente un int\u00e9r\u00eat patrimonial pour sa valeur historique. Le b\u00e2timent t\u00e9moigne de l&rsquo;histoire des transports ferroviaires dans l&rsquo;Est du Qu\u00e9bec. Au d\u00e9but du XXe si\u00e8cle, cette r\u00e9gion n&rsquo;est accessible par aucune liaison ferroviaire. Aussi se trouve-t-elle relativement isol\u00e9e au cours de l&rsquo;hiver, ce qui ralentit son [&hellip;]<\/p>\n","protected":false},"author":1,"featured_media":0,"parent":0,"menu_order":0,"comment_status":"closed","ping_status":"closed","template":"","meta":{"footnotes":""},"class_list":["post-193","page","type-page","status-publish","hentry"],"_links":{"self":[{"href":"https:\/\/patrimoineduquebec.com\/GaresduQuebec\/wp-json\/wp\/v2\/pages\/193","targetHints":{"allow":["GET"]}}],"collection":[{"href":"https:\/\/patrimoineduquebec.com\/GaresduQuebec\/wp-json\/wp\/v2\/pages"}],"about":[{"href":"https:\/\/patrimoineduquebec.com\/GaresduQuebec\/wp-json\/wp\/v2\/types\/page"}],"author":[{"embeddable":true,"href":"https:\/\/patrimoineduquebec.com\/GaresduQuebec\/wp-json\/wp\/v2\/users\/1"}],"replies":[{"embeddable":true,"href":"https:\/\/patrimoineduquebec.com\/GaresduQuebec\/wp-json\/wp\/v2\/comments?post=193"}],"version-history":[{"count":9,"href":"https:\/\/patrimoineduquebec.com\/GaresduQuebec\/wp-json\/wp\/v2\/pages\/193\/revisions"}],"predecessor-version":[{"id":1831,"href":"https:\/\/patrimoineduquebec.com\/GaresduQuebec\/wp-json\/wp\/v2\/pages\/193\/revisions\/1831"}],"wp:attachment":[{"href":"https:\/\/patrimoineduquebec.com\/GaresduQuebec\/wp-json\/wp\/v2\/media?parent=193"}],"curies":[{"name":"wp","href":"https:\/\/api.w.org\/{rel}","templated":true}]}}