{"id":1832,"date":"2019-10-18T14:43:06","date_gmt":"2019-10-18T14:43:06","guid":{"rendered":"https:\/\/patrimoineduquebec.com\/GaresduQuebec\/?page_id=1832"},"modified":"2022-08-14T14:20:06","modified_gmt":"2022-08-14T14:20:06","slug":"sainte-angele-de-premont","status":"publish","type":"page","link":"https:\/\/patrimoineduquebec.com\/GaresduQuebec\/sainte-angele-de-premont\/","title":{"rendered":"Sainte-Ang\u00e8le-de-Pr\u00e9mont"},"content":{"rendered":"\n<figure class=\"wp-block-image\"><a href=\"https:\/\/patrimoineduquebec.com\/GaresduQuebec\/wp-content\/uploads\/2019\/10\/B-gare-de-sainte-ang\u00e8le-de-pr\u00e9mont-2571-rang-paul-lemay-G\u00e9rald-Arbour-N1.jpg\"><img loading=\"lazy\" decoding=\"async\" width=\"1024\" height=\"768\" src=\"https:\/\/patrimoineduquebec.com\/GaresduQuebec\/wp-content\/uploads\/2019\/10\/B-gare-de-sainte-ang\u00e8le-de-pr\u00e9mont-2571-rang-paul-lemay-G\u00e9rald-Arbour-N1-1024x768.jpg\" alt=\"\" class=\"wp-image-1833\" srcset=\"https:\/\/patrimoineduquebec.com\/GaresduQuebec\/wp-content\/uploads\/2019\/10\/B-gare-de-sainte-ang\u00e8le-de-pr\u00e9mont-2571-rang-paul-lemay-G\u00e9rald-Arbour-N1-1024x768.jpg 1024w, https:\/\/patrimoineduquebec.com\/GaresduQuebec\/wp-content\/uploads\/2019\/10\/B-gare-de-sainte-ang\u00e8le-de-pr\u00e9mont-2571-rang-paul-lemay-G\u00e9rald-Arbour-N1-300x225.jpg 300w, https:\/\/patrimoineduquebec.com\/GaresduQuebec\/wp-content\/uploads\/2019\/10\/B-gare-de-sainte-ang\u00e8le-de-pr\u00e9mont-2571-rang-paul-lemay-G\u00e9rald-Arbour-N1-768x576.jpg 768w\" sizes=\"auto, (max-width: 1024px) 100vw, 1024px\" \/><\/a><figcaption>G\u00e9rald Arbour (2019)<\/figcaption><\/figure>\n\n\n\n<p>Gare du CN construite vers 1918.<\/p>\n\n\n\n<p>La gare n&rsquo;est pas sur son emplacement d&rsquo;origine. Elle est maintenant \u00e0 au moins 3 kilom\u00e8tres au nord de la voie ferr\u00e9e dans le rang Paul-Lemay.<\/p>\n\n\n\n<p>La gare est fortement vandalis\u00e9e.<\/p>\n\n\n\n<figure class=\"wp-block-gallery columns-3 is-cropped wp-block-gallery-1 is-layout-flex wp-block-gallery-is-layout-flex\"><ul class=\"blocks-gallery-grid\"><li class=\"blocks-gallery-item\"><figure><a href=\"https:\/\/patrimoineduquebec.com\/GaresduQuebec\/wp-content\/uploads\/2019\/10\/B-gare-de-sainte-ang\u00e8le-de-pr\u00e9mont-municipalit\u00e9-1024x573.jpeg\"><img loading=\"lazy\" decoding=\"async\" width=\"1024\" height=\"573\" src=\"https:\/\/patrimoineduquebec.com\/GaresduQuebec\/wp-content\/uploads\/2019\/10\/B-gare-de-sainte-ang\u00e8le-de-pr\u00e9mont-municipalit\u00e9-1024x573.jpeg\" alt=\"\" data-id=\"1836\" data-link=\"https:\/\/patrimoineduquebec.com\/GaresduQuebec\/?attachment_id=1836\" class=\"wp-image-1836\" srcset=\"https:\/\/patrimoineduquebec.com\/GaresduQuebec\/wp-content\/uploads\/2019\/10\/B-gare-de-sainte-ang\u00e8le-de-pr\u00e9mont-municipalit\u00e9-1024x573.jpeg 1024w, https:\/\/patrimoineduquebec.com\/GaresduQuebec\/wp-content\/uploads\/2019\/10\/B-gare-de-sainte-ang\u00e8le-de-pr\u00e9mont-municipalit\u00e9-300x168.jpeg 300w, https:\/\/patrimoineduquebec.com\/GaresduQuebec\/wp-content\/uploads\/2019\/10\/B-gare-de-sainte-ang\u00e8le-de-pr\u00e9mont-municipalit\u00e9-768x430.jpeg 768w, https:\/\/patrimoineduquebec.com\/GaresduQuebec\/wp-content\/uploads\/2019\/10\/B-gare-de-sainte-ang\u00e8le-de-pr\u00e9mont-municipalit\u00e9.jpeg 1049w\" sizes=\"auto, (max-width: 1024px) 100vw, 1024px\" \/><\/a><figcaption class=\"blocks-gallery-item__caption\">Municipalit\u00e9 de Sainte-Ang\u00e8le-de-Pr\u00e9mont<\/figcaption><\/figure><\/li><li class=\"blocks-gallery-item\"><figure><a href=\"https:\/\/patrimoineduquebec.com\/GaresduQuebec\/wp-content\/uploads\/2019\/10\/B-gare-de-sainte-ang\u00e8le-de-pr\u00e9mont-2571-rang-paul-lemay-G\u00e9rald-Arbour-N3--1024x768.jpg\"><img loading=\"lazy\" decoding=\"async\" width=\"1024\" height=\"768\" src=\"https:\/\/patrimoineduquebec.com\/GaresduQuebec\/wp-content\/uploads\/2019\/10\/B-gare-de-sainte-ang\u00e8le-de-pr\u00e9mont-2571-rang-paul-lemay-G\u00e9rald-Arbour-N3--1024x768.jpg\" alt=\"\" data-id=\"1835\" data-link=\"https:\/\/patrimoineduquebec.com\/GaresduQuebec\/?attachment_id=1835\" class=\"wp-image-1835\" srcset=\"https:\/\/patrimoineduquebec.com\/GaresduQuebec\/wp-content\/uploads\/2019\/10\/B-gare-de-sainte-ang\u00e8le-de-pr\u00e9mont-2571-rang-paul-lemay-G\u00e9rald-Arbour-N3--1024x768.jpg 1024w, https:\/\/patrimoineduquebec.com\/GaresduQuebec\/wp-content\/uploads\/2019\/10\/B-gare-de-sainte-ang\u00e8le-de-pr\u00e9mont-2571-rang-paul-lemay-G\u00e9rald-Arbour-N3--300x225.jpg 300w, https:\/\/patrimoineduquebec.com\/GaresduQuebec\/wp-content\/uploads\/2019\/10\/B-gare-de-sainte-ang\u00e8le-de-pr\u00e9mont-2571-rang-paul-lemay-G\u00e9rald-Arbour-N3--768x576.jpg 768w, https:\/\/patrimoineduquebec.com\/GaresduQuebec\/wp-content\/uploads\/2019\/10\/B-gare-de-sainte-ang\u00e8le-de-pr\u00e9mont-2571-rang-paul-lemay-G\u00e9rald-Arbour-N3-.jpg 1966w\" sizes=\"auto, (max-width: 1024px) 100vw, 1024px\" \/><\/a><figcaption class=\"blocks-gallery-item__caption\">G\u00e9rald Arbour (2019)<\/figcaption><\/figure><\/li><li class=\"blocks-gallery-item\"><figure><a href=\"https:\/\/patrimoineduquebec.com\/GaresduQuebec\/wp-content\/uploads\/2019\/10\/B-gare-de-sainte-ang\u00e8le-de-pr\u00e9mont-2571-rang-paul-lemay-G\u00e9rald-Arbour-N2--1024x768.jpg\"><img loading=\"lazy\" decoding=\"async\" width=\"1024\" height=\"768\" src=\"https:\/\/patrimoineduquebec.com\/GaresduQuebec\/wp-content\/uploads\/2019\/10\/B-gare-de-sainte-ang\u00e8le-de-pr\u00e9mont-2571-rang-paul-lemay-G\u00e9rald-Arbour-N2--1024x768.jpg\" alt=\"\" data-id=\"1834\" data-link=\"https:\/\/patrimoineduquebec.com\/GaresduQuebec\/?attachment_id=1834\" class=\"wp-image-1834\" srcset=\"https:\/\/patrimoineduquebec.com\/GaresduQuebec\/wp-content\/uploads\/2019\/10\/B-gare-de-sainte-ang\u00e8le-de-pr\u00e9mont-2571-rang-paul-lemay-G\u00e9rald-Arbour-N2--1024x768.jpg 1024w, https:\/\/patrimoineduquebec.com\/GaresduQuebec\/wp-content\/uploads\/2019\/10\/B-gare-de-sainte-ang\u00e8le-de-pr\u00e9mont-2571-rang-paul-lemay-G\u00e9rald-Arbour-N2--300x225.jpg 300w, https:\/\/patrimoineduquebec.com\/GaresduQuebec\/wp-content\/uploads\/2019\/10\/B-gare-de-sainte-ang\u00e8le-de-pr\u00e9mont-2571-rang-paul-lemay-G\u00e9rald-Arbour-N2--768x576.jpg 768w, https:\/\/patrimoineduquebec.com\/GaresduQuebec\/wp-content\/uploads\/2019\/10\/B-gare-de-sainte-ang\u00e8le-de-pr\u00e9mont-2571-rang-paul-lemay-G\u00e9rald-Arbour-N2-.jpg 1897w\" sizes=\"auto, (max-width: 1024px) 100vw, 1024px\" \/><\/a><figcaption class=\"blocks-gallery-item__caption\">G\u00e9rald Arbour (2019)<\/figcaption><\/figure><\/li><li class=\"blocks-gallery-item\"><figure><a href=\"https:\/\/patrimoineduquebec.com\/GaresduQuebec\/wp-content\/uploads\/2022\/08\/IMG_20220813_150436-1-1024x768.jpeg\"><img loading=\"lazy\" decoding=\"async\" width=\"1024\" height=\"768\" src=\"https:\/\/patrimoineduquebec.com\/GaresduQuebec\/wp-content\/uploads\/2022\/08\/IMG_20220813_150436-1-1024x768.jpeg\" alt=\"\" data-id=\"2043\" data-link=\"https:\/\/patrimoineduquebec.com\/GaresduQuebec\/sainte-angele-de-premont\/img_20220813_150436-1\/\" class=\"wp-image-2043\" srcset=\"https:\/\/patrimoineduquebec.com\/GaresduQuebec\/wp-content\/uploads\/2022\/08\/IMG_20220813_150436-1-1024x768.jpeg 1024w, https:\/\/patrimoineduquebec.com\/GaresduQuebec\/wp-content\/uploads\/2022\/08\/IMG_20220813_150436-1-300x225.jpeg 300w, https:\/\/patrimoineduquebec.com\/GaresduQuebec\/wp-content\/uploads\/2022\/08\/IMG_20220813_150436-1-768x576.jpeg 768w, https:\/\/patrimoineduquebec.com\/GaresduQuebec\/wp-content\/uploads\/2022\/08\/IMG_20220813_150436-1-1536x1152.jpeg 1536w, https:\/\/patrimoineduquebec.com\/GaresduQuebec\/wp-content\/uploads\/2022\/08\/IMG_20220813_150436-1-2048x1536.jpeg 2048w\" sizes=\"auto, (max-width: 1024px) 100vw, 1024px\" \/><\/a><figcaption class=\"blocks-gallery-item__caption\">Jean-No\u00ebl Lamothe (2022)<\/figcaption><\/figure><\/li><li class=\"blocks-gallery-item\"><figure><a href=\"https:\/\/patrimoineduquebec.com\/GaresduQuebec\/wp-content\/uploads\/2022\/08\/IMG_20220813_150907-scaled.jpeg\"><img loading=\"lazy\" decoding=\"async\" width=\"1024\" height=\"768\" src=\"https:\/\/patrimoineduquebec.com\/GaresduQuebec\/wp-content\/uploads\/2022\/08\/IMG_20220813_150907-1024x768.jpeg\" alt=\"\" data-id=\"2045\" data-full-url=\"https:\/\/patrimoineduquebec.com\/GaresduQuebec\/wp-content\/uploads\/2022\/08\/IMG_20220813_150907-scaled.jpeg\" data-link=\"https:\/\/patrimoineduquebec.com\/GaresduQuebec\/sainte-angele-de-premont\/img_20220813_150907\/\" class=\"wp-image-2045\" srcset=\"https:\/\/patrimoineduquebec.com\/GaresduQuebec\/wp-content\/uploads\/2022\/08\/IMG_20220813_150907-1024x768.jpeg 1024w, https:\/\/patrimoineduquebec.com\/GaresduQuebec\/wp-content\/uploads\/2022\/08\/IMG_20220813_150907-300x225.jpeg 300w, https:\/\/patrimoineduquebec.com\/GaresduQuebec\/wp-content\/uploads\/2022\/08\/IMG_20220813_150907-768x576.jpeg 768w, https:\/\/patrimoineduquebec.com\/GaresduQuebec\/wp-content\/uploads\/2022\/08\/IMG_20220813_150907-1536x1152.jpeg 1536w, https:\/\/patrimoineduquebec.com\/GaresduQuebec\/wp-content\/uploads\/2022\/08\/IMG_20220813_150907-2048x1536.jpeg 2048w\" sizes=\"auto, (max-width: 1024px) 100vw, 1024px\" \/><\/a><figcaption class=\"blocks-gallery-item__caption\">Jean-No\u00ebl Lamothe (2022)<\/figcaption><\/figure><\/li><li class=\"blocks-gallery-item\"><figure><a href=\"https:\/\/patrimoineduquebec.com\/GaresduQuebec\/wp-content\/uploads\/2022\/08\/IMG_20220813_150813_BURST001_COVER-1024x768.jpeg\"><img loading=\"lazy\" decoding=\"async\" width=\"1024\" height=\"768\" src=\"https:\/\/patrimoineduquebec.com\/GaresduQuebec\/wp-content\/uploads\/2022\/08\/IMG_20220813_150813_BURST001_COVER-1024x768.jpeg\" alt=\"\" data-id=\"2044\" data-link=\"https:\/\/patrimoineduquebec.com\/GaresduQuebec\/sainte-angele-de-premont\/burst\/\" class=\"wp-image-2044\" srcset=\"https:\/\/patrimoineduquebec.com\/GaresduQuebec\/wp-content\/uploads\/2022\/08\/IMG_20220813_150813_BURST001_COVER-1024x768.jpeg 1024w, https:\/\/patrimoineduquebec.com\/GaresduQuebec\/wp-content\/uploads\/2022\/08\/IMG_20220813_150813_BURST001_COVER-300x225.jpeg 300w, https:\/\/patrimoineduquebec.com\/GaresduQuebec\/wp-content\/uploads\/2022\/08\/IMG_20220813_150813_BURST001_COVER-768x576.jpeg 768w, https:\/\/patrimoineduquebec.com\/GaresduQuebec\/wp-content\/uploads\/2022\/08\/IMG_20220813_150813_BURST001_COVER-1536x1152.jpeg 1536w, https:\/\/patrimoineduquebec.com\/GaresduQuebec\/wp-content\/uploads\/2022\/08\/IMG_20220813_150813_BURST001_COVER-2048x1536.jpeg 2048w\" sizes=\"auto, (max-width: 1024px) 100vw, 1024px\" \/><\/a><figcaption class=\"blocks-gallery-item__caption\">Jean-No\u00ebl Lamothe (2022)<\/figcaption><\/figure><\/li><li class=\"blocks-gallery-item\"><figure><a href=\"https:\/\/patrimoineduquebec.com\/GaresduQuebec\/wp-content\/uploads\/2022\/08\/IMG_20220813_150639-1024x768.jpeg\"><img loading=\"lazy\" decoding=\"async\" width=\"1024\" height=\"768\" src=\"https:\/\/patrimoineduquebec.com\/GaresduQuebec\/wp-content\/uploads\/2022\/08\/IMG_20220813_150639-1024x768.jpeg\" alt=\"\" data-id=\"2041\" data-link=\"https:\/\/patrimoineduquebec.com\/GaresduQuebec\/sainte-angele-de-premont\/img_20220813_150639\/\" class=\"wp-image-2041\" srcset=\"https:\/\/patrimoineduquebec.com\/GaresduQuebec\/wp-content\/uploads\/2022\/08\/IMG_20220813_150639-1024x768.jpeg 1024w, https:\/\/patrimoineduquebec.com\/GaresduQuebec\/wp-content\/uploads\/2022\/08\/IMG_20220813_150639-300x225.jpeg 300w, https:\/\/patrimoineduquebec.com\/GaresduQuebec\/wp-content\/uploads\/2022\/08\/IMG_20220813_150639-768x576.jpeg 768w, https:\/\/patrimoineduquebec.com\/GaresduQuebec\/wp-content\/uploads\/2022\/08\/IMG_20220813_150639-1536x1152.jpeg 1536w, https:\/\/patrimoineduquebec.com\/GaresduQuebec\/wp-content\/uploads\/2022\/08\/IMG_20220813_150639-2048x1536.jpeg 2048w\" sizes=\"auto, (max-width: 1024px) 100vw, 1024px\" \/><\/a><figcaption class=\"blocks-gallery-item__caption\">Jean-No\u00ebl Lamothe (2022)<\/figcaption><\/figure><\/li><\/ul><\/figure>\n","protected":false},"excerpt":{"rendered":"<p>Gare du CN construite vers 1918. La gare n&rsquo;est pas sur son emplacement d&rsquo;origine. Elle est maintenant \u00e0 au moins 3 kilom\u00e8tres au nord de la voie ferr\u00e9e dans le rang Paul-Lemay. La gare est fortement vandalis\u00e9e.<\/p>\n","protected":false},"author":1,"featured_media":0,"parent":0,"menu_order":0,"comment_status":"closed","ping_status":"closed","template":"","meta":{"footnotes":""},"class_list":["post-1832","page","type-page","status-publish","hentry"],"_links":{"self":[{"href":"https:\/\/patrimoineduquebec.com\/GaresduQuebec\/wp-json\/wp\/v2\/pages\/1832","targetHints":{"allow":["GET"]}}],"collection":[{"href":"https:\/\/patrimoineduquebec.com\/GaresduQuebec\/wp-json\/wp\/v2\/pages"}],"about":[{"href":"https:\/\/patrimoineduquebec.com\/GaresduQuebec\/wp-json\/wp\/v2\/types\/page"}],"author":[{"embeddable":true,"href":"https:\/\/patrimoineduquebec.com\/GaresduQuebec\/wp-json\/wp\/v2\/users\/1"}],"replies":[{"embeddable":true,"href":"https:\/\/patrimoineduquebec.com\/GaresduQuebec\/wp-json\/wp\/v2\/comments?post=1832"}],"version-history":[{"count":3,"href":"https:\/\/patrimoineduquebec.com\/GaresduQuebec\/wp-json\/wp\/v2\/pages\/1832\/revisions"}],"predecessor-version":[{"id":2047,"href":"https:\/\/patrimoineduquebec.com\/GaresduQuebec\/wp-json\/wp\/v2\/pages\/1832\/revisions\/2047"}],"wp:attachment":[{"href":"https:\/\/patrimoineduquebec.com\/GaresduQuebec\/wp-json\/wp\/v2\/media?parent=1832"}],"curies":[{"name":"wp","href":"https:\/\/api.w.org\/{rel}","templated":true}]}}