{"id":1521,"date":"2019-10-07T23:24:37","date_gmt":"2019-10-07T23:24:37","guid":{"rendered":"https:\/\/patrimoineduquebec.com\/GaresduQuebec\/?page_id=1521"},"modified":"2019-10-07T23:27:53","modified_gmt":"2019-10-07T23:27:53","slug":"pontiac","status":"publish","type":"page","link":"https:\/\/patrimoineduquebec.com\/GaresduQuebec\/pontiac\/","title":{"rendered":"Pontiac"},"content":{"rendered":"\n<p style=\"text-align:center\" class=\"has-medium-font-size\"><strong>Gare Parker<\/strong><\/p>\n\n\n\n<div class=\"wp-block-image\"><figure class=\"aligncenter\"><a href=\"https:\/\/patrimoineduquebec.com\/GaresduQuebec\/wp-content\/uploads\/2019\/10\/gare-de-eardley-luskville-chemin-parker-G\u00e9rald-Arbour-N2.jpeg\"><img loading=\"lazy\" decoding=\"async\" width=\"1024\" height=\"722\" src=\"https:\/\/patrimoineduquebec.com\/GaresduQuebec\/wp-content\/uploads\/2019\/10\/gare-de-eardley-luskville-chemin-parker-G\u00e9rald-Arbour-N2-1024x722.jpeg\" alt=\"\" class=\"wp-image-1522\" srcset=\"https:\/\/patrimoineduquebec.com\/GaresduQuebec\/wp-content\/uploads\/2019\/10\/gare-de-eardley-luskville-chemin-parker-G\u00e9rald-Arbour-N2-1024x722.jpeg 1024w, https:\/\/patrimoineduquebec.com\/GaresduQuebec\/wp-content\/uploads\/2019\/10\/gare-de-eardley-luskville-chemin-parker-G\u00e9rald-Arbour-N2-300x211.jpeg 300w, https:\/\/patrimoineduquebec.com\/GaresduQuebec\/wp-content\/uploads\/2019\/10\/gare-de-eardley-luskville-chemin-parker-G\u00e9rald-Arbour-N2-768x541.jpeg 768w, https:\/\/patrimoineduquebec.com\/GaresduQuebec\/wp-content\/uploads\/2019\/10\/gare-de-eardley-luskville-chemin-parker-G\u00e9rald-Arbour-N2.jpeg 2026w\" sizes=\"auto, (max-width: 1024px) 100vw, 1024px\" \/><\/a><\/figure><\/div>\n\n\n\n<h4 class=\"wp-block-heading\"><strong>Informations : <\/strong><\/h4>\n\n\n\n<p>Cette gare a \u00e9t\u00e9 construite vers 1890 a \u00e9t\u00e9 d\u00e9m\u00e9nag\u00e9e sur le chemin Parker.<\/p>\n\n\n\n<p><strong>Description<\/strong><\/p>\n\n\n\n<h4 class=\"wp-block-heading\"><strong>Plan au sol&nbsp;:<\/strong><\/h4>\n\n\n\n<p>Rectangulaire<\/p>\n\n\n\n<h4 class=\"wp-block-heading\"><strong>Nombre d&rsquo;\u00e9tages&nbsp;:<\/strong><\/h4>\n\n\n\n<p>1 \u00bd<\/p>\n\n\n\n<h4 class=\"wp-block-heading\"><strong>Groupement&nbsp;:<\/strong><\/h4>\n\n\n\n<p>D\u00e9tach\u00e9<\/p>\n\n\n\n<h4 class=\"wp-block-heading\"><strong>Structure&nbsp;:<\/strong><\/h4>\n\n\n\n<ul class=\"wp-block-list\"><li>Bois<\/li><\/ul>\n\n\n\n<h4 class=\"wp-block-heading\"><strong>Saillies&nbsp;:<\/strong><\/h4>\n\n\n\n<ul class=\"wp-block-list\"><li>Baie en saillie<\/li><\/ul>\n\n\n\n<h4 class=\"wp-block-heading\"><strong>\u00c9l\u00e9vations&nbsp;:<\/strong><\/h4>\n\n\n\n<ul class=\"wp-block-list\"><li>Toutes les fa\u00e7ades : Bois (Planche horizontale, Planche verticale)<\/li><\/ul>\n\n\n\n<h4 class=\"wp-block-heading\"><strong>Toit&nbsp;:<\/strong><\/h4>\n\n\n\n<ul class=\"wp-block-list\"><li>Forme : \u00c0 deux versants droits<br>Mat\u00e9riau : T\u00f4le profil\u00e9e<\/li><\/ul>\n\n\n\n<h4 class=\"wp-block-heading\"><strong>Porte principale&nbsp;:<\/strong><\/h4>\n\n\n\n<ul class=\"wp-block-list\"><li>bois, \u00e0 panneaux<\/li><\/ul>\n\n\n\n<h4 class=\"wp-block-heading\"><strong>Autre(s) porte(s)&nbsp;:<\/strong><\/h4>\n\n\n\n<ul class=\"wp-block-list\"><li>contemporaine<\/li><\/ul>\n\n\n\n<h4 class=\"wp-block-heading\"><strong>Fen\u00eatre(s)&nbsp;:<\/strong><\/h4>\n\n\n\n<ul class=\"wp-block-list\"><li>Rectangulaire, \u00c0 guillotine<\/li><li>Rectangulaire, Fixe<\/li><\/ul>\n\n\n\n<h4 class=\"wp-block-heading\"><strong>Lucarne(s)&nbsp;:<\/strong><\/h4>\n\n\n\n<ul class=\"wp-block-list\"><li>Lucarne-pignon<\/li><\/ul>\n\n\n\n<h4 class=\"wp-block-heading\"><strong>\u00c9l\u00e9ments architecturaux&nbsp;:<\/strong><\/h4>\n\n\n\n<ul class=\"wp-block-list\"><li>Chambranle<\/li><li>Console<\/li><li>Planche corni\u00e8re<\/li><\/ul>\n\n\n\n<p class=\"has-text-color has-vivid-cyan-blue-color\">Source :<a rel=\"noreferrer noopener\" aria-label=\" R\u00e9pertoire du patrimoine culturel du Qu\u00e9bec (s\u2019ouvre dans un nouvel onglet)\" href=\"http:\/\/www.patrimoine-culturel.gouv.qc.ca\/rpcq\/detail.do?methode=consulter&amp;id=173239&amp;type=bien#.XZvG6y17RQM\" target=\"_blank\"> R\u00e9pertoire du patrimoine culturel du Qu\u00e9bec<\/a><\/p>\n\n\n\n<p>Photos : G\u00e9rald Arbour<\/p>\n\n\n\n<ul class=\"wp-block-gallery columns-3 is-cropped wp-block-gallery-1 is-layout-flex wp-block-gallery-is-layout-flex\"><li class=\"blocks-gallery-item\"><figure><a href=\"https:\/\/patrimoineduquebec.com\/GaresduQuebec\/wp-content\/uploads\/2019\/10\/gare-de-eardley-luskville-chemin-parker-G\u00e9rald-Arbour-N8-1024x768.jpeg\"><img loading=\"lazy\" decoding=\"async\" width=\"1024\" height=\"768\" src=\"https:\/\/patrimoineduquebec.com\/GaresduQuebec\/wp-content\/uploads\/2019\/10\/gare-de-eardley-luskville-chemin-parker-G\u00e9rald-Arbour-N8-1024x768.jpeg\" alt=\"\" data-id=\"1523\" data-link=\"https:\/\/patrimoineduquebec.com\/GaresduQuebec\/?attachment_id=1523\" class=\"wp-image-1523\" srcset=\"https:\/\/patrimoineduquebec.com\/GaresduQuebec\/wp-content\/uploads\/2019\/10\/gare-de-eardley-luskville-chemin-parker-G\u00e9rald-Arbour-N8-1024x768.jpeg 1024w, https:\/\/patrimoineduquebec.com\/GaresduQuebec\/wp-content\/uploads\/2019\/10\/gare-de-eardley-luskville-chemin-parker-G\u00e9rald-Arbour-N8-300x225.jpeg 300w, https:\/\/patrimoineduquebec.com\/GaresduQuebec\/wp-content\/uploads\/2019\/10\/gare-de-eardley-luskville-chemin-parker-G\u00e9rald-Arbour-N8-768x576.jpeg 768w\" sizes=\"auto, (max-width: 1024px) 100vw, 1024px\" \/><\/a><\/figure><\/li><li class=\"blocks-gallery-item\"><figure><a href=\"https:\/\/patrimoineduquebec.com\/GaresduQuebec\/wp-content\/uploads\/2019\/10\/gare-de-eardley-luskville-chemin-parker-G\u00e9rald-Arbour-N7-1024x768.jpeg\"><img loading=\"lazy\" decoding=\"async\" width=\"1024\" height=\"768\" src=\"https:\/\/patrimoineduquebec.com\/GaresduQuebec\/wp-content\/uploads\/2019\/10\/gare-de-eardley-luskville-chemin-parker-G\u00e9rald-Arbour-N7-1024x768.jpeg\" alt=\"\" data-id=\"1524\" data-link=\"https:\/\/patrimoineduquebec.com\/GaresduQuebec\/?attachment_id=1524\" class=\"wp-image-1524\" srcset=\"https:\/\/patrimoineduquebec.com\/GaresduQuebec\/wp-content\/uploads\/2019\/10\/gare-de-eardley-luskville-chemin-parker-G\u00e9rald-Arbour-N7-1024x768.jpeg 1024w, https:\/\/patrimoineduquebec.com\/GaresduQuebec\/wp-content\/uploads\/2019\/10\/gare-de-eardley-luskville-chemin-parker-G\u00e9rald-Arbour-N7-300x225.jpeg 300w, https:\/\/patrimoineduquebec.com\/GaresduQuebec\/wp-content\/uploads\/2019\/10\/gare-de-eardley-luskville-chemin-parker-G\u00e9rald-Arbour-N7-768x576.jpeg 768w\" sizes=\"auto, (max-width: 1024px) 100vw, 1024px\" \/><\/a><\/figure><\/li><li class=\"blocks-gallery-item\"><figure><a href=\"https:\/\/patrimoineduquebec.com\/GaresduQuebec\/wp-content\/uploads\/2019\/10\/gare-de-eardley-luskville-banq-1983-P690S1D83-102-1621-1024x691.jpg\"><img loading=\"lazy\" decoding=\"async\" width=\"1024\" height=\"691\" src=\"https:\/\/patrimoineduquebec.com\/GaresduQuebec\/wp-content\/uploads\/2019\/10\/gare-de-eardley-luskville-banq-1983-P690S1D83-102-1621-1024x691.jpg\" alt=\"\" data-id=\"1525\" data-link=\"https:\/\/patrimoineduquebec.com\/GaresduQuebec\/?attachment_id=1525\" class=\"wp-image-1525\" srcset=\"https:\/\/patrimoineduquebec.com\/GaresduQuebec\/wp-content\/uploads\/2019\/10\/gare-de-eardley-luskville-banq-1983-P690S1D83-102-1621-1024x691.jpg 1024w, https:\/\/patrimoineduquebec.com\/GaresduQuebec\/wp-content\/uploads\/2019\/10\/gare-de-eardley-luskville-banq-1983-P690S1D83-102-1621-300x202.jpg 300w, https:\/\/patrimoineduquebec.com\/GaresduQuebec\/wp-content\/uploads\/2019\/10\/gare-de-eardley-luskville-banq-1983-P690S1D83-102-1621-768x518.jpg 768w\" sizes=\"auto, (max-width: 1024px) 100vw, 1024px\" \/><\/a><figcaption>BAnQ 1983 (P690,S1,D83-102)<\/figcaption><\/figure><\/li><\/ul>\n","protected":false},"excerpt":{"rendered":"<p>Gare Parker Informations : Cette gare a \u00e9t\u00e9 construite vers 1890 a \u00e9t\u00e9 d\u00e9m\u00e9nag\u00e9e sur le chemin Parker. Description Plan au sol&nbsp;: Rectangulaire Nombre d&rsquo;\u00e9tages&nbsp;: 1 \u00bd Groupement&nbsp;: D\u00e9tach\u00e9 Structure&nbsp;: Bois Saillies&nbsp;: Baie en saillie \u00c9l\u00e9vations&nbsp;: Toutes les fa\u00e7ades : Bois (Planche horizontale, Planche verticale) Toit&nbsp;: Forme : \u00c0 deux versants droitsMat\u00e9riau : T\u00f4le profil\u00e9e [&hellip;]<\/p>\n","protected":false},"author":1,"featured_media":0,"parent":0,"menu_order":0,"comment_status":"closed","ping_status":"closed","template":"","meta":{"footnotes":""},"class_list":["post-1521","page","type-page","status-publish","hentry"],"_links":{"self":[{"href":"https:\/\/patrimoineduquebec.com\/GaresduQuebec\/wp-json\/wp\/v2\/pages\/1521","targetHints":{"allow":["GET"]}}],"collection":[{"href":"https:\/\/patrimoineduquebec.com\/GaresduQuebec\/wp-json\/wp\/v2\/pages"}],"about":[{"href":"https:\/\/patrimoineduquebec.com\/GaresduQuebec\/wp-json\/wp\/v2\/types\/page"}],"author":[{"embeddable":true,"href":"https:\/\/patrimoineduquebec.com\/GaresduQuebec\/wp-json\/wp\/v2\/users\/1"}],"replies":[{"embeddable":true,"href":"https:\/\/patrimoineduquebec.com\/GaresduQuebec\/wp-json\/wp\/v2\/comments?post=1521"}],"version-history":[{"count":3,"href":"https:\/\/patrimoineduquebec.com\/GaresduQuebec\/wp-json\/wp\/v2\/pages\/1521\/revisions"}],"predecessor-version":[{"id":1529,"href":"https:\/\/patrimoineduquebec.com\/GaresduQuebec\/wp-json\/wp\/v2\/pages\/1521\/revisions\/1529"}],"wp:attachment":[{"href":"https:\/\/patrimoineduquebec.com\/GaresduQuebec\/wp-json\/wp\/v2\/media?parent=1521"}],"curies":[{"name":"wp","href":"https:\/\/api.w.org\/{rel}","templated":true}]}}