{"id":141,"date":"2019-09-24T22:05:10","date_gmt":"2019-09-24T22:05:10","guid":{"rendered":"https:\/\/patrimoineduquebec.com\/GaresduQuebec\/?page_id=141"},"modified":"2019-09-26T18:26:12","modified_gmt":"2019-09-26T18:26:12","slug":"amqui","status":"publish","type":"page","link":"https:\/\/patrimoineduquebec.com\/GaresduQuebec\/amqui\/","title":{"rendered":"Amqui"},"content":{"rendered":"\n<div class=\"wp-block-image\"><figure class=\"aligncenter\"><a href=\"https:\/\/patrimoineduquebec.com\/GaresduQuebec\/wp-content\/uploads\/2019\/09\/P8103029.jpg\"><img loading=\"lazy\" decoding=\"async\" width=\"1024\" height=\"768\" src=\"https:\/\/patrimoineduquebec.com\/GaresduQuebec\/wp-content\/uploads\/2019\/09\/P8103029-1024x768.jpg\" alt=\"\" class=\"wp-image-142\" srcset=\"https:\/\/patrimoineduquebec.com\/GaresduQuebec\/wp-content\/uploads\/2019\/09\/P8103029-1024x768.jpg 1024w, https:\/\/patrimoineduquebec.com\/GaresduQuebec\/wp-content\/uploads\/2019\/09\/P8103029-300x225.jpg 300w, https:\/\/patrimoineduquebec.com\/GaresduQuebec\/wp-content\/uploads\/2019\/09\/P8103029-768x576.jpg 768w\" sizes=\"auto, (max-width: 1024px) 100vw, 1024px\" \/><\/a><\/figure><\/div>\n\n\n\n<p><strong>Informations historiques<\/strong> <\/p>\n\n\n\n<p>Une petite gare est construite \u00e0 Amqui en 1890. Elle est remplac\u00e9e en 1904 par le b\u00e2timent actuel qui se distingue par de plus grandes dimensions et qui poss\u00e8de un entrep\u00f4t et un logement \u00e0 l&rsquo;\u00e9tage pour loger le chef de gare et sa famille. La gare d&rsquo;Amqui est \u00e9rig\u00e9e par la compagnie ferroviaire Intercolonial qui r\u00e9alise une ligne de chemin de fer de 1869 \u00e0 1886 reliant Rivi\u00e8re-du-Loup \u00e0 Halifax et dont la construction lance le d\u00e9veloppement de la vall\u00e9e de la Matap\u00e9dia.<\/p>\n\n\n\n<p>La gare d&rsquo;Amqui est r\u00e9nov\u00e9e en 1986. Elle est prot\u00e9g\u00e9e par le gouvernement f\u00e9d\u00e9ral en vertu de la Loi sur la protection des gares ferroviaires patrimoniales depuis 1993.<\/p>\n\n\n\n<p><strong>\u00c9valuation d&rsquo;inventaire<\/strong><\/p>\n\n\n\n<p>La gare d&rsquo;Amqui poss\u00e8de une valeur patrimoniale sup\u00e9rieure. Son int\u00e9r\u00eat repose notamment sur son usage. La gare occupe une place centrale dans les villages et la petite ville du Qu\u00e9bec au 19e si\u00e8cle au d\u00e9but du 20e si\u00e8cle. En effet, elle constitue un centre d&rsquo;information et de communication, o\u00f9 sont regroup\u00e9s des services essentiels, tels que la poste et le t\u00e9l\u00e9graphe. Sa valeur patrimoniale r\u00e9side en outre dans son architecture. Elle est con\u00e7ue d&rsquo;apr\u00e8s des mod\u00e8les standardis\u00e9s r\u00e9alis\u00e9s par les compagnies de chemin de fer. Elle se d\u00e9marque notamment par son long toit \u00e0 croupes d\u00e9bordant en larmier, par la pr\u00e9sence de plusieurs lucarnes \u00e0 croupe et de deux chemin\u00e9es en brique qui lui conf\u00e8rent un aspect pittoresque. Par ailleurs, la gare poss\u00e8de encore plusieurs \u00e9l\u00e9ments anciens dont le rev\u00eatement en planches de bois horizontales, les fen\u00eatres, les portes et plusieurs attributs du programme d\u00e9coratif (planches corni\u00e8res, chambranles, corniche moulur\u00e9e, chevrons apparents). La valeur patrimoniale de la gare d&rsquo;Amqui tient enfin \u00e0 son histoire. <\/p>\n\n\n\n<p class=\"has-text-color has-vivid-cyan-blue-color\"><strong>Source<\/strong>&nbsp;: <a rel=\"noreferrer noopener\" aria-label=\"R\u00e9pertoire du patrimoine culturel du Qu\u00e9bec (s\u2019ouvre dans un nouvel onglet)\" href=\"http:\/\/www.patrimoine-culturel.gouv.qc.ca\/rpcq\/detail.do?methode=consulter&amp;id=178488&amp;type=bien#.XYqRCy97RQM\" target=\"_blank\">R\u00e9pertoire du patrimoine culturel du Qu\u00e9bec<\/a><\/p>\n\n\n\n<p>Photos : Monique Bellemare<\/p>\n\n\n\n<ul class=\"wp-block-gallery columns-3 is-cropped wp-block-gallery-1 is-layout-flex wp-block-gallery-is-layout-flex\"><li class=\"blocks-gallery-item\"><figure><a href=\"https:\/\/patrimoineduquebec.com\/GaresduQuebec\/wp-content\/uploads\/2019\/09\/P8103028-1024x768.jpg\"><img loading=\"lazy\" decoding=\"async\" width=\"1024\" height=\"768\" src=\"https:\/\/patrimoineduquebec.com\/GaresduQuebec\/wp-content\/uploads\/2019\/09\/P8103028-1024x768.jpg\" alt=\"\" data-id=\"143\" data-link=\"https:\/\/patrimoineduquebec.com\/GaresduQuebec\/amqui\/olympus-digital-camera-15\/\" class=\"wp-image-143\" srcset=\"https:\/\/patrimoineduquebec.com\/GaresduQuebec\/wp-content\/uploads\/2019\/09\/P8103028-1024x768.jpg 1024w, https:\/\/patrimoineduquebec.com\/GaresduQuebec\/wp-content\/uploads\/2019\/09\/P8103028-300x225.jpg 300w, https:\/\/patrimoineduquebec.com\/GaresduQuebec\/wp-content\/uploads\/2019\/09\/P8103028-768x576.jpg 768w\" sizes=\"auto, (max-width: 1024px) 100vw, 1024px\" \/><\/a><\/figure><\/li><li class=\"blocks-gallery-item\"><figure><a href=\"https:\/\/patrimoineduquebec.com\/GaresduQuebec\/wp-content\/uploads\/2019\/09\/P8103029-1024x768.jpg\"><img loading=\"lazy\" decoding=\"async\" width=\"1024\" height=\"768\" src=\"https:\/\/patrimoineduquebec.com\/GaresduQuebec\/wp-content\/uploads\/2019\/09\/P8103029-1024x768.jpg\" alt=\"\" data-id=\"142\" data-link=\"https:\/\/patrimoineduquebec.com\/GaresduQuebec\/amqui\/olympus-digital-camera-14\/\" class=\"wp-image-142\" srcset=\"https:\/\/patrimoineduquebec.com\/GaresduQuebec\/wp-content\/uploads\/2019\/09\/P8103029-1024x768.jpg 1024w, https:\/\/patrimoineduquebec.com\/GaresduQuebec\/wp-content\/uploads\/2019\/09\/P8103029-300x225.jpg 300w, https:\/\/patrimoineduquebec.com\/GaresduQuebec\/wp-content\/uploads\/2019\/09\/P8103029-768x576.jpg 768w\" sizes=\"auto, (max-width: 1024px) 100vw, 1024px\" \/><\/a><\/figure><\/li><li class=\"blocks-gallery-item\"><figure><a href=\"https:\/\/patrimoineduquebec.com\/GaresduQuebec\/wp-content\/uploads\/2019\/09\/P8100286-1024x768.jpeg\"><img loading=\"lazy\" decoding=\"async\" width=\"1024\" height=\"768\" src=\"https:\/\/patrimoineduquebec.com\/GaresduQuebec\/wp-content\/uploads\/2019\/09\/P8100286-1024x768.jpeg\" alt=\"\" data-id=\"144\" data-link=\"https:\/\/patrimoineduquebec.com\/GaresduQuebec\/amqui\/amqui-2\/\" class=\"wp-image-144\" srcset=\"https:\/\/patrimoineduquebec.com\/GaresduQuebec\/wp-content\/uploads\/2019\/09\/P8100286-1024x768.jpeg 1024w, https:\/\/patrimoineduquebec.com\/GaresduQuebec\/wp-content\/uploads\/2019\/09\/P8100286-300x225.jpeg 300w, https:\/\/patrimoineduquebec.com\/GaresduQuebec\/wp-content\/uploads\/2019\/09\/P8100286-768x576.jpeg 768w\" sizes=\"auto, (max-width: 1024px) 100vw, 1024px\" \/><\/a><\/figure><\/li><li class=\"blocks-gallery-item\"><figure><a href=\"https:\/\/patrimoineduquebec.com\/GaresduQuebec\/wp-content\/uploads\/2019\/09\/P8100287-1024x768.jpeg\"><img loading=\"lazy\" decoding=\"async\" width=\"1024\" height=\"768\" src=\"https:\/\/patrimoineduquebec.com\/GaresduQuebec\/wp-content\/uploads\/2019\/09\/P8100287-1024x768.jpeg\" alt=\"\" data-id=\"145\" data-link=\"https:\/\/patrimoineduquebec.com\/GaresduQuebec\/amqui\/amqui-3\/\" class=\"wp-image-145\" srcset=\"https:\/\/patrimoineduquebec.com\/GaresduQuebec\/wp-content\/uploads\/2019\/09\/P8100287-1024x768.jpeg 1024w, https:\/\/patrimoineduquebec.com\/GaresduQuebec\/wp-content\/uploads\/2019\/09\/P8100287-300x225.jpeg 300w, https:\/\/patrimoineduquebec.com\/GaresduQuebec\/wp-content\/uploads\/2019\/09\/P8100287-768x576.jpeg 768w\" sizes=\"auto, (max-width: 1024px) 100vw, 1024px\" \/><\/a><\/figure><\/li><li class=\"blocks-gallery-item\"><figure><a href=\"https:\/\/patrimoineduquebec.com\/GaresduQuebec\/wp-content\/uploads\/2019\/09\/P8100294-1024x767.jpeg\"><img loading=\"lazy\" decoding=\"async\" width=\"1024\" height=\"767\" src=\"https:\/\/patrimoineduquebec.com\/GaresduQuebec\/wp-content\/uploads\/2019\/09\/P8100294-1024x767.jpeg\" alt=\"\" data-id=\"147\" data-link=\"https:\/\/patrimoineduquebec.com\/GaresduQuebec\/amqui\/amqui-5\/\" class=\"wp-image-147\" srcset=\"https:\/\/patrimoineduquebec.com\/GaresduQuebec\/wp-content\/uploads\/2019\/09\/P8100294-1024x767.jpeg 1024w, https:\/\/patrimoineduquebec.com\/GaresduQuebec\/wp-content\/uploads\/2019\/09\/P8100294-300x225.jpeg 300w, https:\/\/patrimoineduquebec.com\/GaresduQuebec\/wp-content\/uploads\/2019\/09\/P8100294-768x576.jpeg 768w\" sizes=\"auto, (max-width: 1024px) 100vw, 1024px\" \/><\/a><\/figure><\/li><li class=\"blocks-gallery-item\"><figure><a href=\"https:\/\/patrimoineduquebec.com\/GaresduQuebec\/wp-content\/uploads\/2019\/09\/P8103038-1024x768.jpeg\"><img loading=\"lazy\" decoding=\"async\" width=\"1024\" height=\"768\" src=\"https:\/\/patrimoineduquebec.com\/GaresduQuebec\/wp-content\/uploads\/2019\/09\/P8103038-1024x768.jpeg\" alt=\"\" data-id=\"146\" data-link=\"https:\/\/patrimoineduquebec.com\/GaresduQuebec\/amqui\/amqui-4\/\" class=\"wp-image-146\" srcset=\"https:\/\/patrimoineduquebec.com\/GaresduQuebec\/wp-content\/uploads\/2019\/09\/P8103038-1024x768.jpeg 1024w, https:\/\/patrimoineduquebec.com\/GaresduQuebec\/wp-content\/uploads\/2019\/09\/P8103038-300x225.jpeg 300w, https:\/\/patrimoineduquebec.com\/GaresduQuebec\/wp-content\/uploads\/2019\/09\/P8103038-768x576.jpeg 768w\" sizes=\"auto, (max-width: 1024px) 100vw, 1024px\" \/><\/a><\/figure><\/li><li class=\"blocks-gallery-item\"><figure><a href=\"https:\/\/patrimoineduquebec.com\/GaresduQuebec\/wp-content\/uploads\/2019\/09\/banq-gare-amqui-1978-copie-1024x674.jpeg\"><img loading=\"lazy\" decoding=\"async\" width=\"1024\" height=\"674\" src=\"https:\/\/patrimoineduquebec.com\/GaresduQuebec\/wp-content\/uploads\/2019\/09\/banq-gare-amqui-1978-copie-1024x674.jpeg\" alt=\"\" data-id=\"480\" data-link=\"https:\/\/patrimoineduquebec.com\/GaresduQuebec\/amqui\/banq-gare-amqui-1978-copie\/\" class=\"wp-image-480\" srcset=\"https:\/\/patrimoineduquebec.com\/GaresduQuebec\/wp-content\/uploads\/2019\/09\/banq-gare-amqui-1978-copie-1024x674.jpeg 1024w, https:\/\/patrimoineduquebec.com\/GaresduQuebec\/wp-content\/uploads\/2019\/09\/banq-gare-amqui-1978-copie-300x197.jpeg 300w, https:\/\/patrimoineduquebec.com\/GaresduQuebec\/wp-content\/uploads\/2019\/09\/banq-gare-amqui-1978-copie-768x506.jpeg 768w, https:\/\/patrimoineduquebec.com\/GaresduQuebec\/wp-content\/uploads\/2019\/09\/banq-gare-amqui-1978-copie.jpeg 1197w\" sizes=\"auto, (max-width: 1024px) 100vw, 1024px\" \/><\/a><figcaption>BAnQ 1978 (03Q,E10,S44,SS1,D78,838)<\/figcaption><\/figure><\/li><\/ul>\n","protected":false},"excerpt":{"rendered":"<p>Informations historiques Une petite gare est construite \u00e0 Amqui en 1890. Elle est remplac\u00e9e en 1904 par le b\u00e2timent actuel qui se distingue par de plus grandes dimensions et qui poss\u00e8de un entrep\u00f4t et un logement \u00e0 l&rsquo;\u00e9tage pour loger le chef de gare et sa famille. La gare d&rsquo;Amqui est \u00e9rig\u00e9e par la compagnie [&hellip;]<\/p>\n","protected":false},"author":1,"featured_media":0,"parent":0,"menu_order":0,"comment_status":"closed","ping_status":"closed","template":"","meta":{"footnotes":""},"class_list":["post-141","page","type-page","status-publish","hentry"],"_links":{"self":[{"href":"https:\/\/patrimoineduquebec.com\/GaresduQuebec\/wp-json\/wp\/v2\/pages\/141","targetHints":{"allow":["GET"]}}],"collection":[{"href":"https:\/\/patrimoineduquebec.com\/GaresduQuebec\/wp-json\/wp\/v2\/pages"}],"about":[{"href":"https:\/\/patrimoineduquebec.com\/GaresduQuebec\/wp-json\/wp\/v2\/types\/page"}],"author":[{"embeddable":true,"href":"https:\/\/patrimoineduquebec.com\/GaresduQuebec\/wp-json\/wp\/v2\/users\/1"}],"replies":[{"embeddable":true,"href":"https:\/\/patrimoineduquebec.com\/GaresduQuebec\/wp-json\/wp\/v2\/comments?post=141"}],"version-history":[{"count":7,"href":"https:\/\/patrimoineduquebec.com\/GaresduQuebec\/wp-json\/wp\/v2\/pages\/141\/revisions"}],"predecessor-version":[{"id":482,"href":"https:\/\/patrimoineduquebec.com\/GaresduQuebec\/wp-json\/wp\/v2\/pages\/141\/revisions\/482"}],"wp:attachment":[{"href":"https:\/\/patrimoineduquebec.com\/GaresduQuebec\/wp-json\/wp\/v2\/media?parent=141"}],"curies":[{"name":"wp","href":"https:\/\/api.w.org\/{rel}","templated":true}]}}