{"id":1405,"date":"2019-10-05T17:46:16","date_gmt":"2019-10-05T17:46:16","guid":{"rendered":"https:\/\/patrimoineduquebec.com\/GaresduQuebec\/?page_id=1405"},"modified":"2019-10-07T12:58:01","modified_gmt":"2019-10-07T12:58:01","slug":"temiscaming","status":"publish","type":"page","link":"https:\/\/patrimoineduquebec.com\/GaresduQuebec\/temiscaming\/","title":{"rendered":"T\u00e9miscaming"},"content":{"rendered":"\n<div class=\"wp-block-image\"><figure class=\"aligncenter\"><a href=\"https:\/\/patrimoineduquebec.com\/GaresduQuebec\/wp-content\/uploads\/2019\/10\/gare-t\u00e9miscaming-G\u00e9rald-Arbour-N13.jpeg\"><img loading=\"lazy\" decoding=\"async\" width=\"1024\" height=\"768\" src=\"https:\/\/patrimoineduquebec.com\/GaresduQuebec\/wp-content\/uploads\/2019\/10\/gare-t\u00e9miscaming-G\u00e9rald-Arbour-N13-1024x768.jpeg\" alt=\"\" class=\"wp-image-1406\" srcset=\"https:\/\/patrimoineduquebec.com\/GaresduQuebec\/wp-content\/uploads\/2019\/10\/gare-t\u00e9miscaming-G\u00e9rald-Arbour-N13-1024x768.jpeg 1024w, https:\/\/patrimoineduquebec.com\/GaresduQuebec\/wp-content\/uploads\/2019\/10\/gare-t\u00e9miscaming-G\u00e9rald-Arbour-N13-300x225.jpeg 300w, https:\/\/patrimoineduquebec.com\/GaresduQuebec\/wp-content\/uploads\/2019\/10\/gare-t\u00e9miscaming-G\u00e9rald-Arbour-N13-768x576.jpeg 768w\" sizes=\"auto, (max-width: 1024px) 100vw, 1024px\" \/><\/a><\/figure><\/div>\n\n\n\n<h4 class=\"wp-block-heading\"><strong>Description<\/strong><\/h4>\n\n\n\n<p>La gare de T\u00e9miscaming est un b\u00e2timent construit en 1927. De plan rectangulaire, l&rsquo;\u00e9difice en brique rouge est coiff\u00e9 d&rsquo;un toit \u00e0 croupes et ses murs sont prot\u00e9g\u00e9s par de larges avant-toits support\u00e9s par des consoles. Il se divise en deux volumes distincts. Sa moiti\u00e9 nord comprend un seul \u00e9tage, tandis que sa moiti\u00e9 sud, \u00e0 deux \u00e9tages, pr\u00e9sente au centre de sa fa\u00e7ade principale un avant-corps termin\u00e9 par un pignon. Situ\u00e9e au pied d&rsquo;une colline bois\u00e9e, la gare est s\u00e9par\u00e9e des autres b\u00e2timents de la ville de T\u00e9miscaming par un cours d&rsquo;eau.<br><br>Ce bien est class\u00e9 immeuble patrimonial.<\/p>\n\n\n\n<h4 class=\"wp-block-heading\"><strong>Valeur patrimoniale<\/strong><\/h4>\n\n\n\n<p>La gare de T\u00e9miscaming pr\u00e9sente un int\u00e9r\u00eat patrimonial pour sa valeur architecturale. L&rsquo;\u00e9difice a \u00e9t\u00e9 construit selon les plans des ing\u00e9nieurs du Canadien Pacifique, d&rsquo;apr\u00e8s un mod\u00e8le populaire au d\u00e9but du XXe si\u00e8cle. La gare est une illustration de ce mod\u00e8le par son toit \u00e0 croupes se prolongeant en de larges avant-toits support\u00e9s par des consoles et par son avanc\u00e9e qui abritait le bureau du t\u00e9l\u00e9graphiste. Elle est aussi repr\u00e9sentative d&rsquo;un type de gare courant dans les villages importants, qui regroupe dans un m\u00eame b\u00e2timent les espaces d\u00e9di\u00e9s aux passagers et ceux destin\u00e9s aux marchandises. La gare de T\u00e9miscaming, en plus du bureau du t\u00e9l\u00e9graphiste et du guichet \u00e0 billets, comprenait un logement pour le chef de gare situ\u00e9 au deuxi\u00e8me niveau du corps principal, une salle d&rsquo;attente principale et, \u00e0 droite, une salle d&rsquo;attente r\u00e9serv\u00e9e aux femmes. L&rsquo;am\u00e9nagement de cette derni\u00e8re \u00e9tait une pratique r\u00e9pandue et refl\u00e8te la survivance de la morale victorienne. La partie est du b\u00e2timent \u00e9tait consacr\u00e9e \u00e0 l&rsquo;entreposage des marchandises. La distinction entre l&rsquo;espace public et l&rsquo;espace d&rsquo;entreposage se refl\u00e8te dans le jeu des \u00e9l\u00e9vations et du toit et dans la disposition lat\u00e9rale de l&rsquo;entrep\u00f4t. Par ailleurs, cette gare, quoique situ\u00e9e en milieu rural, se rattache \u00e0 celles de type urbain par ses dimensions imposantes, ses murs de brique rouge et une certaine recherche stylistique notamment dans son avant-corps termin\u00e9 par un amortissement en h\u00e9micycle, sa porte \u00e0 imposte couronn\u00e9e d&rsquo;un fronton \u00e0 volutes, ses fondations en pierre \u00e0 bossage et ses cha\u00eenes d&rsquo;angle. En plus de figurer parmi les plus int\u00e9ressantes constructions de T\u00e9miscaming, voire de tout le T\u00e9miscamingue, elle constitue l&rsquo;un des rares exemples de gare de type urbain en r\u00e9gion \u00e9loign\u00e9e.<br><br>La gare de T\u00e9miscaming pr\u00e9sente aussi un int\u00e9r\u00eat patrimonial pour sa valeur historique. Le b\u00e2timent \u00e9voque l&rsquo;importance du r\u00e9seau ferroviaire dans le d\u00e9veloppement du T\u00e9miscamingue. La mise en place de ce r\u00e9seau, en rompant l&rsquo;isolement, a en effet encourag\u00e9 la colonisation et l&rsquo;expansion de l&rsquo;industrie foresti\u00e8re, assise \u00e9conomique de la r\u00e9gion. Plusieurs localit\u00e9s ont ainsi \u00e9t\u00e9 cr\u00e9\u00e9es, dont T\u00e9miscaming. Cette ville est \u00e9rig\u00e9e en 1918 par la Riordon Pulp and Paper, \u00e0 proximit\u00e9 de son usine de p\u00e2te \u00e0 papier construite la m\u00eame ann\u00e9e afin de loger les ouvriers et leurs familles. Le choix du site s&rsquo;explique par la pr\u00e9sence d&rsquo;importantes r\u00e9serves de bois, d&rsquo;un acc\u00e8s par voie d&rsquo;eau, d&rsquo;un grand potentiel \u00e9nerg\u00e9tique, de ressources en eau potable et du chemin de fer du Canadien Pacifique, qui dessert plusieurs agglom\u00e9rations de la r\u00e9gion. La gare est b\u00e2tie en 1927, soit deux ans apr\u00e8s que la Canadian International Paper ait acquis l&rsquo;ensemble des exploitations foresti\u00e8res du T\u00e9miscamingue, \u00e0 une p\u00e9riode o\u00f9 l&rsquo;industrie foresti\u00e8re conna\u00eet une activit\u00e9 intense. La gare de T\u00e9miscaming t\u00e9moigne donc du d\u00e9veloppement socio\u00e9conomique de la ville et de la r\u00e9gion au d\u00e9but du XXe si\u00e8cle et du r\u00f4le qu&rsquo;a jou\u00e9 le r\u00e9seau ferroviaire dans cet essor.<br><br>Source : Minist\u00e8re de la Culture et des Communications du Qu\u00e9bec, 2005.<\/p>\n\n\n\n<h4 class=\"wp-block-heading\"><strong>\u00c9l\u00e9ments caract\u00e9ristiques<\/strong><\/h4>\n\n\n\n<p>Les \u00e9l\u00e9ments caract\u00e9ristiques de la gare de T\u00e9miscaming li\u00e9s \u00e0 ses valeurs architecturale et historique comprennent, notamment :<br>&#8211; son volume, dont le plan rectangulaire, le corps principal \u00e0 deux \u00e9tages et le corps secondaire \u00e0 un \u00e9tage dispos\u00e9 lat\u00e9ralement, le toit \u00e0 croupes, les larges avant-toits, l&rsquo;avant-corps termin\u00e9 par un amortissement en h\u00e9micycle en pierre de taille ainsi que l&rsquo;avanc\u00e9e dot\u00e9e d&rsquo;une fen\u00eatre triple \u00e0 carreaux ouvrant \u00e0 guillotine et surmont\u00e9e d&rsquo;une imposte vitr\u00e9e en arc surbaiss\u00e9;<br>&#8211; ses mat\u00e9riaux, dont le parement en brique rouge et les fondations en pierre \u00e0 bossage surmont\u00e9es d&rsquo;un bandeau en pierre de taille;<br>&#8211; les ouvertures, dont la porte flanqu\u00e9e de baies et surmont\u00e9e d&rsquo;une imposte vitr\u00e9e en plein cintre, la large porte du mur lat\u00e9ral est, les fen\u00eatres simples ou doubles \u00e0 carreaux ouvrant \u00e0 guillotine du rez-de-chauss\u00e9e surmont\u00e9es d&rsquo;une imposte vitr\u00e9e en arc surbaiss\u00e9, les fen\u00eatres doubles ou triples \u00e0 carreaux ouvrant \u00e0 guillotine de l&rsquo;\u00e9tage, les fen\u00eatres appuy\u00e9es sur le bandeau en pierre de taille au-dessus des fondations, la porte principale \u00e0 imposte, les chambranles en brique et les appuis en pierre de taille;<br>&#8211; les \u00e9l\u00e9ments ornementaux, dont les consoles doubles sculpt\u00e9es, le fronton \u00e0 volutes, les cha\u00eenes d&rsquo;angle et les clefs d\u00e9coratives;<br>&#8211; son emplacement au pied d&rsquo;une colline bois\u00e9e et isol\u00e9e du reste de la ville par un cours d&rsquo;eau.<\/p>\n\n\n\n<h4 class=\"wp-block-heading\"><strong>Informations historiques<\/strong><\/h4>\n\n\n\n<p>Ouvert \u00e0 la colonisation \u00e0 la fin du XIXe si\u00e8cle, le T\u00e9miscamingue est dot\u00e9 \u00e0 cette \u00e9poque de ses premi\u00e8res infrastructures ferroviaires. Elles sont mises en place par la Soci\u00e9t\u00e9 de colonisation du lac T\u00e9miscamingue, fond\u00e9e en 1884. De construction artisanale, ces infrastructures sont acquises en 1891 par le Canadien Pacifique qui, au cours des ann\u00e9es suivantes, d\u00e9veloppe le r\u00e9seau afin de r\u00e9pondre aux besoins des compagnies foresti\u00e8res. Le nouveau r\u00e9seau rompt l&rsquo;isolement de la r\u00e9gion, encourage la colonisation et facilite l&rsquo;exploitation de la for\u00eat. Il incite notamment la Riordon Pulp and Paper \u00e0 s&rsquo;implanter au T\u00e9miscamingue.<br><br>Gr\u00e2ce \u00e0 l&rsquo;exploitation foresti\u00e8re, plusieurs localit\u00e9s sont cr\u00e9\u00e9es, dont T\u00e9miscaming. Cette ville est \u00e9rig\u00e9e en 1918 par la Riordon Pulp and Paper, \u00e0 proximit\u00e9 de son usine de p\u00e2te \u00e0 papier construite la m\u00eame ann\u00e9e, afin de loger les ouvriers et leur famille. Le choix du site s&rsquo;explique par la pr\u00e9sence d&rsquo;importantes r\u00e9serves de bois, d&rsquo;un acc\u00e8s par voie d&rsquo;eau, d&rsquo;un grand potentiel \u00e9nerg\u00e9tique, de ressources en eau potable et du chemin de fer du Canadien Pacifique, qui dessert plusieurs agglom\u00e9rations de la r\u00e9gion. La gare est b\u00e2tie en 1927, soit deux ans apr\u00e8s que la Canadian International Paper ait acquis l&rsquo;ensemble des exploitations foresti\u00e8res du T\u00e9miscamingue, \u00e0 une p\u00e9riode o\u00f9 l&rsquo;industrie foresti\u00e8re conna\u00eet une activit\u00e9 intense. Son architecture s&rsquo;inspire d&rsquo;un mod\u00e8le de gare populaire au d\u00e9but du XXe si\u00e8cle.<br><br>La gare de T\u00e9miscaming est reconnue en 1979. Fortement ab\u00eem\u00e9e par un incendie en 1994, elle est enti\u00e8rement r\u00e9nov\u00e9e et abrite maintenant un mus\u00e9e sur le patrimoine architectural et industriel de la ville de T\u00e9miscaming. Elle est devenue class\u00e9e \u00e0 l&rsquo;entr\u00e9e en vigueur de la Loi sur le patrimoine culturel en 2012.<\/p>\n\n\n\n<p class=\"has-text-color has-vivid-cyan-blue-color\">Source <a href=\"http:\/\/www.patrimoine-culturel.gouv.qc.ca\/rpcq\/detail.do?methode=consulter&amp;id=92694&amp;type=bien#.XZjUoS17RQM\">: R\u00e9pertoire du patrimoine culturel du Qu\u00e9bec<\/a><\/p>\n\n\n\n<p>Photos : G\u00e9rald Arbour<\/p>\n\n\n\n<ul class=\"wp-block-gallery columns-3 is-cropped wp-block-gallery-1 is-layout-flex wp-block-gallery-is-layout-flex\"><li class=\"blocks-gallery-item\"><figure><a href=\"https:\/\/patrimoineduquebec.com\/GaresduQuebec\/wp-content\/uploads\/2019\/10\/gare-t\u00e9miscaming-G\u00e9rald-Arbour-N15-1024x767.jpeg\"><img loading=\"lazy\" decoding=\"async\" width=\"1024\" height=\"767\" src=\"https:\/\/patrimoineduquebec.com\/GaresduQuebec\/wp-content\/uploads\/2019\/10\/gare-t\u00e9miscaming-G\u00e9rald-Arbour-N15-1024x767.jpeg\" alt=\"\" data-id=\"1407\" data-link=\"https:\/\/patrimoineduquebec.com\/GaresduQuebec\/temiscaming\/gare-temiscaming-gerald-arbour-n15\/\" class=\"wp-image-1407\" srcset=\"https:\/\/patrimoineduquebec.com\/GaresduQuebec\/wp-content\/uploads\/2019\/10\/gare-t\u00e9miscaming-G\u00e9rald-Arbour-N15-1024x767.jpeg 1024w, https:\/\/patrimoineduquebec.com\/GaresduQuebec\/wp-content\/uploads\/2019\/10\/gare-t\u00e9miscaming-G\u00e9rald-Arbour-N15-300x225.jpeg 300w, https:\/\/patrimoineduquebec.com\/GaresduQuebec\/wp-content\/uploads\/2019\/10\/gare-t\u00e9miscaming-G\u00e9rald-Arbour-N15-768x575.jpeg 768w\" sizes=\"auto, (max-width: 1024px) 100vw, 1024px\" \/><\/a><\/figure><\/li><li class=\"blocks-gallery-item\"><figure><a href=\"https:\/\/patrimoineduquebec.com\/GaresduQuebec\/wp-content\/uploads\/2019\/10\/gare-t\u00e9miscaming-G\u00e9rald-Arbour-N5-1024x768.jpeg\"><img loading=\"lazy\" decoding=\"async\" width=\"1024\" height=\"768\" src=\"https:\/\/patrimoineduquebec.com\/GaresduQuebec\/wp-content\/uploads\/2019\/10\/gare-t\u00e9miscaming-G\u00e9rald-Arbour-N5-1024x768.jpeg\" alt=\"\" data-id=\"1409\" data-link=\"https:\/\/patrimoineduquebec.com\/GaresduQuebec\/temiscaming\/gare-temiscaming-gerald-arbour-n5\/\" class=\"wp-image-1409\" srcset=\"https:\/\/patrimoineduquebec.com\/GaresduQuebec\/wp-content\/uploads\/2019\/10\/gare-t\u00e9miscaming-G\u00e9rald-Arbour-N5-1024x768.jpeg 1024w, https:\/\/patrimoineduquebec.com\/GaresduQuebec\/wp-content\/uploads\/2019\/10\/gare-t\u00e9miscaming-G\u00e9rald-Arbour-N5-300x225.jpeg 300w, https:\/\/patrimoineduquebec.com\/GaresduQuebec\/wp-content\/uploads\/2019\/10\/gare-t\u00e9miscaming-G\u00e9rald-Arbour-N5-768x576.jpeg 768w\" sizes=\"auto, (max-width: 1024px) 100vw, 1024px\" \/><\/a><\/figure><\/li><li class=\"blocks-gallery-item\"><figure><a href=\"https:\/\/patrimoineduquebec.com\/GaresduQuebec\/wp-content\/uploads\/2019\/10\/gare-t\u00e9miscaming-G\u00e9rald-Arbour-N14-1024x768.jpg\"><img loading=\"lazy\" decoding=\"async\" width=\"1024\" height=\"768\" src=\"https:\/\/patrimoineduquebec.com\/GaresduQuebec\/wp-content\/uploads\/2019\/10\/gare-t\u00e9miscaming-G\u00e9rald-Arbour-N14-1024x768.jpg\" alt=\"\" data-id=\"1408\" data-link=\"https:\/\/patrimoineduquebec.com\/GaresduQuebec\/temiscaming\/gare-temiscaming-gerald-arbour-n14\/\" class=\"wp-image-1408\" srcset=\"https:\/\/patrimoineduquebec.com\/GaresduQuebec\/wp-content\/uploads\/2019\/10\/gare-t\u00e9miscaming-G\u00e9rald-Arbour-N14-1024x768.jpg 1024w, https:\/\/patrimoineduquebec.com\/GaresduQuebec\/wp-content\/uploads\/2019\/10\/gare-t\u00e9miscaming-G\u00e9rald-Arbour-N14-300x225.jpg 300w, https:\/\/patrimoineduquebec.com\/GaresduQuebec\/wp-content\/uploads\/2019\/10\/gare-t\u00e9miscaming-G\u00e9rald-Arbour-N14-768x576.jpg 768w, https:\/\/patrimoineduquebec.com\/GaresduQuebec\/wp-content\/uploads\/2019\/10\/gare-t\u00e9miscaming-G\u00e9rald-Arbour-N14.jpg 2028w\" sizes=\"auto, (max-width: 1024px) 100vw, 1024px\" \/><\/a><\/figure><\/li><li class=\"blocks-gallery-item\"><figure><a href=\"https:\/\/patrimoineduquebec.com\/GaresduQuebec\/wp-content\/uploads\/2019\/10\/1-1-1024x641.jpg\"><img loading=\"lazy\" decoding=\"async\" width=\"1024\" height=\"641\" src=\"https:\/\/patrimoineduquebec.com\/GaresduQuebec\/wp-content\/uploads\/2019\/10\/1-1-1024x641.jpg\" alt=\"\" data-id=\"1497\" data-link=\"https:\/\/patrimoineduquebec.com\/GaresduQuebec\/temiscaming\/1-5\/\" class=\"wp-image-1497\" srcset=\"https:\/\/patrimoineduquebec.com\/GaresduQuebec\/wp-content\/uploads\/2019\/10\/1-1-1024x641.jpg 1024w, https:\/\/patrimoineduquebec.com\/GaresduQuebec\/wp-content\/uploads\/2019\/10\/1-1-300x188.jpg 300w, https:\/\/patrimoineduquebec.com\/GaresduQuebec\/wp-content\/uploads\/2019\/10\/1-1-768x481.jpg 768w, https:\/\/patrimoineduquebec.com\/GaresduQuebec\/wp-content\/uploads\/2019\/10\/1-1.jpg 1283w\" sizes=\"auto, (max-width: 1024px) 100vw, 1024px\" \/><\/a><figcaption>Soci\u00e9t\u00e9 d&rsquo;histoire du T\u00e9miscamingue<\/figcaption><\/figure><\/li><li class=\"blocks-gallery-item\"><figure><a href=\"https:\/\/patrimoineduquebec.com\/GaresduQuebec\/wp-content\/uploads\/2019\/10\/AA-gare-de-t\u00e9miscaming-soci\u00e9t\u00e9-historique-du-t\u00e9miscamingue-2-1024x586.jpg\"><img loading=\"lazy\" decoding=\"async\" width=\"1024\" height=\"586\" src=\"https:\/\/patrimoineduquebec.com\/GaresduQuebec\/wp-content\/uploads\/2019\/10\/AA-gare-de-t\u00e9miscaming-soci\u00e9t\u00e9-historique-du-t\u00e9miscamingue-2-1024x586.jpg\" alt=\"\" data-id=\"1496\" data-link=\"https:\/\/patrimoineduquebec.com\/GaresduQuebec\/temiscaming\/aa-gare-de-temiscaming-societe-historique-du-temiscamingue-2\/\" class=\"wp-image-1496\" srcset=\"https:\/\/patrimoineduquebec.com\/GaresduQuebec\/wp-content\/uploads\/2019\/10\/AA-gare-de-t\u00e9miscaming-soci\u00e9t\u00e9-historique-du-t\u00e9miscamingue-2-1024x586.jpg 1024w, https:\/\/patrimoineduquebec.com\/GaresduQuebec\/wp-content\/uploads\/2019\/10\/AA-gare-de-t\u00e9miscaming-soci\u00e9t\u00e9-historique-du-t\u00e9miscamingue-2-300x172.jpg 300w, https:\/\/patrimoineduquebec.com\/GaresduQuebec\/wp-content\/uploads\/2019\/10\/AA-gare-de-t\u00e9miscaming-soci\u00e9t\u00e9-historique-du-t\u00e9miscamingue-2-768x440.jpg 768w, https:\/\/patrimoineduquebec.com\/GaresduQuebec\/wp-content\/uploads\/2019\/10\/AA-gare-de-t\u00e9miscaming-soci\u00e9t\u00e9-historique-du-t\u00e9miscamingue-2.jpg 1474w\" sizes=\"auto, (max-width: 1024px) 100vw, 1024px\" \/><\/a><figcaption>Soci\u00e9t\u00e9 d&rsquo;histoire du T\u00e9miscamingue<\/figcaption><\/figure><\/li><\/ul>\n","protected":false},"excerpt":{"rendered":"<p>Description La gare de T\u00e9miscaming est un b\u00e2timent construit en 1927. De plan rectangulaire, l&rsquo;\u00e9difice en brique rouge est coiff\u00e9 d&rsquo;un toit \u00e0 croupes et ses murs sont prot\u00e9g\u00e9s par de larges avant-toits support\u00e9s par des consoles. Il se divise en deux volumes distincts. Sa moiti\u00e9 nord comprend un seul \u00e9tage, tandis que sa moiti\u00e9 [&hellip;]<\/p>\n","protected":false},"author":1,"featured_media":0,"parent":0,"menu_order":0,"comment_status":"closed","ping_status":"closed","template":"","meta":{"footnotes":""},"class_list":["post-1405","page","type-page","status-publish","hentry"],"_links":{"self":[{"href":"https:\/\/patrimoineduquebec.com\/GaresduQuebec\/wp-json\/wp\/v2\/pages\/1405","targetHints":{"allow":["GET"]}}],"collection":[{"href":"https:\/\/patrimoineduquebec.com\/GaresduQuebec\/wp-json\/wp\/v2\/pages"}],"about":[{"href":"https:\/\/patrimoineduquebec.com\/GaresduQuebec\/wp-json\/wp\/v2\/types\/page"}],"author":[{"embeddable":true,"href":"https:\/\/patrimoineduquebec.com\/GaresduQuebec\/wp-json\/wp\/v2\/users\/1"}],"replies":[{"embeddable":true,"href":"https:\/\/patrimoineduquebec.com\/GaresduQuebec\/wp-json\/wp\/v2\/comments?post=1405"}],"version-history":[{"count":2,"href":"https:\/\/patrimoineduquebec.com\/GaresduQuebec\/wp-json\/wp\/v2\/pages\/1405\/revisions"}],"predecessor-version":[{"id":1498,"href":"https:\/\/patrimoineduquebec.com\/GaresduQuebec\/wp-json\/wp\/v2\/pages\/1405\/revisions\/1498"}],"wp:attachment":[{"href":"https:\/\/patrimoineduquebec.com\/GaresduQuebec\/wp-json\/wp\/v2\/media?parent=1405"}],"curies":[{"name":"wp","href":"https:\/\/api.w.org\/{rel}","templated":true}]}}