{"id":1161,"date":"2019-10-02T16:50:43","date_gmt":"2019-10-02T16:50:43","guid":{"rendered":"https:\/\/patrimoineduquebec.com\/GaresduQuebec\/?page_id=1161"},"modified":"2023-08-08T14:24:54","modified_gmt":"2023-08-08T14:24:54","slug":"grenville-sur-la-rouge","status":"publish","type":"page","link":"https:\/\/patrimoineduquebec.com\/GaresduQuebec\/grenville-sur-la-rouge\/","title":{"rendered":"Grenville-sur-la-Rouge"},"content":{"rendered":"\n<p class=\"has-text-align-center has-medium-font-size\"><strong>La gare de Calumet<\/strong><\/p>\n\n\n\n<div class=\"wp-block-image\"><figure class=\"aligncenter\"><a href=\"https:\/\/patrimoineduquebec.com\/GaresduQuebec\/wp-content\/uploads\/2019\/10\/gare-calumet-G\u00e9rald-Arbour-N3.jpeg\"><img loading=\"lazy\" decoding=\"async\" width=\"1024\" height=\"768\" src=\"https:\/\/patrimoineduquebec.com\/GaresduQuebec\/wp-content\/uploads\/2019\/10\/gare-calumet-G\u00e9rald-Arbour-N3-1024x768.jpeg\" alt=\"\" class=\"wp-image-1162\" srcset=\"https:\/\/patrimoineduquebec.com\/GaresduQuebec\/wp-content\/uploads\/2019\/10\/gare-calumet-G\u00e9rald-Arbour-N3-1024x768.jpeg 1024w, https:\/\/patrimoineduquebec.com\/GaresduQuebec\/wp-content\/uploads\/2019\/10\/gare-calumet-G\u00e9rald-Arbour-N3-300x225.jpeg 300w, https:\/\/patrimoineduquebec.com\/GaresduQuebec\/wp-content\/uploads\/2019\/10\/gare-calumet-G\u00e9rald-Arbour-N3-768x576.jpeg 768w\" sizes=\"auto, (max-width: 1024px) 100vw, 1024px\" \/><\/a><\/figure><\/div>\n\n\n\n<h4 class=\"wp-block-heading\"><strong>Description<\/strong><\/h4>\n\n\n\n<p>La gare de Calumet est une gare ferroviaire \u00e9rig\u00e9e en 1877. Le b\u00e2timent en bois, de plan rectangulaire allong\u00e9 \u00e0 un \u00e9tage, est coiff\u00e9 d&rsquo;un toit \u00e0 deux versants droits se prolongeant au-del\u00e0 des murs. Les avant-toits sont support\u00e9s par de larges consoles. L&rsquo;une des fa\u00e7ades comporte une baie en saillie excentr\u00e9e surmont\u00e9e d&rsquo;une lucarne-pignon. La gare de Calumet est situ\u00e9e sur un terrain d\u00e9gag\u00e9, au relief peu accus\u00e9, en bordure d&rsquo;un chemin de fer et en retrait de la voie publique dans l&rsquo;arrondissement de Calumet de la municipalit\u00e9 de Grenville-sur-la-Rouge.&nbsp;<br><br>Ce bien est cit\u00e9 immeuble patrimonial.<\/p>\n\n\n\n<p class=\"has-vivid-cyan-blue-color has-text-color\">Source :<a href=\"http:\/\/www.patrimoine-culturel.gouv.qc.ca\/rpcq\/detail.do?methode=consulter&amp;id=181303&amp;type=bien#.XZTKwi17RQM\" target=\"_blank\" rel=\"noreferrer noopener\" aria-label=\" R\u00e9pertoire du patrimoine culturel du Qu\u00e9bec (s\u2019ouvre dans un nouvel onglet)\"> R\u00e9pertoire du patrimoine culturel du Qu\u00e9bec<\/a><\/p>\n\n\n\n<p>Photos : G\u00e9rald Arbour<\/p>\n\n\n\n<figure class=\"wp-block-gallery columns-3 is-cropped wp-block-gallery-1 is-layout-flex wp-block-gallery-is-layout-flex\"><ul class=\"blocks-gallery-grid\"><li class=\"blocks-gallery-item\"><figure><a href=\"https:\/\/patrimoineduquebec.com\/GaresduQuebec\/wp-content\/uploads\/2019\/10\/gare-calumet-G\u00e9rald-Arbour-N8-1024x768.jpeg\"><img loading=\"lazy\" decoding=\"async\" width=\"1024\" height=\"768\" src=\"https:\/\/patrimoineduquebec.com\/GaresduQuebec\/wp-content\/uploads\/2019\/10\/gare-calumet-G\u00e9rald-Arbour-N8-1024x768.jpeg\" alt=\"\" data-id=\"1163\" data-link=\"https:\/\/patrimoineduquebec.com\/GaresduQuebec\/grenville-sur-la-rouge\/gare-calumet-gerald-arbour-n8\/\" class=\"wp-image-1163\" srcset=\"https:\/\/patrimoineduquebec.com\/GaresduQuebec\/wp-content\/uploads\/2019\/10\/gare-calumet-G\u00e9rald-Arbour-N8-1024x768.jpeg 1024w, https:\/\/patrimoineduquebec.com\/GaresduQuebec\/wp-content\/uploads\/2019\/10\/gare-calumet-G\u00e9rald-Arbour-N8-300x225.jpeg 300w, https:\/\/patrimoineduquebec.com\/GaresduQuebec\/wp-content\/uploads\/2019\/10\/gare-calumet-G\u00e9rald-Arbour-N8-768x576.jpeg 768w\" sizes=\"auto, (max-width: 1024px) 100vw, 1024px\" \/><\/a><\/figure><\/li><li class=\"blocks-gallery-item\"><figure><a href=\"https:\/\/patrimoineduquebec.com\/GaresduQuebec\/wp-content\/uploads\/2019\/10\/gare-calumet-G\u00e9rald-Arbour-N2-1024x768.jpeg\"><img loading=\"lazy\" decoding=\"async\" width=\"1024\" height=\"768\" src=\"https:\/\/patrimoineduquebec.com\/GaresduQuebec\/wp-content\/uploads\/2019\/10\/gare-calumet-G\u00e9rald-Arbour-N2-1024x768.jpeg\" alt=\"\" data-id=\"1164\" data-link=\"https:\/\/patrimoineduquebec.com\/GaresduQuebec\/grenville-sur-la-rouge\/gare-calumet-gerald-arbour-n2\/\" class=\"wp-image-1164\" srcset=\"https:\/\/patrimoineduquebec.com\/GaresduQuebec\/wp-content\/uploads\/2019\/10\/gare-calumet-G\u00e9rald-Arbour-N2-1024x768.jpeg 1024w, https:\/\/patrimoineduquebec.com\/GaresduQuebec\/wp-content\/uploads\/2019\/10\/gare-calumet-G\u00e9rald-Arbour-N2-300x225.jpeg 300w, https:\/\/patrimoineduquebec.com\/GaresduQuebec\/wp-content\/uploads\/2019\/10\/gare-calumet-G\u00e9rald-Arbour-N2-768x576.jpeg 768w\" sizes=\"auto, (max-width: 1024px) 100vw, 1024px\" \/><\/a><\/figure><\/li><li class=\"blocks-gallery-item\"><figure><a href=\"https:\/\/patrimoineduquebec.com\/GaresduQuebec\/wp-content\/uploads\/2019\/10\/gare-calumet-G\u00e9rald-Arbour-N4-1024x768.jpg\"><img loading=\"lazy\" decoding=\"async\" width=\"1024\" height=\"768\" src=\"https:\/\/patrimoineduquebec.com\/GaresduQuebec\/wp-content\/uploads\/2019\/10\/gare-calumet-G\u00e9rald-Arbour-N4-1024x768.jpg\" alt=\"\" data-id=\"1165\" data-link=\"https:\/\/patrimoineduquebec.com\/GaresduQuebec\/grenville-sur-la-rouge\/gare-calumet-gerald-arbour-n4\/\" class=\"wp-image-1165\" srcset=\"https:\/\/patrimoineduquebec.com\/GaresduQuebec\/wp-content\/uploads\/2019\/10\/gare-calumet-G\u00e9rald-Arbour-N4-1024x768.jpg 1024w, https:\/\/patrimoineduquebec.com\/GaresduQuebec\/wp-content\/uploads\/2019\/10\/gare-calumet-G\u00e9rald-Arbour-N4-300x225.jpg 300w, https:\/\/patrimoineduquebec.com\/GaresduQuebec\/wp-content\/uploads\/2019\/10\/gare-calumet-G\u00e9rald-Arbour-N4-768x576.jpg 768w\" sizes=\"auto, (max-width: 1024px) 100vw, 1024px\" \/><\/a><\/figure><\/li><li class=\"blocks-gallery-item\"><figure><a href=\"https:\/\/patrimoineduquebec.com\/GaresduQuebec\/wp-content\/uploads\/2019\/10\/A-autre-gare-de-calumet.jpeg\"><img loading=\"lazy\" decoding=\"async\" width=\"598\" height=\"399\" src=\"https:\/\/patrimoineduquebec.com\/GaresduQuebec\/wp-content\/uploads\/2019\/10\/A-autre-gare-de-calumet.jpeg\" alt=\"\" data-id=\"1220\" data-link=\"https:\/\/patrimoineduquebec.com\/GaresduQuebec\/grenville-sur-la-rouge\/a-autre-gare-de-calumet\/\" class=\"wp-image-1220\" srcset=\"https:\/\/patrimoineduquebec.com\/GaresduQuebec\/wp-content\/uploads\/2019\/10\/A-autre-gare-de-calumet.jpeg 598w, https:\/\/patrimoineduquebec.com\/GaresduQuebec\/wp-content\/uploads\/2019\/10\/A-autre-gare-de-calumet-300x200.jpeg 300w\" sizes=\"auto, (max-width: 598px) 100vw, 598px\" \/><\/a><figcaption class=\"blocks-gallery-item__caption\">Etienne Ozorak (1977-1985)<\/figcaption><\/figure><\/li><li class=\"blocks-gallery-item\"><figure><a href=\"https:\/\/patrimoineduquebec.com\/GaresduQuebec\/wp-content\/uploads\/2019\/10\/A-autre-gare-de-calumet-2.jpeg\"><img loading=\"lazy\" decoding=\"async\" width=\"600\" height=\"378\" src=\"https:\/\/patrimoineduquebec.com\/GaresduQuebec\/wp-content\/uploads\/2019\/10\/A-autre-gare-de-calumet-2.jpeg\" alt=\"\" data-id=\"1221\" data-link=\"https:\/\/patrimoineduquebec.com\/GaresduQuebec\/grenville-sur-la-rouge\/a-autre-gare-de-calumet-2\/\" class=\"wp-image-1221\" srcset=\"https:\/\/patrimoineduquebec.com\/GaresduQuebec\/wp-content\/uploads\/2019\/10\/A-autre-gare-de-calumet-2.jpeg 600w, https:\/\/patrimoineduquebec.com\/GaresduQuebec\/wp-content\/uploads\/2019\/10\/A-autre-gare-de-calumet-2-300x189.jpeg 300w\" sizes=\"auto, (max-width: 600px) 100vw, 600px\" \/><\/a><figcaption class=\"blocks-gallery-item__caption\">Etienne Ozorak (1977-1985)<\/figcaption><\/figure><\/li><\/ul><\/figure>\n","protected":false},"excerpt":{"rendered":"<p>La gare de Calumet Description La gare de Calumet est une gare ferroviaire \u00e9rig\u00e9e en 1877. Le b\u00e2timent en bois, de plan rectangulaire allong\u00e9 \u00e0 un \u00e9tage, est coiff\u00e9 d&rsquo;un toit \u00e0 deux versants droits se prolongeant au-del\u00e0 des murs. Les avant-toits sont support\u00e9s par de larges consoles. L&rsquo;une des fa\u00e7ades comporte une baie en [&hellip;]<\/p>\n","protected":false},"author":1,"featured_media":0,"parent":0,"menu_order":0,"comment_status":"closed","ping_status":"closed","template":"","meta":{"footnotes":""},"class_list":["post-1161","page","type-page","status-publish","hentry"],"_links":{"self":[{"href":"https:\/\/patrimoineduquebec.com\/GaresduQuebec\/wp-json\/wp\/v2\/pages\/1161","targetHints":{"allow":["GET"]}}],"collection":[{"href":"https:\/\/patrimoineduquebec.com\/GaresduQuebec\/wp-json\/wp\/v2\/pages"}],"about":[{"href":"https:\/\/patrimoineduquebec.com\/GaresduQuebec\/wp-json\/wp\/v2\/types\/page"}],"author":[{"embeddable":true,"href":"https:\/\/patrimoineduquebec.com\/GaresduQuebec\/wp-json\/wp\/v2\/users\/1"}],"replies":[{"embeddable":true,"href":"https:\/\/patrimoineduquebec.com\/GaresduQuebec\/wp-json\/wp\/v2\/comments?post=1161"}],"version-history":[{"count":3,"href":"https:\/\/patrimoineduquebec.com\/GaresduQuebec\/wp-json\/wp\/v2\/pages\/1161\/revisions"}],"predecessor-version":[{"id":2117,"href":"https:\/\/patrimoineduquebec.com\/GaresduQuebec\/wp-json\/wp\/v2\/pages\/1161\/revisions\/2117"}],"wp:attachment":[{"href":"https:\/\/patrimoineduquebec.com\/GaresduQuebec\/wp-json\/wp\/v2\/media?parent=1161"}],"curies":[{"name":"wp","href":"https:\/\/api.w.org\/{rel}","templated":true}]}}